{"id":9248,"date":"2023-07-24T20:18:47","date_gmt":"2023-07-24T19:18:47","guid":{"rendered":"http:\/\/blog.meineigenerweg.de\/?page_id=9248"},"modified":"2023-07-24T20:39:46","modified_gmt":"2023-07-24T19:39:46","slug":"mit-dem-womo-auf-sardinien","status":"publish","type":"page","link":"http:\/\/blog.meineigenerweg.de\/?page_id=9248","title":{"rendered":"Mit dem WoMo auf Sardinien"},"content":{"rendered":"<p>Mai \/ Juni \/ Juli 2023<\/p>\n<p>&nbsp;<\/p>\n<p>Tag 01 Bochum nach Freiburg<\/p>\n<p>Auf zur n\u00e4chsten Tour. Wir wollen Sardinien erkunden. Same procedure as last time: Ilse startklar machen, Kleidung, Waschzeug, Lebensmittel kommen in die Schr\u00e4nke &#8211; das ist schon Routine. Mittags sind wir startklar, es kann losgehen. Nach den ersten 500 km landen wir in Freiburg auf dem WoMo-Stellplatz. Den kennen wir inzwischen von unseren Besuchen in Freiburg.<\/p>\n<p>&nbsp;<\/p>\n<p>Tag 02 Freiburg nach Lodi<\/p>\n<p>Morgens lassen wir uns Zeit f\u00fcr ein gem\u00fctliches Fr\u00fchst\u00fcck. F\u00fcr die weiteren 700 km bis Livorno haben wir noch 2 Reisetage. Vielleicht fahren wir durch, mal sehen. Die Schweiz macht uns jedoch die Entscheidung f\u00fcr einen weiteren Zwischenstopp leicht: von der Grenze an stehen wir im Stau. 400 km und 8 Stunden sp\u00e4ter sind wir kurz hinter Mailand. Wir suchen uns einen Stellplatz f\u00fcr die Nacht.<\/p>\n<p><a href=\"http:\/\/blog.meineigenerweg.de\/wp-content\/uploads\/2023\/05\/IMG_4116.jpeg\"><img loading=\"lazy\" decoding=\"async\" class=\"alignnone size-medium wp-image-8983\" src=\"http:\/\/blog.meineigenerweg.de\/wp-content\/uploads\/2023\/05\/IMG_4116-300x225.jpeg\" alt=\"\" width=\"300\" height=\"225\" srcset=\"http:\/\/blog.meineigenerweg.de\/wp-content\/uploads\/2023\/05\/IMG_4116-300x225.jpeg 300w, http:\/\/blog.meineigenerweg.de\/wp-content\/uploads\/2023\/05\/IMG_4116-768x576.jpeg 768w, http:\/\/blog.meineigenerweg.de\/wp-content\/uploads\/2023\/05\/IMG_4116.jpeg 1000w\" sizes=\"auto, (max-width: 300px) 100vw, 300px\" \/><\/a><\/p>\n<p>&nbsp;<\/p>\n<p>Tag 03 Lodi nach Livorno<\/p>\n<p><a href=\"http:\/\/blog.meineigenerweg.de\/wp-content\/uploads\/2023\/05\/IMG_4115.jpeg\"><img loading=\"lazy\" decoding=\"async\" class=\"alignnone size-medium wp-image-8984\" src=\"http:\/\/blog.meineigenerweg.de\/wp-content\/uploads\/2023\/05\/IMG_4115-300x228.jpeg\" alt=\"\" width=\"300\" height=\"228\" srcset=\"http:\/\/blog.meineigenerweg.de\/wp-content\/uploads\/2023\/05\/IMG_4115-300x228.jpeg 300w, http:\/\/blog.meineigenerweg.de\/wp-content\/uploads\/2023\/05\/IMG_4115-768x584.jpeg 768w, http:\/\/blog.meineigenerweg.de\/wp-content\/uploads\/2023\/05\/IMG_4115.jpeg 1000w\" sizes=\"auto, (max-width: 300px) 100vw, 300px\" \/><\/a><\/p>\n<p>Die Sonne weckt uns und ausgeschlafen und gut gelaunt geht es unserem Ziel entgegen. Italien-Feeling unterwegs &#8211; Felder voller Mohnblumen, alte Kastelle am Autobahnrand, verschlafene Orte, durch die wir fahren und um 14:00 Uhr sind wir auf einem sch\u00f6nen Campingplatz in Livorno. Eine hei\u00dfe Dusche, ein Spaziergang am Meer, eine leckere Pizza im Restaurant &#8211; der Urlaub kann beginnen!<\/p>\n<p><a href=\"http:\/\/blog.meineigenerweg.de\/wp-content\/uploads\/2023\/05\/36876283-64e0-4f33-b381-ba793d5e452f.jpeg\"><img loading=\"lazy\" decoding=\"async\" class=\"alignnone size-medium wp-image-8987\" src=\"http:\/\/blog.meineigenerweg.de\/wp-content\/uploads\/2023\/05\/36876283-64e0-4f33-b381-ba793d5e452f-226x300.jpeg\" alt=\"\" width=\"226\" height=\"300\" srcset=\"http:\/\/blog.meineigenerweg.de\/wp-content\/uploads\/2023\/05\/36876283-64e0-4f33-b381-ba793d5e452f-226x300.jpeg 226w, http:\/\/blog.meineigenerweg.de\/wp-content\/uploads\/2023\/05\/36876283-64e0-4f33-b381-ba793d5e452f-771x1024.jpeg 771w, http:\/\/blog.meineigenerweg.de\/wp-content\/uploads\/2023\/05\/36876283-64e0-4f33-b381-ba793d5e452f-768x1019.jpeg 768w, http:\/\/blog.meineigenerweg.de\/wp-content\/uploads\/2023\/05\/36876283-64e0-4f33-b381-ba793d5e452f-1157x1536.jpeg 1157w, http:\/\/blog.meineigenerweg.de\/wp-content\/uploads\/2023\/05\/36876283-64e0-4f33-b381-ba793d5e452f.jpeg 1365w\" sizes=\"auto, (max-width: 226px) 100vw, 226px\" \/><\/a><\/p>\n<p>&nbsp;<\/p>\n<p>Tag 04 Livorno nach Olbia<\/p>\n<p>Unsere F\u00e4hre soll um 10.30 Uhr ablegen, 2 Std. vorher sollen wir sp\u00e4testens zum Einchecken am Terminal sein. Das heisst, in aller Herrgottsfr\u00fche, um 7.00 Uhr, aufstehen!<br \/>\nDer Weg vom Campingplatz zur F\u00e4hre erinnert an ein Wollkn\u00e4uel, bei dem alle F\u00e4den durcheinander geraten sind. Links und rechts Zufahrten, Br\u00fccken \u00fcber und unter der Stra\u00dfe. Ausschilderung im Hafen? Nicht vorhanden! Dann sind wir vor Ort, checken ein und reihen uns in die Autoschlangen ein. Jetzt hei\u00dft es warten, bis die Rampen herunter gelassen werden.<\/p>\n<p><a href=\"http:\/\/blog.meineigenerweg.de\/wp-content\/uploads\/2023\/05\/IMG_4125.jpeg\"><img loading=\"lazy\" decoding=\"async\" class=\"alignnone size-medium wp-image-8992\" src=\"http:\/\/blog.meineigenerweg.de\/wp-content\/uploads\/2023\/05\/IMG_4125-300x212.jpeg\" alt=\"\" width=\"300\" height=\"212\" srcset=\"http:\/\/blog.meineigenerweg.de\/wp-content\/uploads\/2023\/05\/IMG_4125-300x212.jpeg 300w, http:\/\/blog.meineigenerweg.de\/wp-content\/uploads\/2023\/05\/IMG_4125-768x544.jpeg 768w, http:\/\/blog.meineigenerweg.de\/wp-content\/uploads\/2023\/05\/IMG_4125.jpeg 1000w\" sizes=\"auto, (max-width: 300px) 100vw, 300px\" \/><\/a><\/p>\n<p>Gen\u00fcgend Zeit zum Fr\u00fchst\u00fccken. Das ist der Vorteil des Wohnmobils, wir k\u00f6nnen uns w\u00e4hrend des Wartens in aller Ruhe Kaffee kochen, Zeitung lesen \u2026 und noch l\u00e4nger warten, denn die F\u00e4hre legt erst mit 1 1\/2 Std. Versp\u00e4tung ab.<\/p>\n<p>Die Sitzbereiche mit den gem\u00fctlichen Sesseln sind wie im Flieger ausgestattet. Jeweils 2 Sitze an den Fenstern, eine 3-er Reihe und noch einmal eine 2-er Reihe. Stark ausgelastet sind die R\u00e4ume nicht, \u00fcberall schicken sich Passagiere an, auf 2-3 Pl\u00e4tzen die \u00dcberfahrt zu verschlafen. Etwas anderes kann man auch kaum machen, denn es regnet und st\u00fcrmt.<\/p>\n<p><a href=\"http:\/\/blog.meineigenerweg.de\/wp-content\/uploads\/2023\/05\/IMG_4127.jpeg\"><img loading=\"lazy\" decoding=\"async\" class=\"alignnone size-medium wp-image-8994\" src=\"http:\/\/blog.meineigenerweg.de\/wp-content\/uploads\/2023\/05\/IMG_4127-300x224.jpeg\" alt=\"\" width=\"300\" height=\"224\" srcset=\"http:\/\/blog.meineigenerweg.de\/wp-content\/uploads\/2023\/05\/IMG_4127-300x224.jpeg 300w, http:\/\/blog.meineigenerweg.de\/wp-content\/uploads\/2023\/05\/IMG_4127-768x574.jpeg 768w, http:\/\/blog.meineigenerweg.de\/wp-content\/uploads\/2023\/05\/IMG_4127.jpeg 1000w\" sizes=\"auto, (max-width: 300px) 100vw, 300px\" \/><\/a><\/p>\n<p>Normalerweise f\u00e4hrt man in so eine gro\u00dfe F\u00e4hre hinein, dreht ein Kurve und steht dann wieder so, da\u00df man auch vorw\u00e4rts wieder hinausfahren kann. Warum das auf dieser F\u00e4hre nicht klappte, wissen wir nicht. Nachdem wir schon mit erheblicher Versp\u00e4tung in Olbia ankamen, sollten alle Fahrzeuge, auch die Wohnmobile, r\u00fcckw\u00e4rts in den hinteren Bereich fahren, drehen um durch die Einfahrt wieder hinausfahren. Die Mitarbeiter liefen hektisch herum, schrien Kommandos und feuerten das entstandene Chaos nur noch an. Bis wir endlich an unserem gebuchten Campingplatz ankamen, war es fast Mitternacht und der Platz geschlossen. Die erste Nacht auf Sardinien haben wir auf dem Parkplatz davor verbracht.<\/p>\n<p>&nbsp;<\/p>\n<p>Tag 05 Porto Taverna<\/p>\n<p>Genau so haben wir uns Sardinien vorgestellt: T\u00fcrkisfarbenes Meer, feiner Strand, strahlend blauer Himmel und angenehme 25 Grad W\u00e4rme.<br \/>\nTats\u00e4chlich ist es regnerisch und st\u00fcrmisch, die Temperatur liegt bei 16 Grad. Und das soll morgen auch noch so bleiben. Deshalb gibt es heute einen sehr verregneten Strandspaziergang, bei dem sich die Landschaft und das Meer allerdings sehr dramatisch darstellen. Die Berge fallen steil zum t\u00fcrkisfarbenen Meer ab und sehen durch die Wolken wie Vulkane aus!<\/p>\n<p><a href=\"http:\/\/blog.meineigenerweg.de\/wp-content\/uploads\/2023\/05\/IMG_4128.jpeg\"><img loading=\"lazy\" decoding=\"async\" class=\"alignnone size-medium wp-image-8998\" src=\"http:\/\/blog.meineigenerweg.de\/wp-content\/uploads\/2023\/05\/IMG_4128-300x225.jpeg\" alt=\"\" width=\"300\" height=\"225\" srcset=\"http:\/\/blog.meineigenerweg.de\/wp-content\/uploads\/2023\/05\/IMG_4128-300x225.jpeg 300w, http:\/\/blog.meineigenerweg.de\/wp-content\/uploads\/2023\/05\/IMG_4128-768x576.jpeg 768w, http:\/\/blog.meineigenerweg.de\/wp-content\/uploads\/2023\/05\/IMG_4128.jpeg 1000w\" sizes=\"auto, (max-width: 300px) 100vw, 300px\" \/><\/a><\/p>\n<p>&nbsp;<\/p>\n<p>Tag 06 Porto Taverna<\/p>\n<p>In der Nacht hat es weiterhin heftig geregnet, aber am Vormittag wird es heller, eine milchige Sonne lugt ab und zu durch die Wolken. Wir laufen zum Strand und von dort aus entlang des Nature Walk, \u00fcber Holzplanken durch die D\u00fcnen, an Binnenseen vorbei, in denen wir Silberreiher entdecken und dann sehen wir zum ersten mal eine Korkeiche in natura!<\/p>\n<p>Die dicken Felsen am Stand sehen aus wie polierte Kieselsteine, haben aber eine ganz rauche, por\u00f6se Oberfl\u00e4che.<br \/>\n<a href=\"http:\/\/blog.meineigenerweg.de\/wp-content\/uploads\/2023\/05\/IMG_4189.jpeg\"><img loading=\"lazy\" decoding=\"async\" class=\"alignnone size-medium wp-image-9003\" src=\"http:\/\/blog.meineigenerweg.de\/wp-content\/uploads\/2023\/05\/IMG_4189-300x200.jpeg\" alt=\"\" width=\"300\" height=\"200\" srcset=\"http:\/\/blog.meineigenerweg.de\/wp-content\/uploads\/2023\/05\/IMG_4189-300x200.jpeg 300w, http:\/\/blog.meineigenerweg.de\/wp-content\/uploads\/2023\/05\/IMG_4189-768x512.jpeg 768w, http:\/\/blog.meineigenerweg.de\/wp-content\/uploads\/2023\/05\/IMG_4189.jpeg 1000w\" sizes=\"auto, (max-width: 300px) 100vw, 300px\" \/><\/a><br \/>\nbl\u00fchende Kaktusfeigen<br \/>\n<a href=\"http:\/\/blog.meineigenerweg.de\/wp-content\/uploads\/2023\/05\/IMG_4190.jpeg\"><img loading=\"lazy\" decoding=\"async\" class=\"alignnone size-medium wp-image-9005\" src=\"http:\/\/blog.meineigenerweg.de\/wp-content\/uploads\/2023\/05\/IMG_4190-300x200.jpeg\" alt=\"\" width=\"300\" height=\"200\" srcset=\"http:\/\/blog.meineigenerweg.de\/wp-content\/uploads\/2023\/05\/IMG_4190-300x200.jpeg 300w, http:\/\/blog.meineigenerweg.de\/wp-content\/uploads\/2023\/05\/IMG_4190-768x512.jpeg 768w, http:\/\/blog.meineigenerweg.de\/wp-content\/uploads\/2023\/05\/IMG_4190.jpeg 1000w\" sizes=\"auto, (max-width: 300px) 100vw, 300px\" \/><\/a><br \/>\nSchw\u00e4mme am Strand<br \/>\n<a href=\"http:\/\/blog.meineigenerweg.de\/wp-content\/uploads\/2023\/05\/IMG_4192.jpeg\"><img loading=\"lazy\" decoding=\"async\" class=\"alignnone size-medium wp-image-9008\" src=\"http:\/\/blog.meineigenerweg.de\/wp-content\/uploads\/2023\/05\/IMG_4192-300x200.jpeg\" alt=\"\" width=\"300\" height=\"200\" srcset=\"http:\/\/blog.meineigenerweg.de\/wp-content\/uploads\/2023\/05\/IMG_4192-300x200.jpeg 300w, http:\/\/blog.meineigenerweg.de\/wp-content\/uploads\/2023\/05\/IMG_4192-768x512.jpeg 768w, http:\/\/blog.meineigenerweg.de\/wp-content\/uploads\/2023\/05\/IMG_4192.jpeg 1000w\" sizes=\"auto, (max-width: 300px) 100vw, 300px\" \/><\/a><br \/>\nskurrile Mariengedenkst\u00e4tte<br \/>\n<a href=\"http:\/\/blog.meineigenerweg.de\/wp-content\/uploads\/2023\/05\/IMG_4193.jpeg\"><img loading=\"lazy\" decoding=\"async\" class=\"alignnone size-medium wp-image-9010\" src=\"http:\/\/blog.meineigenerweg.de\/wp-content\/uploads\/2023\/05\/IMG_4193-300x200.jpeg\" alt=\"\" width=\"300\" height=\"200\" srcset=\"http:\/\/blog.meineigenerweg.de\/wp-content\/uploads\/2023\/05\/IMG_4193-300x200.jpeg 300w, http:\/\/blog.meineigenerweg.de\/wp-content\/uploads\/2023\/05\/IMG_4193-768x512.jpeg 768w, http:\/\/blog.meineigenerweg.de\/wp-content\/uploads\/2023\/05\/IMG_4193.jpeg 1000w\" sizes=\"auto, (max-width: 300px) 100vw, 300px\" \/><\/a><br \/>\nKorkeiche<br \/>\n<a href=\"http:\/\/blog.meineigenerweg.de\/wp-content\/uploads\/2023\/05\/IMG_4194.jpeg\"><img loading=\"lazy\" decoding=\"async\" class=\"alignnone size-medium wp-image-9012\" src=\"http:\/\/blog.meineigenerweg.de\/wp-content\/uploads\/2023\/05\/IMG_4194-300x200.jpeg\" alt=\"\" width=\"300\" height=\"200\" srcset=\"http:\/\/blog.meineigenerweg.de\/wp-content\/uploads\/2023\/05\/IMG_4194-300x200.jpeg 300w, http:\/\/blog.meineigenerweg.de\/wp-content\/uploads\/2023\/05\/IMG_4194-768x512.jpeg 768w, http:\/\/blog.meineigenerweg.de\/wp-content\/uploads\/2023\/05\/IMG_4194.jpeg 1000w\" sizes=\"auto, (max-width: 300px) 100vw, 300px\" \/><\/a><br \/>\nSilberreiher<br \/>\n<a href=\"http:\/\/blog.meineigenerweg.de\/wp-content\/uploads\/2023\/05\/IMG_4195.jpeg\"><img loading=\"lazy\" decoding=\"async\" class=\"alignnone size-medium wp-image-9014\" src=\"http:\/\/blog.meineigenerweg.de\/wp-content\/uploads\/2023\/05\/IMG_4195-300x182.jpeg\" alt=\"\" width=\"300\" height=\"182\" srcset=\"http:\/\/blog.meineigenerweg.de\/wp-content\/uploads\/2023\/05\/IMG_4195-300x182.jpeg 300w, http:\/\/blog.meineigenerweg.de\/wp-content\/uploads\/2023\/05\/IMG_4195-768x466.jpeg 768w, http:\/\/blog.meineigenerweg.de\/wp-content\/uploads\/2023\/05\/IMG_4195.jpeg 1000w\" sizes=\"auto, (max-width: 300px) 100vw, 300px\" \/><\/a><\/p>\n<p>&nbsp;<\/p>\n<p>Tag 07 Santa Lucia<\/p>\n<p>Heute lacht die Sonne und wir haben Lust weiterzufahren. Unser Ziel ist nur 50 km entfernt und nach einer Dreiviertel Stunde sind wir schon dort.<\/p>\n<p>Wir finden einen Campingplatz mitten in einem Pinienwald, dort k\u00f6nnen wir stehen bleiben, wo wir wollen. Zwischen 2 B\u00e4umen h\u00e4ngen wir unsere H\u00e4ngematte und \u00fcber den kurzen Weg geht es ans Meer.<br \/>\n<a href=\"http:\/\/blog.meineigenerweg.de\/wp-content\/uploads\/2023\/05\/IMG_4287.jpeg\"><img loading=\"lazy\" decoding=\"async\" class=\"alignnone size-medium wp-image-9020\" src=\"http:\/\/blog.meineigenerweg.de\/wp-content\/uploads\/2023\/05\/IMG_4287-300x225.jpeg\" alt=\"\" width=\"300\" height=\"225\" srcset=\"http:\/\/blog.meineigenerweg.de\/wp-content\/uploads\/2023\/05\/IMG_4287-300x225.jpeg 300w, http:\/\/blog.meineigenerweg.de\/wp-content\/uploads\/2023\/05\/IMG_4287-768x576.jpeg 768w, http:\/\/blog.meineigenerweg.de\/wp-content\/uploads\/2023\/05\/IMG_4287.jpeg 1000w\" sizes=\"auto, (max-width: 300px) 100vw, 300px\" \/><\/a><\/p>\n<p><a href=\"http:\/\/blog.meineigenerweg.de\/wp-content\/uploads\/2023\/05\/IMG_4288.jpeg\"><img loading=\"lazy\" decoding=\"async\" class=\"alignnone size-medium wp-image-9021\" src=\"http:\/\/blog.meineigenerweg.de\/wp-content\/uploads\/2023\/05\/IMG_4288-300x225.jpeg\" alt=\"\" width=\"300\" height=\"225\" srcset=\"http:\/\/blog.meineigenerweg.de\/wp-content\/uploads\/2023\/05\/IMG_4288-300x225.jpeg 300w, http:\/\/blog.meineigenerweg.de\/wp-content\/uploads\/2023\/05\/IMG_4288-768x576.jpeg 768w, http:\/\/blog.meineigenerweg.de\/wp-content\/uploads\/2023\/05\/IMG_4288.jpeg 1000w\" sizes=\"auto, (max-width: 300px) 100vw, 300px\" \/><\/a><br \/>\nAm Strand entlang laufen wir bis Santa Lucia, wo um den Kirchplatz kleine Bars und Restaurants direkt am Meer liegen. Hier gibt\u00b4s leckeres Eis und einen kleinen Absacker.<br \/>\n<a href=\"http:\/\/blog.meineigenerweg.de\/wp-content\/uploads\/2023\/05\/IMG_4289.jpeg\"><img loading=\"lazy\" decoding=\"async\" class=\"alignnone size-medium wp-image-9023\" src=\"http:\/\/blog.meineigenerweg.de\/wp-content\/uploads\/2023\/05\/IMG_4289-300x225.jpeg\" alt=\"\" width=\"300\" height=\"225\" srcset=\"http:\/\/blog.meineigenerweg.de\/wp-content\/uploads\/2023\/05\/IMG_4289-300x225.jpeg 300w, http:\/\/blog.meineigenerweg.de\/wp-content\/uploads\/2023\/05\/IMG_4289-768x576.jpeg 768w, http:\/\/blog.meineigenerweg.de\/wp-content\/uploads\/2023\/05\/IMG_4289.jpeg 1000w\" sizes=\"auto, (max-width: 300px) 100vw, 300px\" \/><\/a><\/p>\n<p>&nbsp;<\/p>\n<p>Tag 08 Santa Lucia &#8211; Posada<\/p>\n<p>Mit dem Rad geht es \u00fcber schmale Stra\u00dfen nach Posada mit seiner Altstadt und der \u201eSaubohnenburg\u201c.<br \/>\nDen Namen verdankt die Burg einer Legende: Im 14. Jahrhundert wollten arabische Piraten die Burg von Posada einnehmen und dazu die Bev\u00f6lkerung aushungern. Von ihrer Not getrieben, griffen die Bewohner zu einer List: Sie f\u00fctterten eine Taube mit dem letzten noch auf der Burg vorhandenen Lebensmittel, einer Hand voll Saubohnen. Sie verletzten das Tier leicht, so dass es im Feldlager der Feinde ersch\u00f6pft und \u00fcberf\u00fcttert zu Boden fiel. Als die Belagerer sahen, dass die in der Burg verschanzten B\u00fcrger von Posada \u00fcber Nahrung im \u00dcberfluss verf\u00fcgten, um damit ihre Tauben fett zu f\u00fcttern, zogen sie wieder ab.<br \/>\n<a href=\"http:\/\/blog.meineigenerweg.de\/wp-content\/uploads\/2023\/05\/IMG_4290.jpeg\"><img loading=\"lazy\" decoding=\"async\" class=\"alignnone size-medium wp-image-9025\" src=\"http:\/\/blog.meineigenerweg.de\/wp-content\/uploads\/2023\/05\/IMG_4290-300x225.jpeg\" alt=\"\" width=\"300\" height=\"225\" srcset=\"http:\/\/blog.meineigenerweg.de\/wp-content\/uploads\/2023\/05\/IMG_4290-300x225.jpeg 300w, http:\/\/blog.meineigenerweg.de\/wp-content\/uploads\/2023\/05\/IMG_4290-768x576.jpeg 768w, http:\/\/blog.meineigenerweg.de\/wp-content\/uploads\/2023\/05\/IMG_4290.jpeg 1000w\" sizes=\"auto, (max-width: 300px) 100vw, 300px\" \/><\/a><br \/>\nDurch die Altstadt unterhalb der Burg ziehen sich schmale G\u00e4sschen steil nach oben.<br \/>\n<a href=\"http:\/\/blog.meineigenerweg.de\/wp-content\/uploads\/2023\/05\/IMG_4291.jpeg\"><img loading=\"lazy\" decoding=\"async\" class=\"alignnone size-medium wp-image-9026\" src=\"http:\/\/blog.meineigenerweg.de\/wp-content\/uploads\/2023\/05\/IMG_4291-226x300.jpeg\" alt=\"\" width=\"226\" height=\"300\" srcset=\"http:\/\/blog.meineigenerweg.de\/wp-content\/uploads\/2023\/05\/IMG_4291-226x300.jpeg 226w, http:\/\/blog.meineigenerweg.de\/wp-content\/uploads\/2023\/05\/IMG_4291.jpeg 753w\" sizes=\"auto, (max-width: 226px) 100vw, 226px\" \/><\/a><br \/>\nNoch sind kaum Touristen unterwegs, aus den L\u00e4den mit typisch sardischer Kleinkunst schauen uns die Inhaberinnen interessiert nach, aber sorry, wir brauchen nichts.<br \/>\n<a href=\"http:\/\/blog.meineigenerweg.de\/wp-content\/uploads\/2023\/05\/IMG_4292.jpeg\"><img loading=\"lazy\" decoding=\"async\" class=\"alignnone size-medium wp-image-9027\" src=\"http:\/\/blog.meineigenerweg.de\/wp-content\/uploads\/2023\/05\/IMG_4292-300x225.jpeg\" alt=\"\" width=\"300\" height=\"225\" srcset=\"http:\/\/blog.meineigenerweg.de\/wp-content\/uploads\/2023\/05\/IMG_4292-300x225.jpeg 300w, http:\/\/blog.meineigenerweg.de\/wp-content\/uploads\/2023\/05\/IMG_4292-768x576.jpeg 768w, http:\/\/blog.meineigenerweg.de\/wp-content\/uploads\/2023\/05\/IMG_4292.jpeg 1000w\" sizes=\"auto, (max-width: 300px) 100vw, 300px\" \/><\/a><br \/>\nNach dem steilen Anstieg &#8211; die Ruine ist leider wegen Einsturzgefahr gesperrt &#8211; finden wir ein kleines Lokal mit Dachterrasse, in dem wir bei Limonata und Foccacia den fantastischen Ausblick \u00fcber das gesamte Posada-Tal haben.<br \/>\n<a href=\"http:\/\/blog.meineigenerweg.de\/wp-content\/uploads\/2023\/05\/IMG_4293.jpeg\"><img loading=\"lazy\" decoding=\"async\" class=\"alignnone size-medium wp-image-9028\" src=\"http:\/\/blog.meineigenerweg.de\/wp-content\/uploads\/2023\/05\/IMG_4293-300x225.jpeg\" alt=\"\" width=\"300\" height=\"225\" srcset=\"http:\/\/blog.meineigenerweg.de\/wp-content\/uploads\/2023\/05\/IMG_4293-300x225.jpeg 300w, http:\/\/blog.meineigenerweg.de\/wp-content\/uploads\/2023\/05\/IMG_4293-768x576.jpeg 768w, http:\/\/blog.meineigenerweg.de\/wp-content\/uploads\/2023\/05\/IMG_4293.jpeg 1000w\" sizes=\"auto, (max-width: 300px) 100vw, 300px\" \/><\/a><\/p>\n<p>&nbsp;<\/p>\n<p>Tag 09 Santa Lucia &#8211; Siniscola<\/p>\n<p>Wir schwingen uns noch einmal auf\u00b4s Rad und fahren nach Siniscola. Der Weg \u00fcber die enge, serpentinenreiche Stra\u00dfe ist sch\u00f6n, die Autofahrer, die uns \u00fcberholen, sind r\u00fccksichtsvoll, aber der Ort ist \u00b4tote Hose\u00b4. Also genie\u00dfen wir die Radtour &#8211; und drehen wieder um!<\/p>\n<p><a href=\"http:\/\/blog.meineigenerweg.de\/wp-content\/uploads\/2023\/05\/IMG_4308.jpeg\"><img loading=\"lazy\" decoding=\"async\" class=\"alignnone size-medium wp-image-9033\" src=\"http:\/\/blog.meineigenerweg.de\/wp-content\/uploads\/2023\/05\/IMG_4308-300x225.jpeg\" alt=\"\" width=\"300\" height=\"225\" srcset=\"http:\/\/blog.meineigenerweg.de\/wp-content\/uploads\/2023\/05\/IMG_4308-300x225.jpeg 300w, http:\/\/blog.meineigenerweg.de\/wp-content\/uploads\/2023\/05\/IMG_4308-768x576.jpeg 768w, http:\/\/blog.meineigenerweg.de\/wp-content\/uploads\/2023\/05\/IMG_4308.jpeg 1000w\" sizes=\"auto, (max-width: 300px) 100vw, 300px\" \/><\/a><\/p>\n<p>Als Belohnung f\u00fcr 35 km Radfahren gibt am Strand ein Eis.<br \/>\n<a href=\"http:\/\/blog.meineigenerweg.de\/wp-content\/uploads\/2023\/05\/IMG_4310.jpeg\"><img loading=\"lazy\" decoding=\"async\" class=\"alignnone size-medium wp-image-9038\" src=\"http:\/\/blog.meineigenerweg.de\/wp-content\/uploads\/2023\/05\/IMG_4310-300x225.jpeg\" alt=\"\" width=\"300\" height=\"225\" srcset=\"http:\/\/blog.meineigenerweg.de\/wp-content\/uploads\/2023\/05\/IMG_4310-300x225.jpeg 300w, http:\/\/blog.meineigenerweg.de\/wp-content\/uploads\/2023\/05\/IMG_4310-768x576.jpeg 768w, http:\/\/blog.meineigenerweg.de\/wp-content\/uploads\/2023\/05\/IMG_4310.jpeg 1000w\" sizes=\"auto, (max-width: 300px) 100vw, 300px\" \/><\/a><\/p>\n<p>&nbsp;<\/p>\n<p>Tag 10 irgendwo in der Wildnis bei Nuovo<\/p>\n<p>Von der K\u00fcste geht es ins Landesinnere, in die Berge. Ziel ist ein Agritorismo, als Adresse ist die SS 338 bei Km 90 angegeben. Also geht es erst einmal nach Nuovo, das kennt das Navi. Jetzt wird die Landschaft wild, dichter Wald, Serpentinen, die Berge links und rechts werden immer steiler, Autos begegnen uns keine mehr. Dann tats\u00e4chlich ein Hinweischild auf Agriturismo Costiolu. Wir biegen auf einen Feldweg ab.<br \/>\n<a href=\"http:\/\/blog.meineigenerweg.de\/wp-content\/uploads\/2023\/05\/IMG_4312.jpeg\"><img loading=\"lazy\" decoding=\"async\" class=\"alignnone size-medium wp-image-9041\" src=\"http:\/\/blog.meineigenerweg.de\/wp-content\/uploads\/2023\/05\/IMG_4312-300x235.jpeg\" alt=\"\" width=\"300\" height=\"235\" srcset=\"http:\/\/blog.meineigenerweg.de\/wp-content\/uploads\/2023\/05\/IMG_4312-300x235.jpeg 300w, http:\/\/blog.meineigenerweg.de\/wp-content\/uploads\/2023\/05\/IMG_4312-768x602.jpeg 768w, http:\/\/blog.meineigenerweg.de\/wp-content\/uploads\/2023\/05\/IMG_4312.jpeg 1000w\" sizes=\"auto, (max-width: 300px) 100vw, 300px\" \/><\/a><br \/>\nNach gut gut einem Kilometer \u00fcber eine Sandpiste stehen wir vor einem verschlafenen Bauernhof. Weit und breit ist kein Mensch zu sehen, aber wir werden von 3 Hunden freundlich begr\u00fc\u00dft. T\u00fcren stehen offen, wir gehen hinein und rufen, aber niemand antwortet. Doch da taucht der Bauer auf. Er stahlt und freut sich, uns zu sehen, denn wir sind zu dieser Zeit anscheinend die einzigen G\u00e4ste. Er \u00f6ffnet uns ein Tor und l\u00e4sst uns auf eine gro\u00dfe Wiese hinter dem Hof fahren. Die Hunde folgen uns und mitten auf der Wiese steht eine Eselin mit ihrem Fohlen!<br \/>\n<a href=\"http:\/\/blog.meineigenerweg.de\/wp-content\/uploads\/2023\/05\/IMG_4314.jpeg\"><img loading=\"lazy\" decoding=\"async\" class=\"alignnone size-medium wp-image-9043\" src=\"http:\/\/blog.meineigenerweg.de\/wp-content\/uploads\/2023\/05\/IMG_4314-300x226.jpeg\" alt=\"\" width=\"300\" height=\"226\" srcset=\"http:\/\/blog.meineigenerweg.de\/wp-content\/uploads\/2023\/05\/IMG_4314-300x226.jpeg 300w, http:\/\/blog.meineigenerweg.de\/wp-content\/uploads\/2023\/05\/IMG_4314-768x578.jpeg 768w, http:\/\/blog.meineigenerweg.de\/wp-content\/uploads\/2023\/05\/IMG_4314.jpeg 1000w\" sizes=\"auto, (max-width: 300px) 100vw, 300px\" \/><\/a><br \/>\nWir stellen uns an einen der roten Pfosten und werden von Hund und Eseln freundlich begr\u00fc\u00dft.<br \/>\n<a href=\"http:\/\/blog.meineigenerweg.de\/wp-content\/uploads\/2023\/05\/IMG_4317.jpeg\"><img loading=\"lazy\" decoding=\"async\" class=\"alignnone size-medium wp-image-9045\" src=\"http:\/\/blog.meineigenerweg.de\/wp-content\/uploads\/2023\/05\/IMG_4317-300x225.jpeg\" alt=\"\" width=\"300\" height=\"225\" srcset=\"http:\/\/blog.meineigenerweg.de\/wp-content\/uploads\/2023\/05\/IMG_4317-300x225.jpeg 300w, http:\/\/blog.meineigenerweg.de\/wp-content\/uploads\/2023\/05\/IMG_4317-768x576.jpeg 768w, http:\/\/blog.meineigenerweg.de\/wp-content\/uploads\/2023\/05\/IMG_4317.jpeg 1000w\" sizes=\"auto, (max-width: 300px) 100vw, 300px\" \/><\/a><br \/>\nDie m\u00fcssen allerdings erst einmal inspizieren, was wir so alles mitgebracht haben.<br \/>\n<a href=\"http:\/\/blog.meineigenerweg.de\/wp-content\/uploads\/2023\/05\/IMG_4319.jpeg\"><img loading=\"lazy\" decoding=\"async\" class=\"alignnone size-medium wp-image-9046\" src=\"http:\/\/blog.meineigenerweg.de\/wp-content\/uploads\/2023\/05\/IMG_4319-300x225.jpeg\" alt=\"\" width=\"300\" height=\"225\" srcset=\"http:\/\/blog.meineigenerweg.de\/wp-content\/uploads\/2023\/05\/IMG_4319-300x225.jpeg 300w, http:\/\/blog.meineigenerweg.de\/wp-content\/uploads\/2023\/05\/IMG_4319-768x576.jpeg 768w, http:\/\/blog.meineigenerweg.de\/wp-content\/uploads\/2023\/05\/IMG_4319.jpeg 1000w\" sizes=\"auto, (max-width: 300px) 100vw, 300px\" \/><\/a><br \/>\nSp\u00e4ter treffen noch weitere Campingg\u00e4ste ein. Mit dem italienische Paar gemeinsam gibt es in der Gaststube zur Begr\u00fc\u00dfung Wein und Geb\u00e4ck und K\u00e4se, nat\u00fcrlich alles aus eigener Herstellung.<\/p>\n<p>&nbsp;<\/p>\n<p>Tag 11 Irgendwo in der Wildnis bei Nuovo<\/p>\n<p>Absolute Stille. Nein, absolute Abwesenheit von Zivilisationsl\u00e4rm. Statt dessen h\u00f6rt man V\u00f6gel tschilpen, Schafsglocken bimmeln, Pferde schnauben, ein Pfau schreit, die B\u00e4ume rauschen, Insekten brummen, sitzen auf dem WoMo oder auf der wild bl\u00fchenden Wiese &#8211; oder auf meinen Beinen.<\/p>\n<p>Was noch gar keine Erw\u00e4hnung fand: der Bruder des Landwirts, Pietro Costa, ist ein recht bekannter K\u00fcnstler, der schon mehrere Ausstellungen hatte. Er hat auf dem Hof nicht nur den gro\u00dfen Speisesaal mit seinen Bildern ausgestattet,<br \/>\n<a href=\"http:\/\/blog.meineigenerweg.de\/wp-content\/uploads\/2023\/05\/IMG_4507-1.jpeg\"><img loading=\"lazy\" decoding=\"async\" class=\"alignnone size-medium wp-image-9078\" src=\"http:\/\/blog.meineigenerweg.de\/wp-content\/uploads\/2023\/05\/IMG_4507-1-300x226.jpeg\" alt=\"\" width=\"300\" height=\"226\" srcset=\"http:\/\/blog.meineigenerweg.de\/wp-content\/uploads\/2023\/05\/IMG_4507-1-300x226.jpeg 300w, http:\/\/blog.meineigenerweg.de\/wp-content\/uploads\/2023\/05\/IMG_4507-1-768x578.jpeg 768w, http:\/\/blog.meineigenerweg.de\/wp-content\/uploads\/2023\/05\/IMG_4507-1.jpeg 1000w\" sizes=\"auto, (max-width: 300px) 100vw, 300px\" \/><\/a><br \/>\nsondern auch etliche Skulpturen ringsherum in der Landschaft ausgestellt.<br \/>\n<a href=\"http:\/\/blog.meineigenerweg.de\/wp-content\/uploads\/2023\/05\/IMG_4508.jpeg\"><img loading=\"lazy\" decoding=\"async\" class=\"alignnone size-medium wp-image-9077\" src=\"http:\/\/blog.meineigenerweg.de\/wp-content\/uploads\/2023\/05\/IMG_4508-300x225.jpeg\" alt=\"\" width=\"300\" height=\"225\" srcset=\"http:\/\/blog.meineigenerweg.de\/wp-content\/uploads\/2023\/05\/IMG_4508-300x225.jpeg 300w, http:\/\/blog.meineigenerweg.de\/wp-content\/uploads\/2023\/05\/IMG_4508-768x576.jpeg 768w, http:\/\/blog.meineigenerweg.de\/wp-content\/uploads\/2023\/05\/IMG_4508.jpeg 1000w\" sizes=\"auto, (max-width: 300px) 100vw, 300px\" \/><\/a><\/p>\n<p>Der Agritorismo ist inzwischen f\u00fcr sein gutes Essen bekannt. Der Landwirt hat angek\u00fcndigt, uns heute Abend zu bekochen. Wir sind \u00fcberrascht, als wir in die sch\u00f6n eingedeckte \u201egute Stube\u201c gebeten werden.<br \/>\n<a href=\"http:\/\/blog.meineigenerweg.de\/wp-content\/uploads\/2023\/05\/IMG_4323.jpeg\"><img loading=\"lazy\" decoding=\"async\" class=\"alignnone size-medium wp-image-9050\" src=\"http:\/\/blog.meineigenerweg.de\/wp-content\/uploads\/2023\/05\/IMG_4323-300x225.jpeg\" alt=\"\" width=\"300\" height=\"225\" srcset=\"http:\/\/blog.meineigenerweg.de\/wp-content\/uploads\/2023\/05\/IMG_4323-300x225.jpeg 300w, http:\/\/blog.meineigenerweg.de\/wp-content\/uploads\/2023\/05\/IMG_4323-768x576.jpeg 768w, http:\/\/blog.meineigenerweg.de\/wp-content\/uploads\/2023\/05\/IMG_4323.jpeg 1000w\" sizes=\"auto, (max-width: 300px) 100vw, 300px\" \/><\/a><\/p>\n<p>Unser Men\u00fc besteht ausschlie\u00dflich aus Gerichten aus eigener Erzeugung. Auch der Wein ist aus eigenem Anbau.<br \/>\n<a href=\"http:\/\/blog.meineigenerweg.de\/wp-content\/uploads\/2023\/05\/IMG_4332.jpeg\"><img loading=\"lazy\" decoding=\"async\" class=\"alignnone size-medium wp-image-9058\" src=\"http:\/\/blog.meineigenerweg.de\/wp-content\/uploads\/2023\/05\/IMG_4332-225x300.jpeg\" alt=\"\" width=\"225\" height=\"300\" srcset=\"http:\/\/blog.meineigenerweg.de\/wp-content\/uploads\/2023\/05\/IMG_4332-225x300.jpeg 225w, http:\/\/blog.meineigenerweg.de\/wp-content\/uploads\/2023\/05\/IMG_4332.jpeg 750w\" sizes=\"auto, (max-width: 225px) 100vw, 225px\" \/><\/a><br \/>\nAntipasti mit selbstgemachte Pecorino und Ricotta, Bohnen und Oliven und Innereien vom Schwein und Lamm &#8211; die w\u00fcrden wir zuhause wohl kaum essen!<br \/>\n<a href=\"http:\/\/blog.meineigenerweg.de\/wp-content\/uploads\/2023\/05\/IMG_4333.jpeg\"><img loading=\"lazy\" decoding=\"async\" class=\"alignnone size-medium wp-image-9057\" src=\"http:\/\/blog.meineigenerweg.de\/wp-content\/uploads\/2023\/05\/IMG_4333-225x300.jpeg\" alt=\"\" width=\"225\" height=\"300\" srcset=\"http:\/\/blog.meineigenerweg.de\/wp-content\/uploads\/2023\/05\/IMG_4333-225x300.jpeg 225w, http:\/\/blog.meineigenerweg.de\/wp-content\/uploads\/2023\/05\/IMG_4333.jpeg 750w\" sizes=\"auto, (max-width: 225px) 100vw, 225px\" \/><\/a><br \/>\nAuch die Pasta nach einem sardischen Rezept mit Zutaten aus der eigenen Landwirtschaft<br \/>\n<a href=\"http:\/\/blog.meineigenerweg.de\/wp-content\/uploads\/2023\/05\/IMG_4336.jpeg\"><img loading=\"lazy\" decoding=\"async\" class=\"alignnone size-medium wp-image-9054\" src=\"http:\/\/blog.meineigenerweg.de\/wp-content\/uploads\/2023\/05\/IMG_4336-225x300.jpeg\" alt=\"\" width=\"225\" height=\"300\" srcset=\"http:\/\/blog.meineigenerweg.de\/wp-content\/uploads\/2023\/05\/IMG_4336-225x300.jpeg 225w, http:\/\/blog.meineigenerweg.de\/wp-content\/uploads\/2023\/05\/IMG_4336.jpeg 750w\" sizes=\"auto, (max-width: 225px) 100vw, 225px\" \/><\/a><br \/>\nZu Spanferkel und Bratkartoffeln wurde ein Salat gereicht. Und zum Obstnachtisch wurde uns noch ein Myrten-Lik\u00f6r Gericht.<\/p>\n<p>&nbsp;<\/p>\n<p>Tag 12 Irgendwo in der Wildnis bei Orgosolo<\/p>\n<p>Es sind nur 45 Minuten zu fahren (Eine Adresse gibt es auch hier nicht, wir fahren wieder nach GPS-Daten) und schon sind wir auf unserem n\u00e4chsten Campingplatz angekommen, sehr klein, mehr als 10 Wohnmobile passen hier nicht hin. Angeblich ein Geheimtipp um ein authentisches Mittagessen mit den sardischen Hirten zu genie\u00dfen. Ganz so geheim aber wohl doch nicht, denn es war schon eine Busladung amerikanischer Touristen angekommen. Mitten im Wald unter den Pinien waren lange Holzplanken aufgereiht auf denen wir uns alle niederlassen konnten. Es kam dann noch eine weitere Busladung Schweizer und noch eine mit deutschen Touristen. Aber es war trotzdem ein tolles Erlebnis.<\/p>\n<p>Auf dem Grill brutzelten schon ein paar Spanferkel.<br \/>\n<a href=\"http:\/\/blog.meineigenerweg.de\/wp-content\/uploads\/2023\/05\/IMG_4351-1.jpeg\"><img loading=\"lazy\" decoding=\"async\" class=\"alignnone size-medium wp-image-9064\" src=\"http:\/\/blog.meineigenerweg.de\/wp-content\/uploads\/2023\/05\/IMG_4351-1-300x225.jpeg\" alt=\"\" width=\"300\" height=\"225\" srcset=\"http:\/\/blog.meineigenerweg.de\/wp-content\/uploads\/2023\/05\/IMG_4351-1-300x225.jpeg 300w, http:\/\/blog.meineigenerweg.de\/wp-content\/uploads\/2023\/05\/IMG_4351-1-768x576.jpeg 768w, http:\/\/blog.meineigenerweg.de\/wp-content\/uploads\/2023\/05\/IMG_4351-1.jpeg 1000w\" sizes=\"auto, (max-width: 300px) 100vw, 300px\" \/><\/a><br \/>\nUnd dann wurde aufgetischt, nat\u00fcrlich zuerst Wein und Antipasti, Brot, verschiedene W\u00fcrste, Speck und K\u00e4se. Wer aufgegessen hatte bekam nat\u00fcrlich jede Menge Nachschlag.<br \/>\n<a href=\"http:\/\/blog.meineigenerweg.de\/wp-content\/uploads\/2023\/05\/IMG_4352.jpeg\"><img loading=\"lazy\" decoding=\"async\" class=\"alignnone size-medium wp-image-9070\" src=\"http:\/\/blog.meineigenerweg.de\/wp-content\/uploads\/2023\/05\/IMG_4352-300x208.jpeg\" alt=\"\" width=\"300\" height=\"208\" srcset=\"http:\/\/blog.meineigenerweg.de\/wp-content\/uploads\/2023\/05\/IMG_4352-300x208.jpeg 300w, http:\/\/blog.meineigenerweg.de\/wp-content\/uploads\/2023\/05\/IMG_4352-768x532.jpeg 768w, http:\/\/blog.meineigenerweg.de\/wp-content\/uploads\/2023\/05\/IMG_4352.jpeg 1000w\" sizes=\"auto, (max-width: 300px) 100vw, 300px\" \/><\/a><br \/>\nLamm und Kartoffeln<br \/>\n<a href=\"http:\/\/blog.meineigenerweg.de\/wp-content\/uploads\/2023\/05\/IMG_4353.jpeg\"><img loading=\"lazy\" decoding=\"async\" class=\"alignnone size-medium wp-image-9069\" src=\"http:\/\/blog.meineigenerweg.de\/wp-content\/uploads\/2023\/05\/IMG_4353-300x206.jpeg\" alt=\"\" width=\"300\" height=\"206\" srcset=\"http:\/\/blog.meineigenerweg.de\/wp-content\/uploads\/2023\/05\/IMG_4353-300x206.jpeg 300w, http:\/\/blog.meineigenerweg.de\/wp-content\/uploads\/2023\/05\/IMG_4353-768x527.jpeg 768w, http:\/\/blog.meineigenerweg.de\/wp-content\/uploads\/2023\/05\/IMG_4353.jpeg 1000w\" sizes=\"auto, (max-width: 300px) 100vw, 300px\" \/><\/a><br \/>\nSpanferkel<br \/>\n<a href=\"http:\/\/blog.meineigenerweg.de\/wp-content\/uploads\/2023\/05\/IMG_4354.jpeg\"><img loading=\"lazy\" decoding=\"async\" class=\"alignnone size-medium wp-image-9068\" src=\"http:\/\/blog.meineigenerweg.de\/wp-content\/uploads\/2023\/05\/IMG_4354-300x207.jpeg\" alt=\"\" width=\"300\" height=\"207\" srcset=\"http:\/\/blog.meineigenerweg.de\/wp-content\/uploads\/2023\/05\/IMG_4354-300x207.jpeg 300w, http:\/\/blog.meineigenerweg.de\/wp-content\/uploads\/2023\/05\/IMG_4354-768x529.jpeg 768w, http:\/\/blog.meineigenerweg.de\/wp-content\/uploads\/2023\/05\/IMG_4354.jpeg 1000w\" sizes=\"auto, (max-width: 300px) 100vw, 300px\" \/><\/a><br \/>\nPecorino<br \/>\n<a href=\"http:\/\/blog.meineigenerweg.de\/wp-content\/uploads\/2023\/05\/IMG_4355.jpeg\"><img loading=\"lazy\" decoding=\"async\" class=\"alignnone size-medium wp-image-9067\" src=\"http:\/\/blog.meineigenerweg.de\/wp-content\/uploads\/2023\/05\/IMG_4355-300x205.jpeg\" alt=\"\" width=\"300\" height=\"205\" srcset=\"http:\/\/blog.meineigenerweg.de\/wp-content\/uploads\/2023\/05\/IMG_4355-300x205.jpeg 300w, http:\/\/blog.meineigenerweg.de\/wp-content\/uploads\/2023\/05\/IMG_4355-768x525.jpeg 768w, http:\/\/blog.meineigenerweg.de\/wp-content\/uploads\/2023\/05\/IMG_4355.jpeg 1000w\" sizes=\"auto, (max-width: 300px) 100vw, 300px\" \/><\/a><br \/>\nGeb\u00e4ck<br \/>\n<a href=\"http:\/\/blog.meineigenerweg.de\/wp-content\/uploads\/2023\/05\/IMG_4356.jpeg\"><img loading=\"lazy\" decoding=\"async\" class=\"alignnone size-medium wp-image-9066\" src=\"http:\/\/blog.meineigenerweg.de\/wp-content\/uploads\/2023\/05\/IMG_4356-300x205.jpeg\" alt=\"\" width=\"300\" height=\"205\" srcset=\"http:\/\/blog.meineigenerweg.de\/wp-content\/uploads\/2023\/05\/IMG_4356-300x205.jpeg 300w, http:\/\/blog.meineigenerweg.de\/wp-content\/uploads\/2023\/05\/IMG_4356-768x524.jpeg 768w, http:\/\/blog.meineigenerweg.de\/wp-content\/uploads\/2023\/05\/IMG_4356.jpeg 1000w\" sizes=\"auto, (max-width: 300px) 100vw, 300px\" \/><\/a><br \/>\nund hinterher nat\u00fcrlich Grappa.<br \/>\nDann kam der gem\u00fctliche Teil und die Hirten haben einen sehr seltsamen, aber sch\u00f6nen Gesang angestimmt.<\/p>\n<p>&nbsp;<\/p>\n<p>Tag 13 Orgosolo<\/p>\n<p>Schon auf dem Weg nach Orgosolo begegnen uns fantasievoll bemalte Felsen.<br \/>\n<a href=\"http:\/\/blog.meineigenerweg.de\/wp-content\/uploads\/2023\/05\/IMG_4582.jpeg\"><img loading=\"lazy\" decoding=\"async\" class=\"alignnone size-medium wp-image-9080\" src=\"http:\/\/blog.meineigenerweg.de\/wp-content\/uploads\/2023\/05\/IMG_4582-300x225.jpeg\" alt=\"\" width=\"300\" height=\"225\" srcset=\"http:\/\/blog.meineigenerweg.de\/wp-content\/uploads\/2023\/05\/IMG_4582-300x225.jpeg 300w, http:\/\/blog.meineigenerweg.de\/wp-content\/uploads\/2023\/05\/IMG_4582-768x576.jpeg 768w, http:\/\/blog.meineigenerweg.de\/wp-content\/uploads\/2023\/05\/IMG_4582.jpeg 1000w\" sizes=\"auto, (max-width: 300px) 100vw, 300px\" \/><\/a><br \/>\nViele H\u00e4user im Ort sind hier mit poetischen oder politischen Aussagen oder einfach mit Bildern des t\u00e4glichen Lebens bemalt.<br \/>\n<a href=\"http:\/\/blog.meineigenerweg.de\/wp-content\/uploads\/2023\/05\/IMG_4584.jpeg\"><img loading=\"lazy\" decoding=\"async\" class=\"alignnone size-medium wp-image-9081\" src=\"http:\/\/blog.meineigenerweg.de\/wp-content\/uploads\/2023\/05\/IMG_4584-300x226.jpeg\" alt=\"\" width=\"300\" height=\"226\" srcset=\"http:\/\/blog.meineigenerweg.de\/wp-content\/uploads\/2023\/05\/IMG_4584-300x226.jpeg 300w, http:\/\/blog.meineigenerweg.de\/wp-content\/uploads\/2023\/05\/IMG_4584-768x578.jpeg 768w, http:\/\/blog.meineigenerweg.de\/wp-content\/uploads\/2023\/05\/IMG_4584.jpeg 1000w\" sizes=\"auto, (max-width: 300px) 100vw, 300px\" \/><\/a><br \/>\n<a href=\"http:\/\/blog.meineigenerweg.de\/wp-content\/uploads\/2023\/05\/IMG_4586.jpeg\"><img loading=\"lazy\" decoding=\"async\" class=\"alignnone size-medium wp-image-9082\" src=\"http:\/\/blog.meineigenerweg.de\/wp-content\/uploads\/2023\/05\/IMG_4586-300x226.jpeg\" alt=\"\" width=\"300\" height=\"226\" srcset=\"http:\/\/blog.meineigenerweg.de\/wp-content\/uploads\/2023\/05\/IMG_4586-300x226.jpeg 300w, http:\/\/blog.meineigenerweg.de\/wp-content\/uploads\/2023\/05\/IMG_4586-768x578.jpeg 768w, http:\/\/blog.meineigenerweg.de\/wp-content\/uploads\/2023\/05\/IMG_4586.jpeg 1000w\" sizes=\"auto, (max-width: 300px) 100vw, 300px\" \/><\/a><br \/>\n<a href=\"http:\/\/blog.meineigenerweg.de\/wp-content\/uploads\/2023\/05\/IMG_4587.jpeg\"><img loading=\"lazy\" decoding=\"async\" class=\"alignnone size-medium wp-image-9083\" src=\"http:\/\/blog.meineigenerweg.de\/wp-content\/uploads\/2023\/05\/IMG_4587-226x300.jpeg\" alt=\"\" width=\"226\" height=\"300\" srcset=\"http:\/\/blog.meineigenerweg.de\/wp-content\/uploads\/2023\/05\/IMG_4587-226x300.jpeg 226w, http:\/\/blog.meineigenerweg.de\/wp-content\/uploads\/2023\/05\/IMG_4587.jpeg 753w\" sizes=\"auto, (max-width: 226px) 100vw, 226px\" \/><\/a><\/p>\n<p>&nbsp;<\/p>\n<p>Tag 14 Cala Gonone<\/p>\n<p>Immer abwechselnd Berge und Meer. In der N\u00e4he von Orosei finden wir auf einem Campingplatz unter Pinien den Zugang zur kleinen Bucht mit wei\u00dfem Sand, ideal f\u00fcr Familien mit Kindern, da das Wasser hier sehr Flach ist.<br \/>\n<a href=\"http:\/\/blog.meineigenerweg.de\/wp-content\/uploads\/2023\/05\/IMG_4588.jpeg\"><img loading=\"lazy\" decoding=\"async\" class=\"alignnone size-medium wp-image-9085\" src=\"http:\/\/blog.meineigenerweg.de\/wp-content\/uploads\/2023\/05\/IMG_4588-300x225.jpeg\" alt=\"\" width=\"300\" height=\"225\" srcset=\"http:\/\/blog.meineigenerweg.de\/wp-content\/uploads\/2023\/05\/IMG_4588-300x225.jpeg 300w, http:\/\/blog.meineigenerweg.de\/wp-content\/uploads\/2023\/05\/IMG_4588-768x576.jpeg 768w, http:\/\/blog.meineigenerweg.de\/wp-content\/uploads\/2023\/05\/IMG_4588.jpeg 1000w\" sizes=\"auto, (max-width: 300px) 100vw, 300px\" \/><\/a><\/p>\n<p>&nbsp;<\/p>\n<p>Tag 15 Dorgali<\/p>\n<p>Sehr weit sind wir auf unserer vorgenommenen Route noch nicht gekommen, so fahren wir weiter am Meer entlang bis Dorgali. Hier m\u00fcssen wir uns dringend mit Bargeld versorgen, in den kleinen \u00d6rtchen vorher gab\u00b4s keine Geldautomaten. Noch einen Cappuccino in einer der Bars und dann geht es weiter &#8211; viel zu sehen bietet der Ort n\u00e4mlich nicht.<br \/>\n<a href=\"http:\/\/blog.meineigenerweg.de\/wp-content\/uploads\/2023\/05\/IMG_4589.jpeg\"><img loading=\"lazy\" decoding=\"async\" class=\"alignnone size-medium wp-image-9086\" src=\"http:\/\/blog.meineigenerweg.de\/wp-content\/uploads\/2023\/05\/IMG_4589-300x225.jpeg\" alt=\"\" width=\"300\" height=\"225\" srcset=\"http:\/\/blog.meineigenerweg.de\/wp-content\/uploads\/2023\/05\/IMG_4589-300x225.jpeg 300w, http:\/\/blog.meineigenerweg.de\/wp-content\/uploads\/2023\/05\/IMG_4589-768x576.jpeg 768w, http:\/\/blog.meineigenerweg.de\/wp-content\/uploads\/2023\/05\/IMG_4589.jpeg 1000w\" sizes=\"auto, (max-width: 300px) 100vw, 300px\" \/><\/a><\/p>\n<p>&nbsp;<\/p>\n<p>Tag 16 Dorgali nach Lotzorai<\/p>\n<p>Die einspurige Stra\u00dfe Richtung Lotzorai f\u00fchrt in Serpentinen hoch in die Berge. Was f\u00fcr eine Aussicht! Wir sind nur 900m \u00fcM, kommen uns aber vor wie im Hochgebirge. Schroffe Felsen, steile Schluchten, Ziegen im steilen Gebirge und weit und breit kein Ort zu sehen. Eine absolut beeindruckende Landschaft.<\/p>\n<p><a href=\"http:\/\/blog.meineigenerweg.de\/wp-content\/uploads\/2023\/05\/IMG_4591.jpeg\"><img loading=\"lazy\" decoding=\"async\" class=\"alignnone size-medium wp-image-9088\" src=\"http:\/\/blog.meineigenerweg.de\/wp-content\/uploads\/2023\/05\/IMG_4591-300x225.jpeg\" alt=\"\" width=\"300\" height=\"225\" srcset=\"http:\/\/blog.meineigenerweg.de\/wp-content\/uploads\/2023\/05\/IMG_4591-300x225.jpeg 300w, http:\/\/blog.meineigenerweg.de\/wp-content\/uploads\/2023\/05\/IMG_4591-768x576.jpeg 768w, http:\/\/blog.meineigenerweg.de\/wp-content\/uploads\/2023\/05\/IMG_4591.jpeg 1000w\" sizes=\"auto, (max-width: 300px) 100vw, 300px\" \/><\/a> <a href=\"http:\/\/blog.meineigenerweg.de\/wp-content\/uploads\/2023\/05\/IMG_4590.jpeg\"><img loading=\"lazy\" decoding=\"async\" class=\"alignnone size-medium wp-image-9089\" src=\"http:\/\/blog.meineigenerweg.de\/wp-content\/uploads\/2023\/05\/IMG_4590-300x225.jpeg\" alt=\"\" width=\"300\" height=\"225\" srcset=\"http:\/\/blog.meineigenerweg.de\/wp-content\/uploads\/2023\/05\/IMG_4590-300x225.jpeg 300w, http:\/\/blog.meineigenerweg.de\/wp-content\/uploads\/2023\/05\/IMG_4590-768x576.jpeg 768w, http:\/\/blog.meineigenerweg.de\/wp-content\/uploads\/2023\/05\/IMG_4590.jpeg 1000w\" sizes=\"auto, (max-width: 300px) 100vw, 300px\" \/><\/a><\/p>\n<p>&nbsp;<\/p>\n<p>Tag 17 Lotzorai<\/p>\n<p>In Lotzorai angekommen, finden wir erneut einen Campingplatz am Meer. Wir stehen mit dem Wohnmobil direkt am Strand<br \/>\n<a href=\"http:\/\/blog.meineigenerweg.de\/wp-content\/uploads\/2023\/05\/IMG_4595.jpeg\"><img loading=\"lazy\" decoding=\"async\" class=\"alignnone size-medium wp-image-9090\" src=\"http:\/\/blog.meineigenerweg.de\/wp-content\/uploads\/2023\/05\/IMG_4595-300x226.jpeg\" alt=\"\" width=\"300\" height=\"226\" srcset=\"http:\/\/blog.meineigenerweg.de\/wp-content\/uploads\/2023\/05\/IMG_4595-300x226.jpeg 300w, http:\/\/blog.meineigenerweg.de\/wp-content\/uploads\/2023\/05\/IMG_4595-768x578.jpeg 768w, http:\/\/blog.meineigenerweg.de\/wp-content\/uploads\/2023\/05\/IMG_4595.jpeg 1000w\" sizes=\"auto, (max-width: 300px) 100vw, 300px\" \/><\/a><br \/>\nund genie\u00dfen den Ausblick aufs Meer.<br \/>\n<a href=\"http:\/\/blog.meineigenerweg.de\/wp-content\/uploads\/2023\/05\/IMG_4596.jpeg\"><img loading=\"lazy\" decoding=\"async\" class=\"alignnone size-medium wp-image-9091\" src=\"http:\/\/blog.meineigenerweg.de\/wp-content\/uploads\/2023\/05\/IMG_4596-300x222.jpeg\" alt=\"\" width=\"300\" height=\"222\" srcset=\"http:\/\/blog.meineigenerweg.de\/wp-content\/uploads\/2023\/05\/IMG_4596-300x222.jpeg 300w, http:\/\/blog.meineigenerweg.de\/wp-content\/uploads\/2023\/05\/IMG_4596-768x569.jpeg 768w, http:\/\/blog.meineigenerweg.de\/wp-content\/uploads\/2023\/05\/IMG_4596.jpeg 1000w\" sizes=\"auto, (max-width: 300px) 100vw, 300px\" \/><\/a><\/p>\n<p>&nbsp;<\/p>\n<p>Tag 18 Lotzorai<\/p>\n<p>Sonne, Strand und Meer, das genie\u00dfen wir noch einen Tag, zumal es auch auf dem Campingplatz \u00fcberall bl\u00fcht<br \/>\n<a href=\"http:\/\/blog.meineigenerweg.de\/wp-content\/uploads\/2023\/05\/IMG_4684.jpeg\"><img loading=\"lazy\" decoding=\"async\" class=\"alignnone size-medium wp-image-9102\" src=\"http:\/\/blog.meineigenerweg.de\/wp-content\/uploads\/2023\/05\/IMG_4684-300x225.jpeg\" alt=\"\" width=\"300\" height=\"225\" srcset=\"http:\/\/blog.meineigenerweg.de\/wp-content\/uploads\/2023\/05\/IMG_4684-300x225.jpeg 300w, http:\/\/blog.meineigenerweg.de\/wp-content\/uploads\/2023\/05\/IMG_4684-768x576.jpeg 768w, http:\/\/blog.meineigenerweg.de\/wp-content\/uploads\/2023\/05\/IMG_4684.jpeg 1000w\" sizes=\"auto, (max-width: 300px) 100vw, 300px\" \/><\/a><\/p>\n<p>&nbsp;<\/p>\n<p>Tag 19 Ulassai &#8211; Grotta Su Marmuri<\/p>\n<p>heute geht es weiter nach Ulassai, zur Grotta Su Marmuri. Die Fahrt durchs Gebirge ist ein Erlebnis, schmale Serpentinen, fantastische Ausblicke ins Tal und dann der Blick auf die bunten H\u00e4user von Ulassai.<\/p>\n<p><a href=\"http:\/\/blog.meineigenerweg.de\/wp-content\/uploads\/2023\/05\/IMG_4681.jpeg\"><img loading=\"lazy\" decoding=\"async\" class=\"alignnone size-medium wp-image-9099\" src=\"http:\/\/blog.meineigenerweg.de\/wp-content\/uploads\/2023\/05\/IMG_4681-300x216.jpeg\" alt=\"\" width=\"300\" height=\"216\" srcset=\"http:\/\/blog.meineigenerweg.de\/wp-content\/uploads\/2023\/05\/IMG_4681-300x216.jpeg 300w, http:\/\/blog.meineigenerweg.de\/wp-content\/uploads\/2023\/05\/IMG_4681-768x553.jpeg 768w, http:\/\/blog.meineigenerweg.de\/wp-content\/uploads\/2023\/05\/IMG_4681.jpeg 1000w\" sizes=\"auto, (max-width: 300px) 100vw, 300px\" \/><\/a><br \/>\n<a href=\"http:\/\/blog.meineigenerweg.de\/wp-content\/uploads\/2023\/05\/IMG_4682.jpeg\"><img loading=\"lazy\" decoding=\"async\" class=\"alignnone size-medium wp-image-9100\" src=\"http:\/\/blog.meineigenerweg.de\/wp-content\/uploads\/2023\/05\/IMG_4682-300x226.jpeg\" alt=\"\" width=\"300\" height=\"226\" srcset=\"http:\/\/blog.meineigenerweg.de\/wp-content\/uploads\/2023\/05\/IMG_4682-300x226.jpeg 300w, http:\/\/blog.meineigenerweg.de\/wp-content\/uploads\/2023\/05\/IMG_4682-768x578.jpeg 768w, http:\/\/blog.meineigenerweg.de\/wp-content\/uploads\/2023\/05\/IMG_4682.jpeg 1000w\" sizes=\"auto, (max-width: 300px) 100vw, 300px\" \/><\/a><br \/>\nNach einem kraxeligen Aufstieg \u00fcber eine Natursteintreppe geht es 100 mtr bergab geht in die Grotte und weiter 1 km tief in den Berg hinein, in die gr\u00f6\u00dfte Grotte Sardiniens. Die hohen Gew\u00f6lbe -teilweise bis zu 70m hoch- zeigen Skulpturen, die in Millionen von Jahren aus dem Gestein gebildet wurden. Immer wieder sieht man wei\u00dfe Gesteinsschichten, Marmor, die der Grotte den Namen gegeben haben.<br \/>\n<a href=\"http:\/\/blog.meineigenerweg.de\/wp-content\/uploads\/2023\/05\/IMG_4683.jpeg\"><img loading=\"lazy\" decoding=\"async\" class=\"alignnone size-medium wp-image-9101\" src=\"http:\/\/blog.meineigenerweg.de\/wp-content\/uploads\/2023\/05\/IMG_4683-300x225.jpeg\" alt=\"\" width=\"300\" height=\"225\" srcset=\"http:\/\/blog.meineigenerweg.de\/wp-content\/uploads\/2023\/05\/IMG_4683-300x225.jpeg 300w, http:\/\/blog.meineigenerweg.de\/wp-content\/uploads\/2023\/05\/IMG_4683-768x576.jpeg 768w, http:\/\/blog.meineigenerweg.de\/wp-content\/uploads\/2023\/05\/IMG_4683.jpeg 1000w\" sizes=\"auto, (max-width: 300px) 100vw, 300px\" \/><\/a><br \/>\n<a href=\"http:\/\/blog.meineigenerweg.de\/wp-content\/uploads\/2023\/05\/IMG_4687.jpeg\"><img loading=\"lazy\" decoding=\"async\" class=\"alignnone size-medium wp-image-9104\" src=\"http:\/\/blog.meineigenerweg.de\/wp-content\/uploads\/2023\/05\/IMG_4687-226x300.jpeg\" alt=\"\" width=\"226\" height=\"300\" srcset=\"http:\/\/blog.meineigenerweg.de\/wp-content\/uploads\/2023\/05\/IMG_4687-226x300.jpeg 226w, http:\/\/blog.meineigenerweg.de\/wp-content\/uploads\/2023\/05\/IMG_4687.jpeg 753w\" sizes=\"auto, (max-width: 226px) 100vw, 226px\" \/><\/a><\/p>\n<p>Beim Ausstieg aus der Grotte ist es Nachmittag, wir folgen den Hinweisschildern zu \u00b4Hotel &#8211; Camping\u00b4 und sind auf einer einsamen Stra\u00dfe, immer weiter in den Nationalpark hinein. \u00a0Unterwegs kommen wir an einem Pfad zu ehemaligen Nuraghen vorbei. Diese Geb\u00e4ude aus pr\u00e4historischer Zeit zeugen auf der ganzen Insel von der damaligen Kultur.<br \/>\n<a href=\"http:\/\/blog.meineigenerweg.de\/wp-content\/uploads\/2023\/05\/IMG_4690.jpeg\"><img loading=\"lazy\" decoding=\"async\" class=\"alignnone size-medium wp-image-9113\" src=\"http:\/\/blog.meineigenerweg.de\/wp-content\/uploads\/2023\/05\/IMG_4690-300x226.jpeg\" alt=\"\" width=\"300\" height=\"226\" srcset=\"http:\/\/blog.meineigenerweg.de\/wp-content\/uploads\/2023\/05\/IMG_4690-300x226.jpeg 300w, http:\/\/blog.meineigenerweg.de\/wp-content\/uploads\/2023\/05\/IMG_4690-768x578.jpeg 768w, http:\/\/blog.meineigenerweg.de\/wp-content\/uploads\/2023\/05\/IMG_4690.jpeg 1000w\" sizes=\"auto, (max-width: 300px) 100vw, 300px\" \/><\/a><a href=\"http:\/\/blog.meineigenerweg.de\/wp-content\/uploads\/2023\/05\/IMG_4691.jpeg\"><img loading=\"lazy\" decoding=\"async\" class=\"alignnone size-medium wp-image-9114\" src=\"http:\/\/blog.meineigenerweg.de\/wp-content\/uploads\/2023\/05\/IMG_4691-300x226.jpeg\" alt=\"\" width=\"300\" height=\"226\" srcset=\"http:\/\/blog.meineigenerweg.de\/wp-content\/uploads\/2023\/05\/IMG_4691-300x226.jpeg 300w, http:\/\/blog.meineigenerweg.de\/wp-content\/uploads\/2023\/05\/IMG_4691-768x578.jpeg 768w, http:\/\/blog.meineigenerweg.de\/wp-content\/uploads\/2023\/05\/IMG_4691.jpeg 1000w\" sizes=\"auto, (max-width: 300px) 100vw, 300px\" \/><\/a><\/p>\n<p>Das Hotel und der Campingplatz sind leider geschlossen und wild campen ist im Nationalpark streng verboten, deshalb fahren wir zur\u00fcck ans Meer.<\/p>\n<p>&nbsp;<\/p>\n<p>Tag 20 Porto Corallo<\/p>\n<p>Abends kommen wir ziemlich ersch\u00f6pft wieder am Meer an und finden einen sch\u00f6nen, ruhigen Campingplatz mit Blick aufs Meer. Die Saison beginnt erst gerade, Restaurant und Bar \u00f6ffnen morgen.<\/p>\n<p><a href=\"http:\/\/blog.meineigenerweg.de\/wp-content\/uploads\/2023\/05\/IMG_4688.jpeg\"><img loading=\"lazy\" decoding=\"async\" class=\"alignnone size-medium wp-image-9105\" src=\"http:\/\/blog.meineigenerweg.de\/wp-content\/uploads\/2023\/05\/IMG_4688-300x225.jpeg\" alt=\"\" width=\"300\" height=\"225\" srcset=\"http:\/\/blog.meineigenerweg.de\/wp-content\/uploads\/2023\/05\/IMG_4688-300x225.jpeg 300w, http:\/\/blog.meineigenerweg.de\/wp-content\/uploads\/2023\/05\/IMG_4688-768x576.jpeg 768w, http:\/\/blog.meineigenerweg.de\/wp-content\/uploads\/2023\/05\/IMG_4688.jpeg 1000w\" sizes=\"auto, (max-width: 300px) 100vw, 300px\" \/><\/a><\/p>\n<p>&nbsp;<\/p>\n<p>Tag 21 Porto Corallo<\/p>\n<p>Entspannung pur! Wir laufen am Strand entlang zum kleinen Hafen, schauen uns den Befestigungsturm aus dem 16. Jhd. an, der auch hier, wie an vielen Str\u00e4nden entlang der K\u00fcste, zur Abwehr der vielen Invasionen, die die Sarden \u00fcber sich ergehen lassen mussten, steht.<\/p>\n<p><a href=\"http:\/\/blog.meineigenerweg.de\/wp-content\/uploads\/2023\/05\/IMG_4689.jpeg\"><img loading=\"lazy\" decoding=\"async\" class=\"alignnone size-medium wp-image-9106\" src=\"http:\/\/blog.meineigenerweg.de\/wp-content\/uploads\/2023\/05\/IMG_4689-225x300.jpeg\" alt=\"\" width=\"225\" height=\"300\" srcset=\"http:\/\/blog.meineigenerweg.de\/wp-content\/uploads\/2023\/05\/IMG_4689-225x300.jpeg 225w, http:\/\/blog.meineigenerweg.de\/wp-content\/uploads\/2023\/05\/IMG_4689.jpeg 750w\" sizes=\"auto, (max-width: 225px) 100vw, 225px\" \/><\/a><\/p>\n<p>&nbsp;<\/p>\n<p>Tag 22 Porto Corallo<\/p>\n<p>Gebimmel von links, ein H\u00fctehund treibt die Ziegenherde direkt an den Strandabschnitt vor dem Campingplatz.<br \/>\n<a href=\"http:\/\/blog.meineigenerweg.de\/wp-content\/uploads\/2023\/05\/IMG_4713.jpeg\"><img loading=\"lazy\" decoding=\"async\" class=\"alignnone size-medium wp-image-9116\" src=\"http:\/\/blog.meineigenerweg.de\/wp-content\/uploads\/2023\/05\/IMG_4713-300x225.jpeg\" alt=\"\" width=\"300\" height=\"225\" srcset=\"http:\/\/blog.meineigenerweg.de\/wp-content\/uploads\/2023\/05\/IMG_4713-300x225.jpeg 300w, http:\/\/blog.meineigenerweg.de\/wp-content\/uploads\/2023\/05\/IMG_4713-768x576.jpeg 768w, http:\/\/blog.meineigenerweg.de\/wp-content\/uploads\/2023\/05\/IMG_4713.jpeg 1000w\" sizes=\"auto, (max-width: 300px) 100vw, 300px\" \/><\/a><br \/>\nund schon sind wir von Ziegenk\u00e4se-Produzenten umringt.<br \/>\n<a href=\"http:\/\/blog.meineigenerweg.de\/wp-content\/uploads\/2023\/05\/IMG_4714.jpeg\"><img loading=\"lazy\" decoding=\"async\" class=\"alignnone size-medium wp-image-9117\" src=\"http:\/\/blog.meineigenerweg.de\/wp-content\/uploads\/2023\/05\/IMG_4714-300x225.jpeg\" alt=\"\" width=\"300\" height=\"225\" srcset=\"http:\/\/blog.meineigenerweg.de\/wp-content\/uploads\/2023\/05\/IMG_4714-300x225.jpeg 300w, http:\/\/blog.meineigenerweg.de\/wp-content\/uploads\/2023\/05\/IMG_4714-768x576.jpeg 768w, http:\/\/blog.meineigenerweg.de\/wp-content\/uploads\/2023\/05\/IMG_4714.jpeg 1000w\" sizes=\"auto, (max-width: 300px) 100vw, 300px\" \/><\/a><\/p>\n<p>&nbsp;<\/p>\n<p>Tag 23 Cagliari<\/p>\n<p>Reisetag! In der Nacht hat es geregnet, aber bei unserer Ankunft in Cagliari ist der Himmel wieder blau.<br \/>\n<a href=\"http:\/\/blog.meineigenerweg.de\/wp-content\/uploads\/2023\/05\/IMG_4715.jpeg\"><img loading=\"lazy\" decoding=\"async\" class=\"alignnone size-medium wp-image-9119\" src=\"http:\/\/blog.meineigenerweg.de\/wp-content\/uploads\/2023\/05\/IMG_4715-300x225.jpeg\" alt=\"\" width=\"300\" height=\"225\" srcset=\"http:\/\/blog.meineigenerweg.de\/wp-content\/uploads\/2023\/05\/IMG_4715-300x225.jpeg 300w, http:\/\/blog.meineigenerweg.de\/wp-content\/uploads\/2023\/05\/IMG_4715-768x576.jpeg 768w, http:\/\/blog.meineigenerweg.de\/wp-content\/uploads\/2023\/05\/IMG_4715.jpeg 1000w\" sizes=\"auto, (max-width: 300px) 100vw, 300px\" \/><\/a><\/p>\n<p>&nbsp;<\/p>\n<p>Tag 24 Cagliari<\/p>\n<p>Der erste \u00b4Erkundungsgang` f\u00fchrt auf den Castello-Berg, von dem man einen sch\u00f6nen Ausblick auf die Stadt hat. Wir streifen durch enge Gassen, in denen einige H\u00e4user sch\u00f6n instand gesetzt sind, die meisten aber still vor sich hin br\u00f6ckeln.<br \/>\n<a href=\"http:\/\/blog.meineigenerweg.de\/wp-content\/uploads\/2023\/05\/IMG_4770.jpeg\"><img loading=\"lazy\" decoding=\"async\" class=\"alignnone size-medium wp-image-9121\" src=\"http:\/\/blog.meineigenerweg.de\/wp-content\/uploads\/2023\/05\/IMG_4770-226x300.jpeg\" alt=\"\" width=\"226\" height=\"300\" srcset=\"http:\/\/blog.meineigenerweg.de\/wp-content\/uploads\/2023\/05\/IMG_4770-226x300.jpeg 226w, http:\/\/blog.meineigenerweg.de\/wp-content\/uploads\/2023\/05\/IMG_4770.jpeg 753w\" sizes=\"auto, (max-width: 226px) 100vw, 226px\" \/><\/a><br \/>\n<a href=\"http:\/\/blog.meineigenerweg.de\/wp-content\/uploads\/2023\/05\/IMG_4902.jpeg\"><img loading=\"lazy\" decoding=\"async\" class=\"alignnone size-medium wp-image-9144\" src=\"http:\/\/blog.meineigenerweg.de\/wp-content\/uploads\/2023\/05\/IMG_4902-300x226.jpeg\" alt=\"\" width=\"300\" height=\"226\" srcset=\"http:\/\/blog.meineigenerweg.de\/wp-content\/uploads\/2023\/05\/IMG_4902-300x226.jpeg 300w, http:\/\/blog.meineigenerweg.de\/wp-content\/uploads\/2023\/05\/IMG_4902-768x578.jpeg 768w, http:\/\/blog.meineigenerweg.de\/wp-content\/uploads\/2023\/05\/IMG_4902.jpeg 1000w\" sizes=\"auto, (max-width: 300px) 100vw, 300px\" \/><\/a><br \/>\nDie Pl\u00e4tze sind von Bars und Restaurants belegt, in denen man sich gerne eine Pause g\u00f6nnen kann. Auch B\u00e4nke laden zum Rasten.<br \/>\n<a href=\"http:\/\/blog.meineigenerweg.de\/wp-content\/uploads\/2023\/05\/IMG_4771.jpeg\"><img loading=\"lazy\" decoding=\"async\" class=\"alignnone size-medium wp-image-9122\" src=\"http:\/\/blog.meineigenerweg.de\/wp-content\/uploads\/2023\/05\/IMG_4771-300x226.jpeg\" alt=\"\" width=\"300\" height=\"226\" srcset=\"http:\/\/blog.meineigenerweg.de\/wp-content\/uploads\/2023\/05\/IMG_4771-300x226.jpeg 300w, http:\/\/blog.meineigenerweg.de\/wp-content\/uploads\/2023\/05\/IMG_4771-768x578.jpeg 768w, http:\/\/blog.meineigenerweg.de\/wp-content\/uploads\/2023\/05\/IMG_4771.jpeg 1000w\" sizes=\"auto, (max-width: 300px) 100vw, 300px\" \/><\/a><br \/>\nKeine Stadt, die einen l\u00e4ngeren Aufenthalt lohnt. Allerdings sehen wir hier zum ersten Mal blau bl\u00fchende Palisanderb\u00e4ume und bl\u00fchende Bougainvillea-Hecken.<br \/>\n<a href=\"http:\/\/blog.meineigenerweg.de\/wp-content\/uploads\/2023\/05\/IMG_4773.jpeg\"><img loading=\"lazy\" decoding=\"async\" class=\"alignnone size-medium wp-image-9123\" src=\"http:\/\/blog.meineigenerweg.de\/wp-content\/uploads\/2023\/05\/IMG_4773-300x226.jpeg\" alt=\"\" width=\"300\" height=\"226\" srcset=\"http:\/\/blog.meineigenerweg.de\/wp-content\/uploads\/2023\/05\/IMG_4773-300x226.jpeg 300w, http:\/\/blog.meineigenerweg.de\/wp-content\/uploads\/2023\/05\/IMG_4773-768x578.jpeg 768w, http:\/\/blog.meineigenerweg.de\/wp-content\/uploads\/2023\/05\/IMG_4773.jpeg 1000w\" sizes=\"auto, (max-width: 300px) 100vw, 300px\" \/><\/a><br \/>\nSch\u00f6ne Farbtupfer in der Stadt, in der ungew\u00f6hnlich viel gebaut wird. Apartements in den mehrst\u00f6ckigen Wohnh\u00e4usern werden in zig Agenturen vermarktet.<br \/>\n<a href=\"http:\/\/blog.meineigenerweg.de\/wp-content\/uploads\/2023\/05\/IMG_4774.jpeg\"><img loading=\"lazy\" decoding=\"async\" class=\"alignnone size-medium wp-image-9126\" src=\"http:\/\/blog.meineigenerweg.de\/wp-content\/uploads\/2023\/05\/IMG_4774-300x225.jpeg\" alt=\"\" width=\"300\" height=\"225\" srcset=\"http:\/\/blog.meineigenerweg.de\/wp-content\/uploads\/2023\/05\/IMG_4774-300x225.jpeg 300w, http:\/\/blog.meineigenerweg.de\/wp-content\/uploads\/2023\/05\/IMG_4774-768x576.jpeg 768w, http:\/\/blog.meineigenerweg.de\/wp-content\/uploads\/2023\/05\/IMG_4774.jpeg 1000w\" sizes=\"auto, (max-width: 300px) 100vw, 300px\" \/><\/a><\/p>\n<p>&nbsp;<\/p>\n<p>Tag 25 Sant\u2018 Antioco<\/p>\n<p>Gerne fahren wir morgens \u00b4raus aus Cagliari, unser n\u00e4chstes Ziel ist die kleine Insel Sant\u00b4 Antioco, die durch eine Stra\u00dfe mit Sardinien verbunden ist. Hier finden wir an der \u00b4Seifenbucht` einen Campingplatz am traumhaften Strand.<br \/>\n<a href=\"http:\/\/blog.meineigenerweg.de\/wp-content\/uploads\/2023\/05\/IMG_4898.jpeg\"><img loading=\"lazy\" decoding=\"async\" class=\"alignnone size-medium wp-image-9135\" src=\"http:\/\/blog.meineigenerweg.de\/wp-content\/uploads\/2023\/05\/IMG_4898-300x225.jpeg\" alt=\"\" width=\"300\" height=\"225\" srcset=\"http:\/\/blog.meineigenerweg.de\/wp-content\/uploads\/2023\/05\/IMG_4898-300x225.jpeg 300w, http:\/\/blog.meineigenerweg.de\/wp-content\/uploads\/2023\/05\/IMG_4898-768x576.jpeg 768w, http:\/\/blog.meineigenerweg.de\/wp-content\/uploads\/2023\/05\/IMG_4898.jpeg 1000w\" sizes=\"auto, (max-width: 300px) 100vw, 300px\" \/><\/a><br \/>\n\u2026 der dazu noch einen gro\u00dfen Pool hat.<br \/>\n<a href=\"http:\/\/blog.meineigenerweg.de\/wp-content\/uploads\/2023\/05\/IMG_4899.jpeg\"><img loading=\"lazy\" decoding=\"async\" class=\"alignnone size-medium wp-image-9136\" src=\"http:\/\/blog.meineigenerweg.de\/wp-content\/uploads\/2023\/05\/IMG_4899-300x225.jpeg\" alt=\"\" width=\"300\" height=\"225\" srcset=\"http:\/\/blog.meineigenerweg.de\/wp-content\/uploads\/2023\/05\/IMG_4899-300x225.jpeg 300w, http:\/\/blog.meineigenerweg.de\/wp-content\/uploads\/2023\/05\/IMG_4899-768x576.jpeg 768w, http:\/\/blog.meineigenerweg.de\/wp-content\/uploads\/2023\/05\/IMG_4899.jpeg 1000w\" sizes=\"auto, (max-width: 300px) 100vw, 300px\" \/><\/a><\/p>\n<p>&nbsp;<\/p>\n<p>Tag 26 Sant\u2018 Antioco<\/p>\n<p>Ein kleines St\u00fcck am Strand entlang und schon stehen wir vor der Trattoria, in der die Zeit stehen geblieben scheint. Musik aus den 70-ern, fangfrischer Fisch, der vom Chef Mario serviert wird.<br \/>\n<a href=\"http:\/\/blog.meineigenerweg.de\/wp-content\/uploads\/2023\/05\/IMG_4900.jpeg\"><img loading=\"lazy\" decoding=\"async\" class=\"alignnone size-medium wp-image-9137\" src=\"http:\/\/blog.meineigenerweg.de\/wp-content\/uploads\/2023\/05\/IMG_4900-300x225.jpeg\" alt=\"\" width=\"300\" height=\"225\" srcset=\"http:\/\/blog.meineigenerweg.de\/wp-content\/uploads\/2023\/05\/IMG_4900-300x225.jpeg 300w, http:\/\/blog.meineigenerweg.de\/wp-content\/uploads\/2023\/05\/IMG_4900-768x576.jpeg 768w, http:\/\/blog.meineigenerweg.de\/wp-content\/uploads\/2023\/05\/IMG_4900.jpeg 1000w\" sizes=\"auto, (max-width: 300px) 100vw, 300px\" \/><\/a><br \/>\nAbends erleben wir einem Bilderbuchsonnenuntergang.<br \/>\n<a href=\"http:\/\/blog.meineigenerweg.de\/wp-content\/uploads\/2023\/05\/IMG_4901.jpeg\"><img loading=\"lazy\" decoding=\"async\" class=\"alignnone size-medium wp-image-9140\" src=\"http:\/\/blog.meineigenerweg.de\/wp-content\/uploads\/2023\/05\/IMG_4901-300x226.jpeg\" alt=\"\" width=\"300\" height=\"226\" srcset=\"http:\/\/blog.meineigenerweg.de\/wp-content\/uploads\/2023\/05\/IMG_4901-300x226.jpeg 300w, http:\/\/blog.meineigenerweg.de\/wp-content\/uploads\/2023\/05\/IMG_4901-768x578.jpeg 768w, http:\/\/blog.meineigenerweg.de\/wp-content\/uploads\/2023\/05\/IMG_4901.jpeg 1000w\" sizes=\"auto, (max-width: 300px) 100vw, 300px\" \/><\/a><\/p>\n<p>&nbsp;<\/p>\n<p>Tag 27 Portixeddu<\/p>\n<p>Weiter Richtung Nordwesten geht es \u00fcber die sehr schmale und kurvenreiche Stra\u00dfe mit bis zu 13% Steigung; das bringt unsere Ilse schon an ihre Grenzen! Unser Ziel ist Buggerru. Wie schon so h\u00e4ufig, wenn wir in den Bergen unterwegs sind, ist die Aussicht einfach \u00fcberw\u00e4ltigend. Schaut man zu der einen Seite, sieht man viele verlassene Bergbauanlagen, die wie Geisterst\u00e4tte in den steilen Bergen stehen. Und dann der Blick aufs Meer!<br \/>\n<a href=\"http:\/\/blog.meineigenerweg.de\/wp-content\/uploads\/2023\/05\/IMG_4895.jpeg\"><img loading=\"lazy\" decoding=\"async\" class=\"alignnone size-medium wp-image-9129\" src=\"http:\/\/blog.meineigenerweg.de\/wp-content\/uploads\/2023\/05\/IMG_4895-300x226.jpeg\" alt=\"\" width=\"300\" height=\"226\" srcset=\"http:\/\/blog.meineigenerweg.de\/wp-content\/uploads\/2023\/05\/IMG_4895-300x226.jpeg 300w, http:\/\/blog.meineigenerweg.de\/wp-content\/uploads\/2023\/05\/IMG_4895-768x578.jpeg 768w, http:\/\/blog.meineigenerweg.de\/wp-content\/uploads\/2023\/05\/IMG_4895.jpeg 1000w\" sizes=\"auto, (max-width: 300px) 100vw, 300px\" \/><\/a><\/p>\n<p>Oberhalb von Buggerru, in Portixeddu, finden wir einen schattigen Campingplatz unter Eukalyptusb\u00e4umen. Von hier aus sind es ein paar Minuten bis zum Strand.<br \/>\n<a href=\"http:\/\/blog.meineigenerweg.de\/wp-content\/uploads\/2023\/05\/IMG_0110.jpeg\"><img loading=\"lazy\" decoding=\"async\" class=\"alignnone size-medium wp-image-9131\" src=\"http:\/\/blog.meineigenerweg.de\/wp-content\/uploads\/2023\/05\/IMG_0110-300x225.jpeg\" alt=\"\" width=\"300\" height=\"225\" srcset=\"http:\/\/blog.meineigenerweg.de\/wp-content\/uploads\/2023\/05\/IMG_0110-300x225.jpeg 300w, http:\/\/blog.meineigenerweg.de\/wp-content\/uploads\/2023\/05\/IMG_0110-768x576.jpeg 768w, http:\/\/blog.meineigenerweg.de\/wp-content\/uploads\/2023\/05\/IMG_0110.jpeg 810w\" sizes=\"auto, (max-width: 300px) 100vw, 300px\" \/><\/a><\/p>\n<p>Auf dem Heimweg landen wir in einer typisch italienischen Bar, kaum Touristen, nur Einheimische, laut, voll, Zigarettenqualm und Biergeruch, aber urgem\u00fctlich und der Blick aufs Meer ist einfach unbezahlbar.<br \/>\n<a href=\"http:\/\/blog.meineigenerweg.de\/wp-content\/uploads\/2023\/05\/IMG_4897.jpeg\"><img loading=\"lazy\" decoding=\"async\" class=\"alignnone size-medium wp-image-9132\" src=\"http:\/\/blog.meineigenerweg.de\/wp-content\/uploads\/2023\/05\/IMG_4897-300x226.jpeg\" alt=\"\" width=\"300\" height=\"226\" srcset=\"http:\/\/blog.meineigenerweg.de\/wp-content\/uploads\/2023\/05\/IMG_4897-300x226.jpeg 300w, http:\/\/blog.meineigenerweg.de\/wp-content\/uploads\/2023\/05\/IMG_4897-768x578.jpeg 768w, http:\/\/blog.meineigenerweg.de\/wp-content\/uploads\/2023\/05\/IMG_4897.jpeg 1000w\" sizes=\"auto, (max-width: 300px) 100vw, 300px\" \/><\/a><\/p>\n<p>&nbsp;<\/p>\n<p>Tag 28 Portixeddu<\/p>\n<p>Die Stra\u00dfe am Strand entlang zur\u00fcck nach Buggerru ist menschenleer. Sp\u00e4ter im Jahr ist hier sicherlich alles zugeparkt, aber heute stehen wir direkt vor einer L\u00fccke im Zaun und fr\u00fchst\u00fccken mit Blick aufs Meer.<br \/>\n<a href=\"http:\/\/blog.meineigenerweg.de\/wp-content\/uploads\/2023\/05\/IMG_4969.jpeg\"><img loading=\"lazy\" decoding=\"async\" class=\"alignnone size-medium wp-image-9156\" src=\"http:\/\/blog.meineigenerweg.de\/wp-content\/uploads\/2023\/05\/IMG_4969-300x225.jpeg\" alt=\"\" width=\"300\" height=\"225\" srcset=\"http:\/\/blog.meineigenerweg.de\/wp-content\/uploads\/2023\/05\/IMG_4969-300x225.jpeg 300w, http:\/\/blog.meineigenerweg.de\/wp-content\/uploads\/2023\/05\/IMG_4969-768x576.jpeg 768w, http:\/\/blog.meineigenerweg.de\/wp-content\/uploads\/2023\/05\/IMG_4969.jpeg 1000w\" sizes=\"auto, (max-width: 300px) 100vw, 300px\" \/><\/a><\/p>\n<p>&nbsp;<\/p>\n<p>Tag 29 Capo Pecora<\/p>\n<p>Mit dem Rad geht es steil bergauf zum Capo Pecora. Uns erwartet eine wilde Landschaft mit steilen Klippen und Felsformationen, die aussehen, als h\u00e4tte das Meer die Felsen in Wellen hochgedr\u00fcckt. Auch wenn die Oberfl\u00e4che von Weitem glatt aussieht &#8211; die Steine sind rauh wie Bimsstein.<br \/>\n<a href=\"http:\/\/blog.meineigenerweg.de\/wp-content\/uploads\/2023\/05\/IMG_4951.jpeg\"><img loading=\"lazy\" decoding=\"async\" class=\"alignnone size-medium wp-image-9152\" src=\"http:\/\/blog.meineigenerweg.de\/wp-content\/uploads\/2023\/05\/IMG_4951-300x226.jpeg\" alt=\"\" width=\"300\" height=\"226\" srcset=\"http:\/\/blog.meineigenerweg.de\/wp-content\/uploads\/2023\/05\/IMG_4951-300x226.jpeg 300w, http:\/\/blog.meineigenerweg.de\/wp-content\/uploads\/2023\/05\/IMG_4951-768x578.jpeg 768w, http:\/\/blog.meineigenerweg.de\/wp-content\/uploads\/2023\/05\/IMG_4951.jpeg 1000w\" sizes=\"auto, (max-width: 300px) 100vw, 300px\" \/><\/a><br \/>\n<a href=\"http:\/\/blog.meineigenerweg.de\/wp-content\/uploads\/2023\/05\/IMG_4952.jpeg\"><img loading=\"lazy\" decoding=\"async\" class=\"alignnone size-medium wp-image-9153\" src=\"http:\/\/blog.meineigenerweg.de\/wp-content\/uploads\/2023\/05\/IMG_4952-300x218.jpeg\" alt=\"\" width=\"300\" height=\"218\" srcset=\"http:\/\/blog.meineigenerweg.de\/wp-content\/uploads\/2023\/05\/IMG_4952-300x218.jpeg 300w, http:\/\/blog.meineigenerweg.de\/wp-content\/uploads\/2023\/05\/IMG_4952-768x558.jpeg 768w, http:\/\/blog.meineigenerweg.de\/wp-content\/uploads\/2023\/05\/IMG_4952.jpeg 1000w\" sizes=\"auto, (max-width: 300px) 100vw, 300px\" \/><\/a><br \/>\n<a href=\"http:\/\/blog.meineigenerweg.de\/wp-content\/uploads\/2023\/05\/IMG_4954.jpeg\"><img loading=\"lazy\" decoding=\"async\" class=\"alignnone size-medium wp-image-9154\" src=\"http:\/\/blog.meineigenerweg.de\/wp-content\/uploads\/2023\/05\/IMG_4954-300x226.jpeg\" alt=\"\" width=\"300\" height=\"226\" srcset=\"http:\/\/blog.meineigenerweg.de\/wp-content\/uploads\/2023\/05\/IMG_4954-300x226.jpeg 300w, http:\/\/blog.meineigenerweg.de\/wp-content\/uploads\/2023\/05\/IMG_4954-768x578.jpeg 768w, http:\/\/blog.meineigenerweg.de\/wp-content\/uploads\/2023\/05\/IMG_4954.jpeg 1000w\" sizes=\"auto, (max-width: 300px) 100vw, 300px\" \/><\/a><\/p>\n<p>&nbsp;<\/p>\n<p>Tag 30 Barumini<\/p>\n<p>Reisetag, wir fahren ins Landesinnere nach Barumini. Wir wollen uns dort die \u00dcberreste der Nuraghen-Siedlung ansehen, die seit Ende des letzten Jahrtausends zum UNESCO Weltkulturerbe geh\u00f6rt. Diese Festung stammt aus der Zeit 1500 vor Chr. Es gibt \u00fcber die Ureinwohner Sardiniens nur wenig Bekanntes, weil sie keine Schriften hinterlassen haben. Wir haben uns gefragt, wie sie diese riesigen Gesteinsbrocken zu den Nuraghen aufgeschichtet haben, wovon und wie sie gelebt haben. Darauf konnte uns der Guide, der uns durch die Anlage gef\u00fchrt hat, leider auch nicht viel erz\u00e4hlen.<br \/>\n<a href=\"http:\/\/blog.meineigenerweg.de\/wp-content\/uploads\/2023\/05\/IMG_4970.jpeg\"><img loading=\"lazy\" decoding=\"async\" class=\"alignnone size-medium wp-image-9158\" src=\"http:\/\/blog.meineigenerweg.de\/wp-content\/uploads\/2023\/05\/IMG_4970-300x225.jpeg\" alt=\"\" width=\"300\" height=\"225\" srcset=\"http:\/\/blog.meineigenerweg.de\/wp-content\/uploads\/2023\/05\/IMG_4970-300x225.jpeg 300w, http:\/\/blog.meineigenerweg.de\/wp-content\/uploads\/2023\/05\/IMG_4970-768x576.jpeg 768w, http:\/\/blog.meineigenerweg.de\/wp-content\/uploads\/2023\/05\/IMG_4970.jpeg 1000w\" sizes=\"auto, (max-width: 300px) 100vw, 300px\" \/><\/a><\/p>\n<p>Direkt am Freilichtmuseum ist ein Restaurant mit sardischer K\u00fcche. Nach unserer F\u00fchrung und der spannenden, aber anstrengenden Anfahrt g\u00f6nnen wir uns zum Abendessen ein komplettes Men\u00fc mit Antipasti, Salat, Culurgiones mit Minze und Ziegenso\u00dfe und Meeresfr\u00fcchten als Hauptgericht. F\u00fcr ein Dessert war dann leider keine Platz mehr.<br \/>\n<a href=\"http:\/\/blog.meineigenerweg.de\/wp-content\/uploads\/2023\/05\/IMG_4986.jpeg\"><img loading=\"lazy\" decoding=\"async\" class=\"alignnone size-medium wp-image-9160\" src=\"http:\/\/blog.meineigenerweg.de\/wp-content\/uploads\/2023\/05\/IMG_4986-225x300.jpeg\" alt=\"\" width=\"225\" height=\"300\" srcset=\"http:\/\/blog.meineigenerweg.de\/wp-content\/uploads\/2023\/05\/IMG_4986-225x300.jpeg 225w, http:\/\/blog.meineigenerweg.de\/wp-content\/uploads\/2023\/05\/IMG_4986.jpeg 750w\" sizes=\"auto, (max-width: 225px) 100vw, 225px\" \/><\/a> <a href=\"http:\/\/blog.meineigenerweg.de\/wp-content\/uploads\/2023\/05\/IMG_4987.jpeg\"><img loading=\"lazy\" decoding=\"async\" class=\"alignnone size-medium wp-image-9161\" src=\"http:\/\/blog.meineigenerweg.de\/wp-content\/uploads\/2023\/05\/IMG_4987-225x300.jpeg\" alt=\"\" width=\"225\" height=\"300\" srcset=\"http:\/\/blog.meineigenerweg.de\/wp-content\/uploads\/2023\/05\/IMG_4987-225x300.jpeg 225w, http:\/\/blog.meineigenerweg.de\/wp-content\/uploads\/2023\/05\/IMG_4987.jpeg 750w\" sizes=\"auto, (max-width: 225px) 100vw, 225px\" \/><\/a> <a href=\"http:\/\/blog.meineigenerweg.de\/wp-content\/uploads\/2023\/05\/IMG_4988.jpeg\"><img loading=\"lazy\" decoding=\"async\" class=\"alignnone size-medium wp-image-9162\" src=\"http:\/\/blog.meineigenerweg.de\/wp-content\/uploads\/2023\/05\/IMG_4988-225x300.jpeg\" alt=\"\" width=\"225\" height=\"300\" srcset=\"http:\/\/blog.meineigenerweg.de\/wp-content\/uploads\/2023\/05\/IMG_4988-225x300.jpeg 225w, http:\/\/blog.meineigenerweg.de\/wp-content\/uploads\/2023\/05\/IMG_4988.jpeg 750w\" sizes=\"auto, (max-width: 225px) 100vw, 225px\" \/><\/a> <a href=\"http:\/\/blog.meineigenerweg.de\/wp-content\/uploads\/2023\/05\/IMG_4989.jpeg\"><img loading=\"lazy\" decoding=\"async\" class=\"alignnone size-medium wp-image-9163\" src=\"http:\/\/blog.meineigenerweg.de\/wp-content\/uploads\/2023\/05\/IMG_4989-225x300.jpeg\" alt=\"\" width=\"225\" height=\"300\" srcset=\"http:\/\/blog.meineigenerweg.de\/wp-content\/uploads\/2023\/05\/IMG_4989-225x300.jpeg 225w, http:\/\/blog.meineigenerweg.de\/wp-content\/uploads\/2023\/05\/IMG_4989.jpeg 750w\" sizes=\"auto, (max-width: 225px) 100vw, 225px\" \/><\/a><\/p>\n<p>&nbsp;<\/p>\n<p>Tag 31 Gesturi<\/p>\n<p>Von Barumini sind es nur wenige Kilometer bis zum Giari di Gesturi, einem Nationalpark auf der Hochebene der Region. In der wilden Landschaft mit vom Wind zerzaust Korkeichen, Felsbrocken und Marschen, sind Sardiniens Wildpferde zuhause. \u00dcber die ausgeschilderten breiten Forst- und Wanderwege kann man aber auch gut mit dem Rad fahren. Schon nach kurzer Zeit standen die erste Wildpferde am Wegesrand!<br \/>\n<a href=\"http:\/\/blog.meineigenerweg.de\/wp-content\/uploads\/2023\/05\/IMG_5091.jpeg\"><img loading=\"lazy\" decoding=\"async\" class=\"alignnone size-medium wp-image-9169\" src=\"http:\/\/blog.meineigenerweg.de\/wp-content\/uploads\/2023\/05\/IMG_5091-300x226.jpeg\" alt=\"\" width=\"300\" height=\"226\" srcset=\"http:\/\/blog.meineigenerweg.de\/wp-content\/uploads\/2023\/05\/IMG_5091-300x226.jpeg 300w, http:\/\/blog.meineigenerweg.de\/wp-content\/uploads\/2023\/05\/IMG_5091-768x578.jpeg 768w, http:\/\/blog.meineigenerweg.de\/wp-content\/uploads\/2023\/05\/IMG_5091.jpeg 1000w\" sizes=\"auto, (max-width: 300px) 100vw, 300px\" \/> <\/a><a href=\"http:\/\/blog.meineigenerweg.de\/wp-content\/uploads\/2023\/05\/IMG_5089.jpeg\"><img loading=\"lazy\" decoding=\"async\" class=\"alignnone size-medium wp-image-9171\" src=\"http:\/\/blog.meineigenerweg.de\/wp-content\/uploads\/2023\/05\/IMG_5089-300x225.jpeg\" alt=\"\" width=\"300\" height=\"225\" srcset=\"http:\/\/blog.meineigenerweg.de\/wp-content\/uploads\/2023\/05\/IMG_5089-300x225.jpeg 300w, http:\/\/blog.meineigenerweg.de\/wp-content\/uploads\/2023\/05\/IMG_5089-768x576.jpeg 768w, http:\/\/blog.meineigenerweg.de\/wp-content\/uploads\/2023\/05\/IMG_5089.jpeg 1000w\" sizes=\"auto, (max-width: 300px) 100vw, 300px\" \/><\/a><a href=\"http:\/\/blog.meineigenerweg.de\/wp-content\/uploads\/2023\/05\/IMG_5093.jpeg\"><img loading=\"lazy\" decoding=\"async\" class=\"alignnone size-medium wp-image-9172\" src=\"http:\/\/blog.meineigenerweg.de\/wp-content\/uploads\/2023\/05\/IMG_5093-300x225.jpeg\" alt=\"\" width=\"300\" height=\"225\" srcset=\"http:\/\/blog.meineigenerweg.de\/wp-content\/uploads\/2023\/05\/IMG_5093-300x225.jpeg 300w, http:\/\/blog.meineigenerweg.de\/wp-content\/uploads\/2023\/05\/IMG_5093-768x576.jpeg 768w, http:\/\/blog.meineigenerweg.de\/wp-content\/uploads\/2023\/05\/IMG_5093.jpeg 1000w\" sizes=\"auto, (max-width: 300px) 100vw, 300px\" \/><\/a><a href=\"http:\/\/blog.meineigenerweg.de\/wp-content\/uploads\/2023\/05\/IMG_5088.jpeg\"><img loading=\"lazy\" decoding=\"async\" class=\"alignnone size-medium wp-image-9173\" src=\"http:\/\/blog.meineigenerweg.de\/wp-content\/uploads\/2023\/05\/IMG_5088-300x226.jpeg\" alt=\"\" width=\"300\" height=\"226\" srcset=\"http:\/\/blog.meineigenerweg.de\/wp-content\/uploads\/2023\/05\/IMG_5088-300x226.jpeg 300w, http:\/\/blog.meineigenerweg.de\/wp-content\/uploads\/2023\/05\/IMG_5088-768x578.jpeg 768w, http:\/\/blog.meineigenerweg.de\/wp-content\/uploads\/2023\/05\/IMG_5088.jpeg 1000w\" sizes=\"auto, (max-width: 300px) 100vw, 300px\" \/><\/a><a href=\"http:\/\/blog.meineigenerweg.de\/wp-content\/uploads\/2023\/05\/IMG_5086.jpeg\"><img loading=\"lazy\" decoding=\"async\" class=\"alignnone size-medium wp-image-9174\" src=\"http:\/\/blog.meineigenerweg.de\/wp-content\/uploads\/2023\/05\/IMG_5086-300x226.jpeg\" alt=\"\" width=\"300\" height=\"226\" srcset=\"http:\/\/blog.meineigenerweg.de\/wp-content\/uploads\/2023\/05\/IMG_5086-300x226.jpeg 300w, http:\/\/blog.meineigenerweg.de\/wp-content\/uploads\/2023\/05\/IMG_5086-768x578.jpeg 768w, http:\/\/blog.meineigenerweg.de\/wp-content\/uploads\/2023\/05\/IMG_5086.jpeg 1000w\" sizes=\"auto, (max-width: 300px) 100vw, 300px\" \/><\/a><\/p>\n<p>&nbsp;<\/p>\n<p>Tag 32<\/p>\n<p>Reisetag. Es ist sehr warm geworden, wir machen uns auf den Weg zum sogenannten \u00b4Reiskornstrand\u00b4. Unterwegs fahren wir durch kultivierte Landschaft, wo aber auch immer wieder bizarre Felsformationen herausragen. Und dann treibt ein Sch\u00e4fer seine Schaftherde \u00fcber die Stra\u00dfe\u2026<\/p>\n<p><a href=\"http:\/\/blog.meineigenerweg.de\/wp-content\/uploads\/2023\/05\/IMG_5248.jpeg\"><img loading=\"lazy\" decoding=\"async\" class=\"alignnone size-medium wp-image-9183\" src=\"http:\/\/blog.meineigenerweg.de\/wp-content\/uploads\/2023\/05\/IMG_5248-300x225.jpeg\" alt=\"\" width=\"300\" height=\"225\" srcset=\"http:\/\/blog.meineigenerweg.de\/wp-content\/uploads\/2023\/05\/IMG_5248-300x225.jpeg 300w, http:\/\/blog.meineigenerweg.de\/wp-content\/uploads\/2023\/05\/IMG_5248-768x576.jpeg 768w, http:\/\/blog.meineigenerweg.de\/wp-content\/uploads\/2023\/05\/IMG_5248.jpeg 1000w\" sizes=\"auto, (max-width: 300px) 100vw, 300px\" \/><\/a> <a href=\"http:\/\/blog.meineigenerweg.de\/wp-content\/uploads\/2023\/05\/IMG_5249.jpeg\"><img loading=\"lazy\" decoding=\"async\" class=\"alignnone size-medium wp-image-9184\" src=\"http:\/\/blog.meineigenerweg.de\/wp-content\/uploads\/2023\/05\/IMG_5249-300x226.jpeg\" alt=\"\" width=\"300\" height=\"226\" srcset=\"http:\/\/blog.meineigenerweg.de\/wp-content\/uploads\/2023\/05\/IMG_5249-300x226.jpeg 300w, http:\/\/blog.meineigenerweg.de\/wp-content\/uploads\/2023\/05\/IMG_5249-768x578.jpeg 768w, http:\/\/blog.meineigenerweg.de\/wp-content\/uploads\/2023\/05\/IMG_5249.jpeg 1000w\" sizes=\"auto, (max-width: 300px) 100vw, 300px\" \/><\/a><\/p>\n<p>Wir kommen dem Meer n\u00e4her und in der Ebene tauchen Reisfelder auf. Das frische Gr\u00fcn leuchtet in der Landschaft. Das Feld ist von Palmen ges\u00e4umt &#8211; viel anders sehen auch die Reisfelder auf Bali nicht aus!<\/p>\n<p><a href=\"http:\/\/blog.meineigenerweg.de\/wp-content\/uploads\/2023\/05\/IMG_5250.jpeg\"><img loading=\"lazy\" decoding=\"async\" class=\"alignnone size-medium wp-image-9185\" src=\"http:\/\/blog.meineigenerweg.de\/wp-content\/uploads\/2023\/05\/IMG_5250-300x215.jpeg\" alt=\"\" width=\"300\" height=\"215\" srcset=\"http:\/\/blog.meineigenerweg.de\/wp-content\/uploads\/2023\/05\/IMG_5250-300x215.jpeg 300w, http:\/\/blog.meineigenerweg.de\/wp-content\/uploads\/2023\/05\/IMG_5250-768x551.jpeg 768w, http:\/\/blog.meineigenerweg.de\/wp-content\/uploads\/2023\/05\/IMG_5250.jpeg 1000w\" sizes=\"auto, (max-width: 300px) 100vw, 300px\" \/><\/a><\/p>\n<p>&nbsp;<\/p>\n<p>Tag 33 Is Arutas<\/p>\n<p>Dann kommen wir ans Meer und der Ausblick ist traumhaft! Klares, t\u00fcrkisfarbenes Wasser, der ber\u00fchmte Reiskornstrand, dessen kleine Kieselsteinchen wirklich wie Milchreis aussehen.<br \/>\n<a href=\"http:\/\/blog.meineigenerweg.de\/wp-content\/uploads\/2023\/05\/IMG_5245.jpeg\"><img loading=\"lazy\" decoding=\"async\" class=\"alignnone size-medium wp-image-9180\" src=\"http:\/\/blog.meineigenerweg.de\/wp-content\/uploads\/2023\/05\/IMG_5245-300x226.jpeg\" alt=\"\" width=\"300\" height=\"226\" srcset=\"http:\/\/blog.meineigenerweg.de\/wp-content\/uploads\/2023\/05\/IMG_5245-300x226.jpeg 300w, http:\/\/blog.meineigenerweg.de\/wp-content\/uploads\/2023\/05\/IMG_5245-768x578.jpeg 768w, http:\/\/blog.meineigenerweg.de\/wp-content\/uploads\/2023\/05\/IMG_5245.jpeg 1000w\" sizes=\"auto, (max-width: 300px) 100vw, 300px\" \/><\/a><br \/>\nHier am Strand tauchen zum ersten Mal in unserem Sardinienurlaub viele Sonnenschirme und Touristen am Strand auf. Wir finden allerdings wie sonst auch, ein schattiges Pl\u00e4tzchen unter Olivenb\u00e4umen auf dem Campingplatz am Strand.<br \/>\n<a href=\"http:\/\/blog.meineigenerweg.de\/wp-content\/uploads\/2023\/05\/IMG_5246.jpeg\"><img loading=\"lazy\" decoding=\"async\" class=\"alignnone size-medium wp-image-9181\" src=\"http:\/\/blog.meineigenerweg.de\/wp-content\/uploads\/2023\/05\/IMG_5246-300x226.jpeg\" alt=\"\" width=\"300\" height=\"226\" srcset=\"http:\/\/blog.meineigenerweg.de\/wp-content\/uploads\/2023\/05\/IMG_5246-300x226.jpeg 300w, http:\/\/blog.meineigenerweg.de\/wp-content\/uploads\/2023\/05\/IMG_5246-768x578.jpeg 768w, http:\/\/blog.meineigenerweg.de\/wp-content\/uploads\/2023\/05\/IMG_5246.jpeg 1000w\" sizes=\"auto, (max-width: 300px) 100vw, 300px\" \/><\/a><\/p>\n<p>&nbsp;<\/p>\n<p>Tag 34 Is Arutas<\/p>\n<p>Heute Morgen wurden wir von lautem Donner geweckt. Regen str\u00f6mte in Sturzb\u00e4chen, innerhalb k\u00fcrzester Zeit war der Campingplatz in eine Marschwiese verwandelt. Genauso schnell lugte aber die Sonne am Mittag durch die Wolken und am Abend regnete es erneut. Aber das Meer ist t\u00fcrkis und l\u00e4sst sich vom Wetter nicht beeinflussen!<br \/>\n<a href=\"http:\/\/blog.meineigenerweg.de\/wp-content\/uploads\/2023\/05\/IMG_5273.jpeg\"><img loading=\"lazy\" decoding=\"async\" class=\"alignnone size-medium wp-image-9189\" src=\"http:\/\/blog.meineigenerweg.de\/wp-content\/uploads\/2023\/05\/IMG_5273-300x225.jpeg\" alt=\"\" width=\"300\" height=\"225\" srcset=\"http:\/\/blog.meineigenerweg.de\/wp-content\/uploads\/2023\/05\/IMG_5273-300x225.jpeg 300w, http:\/\/blog.meineigenerweg.de\/wp-content\/uploads\/2023\/05\/IMG_5273-768x576.jpeg 768w, http:\/\/blog.meineigenerweg.de\/wp-content\/uploads\/2023\/05\/IMG_5273.jpeg 1000w\" sizes=\"auto, (max-width: 300px) 100vw, 300px\" \/><\/a><\/p>\n<p>&nbsp;<\/p>\n<p>Tag 35 Bosa<\/p>\n<p>Vom Reiskorn- an den Kartoffelstrand! Die Kieselsteine sind hier kartoffelgro\u00df, da haben wir sofort an diesen Namen gedacht \ud83d\ude09<br \/>\nHier ist das Meer wild, die Wellen brechen an den Riffen, kleine Font\u00e4nen spritzen an den Felsen hoch.<br \/>\n<a href=\"http:\/\/blog.meineigenerweg.de\/wp-content\/uploads\/2023\/05\/IMG_5516.jpeg\"><img loading=\"lazy\" decoding=\"async\" class=\"alignnone size-medium wp-image-9194\" src=\"http:\/\/blog.meineigenerweg.de\/wp-content\/uploads\/2023\/05\/IMG_5516-300x225.jpeg\" alt=\"\" width=\"300\" height=\"225\" srcset=\"http:\/\/blog.meineigenerweg.de\/wp-content\/uploads\/2023\/05\/IMG_5516-300x225.jpeg 300w, http:\/\/blog.meineigenerweg.de\/wp-content\/uploads\/2023\/05\/IMG_5516-768x576.jpeg 768w, http:\/\/blog.meineigenerweg.de\/wp-content\/uploads\/2023\/05\/IMG_5516.jpeg 1000w\" sizes=\"auto, (max-width: 300px) 100vw, 300px\" \/><\/a><\/p>\n<p>&nbsp;<\/p>\n<p>Tag 36 Bosa<\/p>\n<p>Vom Campingplatz fahren wir mit dem Rad vom Strand um den Berg herum nach Bosa. Das St\u00e4dtchen pr\u00e4sentiert sich als h\u00fcbschester Ort, den wir bisher auf Sardinien gesehen haben. Bunt gestrichene H\u00e4user, der breite Flu\u00df Temo mit der mittelalterlichen Br\u00fccke und \u00fcber steile Treppen hoch zum Castell\u2026<br \/>\n<a href=\"http:\/\/blog.meineigenerweg.de\/wp-content\/uploads\/2023\/05\/IMG_5517.jpeg\"><img loading=\"lazy\" decoding=\"async\" class=\"alignnone size-medium wp-image-9196\" src=\"http:\/\/blog.meineigenerweg.de\/wp-content\/uploads\/2023\/05\/IMG_5517-300x225.jpeg\" alt=\"\" width=\"300\" height=\"225\" srcset=\"http:\/\/blog.meineigenerweg.de\/wp-content\/uploads\/2023\/05\/IMG_5517-300x225.jpeg 300w, http:\/\/blog.meineigenerweg.de\/wp-content\/uploads\/2023\/05\/IMG_5517-768x576.jpeg 768w, http:\/\/blog.meineigenerweg.de\/wp-content\/uploads\/2023\/05\/IMG_5517.jpeg 1000w\" sizes=\"auto, (max-width: 300px) 100vw, 300px\" \/><\/a><br \/>\n<a href=\"http:\/\/blog.meineigenerweg.de\/wp-content\/uploads\/2023\/05\/IMG_5521.jpeg\"><img loading=\"lazy\" decoding=\"async\" class=\"alignnone size-medium wp-image-9198\" src=\"http:\/\/blog.meineigenerweg.de\/wp-content\/uploads\/2023\/05\/IMG_5521-300x225.jpeg\" alt=\"\" width=\"300\" height=\"225\" srcset=\"http:\/\/blog.meineigenerweg.de\/wp-content\/uploads\/2023\/05\/IMG_5521-300x225.jpeg 300w, http:\/\/blog.meineigenerweg.de\/wp-content\/uploads\/2023\/05\/IMG_5521-768x576.jpeg 768w, http:\/\/blog.meineigenerweg.de\/wp-content\/uploads\/2023\/05\/IMG_5521.jpeg 1000w\" sizes=\"auto, (max-width: 300px) 100vw, 300px\" \/><\/a><br \/>\n<a href=\"http:\/\/blog.meineigenerweg.de\/wp-content\/uploads\/2023\/05\/IMG_5522.jpeg\"><img loading=\"lazy\" decoding=\"async\" class=\"alignnone size-medium wp-image-9200\" src=\"http:\/\/blog.meineigenerweg.de\/wp-content\/uploads\/2023\/05\/IMG_5522-300x226.jpeg\" alt=\"\" width=\"300\" height=\"226\" srcset=\"http:\/\/blog.meineigenerweg.de\/wp-content\/uploads\/2023\/05\/IMG_5522-300x226.jpeg 300w, http:\/\/blog.meineigenerweg.de\/wp-content\/uploads\/2023\/05\/IMG_5522-768x578.jpeg 768w, http:\/\/blog.meineigenerweg.de\/wp-content\/uploads\/2023\/05\/IMG_5522.jpeg 1000w\" sizes=\"auto, (max-width: 300px) 100vw, 300px\" \/><\/a><br \/>\n<a href=\"http:\/\/blog.meineigenerweg.de\/wp-content\/uploads\/2023\/05\/IMG_5519.jpeg\"><img loading=\"lazy\" decoding=\"async\" class=\"alignnone size-medium wp-image-9197\" src=\"http:\/\/blog.meineigenerweg.de\/wp-content\/uploads\/2023\/05\/IMG_5519-226x300.jpeg\" alt=\"\" width=\"226\" height=\"300\" srcset=\"http:\/\/blog.meineigenerweg.de\/wp-content\/uploads\/2023\/05\/IMG_5519-226x300.jpeg 226w, http:\/\/blog.meineigenerweg.de\/wp-content\/uploads\/2023\/05\/IMG_5519.jpeg 753w\" sizes=\"auto, (max-width: 226px) 100vw, 226px\" \/><br \/>\n<\/a>Auf dem R\u00fcckweg g\u00f6nnen wir uns ein kleines Mittagessen in diesem h\u00fcbschen Lokal<br \/>\n<a href=\"http:\/\/blog.meineigenerweg.de\/wp-content\/uploads\/2023\/05\/IMG_5523.jpeg\"><img loading=\"lazy\" decoding=\"async\" class=\"alignnone size-medium wp-image-9202\" src=\"http:\/\/blog.meineigenerweg.de\/wp-content\/uploads\/2023\/05\/IMG_5523-300x225.jpeg\" alt=\"\" width=\"300\" height=\"225\" srcset=\"http:\/\/blog.meineigenerweg.de\/wp-content\/uploads\/2023\/05\/IMG_5523-300x225.jpeg 300w, http:\/\/blog.meineigenerweg.de\/wp-content\/uploads\/2023\/05\/IMG_5523-768x576.jpeg 768w, http:\/\/blog.meineigenerweg.de\/wp-content\/uploads\/2023\/05\/IMG_5523.jpeg 1000w\" sizes=\"auto, (max-width: 300px) 100vw, 300px\" \/><\/a><br \/>\nmit einem \u00fcberraschend tollen Angebot, ein ausgezeichneter Fisch auf knackigem Gem\u00fcse!<br \/>\n<a href=\"http:\/\/blog.meineigenerweg.de\/wp-content\/uploads\/2023\/05\/IMG_5524.jpeg\"><img loading=\"lazy\" decoding=\"async\" class=\"alignnone size-medium wp-image-9203\" src=\"http:\/\/blog.meineigenerweg.de\/wp-content\/uploads\/2023\/05\/IMG_5524-225x300.jpeg\" alt=\"\" width=\"225\" height=\"300\" srcset=\"http:\/\/blog.meineigenerweg.de\/wp-content\/uploads\/2023\/05\/IMG_5524-225x300.jpeg 225w, http:\/\/blog.meineigenerweg.de\/wp-content\/uploads\/2023\/05\/IMG_5524.jpeg 750w\" sizes=\"auto, (max-width: 225px) 100vw, 225px\" \/><\/a><\/p>\n<p>&nbsp;<\/p>\n<p>Tag 37 Alghero<\/p>\n<p>Weiter geht es Richtung Norden. Unser Ziel ist Alghero, wo angeblich die Katalanen gro\u00dfen Einfluss auf die Architektur hatten. Unterwegs geht es wieder \u00fcber Serpentinen durch die Berge, dann wird das Land flacher, erinnert an holl\u00e4ndische D\u00fcnenlandschaften. Und dann kommen wir in Alghero an, Hafen, Jachten, Remmid\u00e4mmi, eine Strandbude neben dem n\u00e4chsten Surfbrettverleih. Vielleicht haben wir etwas verpasst, aber wir fahren einfach nur durch und suchen uns einen ruhigeren Ort.<\/p>\n<p>&nbsp;<\/p>\n<p>Tag 38 Capo Caccia<\/p>\n<p>Dann sind wir am Capo Caccia, wo auch der Abstieg zur Grotte sein soll. Inzwischen zeigt das Thermometer 33 Grad. Wir genie\u00dfen deshalb die fantastische Aussicht auf die Steilk\u00fcste, sparen uns den Abstieg zur Grotte und lassen uns auch von der Baus\u00fcnde, ein h\u00e4sslicher Hotelklotz auf der gegen\u00fcberliegenden Klippe, diese au\u00dfergew\u00f6hnliche Aussicht nicht verderben.<br \/>\n<a href=\"http:\/\/blog.meineigenerweg.de\/wp-content\/uploads\/2023\/05\/IMG_5551.jpeg\"><img loading=\"lazy\" decoding=\"async\" class=\"alignnone size-medium wp-image-9206\" src=\"http:\/\/blog.meineigenerweg.de\/wp-content\/uploads\/2023\/05\/IMG_5551-300x226.jpeg\" alt=\"\" width=\"300\" height=\"226\" srcset=\"http:\/\/blog.meineigenerweg.de\/wp-content\/uploads\/2023\/05\/IMG_5551-300x226.jpeg 300w, http:\/\/blog.meineigenerweg.de\/wp-content\/uploads\/2023\/05\/IMG_5551-768x578.jpeg 768w, http:\/\/blog.meineigenerweg.de\/wp-content\/uploads\/2023\/05\/IMG_5551.jpeg 1000w\" sizes=\"auto, (max-width: 300px) 100vw, 300px\" \/><\/a><br \/>\nHinter Alghero fahren wir wieder auf der K\u00fcstenstra\u00dfe mit atemberaubender Aussicht. Unser Ziel ist der Abstieg \u00fcber die steile Treppe mit \u00fcber 600 Stufen zur Grotta di Nettuno. Immer wieder halten wir unterwegs an den Aussichtspl\u00e4tzen.<br \/>\n<a href=\"http:\/\/blog.meineigenerweg.de\/wp-content\/uploads\/2023\/05\/IMG_5552.jpeg\"><img loading=\"lazy\" decoding=\"async\" class=\"alignnone size-medium wp-image-9207\" src=\"http:\/\/blog.meineigenerweg.de\/wp-content\/uploads\/2023\/05\/IMG_5552-300x226.jpeg\" alt=\"\" width=\"300\" height=\"226\" srcset=\"http:\/\/blog.meineigenerweg.de\/wp-content\/uploads\/2023\/05\/IMG_5552-300x226.jpeg 300w, http:\/\/blog.meineigenerweg.de\/wp-content\/uploads\/2023\/05\/IMG_5552-768x578.jpeg 768w, http:\/\/blog.meineigenerweg.de\/wp-content\/uploads\/2023\/05\/IMG_5552.jpeg 1000w\" sizes=\"auto, (max-width: 300px) 100vw, 300px\" \/> <\/a><a href=\"http:\/\/blog.meineigenerweg.de\/wp-content\/uploads\/2023\/05\/IMG_5553.jpeg\"><img loading=\"lazy\" decoding=\"async\" class=\"alignnone size-medium wp-image-9209\" src=\"http:\/\/blog.meineigenerweg.de\/wp-content\/uploads\/2023\/05\/IMG_5553-300x225.jpeg\" alt=\"\" width=\"300\" height=\"225\" srcset=\"http:\/\/blog.meineigenerweg.de\/wp-content\/uploads\/2023\/05\/IMG_5553-300x225.jpeg 300w, http:\/\/blog.meineigenerweg.de\/wp-content\/uploads\/2023\/05\/IMG_5553-768x576.jpeg 768w, http:\/\/blog.meineigenerweg.de\/wp-content\/uploads\/2023\/05\/IMG_5553.jpeg 1000w\" sizes=\"auto, (max-width: 300px) 100vw, 300px\" \/><\/a><\/p>\n<p>&nbsp;<\/p>\n<p>Tag 39 Argentiera<\/p>\n<p>Argentiera ist eigentlich eine Geisterstadt, aber trotzdem tummeln sich etliche Badeg\u00e4ste in der kleinen Badebucht. Aber die kaputten Geb\u00e4ude der ehemaligen Silbermiene lassen uns schon sehr \u00fcberlegen, wovon die wenigen Menschen hier noch wohnen eigentlich leben.<\/p>\n<p>&nbsp;<\/p>\n<p>Tag 40 Stintino<\/p>\n<p>Sonntag am Badestrand von Stintino. Viele Sarden sind mit Kind und Kegel und vollen Picknicktaschen am Strand.<br \/>\n<a href=\"http:\/\/blog.meineigenerweg.de\/wp-content\/uploads\/2023\/05\/IMG_5587.jpeg\"><img loading=\"lazy\" decoding=\"async\" class=\"alignnone size-medium wp-image-9217\" src=\"http:\/\/blog.meineigenerweg.de\/wp-content\/uploads\/2023\/05\/IMG_5587-300x226.jpeg\" alt=\"\" width=\"300\" height=\"226\" srcset=\"http:\/\/blog.meineigenerweg.de\/wp-content\/uploads\/2023\/05\/IMG_5587-300x226.jpeg 300w, http:\/\/blog.meineigenerweg.de\/wp-content\/uploads\/2023\/05\/IMG_5587-768x578.jpeg 768w, http:\/\/blog.meineigenerweg.de\/wp-content\/uploads\/2023\/05\/IMG_5587.jpeg 1000w\" sizes=\"auto, (max-width: 300px) 100vw, 300px\" \/><\/a><\/p>\n<p>&nbsp;<\/p>\n<p>Tag 41 Stintino<\/p>\n<p>Mit dem Rad fahren wir \u00fcber die nicht stark befahrene stradale nach Stintino. Pittoresk liegt das \u00d6rtchen auf einer kleinen Landzunge. Die Bars am Hafen laden zum Capuccino mit Blick auf die Schiffe.<br \/>\n<a href=\"http:\/\/blog.meineigenerweg.de\/wp-content\/uploads\/2023\/05\/IMG_5585.jpeg\"><img loading=\"lazy\" decoding=\"async\" class=\"alignnone size-medium wp-image-9216\" src=\"http:\/\/blog.meineigenerweg.de\/wp-content\/uploads\/2023\/05\/IMG_5585-300x226.jpeg\" alt=\"\" width=\"300\" height=\"226\" srcset=\"http:\/\/blog.meineigenerweg.de\/wp-content\/uploads\/2023\/05\/IMG_5585-300x226.jpeg 300w, http:\/\/blog.meineigenerweg.de\/wp-content\/uploads\/2023\/05\/IMG_5585-768x578.jpeg 768w, http:\/\/blog.meineigenerweg.de\/wp-content\/uploads\/2023\/05\/IMG_5585.jpeg 1000w\" sizes=\"auto, (max-width: 300px) 100vw, 300px\" \/><\/a><\/p>\n<p>&nbsp;<\/p>\n<p>Tag 42 Roccia dell\u2018Elefante<\/p>\n<p>Immer wieder treffen wir auf bizarre Felsformationen und mit etwas Phantasie kann man dann darin auch gerne einen Elefanten erkennen. Daraus wird dann eine Touristenattraktion, die wir uns nat\u00fcrlich auch ansehen. Der Blick aufs Meer ist von hier aus besonders sch\u00f6n.<\/p>\n<p><a href=\"http:\/\/blog.meineigenerweg.de\/wp-content\/uploads\/2023\/06\/IMG_5583.jpeg\"><img loading=\"lazy\" decoding=\"async\" class=\"alignnone size-medium wp-image-9214\" src=\"http:\/\/blog.meineigenerweg.de\/wp-content\/uploads\/2023\/06\/IMG_5583-221x300.jpeg\" alt=\"\" width=\"221\" height=\"300\" srcset=\"http:\/\/blog.meineigenerweg.de\/wp-content\/uploads\/2023\/06\/IMG_5583-221x300.jpeg 221w, http:\/\/blog.meineigenerweg.de\/wp-content\/uploads\/2023\/06\/IMG_5583.jpeg 735w\" sizes=\"auto, (max-width: 221px) 100vw, 221px\" \/><\/a><\/p>\n<p>&nbsp;<\/p>\n<p>Tag 43 Valledoria<\/p>\n<p>Unser Campingplatz liegt direkt am Meer, \u00fcber eine D\u00fcne f\u00fchrt ein Steg in den feinen Sand. Die Wellen haben Schaumkronen, das Meer rauscht &#8211; ach, es ist sehr romantisch. Am Abendsitzen wir mit einem Gl\u00e4schen Rotwein und beobachten den Sonnenuntergang.<\/p>\n<p><a href=\"http:\/\/blog.meineigenerweg.de\/wp-content\/uploads\/2023\/05\/IMG_5605.jpeg\"><img loading=\"lazy\" decoding=\"async\" class=\"alignnone size-medium wp-image-9219\" src=\"http:\/\/blog.meineigenerweg.de\/wp-content\/uploads\/2023\/05\/IMG_5605-300x225.jpeg\" alt=\"\" width=\"300\" height=\"225\" srcset=\"http:\/\/blog.meineigenerweg.de\/wp-content\/uploads\/2023\/05\/IMG_5605-300x225.jpeg 300w, http:\/\/blog.meineigenerweg.de\/wp-content\/uploads\/2023\/05\/IMG_5605-768x576.jpeg 768w, http:\/\/blog.meineigenerweg.de\/wp-content\/uploads\/2023\/05\/IMG_5605.jpeg 1000w\" sizes=\"auto, (max-width: 300px) 100vw, 300px\" \/><\/a><\/p>\n<p>&nbsp;<\/p>\n<p>Tag 43 Valledoria<\/p>\n<p>Gestern Abend am Strand konnten wir in der Ferne die Lichter von La Ciaccia sehen. Das wollten wir uns heute mit dem Rad ansehen. Es sind allerdings nur etliche Ferienwohnungen, einige Restaurants und eine h\u00fcbsche Bar direktem Meer. Viele G\u00e4ste gibts hier nicht, nach einem kleinen Stopp in der Bar radeln wir zur\u00fcck und genie\u00dfen den Blick aufs Meer.<\/p>\n<p>&nbsp;<\/p>\n<p><a href=\"http:\/\/blog.meineigenerweg.de\/wp-content\/uploads\/2023\/05\/IMG_5606.jpeg\"><img loading=\"lazy\" decoding=\"async\" class=\"alignnone size-medium wp-image-9221\" src=\"http:\/\/blog.meineigenerweg.de\/wp-content\/uploads\/2023\/05\/IMG_5606-300x225.jpeg\" alt=\"\" width=\"300\" height=\"225\" srcset=\"http:\/\/blog.meineigenerweg.de\/wp-content\/uploads\/2023\/05\/IMG_5606-300x225.jpeg 300w, http:\/\/blog.meineigenerweg.de\/wp-content\/uploads\/2023\/05\/IMG_5606-768x576.jpeg 768w, http:\/\/blog.meineigenerweg.de\/wp-content\/uploads\/2023\/05\/IMG_5606.jpeg 1000w\" sizes=\"auto, (max-width: 300px) 100vw, 300px\" \/><\/a><\/p>\n<p>&nbsp;<\/p>\n<p>Tag 44 Valledoria<\/p>\n<p>Limoncello Spritz in der Strandbar<\/p>\n<p><a href=\"http:\/\/blog.meineigenerweg.de\/wp-content\/uploads\/2023\/05\/IMG_5631.jpeg\"><img loading=\"lazy\" decoding=\"async\" class=\"alignnone size-medium wp-image-9223\" src=\"http:\/\/blog.meineigenerweg.de\/wp-content\/uploads\/2023\/05\/IMG_5631-300x225.jpeg\" alt=\"\" width=\"300\" height=\"225\" srcset=\"http:\/\/blog.meineigenerweg.de\/wp-content\/uploads\/2023\/05\/IMG_5631-300x225.jpeg 300w, http:\/\/blog.meineigenerweg.de\/wp-content\/uploads\/2023\/05\/IMG_5631-768x576.jpeg 768w, http:\/\/blog.meineigenerweg.de\/wp-content\/uploads\/2023\/05\/IMG_5631.jpeg 1000w\" sizes=\"auto, (max-width: 300px) 100vw, 300px\" \/><\/a><\/p>\n<p>&nbsp;<\/p>\n<p>Tag 45 Valledoria<\/p>\n<p>Schwimmbad, Strand, Pizza in La Ciaccia<br \/>\n<a href=\"http:\/\/blog.meineigenerweg.de\/wp-content\/uploads\/2023\/05\/IMG_5846.jpeg\"><img loading=\"lazy\" decoding=\"async\" class=\"alignnone size-medium wp-image-9229\" src=\"http:\/\/blog.meineigenerweg.de\/wp-content\/uploads\/2023\/05\/IMG_5846-300x225.jpeg\" alt=\"\" width=\"300\" height=\"225\" srcset=\"http:\/\/blog.meineigenerweg.de\/wp-content\/uploads\/2023\/05\/IMG_5846-300x225.jpeg 300w, http:\/\/blog.meineigenerweg.de\/wp-content\/uploads\/2023\/05\/IMG_5846-768x576.jpeg 768w, http:\/\/blog.meineigenerweg.de\/wp-content\/uploads\/2023\/05\/IMG_5846.jpeg 1000w\" sizes=\"auto, (max-width: 300px) 100vw, 300px\" \/><\/a> <a href=\"http:\/\/blog.meineigenerweg.de\/wp-content\/uploads\/2023\/05\/IMG_5847.jpeg\"><img loading=\"lazy\" decoding=\"async\" class=\"alignnone size-medium wp-image-9230\" src=\"http:\/\/blog.meineigenerweg.de\/wp-content\/uploads\/2023\/05\/IMG_5847-300x197.jpeg\" alt=\"\" width=\"300\" height=\"197\" srcset=\"http:\/\/blog.meineigenerweg.de\/wp-content\/uploads\/2023\/05\/IMG_5847-300x197.jpeg 300w, http:\/\/blog.meineigenerweg.de\/wp-content\/uploads\/2023\/05\/IMG_5847-768x505.jpeg 768w, http:\/\/blog.meineigenerweg.de\/wp-content\/uploads\/2023\/05\/IMG_5847.jpeg 1000w\" sizes=\"auto, (max-width: 300px) 100vw, 300px\" \/><\/a><\/p>\n<p>&nbsp;<\/p>\n<p>Tag 46 Valledoria<\/p>\n<p>Erst haben wir mit dem Fahrrad versucht Castelsardo zu erreichen, aber entweder gab es sandige Feldwege oder steile Stra\u00dfen. Dann haben wir doch das Auto genommen, aber es hat sich gelohnt, ein total sch\u00f6nes \u00d6rtchen.<br \/>\n<a href=\"http:\/\/blog.meineigenerweg.de\/wp-content\/uploads\/2023\/05\/IMG_5850.jpeg\"><img loading=\"lazy\" decoding=\"async\" class=\"alignnone size-medium wp-image-9234\" src=\"http:\/\/blog.meineigenerweg.de\/wp-content\/uploads\/2023\/05\/IMG_5850-300x226.jpeg\" alt=\"\" width=\"300\" height=\"226\" srcset=\"http:\/\/blog.meineigenerweg.de\/wp-content\/uploads\/2023\/05\/IMG_5850-300x226.jpeg 300w, http:\/\/blog.meineigenerweg.de\/wp-content\/uploads\/2023\/05\/IMG_5850-768x578.jpeg 768w, http:\/\/blog.meineigenerweg.de\/wp-content\/uploads\/2023\/05\/IMG_5850.jpeg 1000w\" sizes=\"auto, (max-width: 300px) 100vw, 300px\" \/><\/a><\/p>\n<p>&nbsp;<\/p>\n<p>Tag 47 Santa Teresa Gallura<\/p>\n<p><a href=\"http:\/\/blog.meineigenerweg.de\/wp-content\/uploads\/2023\/05\/IMG_5848.jpeg\"><img loading=\"lazy\" decoding=\"async\" class=\"alignnone size-medium wp-image-9231\" src=\"http:\/\/blog.meineigenerweg.de\/wp-content\/uploads\/2023\/05\/IMG_5848-300x225.jpeg\" alt=\"\" width=\"300\" height=\"225\" srcset=\"http:\/\/blog.meineigenerweg.de\/wp-content\/uploads\/2023\/05\/IMG_5848-300x225.jpeg 300w, http:\/\/blog.meineigenerweg.de\/wp-content\/uploads\/2023\/05\/IMG_5848-768x576.jpeg 768w, http:\/\/blog.meineigenerweg.de\/wp-content\/uploads\/2023\/05\/IMG_5848.jpeg 1000w\" sizes=\"auto, (max-width: 300px) 100vw, 300px\" \/><\/a> <a href=\"http:\/\/blog.meineigenerweg.de\/wp-content\/uploads\/2023\/05\/IMG_5849.jpeg\"><img loading=\"lazy\" decoding=\"async\" class=\"alignnone size-medium wp-image-9232\" src=\"http:\/\/blog.meineigenerweg.de\/wp-content\/uploads\/2023\/05\/IMG_5849-300x204.jpeg\" alt=\"\" width=\"300\" height=\"204\" srcset=\"http:\/\/blog.meineigenerweg.de\/wp-content\/uploads\/2023\/05\/IMG_5849-300x204.jpeg 300w, http:\/\/blog.meineigenerweg.de\/wp-content\/uploads\/2023\/05\/IMG_5849-768x522.jpeg 768w, http:\/\/blog.meineigenerweg.de\/wp-content\/uploads\/2023\/05\/IMG_5849.jpeg 1000w\" sizes=\"auto, (max-width: 300px) 100vw, 300px\" \/><\/a><\/p>\n<p>&nbsp;<\/p>\n<p>Tag 48 Palau<br \/>\n<a href=\"http:\/\/blog.meineigenerweg.de\/wp-content\/uploads\/2023\/05\/IMG_5851.jpeg\"><img loading=\"lazy\" decoding=\"async\" class=\"alignnone size-medium wp-image-9236\" src=\"http:\/\/blog.meineigenerweg.de\/wp-content\/uploads\/2023\/05\/IMG_5851-300x226.jpeg\" alt=\"\" width=\"300\" height=\"226\" srcset=\"http:\/\/blog.meineigenerweg.de\/wp-content\/uploads\/2023\/05\/IMG_5851-300x226.jpeg 300w, http:\/\/blog.meineigenerweg.de\/wp-content\/uploads\/2023\/05\/IMG_5851-768x578.jpeg 768w, http:\/\/blog.meineigenerweg.de\/wp-content\/uploads\/2023\/05\/IMG_5851.jpeg 1000w\" sizes=\"auto, (max-width: 300px) 100vw, 300px\" \/><\/a><\/p>\n<p>&nbsp;<\/p>\n<p>Tag 49 Roccia dell\u2018Orso<\/p>\n<p><a href=\"http:\/\/blog.meineigenerweg.de\/wp-content\/uploads\/2023\/05\/IMG_5844.jpeg\"><img loading=\"lazy\" decoding=\"async\" class=\"alignnone size-medium wp-image-9228\" src=\"http:\/\/blog.meineigenerweg.de\/wp-content\/uploads\/2023\/05\/IMG_5844-300x218.jpeg\" alt=\"\" width=\"300\" height=\"218\" srcset=\"http:\/\/blog.meineigenerweg.de\/wp-content\/uploads\/2023\/05\/IMG_5844-300x218.jpeg 300w, http:\/\/blog.meineigenerweg.de\/wp-content\/uploads\/2023\/05\/IMG_5844-768x559.jpeg 768w, http:\/\/blog.meineigenerweg.de\/wp-content\/uploads\/2023\/05\/IMG_5844.jpeg 1000w\" sizes=\"auto, (max-width: 300px) 100vw, 300px\" \/><\/a><\/p>\n<p>&nbsp;<\/p>\n<p>Tag 50 Olbia<\/p>\n<p>Zum Abschied gibt es noch einen sch\u00f6nen Sonnenuntergang.<\/p>\n<p><a href=\"http:\/\/blog.meineigenerweg.de\/wp-content\/uploads\/2023\/05\/IMG_5856.jpeg\"><img loading=\"lazy\" decoding=\"async\" class=\"alignnone size-medium wp-image-9238\" src=\"http:\/\/blog.meineigenerweg.de\/wp-content\/uploads\/2023\/05\/IMG_5856-300x225.jpeg\" alt=\"\" width=\"300\" height=\"225\" srcset=\"http:\/\/blog.meineigenerweg.de\/wp-content\/uploads\/2023\/05\/IMG_5856-300x225.jpeg 300w, http:\/\/blog.meineigenerweg.de\/wp-content\/uploads\/2023\/05\/IMG_5856-768x576.jpeg 768w, http:\/\/blog.meineigenerweg.de\/wp-content\/uploads\/2023\/05\/IMG_5856.jpeg 1000w\" sizes=\"auto, (max-width: 300px) 100vw, 300px\" \/>\u00a0<\/a><a href=\"http:\/\/blog.meineigenerweg.de\/wp-content\/uploads\/2023\/05\/IMG_5957.jpeg\"><img loading=\"lazy\" decoding=\"async\" class=\"alignnone size-medium wp-image-9241\" src=\"http:\/\/blog.meineigenerweg.de\/wp-content\/uploads\/2023\/05\/IMG_5957-300x225.jpeg\" alt=\"\" width=\"300\" height=\"225\" srcset=\"http:\/\/blog.meineigenerweg.de\/wp-content\/uploads\/2023\/05\/IMG_5957-300x225.jpeg 300w, http:\/\/blog.meineigenerweg.de\/wp-content\/uploads\/2023\/05\/IMG_5957-768x576.jpeg 768w, http:\/\/blog.meineigenerweg.de\/wp-content\/uploads\/2023\/05\/IMG_5957.jpeg 1000w\" sizes=\"auto, (max-width: 300px) 100vw, 300px\" \/><\/a><\/p>\n<p>&nbsp;<\/p>\n<p>Tag 51 Genua<\/p>\n<p>12 Stunden sp\u00e4ter, mit 2 Stunden Versp\u00e4tung \u00a0(Stau auf dem Mittelmeer?) kommen wir in Genua an.<\/p>\n<p><a href=\"http:\/\/blog.meineigenerweg.de\/wp-content\/uploads\/2023\/05\/IMG_5958.jpeg\"><img loading=\"lazy\" decoding=\"async\" class=\"alignnone size-medium wp-image-9242\" src=\"http:\/\/blog.meineigenerweg.de\/wp-content\/uploads\/2023\/05\/IMG_5958-300x225.jpeg\" alt=\"\" width=\"300\" height=\"225\" srcset=\"http:\/\/blog.meineigenerweg.de\/wp-content\/uploads\/2023\/05\/IMG_5958-300x225.jpeg 300w, http:\/\/blog.meineigenerweg.de\/wp-content\/uploads\/2023\/05\/IMG_5958-768x576.jpeg 768w, http:\/\/blog.meineigenerweg.de\/wp-content\/uploads\/2023\/05\/IMG_5958.jpeg 1000w\" sizes=\"auto, (max-width: 300px) 100vw, 300px\" \/><\/a><\/p>\n<p>&nbsp;<\/p>\n<p><em>Meine Wertung: <span style=\"color: #ff0000;\">*****<\/span> eine tolle Insel mit vielen Erlebnissen<\/em><\/p>\n","protected":false},"excerpt":{"rendered":"<p>Mai \/ Juni \/ Juli 2023 &nbsp; Tag 01 Bochum nach Freiburg Auf zur n\u00e4chsten Tour. Wir wollen Sardinien erkunden. Same procedure as last time: Ilse startklar machen, Kleidung, Waschzeug, Lebensmittel kommen in die Schr\u00e4nke &#8211; das ist schon Routine. Mittags sind wir startklar, es kann losgehen. Nach den ersten<\/p>\n","protected":false},"author":1,"featured_media":9267,"parent":4912,"menu_order":0,"comment_status":"closed","ping_status":"closed","template":"","meta":{"footnotes":""},"class_list":["post-9248","page","type-page","status-publish","has-post-thumbnail","hentry"],"_links":{"self":[{"href":"http:\/\/blog.meineigenerweg.de\/index.php?rest_route=\/wp\/v2\/pages\/9248","targetHints":{"allow":["GET"]}}],"collection":[{"href":"http:\/\/blog.meineigenerweg.de\/index.php?rest_route=\/wp\/v2\/pages"}],"about":[{"href":"http:\/\/blog.meineigenerweg.de\/index.php?rest_route=\/wp\/v2\/types\/page"}],"author":[{"embeddable":true,"href":"http:\/\/blog.meineigenerweg.de\/index.php?rest_route=\/wp\/v2\/users\/1"}],"replies":[{"embeddable":true,"href":"http:\/\/blog.meineigenerweg.de\/index.php?rest_route=%2Fwp%2Fv2%2Fcomments&post=9248"}],"version-history":[{"count":17,"href":"http:\/\/blog.meineigenerweg.de\/index.php?rest_route=\/wp\/v2\/pages\/9248\/revisions"}],"predecessor-version":[{"id":9269,"href":"http:\/\/blog.meineigenerweg.de\/index.php?rest_route=\/wp\/v2\/pages\/9248\/revisions\/9269"}],"up":[{"embeddable":true,"href":"http:\/\/blog.meineigenerweg.de\/index.php?rest_route=\/wp\/v2\/pages\/4912"}],"wp:featuredmedia":[{"embeddable":true,"href":"http:\/\/blog.meineigenerweg.de\/index.php?rest_route=\/wp\/v2\/media\/9267"}],"wp:attachment":[{"href":"http:\/\/blog.meineigenerweg.de\/index.php?rest_route=%2Fwp%2Fv2%2Fmedia&parent=9248"}],"curies":[{"name":"wp","href":"https:\/\/api.w.org\/{rel}","templated":true}]}}