{"id":90,"date":"2014-01-13T23:26:33","date_gmt":"2014-01-13T21:26:33","guid":{"rendered":"http:\/\/blog.meineigenerweg.de\/?page_id=90"},"modified":"2019-03-28T21:18:34","modified_gmt":"2019-03-28T20:18:34","slug":"alpen","status":"publish","type":"page","link":"http:\/\/blog.meineigenerweg.de\/?page_id=90","title":{"rendered":"Alpen\u00fcberquerung"},"content":{"rendered":"<p>Mit 60, kurz vor dem Bournout, vom beruflichem Leistungsdruck gestresst, von fr\u00fchen Todesf\u00e4llen in Familie und Freundeskreis beunruhigt, machte ich mich auf den Weg, mich selbst wiederzufinden.<\/p>\n<p>Eine abenteuerliche und gleichzeitig am\u00fcsante Tour \u00fcber die Alpen von Bad T\u00f6lz bei M\u00fcnchen bis nach Verona, 538 km in vier Wochen.<\/p>\n<p>Aber keine Tour auf vorgegebenen, ausgetretenen Wegen, sondern ich stelle mir meinen eigenen Weg zusammen. Nur mit dem Rucksack auf dem R\u00fccken,\u00a0meine\u00a0Tourenplanung im Wandernavi, gehe ich los.<\/p>\n<p>Ich habe mir vier Etappenziele gesteckt, die ich jeweils innerhalb einer Woche erreichen m\u00f6chte, Innsbruck, Meran, Trento und Verona. Den Weg zwischen meinen Etappenzielen habe ich nur grob geplant. Ich habe keine H\u00fctten oder Gasth\u00e4user vorgebucht; da ich au\u00dferhalb der Hauptsaison laufe, stellt das kein Problem dar.<\/p>\n<p>Wenn ich Lust habe auszuschlafen, tue ich es, wenn meine Beine am fr\u00fchen Nachmittag schon m\u00fcde sind, suche ich mir ein Gasthaus, wenn ich noch \u00fcber den Gipfel will, dann laufe ich auch bis zur D\u00e4mmerung.<\/p>\n<p>Meinen eigenen Weg.<\/p>\n<p>&nbsp;<\/p>\n<p><iframe loading=\"lazy\" src=\"\/\/www.youtube.com\/embed\/JAEVcAEmVk4\" width=\"300\" height=\"225\" frameborder=\"0\" allowfullscreen=\"allowfullscreen\"><\/iframe><\/p>\n<p><a href=\"http:\/\/blog.meineigenerweg.de\/media\/Bildband.pdf\" target=\"_blank\" rel=\"noopener noreferrer\"><br \/>\n<span style=\"color: #0000ff;\">Bildband und Roman (Vorabversion)<br \/>\n<\/span><img loading=\"lazy\" decoding=\"async\" src=\"http:\/\/blog.meineigenerweg.de\/wp-content\/uploads\/2014\/02\/Titelseite_Bildband.jpg\" alt=\"\" width=\"300\" height=\"225\" border=\"0\" \/><\/a><br \/>\n(laden dauert etwas, bl\u00e4ttern mit Pfeiltasten)<\/p>\n<p>&nbsp;<\/p>\n<p style=\"text-align: left;\">&gt;&gt;&gt;&gt;&gt; hier geht es weiter &lt;&lt;&lt;&lt;&lt;<!--nextpage--><\/p>\n<h5>Woche 1 &#8211; Bad T\u00f6lz &#8211; Innsbruck<\/h5>\n<h6><strong>Tag 1 &#8211;\u00a0Bad T\u00f6lz &#8211; Benediktbeuern<\/strong><\/h6>\n<p>W\u00e4hrend der Anreise nach Bad T\u00f6lz hat es die ganze Zeit\u00a0geregnet.<\/p>\n<p><a href=\"http:\/\/blog.meineigenerweg.de\/wp-content\/uploads\/2014\/01\/01-BadToelz.jpg\"><img loading=\"lazy\" decoding=\"async\" class=\"size-medium wp-image-250 alignnone\" src=\"http:\/\/blog.meineigenerweg.de\/wp-content\/uploads\/2014\/01\/01-BadToelz-225x300.jpg\" alt=\"01 BadToelz\" width=\"225\" height=\"300\" srcset=\"http:\/\/blog.meineigenerweg.de\/wp-content\/uploads\/2014\/01\/01-BadToelz-225x300.jpg 225w, http:\/\/blog.meineigenerweg.de\/wp-content\/uploads\/2014\/01\/01-BadToelz.jpg 750w\" sizes=\"auto, (max-width: 225px) 100vw, 225px\" \/><\/a>Am n\u00e4chsten Morgen, meinem ersten Tag mit Rucksack auf dem R\u00fccken, ist es nicht besser. Ein toller Anfang, aber es gibt kein falsches Wetter, nur falsche Kleidung &#8211; also los!<\/p>\n<p><a href=\"http:\/\/blog.meineigenerweg.de\/wp-content\/uploads\/2014\/01\/02-BadToelz.jpg\"><img loading=\"lazy\" decoding=\"async\" class=\"size-medium wp-image-256 alignnone\" src=\"http:\/\/blog.meineigenerweg.de\/wp-content\/uploads\/2014\/01\/02-BadToelz-300x200.jpg\" alt=\"02 BadToelz\" width=\"300\" height=\"200\" srcset=\"http:\/\/blog.meineigenerweg.de\/wp-content\/uploads\/2014\/01\/02-BadToelz-300x200.jpg 300w, http:\/\/blog.meineigenerweg.de\/wp-content\/uploads\/2014\/01\/02-BadToelz.jpg 1000w\" sizes=\"auto, (max-width: 300px) 100vw, 300px\" \/><\/a>Die Wege sind flach und gut zu laufen, mal durch Wiesen, mal durch wolkenverhangenen Wald.<\/p>\n<p>Es hat mir, nachdem ich gemerkt habe, dass ich unter meinem Regencape trocken bleibe, sehr viel Spa\u00df gemacht, auch bei str\u00f6hmendem Regen zu laufen. Es ist so herrlich, durch dichten Wald zu laufen und keine Ger\u00e4usche zu h\u00f6ren, au\u00dfer den dicken Tropfen, die auf den aufgeweichten Boden platschen.<\/p>\n<p>Leider musste ich feststellen, das es auf dem Dorf noch Ruhetage gibt und selbst die Gasth\u00f6fe geschlossen haben. Zum Gl\u00fcck traute sich jemand mit Regenschirm auf die Stra\u00dfe, den habe ich gefragt und er konnte mir einen guten Tip f\u00fcr ein Privatzimmer\u00a0 geben.<\/p>\n<p>Die Zimmersuche mitgerechnet, bin ich mit 10 kg Rucksack gut 28 km gelaufen &#8211; und es geht mir gut!<\/p>\n<p>&nbsp;<\/p>\n<h6><strong>Tag 2 &#8211; Benediktbeuern &#8211; Walchensee<br \/>\n<\/strong><\/h6>\n<p>Der Morgen begr\u00fc\u00dft mich wieder mit tr\u00fcbem Wetter und Regen, aber auch mit der Abwesenheit von Muskelkater.<\/p>\n<p><a href=\"http:\/\/blog.meineigenerweg.de\/wp-content\/uploads\/2014\/01\/03-Benedigtbeuern.jpg\"><img loading=\"lazy\" decoding=\"async\" class=\"size-medium wp-image-268 alignnone\" src=\"http:\/\/blog.meineigenerweg.de\/wp-content\/uploads\/2014\/01\/03-Benedigtbeuern-300x200.jpg\" alt=\"03 Benedigtbeuern\" width=\"300\" height=\"200\" srcset=\"http:\/\/blog.meineigenerweg.de\/wp-content\/uploads\/2014\/01\/03-Benedigtbeuern-300x200.jpg 300w, http:\/\/blog.meineigenerweg.de\/wp-content\/uploads\/2014\/01\/03-Benedigtbeuern.jpg 1000w\" sizes=\"auto, (max-width: 300px) 100vw, 300px\" \/><\/a>Der anf\u00e4nglich noch ebene Weg f\u00fchrt im Laufe des Tages immer weiter bergauf. Die T\u00e4ler werden enger und der Weg f\u00fchrt immer mehr durch dichten Wald.<\/p>\n<p><a href=\"http:\/\/blog.meineigenerweg.de\/wp-content\/uploads\/2014\/01\/04-Benedigtbeuern.jpg\"><img loading=\"lazy\" decoding=\"async\" class=\"size-medium wp-image-269 alignnone\" src=\"http:\/\/blog.meineigenerweg.de\/wp-content\/uploads\/2014\/01\/04-Benedigtbeuern-300x200.jpg\" alt=\"04 Benedigtbeuern\" width=\"300\" height=\"200\" srcset=\"http:\/\/blog.meineigenerweg.de\/wp-content\/uploads\/2014\/01\/04-Benedigtbeuern-300x200.jpg 300w, http:\/\/blog.meineigenerweg.de\/wp-content\/uploads\/2014\/01\/04-Benedigtbeuern.jpg 1000w\" sizes=\"auto, (max-width: 300px) 100vw, 300px\" \/><\/a>Der Walchensee \u00fcberrascht mich mit Sonnenschein\u00a0&#8211; sieht er nicht schon fast aus wie der Gardasee? O.k., Wunschdenken,\u00a0bis dahin\u00a0sind noch mindestens 400 km.<\/p>\n<p>Bei Sonnenschein zu laufen macht doch mehr Spa\u00df, und die Aussicht auf die Berge macht mir gute Laune. Ich habe in einer kleinen Pension \u00fcbernachtet und es genossen, abends mit ein paar netten Leuten plaudern zu k\u00f6nnen.<\/p>\n<p>&nbsp;<\/p>\n<h6><strong>Tag 3 &#8211; Walchensee &#8211; Mittenwald<\/strong><\/h6>\n<p><a href=\"http:\/\/blog.meineigenerweg.de\/wp-content\/uploads\/2014\/01\/05-Walchensee.jpg\"><img loading=\"lazy\" decoding=\"async\" class=\"size-medium wp-image-272 alignnone\" src=\"http:\/\/blog.meineigenerweg.de\/wp-content\/uploads\/2014\/01\/05-Walchensee-300x200.jpg\" alt=\"05 Walchensee\" width=\"300\" height=\"200\" srcset=\"http:\/\/blog.meineigenerweg.de\/wp-content\/uploads\/2014\/01\/05-Walchensee-300x200.jpg 300w, http:\/\/blog.meineigenerweg.de\/wp-content\/uploads\/2014\/01\/05-Walchensee.jpg 1000w\" sizes=\"auto, (max-width: 300px) 100vw, 300px\" \/><\/a>Langsam wird der Weg abenteuerlicher und am Nachmittag erreiche ich den Fu\u00df des Karwendelgebirges.<\/p>\n<p><a href=\"http:\/\/blog.meineigenerweg.de\/wp-content\/uploads\/2014\/01\/06-Walchensee.jpg\"><img loading=\"lazy\" decoding=\"async\" class=\"size-medium wp-image-273 alignnone\" src=\"http:\/\/blog.meineigenerweg.de\/wp-content\/uploads\/2014\/01\/06-Walchensee-300x200.jpg\" alt=\"06 Walchensee\" width=\"300\" height=\"200\" srcset=\"http:\/\/blog.meineigenerweg.de\/wp-content\/uploads\/2014\/01\/06-Walchensee-300x200.jpg 300w, http:\/\/blog.meineigenerweg.de\/wp-content\/uploads\/2014\/01\/06-Walchensee.jpg 1000w\" sizes=\"auto, (max-width: 300px) 100vw, 300px\" \/><\/a>Mittenwald ist ein typisches Touristen\u00f6rtchen f\u00fcr die Zielgruppe 55+, also genau das richtige f\u00fcr mich \ud83d\ude09 . Kirchen mit Zwiebelt\u00fcrmen, schmucke H\u00e4user mit L\u00fcftlmalerei, jede Menge Andenken- und Outdoor-Gesch\u00e4fte und ein paar nette Restaurants.<\/p>\n<p>Ich freue mich, dass ich meine Route so geplant habe, dass ich ab und zu in ein h\u00fcbsches \u00d6rtchen komme. Ein bisschen Touristentrubel mag ich gerne.<\/p>\n<p>&nbsp;<\/p>\n<h6>Tag 4 &#8211; Mittenwald &#8211; Scharnitz<\/h6>\n<p><a href=\"http:\/\/blog.meineigenerweg.de\/wp-content\/uploads\/2014\/01\/07-Mittenwald.jpg\"><img loading=\"lazy\" decoding=\"async\" class=\"alignnone size-medium wp-image-390\" src=\"http:\/\/blog.meineigenerweg.de\/wp-content\/uploads\/2014\/01\/07-Mittenwald-300x200.jpg\" alt=\"07 Mittenwald\" width=\"300\" height=\"200\" srcset=\"http:\/\/blog.meineigenerweg.de\/wp-content\/uploads\/2014\/01\/07-Mittenwald-300x200.jpg 300w, http:\/\/blog.meineigenerweg.de\/wp-content\/uploads\/2014\/01\/07-Mittenwald.jpg 1000w\" sizes=\"auto, (max-width: 300px) 100vw, 300px\" \/><\/a>Heute gehe ich den ganzen Tag an der Isar entlang.<\/p>\n<p><a href=\"http:\/\/blog.meineigenerweg.de\/wp-content\/uploads\/2014\/01\/08-Mittenwald.jpg\"><img loading=\"lazy\" decoding=\"async\" class=\"alignnone size-medium wp-image-392\" src=\"http:\/\/blog.meineigenerweg.de\/wp-content\/uploads\/2014\/01\/08-Mittenwald-300x200.jpg\" alt=\"08 Mittenwald\" width=\"300\" height=\"200\" srcset=\"http:\/\/blog.meineigenerweg.de\/wp-content\/uploads\/2014\/01\/08-Mittenwald-300x200.jpg 300w, http:\/\/blog.meineigenerweg.de\/wp-content\/uploads\/2014\/01\/08-Mittenwald.jpg 1000w\" sizes=\"auto, (max-width: 300px) 100vw, 300px\" \/><\/a>Die Grenze nach \u00d6sterreich ist nicht spektakul\u00e4r.<\/p>\n<p>Ich treffe unterwegs immer wieder nette Menschen, die in die gleiche Richtung gehen wie ich und mit denen ich, w\u00e4hrend ich sie ein St\u00fcck auf ihrem Weg begleite, plaudern kann.<\/p>\n<p>&nbsp;<\/p>\n<h6>Tag 5 &#8211; Scharnitz &#8211; Solsteinhaus<\/h6>\n<p><a href=\"http:\/\/blog.meineigenerweg.de\/wp-content\/uploads\/2014\/01\/09-Scharnitz.jpg\"><img loading=\"lazy\" decoding=\"async\" class=\"alignnone size-medium wp-image-397\" src=\"http:\/\/blog.meineigenerweg.de\/wp-content\/uploads\/2014\/01\/09-Scharnitz-300x200.jpg\" alt=\"09 Scharnitz\" width=\"300\" height=\"200\" srcset=\"http:\/\/blog.meineigenerweg.de\/wp-content\/uploads\/2014\/01\/09-Scharnitz-300x200.jpg 300w, http:\/\/blog.meineigenerweg.de\/wp-content\/uploads\/2014\/01\/09-Scharnitz.jpg 1000w\" sizes=\"auto, (max-width: 300px) 100vw, 300px\" \/><\/a>Zum\u00a0Solsteinhaus hinauf, das\u00a0auf 1805 mtr liegt, sind es von Scharnitz aus keine 900 H\u00f6henmeter, ein kleiner Spaziergang, zumal das Internet auch behauptet, das es ein leichter Aufstieg ist. Also kann ich mir auf der Eppzirler Alm, auf 1459 mtr H\u00f6he, noch eine ausgiebige Brettljause g\u00f6nnen.<\/p>\n<p>Und dann auf das\u00a0Navi geschaut und weiter geht es.<\/p>\n<p><a href=\"http:\/\/blog.meineigenerweg.de\/wp-content\/uploads\/2014\/01\/10-Scharnitz.jpg\"><img loading=\"lazy\" decoding=\"async\" class=\"alignnone size-medium wp-image-398\" src=\"http:\/\/blog.meineigenerweg.de\/wp-content\/uploads\/2014\/01\/10-Scharnitz-300x200.jpg\" alt=\"10 Scharnitz\" width=\"300\" height=\"200\" srcset=\"http:\/\/blog.meineigenerweg.de\/wp-content\/uploads\/2014\/01\/10-Scharnitz-300x200.jpg 300w, http:\/\/blog.meineigenerweg.de\/wp-content\/uploads\/2014\/01\/10-Scharnitz.jpg 1000w\" sizes=\"auto, (max-width: 300px) 100vw, 300px\" \/><\/a>Nur sollte man seinem Navi nicht einfach sagen, bringe mich zum Solsteinhaus, denn dann w\u00e4hlt es nat\u00fcrlich den k\u00fcrzesten Weg und der geht leider nicht um den Berg herum, sondern fast direkt\u00a0\u00fcber den Gipfel, \u00fcber die Eppzirler Schart auf 2091 mtr.<\/p>\n<p><a href=\"http:\/\/blog.meineigenerweg.de\/wp-content\/uploads\/2014\/01\/11-Scharnitz.jpg\"><img loading=\"lazy\" decoding=\"async\" class=\"alignnone size-medium wp-image-399\" src=\"http:\/\/blog.meineigenerweg.de\/wp-content\/uploads\/2014\/01\/11-Scharnitz-300x200.jpg\" alt=\"11 Scharnitz\" width=\"300\" height=\"200\" srcset=\"http:\/\/blog.meineigenerweg.de\/wp-content\/uploads\/2014\/01\/11-Scharnitz-300x200.jpg 300w, http:\/\/blog.meineigenerweg.de\/wp-content\/uploads\/2014\/01\/11-Scharnitz.jpg 1000w\" sizes=\"auto, (max-width: 300px) 100vw, 300px\" \/><\/a>Auf der einen Seite einen steilen Schotterpfad herauf und auf der anderen Seite genauso steil wieder hinunter.<\/p>\n<p>Die H\u00fcttenwirtin hat mich ausgelacht: &#8222;Ihr Kerle mit eurer Technik!&#8220;<\/p>\n<p>&nbsp;<\/p>\n<h6>Tag 6 &#8211; Solsteinhaus &#8211; Innsbruck<\/h6>\n<p><a href=\"http:\/\/blog.meineigenerweg.de\/wp-content\/uploads\/2014\/01\/12-Solsteinhaus.jpg\"><img loading=\"lazy\" decoding=\"async\" class=\"alignnone size-medium wp-image-402\" src=\"http:\/\/blog.meineigenerweg.de\/wp-content\/uploads\/2014\/01\/12-Solsteinhaus-300x200.jpg\" alt=\"12 Solsteinhaus\" width=\"300\" height=\"200\" srcset=\"http:\/\/blog.meineigenerweg.de\/wp-content\/uploads\/2014\/01\/12-Solsteinhaus-300x200.jpg 300w, http:\/\/blog.meineigenerweg.de\/wp-content\/uploads\/2014\/01\/12-Solsteinhaus.jpg 1000w\" sizes=\"auto, (max-width: 300px) 100vw, 300px\" \/><\/a>Der Weg ins Tal f\u00fchrt \u00fcber schroffe Felsen und Schotterwege.<\/p>\n<p><a href=\"http:\/\/blog.meineigenerweg.de\/wp-content\/uploads\/2014\/01\/13-Solsteinhaus.jpg\"><img loading=\"lazy\" decoding=\"async\" class=\"alignnone size-medium wp-image-403\" src=\"http:\/\/blog.meineigenerweg.de\/wp-content\/uploads\/2014\/01\/13-Solsteinhaus-300x200.jpg\" alt=\"13 Solsteinhaus\" width=\"300\" height=\"200\" srcset=\"http:\/\/blog.meineigenerweg.de\/wp-content\/uploads\/2014\/01\/13-Solsteinhaus-300x200.jpg 300w, http:\/\/blog.meineigenerweg.de\/wp-content\/uploads\/2014\/01\/13-Solsteinhaus.jpg 1000w\" sizes=\"auto, (max-width: 300px) 100vw, 300px\" \/><\/a>Aber dann wird es wieder gr\u00fcner und mich umf\u00e4ngt der w\u00fcrzige, warme Duft von Tannen.<\/p>\n<p><a href=\"http:\/\/blog.meineigenerweg.de\/wp-content\/uploads\/2014\/01\/14-Solsteinhaus.jpg\"><img loading=\"lazy\" decoding=\"async\" class=\"alignnone size-medium wp-image-405\" src=\"http:\/\/blog.meineigenerweg.de\/wp-content\/uploads\/2014\/01\/14-Solsteinhaus-300x194.jpg\" alt=\"14 Solsteinhaus\" width=\"300\" height=\"194\" srcset=\"http:\/\/blog.meineigenerweg.de\/wp-content\/uploads\/2014\/01\/14-Solsteinhaus-300x194.jpg 300w, http:\/\/blog.meineigenerweg.de\/wp-content\/uploads\/2014\/01\/14-Solsteinhaus.jpg 1000w\" sizes=\"auto, (max-width: 300px) 100vw, 300px\" \/><\/a>Am fr\u00fchen Nachmittag habe ich mein Wochen-Etappen-Ziel Innsbruck erreicht. Sch\u00f6n ist anders. Viele Touristen, laut und hecktisch.<\/p>\n<p>&nbsp;<\/p>\n<p>&gt;&gt;&gt;&gt;&gt; hier geht es zur\u00fcck oder weiter &lt;&lt;&lt;&lt;&lt;<!--nextpage--><\/p>\n<h5>Woche 2 &#8211; Innsbruck &#8211; Meran<\/h5>\n<h6>Tag 7 &#8211; Innsbruck &#8211; Patsch<\/h6>\n<p><a href=\"http:\/\/blog.meineigenerweg.de\/wp-content\/uploads\/2014\/01\/21-Patsch.jpg\"><img loading=\"lazy\" decoding=\"async\" class=\"alignnone size-medium wp-image-419\" src=\"http:\/\/blog.meineigenerweg.de\/wp-content\/uploads\/2014\/01\/21-Patsch-300x200.jpg\" alt=\"21 Patsch\" width=\"300\" height=\"200\" srcset=\"http:\/\/blog.meineigenerweg.de\/wp-content\/uploads\/2014\/01\/21-Patsch-300x200.jpg 300w, http:\/\/blog.meineigenerweg.de\/wp-content\/uploads\/2014\/01\/21-Patsch.jpg 1000w\" sizes=\"auto, (max-width: 300px) 100vw, 300px\" \/><\/a>Ein Tag Innsbruck ist genug, ich brauche frische Luft und freie Sicht. Es dauert Stunden, bis ich das wiedergefunden habe. Ein wenig wird\u00a0die Freude durch die allgegenw\u00e4rtige Brennerautobahn getr\u00fcbt,\u00a0man sieht und h\u00f6rt sie \u00fcberall.<\/p>\n<p>&nbsp;<\/p>\n<h6>Tag 8 &#8211; Patsch &#8211; Steinach<\/h6>\n<p><a href=\"http:\/\/blog.meineigenerweg.de\/wp-content\/uploads\/2014\/01\/22-Patsch.jpg\"><img loading=\"lazy\" decoding=\"async\" class=\"alignnone size-medium wp-image-420\" src=\"http:\/\/blog.meineigenerweg.de\/wp-content\/uploads\/2014\/01\/22-Patsch-300x200.jpg\" alt=\"22 Patsch\" width=\"300\" height=\"200\" srcset=\"http:\/\/blog.meineigenerweg.de\/wp-content\/uploads\/2014\/01\/22-Patsch-300x200.jpg 300w, http:\/\/blog.meineigenerweg.de\/wp-content\/uploads\/2014\/01\/22-Patsch.jpg 1000w\" sizes=\"auto, (max-width: 300px) 100vw, 300px\" \/><\/a>Das ist wieder mein Weg, durch dichten Wald und die Berge hoch und wieder runter. Vielleicht sollte man bei der Planung doch mal auf einen Kalender schauen, heute ist Ferienbeginn in NRW und f\u00fcr Urlauber, die mit dem Auto nach Italien unterwegs sind, ist die Gegend um Seinach eine gute Gelegenheit f\u00fcr einen Zwischenstop. Es war schwierig, ein freies Zimmer zu finden.<\/p>\n<p>&nbsp;<\/p>\n<h6>Tag 9 &#8211; Steinach &#8211; Sterzing<\/h6>\n<p>Bei str\u00f6mendem Regen bin ich \u00fcber den Brennerpass gelaufen. Gegen Mittag bin ich in Italien und nat\u00fcrlich muss ich sofort in eine Espresso-Bar &#8211; zum Trocknen, aber auch um Panini und\u00a0Espresso zu genie\u00dfen.<\/p>\n<p><a href=\"http:\/\/blog.meineigenerweg.de\/wp-content\/uploads\/2014\/01\/23-Steinach.jpg\"><img loading=\"lazy\" decoding=\"async\" class=\"alignnone size-medium wp-image-422\" src=\"http:\/\/blog.meineigenerweg.de\/wp-content\/uploads\/2014\/01\/23-Steinach-300x200.jpg\" alt=\"23 Steinach\" width=\"300\" height=\"200\" srcset=\"http:\/\/blog.meineigenerweg.de\/wp-content\/uploads\/2014\/01\/23-Steinach-300x200.jpg 300w, http:\/\/blog.meineigenerweg.de\/wp-content\/uploads\/2014\/01\/23-Steinach.jpg 1000w\" sizes=\"auto, (max-width: 300px) 100vw, 300px\" \/><\/a>Steinach \u00fcberrascht mich mit einer Vinothek mit lokalen Weinen in der Fu\u00dfg\u00e4ngerzone, vor dem Gesch\u00e4ft stehen zwei kleine Tische. Mit Bedauern erkl\u00e4re ich dem Inhaber, das ich mit dem Rucksack unterwegs bin und leider nichts einkaufen kann. Aber eine Weinprobe solle ich unbedingt machen, meint er, und dann sitzen wir vor seinem Gesch\u00e4ft an einem der kleinen Tische und im Laufe des sp\u00e4ten Nachmittags stehen sieben Flaschen Wein vor uns und auch eine K\u00e4seauswahl. Wir haben uns gut am\u00fcsiert, besonders \u00fcber die verwunderte Blicke der vorbeispazierenden Touristen.<\/p>\n<p>&nbsp;<\/p>\n<h6>Tag 10 &#8211; Sterzing &#8211; Kalch<\/h6>\n<p><a href=\"http:\/\/blog.meineigenerweg.de\/wp-content\/uploads\/2014\/01\/24-Sterzing.jpg\"><img loading=\"lazy\" decoding=\"async\" class=\"alignnone size-medium wp-image-434\" src=\"http:\/\/blog.meineigenerweg.de\/wp-content\/uploads\/2014\/01\/24-Sterzing-300x200.jpg\" alt=\"24 Sterzing\" width=\"300\" height=\"200\" srcset=\"http:\/\/blog.meineigenerweg.de\/wp-content\/uploads\/2014\/01\/24-Sterzing-300x200.jpg 300w, http:\/\/blog.meineigenerweg.de\/wp-content\/uploads\/2014\/01\/24-Sterzing.jpg 1000w\" sizes=\"auto, (max-width: 300px) 100vw, 300px\" \/><\/a>Den Berg hinauf\u00a0Richtung Jaufenpass.<\/p>\n<p><a href=\"http:\/\/blog.meineigenerweg.de\/wp-content\/uploads\/2014\/01\/25-Sterzing.jpg\"><img loading=\"lazy\" decoding=\"async\" class=\"alignnone size-medium wp-image-435\" src=\"http:\/\/blog.meineigenerweg.de\/wp-content\/uploads\/2014\/01\/25-Sterzing-300x200.jpg\" alt=\"25 Sterzing\" width=\"300\" height=\"200\" srcset=\"http:\/\/blog.meineigenerweg.de\/wp-content\/uploads\/2014\/01\/25-Sterzing-300x200.jpg 300w, http:\/\/blog.meineigenerweg.de\/wp-content\/uploads\/2014\/01\/25-Sterzing.jpg 1000w\" sizes=\"auto, (max-width: 300px) 100vw, 300px\" \/><\/a>Auf halber H\u00f6he l\u00e4dt ein\u00a0Gasthof ein, nicht weiter zu laufen, sondern die Sauna im Garten zu nutzen.\u00a0Es\u00a0ist eine gute Entscheidung hier einzukehren, zum einen ist das Essen bemerkenswert gut und zum anderen komme ich mit dem Inhaber des Gasthofs ins Gespr\u00e4ch. Er hat einen Bruder mit einem vier-Sterne-Hotel in St. Leonhard und eine Cousine mit einem Garni in der City von Meran. Und er l\u00e4sst sich nicht davon abbringen, mit Beiden zu telefonieren und mir so tolle Angebote zu machen, dass ich nicht widerstehen kann und \u00fcber St. Leonhard laufe,\u00a0und nach Meran wollte ich ohnehin.<\/p>\n<p>&nbsp;<\/p>\n<h6>Tag 11 &#8211; Kalch &#8211; St. Leonhard<\/h6>\n<p><a href=\"http:\/\/blog.meineigenerweg.de\/wp-content\/uploads\/2014\/01\/28-Kalch.jpg\"><img loading=\"lazy\" decoding=\"async\" class=\"alignnone size-medium wp-image-438\" src=\"http:\/\/blog.meineigenerweg.de\/wp-content\/uploads\/2014\/01\/28-Kalch-300x200.jpg\" alt=\"28 Kalch\" width=\"300\" height=\"200\" srcset=\"http:\/\/blog.meineigenerweg.de\/wp-content\/uploads\/2014\/01\/28-Kalch-300x200.jpg 300w, http:\/\/blog.meineigenerweg.de\/wp-content\/uploads\/2014\/01\/28-Kalch.jpg 1000w\" sizes=\"auto, (max-width: 300px) 100vw, 300px\" \/><\/a>Oben auf dem Jaufenpass.<\/p>\n<p><a href=\"http:\/\/blog.meineigenerweg.de\/wp-content\/uploads\/2014\/01\/29-Kalch.jpg\"><img loading=\"lazy\" decoding=\"async\" class=\"alignnone size-medium wp-image-439\" src=\"http:\/\/blog.meineigenerweg.de\/wp-content\/uploads\/2014\/01\/29-Kalch-300x200.jpg\" alt=\"29 Kalch\" width=\"300\" height=\"200\" srcset=\"http:\/\/blog.meineigenerweg.de\/wp-content\/uploads\/2014\/01\/29-Kalch-300x200.jpg 300w, http:\/\/blog.meineigenerweg.de\/wp-content\/uploads\/2014\/01\/29-Kalch.jpg 1000w\" sizes=\"auto, (max-width: 300px) 100vw, 300px\" \/><\/a>Irgendwo da hinten, irgendwo da unten, wartet mein vier-Sterne-Hotel auf mich.<\/p>\n<p><a href=\"http:\/\/blog.meineigenerweg.de\/wp-content\/uploads\/2014\/01\/27-Kalch.jpg\"><img loading=\"lazy\" decoding=\"async\" class=\"alignnone size-medium wp-image-440\" src=\"http:\/\/blog.meineigenerweg.de\/wp-content\/uploads\/2014\/01\/27-Kalch-300x200.jpg\" alt=\"27 Kalch\" width=\"300\" height=\"200\" srcset=\"http:\/\/blog.meineigenerweg.de\/wp-content\/uploads\/2014\/01\/27-Kalch-300x200.jpg 300w, http:\/\/blog.meineigenerweg.de\/wp-content\/uploads\/2014\/01\/27-Kalch.jpg 1000w\" sizes=\"auto, (max-width: 300px) 100vw, 300px\" \/><\/a>Im Business-Dress w\u00e4re es ok, mit dem Rucksack und Wanderstiefeln zum\u00a0Abendbuffet\u00a0habe ich mich schon\u00a0fehl am Platz gef\u00fchlt.<\/p>\n<p>&nbsp;<\/p>\n<h6>Tag 12 &#8211; St. Leonhard &#8211; Meran<\/h6>\n<p><a href=\"http:\/\/blog.meineigenerweg.de\/wp-content\/uploads\/2014\/01\/31-St_Leonhard.jpg\"><img loading=\"lazy\" decoding=\"async\" class=\"alignnone size-medium wp-image-443\" src=\"http:\/\/blog.meineigenerweg.de\/wp-content\/uploads\/2014\/01\/31-St_Leonhard-300x200.jpg\" alt=\"31 St_Leonhard\" width=\"300\" height=\"200\" srcset=\"http:\/\/blog.meineigenerweg.de\/wp-content\/uploads\/2014\/01\/31-St_Leonhard-300x200.jpg 300w, http:\/\/blog.meineigenerweg.de\/wp-content\/uploads\/2014\/01\/31-St_Leonhard.jpg 1000w\" sizes=\"auto, (max-width: 300px) 100vw, 300px\" \/><\/a>Der Weg nach Meran f\u00fchrt durch das weite Passeiertal direkt an der Passer entlang. Es\u00a0ist ein sehr hei\u00dfer Tag, an dem ich gegen Mittag nach einem Gasthof Ausschau halte ,leider konnte ich keinen finden. Am fr\u00fchen Nachmittag\u00a0ist dann auch mein Wasservorrat aufgebraucht. Genossen habe ich die letzten Kilometer nicht wirklich.<\/p>\n<p><a href=\"http:\/\/blog.meineigenerweg.de\/wp-content\/uploads\/2014\/01\/30-St_Leonhard.jpg\"><img loading=\"lazy\" decoding=\"async\" class=\"alignnone size-medium wp-image-444\" src=\"http:\/\/blog.meineigenerweg.de\/wp-content\/uploads\/2014\/01\/30-St_Leonhard-300x200.jpg\" alt=\"30 St_Leonhard\" width=\"300\" height=\"200\" srcset=\"http:\/\/blog.meineigenerweg.de\/wp-content\/uploads\/2014\/01\/30-St_Leonhard-300x200.jpg 300w, http:\/\/blog.meineigenerweg.de\/wp-content\/uploads\/2014\/01\/30-St_Leonhard.jpg 1000w\" sizes=\"auto, (max-width: 300px) 100vw, 300px\" \/><\/a>Daf\u00fcr entsch\u00e4digt mich Meran mit schattigen Laubeng\u00e4ngen, unter denen sich viele h\u00fcbsche kleine Bars und Restaurants verbergen. Eine gute Gelegenheit, mein zweites Etappenziel zu feiern.<\/p>\n<p>&nbsp;<\/p>\n<p>&gt;&gt;&gt;&gt;&gt; hier geht es zur\u00fcck oder weiter &lt;&lt;&lt;&lt;&lt;<!--nextpage--><\/p>\n<p>&nbsp;<\/p>\n<h5>Woche 3 &#8211; Meran &#8211; Trento<\/h5>\n<h6>Tag 13 &#8211; Meran &#8211; Terlan<\/h6>\n<p><a href=\"http:\/\/blog.meineigenerweg.de\/wp-content\/uploads\/2014\/01\/40-Meran.jpg\"><img loading=\"lazy\" decoding=\"async\" class=\"alignnone size-medium wp-image-449\" src=\"http:\/\/blog.meineigenerweg.de\/wp-content\/uploads\/2014\/01\/40-Meran-300x200.jpg\" alt=\"40 Meran\" width=\"300\" height=\"200\" srcset=\"http:\/\/blog.meineigenerweg.de\/wp-content\/uploads\/2014\/01\/40-Meran-300x200.jpg 300w, http:\/\/blog.meineigenerweg.de\/wp-content\/uploads\/2014\/01\/40-Meran.jpg 1000w\" sizes=\"auto, (max-width: 300px) 100vw, 300px\" \/><\/a>Durch das breite Etsch-Tal geht es weiter, egal wohin ich schaue,\u00a0sehe nur noch Apfelb\u00e4ume, von der rechten Seite des Tals bis zur linken, vor mir und auch hinter mir nichts als \u00c4pfel. Viele der Plantagen sind mit endlosen\u00a0feinen Netzen \u00fcberspannt, was dem ganzen Tal die Farbe nimmt und es grau erscheinen l\u00e4sst, besonders wenn man den Berg hinauf geht und es von oben betrachtet.<\/p>\n<p>Kurz vor Terlan tauchen die ersten Schilder &#8222;S\u00fcdtiroler Weinstra\u00dfe&#8220; auf, aber wo bleibt der Wein, noch sehe ich nur \u00c4pfel. Terlan stelle ich mir als kleines h\u00fcbsches \u00d6rtchen vor, immerhin kommt der &#8222;Terlaner&#8220;, der\u00a0mit bei der Weinprobe so gut geschmeckt hat, hierher. Aber ich werde entt\u00e4uscht,\u00a0klein ja, \u00fcber h\u00fcbsch kann man wahrscheinlich streiten, gem\u00fctliche Weinlokale gibt es keine.<\/p>\n<p>&nbsp;<\/p>\n<h6>Tag 14 &#8211; Terlan &#8211; Kaltern<\/h6>\n<p><a href=\"http:\/\/blog.meineigenerweg.de\/wp-content\/uploads\/2014\/01\/41-Terlan.jpg\"><img loading=\"lazy\" decoding=\"async\" class=\"alignnone size-medium wp-image-451\" src=\"http:\/\/blog.meineigenerweg.de\/wp-content\/uploads\/2014\/01\/41-Terlan-300x200.jpg\" alt=\"41 Terlan\" width=\"300\" height=\"200\" srcset=\"http:\/\/blog.meineigenerweg.de\/wp-content\/uploads\/2014\/01\/41-Terlan-300x200.jpg 300w, http:\/\/blog.meineigenerweg.de\/wp-content\/uploads\/2014\/01\/41-Terlan.jpg 1000w\" sizes=\"auto, (max-width: 300px) 100vw, 300px\" \/><\/a>Nach und nach tauchen sie auf, die ersten Weinplantagen. Weinberge\u00a0gibt es\u00a0hier nicht,\u00a0es w\u00e4chst alles im Tal. Es ist sehr hei\u00df und ich freue mich jedes Mal, wenn ich einen Wasserstrahl der Bew\u00e4sserungsanlagen abbekomme. Ich hoffe, da ist auch tats\u00e4chlich nur Wasser drin und nicht auch\u00a0noch Insektenschutzmittel.<\/p>\n<p><a href=\"http:\/\/blog.meineigenerweg.de\/wp-content\/uploads\/2014\/01\/42-Terlan.jpg\"><img loading=\"lazy\" decoding=\"async\" class=\"alignnone size-medium wp-image-452\" src=\"http:\/\/blog.meineigenerweg.de\/wp-content\/uploads\/2014\/01\/42-Terlan-300x200.jpg\" alt=\"42 Terlan\" width=\"300\" height=\"200\" srcset=\"http:\/\/blog.meineigenerweg.de\/wp-content\/uploads\/2014\/01\/42-Terlan-300x200.jpg 300w, http:\/\/blog.meineigenerweg.de\/wp-content\/uploads\/2014\/01\/42-Terlan.jpg 1000w\" sizes=\"auto, (max-width: 300px) 100vw, 300px\" \/><\/a>Oberhalb des Ortes mit Blick auf den Kalterer See finde ich eine Privatunterkunft mit Swimmingpool, es ist sehr hei\u00df geworden. Ich liege im Liegestuhl, genie\u00dfe die tolle Aussicht und freue mich auf ein leckeres s\u00fcdtiroler Abendessen im Gasthof nebenan.<\/p>\n<p>&nbsp;<\/p>\n<h6>Tag &#8211; 15 &#8211; Kaltern &#8211; Romeno<\/h6>\n<p><a href=\"http:\/\/blog.meineigenerweg.de\/wp-content\/uploads\/2014\/01\/43-Kaltern.jpg\"><img loading=\"lazy\" decoding=\"async\" class=\"alignnone size-medium wp-image-453\" src=\"http:\/\/blog.meineigenerweg.de\/wp-content\/uploads\/2014\/01\/43-Kaltern-300x200.jpg\" alt=\"43 Kaltern\" width=\"300\" height=\"200\" srcset=\"http:\/\/blog.meineigenerweg.de\/wp-content\/uploads\/2014\/01\/43-Kaltern-300x200.jpg 300w, http:\/\/blog.meineigenerweg.de\/wp-content\/uploads\/2014\/01\/43-Kaltern.jpg 1000w\" sizes=\"auto, (max-width: 300px) 100vw, 300px\" \/><\/a>Heute geht es wieder in die Berge hoch, bis Mittag will ich am Mendelpass sein. Aber ich bin auch schnell wieder weg, ein Paradies f\u00fcr Seilbahnfahrer, Sonntagsausfl\u00fcgler, Motorradfahrer und Flipflop-Tr\u00e4ger.<\/p>\n<p><a href=\"http:\/\/blog.meineigenerweg.de\/wp-content\/uploads\/2014\/01\/44-Kaltern.jpg\"><img loading=\"lazy\" decoding=\"async\" class=\"alignnone size-medium wp-image-454\" src=\"http:\/\/blog.meineigenerweg.de\/wp-content\/uploads\/2014\/01\/44-Kaltern-300x200.jpg\" alt=\"44 Kaltern\" width=\"300\" height=\"200\" srcset=\"http:\/\/blog.meineigenerweg.de\/wp-content\/uploads\/2014\/01\/44-Kaltern-300x200.jpg 300w, http:\/\/blog.meineigenerweg.de\/wp-content\/uploads\/2014\/01\/44-Kaltern.jpg 1000w\" sizes=\"auto, (max-width: 300px) 100vw, 300px\" \/><\/a>Heute spinnt mein Wandernavi ein bisschen, behauptet es doch stur, es gibt keinen Wanderweg und ich solle \u00fcber die Stra\u00dfe laufen. H\u00e4tte ich doch mal ein Wanderkarte mitgenommen, aber nein ich habe ja auf die Technik gesetzt. Kurzentschlossen biege ich von der Stra\u00dfe in den n\u00e4chsten Waldweg ab und orientiere mich mit dem Kompass zu meinem Ziel, klappt wunderbar.<\/p>\n<p><a href=\"http:\/\/blog.meineigenerweg.de\/wp-content\/uploads\/2014\/01\/45-Kaltern.jpg\"><img loading=\"lazy\" decoding=\"async\" class=\"alignnone size-medium wp-image-455\" src=\"http:\/\/blog.meineigenerweg.de\/wp-content\/uploads\/2014\/01\/45-Kaltern-300x200.jpg\" alt=\"45 Kaltern\" width=\"300\" height=\"200\" srcset=\"http:\/\/blog.meineigenerweg.de\/wp-content\/uploads\/2014\/01\/45-Kaltern-300x200.jpg 300w, http:\/\/blog.meineigenerweg.de\/wp-content\/uploads\/2014\/01\/45-Kaltern.jpg 1000w\" sizes=\"auto, (max-width: 300px) 100vw, 300px\" \/><\/a>Unbemerkt bin ich von S\u00fcdtirol ins Trentino gelaufen, hier gibt es kein Eis mehr, sondern einen\u00a0&#8222;un coppa frutti di bosco, per favore&#8220;.<\/p>\n<p>&nbsp;<\/p>\n<h6>Tag 16 &#8211; Romeno &#8211; Cles<\/h6>\n<p><a href=\"http:\/\/blog.meineigenerweg.de\/wp-content\/uploads\/2014\/01\/45-Romeno.jpg\"><img loading=\"lazy\" decoding=\"async\" class=\"alignnone size-medium wp-image-458\" src=\"http:\/\/blog.meineigenerweg.de\/wp-content\/uploads\/2014\/01\/45-Romeno-300x225.jpg\" alt=\"45 Romeno\" width=\"300\" height=\"225\" srcset=\"http:\/\/blog.meineigenerweg.de\/wp-content\/uploads\/2014\/01\/45-Romeno-300x225.jpg 300w, http:\/\/blog.meineigenerweg.de\/wp-content\/uploads\/2014\/01\/45-Romeno.jpg 1000w\" sizes=\"auto, (max-width: 300px) 100vw, 300px\" \/><\/a>Wartet ihr mal auf den Bus, ich gehe schon mal vor.<\/p>\n<p>Plan\u00e4nderung, es ist so hei\u00df, das ich meinen Weg kurzfristig umdisponieren und einen Abstecher zum Lago die Santa Giustina zu machen um mich ein paar Stunden an den Strand zu legen.<\/p>\n<p><a href=\"http:\/\/blog.meineigenerweg.de\/wp-content\/uploads\/2014\/01\/47-Romeno.jpg\"><img loading=\"lazy\" decoding=\"async\" class=\"alignnone size-medium wp-image-460\" src=\"http:\/\/blog.meineigenerweg.de\/wp-content\/uploads\/2014\/01\/47-Romeno-300x200.jpg\" alt=\"47 Romeno\" width=\"300\" height=\"200\" srcset=\"http:\/\/blog.meineigenerweg.de\/wp-content\/uploads\/2014\/01\/47-Romeno-300x200.jpg 300w, http:\/\/blog.meineigenerweg.de\/wp-content\/uploads\/2014\/01\/47-Romeno.jpg 1000w\" sizes=\"auto, (max-width: 300px) 100vw, 300px\" \/><\/a>Plan\u00e4nderung, je n\u00e4her ich dem Badestrand komme, desto mehr bew\u00f6lkt es sich. Also laufe ich erst mal in die Altstadt des kleinen St\u00e4dtchen Cles.<\/p>\n<p><a href=\"http:\/\/blog.meineigenerweg.de\/wp-content\/uploads\/2014\/01\/46-Romeno.jpg\"><img loading=\"lazy\" decoding=\"async\" class=\"alignnone size-medium wp-image-461\" src=\"http:\/\/blog.meineigenerweg.de\/wp-content\/uploads\/2014\/01\/46-Romeno-300x200.jpg\" alt=\"46 Romeno\" width=\"300\" height=\"200\" srcset=\"http:\/\/blog.meineigenerweg.de\/wp-content\/uploads\/2014\/01\/46-Romeno-300x200.jpg 300w, http:\/\/blog.meineigenerweg.de\/wp-content\/uploads\/2014\/01\/46-Romeno.jpg 1000w\" sizes=\"auto, (max-width: 300px) 100vw, 300px\" \/><\/a>Heute ist Markttag, die Altstadt ist voller Marktst\u00e4nde und es gibt nichts, was es nicht gibt, Obst und Gem\u00fcse, Topfe, Spielzeug, Unterw\u00e4sche und Sonnencreme. Aber die brauche ich leider nicht mehr, denn es geht von einem Wolkenbruch und Dauerregen wechseln sich f\u00fcr den Rest des Tages ab.<\/p>\n<p>&nbsp;<\/p>\n<h6>Tag 17 &#8211; Cles &#8211; Mezzolombardo<\/h6>\n<p>Bevor ich wieder durch endlose Wein- und Apfelplantagen laufen kann, muss ich durch ein kleines Industriegebiet. Tausende, ja Zehntausende von gro\u00dfen gr\u00fcnen Plastikkisten, zu\u00a0haushohen Stapeln aufget\u00fcrmt, waren darauf im Herbst\u00a0mit \u00c4pfeln gef\u00fcllt zu werden. Agrarindustrie.<\/p>\n<p><a href=\"http:\/\/blog.meineigenerweg.de\/wp-content\/uploads\/2014\/01\/48-Cles.jpg\"><img loading=\"lazy\" decoding=\"async\" class=\"alignnone size-medium wp-image-464\" src=\"http:\/\/blog.meineigenerweg.de\/wp-content\/uploads\/2014\/01\/48-Cles-300x200.jpg\" alt=\"48 Cles\" width=\"300\" height=\"200\" srcset=\"http:\/\/blog.meineigenerweg.de\/wp-content\/uploads\/2014\/01\/48-Cles-300x200.jpg 300w, http:\/\/blog.meineigenerweg.de\/wp-content\/uploads\/2014\/01\/48-Cles.jpg 1000w\" sizes=\"auto, (max-width: 300px) 100vw, 300px\" \/><\/a>In Mezzolombardo sind Touristen unbekannt und erst nach vielem Fragen und hin und her laufen,\u00a0finde ich das einzige Privatzimmer, das es hier gibt. Im Ort soll es\u00a0eine Pizzaria geben, sagt meine Zimmerwirtin. Aber ich finde weder die Pizzaria noch\u00a0ein anderes Restaurant, bis ich pl\u00f6tzlich vor einem China-Restaurant stehe.\u00a0Man erkennt es von der Stra\u00dfe fast nicht, von innen ist es gro\u00df, 30 Tische, aber menschenleer. Der Hunger l\u00e4sst mich bleiben. Das Essen ist \u00fcberraschend gut und als ich fertig gegessen habe, ist das Restaurant bis auf den letzten Platz gef\u00fcllt. Komisch.<\/p>\n<p>&nbsp;<\/p>\n<h6>Tag 18 &#8211; Mezzolombardo &#8211; Lavis<\/h6>\n<p>Der Weg f\u00fchrt, wie in den letzten Tagen immer, durch Wein- oder Apfelplantagen, aber der dem kleinen Ort Lavis gef\u00e4llt mir. Als ich in die kleine Altstadt komme h\u00f6re ich aus einer Kirche Orgelmusik. Ich mag Orgelmusik sehr und setzte mich in die leere Kirche und h\u00f6re zu &#8211; wundersch\u00f6n!<\/p>\n<p>Ich finde eine Pizzeria, die auch Zimmer vermietet. Dort lerne ich ein paar Radfahrer aus M\u00fcnchen kennen, die zum Gardasee wollen. Es wird ein lustiger Abend, wir sitzen mit Rotwein vor der kleinen Bar auf der Stra\u00dfe, unterhalten uns, genie\u00dfen die Atmosph\u00e4re, lachen viel.<\/p>\n<p><a href=\"http:\/\/blog.meineigenerweg.de\/wp-content\/uploads\/2014\/01\/50-Mezzolombardo.jpg\"><img loading=\"lazy\" decoding=\"async\" class=\"alignnone size-medium wp-image-467\" src=\"http:\/\/blog.meineigenerweg.de\/wp-content\/uploads\/2014\/01\/50-Mezzolombardo-300x225.jpg\" alt=\"$$$\" width=\"300\" height=\"225\" \/><\/a>Die Zapfs\u00e4ule in der Bar sieht eigentlich normal aus, aus dem einen Zapfhahn kommt\u00a0deutsches Weizenbier aus den anderen Wei\u00df- und Rotwein.<\/p>\n<p>&nbsp;<\/p>\n<h6>Tag 19 &#8211; Lavis &#8211; Trento<\/h6>\n<p>Der Weg nach Trento ist nicht mehr ganz so sch\u00f6n, je n\u00e4her ich der Stadt komme, desto gr\u00f6\u00dfer werden die Industriegebiete, die ich von oben vom Berg erkennen kann. Trento empf\u00e4ngt mich mit vierspurigen Stra\u00dfen und Rushhour. Nicht sch\u00f6n. Aber daf\u00fcr gef\u00e4llt mir die Altstadt umso besser.<\/p>\n<p><a href=\"http:\/\/blog.meineigenerweg.de\/wp-content\/uploads\/2014\/01\/52-Lavis.jpg\"><img loading=\"lazy\" decoding=\"async\" class=\"alignnone size-medium wp-image-469\" src=\"http:\/\/blog.meineigenerweg.de\/wp-content\/uploads\/2014\/01\/52-Lavis-300x200.jpg\" alt=\"52 Lavis\" width=\"300\" height=\"200\" srcset=\"http:\/\/blog.meineigenerweg.de\/wp-content\/uploads\/2014\/01\/52-Lavis-300x200.jpg 300w, http:\/\/blog.meineigenerweg.de\/wp-content\/uploads\/2014\/01\/52-Lavis.jpg 1000w\" sizes=\"auto, (max-width: 300px) 100vw, 300px\" \/><\/a>Quirlig, laut, italienisch, toll, hier k\u00f6nnte ich l\u00e4nger bleiben, Pasta, Vino, palare, Grappa.<\/p>\n<p>&nbsp;<\/p>\n<h6>Tag 20 &#8211; Trento<\/h6>\n<p>Ich lege eine faulen Tag in Trento ein, es gibt viel Gr\u00fcnde, die Stadt gef\u00e4llt mir, die Sonne schein,<\/p>\n<p><a href=\"http:\/\/blog.meineigenerweg.de\/wp-content\/uploads\/2014\/01\/54-Trento.jpg\"><img loading=\"lazy\" decoding=\"async\" class=\"alignnone size-medium wp-image-473\" src=\"http:\/\/blog.meineigenerweg.de\/wp-content\/uploads\/2014\/01\/54-Trento-300x200.jpg\" alt=\"54 Trento\" width=\"300\" height=\"200\" srcset=\"http:\/\/blog.meineigenerweg.de\/wp-content\/uploads\/2014\/01\/54-Trento-300x200.jpg 300w, http:\/\/blog.meineigenerweg.de\/wp-content\/uploads\/2014\/01\/54-Trento.jpg 1000w\" sizes=\"auto, (max-width: 300px) 100vw, 300px\" \/><\/a>es ist Markttag<\/p>\n<p><a href=\"http:\/\/blog.meineigenerweg.de\/wp-content\/uploads\/2014\/01\/53-Trento.jpg\"><img loading=\"lazy\" decoding=\"async\" class=\"alignnone size-medium wp-image-474\" src=\"http:\/\/blog.meineigenerweg.de\/wp-content\/uploads\/2014\/01\/53-Trento-300x225.jpg\" alt=\"53 Trento\" width=\"300\" height=\"225\" srcset=\"http:\/\/blog.meineigenerweg.de\/wp-content\/uploads\/2014\/01\/53-Trento-300x225.jpg 300w, http:\/\/blog.meineigenerweg.de\/wp-content\/uploads\/2014\/01\/53-Trento.jpg 1000w\" sizes=\"auto, (max-width: 300px) 100vw, 300px\" \/><\/a>und am Abend gibt es an der Stadtmauer ein Konzert von Joan Beaz (ich wusste gar nicht das die noch lebt). Erinnerungen als wilde Jahre in den Siebzigern &#8211; House Of The Rising Sun &#8211; We Shall Overcome &#8230; jede Menge Schmusemusik zum letzten Drittel der Party.<\/p>\n<p>&nbsp;<\/p>\n<p>&gt;&gt;&gt;&gt;&gt; hier geht es zur\u00fcck oder weiter &lt;&lt;&lt;&lt;&lt;<!--nextpage--><\/p>\n<h6>Tag 21 &#8211; Trento &#8211; Vason<\/h6>\n<p><a href=\"http:\/\/blog.meineigenerweg.de\/wp-content\/uploads\/2014\/01\/60-Trento.jpg\"><img loading=\"lazy\" decoding=\"async\" class=\"alignnone size-medium wp-image-479\" src=\"http:\/\/blog.meineigenerweg.de\/wp-content\/uploads\/2014\/01\/60-Trento-300x200.jpg\" alt=\"60 Trento\" width=\"300\" height=\"200\" srcset=\"http:\/\/blog.meineigenerweg.de\/wp-content\/uploads\/2014\/01\/60-Trento-300x200.jpg 300w, http:\/\/blog.meineigenerweg.de\/wp-content\/uploads\/2014\/01\/60-Trento.jpg 1000w\" sizes=\"auto, (max-width: 300px) 100vw, 300px\" \/><\/a>Aus der quirligen Stadt geht es wieder hinauf in die Einsamkeit der Berge. Sch\u00f6n ist es hier, aber einsam im wahrsten Sinne des Wortes. Der kleine Skiort mit einer Handvoll Gasth\u00f6fen und Hotels wei\u00dft mich mit ein paar Schildern und verschlossenen T\u00fcren darauf hin, dass die Saison am 15. beginnt &#8211; dumm heute ist der 14.\u00a0O.k., ich musste nicht auf der Stra\u00dfe schlafen und habe sogar\u00a0noch etwas zu Essen bekommen.<\/p>\n<p>&nbsp;<\/p>\n<h6>Tag 22 &#8211; Vason &#8211; Lagolo<\/h6>\n<p><a href=\"http:\/\/blog.meineigenerweg.de\/wp-content\/uploads\/2014\/01\/61-Vason.jpg\"><img loading=\"lazy\" decoding=\"async\" class=\"alignnone size-medium wp-image-481\" src=\"http:\/\/blog.meineigenerweg.de\/wp-content\/uploads\/2014\/01\/61-Vason-300x214.jpg\" alt=\"61 Vason\" width=\"300\" height=\"214\" srcset=\"http:\/\/blog.meineigenerweg.de\/wp-content\/uploads\/2014\/01\/61-Vason-300x214.jpg 300w, http:\/\/blog.meineigenerweg.de\/wp-content\/uploads\/2014\/01\/61-Vason.jpg 1000w\" sizes=\"auto, (max-width: 300px) 100vw, 300px\" \/><\/a>Der Weg startet mit einem aufmunterndem Hinweisschild, aber zu recht, es ist steil und glitschig.<\/p>\n<p><a href=\"http:\/\/blog.meineigenerweg.de\/wp-content\/uploads\/2014\/01\/62-Vason.jpg\"><img loading=\"lazy\" decoding=\"async\" class=\"alignnone size-medium wp-image-482\" src=\"http:\/\/blog.meineigenerweg.de\/wp-content\/uploads\/2014\/01\/62-Vason-300x200.jpg\" alt=\"62 Vason\" width=\"300\" height=\"200\" srcset=\"http:\/\/blog.meineigenerweg.de\/wp-content\/uploads\/2014\/01\/62-Vason-300x200.jpg 300w, http:\/\/blog.meineigenerweg.de\/wp-content\/uploads\/2014\/01\/62-Vason.jpg 1000w\" sizes=\"auto, (max-width: 300px) 100vw, 300px\" \/><\/a>Mitten in der Wildnis, oben auf einem Hochplateau, weit weg von jedem Ort, f\u00fcnf Meter im Durchmesser, Spiegelblank. Was ist es, Kunst, Kultst\u00e4tte eines Bergvolks, ein Ufo?<\/p>\n<p><a href=\"http:\/\/blog.meineigenerweg.de\/wp-content\/uploads\/2014\/01\/63-Vason.jpg\"><img loading=\"lazy\" decoding=\"async\" class=\"alignnone size-medium wp-image-483\" src=\"http:\/\/blog.meineigenerweg.de\/wp-content\/uploads\/2014\/01\/63-Vason-300x200.jpg\" alt=\"63 Vason\" width=\"300\" height=\"200\" srcset=\"http:\/\/blog.meineigenerweg.de\/wp-content\/uploads\/2014\/01\/63-Vason-300x200.jpg 300w, http:\/\/blog.meineigenerweg.de\/wp-content\/uploads\/2014\/01\/63-Vason.jpg 1000w\" sizes=\"auto, (max-width: 300px) 100vw, 300px\" \/><\/a>Der Lago di Lagolo, zwei H\u00e4user und ein Gasthof &#8211;\u00a0menschenleer aber zum Gl\u00fcck ge\u00f6ffnet, denn ich bin ganz sch\u00f6n ersch\u00f6pft.<\/p>\n<p>&nbsp;<\/p>\n<h6>Tag 23 &#8211; Lagolo &#8211; Riva del Garda<\/h6>\n<p><a href=\"http:\/\/blog.meineigenerweg.de\/wp-content\/uploads\/2014\/01\/64-Lagolo.jpg\"><img loading=\"lazy\" decoding=\"async\" class=\"alignnone size-medium wp-image-485\" src=\"http:\/\/blog.meineigenerweg.de\/wp-content\/uploads\/2014\/01\/64-Lagolo-300x200.jpg\" alt=\"64 Lagolo\" width=\"300\" height=\"200\" srcset=\"http:\/\/blog.meineigenerweg.de\/wp-content\/uploads\/2014\/01\/64-Lagolo-300x200.jpg 300w, http:\/\/blog.meineigenerweg.de\/wp-content\/uploads\/2014\/01\/64-Lagolo.jpg 1000w\" sizes=\"auto, (max-width: 300px) 100vw, 300px\" \/><\/a>Es geht wieder den Berg hinunter Richtung Gardasee. Die Stra\u00dfen werden wieder voller, die Orte liegen immer n\u00e4her aneinander, bis sie nahtlos ineinander \u00fcber gehen. Die Menschen, denen ich begegne, tragen immer weniger\u00a0Wanderkleidung, sondern ich sehe immer mehr kurze Hosen, T-Shirts und Flip Flops. Die ersten Palmen tauchen auf, Zitronen- und Orangenb\u00e4ume wachsen in den G\u00e4rten und in gro\u00dfen K\u00fcbeln bl\u00fcht der Oleander.<a href=\"http:\/\/blog.meineigenerweg.de\/wp-content\/uploads\/2014\/01\/65-Lagolo.jpg\"><img loading=\"lazy\" decoding=\"async\" class=\"alignnone size-medium wp-image-486\" src=\"http:\/\/blog.meineigenerweg.de\/wp-content\/uploads\/2014\/01\/65-Lagolo-300x200.jpg\" alt=\"65 Lagolo\" width=\"300\" height=\"200\" srcset=\"http:\/\/blog.meineigenerweg.de\/wp-content\/uploads\/2014\/01\/65-Lagolo-300x200.jpg 300w, http:\/\/blog.meineigenerweg.de\/wp-content\/uploads\/2014\/01\/65-Lagolo.jpg 1000w\" sizes=\"auto, (max-width: 300px) 100vw, 300px\" \/><\/a>Meine Empfindung \u00e4ndert sich, hier f\u00fchlt es sich nicht mehr nach Bergurlaub an, sondern nach &#8222;Bella Italia&#8220; und Badestrand.<\/p>\n<p><a href=\"http:\/\/blog.meineigenerweg.de\/wp-content\/uploads\/2014\/01\/66-Lagolo.jpg\"><img loading=\"lazy\" decoding=\"async\" class=\"alignnone size-medium wp-image-487\" src=\"http:\/\/blog.meineigenerweg.de\/wp-content\/uploads\/2014\/01\/66-Lagolo-300x200.jpg\" alt=\"66 Lagolo\" width=\"300\" height=\"200\" srcset=\"http:\/\/blog.meineigenerweg.de\/wp-content\/uploads\/2014\/01\/66-Lagolo-300x200.jpg 300w, http:\/\/blog.meineigenerweg.de\/wp-content\/uploads\/2014\/01\/66-Lagolo.jpg 1000w\" sizes=\"auto, (max-width: 300px) 100vw, 300px\" \/><\/a>Den Abend verbringe ich im quirligen Hafen, aber im Gegensatz zu Gasth\u00f6fen und Restaurant in den Bergen, komme ich hier mit niemandem ins Gespr\u00e4ch.<\/p>\n<p>&nbsp;<\/p>\n<h6>Tag 24 &#8211; Riva del Garda &#8211; Limone<\/h6>\n<p><a href=\"http:\/\/blog.meineigenerweg.de\/wp-content\/uploads\/2014\/01\/68-Riva.jpg\"><img loading=\"lazy\" decoding=\"async\" class=\"alignnone size-medium wp-image-490\" src=\"http:\/\/blog.meineigenerweg.de\/wp-content\/uploads\/2014\/01\/68-Riva-300x200.jpg\" alt=\"68 Riva\" width=\"300\" height=\"200\" srcset=\"http:\/\/blog.meineigenerweg.de\/wp-content\/uploads\/2014\/01\/68-Riva-300x200.jpg 300w, http:\/\/blog.meineigenerweg.de\/wp-content\/uploads\/2014\/01\/68-Riva.jpg 1000w\" sizes=\"auto, (max-width: 300px) 100vw, 300px\" \/><\/a>Limone ist ein kleines romantisches \u00d6rtchen\u00a0&#8211; so in meiner Erinnerung, die aber, wenn ich mal nachrechne, schon 50 (!) Jahre zur\u00fcck liegt. Urlaub mit Mama und Papa, sentimental Journey, deshalb der Abstecher.<\/p>\n<p><a href=\"http:\/\/blog.meineigenerweg.de\/wp-content\/uploads\/2014\/01\/69-Riva.jpg\"><img loading=\"lazy\" decoding=\"async\" class=\"alignnone size-medium wp-image-491\" src=\"http:\/\/blog.meineigenerweg.de\/wp-content\/uploads\/2014\/01\/69-Riva-300x200.jpg\" alt=\"69 Riva\" width=\"300\" height=\"200\" srcset=\"http:\/\/blog.meineigenerweg.de\/wp-content\/uploads\/2014\/01\/69-Riva-300x200.jpg 300w, http:\/\/blog.meineigenerweg.de\/wp-content\/uploads\/2014\/01\/69-Riva.jpg 1000w\" sizes=\"auto, (max-width: 300px) 100vw, 300px\" \/><\/a>Es gibt noch h\u00fcbsche Ecken, aber insgesamt zu voll und zu touristisch.<\/p>\n<p>&nbsp;<\/p>\n<h6>Tag 25 &#8211; Limone &#8211; Brenzone<\/h6>\n<p><a href=\"http:\/\/blog.meineigenerweg.de\/wp-content\/uploads\/2014\/01\/70-Limone.jpg\"><img loading=\"lazy\" decoding=\"async\" class=\"alignnone size-medium wp-image-493\" src=\"http:\/\/blog.meineigenerweg.de\/wp-content\/uploads\/2014\/01\/70-Limone-300x200.jpg\" alt=\"70 Limone\" width=\"300\" height=\"200\" srcset=\"http:\/\/blog.meineigenerweg.de\/wp-content\/uploads\/2014\/01\/70-Limone-300x200.jpg 300w, http:\/\/blog.meineigenerweg.de\/wp-content\/uploads\/2014\/01\/70-Limone.jpg 1000w\" sizes=\"auto, (max-width: 300px) 100vw, 300px\" \/><\/a>Mit dem ersten\u00a0Boot fahre ich fr\u00fch morgens \u00fcber den See nach Malcesine.<\/p>\n<p><a href=\"http:\/\/blog.meineigenerweg.de\/wp-content\/uploads\/2014\/01\/71-Limone.jpg\"><img loading=\"lazy\" decoding=\"async\" class=\"alignnone size-medium wp-image-494\" src=\"http:\/\/blog.meineigenerweg.de\/wp-content\/uploads\/2014\/01\/71-Limone-300x200.jpg\" alt=\"71 Limone\" width=\"300\" height=\"200\" srcset=\"http:\/\/blog.meineigenerweg.de\/wp-content\/uploads\/2014\/01\/71-Limone-300x200.jpg 300w, http:\/\/blog.meineigenerweg.de\/wp-content\/uploads\/2014\/01\/71-Limone.jpg 1000w\" sizes=\"auto, (max-width: 300px) 100vw, 300px\" \/><\/a>Dann geht es am See entlang. Die Orte werden wieder kleiner und die Touristen weniger. In einem der wenigen Restaurants am See esse ich leckeren Fisch, frisch aus dem See.<\/p>\n<p>&nbsp;<\/p>\n<h6>Tag 26 &#8211; Brenzone &#8211; Bardolino<\/h6>\n<p>Eigentlich wollte ich wieder den Berg hinauf, auf den Monte Baldo und dann \u00fcber den Grad der auslaufenden Alpen nach Verona.<\/p>\n<p><a href=\"http:\/\/blog.meineigenerweg.de\/wp-content\/uploads\/2014\/01\/72-Limone.jpg\"><img loading=\"lazy\" decoding=\"async\" class=\"alignnone size-medium wp-image-496\" src=\"http:\/\/blog.meineigenerweg.de\/wp-content\/uploads\/2014\/01\/72-Limone-300x200.jpg\" alt=\"72 Limone\" width=\"300\" height=\"200\" srcset=\"http:\/\/blog.meineigenerweg.de\/wp-content\/uploads\/2014\/01\/72-Limone-300x200.jpg 300w, http:\/\/blog.meineigenerweg.de\/wp-content\/uploads\/2014\/01\/72-Limone.jpg 1000w\" sizes=\"auto, (max-width: 300px) 100vw, 300px\" \/><\/a>Aber es ist hei\u00df, der Aufstieg beschwerlich und eigentlich habe ich von den Bergen schon Abschied genommen. Ich will See! Ich will meinen eigenen Weg, also: Plan\u00e4nderung! Ich laufe am See entlang bis Bardolino und dann s\u00fcd\u00f6stlich Richtung Verona. Das ist zwar ein bisschen weiter, aber ich habe ja gen\u00fcgend Zeit.\u00a0Ab und zu liegen ein paar Sonnenbadende am Ufer und schauen mir verwundert zu, wenn ich mit meinem gro\u00dfen Rucksack und den dicken Wanderschuhen vorbei laufe.<\/p>\n<p><a href=\"http:\/\/blog.meineigenerweg.de\/wp-content\/uploads\/2014\/01\/74-Brenzone.jpg\"><img loading=\"lazy\" decoding=\"async\" class=\"alignnone size-medium wp-image-497\" src=\"http:\/\/blog.meineigenerweg.de\/wp-content\/uploads\/2014\/01\/74-Brenzone-300x200.jpg\" alt=\"74 Brenzone\" width=\"300\" height=\"200\" srcset=\"http:\/\/blog.meineigenerweg.de\/wp-content\/uploads\/2014\/01\/74-Brenzone-300x200.jpg 300w, http:\/\/blog.meineigenerweg.de\/wp-content\/uploads\/2014\/01\/74-Brenzone.jpg 1000w\" sizes=\"auto, (max-width: 300px) 100vw, 300px\" \/><\/a>Ein h\u00fcbsches Hafenst\u00e4dtchen mit genau meiner Stimmung am Abend.<\/p>\n<p>&nbsp;<\/p>\n<h6>Tag 27 &#8211; Bardolino &#8211; Verona<\/h6>\n<p>Die letzten Kilometer sind nur noch Weg zum Ziel. Die Berge sind vorbei, Felder und Brachen wechseln sich ab. Irgendwann tauchen die ersten Industriegebiete auf.<\/p>\n<p><a href=\"http:\/\/blog.meineigenerweg.de\/wp-content\/uploads\/2014\/01\/75-Verona.jpg\"><img loading=\"lazy\" decoding=\"async\" class=\"alignnone size-medium wp-image-498\" src=\"http:\/\/blog.meineigenerweg.de\/wp-content\/uploads\/2014\/01\/75-Verona-300x200.jpg\" alt=\"75 Verona\" width=\"300\" height=\"200\" srcset=\"http:\/\/blog.meineigenerweg.de\/wp-content\/uploads\/2014\/01\/75-Verona-300x200.jpg 300w, http:\/\/blog.meineigenerweg.de\/wp-content\/uploads\/2014\/01\/75-Verona.jpg 1000w\" sizes=\"auto, (max-width: 300px) 100vw, 300px\" \/><\/a>Und dann war ich pl\u00f6tzlich da! Ich legte die Hand an den warmen Stein der Arena di Verona und ein heftiges Gef\u00fchl des Stolzes machte sich in mir breit. 538 km sage mein Navi, bei Regen, Sturm und Sonnenschein, bergauf und bergab. Ich suche mir ein Restaurant direkt am Piazza Bra mit Blick auf die Arena und feiere meine Ankunft.<\/p>\n","protected":false},"excerpt":{"rendered":"<p>Mit 60, kurz vor dem Bournout, vom beruflichem Leistungsdruck gestresst, von fr\u00fchen Todesf\u00e4llen in Familie und Freundeskreis beunruhigt, machte ich mich auf den Weg, mich selbst wiederzufinden. Eine abenteuerliche und gleichzeitig am\u00fcsante Tour \u00fcber die Alpen von Bad T\u00f6lz bei M\u00fcnchen bis nach Verona, 538 km in vier Wochen. Aber<\/p>\n","protected":false},"author":1,"featured_media":234,"parent":146,"menu_order":0,"comment_status":"closed","ping_status":"closed","template":"","meta":{"footnotes":""},"class_list":["post-90","page","type-page","status-publish","has-post-thumbnail","hentry"],"_links":{"self":[{"href":"http:\/\/blog.meineigenerweg.de\/index.php?rest_route=\/wp\/v2\/pages\/90","targetHints":{"allow":["GET"]}}],"collection":[{"href":"http:\/\/blog.meineigenerweg.de\/index.php?rest_route=\/wp\/v2\/pages"}],"about":[{"href":"http:\/\/blog.meineigenerweg.de\/index.php?rest_route=\/wp\/v2\/types\/page"}],"author":[{"embeddable":true,"href":"http:\/\/blog.meineigenerweg.de\/index.php?rest_route=\/wp\/v2\/users\/1"}],"replies":[{"embeddable":true,"href":"http:\/\/blog.meineigenerweg.de\/index.php?rest_route=%2Fwp%2Fv2%2Fcomments&post=90"}],"version-history":[{"count":140,"href":"http:\/\/blog.meineigenerweg.de\/index.php?rest_route=\/wp\/v2\/pages\/90\/revisions"}],"predecessor-version":[{"id":5899,"href":"http:\/\/blog.meineigenerweg.de\/index.php?rest_route=\/wp\/v2\/pages\/90\/revisions\/5899"}],"up":[{"embeddable":true,"href":"http:\/\/blog.meineigenerweg.de\/index.php?rest_route=\/wp\/v2\/pages\/146"}],"wp:featuredmedia":[{"embeddable":true,"href":"http:\/\/blog.meineigenerweg.de\/index.php?rest_route=\/wp\/v2\/media\/234"}],"wp:attachment":[{"href":"http:\/\/blog.meineigenerweg.de\/index.php?rest_route=%2Fwp%2Fv2%2Fmedia&parent=90"}],"curies":[{"name":"wp","href":"https:\/\/api.w.org\/{rel}","templated":true}]}}