{"id":8136,"date":"2022-07-20T17:55:10","date_gmt":"2022-07-20T16:55:10","guid":{"rendered":"http:\/\/blog.meineigenerweg.de\/?page_id=8136"},"modified":"2022-07-20T21:45:35","modified_gmt":"2022-07-20T20:45:35","slug":"frankreich-rundreise","status":"publish","type":"page","link":"http:\/\/blog.meineigenerweg.de\/?page_id=8136","title":{"rendered":"Frankreich Rundreise"},"content":{"rendered":"<p>Juni &#8211; Juli 2022<\/p>\n<p>&nbsp;<\/p>\n<h6>Fahrt in die Normandie<\/h6>\n<p>Es ist soweit, wir starten endlich unsere Frankreich-Tour. Wir wollen an der Atlantikk\u00fcste entlang bis nach S\u00fcdfrankreich fahren. Durch Belgien und dann in die Normandie und unser erstes Ziel ist Mont Saint-Michel.<\/p>\n<p>Den ersten Campingplatz in der N\u00e4he des Mont Saint-Michel haben wir ab Sonntag gebucht. Wir fahren schon am Samstagnachmittag los und am fr\u00fchen Abend, nachdem wir die franz\u00f6sische Grenze passiert haben, fahren wir von der Autobahn ab in ein kleines St\u00e4dtchen. Dort gibt es einen kleinen Stellplatz auf dem wir die Nacht verbringen wollen. Der Stellplatz liegt inmitten kleiner Siedlungsh\u00e4usern aus rotem Backstein und erinnert an uns an die Bergarbeitersiedlungen im Ruhrgebiet! Schon etwas m\u00fcde machen wir uns auf die Suche nach einem Lokal, aber entweder sind sie schon lange geschlossen oder sie haben ausgerechnet heute zu. In einem Hinterhof finden wir die kulinarische Herausforderung dieses kleinen franz\u00f6sischen Ortes. Keine Austern, kein Wein, aber daf\u00fcr Currywurst mit Pommes und dazu belgisches Bier.<\/p>\n<p><a href=\"http:\/\/blog.meineigenerweg.de\/wp-content\/uploads\/2022\/06\/2508809C-77EF-4DF9-AF33-392E15BA4DEA.jpeg\"><img loading=\"lazy\" decoding=\"async\" class=\"alignnone size-medium wp-image-8143\" src=\"http:\/\/blog.meineigenerweg.de\/wp-content\/uploads\/2022\/06\/2508809C-77EF-4DF9-AF33-392E15BA4DEA-300x225.jpeg\" alt=\"\" width=\"300\" height=\"225\" srcset=\"http:\/\/blog.meineigenerweg.de\/wp-content\/uploads\/2022\/06\/2508809C-77EF-4DF9-AF33-392E15BA4DEA-300x225.jpeg 300w, http:\/\/blog.meineigenerweg.de\/wp-content\/uploads\/2022\/06\/2508809C-77EF-4DF9-AF33-392E15BA4DEA-768x576.jpeg 768w, http:\/\/blog.meineigenerweg.de\/wp-content\/uploads\/2022\/06\/2508809C-77EF-4DF9-AF33-392E15BA4DEA.jpeg 1000w\" sizes=\"auto, (max-width: 300px) 100vw, 300px\" \/><\/a><\/p>\n<p>&nbsp;<\/p>\n<h6>Le Havre<\/h6>\n<p>Der Weg in die Normandie f\u00fchrt uns \u00fcber Le Havre und die spektakul\u00e4re Br\u00fccke Pont du Normandie.<\/p>\n<p><a href=\"http:\/\/blog.meineigenerweg.de\/wp-content\/uploads\/2022\/06\/853F080E-53C8-4C9C-AB20-226840B2F434.jpeg\"><img loading=\"lazy\" decoding=\"async\" class=\"alignnone size-medium wp-image-8144\" src=\"http:\/\/blog.meineigenerweg.de\/wp-content\/uploads\/2022\/06\/853F080E-53C8-4C9C-AB20-226840B2F434-300x200.jpeg\" alt=\"\" width=\"300\" height=\"200\" srcset=\"http:\/\/blog.meineigenerweg.de\/wp-content\/uploads\/2022\/06\/853F080E-53C8-4C9C-AB20-226840B2F434-300x200.jpeg 300w, http:\/\/blog.meineigenerweg.de\/wp-content\/uploads\/2022\/06\/853F080E-53C8-4C9C-AB20-226840B2F434-768x513.jpeg 768w, http:\/\/blog.meineigenerweg.de\/wp-content\/uploads\/2022\/06\/853F080E-53C8-4C9C-AB20-226840B2F434.jpeg 1000w\" sizes=\"auto, (max-width: 300px) 100vw, 300px\" \/><\/a><\/p>\n<p>&nbsp;<\/p>\n<h6>Mont Saint-Michel<\/h6>\n<p>Am fr\u00fchen Nachmittag kommen wir an unserem ersten Ziel an, dem Mont Saint-Michel, dem spektakul\u00e4ren Klosterberg auf einem Granitfelsen, der aus dem Meer ragt. Die Sonne scheint, wir nehmen die R\u00e4der und fahren f\u00fcr einen ersten Eindruck zur Insel hin\u00fcber. Fr\u00fcher konnte man den Klosterberg zu Fu\u00df nur bei Ebbe erreichen, bei Flut war die kleine Insel vom Wasser umsp\u00fclt. Heute geht das ganz entspannt, denn die Insel ist \u00fcber einen langen Steg mit dem Festland verbunden. Ein Tribut an die 3.5 Millionen Touristen die die Insel pro Jahr besuchen.<\/p>\n<p><a href=\"http:\/\/blog.meineigenerweg.de\/wp-content\/uploads\/2022\/06\/101E6790-C6C0-4A02-A78A-CE5A4C13F77D.jpeg\"><img loading=\"lazy\" decoding=\"async\" class=\"alignnone size-medium wp-image-8139\" src=\"http:\/\/blog.meineigenerweg.de\/wp-content\/uploads\/2022\/06\/101E6790-C6C0-4A02-A78A-CE5A4C13F77D-300x225.jpeg\" alt=\"\" width=\"300\" height=\"225\" srcset=\"http:\/\/blog.meineigenerweg.de\/wp-content\/uploads\/2022\/06\/101E6790-C6C0-4A02-A78A-CE5A4C13F77D-300x225.jpeg 300w, http:\/\/blog.meineigenerweg.de\/wp-content\/uploads\/2022\/06\/101E6790-C6C0-4A02-A78A-CE5A4C13F77D-768x576.jpeg 768w, http:\/\/blog.meineigenerweg.de\/wp-content\/uploads\/2022\/06\/101E6790-C6C0-4A02-A78A-CE5A4C13F77D.jpeg 1000w\" sizes=\"auto, (max-width: 300px) 100vw, 300px\" \/><\/a><\/p>\n<p>Wir radeln mit den Fahrr\u00e4dern entlang des Flusses Couesnon, der vor dem Mont Saint-Michel ins Meer m\u00fcndet, bis zur Br\u00fccke, die das Festland mit dem Klosterberg verbindet. Wegen der vielen Besucher ist hier ein Shuttlebus eingesetzt, der regelm\u00e4\u00dfig hin- und zur\u00fcckf\u00e4hrt. Wir radeln aber \u00fcber die Br\u00fccke, weil es heute nicht so voll ist, und parken unsere R\u00e4der direkt am Eingang.<\/p>\n<p>Der Eintritt auf den Klosterberg ist kostenfrei, lediglich der Besuch der Abtei ist kostenpflichtig. Wir sind p\u00fcnktlich zu Beginn der Mittagszeit da, viele Besucher st\u00fcrmen eines der vielen Lokale. Deshalb steigen wir \u00fcber endlos viele Treppen zuerst zur Abtei hinauf \u00a0&#8211; hier ist es jetzt tats\u00e4chlich nicht so voll &#8211; und bummeln anschlie\u00dfend durch die Altstadt hinunter.<\/p>\n<p><a href=\"http:\/\/blog.meineigenerweg.de\/wp-content\/uploads\/2022\/06\/704C1DF1-596F-48DD-9358-B5452CF94A63.jpeg\"><img loading=\"lazy\" decoding=\"async\" class=\"alignnone size-medium wp-image-8149\" src=\"http:\/\/blog.meineigenerweg.de\/wp-content\/uploads\/2022\/06\/704C1DF1-596F-48DD-9358-B5452CF94A63-300x200.jpeg\" alt=\"\" width=\"300\" height=\"200\" srcset=\"http:\/\/blog.meineigenerweg.de\/wp-content\/uploads\/2022\/06\/704C1DF1-596F-48DD-9358-B5452CF94A63-300x200.jpeg 300w, http:\/\/blog.meineigenerweg.de\/wp-content\/uploads\/2022\/06\/704C1DF1-596F-48DD-9358-B5452CF94A63-768x512.jpeg 768w, http:\/\/blog.meineigenerweg.de\/wp-content\/uploads\/2022\/06\/704C1DF1-596F-48DD-9358-B5452CF94A63.jpeg 1000w\" sizes=\"auto, (max-width: 300px) 100vw, 300px\" \/><\/a> <a href=\"http:\/\/blog.meineigenerweg.de\/wp-content\/uploads\/2022\/06\/B18447DF-AE5B-4C74-BF5B-FFC858CA7F51.jpeg\"><img loading=\"lazy\" decoding=\"async\" class=\"alignnone size-medium wp-image-8150\" src=\"http:\/\/blog.meineigenerweg.de\/wp-content\/uploads\/2022\/06\/B18447DF-AE5B-4C74-BF5B-FFC858CA7F51-300x200.jpeg\" alt=\"\" width=\"300\" height=\"200\" srcset=\"http:\/\/blog.meineigenerweg.de\/wp-content\/uploads\/2022\/06\/B18447DF-AE5B-4C74-BF5B-FFC858CA7F51-300x200.jpeg 300w, http:\/\/blog.meineigenerweg.de\/wp-content\/uploads\/2022\/06\/B18447DF-AE5B-4C74-BF5B-FFC858CA7F51-768x512.jpeg 768w, http:\/\/blog.meineigenerweg.de\/wp-content\/uploads\/2022\/06\/B18447DF-AE5B-4C74-BF5B-FFC858CA7F51.jpeg 1000w\" sizes=\"auto, (max-width: 300px) 100vw, 300px\" \/><\/a><\/p>\n<p>Der Aufstieg ist m\u00fchsam, aber er lohnt auf jeden Fall, denn die Abtei mit den vielen R\u00e4umen und verwinkelten G\u00e4ngen ist sehr sehenswert. Im Audioguide erfahren wir von den vielen Wandmalereien, die die R\u00e4ume urspr\u00fcnglich schm\u00fcckten. Leider \u00a0ist davon und auch von den urspr\u00fcnglichen Bodenbelegen nichts mehr vorhanden.<\/p>\n<p><a href=\"http:\/\/blog.meineigenerweg.de\/wp-content\/uploads\/2022\/06\/B8289CB5-2B0A-468B-B09A-B68965FA6DFA.jpeg\"><img loading=\"lazy\" decoding=\"async\" class=\"alignnone size-medium wp-image-8152\" src=\"http:\/\/blog.meineigenerweg.de\/wp-content\/uploads\/2022\/06\/B8289CB5-2B0A-468B-B09A-B68965FA6DFA-225x300.jpeg\" alt=\"\" width=\"225\" height=\"300\" srcset=\"http:\/\/blog.meineigenerweg.de\/wp-content\/uploads\/2022\/06\/B8289CB5-2B0A-468B-B09A-B68965FA6DFA-225x300.jpeg 225w, http:\/\/blog.meineigenerweg.de\/wp-content\/uploads\/2022\/06\/B8289CB5-2B0A-468B-B09A-B68965FA6DFA.jpeg 750w\" sizes=\"auto, (max-width: 225px) 100vw, 225px\" \/><\/a><\/p>\n<p>Auch der Ausblick auf die K\u00fcste und das Meer ist lohnenswert.<\/p>\n<p><a href=\"http:\/\/blog.meineigenerweg.de\/wp-content\/uploads\/2022\/06\/12F8A32C-B4FA-4CAD-9574-E4E796058778.jpeg\"><img loading=\"lazy\" decoding=\"async\" class=\"alignnone size-medium wp-image-8153\" src=\"http:\/\/blog.meineigenerweg.de\/wp-content\/uploads\/2022\/06\/12F8A32C-B4FA-4CAD-9574-E4E796058778-225x300.jpeg\" alt=\"\" width=\"225\" height=\"300\" srcset=\"http:\/\/blog.meineigenerweg.de\/wp-content\/uploads\/2022\/06\/12F8A32C-B4FA-4CAD-9574-E4E796058778-225x300.jpeg 225w, http:\/\/blog.meineigenerweg.de\/wp-content\/uploads\/2022\/06\/12F8A32C-B4FA-4CAD-9574-E4E796058778.jpeg 750w\" sizes=\"auto, (max-width: 225px) 100vw, 225px\" \/><\/a><\/p>\n<p>Der Abstieg durch die verwinkelten Gassen mit den vielen Gesch\u00e4ften erinnert ein bisschen an die Winkelgasse aus Harry Potter.<\/p>\n<p><a href=\"http:\/\/blog.meineigenerweg.de\/wp-content\/uploads\/2022\/06\/C7ECFE88-063B-41D7-85D9-12B497DAE6B4.jpeg\"><img loading=\"lazy\" decoding=\"async\" class=\"alignnone size-medium wp-image-8154\" src=\"http:\/\/blog.meineigenerweg.de\/wp-content\/uploads\/2022\/06\/C7ECFE88-063B-41D7-85D9-12B497DAE6B4-300x200.jpeg\" alt=\"\" width=\"300\" height=\"200\" srcset=\"http:\/\/blog.meineigenerweg.de\/wp-content\/uploads\/2022\/06\/C7ECFE88-063B-41D7-85D9-12B497DAE6B4-300x200.jpeg 300w, http:\/\/blog.meineigenerweg.de\/wp-content\/uploads\/2022\/06\/C7ECFE88-063B-41D7-85D9-12B497DAE6B4-768x512.jpeg 768w, http:\/\/blog.meineigenerweg.de\/wp-content\/uploads\/2022\/06\/C7ECFE88-063B-41D7-85D9-12B497DAE6B4.jpeg 1000w\" sizes=\"auto, (max-width: 300px) 100vw, 300px\" \/><\/a><\/p>\n<p>&nbsp;<\/p>\n<h6>C\u00f4te de Granit Rose<\/h6>\n<p>Vom Klosterberg, der noch in der Normandie liegt, geht es heute weiter in die Bretagne. Unser Ziel ist das D\u00e9partement C\u00f4tes d&#8217;Armor\u00a0mit der C\u00f4te de Granit Rose, den rosa Granitfelsen.<\/p>\n<p>Die gut 200 km fahren wir in N\u00e4he der K\u00fcste durch idyllische kleine \u00d6rtchen. \u00dcberall die sch\u00f6nen Natursteinh\u00e4user, h\u00e4ufig mit den typischen blauen Fensterl\u00e4den und Hortensien als Hecken oder im Garten. Solche Bl\u00fctenfarben haben wir bisher noch nicht gesehen, blau in allen Variationen! Und in jedem noch so kleinen Ort finden wir gro\u00dfe Kirchengeb\u00e4ude.<\/p>\n<p><a href=\"http:\/\/blog.meineigenerweg.de\/wp-content\/uploads\/2022\/06\/722F69D7-F57A-4782-9759-658A2674F3D4.jpeg\"><img loading=\"lazy\" decoding=\"async\" class=\"alignnone size-medium wp-image-8156\" src=\"http:\/\/blog.meineigenerweg.de\/wp-content\/uploads\/2022\/06\/722F69D7-F57A-4782-9759-658A2674F3D4-300x225.jpeg\" alt=\"\" width=\"300\" height=\"225\" srcset=\"http:\/\/blog.meineigenerweg.de\/wp-content\/uploads\/2022\/06\/722F69D7-F57A-4782-9759-658A2674F3D4-300x225.jpeg 300w, http:\/\/blog.meineigenerweg.de\/wp-content\/uploads\/2022\/06\/722F69D7-F57A-4782-9759-658A2674F3D4-768x576.jpeg 768w, http:\/\/blog.meineigenerweg.de\/wp-content\/uploads\/2022\/06\/722F69D7-F57A-4782-9759-658A2674F3D4.jpeg 1000w\" sizes=\"auto, (max-width: 300px) 100vw, 300px\" \/><\/a><\/p>\n<p>Vom Campingplatz f\u00fchrt ein steiler Weg an den Strand und von dort aus immer oberhalb des Meeres bis zum Hafen von Trebeurden. Wir sind auf dem alten Z\u00f6llnerweg unterwegs, sehr anspruchsvoll, weil wir immer mal wieder \u00fcber die Felsen klettern m\u00fcssen! Aber dann laufen wir an der neuen Promenade am Strand entlang bis zum Hafen.<\/p>\n<p><a href=\"http:\/\/blog.meineigenerweg.de\/wp-content\/uploads\/2022\/06\/852BF3C7-723C-482F-8ABC-EBF2C1EF82CB.jpeg\"><img loading=\"lazy\" decoding=\"async\" class=\"alignnone size-medium wp-image-8160\" src=\"http:\/\/blog.meineigenerweg.de\/wp-content\/uploads\/2022\/06\/852BF3C7-723C-482F-8ABC-EBF2C1EF82CB-300x200.jpeg\" alt=\"\" width=\"300\" height=\"200\" srcset=\"http:\/\/blog.meineigenerweg.de\/wp-content\/uploads\/2022\/06\/852BF3C7-723C-482F-8ABC-EBF2C1EF82CB-300x200.jpeg 300w, http:\/\/blog.meineigenerweg.de\/wp-content\/uploads\/2022\/06\/852BF3C7-723C-482F-8ABC-EBF2C1EF82CB-768x512.jpeg 768w, http:\/\/blog.meineigenerweg.de\/wp-content\/uploads\/2022\/06\/852BF3C7-723C-482F-8ABC-EBF2C1EF82CB.jpeg 1000w\" sizes=\"auto, (max-width: 300px) 100vw, 300px\" \/><\/a><\/p>\n<p>Unser Ziel ist der Hafen von Tr\u00e9beurden.<\/p>\n<p><a href=\"http:\/\/blog.meineigenerweg.de\/wp-content\/uploads\/2022\/06\/C2C6C2FE-5131-42A0-891B-446C8D2B9FC6.jpeg\"><img loading=\"lazy\" decoding=\"async\" class=\"alignnone size-medium wp-image-8162\" src=\"http:\/\/blog.meineigenerweg.de\/wp-content\/uploads\/2022\/06\/C2C6C2FE-5131-42A0-891B-446C8D2B9FC6-300x225.jpeg\" alt=\"\" width=\"300\" height=\"225\" srcset=\"http:\/\/blog.meineigenerweg.de\/wp-content\/uploads\/2022\/06\/C2C6C2FE-5131-42A0-891B-446C8D2B9FC6-300x225.jpeg 300w, http:\/\/blog.meineigenerweg.de\/wp-content\/uploads\/2022\/06\/C2C6C2FE-5131-42A0-891B-446C8D2B9FC6-768x576.jpeg 768w, http:\/\/blog.meineigenerweg.de\/wp-content\/uploads\/2022\/06\/C2C6C2FE-5131-42A0-891B-446C8D2B9FC6.jpeg 1000w\" sizes=\"auto, (max-width: 300px) 100vw, 300px\" \/><\/a><\/p>\n<p>Hier haben sich einige Wenige mit Badekleidung am Strand eingerichtet, aber sonst ist es menschenleer. \u00a0Im Hafen liegen viele Boote, aber die Restaurants und \u00a0Strandbuden entlang der Promenade sind geschlossen, weil heute Mittwoch ist? Direkt am Hafen haben wir dann doch noch nettes Restaurant gefunden und Gerichte der Region probiert: Galette und Muscheln, lecker und empfehlenswert!<\/p>\n<p><a href=\"http:\/\/blog.meineigenerweg.de\/wp-content\/uploads\/2022\/06\/45BC0D13-1D4C-441B-B748-400F551CAB40.jpeg\"><img loading=\"lazy\" decoding=\"async\" class=\"alignnone size-medium wp-image-8163\" src=\"http:\/\/blog.meineigenerweg.de\/wp-content\/uploads\/2022\/06\/45BC0D13-1D4C-441B-B748-400F551CAB40-225x300.jpeg\" alt=\"\" width=\"225\" height=\"300\" srcset=\"http:\/\/blog.meineigenerweg.de\/wp-content\/uploads\/2022\/06\/45BC0D13-1D4C-441B-B748-400F551CAB40-225x300.jpeg 225w, http:\/\/blog.meineigenerweg.de\/wp-content\/uploads\/2022\/06\/45BC0D13-1D4C-441B-B748-400F551CAB40.jpeg 750w\" sizes=\"auto, (max-width: 225px) 100vw, 225px\" \/><\/a> <a href=\"http:\/\/blog.meineigenerweg.de\/wp-content\/uploads\/2022\/06\/F31EE62D-CED7-4689-9041-544A25ABC9F7.jpeg\"><img loading=\"lazy\" decoding=\"async\" class=\"alignnone size-medium wp-image-8164\" src=\"http:\/\/blog.meineigenerweg.de\/wp-content\/uploads\/2022\/06\/F31EE62D-CED7-4689-9041-544A25ABC9F7-225x300.jpeg\" alt=\"\" width=\"225\" height=\"300\" srcset=\"http:\/\/blog.meineigenerweg.de\/wp-content\/uploads\/2022\/06\/F31EE62D-CED7-4689-9041-544A25ABC9F7-225x300.jpeg 225w, http:\/\/blog.meineigenerweg.de\/wp-content\/uploads\/2022\/06\/F31EE62D-CED7-4689-9041-544A25ABC9F7.jpeg 768w\" sizes=\"auto, (max-width: 225px) 100vw, 225px\" \/><\/a><\/p>\n<p>Heute geht es mit den R\u00e4dern entlang der K\u00fcste und quer durch Landesinnere an den n\u00f6rdlichen Teil der C\u00f4te de Granit Rose, nach Tr\u00e9gastel und Ploumanac\u00b4h. Fast 20 km geht es bergauf und bergab, immer um die Flussarme herum. Und dann blicken wir auf die beeindruckenden, riesigen Felsen. Dieser sieht aus wie ein Steinbock, einer wie ein Kopf mit Baskenm\u00fctze.<\/p>\n<p><a href=\"http:\/\/blog.meineigenerweg.de\/wp-content\/uploads\/2022\/06\/E0309A6C-25D6-4E1E-8876-1DF7EBDD5E63.jpeg\"><img loading=\"lazy\" decoding=\"async\" class=\"alignnone size-medium wp-image-8177\" src=\"http:\/\/blog.meineigenerweg.de\/wp-content\/uploads\/2022\/06\/E0309A6C-25D6-4E1E-8876-1DF7EBDD5E63-300x225.jpeg\" alt=\"\" width=\"300\" height=\"225\" srcset=\"http:\/\/blog.meineigenerweg.de\/wp-content\/uploads\/2022\/06\/E0309A6C-25D6-4E1E-8876-1DF7EBDD5E63-300x225.jpeg 300w, http:\/\/blog.meineigenerweg.de\/wp-content\/uploads\/2022\/06\/E0309A6C-25D6-4E1E-8876-1DF7EBDD5E63-768x576.jpeg 768w, http:\/\/blog.meineigenerweg.de\/wp-content\/uploads\/2022\/06\/E0309A6C-25D6-4E1E-8876-1DF7EBDD5E63.jpeg 1000w\" sizes=\"auto, (max-width: 300px) 100vw, 300px\" \/><\/a><\/p>\n<p>Andere Formationen sind zwar nicht rosa, aber daf\u00fcr 50 mtr hoch und sehen aus wie \u00fcbereinander gestapelte Pfannekuchen.<\/p>\n<p><a href=\"http:\/\/blog.meineigenerweg.de\/wp-content\/uploads\/2022\/06\/FC12E5E7-18C3-49B6-B27C-596FDF479641.jpeg\"><img loading=\"lazy\" decoding=\"async\" class=\"alignnone size-medium wp-image-8178\" src=\"http:\/\/blog.meineigenerweg.de\/wp-content\/uploads\/2022\/06\/FC12E5E7-18C3-49B6-B27C-596FDF479641-300x200.jpeg\" alt=\"\" width=\"300\" height=\"200\" srcset=\"http:\/\/blog.meineigenerweg.de\/wp-content\/uploads\/2022\/06\/FC12E5E7-18C3-49B6-B27C-596FDF479641-300x200.jpeg 300w, http:\/\/blog.meineigenerweg.de\/wp-content\/uploads\/2022\/06\/FC12E5E7-18C3-49B6-B27C-596FDF479641-768x512.jpeg 768w, http:\/\/blog.meineigenerweg.de\/wp-content\/uploads\/2022\/06\/FC12E5E7-18C3-49B6-B27C-596FDF479641.jpeg 1000w\" sizes=\"auto, (max-width: 300px) 100vw, 300px\" \/><\/a><\/p>\n<p>Im Hafen &#8211; wie immer ist Ebbe und die Boote liegen im Trockenen &#8211; finden wir ein kleines Stra\u00dfencaf\u00e9 und genie\u00dfen eine weitere regionale Spezialit\u00e4t: Bretonische W\u00fcrstchen und Galette mit N\u00fcssen und Ziegenk\u00e4se und Honig.<\/p>\n<p><a href=\"http:\/\/blog.meineigenerweg.de\/wp-content\/uploads\/2022\/06\/636785A4-6373-4702-A84B-2A7276F914F3.jpeg\"><img loading=\"lazy\" decoding=\"async\" class=\"alignnone size-medium wp-image-8184\" src=\"http:\/\/blog.meineigenerweg.de\/wp-content\/uploads\/2022\/06\/636785A4-6373-4702-A84B-2A7276F914F3-300x225.jpeg\" alt=\"\" width=\"300\" height=\"225\" srcset=\"http:\/\/blog.meineigenerweg.de\/wp-content\/uploads\/2022\/06\/636785A4-6373-4702-A84B-2A7276F914F3-300x225.jpeg 300w, http:\/\/blog.meineigenerweg.de\/wp-content\/uploads\/2022\/06\/636785A4-6373-4702-A84B-2A7276F914F3-768x576.jpeg 768w, http:\/\/blog.meineigenerweg.de\/wp-content\/uploads\/2022\/06\/636785A4-6373-4702-A84B-2A7276F914F3.jpeg 1000w\" sizes=\"auto, (max-width: 300px) 100vw, 300px\" \/><\/a><\/p>\n<p>&nbsp;<\/p>\n<h6>Point du Raz<\/h6>\n<p>Die Reise geht weiter, unsere neues Ziel ist der westlichste Zipfel Frankreichs, der Point du Raz. Unterwegs kommen wir immer wieder durch sch\u00f6ne, kleine Orte mit den typischen Natursteinh\u00e4usern und beeindruckenden Kirchen. Und dann sind wir am Parkplatz vor dem Aussichtspunkt angekommen &#8211; und m\u00fcssen 8 \u20ac Parkgeb\u00fchr zahlen! Die Aussicht ist allerdings traumhaft: man sieht an den vorgelagerten Inseln, wie die Str\u00f6mungen aufeinandertreffen und das Wasser an den Klippen hochsteigt, aber das Meer liegt ganz ruhig und tiefblau vor uns.<\/p>\n<p><a href=\"http:\/\/blog.meineigenerweg.de\/wp-content\/uploads\/2022\/06\/6262C8F3-B5F6-40FB-91DB-63E3ABDF95EE.jpeg\"><img loading=\"lazy\" decoding=\"async\" class=\"alignnone size-medium wp-image-8181\" src=\"http:\/\/blog.meineigenerweg.de\/wp-content\/uploads\/2022\/06\/6262C8F3-B5F6-40FB-91DB-63E3ABDF95EE-300x225.jpeg\" alt=\"\" width=\"300\" height=\"225\" srcset=\"http:\/\/blog.meineigenerweg.de\/wp-content\/uploads\/2022\/06\/6262C8F3-B5F6-40FB-91DB-63E3ABDF95EE-300x225.jpeg 300w, http:\/\/blog.meineigenerweg.de\/wp-content\/uploads\/2022\/06\/6262C8F3-B5F6-40FB-91DB-63E3ABDF95EE-768x576.jpeg 768w, http:\/\/blog.meineigenerweg.de\/wp-content\/uploads\/2022\/06\/6262C8F3-B5F6-40FB-91DB-63E3ABDF95EE.jpeg 1000w\" sizes=\"auto, (max-width: 300px) 100vw, 300px\" \/><\/a><\/p>\n<p>&nbsp;<\/p>\n<h6>Quimper<\/h6>\n<p>Wir machen einen Zwischenstopp in dem h\u00fcbschen St\u00e4dtchen Quimper, das zum Bummeln durch die Altstadt mit seinen vielen Fachwerk\u00e4usern einl\u00e4dt. Beim Bummel durch die \u00fcberdachte Markthalle erledigen wir die Eink\u00e4ufe f\u00fcr den heutigen Abend, Wein, K\u00e4se, Schinken und Baguette.<\/p>\n<p><a href=\"http:\/\/blog.meineigenerweg.de\/wp-content\/uploads\/2022\/06\/21D1B3C0-4D4B-46A6-8260-EA788808C98A.jpeg\"><img loading=\"lazy\" decoding=\"async\" class=\"alignnone size-medium wp-image-8191\" src=\"http:\/\/blog.meineigenerweg.de\/wp-content\/uploads\/2022\/06\/21D1B3C0-4D4B-46A6-8260-EA788808C98A-300x225.jpeg\" alt=\"\" width=\"300\" height=\"225\" srcset=\"http:\/\/blog.meineigenerweg.de\/wp-content\/uploads\/2022\/06\/21D1B3C0-4D4B-46A6-8260-EA788808C98A-300x225.jpeg 300w, http:\/\/blog.meineigenerweg.de\/wp-content\/uploads\/2022\/06\/21D1B3C0-4D4B-46A6-8260-EA788808C98A-768x576.jpeg 768w, http:\/\/blog.meineigenerweg.de\/wp-content\/uploads\/2022\/06\/21D1B3C0-4D4B-46A6-8260-EA788808C98A.jpeg 1000w\" sizes=\"auto, (max-width: 300px) 100vw, 300px\" \/><\/a><\/p>\n<p>&nbsp;<\/p>\n<h6>Quiberon<\/h6>\n<p>Dann geht es weiter nach Quiberon. Kurz vor dem Ziel machen Surfschulen und -shops Lust auf hohen Wellengang am Atlantik. Bei 31 Grad, strahlend blauem Himmel und mildem L\u00fcftchen liegt das Meer aber spiegelblank vor uns!<\/p>\n<p><a href=\"http:\/\/blog.meineigenerweg.de\/wp-content\/uploads\/2022\/06\/52957C2D-015C-42B5-B4BD-C344EA936EED.jpeg\"><img loading=\"lazy\" decoding=\"async\" class=\"alignnone size-medium wp-image-8192\" src=\"http:\/\/blog.meineigenerweg.de\/wp-content\/uploads\/2022\/06\/52957C2D-015C-42B5-B4BD-C344EA936EED-300x200.jpeg\" alt=\"\" width=\"300\" height=\"200\" srcset=\"http:\/\/blog.meineigenerweg.de\/wp-content\/uploads\/2022\/06\/52957C2D-015C-42B5-B4BD-C344EA936EED-300x200.jpeg 300w, http:\/\/blog.meineigenerweg.de\/wp-content\/uploads\/2022\/06\/52957C2D-015C-42B5-B4BD-C344EA936EED-768x512.jpeg 768w, http:\/\/blog.meineigenerweg.de\/wp-content\/uploads\/2022\/06\/52957C2D-015C-42B5-B4BD-C344EA936EED.jpeg 1000w\" sizes=\"auto, (max-width: 300px) 100vw, 300px\" \/><\/a><\/p>\n<p>Schon am Abend schl\u00e4gt das Wetter um und da sind sie, die Wellen mit Schaumkronen und die steife Brise!<\/p>\n<p><a href=\"http:\/\/blog.meineigenerweg.de\/wp-content\/uploads\/2022\/06\/2EC8C39E-84B5-4616-AFBA-5596485559EB.jpeg\"><img loading=\"lazy\" decoding=\"async\" class=\"alignnone size-medium wp-image-8195\" src=\"http:\/\/blog.meineigenerweg.de\/wp-content\/uploads\/2022\/06\/2EC8C39E-84B5-4616-AFBA-5596485559EB-300x225.jpeg\" alt=\"\" width=\"300\" height=\"225\" srcset=\"http:\/\/blog.meineigenerweg.de\/wp-content\/uploads\/2022\/06\/2EC8C39E-84B5-4616-AFBA-5596485559EB-300x225.jpeg 300w, http:\/\/blog.meineigenerweg.de\/wp-content\/uploads\/2022\/06\/2EC8C39E-84B5-4616-AFBA-5596485559EB-768x576.jpeg 768w, http:\/\/blog.meineigenerweg.de\/wp-content\/uploads\/2022\/06\/2EC8C39E-84B5-4616-AFBA-5596485559EB.jpeg 1000w\" sizes=\"auto, (max-width: 300px) 100vw, 300px\" \/><\/a><\/p>\n<p>In der Nacht ist aus dem Wind ein kr\u00e4ftiger Sturm geworden, das Wohnmobil wurde kr\u00e4ftig ger\u00fcttelt und gesch\u00fcttelt. In den Morgenstunden kam dann noch direkt \u00fcber uns ein Gewitter und wolkenbruchartiger Regen hinzu. Aber wir haben trotzdem gut geschlafen und nach einem gem\u00fctlichen Fr\u00fchst\u00fcck bei prasselndem Regen klarte es auf. Mit den R\u00e4dern sind wir trocken und im Sonnenschein nach Quiberon geradelt. Ein h\u00fcbsches St\u00e4dtchen mit vielen L\u00e4den, Creperien und Restaurants, am Hafen kann man das Einlaufen und Abfahren der F\u00e4hre nach Belle-Ile-en-Mer beobachten.<\/p>\n<p><a href=\"http:\/\/blog.meineigenerweg.de\/wp-content\/uploads\/2022\/06\/F29B81C0-5175-4A70-A26E-BD99FABB71B4.jpeg\"><img loading=\"lazy\" decoding=\"async\" class=\"alignnone size-medium wp-image-8203\" src=\"http:\/\/blog.meineigenerweg.de\/wp-content\/uploads\/2022\/06\/F29B81C0-5175-4A70-A26E-BD99FABB71B4-300x200.jpeg\" alt=\"\" width=\"300\" height=\"200\" srcset=\"http:\/\/blog.meineigenerweg.de\/wp-content\/uploads\/2022\/06\/F29B81C0-5175-4A70-A26E-BD99FABB71B4-300x200.jpeg 300w, http:\/\/blog.meineigenerweg.de\/wp-content\/uploads\/2022\/06\/F29B81C0-5175-4A70-A26E-BD99FABB71B4-768x513.jpeg 768w, http:\/\/blog.meineigenerweg.de\/wp-content\/uploads\/2022\/06\/F29B81C0-5175-4A70-A26E-BD99FABB71B4.jpeg 1000w\" sizes=\"auto, (max-width: 300px) 100vw, 300px\" \/><\/a><\/p>\n<p>Der Abend beschert uns noch einen sch\u00f6nen Sonnenuntergang am Meer.<\/p>\n<p><a href=\"http:\/\/blog.meineigenerweg.de\/wp-content\/uploads\/2022\/06\/757B79C4-B61D-4B3F-A643-99178FD37DAF.jpeg\"><img loading=\"lazy\" decoding=\"async\" class=\"alignnone size-medium wp-image-8200\" src=\"http:\/\/blog.meineigenerweg.de\/wp-content\/uploads\/2022\/06\/757B79C4-B61D-4B3F-A643-99178FD37DAF-300x225.jpeg\" alt=\"\" width=\"300\" height=\"225\" srcset=\"http:\/\/blog.meineigenerweg.de\/wp-content\/uploads\/2022\/06\/757B79C4-B61D-4B3F-A643-99178FD37DAF-300x225.jpeg 300w, http:\/\/blog.meineigenerweg.de\/wp-content\/uploads\/2022\/06\/757B79C4-B61D-4B3F-A643-99178FD37DAF-768x576.jpeg 768w, http:\/\/blog.meineigenerweg.de\/wp-content\/uploads\/2022\/06\/757B79C4-B61D-4B3F-A643-99178FD37DAF.jpeg 1000w\" sizes=\"auto, (max-width: 300px) 100vw, 300px\" \/><\/a> <a href=\"http:\/\/blog.meineigenerweg.de\/wp-content\/uploads\/2022\/06\/D9B1353F-A0AE-458D-A88C-C931E0ACEE56.jpeg\"><img loading=\"lazy\" decoding=\"async\" class=\"alignnone size-medium wp-image-8202\" src=\"http:\/\/blog.meineigenerweg.de\/wp-content\/uploads\/2022\/06\/D9B1353F-A0AE-458D-A88C-C931E0ACEE56-300x225.jpeg\" alt=\"\" width=\"300\" height=\"225\" srcset=\"http:\/\/blog.meineigenerweg.de\/wp-content\/uploads\/2022\/06\/D9B1353F-A0AE-458D-A88C-C931E0ACEE56-300x225.jpeg 300w, http:\/\/blog.meineigenerweg.de\/wp-content\/uploads\/2022\/06\/D9B1353F-A0AE-458D-A88C-C931E0ACEE56-768x576.jpeg 768w, http:\/\/blog.meineigenerweg.de\/wp-content\/uploads\/2022\/06\/D9B1353F-A0AE-458D-A88C-C931E0ACEE56.jpeg 1000w\" sizes=\"auto, (max-width: 300px) 100vw, 300px\" \/><\/a><a href=\"http:\/\/blog.meineigenerweg.de\/wp-content\/uploads\/2022\/06\/51B77C79-48FF-4281-B910-27653F50E511.jpeg\"><img loading=\"lazy\" decoding=\"async\" class=\"alignnone size-medium wp-image-8201\" src=\"http:\/\/blog.meineigenerweg.de\/wp-content\/uploads\/2022\/06\/51B77C79-48FF-4281-B910-27653F50E511-300x225.jpeg\" alt=\"\" width=\"300\" height=\"225\" srcset=\"http:\/\/blog.meineigenerweg.de\/wp-content\/uploads\/2022\/06\/51B77C79-48FF-4281-B910-27653F50E511-300x225.jpeg 300w, http:\/\/blog.meineigenerweg.de\/wp-content\/uploads\/2022\/06\/51B77C79-48FF-4281-B910-27653F50E511-768x576.jpeg 768w, http:\/\/blog.meineigenerweg.de\/wp-content\/uploads\/2022\/06\/51B77C79-48FF-4281-B910-27653F50E511.jpeg 1000w\" sizes=\"auto, (max-width: 300px) 100vw, 300px\" \/><\/a><\/p>\n<p>Wir wollen uns Quiberon noch einmal in der Woche mit ge\u00f6ffneten Gesch\u00e4ften ansehen. An der Strandpromenade entlang und in der kleinen Innenstadt reihen sich h\u00fcbsche Gesch\u00e4fte mit h\u00f6herwertiger Kleidung aneinander, unterbrochen von Caf\u00e9s und Restaurants<\/p>\n<p><a href=\"http:\/\/blog.meineigenerweg.de\/wp-content\/uploads\/2022\/06\/8C49D1C0-C727-445F-901C-8667E326CE96.jpeg\"><img loading=\"lazy\" decoding=\"async\" class=\"alignnone size-medium wp-image-8207\" src=\"http:\/\/blog.meineigenerweg.de\/wp-content\/uploads\/2022\/06\/8C49D1C0-C727-445F-901C-8667E326CE96-300x225.jpeg\" alt=\"\" width=\"300\" height=\"225\" srcset=\"http:\/\/blog.meineigenerweg.de\/wp-content\/uploads\/2022\/06\/8C49D1C0-C727-445F-901C-8667E326CE96-300x225.jpeg 300w, http:\/\/blog.meineigenerweg.de\/wp-content\/uploads\/2022\/06\/8C49D1C0-C727-445F-901C-8667E326CE96-768x576.jpeg 768w, http:\/\/blog.meineigenerweg.de\/wp-content\/uploads\/2022\/06\/8C49D1C0-C727-445F-901C-8667E326CE96.jpeg 1000w\" sizes=\"auto, (max-width: 300px) 100vw, 300px\" \/><\/a><\/p>\n<p>Und kleinen Skulptureng\u00e4rten, in denen gro\u00dfformatige Fotos von des \u00a0letzten und vorletzten Jahrhunderts berichten.<\/p>\n<p><a style=\"font-size: 0.95em;\" href=\"http:\/\/blog.meineigenerweg.de\/wp-content\/uploads\/2022\/06\/271DDFAE-8F79-4A27-ABB1-EE7CD3924500.jpeg\"><img loading=\"lazy\" decoding=\"async\" class=\"alignnone size-medium wp-image-8209\" src=\"http:\/\/blog.meineigenerweg.de\/wp-content\/uploads\/2022\/06\/271DDFAE-8F79-4A27-ABB1-EE7CD3924500-300x225.jpeg\" alt=\"\" width=\"300\" height=\"225\" srcset=\"http:\/\/blog.meineigenerweg.de\/wp-content\/uploads\/2022\/06\/271DDFAE-8F79-4A27-ABB1-EE7CD3924500-300x225.jpeg 300w, http:\/\/blog.meineigenerweg.de\/wp-content\/uploads\/2022\/06\/271DDFAE-8F79-4A27-ABB1-EE7CD3924500-768x576.jpeg 768w, http:\/\/blog.meineigenerweg.de\/wp-content\/uploads\/2022\/06\/271DDFAE-8F79-4A27-ABB1-EE7CD3924500.jpeg 1000w\" sizes=\"auto, (max-width: 300px) 100vw, 300px\" \/><\/a><span style=\"font-size: 0.95em;\"><a href=\"http:\/\/blog.meineigenerweg.de\/wp-content\/uploads\/2022\/06\/1B4507B3-7965-4CEF-8B1A-82A0F34BC413.jpeg\"><img loading=\"lazy\" decoding=\"async\" class=\"alignnone size-medium wp-image-8208\" src=\"http:\/\/blog.meineigenerweg.de\/wp-content\/uploads\/2022\/06\/1B4507B3-7965-4CEF-8B1A-82A0F34BC413-300x225.jpeg\" alt=\"\" width=\"300\" height=\"225\" srcset=\"http:\/\/blog.meineigenerweg.de\/wp-content\/uploads\/2022\/06\/1B4507B3-7965-4CEF-8B1A-82A0F34BC413-300x225.jpeg 300w, http:\/\/blog.meineigenerweg.de\/wp-content\/uploads\/2022\/06\/1B4507B3-7965-4CEF-8B1A-82A0F34BC413-768x576.jpeg 768w, http:\/\/blog.meineigenerweg.de\/wp-content\/uploads\/2022\/06\/1B4507B3-7965-4CEF-8B1A-82A0F34BC413.jpeg 1000w\" sizes=\"auto, (max-width: 300px) 100vw, 300px\" \/><\/a><\/span><\/p>\n<p>Abends genie\u00dfen wir die sch\u00f6ne Stimmung im Segelhafen von Quiberon.<\/p>\n<p>Wir verabschieden uns von Quiberon und fahren an der \u201awilden\u2019 Westk\u00fcste entlang. Heute ist mal wieder ein Reisetag, aber mit einigen spannenden Zwischenstopps. Entlang der steilen Klippen kann man wunderbar wandern und immer wieder auf die sch\u00e4umenden Wellen blicken. Wohnmobile haben hier schlechte Karten, einen Parkplatz zu finden. Alle Parkpl\u00e4tze sind mit einer Durchfahrtsh\u00f6hen-Schranke versehen, ab 2,10m H\u00f6he kommt man nicht mehr drauf!<\/p>\n<p><a href=\"http:\/\/blog.meineigenerweg.de\/wp-content\/uploads\/2022\/06\/BC641ADB-014D-4CDB-98C8-93E7F507F94B.jpeg\"><img loading=\"lazy\" decoding=\"async\" class=\"alignnone size-medium wp-image-8212\" src=\"http:\/\/blog.meineigenerweg.de\/wp-content\/uploads\/2022\/06\/BC641ADB-014D-4CDB-98C8-93E7F507F94B-300x225.jpeg\" alt=\"\" width=\"300\" height=\"225\" srcset=\"http:\/\/blog.meineigenerweg.de\/wp-content\/uploads\/2022\/06\/BC641ADB-014D-4CDB-98C8-93E7F507F94B-300x225.jpeg 300w, http:\/\/blog.meineigenerweg.de\/wp-content\/uploads\/2022\/06\/BC641ADB-014D-4CDB-98C8-93E7F507F94B-768x576.jpeg 768w, http:\/\/blog.meineigenerweg.de\/wp-content\/uploads\/2022\/06\/BC641ADB-014D-4CDB-98C8-93E7F507F94B.jpeg 1000w\" sizes=\"auto, (max-width: 300px) 100vw, 300px\" \/><\/a><\/p>\n<p>Neben \u201aMoules\u2018 und \u201aGalettes\u2019 gibt es hier ein weiteres kulinarisches Highlight: \u00d6lsardinen in Dosen! Entlang der K\u00fcste stehen die Fabriken, wo diese Delikatesse in verschiedenen Geschmacksrichtungen verkauft werden, angeblich je \u00e4lter je besser. Wir werden sp\u00e4ter vom mutigen Selbstversuch berichten!<\/p>\n<p><a href=\"http:\/\/blog.meineigenerweg.de\/wp-content\/uploads\/2022\/06\/24C6C8FC-6225-48D7-B315-0F571C50F2A9.jpeg\"><img loading=\"lazy\" decoding=\"async\" class=\"alignnone size-medium wp-image-8214\" src=\"http:\/\/blog.meineigenerweg.de\/wp-content\/uploads\/2022\/06\/24C6C8FC-6225-48D7-B315-0F571C50F2A9-300x226.jpeg\" alt=\"\" width=\"300\" height=\"226\" srcset=\"http:\/\/blog.meineigenerweg.de\/wp-content\/uploads\/2022\/06\/24C6C8FC-6225-48D7-B315-0F571C50F2A9-300x226.jpeg 300w, http:\/\/blog.meineigenerweg.de\/wp-content\/uploads\/2022\/06\/24C6C8FC-6225-48D7-B315-0F571C50F2A9-768x578.jpeg 768w, http:\/\/blog.meineigenerweg.de\/wp-content\/uploads\/2022\/06\/24C6C8FC-6225-48D7-B315-0F571C50F2A9.jpeg 1000w\" sizes=\"auto, (max-width: 300px) 100vw, 300px\" \/><\/a><\/p>\n<p>&nbsp;<\/p>\n<p><a href=\"http:\/\/blog.meineigenerweg.de\/wp-content\/uploads\/2022\/06\/8D611C46-2B27-423D-B1C1-D107A81838E6.jpeg\"><img loading=\"lazy\" decoding=\"async\" class=\"alignnone size-medium wp-image-8216\" src=\"http:\/\/blog.meineigenerweg.de\/wp-content\/uploads\/2022\/06\/8D611C46-2B27-423D-B1C1-D107A81838E6-300x225.jpeg\" alt=\"\" width=\"300\" height=\"225\" srcset=\"http:\/\/blog.meineigenerweg.de\/wp-content\/uploads\/2022\/06\/8D611C46-2B27-423D-B1C1-D107A81838E6-300x225.jpeg 300w, http:\/\/blog.meineigenerweg.de\/wp-content\/uploads\/2022\/06\/8D611C46-2B27-423D-B1C1-D107A81838E6-768x576.jpeg 768w, http:\/\/blog.meineigenerweg.de\/wp-content\/uploads\/2022\/06\/8D611C46-2B27-423D-B1C1-D107A81838E6.jpeg 1000w\" sizes=\"auto, (max-width: 300px) 100vw, 300px\" \/><\/a><\/p>\n<p>F\u00fcr dieses Probiersortiment haben wir 16 Euro bezahlt.<\/p>\n<p><a href=\"http:\/\/blog.meineigenerweg.de\/wp-content\/uploads\/2022\/06\/5DFAAC6E-4CDD-4B17-94D1-05529E0DBF4B.jpeg\"><img loading=\"lazy\" decoding=\"async\" class=\"alignnone size-medium wp-image-8217\" src=\"http:\/\/blog.meineigenerweg.de\/wp-content\/uploads\/2022\/06\/5DFAAC6E-4CDD-4B17-94D1-05529E0DBF4B-300x225.jpeg\" alt=\"\" width=\"300\" height=\"225\" srcset=\"http:\/\/blog.meineigenerweg.de\/wp-content\/uploads\/2022\/06\/5DFAAC6E-4CDD-4B17-94D1-05529E0DBF4B-300x225.jpeg 300w, http:\/\/blog.meineigenerweg.de\/wp-content\/uploads\/2022\/06\/5DFAAC6E-4CDD-4B17-94D1-05529E0DBF4B-768x576.jpeg 768w, http:\/\/blog.meineigenerweg.de\/wp-content\/uploads\/2022\/06\/5DFAAC6E-4CDD-4B17-94D1-05529E0DBF4B.jpeg 1000w\" sizes=\"auto, (max-width: 300px) 100vw, 300px\" \/><\/a><\/p>\n<p>&nbsp;<\/p>\n<h6>Carnac<\/h6>\n<p>Dann ging es weiter nach Carnac, dem Ort mit den 10000 Monoliten. Bis heute ist nicht ganz klar, welche Bedeutung sie f\u00fcr die Menschen vor mehr als 7000 Jahren hatten.<\/p>\n<p><a href=\"http:\/\/blog.meineigenerweg.de\/wp-content\/uploads\/2022\/06\/657F74AB-2485-462C-BA7F-89FA4D845506.jpeg\"><img loading=\"lazy\" decoding=\"async\" class=\"alignnone size-medium wp-image-8219\" src=\"http:\/\/blog.meineigenerweg.de\/wp-content\/uploads\/2022\/06\/657F74AB-2485-462C-BA7F-89FA4D845506-300x225.jpeg\" alt=\"\" width=\"300\" height=\"225\" srcset=\"http:\/\/blog.meineigenerweg.de\/wp-content\/uploads\/2022\/06\/657F74AB-2485-462C-BA7F-89FA4D845506-300x225.jpeg 300w, http:\/\/blog.meineigenerweg.de\/wp-content\/uploads\/2022\/06\/657F74AB-2485-462C-BA7F-89FA4D845506-1024x768.jpeg 1024w, http:\/\/blog.meineigenerweg.de\/wp-content\/uploads\/2022\/06\/657F74AB-2485-462C-BA7F-89FA4D845506-768x576.jpeg 768w, http:\/\/blog.meineigenerweg.de\/wp-content\/uploads\/2022\/06\/657F74AB-2485-462C-BA7F-89FA4D845506-1536x1152.jpeg 1536w, http:\/\/blog.meineigenerweg.de\/wp-content\/uploads\/2022\/06\/657F74AB-2485-462C-BA7F-89FA4D845506.jpeg 2016w\" sizes=\"auto, (max-width: 300px) 100vw, 300px\" \/><\/a> <a href=\"http:\/\/blog.meineigenerweg.de\/wp-content\/uploads\/2022\/06\/525F7C31-9C7E-4A42-9698-F32D008571BC.jpeg\"><img loading=\"lazy\" decoding=\"async\" class=\"alignnone size-medium wp-image-8218\" src=\"http:\/\/blog.meineigenerweg.de\/wp-content\/uploads\/2022\/06\/525F7C31-9C7E-4A42-9698-F32D008571BC-300x225.jpeg\" alt=\"\" width=\"300\" height=\"225\" srcset=\"http:\/\/blog.meineigenerweg.de\/wp-content\/uploads\/2022\/06\/525F7C31-9C7E-4A42-9698-F32D008571BC-300x225.jpeg 300w, http:\/\/blog.meineigenerweg.de\/wp-content\/uploads\/2022\/06\/525F7C31-9C7E-4A42-9698-F32D008571BC-768x576.jpeg 768w, http:\/\/blog.meineigenerweg.de\/wp-content\/uploads\/2022\/06\/525F7C31-9C7E-4A42-9698-F32D008571BC.jpeg 1000w\" sizes=\"auto, (max-width: 300px) 100vw, 300px\" \/><\/a><\/p>\n<p>Obwohl &#8211; wir vermuten ja, dass Obelix etwas damit zu tun hat \u2026<\/p>\n<p>&nbsp;<\/p>\n<h6>Ile de Re<\/h6>\n<p>Dann endlich sind wir an unserem heutigen Ziel, der Ile de Re, angekommen und freuen uns auf den angek\u00fcndigten bereiten Sandstrand. Aber auch hier gibt es Gezeiten und jetzt gerade ist Ebbe!<\/p>\n<p><a href=\"http:\/\/blog.meineigenerweg.de\/wp-content\/uploads\/2022\/06\/42469CB2-DCF3-4E24-9DEC-7AFAB86B9615.jpeg\"><img loading=\"lazy\" decoding=\"async\" class=\"alignnone size-medium wp-image-8221\" src=\"http:\/\/blog.meineigenerweg.de\/wp-content\/uploads\/2022\/06\/42469CB2-DCF3-4E24-9DEC-7AFAB86B9615-300x225.jpeg\" alt=\"\" width=\"300\" height=\"225\" srcset=\"http:\/\/blog.meineigenerweg.de\/wp-content\/uploads\/2022\/06\/42469CB2-DCF3-4E24-9DEC-7AFAB86B9615-300x225.jpeg 300w, http:\/\/blog.meineigenerweg.de\/wp-content\/uploads\/2022\/06\/42469CB2-DCF3-4E24-9DEC-7AFAB86B9615-768x576.jpeg 768w, http:\/\/blog.meineigenerweg.de\/wp-content\/uploads\/2022\/06\/42469CB2-DCF3-4E24-9DEC-7AFAB86B9615.jpeg 1000w\" sizes=\"auto, (max-width: 300px) 100vw, 300px\" \/><\/a><\/p>\n<p>Abends sind wir mit dem Rad in das kleine \u00d6rtchen La Couarde sur Mer gefahren. Kleine, wei\u00dfe H\u00e4uschen, Stockrosen, bl\u00fchender Oleander und an diesem Abend auch noch zuf\u00e4llig ein Stadtfest! Superstimmung, \u00fcberall B\u00e4nke und Tische drau\u00dfen, Live-Musik, Fisch vom Grill, Muscheln mit Frites, \u00a0Bier und Cidre und total voll, aber sch\u00f6n.<\/p>\n<p><a href=\"http:\/\/blog.meineigenerweg.de\/wp-content\/uploads\/2022\/06\/50610CE6-7B0A-4BDD-9A55-AC0B383A9CFB.jpeg\"><img loading=\"lazy\" decoding=\"async\" class=\"alignnone size-medium wp-image-8224\" src=\"http:\/\/blog.meineigenerweg.de\/wp-content\/uploads\/2022\/06\/50610CE6-7B0A-4BDD-9A55-AC0B383A9CFB-300x225.jpeg\" alt=\"\" width=\"300\" height=\"225\" srcset=\"http:\/\/blog.meineigenerweg.de\/wp-content\/uploads\/2022\/06\/50610CE6-7B0A-4BDD-9A55-AC0B383A9CFB-300x225.jpeg 300w, http:\/\/blog.meineigenerweg.de\/wp-content\/uploads\/2022\/06\/50610CE6-7B0A-4BDD-9A55-AC0B383A9CFB-768x576.jpeg 768w, http:\/\/blog.meineigenerweg.de\/wp-content\/uploads\/2022\/06\/50610CE6-7B0A-4BDD-9A55-AC0B383A9CFB.jpeg 1000w\" sizes=\"auto, (max-width: 300px) 100vw, 300px\" \/><\/a> <a href=\"http:\/\/blog.meineigenerweg.de\/wp-content\/uploads\/2022\/06\/D828372D-B491-4705-8CFC-4C809AC25B35.jpeg\"><img loading=\"lazy\" decoding=\"async\" class=\"alignnone size-medium wp-image-8225\" src=\"http:\/\/blog.meineigenerweg.de\/wp-content\/uploads\/2022\/06\/D828372D-B491-4705-8CFC-4C809AC25B35-300x225.jpeg\" alt=\"\" width=\"300\" height=\"225\" srcset=\"http:\/\/blog.meineigenerweg.de\/wp-content\/uploads\/2022\/06\/D828372D-B491-4705-8CFC-4C809AC25B35-300x225.jpeg 300w, http:\/\/blog.meineigenerweg.de\/wp-content\/uploads\/2022\/06\/D828372D-B491-4705-8CFC-4C809AC25B35-768x576.jpeg 768w, http:\/\/blog.meineigenerweg.de\/wp-content\/uploads\/2022\/06\/D828372D-B491-4705-8CFC-4C809AC25B35.jpeg 1000w\" sizes=\"auto, (max-width: 300px) 100vw, 300px\" \/><\/a><\/p>\n<p>\u00dcber Nacht fing es an zu regnen und zu gewittern und das Fr\u00fchst\u00fcck fand heute nicht im Freien statt. Gegen Mittag wurde es wieder sch\u00f6ner und wir konnten endlos lang am Strand spazieren gehen und faul in der Sonne liegen und d\u00f6sen oder lesen.<\/p>\n<p><a href=\"http:\/\/blog.meineigenerweg.de\/wp-content\/uploads\/2022\/06\/48684BC9-641F-4F4C-83CD-50BC1477B58C.jpeg\"><img loading=\"lazy\" decoding=\"async\" class=\"alignnone size-medium wp-image-8226\" src=\"http:\/\/blog.meineigenerweg.de\/wp-content\/uploads\/2022\/06\/48684BC9-641F-4F4C-83CD-50BC1477B58C-300x225.jpeg\" alt=\"\" width=\"300\" height=\"225\" srcset=\"http:\/\/blog.meineigenerweg.de\/wp-content\/uploads\/2022\/06\/48684BC9-641F-4F4C-83CD-50BC1477B58C-300x225.jpeg 300w, http:\/\/blog.meineigenerweg.de\/wp-content\/uploads\/2022\/06\/48684BC9-641F-4F4C-83CD-50BC1477B58C-768x576.jpeg 768w, http:\/\/blog.meineigenerweg.de\/wp-content\/uploads\/2022\/06\/48684BC9-641F-4F4C-83CD-50BC1477B58C.jpeg 1024w\" sizes=\"auto, (max-width: 300px) 100vw, 300px\" \/><\/a><\/p>\n<p>Mit dem Fahrrad geht es durch das kleine \u00d6rtchen mit seinen engen Gassen und wei\u00dfen, blumengeschm\u00fcckten H\u00e4usern<\/p>\n<p><a href=\"http:\/\/blog.meineigenerweg.de\/wp-content\/uploads\/2022\/06\/D3E0FC74-825E-43DC-A892-4838F8C71517.jpeg\"><img loading=\"lazy\" decoding=\"async\" class=\"alignnone size-medium wp-image-8236\" src=\"http:\/\/blog.meineigenerweg.de\/wp-content\/uploads\/2022\/06\/D3E0FC74-825E-43DC-A892-4838F8C71517-300x200.jpeg\" alt=\"\" width=\"300\" height=\"200\" srcset=\"http:\/\/blog.meineigenerweg.de\/wp-content\/uploads\/2022\/06\/D3E0FC74-825E-43DC-A892-4838F8C71517-300x200.jpeg 300w, http:\/\/blog.meineigenerweg.de\/wp-content\/uploads\/2022\/06\/D3E0FC74-825E-43DC-A892-4838F8C71517-768x512.jpeg 768w, http:\/\/blog.meineigenerweg.de\/wp-content\/uploads\/2022\/06\/D3E0FC74-825E-43DC-A892-4838F8C71517.jpeg 1000w\" sizes=\"auto, (max-width: 300px) 100vw, 300px\" \/><\/a><\/p>\n<p>hinaus zu den Salzwiesen. \u00c4hnlich wie bei einem Kartoffelbauern werden hier Felder angelegt, die aber mit Meerwasser gef\u00fcllt.<\/p>\n<p><a href=\"http:\/\/blog.meineigenerweg.de\/wp-content\/uploads\/2022\/06\/52A9C714-BC1F-445B-B77B-6A898BC03B92.jpeg\"><img loading=\"lazy\" decoding=\"async\" class=\"alignnone size-medium wp-image-8237\" src=\"http:\/\/blog.meineigenerweg.de\/wp-content\/uploads\/2022\/06\/52A9C714-BC1F-445B-B77B-6A898BC03B92-300x200.jpeg\" alt=\"\" width=\"300\" height=\"200\" srcset=\"http:\/\/blog.meineigenerweg.de\/wp-content\/uploads\/2022\/06\/52A9C714-BC1F-445B-B77B-6A898BC03B92-300x200.jpeg 300w, http:\/\/blog.meineigenerweg.de\/wp-content\/uploads\/2022\/06\/52A9C714-BC1F-445B-B77B-6A898BC03B92-768x512.jpeg 768w, http:\/\/blog.meineigenerweg.de\/wp-content\/uploads\/2022\/06\/52A9C714-BC1F-445B-B77B-6A898BC03B92.jpeg 1000w\" sizes=\"auto, (max-width: 300px) 100vw, 300px\" \/><\/a><\/p>\n<p>Durch die Sonneneinstrahlung verdunstet ein Teil des Wassers und eine feine Salzschicht bleibt auf dem verbleibenden Wasser \u00fcbrig, die wird dann abgesch\u00f6pft, also wie Kartoffeln geerntet.<\/p>\n<p><a href=\"http:\/\/blog.meineigenerweg.de\/wp-content\/uploads\/2022\/06\/00613022-3318-45AD-BFE1-C5886277A8B5.jpeg\"><img loading=\"lazy\" decoding=\"async\" class=\"alignnone size-medium wp-image-8238\" src=\"http:\/\/blog.meineigenerweg.de\/wp-content\/uploads\/2022\/06\/00613022-3318-45AD-BFE1-C5886277A8B5-300x200.jpeg\" alt=\"\" width=\"300\" height=\"200\" srcset=\"http:\/\/blog.meineigenerweg.de\/wp-content\/uploads\/2022\/06\/00613022-3318-45AD-BFE1-C5886277A8B5-300x200.jpeg 300w, http:\/\/blog.meineigenerweg.de\/wp-content\/uploads\/2022\/06\/00613022-3318-45AD-BFE1-C5886277A8B5-768x512.jpeg 768w, http:\/\/blog.meineigenerweg.de\/wp-content\/uploads\/2022\/06\/00613022-3318-45AD-BFE1-C5886277A8B5.jpeg 1000w\" sizes=\"auto, (max-width: 300px) 100vw, 300px\" \/><\/a><\/p>\n<p>Der Himmel sieht dramatisch aus, aber wir lassen uns von einer Fahrradtour nach Saint Martin de R\u00e9 nicht abhalten.<\/p>\n<p><a href=\"http:\/\/blog.meineigenerweg.de\/wp-content\/uploads\/2022\/06\/32061092-AFB4-4EBD-8A85-78EB3394CE95.jpeg\"><img loading=\"lazy\" decoding=\"async\" class=\"alignnone size-medium wp-image-8240\" src=\"http:\/\/blog.meineigenerweg.de\/wp-content\/uploads\/2022\/06\/32061092-AFB4-4EBD-8A85-78EB3394CE95-300x200.jpeg\" alt=\"\" width=\"300\" height=\"200\" srcset=\"http:\/\/blog.meineigenerweg.de\/wp-content\/uploads\/2022\/06\/32061092-AFB4-4EBD-8A85-78EB3394CE95-300x200.jpeg 300w, http:\/\/blog.meineigenerweg.de\/wp-content\/uploads\/2022\/06\/32061092-AFB4-4EBD-8A85-78EB3394CE95-768x512.jpeg 768w, http:\/\/blog.meineigenerweg.de\/wp-content\/uploads\/2022\/06\/32061092-AFB4-4EBD-8A85-78EB3394CE95.jpeg 1000w\" sizes=\"auto, (max-width: 300px) 100vw, 300px\" \/><\/a><\/p>\n<p>Die Befestigungsanlage aus dem 17. Jhd. rund um den kleinen Ort in Form eines Sterns ist heute UNESCO Weltkulturerbe. Sie wurde erbaut, um die Bev\u00f6lkerung im Falle einer feindlichen Anlandung zu sch\u00fctzen. Durch das Stadttor radeln wir in den Altstadtbereich.<\/p>\n<p><a href=\"http:\/\/blog.meineigenerweg.de\/wp-content\/uploads\/2022\/06\/B12FBC08-958F-4925-842E-CAFABA287DA4.jpeg\"><img loading=\"lazy\" decoding=\"async\" class=\"alignnone size-medium wp-image-8242\" src=\"http:\/\/blog.meineigenerweg.de\/wp-content\/uploads\/2022\/06\/B12FBC08-958F-4925-842E-CAFABA287DA4-300x200.jpeg\" alt=\"\" width=\"300\" height=\"200\" srcset=\"http:\/\/blog.meineigenerweg.de\/wp-content\/uploads\/2022\/06\/B12FBC08-958F-4925-842E-CAFABA287DA4-300x200.jpeg 300w, http:\/\/blog.meineigenerweg.de\/wp-content\/uploads\/2022\/06\/B12FBC08-958F-4925-842E-CAFABA287DA4-768x512.jpeg 768w, http:\/\/blog.meineigenerweg.de\/wp-content\/uploads\/2022\/06\/B12FBC08-958F-4925-842E-CAFABA287DA4.jpeg 1000w\" sizes=\"auto, (max-width: 300px) 100vw, 300px\" \/><\/a><\/p>\n<p>Mit 2700 Einwohnern ein kleiner, verschlafener Ort\u2026.<\/p>\n<p><a href=\"http:\/\/blog.meineigenerweg.de\/wp-content\/uploads\/2022\/06\/B8D9A718-EE61-4680-8DD6-82E048294904.jpeg\"><img loading=\"lazy\" decoding=\"async\" class=\"alignnone size-medium wp-image-8245\" src=\"http:\/\/blog.meineigenerweg.de\/wp-content\/uploads\/2022\/06\/B8D9A718-EE61-4680-8DD6-82E048294904-300x200.jpeg\" alt=\"\" width=\"300\" height=\"200\" srcset=\"http:\/\/blog.meineigenerweg.de\/wp-content\/uploads\/2022\/06\/B8D9A718-EE61-4680-8DD6-82E048294904-300x200.jpeg 300w, http:\/\/blog.meineigenerweg.de\/wp-content\/uploads\/2022\/06\/B8D9A718-EE61-4680-8DD6-82E048294904-768x512.jpeg 768w, http:\/\/blog.meineigenerweg.de\/wp-content\/uploads\/2022\/06\/B8D9A718-EE61-4680-8DD6-82E048294904.jpeg 1000w\" sizes=\"auto, (max-width: 300px) 100vw, 300px\" \/><\/a> <a href=\"http:\/\/blog.meineigenerweg.de\/wp-content\/uploads\/2022\/06\/3AB0437B-0AF3-41C3-8A43-C5F6EB4C2D17.jpeg\"><img loading=\"lazy\" decoding=\"async\" class=\"alignnone size-medium wp-image-8246\" src=\"http:\/\/blog.meineigenerweg.de\/wp-content\/uploads\/2022\/06\/3AB0437B-0AF3-41C3-8A43-C5F6EB4C2D17-300x200.jpeg\" alt=\"\" width=\"300\" height=\"200\" srcset=\"http:\/\/blog.meineigenerweg.de\/wp-content\/uploads\/2022\/06\/3AB0437B-0AF3-41C3-8A43-C5F6EB4C2D17-300x200.jpeg 300w, http:\/\/blog.meineigenerweg.de\/wp-content\/uploads\/2022\/06\/3AB0437B-0AF3-41C3-8A43-C5F6EB4C2D17-768x512.jpeg 768w, http:\/\/blog.meineigenerweg.de\/wp-content\/uploads\/2022\/06\/3AB0437B-0AF3-41C3-8A43-C5F6EB4C2D17.jpeg 1000w\" sizes=\"auto, (max-width: 300px) 100vw, 300px\" \/><\/a><\/p>\n<p>Doch die vielen kleinen Gassen voller Gesch\u00e4fte und Bars und Restaurants lassen auf die vielen Touristen schlie\u00dfen, die hier in der Reisezeit erwartet werden.<\/p>\n<p><a href=\"http:\/\/blog.meineigenerweg.de\/wp-content\/uploads\/2022\/06\/5877CABD-7816-447B-86E4-AEA65C6CA43B.jpeg\"><img loading=\"lazy\" decoding=\"async\" class=\"alignnone size-medium wp-image-8248\" src=\"http:\/\/blog.meineigenerweg.de\/wp-content\/uploads\/2022\/06\/5877CABD-7816-447B-86E4-AEA65C6CA43B-300x225.jpeg\" alt=\"\" width=\"300\" height=\"225\" srcset=\"http:\/\/blog.meineigenerweg.de\/wp-content\/uploads\/2022\/06\/5877CABD-7816-447B-86E4-AEA65C6CA43B-300x225.jpeg 300w, http:\/\/blog.meineigenerweg.de\/wp-content\/uploads\/2022\/06\/5877CABD-7816-447B-86E4-AEA65C6CA43B-768x576.jpeg 768w, http:\/\/blog.meineigenerweg.de\/wp-content\/uploads\/2022\/06\/5877CABD-7816-447B-86E4-AEA65C6CA43B.jpeg 1000w\" sizes=\"auto, (max-width: 300px) 100vw, 300px\" \/><\/a><\/p>\n<p>Der Hafen ist das touristische Zentrum.<\/p>\n<p><a href=\"http:\/\/blog.meineigenerweg.de\/wp-content\/uploads\/2022\/06\/B0A2381C-FDFA-488E-9531-F9F9D41804EB.jpeg\"><img loading=\"lazy\" decoding=\"async\" class=\"alignnone size-medium wp-image-8247\" src=\"http:\/\/blog.meineigenerweg.de\/wp-content\/uploads\/2022\/06\/B0A2381C-FDFA-488E-9531-F9F9D41804EB-300x200.jpeg\" alt=\"\" width=\"300\" height=\"200\" srcset=\"http:\/\/blog.meineigenerweg.de\/wp-content\/uploads\/2022\/06\/B0A2381C-FDFA-488E-9531-F9F9D41804EB-300x200.jpeg 300w, http:\/\/blog.meineigenerweg.de\/wp-content\/uploads\/2022\/06\/B0A2381C-FDFA-488E-9531-F9F9D41804EB-768x512.jpeg 768w, http:\/\/blog.meineigenerweg.de\/wp-content\/uploads\/2022\/06\/B0A2381C-FDFA-488E-9531-F9F9D41804EB.jpeg 1000w\" sizes=\"auto, (max-width: 300px) 100vw, 300px\" \/><\/a><\/p>\n<p>Vor dem Stadttor grasen die Esel, die hier gez\u00fcchtet werden.<\/p>\n<p><a href=\"http:\/\/blog.meineigenerweg.de\/wp-content\/uploads\/2022\/06\/F2119E17-290C-44B9-A64B-5A0969F9FD9A.jpeg\"><img loading=\"lazy\" decoding=\"async\" class=\"alignnone size-medium wp-image-8250\" src=\"http:\/\/blog.meineigenerweg.de\/wp-content\/uploads\/2022\/06\/F2119E17-290C-44B9-A64B-5A0969F9FD9A-300x199.jpeg\" alt=\"\" width=\"300\" height=\"199\" srcset=\"http:\/\/blog.meineigenerweg.de\/wp-content\/uploads\/2022\/06\/F2119E17-290C-44B9-A64B-5A0969F9FD9A-300x199.jpeg 300w, http:\/\/blog.meineigenerweg.de\/wp-content\/uploads\/2022\/06\/F2119E17-290C-44B9-A64B-5A0969F9FD9A-768x508.jpeg 768w, http:\/\/blog.meineigenerweg.de\/wp-content\/uploads\/2022\/06\/F2119E17-290C-44B9-A64B-5A0969F9FD9A.jpeg 1003w\" sizes=\"auto, (max-width: 300px) 100vw, 300px\" \/><\/a><\/p>\n<p>Aus ihrer Milch wird unter anderem eine besondere Seife hergestellt, die neben dem Salz von den Salzwiesen \u00fcberall gekauft werden kann. Touristen k\u00f6nnen auch Ausritte auf Eseln machen. Da es sehr viel M\u00fccken gibt, die die Esel gerne in die Beine stechen, zieht man den Eseln kurzerhand \u201aHosen\u2018, Stoffstreifen, die \u00fcber die Beine gezogen und auf dem R\u00fccken verknotet werden, an.<\/p>\n<p>&nbsp;<\/p>\n<h6>Lacanau<\/h6>\n<p>Gestern Abend fing es schon an zu regnen, \u00fcber Nacht hat es dann ordentlich auf das Wohnmobil geprasselt, eigentlich ein sch\u00f6nes Ger\u00e4usch wenn man gem\u00fctlich im Bett liegt. Aber heute fr\u00fch hat es immer noch geregnet und die Wettervorhersage sagt f\u00fcr die n\u00e4chsten Tage auch keine Besserung voraus. Also, getreu dem Motto \u201efollow the sun\u201c sind wir innerhalb einer halben Stunde abfahrbereit und fahren weiter Richtung S\u00fcden. Unser Ziel ist Lacanau. Der in den 70-er Jahren geschaffene Badeort Lacanau-Oc\u00e9an ist unser n\u00e4chstes Ziel. Hier wollen wir auf einen sch\u00f6nen Campingplatz. Das haben wir allerdings nicht erwartet: ein Retortenort, bei dem jede noch so kleine H\u00fctte mit dorischen S\u00e4ulen ausgestattet ist, Souvenirshops, Rummel. Hier wollen wir nicht bleiben!<\/p>\n<p>&nbsp;<\/p>\n<h6>Cap Ferret<\/h6>\n<p>Also fahren wir weiter, \u00dcber kleine Stra\u00dfen durch ein riesiges Waldgebiet, es duftet herrlich nach Pinien und Kr\u00e4utern. Nach einer knappen Stunden, kurz vor Cap Ferret, finden wir den sch\u00f6nen Camping de Truc Vert, mitten im Wald gelegen und nur wenige Meter vom Meer entfernt. Hier bleiben wir.<\/p>\n<p><a href=\"http:\/\/blog.meineigenerweg.de\/wp-content\/uploads\/2022\/06\/C5C5BDA4-ADF5-432E-9C71-78AE98FED8E3.jpeg\"><img loading=\"lazy\" decoding=\"async\" class=\"alignnone size-medium wp-image-8254\" src=\"http:\/\/blog.meineigenerweg.de\/wp-content\/uploads\/2022\/06\/C5C5BDA4-ADF5-432E-9C71-78AE98FED8E3-300x225.jpeg\" alt=\"\" width=\"300\" height=\"225\" srcset=\"http:\/\/blog.meineigenerweg.de\/wp-content\/uploads\/2022\/06\/C5C5BDA4-ADF5-432E-9C71-78AE98FED8E3-300x225.jpeg 300w, http:\/\/blog.meineigenerweg.de\/wp-content\/uploads\/2022\/06\/C5C5BDA4-ADF5-432E-9C71-78AE98FED8E3-768x576.jpeg 768w, http:\/\/blog.meineigenerweg.de\/wp-content\/uploads\/2022\/06\/C5C5BDA4-ADF5-432E-9C71-78AE98FED8E3.jpeg 1000w\" sizes=\"auto, (max-width: 300px) 100vw, 300px\" \/><\/a><\/p>\n<p>Auch wenn die Sonne nicht scheint, ist es wunderbar am Strand, es ist ist warm, der Sand ist weich und die Wellen hoch, kleine Strandbars und ein paar Mutige, die sich zum Surfen in die aufsch\u00e4umende Gischt der hohen Wellen st\u00fcrzen.<\/p>\n<p><a href=\"http:\/\/blog.meineigenerweg.de\/wp-content\/uploads\/2022\/06\/D8EA035F-10D3-4A97-BC70-F4AA15EDE75E.jpeg\"><img loading=\"lazy\" decoding=\"async\" class=\"alignnone size-medium wp-image-8256\" src=\"http:\/\/blog.meineigenerweg.de\/wp-content\/uploads\/2022\/06\/D8EA035F-10D3-4A97-BC70-F4AA15EDE75E-300x225.jpeg\" alt=\"\" width=\"300\" height=\"225\" srcset=\"http:\/\/blog.meineigenerweg.de\/wp-content\/uploads\/2022\/06\/D8EA035F-10D3-4A97-BC70-F4AA15EDE75E-300x225.jpeg 300w, http:\/\/blog.meineigenerweg.de\/wp-content\/uploads\/2022\/06\/D8EA035F-10D3-4A97-BC70-F4AA15EDE75E-768x576.jpeg 768w, http:\/\/blog.meineigenerweg.de\/wp-content\/uploads\/2022\/06\/D8EA035F-10D3-4A97-BC70-F4AA15EDE75E.jpeg 1000w\" sizes=\"auto, (max-width: 300px) 100vw, 300px\" \/><\/a><\/p>\n<p>Die Sonne lacht und wir machen einen Ausflug zum s\u00fcdlichsten Zipfel der Landzunge, zum Cap Ferret. Durch den herrlich duftenden Pinienwald, f\u00fchren markierte Radwege. Wir radeln vom Zirpen der Zirkaden begleitet.<\/p>\n<p><a href=\"http:\/\/blog.meineigenerweg.de\/wp-content\/uploads\/2022\/06\/EE3ED267-EAE4-4F0B-B47A-0A9BD99D90E0.jpeg\"><img loading=\"lazy\" decoding=\"async\" class=\"alignnone size-medium wp-image-8259\" src=\"http:\/\/blog.meineigenerweg.de\/wp-content\/uploads\/2022\/06\/EE3ED267-EAE4-4F0B-B47A-0A9BD99D90E0-300x169.jpeg\" alt=\"\" width=\"300\" height=\"169\" srcset=\"http:\/\/blog.meineigenerweg.de\/wp-content\/uploads\/2022\/06\/EE3ED267-EAE4-4F0B-B47A-0A9BD99D90E0-300x169.jpeg 300w, http:\/\/blog.meineigenerweg.de\/wp-content\/uploads\/2022\/06\/EE3ED267-EAE4-4F0B-B47A-0A9BD99D90E0-768x432.jpeg 768w, http:\/\/blog.meineigenerweg.de\/wp-content\/uploads\/2022\/06\/EE3ED267-EAE4-4F0B-B47A-0A9BD99D90E0.jpeg 1000w\" sizes=\"auto, (max-width: 300px) 100vw, 300px\" \/><\/a><\/p>\n<p>Am s\u00fcdlichsten Zipfel der Landzunge steht der sehr sch\u00f6nen Leuchtturm, den man auch besteigen kann &#8211; leider waren wir in der Mittagspause da.<\/p>\n<p><a href=\"http:\/\/blog.meineigenerweg.de\/wp-content\/uploads\/2022\/06\/23AADE0C-A7D1-42EB-9F63-54B4EA977EF8.jpeg\"><img loading=\"lazy\" decoding=\"async\" class=\"alignnone size-medium wp-image-8260\" src=\"http:\/\/blog.meineigenerweg.de\/wp-content\/uploads\/2022\/06\/23AADE0C-A7D1-42EB-9F63-54B4EA977EF8-225x300.jpeg\" alt=\"\" width=\"225\" height=\"300\" srcset=\"http:\/\/blog.meineigenerweg.de\/wp-content\/uploads\/2022\/06\/23AADE0C-A7D1-42EB-9F63-54B4EA977EF8-225x300.jpeg 225w, http:\/\/blog.meineigenerweg.de\/wp-content\/uploads\/2022\/06\/23AADE0C-A7D1-42EB-9F63-54B4EA977EF8-768x1024.jpeg 768w, http:\/\/blog.meineigenerweg.de\/wp-content\/uploads\/2022\/06\/23AADE0C-A7D1-42EB-9F63-54B4EA977EF8.jpeg 1000w\" sizes=\"auto, (max-width: 225px) 100vw, 225px\" \/><\/a><\/p>\n<p>Also radeln wir noch ein St\u00fcckchen bis ganz an die Spitze, \u201aBellevue\u2018. Von dort aus kann man \u00fcber die Buch hin\u00fcberschauen auf die H\u00e4user von Arcachon und auch die gro\u00dfe Sandd\u00fcne \u201aDune du Pilat\u2018.<\/p>\n<p><a href=\"http:\/\/blog.meineigenerweg.de\/wp-content\/uploads\/2022\/06\/3C684C0D-78B6-45A5-9A91-6C3F966A27EF.jpeg\"><img loading=\"lazy\" decoding=\"async\" class=\"alignnone size-medium wp-image-8263\" src=\"http:\/\/blog.meineigenerweg.de\/wp-content\/uploads\/2022\/06\/3C684C0D-78B6-45A5-9A91-6C3F966A27EF-300x225.jpeg\" alt=\"\" width=\"300\" height=\"225\" srcset=\"http:\/\/blog.meineigenerweg.de\/wp-content\/uploads\/2022\/06\/3C684C0D-78B6-45A5-9A91-6C3F966A27EF-300x225.jpeg 300w, http:\/\/blog.meineigenerweg.de\/wp-content\/uploads\/2022\/06\/3C684C0D-78B6-45A5-9A91-6C3F966A27EF-768x576.jpeg 768w, http:\/\/blog.meineigenerweg.de\/wp-content\/uploads\/2022\/06\/3C684C0D-78B6-45A5-9A91-6C3F966A27EF.jpeg 1000w\" sizes=\"auto, (max-width: 300px) 100vw, 300px\" \/><\/a><\/p>\n<p>Aber wof\u00fcr stecken diese Stecken im Wasser? Die Aufl\u00f6sung folgt &#8230;<\/p>\n<p><a href=\"http:\/\/blog.meineigenerweg.de\/wp-content\/uploads\/2022\/06\/8C358F2A-DFFA-460D-9145-A20C33DF9400.jpeg\"><img loading=\"lazy\" decoding=\"async\" class=\"alignnone size-medium wp-image-8264\" src=\"http:\/\/blog.meineigenerweg.de\/wp-content\/uploads\/2022\/06\/8C358F2A-DFFA-460D-9145-A20C33DF9400-300x225.jpeg\" alt=\"\" width=\"300\" height=\"225\" srcset=\"http:\/\/blog.meineigenerweg.de\/wp-content\/uploads\/2022\/06\/8C358F2A-DFFA-460D-9145-A20C33DF9400-300x225.jpeg 300w, http:\/\/blog.meineigenerweg.de\/wp-content\/uploads\/2022\/06\/8C358F2A-DFFA-460D-9145-A20C33DF9400-768x576.jpeg 768w, http:\/\/blog.meineigenerweg.de\/wp-content\/uploads\/2022\/06\/8C358F2A-DFFA-460D-9145-A20C33DF9400.jpeg 1000w\" sizes=\"auto, (max-width: 300px) 100vw, 300px\" \/><\/a><\/p>\n<p>Die Tage am Truc Vert mit der ruhigen Atmosph\u00e4re und den duftenden Pinien verleiten dazu, es ganz gem\u00fctlich angehen zu lassen. Mittags haben wir uns mit den R\u00e4dern auf den Weg nach L\u2018Herbe gemacht, einem kleinen Dorf auf der Innenseite des Arcachon Beckens, wo die Austernz\u00fcchter zu finden sind. An der kleinen Stra\u00dfe reiht sich ein Austernz\u00fcchter an den anderen, und die meisten haben auch eine Degustation oder ein kleines Restaurant direkt am Meer. Dieses hier, direkt am Strand, gef\u00e4llt uns besonders gut.<\/p>\n<p><a href=\"http:\/\/blog.meineigenerweg.de\/wp-content\/uploads\/2022\/06\/9D35238A-ABD2-4C7E-9812-A9A3CA52929A.jpeg\"><img loading=\"lazy\" decoding=\"async\" class=\"alignnone size-medium wp-image-8268\" src=\"http:\/\/blog.meineigenerweg.de\/wp-content\/uploads\/2022\/06\/9D35238A-ABD2-4C7E-9812-A9A3CA52929A-300x225.jpeg\" alt=\"\" width=\"300\" height=\"225\" srcset=\"http:\/\/blog.meineigenerweg.de\/wp-content\/uploads\/2022\/06\/9D35238A-ABD2-4C7E-9812-A9A3CA52929A-300x225.jpeg 300w, http:\/\/blog.meineigenerweg.de\/wp-content\/uploads\/2022\/06\/9D35238A-ABD2-4C7E-9812-A9A3CA52929A-768x576.jpeg 768w, http:\/\/blog.meineigenerweg.de\/wp-content\/uploads\/2022\/06\/9D35238A-ABD2-4C7E-9812-A9A3CA52929A.jpeg 1000w\" sizes=\"auto, (max-width: 300px) 100vw, 300px\" \/><\/a><\/p>\n<p>Die Karte ist nicht sehr umfangreich,<\/p>\n<p><a href=\"http:\/\/blog.meineigenerweg.de\/wp-content\/uploads\/2022\/06\/A5945831-D83D-4CA4-A7C6-B28FD2F206B8.jpeg\"><img loading=\"lazy\" decoding=\"async\" class=\"alignnone size-medium wp-image-8269\" src=\"http:\/\/blog.meineigenerweg.de\/wp-content\/uploads\/2022\/06\/A5945831-D83D-4CA4-A7C6-B28FD2F206B8-225x300.jpeg\" alt=\"\" width=\"225\" height=\"300\" srcset=\"http:\/\/blog.meineigenerweg.de\/wp-content\/uploads\/2022\/06\/A5945831-D83D-4CA4-A7C6-B28FD2F206B8-225x300.jpeg 225w, http:\/\/blog.meineigenerweg.de\/wp-content\/uploads\/2022\/06\/A5945831-D83D-4CA4-A7C6-B28FD2F206B8.jpeg 750w\" sizes=\"auto, (max-width: 225px) 100vw, 225px\" \/><\/a><\/p>\n<p>aber das Essen au\u00dfergew\u00f6hnlich, Austern, Crevetten, gesalzene Butter.<\/p>\n<p><a href=\"http:\/\/blog.meineigenerweg.de\/wp-content\/uploads\/2022\/06\/8800328D-AA4C-42DE-AB1D-4992A31F7BD3.jpeg\"><img loading=\"lazy\" decoding=\"async\" class=\"alignnone size-medium wp-image-8270\" src=\"http:\/\/blog.meineigenerweg.de\/wp-content\/uploads\/2022\/06\/8800328D-AA4C-42DE-AB1D-4992A31F7BD3-300x225.jpeg\" alt=\"\" width=\"300\" height=\"225\" srcset=\"http:\/\/blog.meineigenerweg.de\/wp-content\/uploads\/2022\/06\/8800328D-AA4C-42DE-AB1D-4992A31F7BD3-300x225.jpeg 300w, http:\/\/blog.meineigenerweg.de\/wp-content\/uploads\/2022\/06\/8800328D-AA4C-42DE-AB1D-4992A31F7BD3-768x576.jpeg 768w, http:\/\/blog.meineigenerweg.de\/wp-content\/uploads\/2022\/06\/8800328D-AA4C-42DE-AB1D-4992A31F7BD3.jpeg 1000w\" sizes=\"auto, (max-width: 300px) 100vw, 300px\" \/><\/a><\/p>\n<p>Und abends lud das sch\u00f6ne Wetter zu einem Picknick am Strand ein.<\/p>\n<p><a href=\"http:\/\/blog.meineigenerweg.de\/wp-content\/uploads\/2022\/06\/873A58B9-70F8-4374-A263-DF8179B11FCA.jpeg\"><img loading=\"lazy\" decoding=\"async\" class=\"alignnone size-medium wp-image-8271\" src=\"http:\/\/blog.meineigenerweg.de\/wp-content\/uploads\/2022\/06\/873A58B9-70F8-4374-A263-DF8179B11FCA-300x225.jpeg\" alt=\"\" width=\"300\" height=\"225\" srcset=\"http:\/\/blog.meineigenerweg.de\/wp-content\/uploads\/2022\/06\/873A58B9-70F8-4374-A263-DF8179B11FCA-300x225.jpeg 300w, http:\/\/blog.meineigenerweg.de\/wp-content\/uploads\/2022\/06\/873A58B9-70F8-4374-A263-DF8179B11FCA-768x576.jpeg 768w, http:\/\/blog.meineigenerweg.de\/wp-content\/uploads\/2022\/06\/873A58B9-70F8-4374-A263-DF8179B11FCA.jpeg 1000w\" sizes=\"auto, (max-width: 300px) 100vw, 300px\" \/><\/a><\/p>\n<p>Weil es so sch\u00f6n ist fahren wir heute noch einmal mit den R\u00e4dern in das kleine Fischerdorf L\u2018Herbe mit seinen typischen Holzh\u00e4usern.<\/p>\n<p><a href=\"http:\/\/blog.meineigenerweg.de\/wp-content\/uploads\/2022\/06\/1F7164BF-04F1-4B6C-8770-FAD00464E094.jpeg\"><img loading=\"lazy\" decoding=\"async\" class=\"alignnone size-medium wp-image-8284\" src=\"http:\/\/blog.meineigenerweg.de\/wp-content\/uploads\/2022\/06\/1F7164BF-04F1-4B6C-8770-FAD00464E094-300x225.jpeg\" alt=\"\" width=\"300\" height=\"225\" srcset=\"http:\/\/blog.meineigenerweg.de\/wp-content\/uploads\/2022\/06\/1F7164BF-04F1-4B6C-8770-FAD00464E094-300x225.jpeg 300w, http:\/\/blog.meineigenerweg.de\/wp-content\/uploads\/2022\/06\/1F7164BF-04F1-4B6C-8770-FAD00464E094-768x576.jpeg 768w, http:\/\/blog.meineigenerweg.de\/wp-content\/uploads\/2022\/06\/1F7164BF-04F1-4B6C-8770-FAD00464E094.jpeg 1000w\" sizes=\"auto, (max-width: 300px) 100vw, 300px\" \/><\/a><\/p>\n<p>Haben wir uns in den letzten Tagen noch gefragt wof\u00fcr die vielen Holzstecken im Wasser stehen,<\/p>\n<p><a href=\"http:\/\/blog.meineigenerweg.de\/wp-content\/uploads\/2022\/06\/82F457F2-C810-4E15-BCF5-75EBEEC8E0A2.jpeg\"><img loading=\"lazy\" decoding=\"async\" class=\"alignnone size-medium wp-image-8285\" src=\"http:\/\/blog.meineigenerweg.de\/wp-content\/uploads\/2022\/06\/82F457F2-C810-4E15-BCF5-75EBEEC8E0A2-300x225.jpeg\" alt=\"\" width=\"300\" height=\"225\" srcset=\"http:\/\/blog.meineigenerweg.de\/wp-content\/uploads\/2022\/06\/82F457F2-C810-4E15-BCF5-75EBEEC8E0A2-300x225.jpeg 300w, http:\/\/blog.meineigenerweg.de\/wp-content\/uploads\/2022\/06\/82F457F2-C810-4E15-BCF5-75EBEEC8E0A2-768x576.jpeg 768w, http:\/\/blog.meineigenerweg.de\/wp-content\/uploads\/2022\/06\/82F457F2-C810-4E15-BCF5-75EBEEC8E0A2.jpeg 1000w\" sizes=\"auto, (max-width: 300px) 100vw, 300px\" \/><\/a><\/p>\n<p>sehen wir heute, weil n\u00e4mlich Ebbe ist, ihren Zweck. Es sind Abgrenzungen f\u00fcr die Austernfelder. Die Austern werden in Gitterboxen gez\u00fcchtet, zur Ernte werden die Boxen, sie sind ungef\u00e4hr 50 x 100 cm gro\u00df, eingesammelt und in Meerwasserbecken bei den Restaurants zwischengelagert, bis sie dann frisch auf den Teller kommen. Eine Auster braucht \u00fcbrigens 3-4 Jahre bis sie gro\u00df genug zum Verzehr ist.<\/p>\n<p><a href=\"http:\/\/blog.meineigenerweg.de\/wp-content\/uploads\/2022\/06\/8B41B44F-367B-4AF7-B687-6C687C99E255.jpeg\"><img loading=\"lazy\" decoding=\"async\" class=\"alignnone size-medium wp-image-8287\" src=\"http:\/\/blog.meineigenerweg.de\/wp-content\/uploads\/2022\/06\/8B41B44F-367B-4AF7-B687-6C687C99E255-300x225.jpeg\" alt=\"\" width=\"300\" height=\"225\" srcset=\"http:\/\/blog.meineigenerweg.de\/wp-content\/uploads\/2022\/06\/8B41B44F-367B-4AF7-B687-6C687C99E255-300x225.jpeg 300w, http:\/\/blog.meineigenerweg.de\/wp-content\/uploads\/2022\/06\/8B41B44F-367B-4AF7-B687-6C687C99E255-768x576.jpeg 768w, http:\/\/blog.meineigenerweg.de\/wp-content\/uploads\/2022\/06\/8B41B44F-367B-4AF7-B687-6C687C99E255.jpeg 1000w\" sizes=\"auto, (max-width: 300px) 100vw, 300px\" \/><\/a><\/p>\n<p>Aber, Austern gab es gestern schon, heute probieren wir mal Schnecken mit Knoblauchmajonaise.<\/p>\n<p><a href=\"http:\/\/blog.meineigenerweg.de\/wp-content\/uploads\/2022\/06\/745C7730-8E43-4B59-9A4E-07926CBEC049.jpeg\"><img loading=\"lazy\" decoding=\"async\" class=\"alignnone size-medium wp-image-8288\" src=\"http:\/\/blog.meineigenerweg.de\/wp-content\/uploads\/2022\/06\/745C7730-8E43-4B59-9A4E-07926CBEC049-300x225.jpeg\" alt=\"\" width=\"300\" height=\"225\" srcset=\"http:\/\/blog.meineigenerweg.de\/wp-content\/uploads\/2022\/06\/745C7730-8E43-4B59-9A4E-07926CBEC049-300x225.jpeg 300w, http:\/\/blog.meineigenerweg.de\/wp-content\/uploads\/2022\/06\/745C7730-8E43-4B59-9A4E-07926CBEC049-768x577.jpeg 768w, http:\/\/blog.meineigenerweg.de\/wp-content\/uploads\/2022\/06\/745C7730-8E43-4B59-9A4E-07926CBEC049.jpeg 1000w\" sizes=\"auto, (max-width: 300px) 100vw, 300px\" \/><\/a><\/p>\n<p>Waren auch gut, aber die Austern waren besser.<\/p>\n<p>&nbsp;<\/p>\n<h6>Dune de Pilat<\/h6>\n<p>Es regnet seit gestern Abend, da nutzen wir die Zeit und fahren um das Arcachon-Becken auf die andere Seite, zur gro\u00dfen Dune de Pilat. Vom Campingplatz f\u00fchrt eine Leiter auf die gr\u00f6\u00dfte Wanderd\u00fcne Europas, 110 mtr hoch, 600 mtr tief und fast 3 km breit. Die letzten Meter muss man jedoch direkt durch den Sand hoch stapfen!<\/p>\n<p><a href=\"http:\/\/blog.meineigenerweg.de\/wp-content\/uploads\/2022\/06\/5AA4DB90-E45D-4F1D-B5E0-718687C58403.jpeg\"><img loading=\"lazy\" decoding=\"async\" class=\"alignnone size-medium wp-image-8291\" src=\"http:\/\/blog.meineigenerweg.de\/wp-content\/uploads\/2022\/06\/5AA4DB90-E45D-4F1D-B5E0-718687C58403-300x225.jpeg\" alt=\"\" width=\"300\" height=\"225\" srcset=\"http:\/\/blog.meineigenerweg.de\/wp-content\/uploads\/2022\/06\/5AA4DB90-E45D-4F1D-B5E0-718687C58403-300x225.jpeg 300w, http:\/\/blog.meineigenerweg.de\/wp-content\/uploads\/2022\/06\/5AA4DB90-E45D-4F1D-B5E0-718687C58403-768x576.jpeg 768w, http:\/\/blog.meineigenerweg.de\/wp-content\/uploads\/2022\/06\/5AA4DB90-E45D-4F1D-B5E0-718687C58403.jpeg 1000w\" sizes=\"auto, (max-width: 300px) 100vw, 300px\" \/> <\/a><a href=\"http:\/\/blog.meineigenerweg.de\/wp-content\/uploads\/2022\/06\/049AEF67-247E-49BB-B889-E6C44A006E48.jpeg\"><img loading=\"lazy\" decoding=\"async\" class=\"alignnone size-medium wp-image-8298\" src=\"http:\/\/blog.meineigenerweg.de\/wp-content\/uploads\/2022\/06\/049AEF67-247E-49BB-B889-E6C44A006E48-300x225.jpeg\" alt=\"\" width=\"300\" height=\"225\" srcset=\"http:\/\/blog.meineigenerweg.de\/wp-content\/uploads\/2022\/06\/049AEF67-247E-49BB-B889-E6C44A006E48-300x225.jpeg 300w, http:\/\/blog.meineigenerweg.de\/wp-content\/uploads\/2022\/06\/049AEF67-247E-49BB-B889-E6C44A006E48-768x576.jpeg 768w, http:\/\/blog.meineigenerweg.de\/wp-content\/uploads\/2022\/06\/049AEF67-247E-49BB-B889-E6C44A006E48.jpeg 1000w\" sizes=\"auto, (max-width: 300px) 100vw, 300px\" \/><\/a><\/p>\n<p>Die letzten paar Meter geht es nur noch durch rutschigen Sand.<\/p>\n<p><a href=\"http:\/\/blog.meineigenerweg.de\/wp-content\/uploads\/2022\/06\/6289919E-4CF6-48B7-9D55-502CC0B403AD.jpeg\"><img loading=\"lazy\" decoding=\"async\" class=\"alignnone size-medium wp-image-8299\" src=\"http:\/\/blog.meineigenerweg.de\/wp-content\/uploads\/2022\/06\/6289919E-4CF6-48B7-9D55-502CC0B403AD-300x200.jpeg\" alt=\"\" width=\"300\" height=\"200\" srcset=\"http:\/\/blog.meineigenerweg.de\/wp-content\/uploads\/2022\/06\/6289919E-4CF6-48B7-9D55-502CC0B403AD-300x200.jpeg 300w, http:\/\/blog.meineigenerweg.de\/wp-content\/uploads\/2022\/06\/6289919E-4CF6-48B7-9D55-502CC0B403AD-768x512.jpeg 768w, http:\/\/blog.meineigenerweg.de\/wp-content\/uploads\/2022\/06\/6289919E-4CF6-48B7-9D55-502CC0B403AD.jpeg 1000w\" sizes=\"auto, (max-width: 300px) 100vw, 300px\" \/><\/a><\/p>\n<p>Der Blick von oben auf das Meer und die vorgelagerten Sandb\u00e4nke ist fantastisch.<\/p>\n<p><a href=\"http:\/\/blog.meineigenerweg.de\/wp-content\/uploads\/2022\/06\/D9D1DC79-28FF-4C86-97A3-C4577E49215A.jpeg\"><img loading=\"lazy\" decoding=\"async\" class=\"alignnone size-medium wp-image-8294\" src=\"http:\/\/blog.meineigenerweg.de\/wp-content\/uploads\/2022\/06\/D9D1DC79-28FF-4C86-97A3-C4577E49215A-300x225.jpeg\" alt=\"\" width=\"300\" height=\"225\" srcset=\"http:\/\/blog.meineigenerweg.de\/wp-content\/uploads\/2022\/06\/D9D1DC79-28FF-4C86-97A3-C4577E49215A-300x225.jpeg 300w, http:\/\/blog.meineigenerweg.de\/wp-content\/uploads\/2022\/06\/D9D1DC79-28FF-4C86-97A3-C4577E49215A-768x576.jpeg 768w, http:\/\/blog.meineigenerweg.de\/wp-content\/uploads\/2022\/06\/D9D1DC79-28FF-4C86-97A3-C4577E49215A.jpeg 1000w\" sizes=\"auto, (max-width: 300px) 100vw, 300px\" \/><\/a><\/p>\n<p>Der Blick nach unten, auf die vom Meer abgewandte Seite zum Abstieg, sehr abenteuerlich.<\/p>\n<p><a href=\"http:\/\/blog.meineigenerweg.de\/wp-content\/uploads\/2022\/06\/163990D3-7ABE-41C1-A2E4-FA70A20799A4.jpeg\"><img loading=\"lazy\" decoding=\"async\" class=\"alignnone size-medium wp-image-8300\" src=\"http:\/\/blog.meineigenerweg.de\/wp-content\/uploads\/2022\/06\/163990D3-7ABE-41C1-A2E4-FA70A20799A4-225x300.jpeg\" alt=\"\" width=\"225\" height=\"300\" srcset=\"http:\/\/blog.meineigenerweg.de\/wp-content\/uploads\/2022\/06\/163990D3-7ABE-41C1-A2E4-FA70A20799A4-225x300.jpeg 225w, http:\/\/blog.meineigenerweg.de\/wp-content\/uploads\/2022\/06\/163990D3-7ABE-41C1-A2E4-FA70A20799A4.jpeg 750w\" sizes=\"auto, (max-width: 225px) 100vw, 225px\" \/><\/a><\/p>\n<p>Die Alternative zu diesem Abenteuer, w\u00e4re ein paar Kilometer weiter die Besteigung \u00fcber eine bequeme Treppe in Begleitung tausendend anderer Touristen, die \u00fcberall posen oder sich albern die D\u00fcne herunterwalzten.<\/p>\n<p><a href=\"http:\/\/blog.meineigenerweg.de\/wp-content\/uploads\/2022\/06\/AD0618EC-51A1-4804-88D2-FFF13A365189.jpeg\"><img loading=\"lazy\" decoding=\"async\" class=\"alignnone size-medium wp-image-8306\" src=\"http:\/\/blog.meineigenerweg.de\/wp-content\/uploads\/2022\/06\/AD0618EC-51A1-4804-88D2-FFF13A365189-300x200.jpeg\" alt=\"\" width=\"300\" height=\"200\" srcset=\"http:\/\/blog.meineigenerweg.de\/wp-content\/uploads\/2022\/06\/AD0618EC-51A1-4804-88D2-FFF13A365189-300x200.jpeg 300w, http:\/\/blog.meineigenerweg.de\/wp-content\/uploads\/2022\/06\/AD0618EC-51A1-4804-88D2-FFF13A365189-768x512.jpeg 768w, http:\/\/blog.meineigenerweg.de\/wp-content\/uploads\/2022\/06\/AD0618EC-51A1-4804-88D2-FFF13A365189.jpeg 1000w\" sizes=\"auto, (max-width: 300px) 100vw, 300px\" \/><\/a><\/p>\n<p>&nbsp;<\/p>\n<h6>Bergerac<\/h6>\n<p>Wir verabschieden uns vom Atlantik und fahren ins Landesinnere, ins Perigord. Wir haben uns mal wieder von H\u00f6rb\u00fcchern, n\u00e4mlich den Krimis Martin Walkers, animieren lassen, um auf den Spuren seines Protagonisten Chef de Police Bruno zu wandern und die Zutaten seiner selbstgekochten Essen, besonders die Tr\u00fcffel, zu entdecken. So ist unser erstes Ziel Bergerac an der Dordogne.<\/p>\n<p><a href=\"http:\/\/blog.meineigenerweg.de\/wp-content\/uploads\/2022\/06\/3EE20E7D-358D-4FEB-90C6-FF6F25EFDFE2.jpeg\"><img loading=\"lazy\" decoding=\"async\" class=\"alignnone size-medium wp-image-8303\" src=\"http:\/\/blog.meineigenerweg.de\/wp-content\/uploads\/2022\/06\/3EE20E7D-358D-4FEB-90C6-FF6F25EFDFE2-300x225.jpeg\" alt=\"\" width=\"300\" height=\"225\" srcset=\"http:\/\/blog.meineigenerweg.de\/wp-content\/uploads\/2022\/06\/3EE20E7D-358D-4FEB-90C6-FF6F25EFDFE2-300x225.jpeg 300w, http:\/\/blog.meineigenerweg.de\/wp-content\/uploads\/2022\/06\/3EE20E7D-358D-4FEB-90C6-FF6F25EFDFE2-768x576.jpeg 768w, http:\/\/blog.meineigenerweg.de\/wp-content\/uploads\/2022\/06\/3EE20E7D-358D-4FEB-90C6-FF6F25EFDFE2.jpeg 1000w\" sizes=\"auto, (max-width: 300px) 100vw, 300px\" \/><\/a><\/p>\n<p>Ein zauberhaftes St\u00e4dtchen mit ganz viel mittelalterlichem Charme.<\/p>\n<p><a href=\"http:\/\/blog.meineigenerweg.de\/wp-content\/uploads\/2022\/06\/65074D3C-1A72-4B16-AC5E-85440838421D.jpeg\"><img loading=\"lazy\" decoding=\"async\" class=\"alignnone size-medium wp-image-8304\" src=\"http:\/\/blog.meineigenerweg.de\/wp-content\/uploads\/2022\/06\/65074D3C-1A72-4B16-AC5E-85440838421D-300x225.jpeg\" alt=\"\" width=\"300\" height=\"225\" srcset=\"http:\/\/blog.meineigenerweg.de\/wp-content\/uploads\/2022\/06\/65074D3C-1A72-4B16-AC5E-85440838421D-300x225.jpeg 300w, http:\/\/blog.meineigenerweg.de\/wp-content\/uploads\/2022\/06\/65074D3C-1A72-4B16-AC5E-85440838421D-768x576.jpeg 768w, http:\/\/blog.meineigenerweg.de\/wp-content\/uploads\/2022\/06\/65074D3C-1A72-4B16-AC5E-85440838421D.jpeg 1000w\" sizes=\"auto, (max-width: 300px) 100vw, 300px\" \/><\/a><\/p>\n<p>Bergerac kann sogar mit einem kleinen Badesee aufwarten. Weil es hier im Landesinneren jetzt endlich so warm ist, wie wir uns das am Atlantik gew\u00fcnscht haben, sind wir heute dort hingeradelt, haben gem\u00fctlich am Strand gelegen und sind ab und zu mal zu Abk\u00fchlung ins Wasser geh\u00fcpft!<\/p>\n<p>Entlang der Dordorgne geht es \u00fcber den sch\u00f6nen Radweg von Bergerac nach Prigonrieux. Das wussten wir beim Start allerdings noch gar nicht, haben dort aber das sehr h\u00fcbsches Gartenlokal Le Batelier als Ziel gefunden!<\/p>\n<p><a href=\"http:\/\/blog.meineigenerweg.de\/wp-content\/uploads\/2022\/06\/40F83A38-DC7F-4674-AA2B-FA3461B555E8.jpeg\"><img loading=\"lazy\" decoding=\"async\" class=\"alignnone size-medium wp-image-8314\" src=\"http:\/\/blog.meineigenerweg.de\/wp-content\/uploads\/2022\/06\/40F83A38-DC7F-4674-AA2B-FA3461B555E8-300x225.jpeg\" alt=\"\" width=\"300\" height=\"225\" srcset=\"http:\/\/blog.meineigenerweg.de\/wp-content\/uploads\/2022\/06\/40F83A38-DC7F-4674-AA2B-FA3461B555E8-300x225.jpeg 300w, http:\/\/blog.meineigenerweg.de\/wp-content\/uploads\/2022\/06\/40F83A38-DC7F-4674-AA2B-FA3461B555E8-768x576.jpeg 768w, http:\/\/blog.meineigenerweg.de\/wp-content\/uploads\/2022\/06\/40F83A38-DC7F-4674-AA2B-FA3461B555E8.jpeg 1000w\" sizes=\"auto, (max-width: 300px) 100vw, 300px\" \/> <\/a><a href=\"http:\/\/blog.meineigenerweg.de\/wp-content\/uploads\/2022\/06\/AEE17BE6-6F90-4C5D-B3FF-C71329204BE6.jpeg\"><img loading=\"lazy\" decoding=\"async\" class=\"alignnone size-medium wp-image-8316\" src=\"http:\/\/blog.meineigenerweg.de\/wp-content\/uploads\/2022\/06\/AEE17BE6-6F90-4C5D-B3FF-C71329204BE6-300x225.jpeg\" alt=\"\" width=\"300\" height=\"225\" srcset=\"http:\/\/blog.meineigenerweg.de\/wp-content\/uploads\/2022\/06\/AEE17BE6-6F90-4C5D-B3FF-C71329204BE6-300x225.jpeg 300w, http:\/\/blog.meineigenerweg.de\/wp-content\/uploads\/2022\/06\/AEE17BE6-6F90-4C5D-B3FF-C71329204BE6-768x576.jpeg 768w, http:\/\/blog.meineigenerweg.de\/wp-content\/uploads\/2022\/06\/AEE17BE6-6F90-4C5D-B3FF-C71329204BE6.jpeg 1000w\" sizes=\"auto, (max-width: 300px) 100vw, 300px\" \/><\/a><a href=\"http:\/\/blog.meineigenerweg.de\/wp-content\/uploads\/2022\/06\/3E08CF1A-3C43-4141-8972-D5F611D9DB39.jpeg\"><img loading=\"lazy\" decoding=\"async\" class=\"alignnone size-medium wp-image-8323\" src=\"http:\/\/blog.meineigenerweg.de\/wp-content\/uploads\/2022\/06\/3E08CF1A-3C43-4141-8972-D5F611D9DB39-300x200.jpeg\" alt=\"\" width=\"300\" height=\"200\" srcset=\"http:\/\/blog.meineigenerweg.de\/wp-content\/uploads\/2022\/06\/3E08CF1A-3C43-4141-8972-D5F611D9DB39-300x200.jpeg 300w, http:\/\/blog.meineigenerweg.de\/wp-content\/uploads\/2022\/06\/3E08CF1A-3C43-4141-8972-D5F611D9DB39-768x512.jpeg 768w, http:\/\/blog.meineigenerweg.de\/wp-content\/uploads\/2022\/06\/3E08CF1A-3C43-4141-8972-D5F611D9DB39.jpeg 1000w\" sizes=\"auto, (max-width: 300px) 100vw, 300px\" \/><\/a><a href=\"http:\/\/blog.meineigenerweg.de\/wp-content\/uploads\/2022\/06\/7EE6BECA-FC44-4444-999B-662DDBB2EDF0.jpeg\"><img loading=\"lazy\" decoding=\"async\" class=\"alignnone size-medium wp-image-8325\" src=\"http:\/\/blog.meineigenerweg.de\/wp-content\/uploads\/2022\/06\/7EE6BECA-FC44-4444-999B-662DDBB2EDF0-300x200.jpeg\" alt=\"\" width=\"300\" height=\"200\" srcset=\"http:\/\/blog.meineigenerweg.de\/wp-content\/uploads\/2022\/06\/7EE6BECA-FC44-4444-999B-662DDBB2EDF0-300x200.jpeg 300w, http:\/\/blog.meineigenerweg.de\/wp-content\/uploads\/2022\/06\/7EE6BECA-FC44-4444-999B-662DDBB2EDF0-768x512.jpeg 768w, http:\/\/blog.meineigenerweg.de\/wp-content\/uploads\/2022\/06\/7EE6BECA-FC44-4444-999B-662DDBB2EDF0.jpeg 1000w\" sizes=\"auto, (max-width: 300px) 100vw, 300px\" \/><\/a><\/p>\n<p>&nbsp;<\/p>\n<h6>Le Bugue<\/h6>\n<p>Weiter geht es auf schmalen Stra\u00dfen im Perigord durch W\u00e4lder, in denen die ber\u00fchmten Tr\u00fcffel wachsen,<\/p>\n<p><a href=\"http:\/\/blog.meineigenerweg.de\/wp-content\/uploads\/2022\/06\/3076AB73-6653-4723-8EB2-A300C4E197B4.jpeg\"><img loading=\"lazy\" decoding=\"async\" class=\"alignnone size-medium wp-image-8328\" src=\"http:\/\/blog.meineigenerweg.de\/wp-content\/uploads\/2022\/06\/3076AB73-6653-4723-8EB2-A300C4E197B4-300x225.jpeg\" alt=\"\" width=\"300\" height=\"225\" srcset=\"http:\/\/blog.meineigenerweg.de\/wp-content\/uploads\/2022\/06\/3076AB73-6653-4723-8EB2-A300C4E197B4-300x225.jpeg 300w, http:\/\/blog.meineigenerweg.de\/wp-content\/uploads\/2022\/06\/3076AB73-6653-4723-8EB2-A300C4E197B4-768x576.jpeg 768w, http:\/\/blog.meineigenerweg.de\/wp-content\/uploads\/2022\/06\/3076AB73-6653-4723-8EB2-A300C4E197B4.jpeg 1000w\" sizes=\"auto, (max-width: 300px) 100vw, 300px\" \/><\/a><\/p>\n<p>durch verschlafene \u00d6rtchen<\/p>\n<p><a href=\"http:\/\/blog.meineigenerweg.de\/wp-content\/uploads\/2022\/06\/98459530-4CB2-48EE-B93D-4187A1EF7F99.jpeg\"><img loading=\"lazy\" decoding=\"async\" class=\"alignnone size-medium wp-image-8329\" src=\"http:\/\/blog.meineigenerweg.de\/wp-content\/uploads\/2022\/06\/98459530-4CB2-48EE-B93D-4187A1EF7F99-300x225.jpeg\" alt=\"\" width=\"300\" height=\"225\" srcset=\"http:\/\/blog.meineigenerweg.de\/wp-content\/uploads\/2022\/06\/98459530-4CB2-48EE-B93D-4187A1EF7F99-300x225.jpeg 300w, http:\/\/blog.meineigenerweg.de\/wp-content\/uploads\/2022\/06\/98459530-4CB2-48EE-B93D-4187A1EF7F99-768x576.jpeg 768w, http:\/\/blog.meineigenerweg.de\/wp-content\/uploads\/2022\/06\/98459530-4CB2-48EE-B93D-4187A1EF7F99.jpeg 1000w\" sizes=\"auto, (max-width: 300px) 100vw, 300px\" \/><\/a><\/p>\n<p>und vorbei an riesigen Feldern mit bl\u00fchenden Sonnenblumen.<\/p>\n<p><a href=\"http:\/\/blog.meineigenerweg.de\/wp-content\/uploads\/2022\/06\/FF92525E-4698-49D1-8719-0F4BBA98865D.jpeg\"><img loading=\"lazy\" decoding=\"async\" class=\"alignnone size-medium wp-image-8330\" src=\"http:\/\/blog.meineigenerweg.de\/wp-content\/uploads\/2022\/06\/FF92525E-4698-49D1-8719-0F4BBA98865D-300x225.jpeg\" alt=\"\" width=\"300\" height=\"225\" srcset=\"http:\/\/blog.meineigenerweg.de\/wp-content\/uploads\/2022\/06\/FF92525E-4698-49D1-8719-0F4BBA98865D-300x225.jpeg 300w, http:\/\/blog.meineigenerweg.de\/wp-content\/uploads\/2022\/06\/FF92525E-4698-49D1-8719-0F4BBA98865D-768x576.jpeg 768w, http:\/\/blog.meineigenerweg.de\/wp-content\/uploads\/2022\/06\/FF92525E-4698-49D1-8719-0F4BBA98865D.jpeg 1000w\" sizes=\"auto, (max-width: 300px) 100vw, 300px\" \/><\/a><\/p>\n<p>Unser Ziel ist das kleine \u00d6rtchen Le Bugue. Unser Campingplatz liegt direkt an dem Fl\u00fcsschen V\u00e8z\u00e8re mit Blick auf die steil aufragende Felswand. Von hier sieht der vorspringende Felsen wie eine Nase aus, mit 2 kleinen H\u00f6hlen als Nasenl\u00f6cher!<\/p>\n<p><a href=\"http:\/\/blog.meineigenerweg.de\/wp-content\/uploads\/2022\/06\/6A10316C-A709-4FA8-9E36-C660BB411F74.jpeg\"><img loading=\"lazy\" decoding=\"async\" class=\"alignnone size-medium wp-image-8331\" src=\"http:\/\/blog.meineigenerweg.de\/wp-content\/uploads\/2022\/06\/6A10316C-A709-4FA8-9E36-C660BB411F74-300x225.jpeg\" alt=\"\" width=\"300\" height=\"225\" srcset=\"http:\/\/blog.meineigenerweg.de\/wp-content\/uploads\/2022\/06\/6A10316C-A709-4FA8-9E36-C660BB411F74-300x225.jpeg 300w, http:\/\/blog.meineigenerweg.de\/wp-content\/uploads\/2022\/06\/6A10316C-A709-4FA8-9E36-C660BB411F74-768x576.jpeg 768w, http:\/\/blog.meineigenerweg.de\/wp-content\/uploads\/2022\/06\/6A10316C-A709-4FA8-9E36-C660BB411F74.jpeg 1000w\" sizes=\"auto, (max-width: 300px) 100vw, 300px\" \/><\/a><\/p>\n<p><a href=\"http:\/\/blog.meineigenerweg.de\/wp-content\/uploads\/2022\/06\/7191DB4E-392F-484B-827F-923D98F4D5BF.jpeg\"><img loading=\"lazy\" decoding=\"async\" class=\"alignnone size-medium wp-image-8337\" src=\"http:\/\/blog.meineigenerweg.de\/wp-content\/uploads\/2022\/06\/7191DB4E-392F-484B-827F-923D98F4D5BF-300x225.jpeg\" alt=\"\" width=\"300\" height=\"225\" srcset=\"http:\/\/blog.meineigenerweg.de\/wp-content\/uploads\/2022\/06\/7191DB4E-392F-484B-827F-923D98F4D5BF-300x225.jpeg 300w, http:\/\/blog.meineigenerweg.de\/wp-content\/uploads\/2022\/06\/7191DB4E-392F-484B-827F-923D98F4D5BF-768x576.jpeg 768w, http:\/\/blog.meineigenerweg.de\/wp-content\/uploads\/2022\/06\/7191DB4E-392F-484B-827F-923D98F4D5BF.jpeg 1000w\" sizes=\"auto, (max-width: 300px) 100vw, 300px\" \/><\/a><\/p>\n<p>Auf dem Marktplatz und in den engen Gassen von Le Bugue dr\u00e4ngeln sich heute Marktst\u00e4nde eng aneinander. Frisches Obst und Gem\u00fcse, Fleisch und Fisch, Geb\u00e4ck, K\u00e4se, duftende Seifen und Kleidung gibt es zu erstehen oder anzuschauen.<\/p>\n<p><a href=\"http:\/\/blog.meineigenerweg.de\/wp-content\/uploads\/2022\/06\/B5D51066-1D21-4CB6-A395-E8EC88C6D309.jpeg\"><img loading=\"lazy\" decoding=\"async\" class=\"alignnone size-medium wp-image-8334\" src=\"http:\/\/blog.meineigenerweg.de\/wp-content\/uploads\/2022\/06\/B5D51066-1D21-4CB6-A395-E8EC88C6D309-300x225.jpeg\" alt=\"\" width=\"300\" height=\"225\" srcset=\"http:\/\/blog.meineigenerweg.de\/wp-content\/uploads\/2022\/06\/B5D51066-1D21-4CB6-A395-E8EC88C6D309-300x225.jpeg 300w, http:\/\/blog.meineigenerweg.de\/wp-content\/uploads\/2022\/06\/B5D51066-1D21-4CB6-A395-E8EC88C6D309-768x576.jpeg 768w, http:\/\/blog.meineigenerweg.de\/wp-content\/uploads\/2022\/06\/B5D51066-1D21-4CB6-A395-E8EC88C6D309.jpeg 1000w\" sizes=\"auto, (max-width: 300px) 100vw, 300px\" \/><\/a> <a href=\"http:\/\/blog.meineigenerweg.de\/wp-content\/uploads\/2022\/06\/9F3366A2-A2B8-4F55-83E0-A205205CAECB.jpeg\"><img loading=\"lazy\" decoding=\"async\" class=\"alignnone size-medium wp-image-8335\" src=\"http:\/\/blog.meineigenerweg.de\/wp-content\/uploads\/2022\/06\/9F3366A2-A2B8-4F55-83E0-A205205CAECB-300x225.jpeg\" alt=\"\" width=\"300\" height=\"225\" srcset=\"http:\/\/blog.meineigenerweg.de\/wp-content\/uploads\/2022\/06\/9F3366A2-A2B8-4F55-83E0-A205205CAECB-300x225.jpeg 300w, http:\/\/blog.meineigenerweg.de\/wp-content\/uploads\/2022\/06\/9F3366A2-A2B8-4F55-83E0-A205205CAECB-768x576.jpeg 768w, http:\/\/blog.meineigenerweg.de\/wp-content\/uploads\/2022\/06\/9F3366A2-A2B8-4F55-83E0-A205205CAECB.jpeg 1000w\" sizes=\"auto, (max-width: 300px) 100vw, 300px\" \/><\/a><\/p>\n<p>Und am Nachmittag lassen wir bei dem warmen Wetter die F\u00fc\u00dfe im Fluss baumeln.<\/p>\n<p><a href=\"http:\/\/blog.meineigenerweg.de\/wp-content\/uploads\/2022\/06\/3BE83075-238D-42D4-914D-D003ADD34488.jpeg\"><img loading=\"lazy\" decoding=\"async\" class=\"alignnone size-medium wp-image-8339\" src=\"http:\/\/blog.meineigenerweg.de\/wp-content\/uploads\/2022\/06\/3BE83075-238D-42D4-914D-D003ADD34488-300x225.jpeg\" alt=\"\" width=\"300\" height=\"225\" srcset=\"http:\/\/blog.meineigenerweg.de\/wp-content\/uploads\/2022\/06\/3BE83075-238D-42D4-914D-D003ADD34488-300x225.jpeg 300w, http:\/\/blog.meineigenerweg.de\/wp-content\/uploads\/2022\/06\/3BE83075-238D-42D4-914D-D003ADD34488-768x576.jpeg 768w, http:\/\/blog.meineigenerweg.de\/wp-content\/uploads\/2022\/06\/3BE83075-238D-42D4-914D-D003ADD34488.jpeg 1000w\" sizes=\"auto, (max-width: 300px) 100vw, 300px\" \/><\/a> <a href=\"http:\/\/blog.meineigenerweg.de\/wp-content\/uploads\/2022\/06\/AA30B1D8-462A-4853-AF22-14576F47A023.jpeg\"><img loading=\"lazy\" decoding=\"async\" class=\"alignnone size-medium wp-image-8340\" src=\"http:\/\/blog.meineigenerweg.de\/wp-content\/uploads\/2022\/06\/AA30B1D8-462A-4853-AF22-14576F47A023-300x225.jpeg\" alt=\"\" width=\"300\" height=\"225\" srcset=\"http:\/\/blog.meineigenerweg.de\/wp-content\/uploads\/2022\/06\/AA30B1D8-462A-4853-AF22-14576F47A023-300x225.jpeg 300w, http:\/\/blog.meineigenerweg.de\/wp-content\/uploads\/2022\/06\/AA30B1D8-462A-4853-AF22-14576F47A023-768x576.jpeg 768w, http:\/\/blog.meineigenerweg.de\/wp-content\/uploads\/2022\/06\/AA30B1D8-462A-4853-AF22-14576F47A023.jpeg 1000w\" sizes=\"auto, (max-width: 300px) 100vw, 300px\" \/><\/a><\/p>\n<p>Vom Campingplatz wird eine Kanutour auf dem V\u00e8z\u00e8re angeboten, da greifen wir gerne zu! Der Landeplatz liegt direkt\u00a0<span style=\"font-size: 0.95em;\">vor unserem Stellplatz. Wir werden mit dem Bus abgeholt und fahren fast eine Stunde flussaufw\u00e4rts. Dort bekommen wir Kanu, Paddel und Schwimmwesten und eine wasserdichte Box f\u00fcr unsere Sachen. Und dann geht es schon los, der Fluss flie\u00dft sacht, wir k\u00f6nnen uns ab und zu einfach treiben lassen, m\u00fcssen die Richtung korrigieren und ansonsten einfach genie\u00dfen. Durch die sanften Stromschnellen hindurch m\u00fcssen wir schon ein bisschen man\u00f6vrieren. Vorbei an kleinen \u00d6rtchen, Sandbanken, die zur Pause und einem Sprung ins k\u00fchle Wasser einladen und immer wieder ganz viel Natur. Einfach entspannt, gem\u00fctlich, sch\u00f6n. Wir kommen nach drei Stunden entspanntem Paddeln an unserem Campingplatz an und ziehen unser Boot an Land. Ein toller Trip.<\/span><\/p>\n<p><a href=\"http:\/\/blog.meineigenerweg.de\/wp-content\/uploads\/2022\/06\/895B2E2D-990F-4E09-9AA6-1A1926C3C6EE.jpeg\"><img loading=\"lazy\" decoding=\"async\" class=\"alignnone size-medium wp-image-8343\" src=\"http:\/\/blog.meineigenerweg.de\/wp-content\/uploads\/2022\/06\/895B2E2D-990F-4E09-9AA6-1A1926C3C6EE-169x300.jpeg\" alt=\"\" width=\"169\" height=\"300\" srcset=\"http:\/\/blog.meineigenerweg.de\/wp-content\/uploads\/2022\/06\/895B2E2D-990F-4E09-9AA6-1A1926C3C6EE-169x300.jpeg 169w, http:\/\/blog.meineigenerweg.de\/wp-content\/uploads\/2022\/06\/895B2E2D-990F-4E09-9AA6-1A1926C3C6EE.jpeg 563w\" sizes=\"auto, (max-width: 169px) 100vw, 169px\" \/><\/a><\/p>\n<p>&nbsp;<\/p>\n<h6 class=\"DUwDvf fontHeadlineLarge\">Antonne-et-Trigonant<\/h6>\n<p>Weiter geht es Richtung Perigueux. Unser Campingplatz liegt in Antonne-et-Trigonant &#8211; sehr ruhig, malerisch am L\u00b4Isle.<\/p>\n<p>&nbsp;<\/p>\n<p><a href=\"http:\/\/blog.meineigenerweg.de\/wp-content\/uploads\/2022\/06\/E7803443-1216-4E9A-BE8C-A6D3A8BBE344.jpeg\"><img loading=\"lazy\" decoding=\"async\" class=\"alignnone size-medium wp-image-8348\" src=\"http:\/\/blog.meineigenerweg.de\/wp-content\/uploads\/2022\/06\/E7803443-1216-4E9A-BE8C-A6D3A8BBE344-300x225.jpeg\" alt=\"\" width=\"300\" height=\"225\" srcset=\"http:\/\/blog.meineigenerweg.de\/wp-content\/uploads\/2022\/06\/E7803443-1216-4E9A-BE8C-A6D3A8BBE344-300x225.jpeg 300w, http:\/\/blog.meineigenerweg.de\/wp-content\/uploads\/2022\/06\/E7803443-1216-4E9A-BE8C-A6D3A8BBE344-768x576.jpeg 768w, http:\/\/blog.meineigenerweg.de\/wp-content\/uploads\/2022\/06\/E7803443-1216-4E9A-BE8C-A6D3A8BBE344.jpeg 1000w\" sizes=\"auto, (max-width: 300px) 100vw, 300px\" \/><\/a><\/p>\n<p>&nbsp;<\/p>\n<h6 class=\"DUwDvf fontHeadlineLarge\">Les Eyzies-de-Tayac-Sireuil<\/h6>\n<p>Unter einem \u00dcberhang schmiegt sich das \u00d6rtchen an die Felsen. Das Naturkundemuseum mit seinen vielen Knochenfunden und Versteinerungen aus der Region ist zwar nicht so spannend, aber es gibt einen kurzen Weg oberhalb der H\u00e4user, direkt unter dem \u00dcberhang, und der ist sch\u00f6n zu laufen.<\/p>\n<p><a href=\"http:\/\/blog.meineigenerweg.de\/wp-content\/uploads\/2022\/06\/C90CC17D-2AC5-4080-A2CD-C73226F33BA9-scaled.jpeg\"><img loading=\"lazy\" decoding=\"async\" class=\"alignnone size-medium wp-image-8352\" src=\"http:\/\/blog.meineigenerweg.de\/wp-content\/uploads\/2022\/06\/C90CC17D-2AC5-4080-A2CD-C73226F33BA9-300x225.jpeg\" alt=\"\" width=\"300\" height=\"225\" srcset=\"http:\/\/blog.meineigenerweg.de\/wp-content\/uploads\/2022\/06\/C90CC17D-2AC5-4080-A2CD-C73226F33BA9-300x225.jpeg 300w, http:\/\/blog.meineigenerweg.de\/wp-content\/uploads\/2022\/06\/C90CC17D-2AC5-4080-A2CD-C73226F33BA9-1024x768.jpeg 1024w, http:\/\/blog.meineigenerweg.de\/wp-content\/uploads\/2022\/06\/C90CC17D-2AC5-4080-A2CD-C73226F33BA9-768x576.jpeg 768w, http:\/\/blog.meineigenerweg.de\/wp-content\/uploads\/2022\/06\/C90CC17D-2AC5-4080-A2CD-C73226F33BA9-1536x1152.jpeg 1536w, http:\/\/blog.meineigenerweg.de\/wp-content\/uploads\/2022\/06\/C90CC17D-2AC5-4080-A2CD-C73226F33BA9-2048x1536.jpeg 2048w\" sizes=\"auto, (max-width: 300px) 100vw, 300px\" \/>\u00a0<\/a><\/p>\n<p>&nbsp;<\/p>\n<h6 class=\"DUwDvf fontHeadlineLarge\">Grotte du Grand Roc<\/h6>\n<p>Nur ein paar Kilometer weiter liegt, auch unter einem Feld\u00fcberhang, die Grotte du Grand Rot.<\/p>\n<p><a href=\"http:\/\/blog.meineigenerweg.de\/wp-content\/uploads\/2022\/06\/5EAE0DB6-F2BC-45D4-B6EB-BD6CC25E1C41-scaled.jpeg\"><img loading=\"lazy\" decoding=\"async\" class=\"alignnone size-medium wp-image-8349\" src=\"http:\/\/blog.meineigenerweg.de\/wp-content\/uploads\/2022\/06\/5EAE0DB6-F2BC-45D4-B6EB-BD6CC25E1C41-300x225.jpeg\" alt=\"\" width=\"300\" height=\"225\" srcset=\"http:\/\/blog.meineigenerweg.de\/wp-content\/uploads\/2022\/06\/5EAE0DB6-F2BC-45D4-B6EB-BD6CC25E1C41-300x225.jpeg 300w, http:\/\/blog.meineigenerweg.de\/wp-content\/uploads\/2022\/06\/5EAE0DB6-F2BC-45D4-B6EB-BD6CC25E1C41-1024x768.jpeg 1024w, http:\/\/blog.meineigenerweg.de\/wp-content\/uploads\/2022\/06\/5EAE0DB6-F2BC-45D4-B6EB-BD6CC25E1C41-768x576.jpeg 768w, http:\/\/blog.meineigenerweg.de\/wp-content\/uploads\/2022\/06\/5EAE0DB6-F2BC-45D4-B6EB-BD6CC25E1C41-1536x1152.jpeg 1536w, http:\/\/blog.meineigenerweg.de\/wp-content\/uploads\/2022\/06\/5EAE0DB6-F2BC-45D4-B6EB-BD6CC25E1C41-2048x1536.jpeg 2048w\" sizes=\"auto, (max-width: 300px) 100vw, 300px\" \/>\u00a0<\/a><\/p>\n<p>Unter dem \u00dcberhang, wurden ein paar H\u00e4user direkt an den Fels gebaut.<\/p>\n<p><a href=\"http:\/\/blog.meineigenerweg.de\/wp-content\/uploads\/2022\/06\/E25B5B3B-44AE-441A-BB1B-3FE747235F2E.jpeg\"><img loading=\"lazy\" decoding=\"async\" class=\"alignnone size-medium wp-image-8353\" src=\"http:\/\/blog.meineigenerweg.de\/wp-content\/uploads\/2022\/06\/E25B5B3B-44AE-441A-BB1B-3FE747235F2E-300x225.jpeg\" alt=\"\" width=\"300\" height=\"225\" srcset=\"http:\/\/blog.meineigenerweg.de\/wp-content\/uploads\/2022\/06\/E25B5B3B-44AE-441A-BB1B-3FE747235F2E-300x225.jpeg 300w, http:\/\/blog.meineigenerweg.de\/wp-content\/uploads\/2022\/06\/E25B5B3B-44AE-441A-BB1B-3FE747235F2E-768x576.jpeg 768w, http:\/\/blog.meineigenerweg.de\/wp-content\/uploads\/2022\/06\/E25B5B3B-44AE-441A-BB1B-3FE747235F2E.jpeg 1000w\" sizes=\"auto, (max-width: 300px) 100vw, 300px\" \/><\/a><\/p>\n<p>Der Einstieg erfolgt durch einige steile Treppe an der Felswand.<\/p>\n<p><a href=\"http:\/\/blog.meineigenerweg.de\/wp-content\/uploads\/2022\/06\/98B7BEB1-2723-483A-8503-ACBE9CDFE3EF.jpeg\"><img loading=\"lazy\" decoding=\"async\" class=\"alignnone size-medium wp-image-8350\" src=\"http:\/\/blog.meineigenerweg.de\/wp-content\/uploads\/2022\/06\/98B7BEB1-2723-483A-8503-ACBE9CDFE3EF-225x300.jpeg\" alt=\"\" width=\"225\" height=\"300\" srcset=\"http:\/\/blog.meineigenerweg.de\/wp-content\/uploads\/2022\/06\/98B7BEB1-2723-483A-8503-ACBE9CDFE3EF-225x300.jpeg 225w, http:\/\/blog.meineigenerweg.de\/wp-content\/uploads\/2022\/06\/98B7BEB1-2723-483A-8503-ACBE9CDFE3EF.jpeg 750w\" sizes=\"auto, (max-width: 225px) 100vw, 225px\" \/>\u00a0<\/a><\/p>\n<p>Solche Tropfsteine haben wir bisher noch nicht gesehen! Manche \u00e4hneln Bergkristallen, die Farben sind r\u00f6tlich, ocker oder grau, je nachdem, ob das ausgesp\u00fclte Wasser Eisen, Pflanzenreste oder den gelben Kalkstein enthalten. Und Tropfsteine, die die Wuchsrichtung \u00e4ndern, haben wir vorher auch noch gesehen. Hier wachsen sie wie \u00c4ste nach rechts und links.<\/p>\n<p><a href=\"http:\/\/blog.meineigenerweg.de\/wp-content\/uploads\/2022\/06\/CE3FBA5E-E62B-4678-860A-13D69A320E30-scaled.jpeg\"><img loading=\"lazy\" decoding=\"async\" class=\"alignnone size-medium wp-image-8351\" src=\"http:\/\/blog.meineigenerweg.de\/wp-content\/uploads\/2022\/06\/CE3FBA5E-E62B-4678-860A-13D69A320E30-300x225.jpeg\" alt=\"\" width=\"300\" height=\"225\" srcset=\"http:\/\/blog.meineigenerweg.de\/wp-content\/uploads\/2022\/06\/CE3FBA5E-E62B-4678-860A-13D69A320E30-300x225.jpeg 300w, http:\/\/blog.meineigenerweg.de\/wp-content\/uploads\/2022\/06\/CE3FBA5E-E62B-4678-860A-13D69A320E30-1024x768.jpeg 1024w, http:\/\/blog.meineigenerweg.de\/wp-content\/uploads\/2022\/06\/CE3FBA5E-E62B-4678-860A-13D69A320E30-768x576.jpeg 768w, http:\/\/blog.meineigenerweg.de\/wp-content\/uploads\/2022\/06\/CE3FBA5E-E62B-4678-860A-13D69A320E30-1536x1152.jpeg 1536w, http:\/\/blog.meineigenerweg.de\/wp-content\/uploads\/2022\/06\/CE3FBA5E-E62B-4678-860A-13D69A320E30-2048x1536.jpeg 2048w\" sizes=\"auto, (max-width: 300px) 100vw, 300px\" \/>\u00a0<\/a><\/p>\n<p>&nbsp;<\/p>\n<h6 class=\"DUwDvf fontHeadlineLarge\">P\u00e9rigueux<\/h6>\n<p>Wir hatten schon Sorge, dass mit Beginn der Sommerferien in Frankreich die Campingpl\u00e4tze sehr voll w\u00fcrden. Auf diesem sch\u00f6nen und ruhigen Platz in der N\u00e4he von Perigueux merken wir zum Gl\u00fcck nichts davon und k\u00f6nnen einen faulen Tag am Pool verbringen.<\/p>\n<p><a href=\"http:\/\/blog.meineigenerweg.de\/wp-content\/uploads\/2022\/06\/A7BA27E4-D4AC-408F-B1CF-19C99AC76DD4.jpeg\"><img loading=\"lazy\" decoding=\"async\" class=\"alignnone size-medium wp-image-8374\" src=\"http:\/\/blog.meineigenerweg.de\/wp-content\/uploads\/2022\/06\/A7BA27E4-D4AC-408F-B1CF-19C99AC76DD4-300x225.jpeg\" alt=\"\" width=\"300\" height=\"225\" srcset=\"http:\/\/blog.meineigenerweg.de\/wp-content\/uploads\/2022\/06\/A7BA27E4-D4AC-408F-B1CF-19C99AC76DD4-300x225.jpeg 300w, http:\/\/blog.meineigenerweg.de\/wp-content\/uploads\/2022\/06\/A7BA27E4-D4AC-408F-B1CF-19C99AC76DD4-768x576.jpeg 768w, http:\/\/blog.meineigenerweg.de\/wp-content\/uploads\/2022\/06\/A7BA27E4-D4AC-408F-B1CF-19C99AC76DD4.jpeg 1000w\" sizes=\"auto, (max-width: 300px) 100vw, 300px\" \/><\/a><\/p>\n<p>Durchs Perigord f\u00fchren etliche sch\u00f6ne Radwege, einer davon f\u00fchrt nah an unserem Stellplatz nach Perigueux.<\/p>\n<p><a href=\"http:\/\/blog.meineigenerweg.de\/wp-content\/uploads\/2022\/06\/8A75EC9D-B399-4735-B992-5067C2B3CDB0.jpeg\"><img loading=\"lazy\" decoding=\"async\" class=\"alignnone size-medium wp-image-8361\" src=\"http:\/\/blog.meineigenerweg.de\/wp-content\/uploads\/2022\/06\/8A75EC9D-B399-4735-B992-5067C2B3CDB0-300x225.jpeg\" alt=\"\" width=\"300\" height=\"225\" srcset=\"http:\/\/blog.meineigenerweg.de\/wp-content\/uploads\/2022\/06\/8A75EC9D-B399-4735-B992-5067C2B3CDB0-300x225.jpeg 300w, http:\/\/blog.meineigenerweg.de\/wp-content\/uploads\/2022\/06\/8A75EC9D-B399-4735-B992-5067C2B3CDB0-768x576.jpeg 768w, http:\/\/blog.meineigenerweg.de\/wp-content\/uploads\/2022\/06\/8A75EC9D-B399-4735-B992-5067C2B3CDB0.jpeg 1000w\" sizes=\"auto, (max-width: 300px) 100vw, 300px\" \/><\/a><\/p>\n<p>Mal f\u00fchrt der Weg direkt an dem Fl\u00fcsschen l\u2018Isle entlang,<\/p>\n<p><a href=\"http:\/\/blog.meineigenerweg.de\/wp-content\/uploads\/2022\/06\/6F4C1BBD-28E0-42A7-9485-61F76653A8C2.jpeg\"><img loading=\"lazy\" decoding=\"async\" class=\"alignnone size-medium wp-image-8363\" src=\"http:\/\/blog.meineigenerweg.de\/wp-content\/uploads\/2022\/06\/6F4C1BBD-28E0-42A7-9485-61F76653A8C2-300x225.jpeg\" alt=\"\" width=\"300\" height=\"225\" srcset=\"http:\/\/blog.meineigenerweg.de\/wp-content\/uploads\/2022\/06\/6F4C1BBD-28E0-42A7-9485-61F76653A8C2-300x225.jpeg 300w, http:\/\/blog.meineigenerweg.de\/wp-content\/uploads\/2022\/06\/6F4C1BBD-28E0-42A7-9485-61F76653A8C2-768x576.jpeg 768w, http:\/\/blog.meineigenerweg.de\/wp-content\/uploads\/2022\/06\/6F4C1BBD-28E0-42A7-9485-61F76653A8C2.jpeg 1000w\" sizes=\"auto, (max-width: 300px) 100vw, 300px\" \/>\u00a0<\/a><\/p>\n<p>mal schaut man uns gelangweilt an,<\/p>\n<p><a href=\"http:\/\/blog.meineigenerweg.de\/wp-content\/uploads\/2022\/06\/279243EA-286D-45EB-8278-E14EF535CA94.jpeg\"><img loading=\"lazy\" decoding=\"async\" class=\"alignnone size-medium wp-image-8364\" src=\"http:\/\/blog.meineigenerweg.de\/wp-content\/uploads\/2022\/06\/279243EA-286D-45EB-8278-E14EF535CA94-300x225.jpeg\" alt=\"\" width=\"300\" height=\"225\" srcset=\"http:\/\/blog.meineigenerweg.de\/wp-content\/uploads\/2022\/06\/279243EA-286D-45EB-8278-E14EF535CA94-300x225.jpeg 300w, http:\/\/blog.meineigenerweg.de\/wp-content\/uploads\/2022\/06\/279243EA-286D-45EB-8278-E14EF535CA94-768x576.jpeg 768w, http:\/\/blog.meineigenerweg.de\/wp-content\/uploads\/2022\/06\/279243EA-286D-45EB-8278-E14EF535CA94.jpeg 1000w\" sizes=\"auto, (max-width: 300px) 100vw, 300px\" \/><\/a><\/p>\n<p>mal lachen uns die Sonnenblumen auf riesigen Feldern entgegen.<\/p>\n<p><a href=\"http:\/\/blog.meineigenerweg.de\/wp-content\/uploads\/2022\/06\/09030D93-E3CB-493B-B728-88CFD6DECE84.jpeg\"><img loading=\"lazy\" decoding=\"async\" class=\"alignnone size-medium wp-image-8367\" src=\"http:\/\/blog.meineigenerweg.de\/wp-content\/uploads\/2022\/06\/09030D93-E3CB-493B-B728-88CFD6DECE84-300x225.jpeg\" alt=\"\" width=\"300\" height=\"225\" srcset=\"http:\/\/blog.meineigenerweg.de\/wp-content\/uploads\/2022\/06\/09030D93-E3CB-493B-B728-88CFD6DECE84-300x225.jpeg 300w, http:\/\/blog.meineigenerweg.de\/wp-content\/uploads\/2022\/06\/09030D93-E3CB-493B-B728-88CFD6DECE84-768x576.jpeg 768w, http:\/\/blog.meineigenerweg.de\/wp-content\/uploads\/2022\/06\/09030D93-E3CB-493B-B728-88CFD6DECE84.jpeg 1000w\" sizes=\"auto, (max-width: 300px) 100vw, 300px\" \/><\/a><\/p>\n<p>Der erste Blick geht auf die Kathedrale Saint Front, die zum UNESCO-Weltkulturerbe geh\u00f6rt.<\/p>\n<p><a href=\"http:\/\/blog.meineigenerweg.de\/wp-content\/uploads\/2022\/06\/B8382B99-10DE-48C2-94F6-84E6203F7674.jpeg\"><img loading=\"lazy\" decoding=\"async\" class=\"alignnone size-medium wp-image-8368\" src=\"http:\/\/blog.meineigenerweg.de\/wp-content\/uploads\/2022\/06\/B8382B99-10DE-48C2-94F6-84E6203F7674-300x225.jpeg\" alt=\"\" width=\"300\" height=\"225\" srcset=\"http:\/\/blog.meineigenerweg.de\/wp-content\/uploads\/2022\/06\/B8382B99-10DE-48C2-94F6-84E6203F7674-300x225.jpeg 300w, http:\/\/blog.meineigenerweg.de\/wp-content\/uploads\/2022\/06\/B8382B99-10DE-48C2-94F6-84E6203F7674-768x576.jpeg 768w, http:\/\/blog.meineigenerweg.de\/wp-content\/uploads\/2022\/06\/B8382B99-10DE-48C2-94F6-84E6203F7674.jpeg 1000w\" sizes=\"auto, (max-width: 300px) 100vw, 300px\" \/><\/a><\/p>\n<p>Wir kommen p\u00fcnktlich zur Mittagszeit an und nutzen die, um in einem der vielen Lokale der Stadt einzukehren.<\/p>\n<p><a href=\"http:\/\/blog.meineigenerweg.de\/wp-content\/uploads\/2022\/06\/06C93068-EF8E-49E5-A079-E92028A07E9E.jpeg\"><img loading=\"lazy\" decoding=\"async\" class=\"alignnone size-medium wp-image-8369\" src=\"http:\/\/blog.meineigenerweg.de\/wp-content\/uploads\/2022\/06\/06C93068-EF8E-49E5-A079-E92028A07E9E-300x225.jpeg\" alt=\"\" width=\"300\" height=\"225\" srcset=\"http:\/\/blog.meineigenerweg.de\/wp-content\/uploads\/2022\/06\/06C93068-EF8E-49E5-A079-E92028A07E9E-300x225.jpeg 300w, http:\/\/blog.meineigenerweg.de\/wp-content\/uploads\/2022\/06\/06C93068-EF8E-49E5-A079-E92028A07E9E-768x576.jpeg 768w, http:\/\/blog.meineigenerweg.de\/wp-content\/uploads\/2022\/06\/06C93068-EF8E-49E5-A079-E92028A07E9E.jpeg 1000w\" sizes=\"auto, (max-width: 300px) 100vw, 300px\" \/><\/a><\/p>\n<p>in der Altstadt hat sich das mittelalterliches Flair erhalten, allerdings reihen sich hier Lokale an Caf\u00e9s an Bars an Restaurants\u2026<\/p>\n<p><a href=\"http:\/\/blog.meineigenerweg.de\/wp-content\/uploads\/2022\/06\/ADA895BE-26BF-4D20-8850-B25F09F488F5.jpeg\"><img loading=\"lazy\" decoding=\"async\" class=\"alignnone size-medium wp-image-8371\" src=\"http:\/\/blog.meineigenerweg.de\/wp-content\/uploads\/2022\/06\/ADA895BE-26BF-4D20-8850-B25F09F488F5-300x225.jpeg\" alt=\"\" width=\"300\" height=\"225\" srcset=\"http:\/\/blog.meineigenerweg.de\/wp-content\/uploads\/2022\/06\/ADA895BE-26BF-4D20-8850-B25F09F488F5-300x225.jpeg 300w, http:\/\/blog.meineigenerweg.de\/wp-content\/uploads\/2022\/06\/ADA895BE-26BF-4D20-8850-B25F09F488F5-768x576.jpeg 768w, http:\/\/blog.meineigenerweg.de\/wp-content\/uploads\/2022\/06\/ADA895BE-26BF-4D20-8850-B25F09F488F5.jpeg 1000w\" sizes=\"auto, (max-width: 300px) 100vw, 300px\" \/><\/a><\/p>\n<p>Viele der engen Gassen sind mit bunten Ballons geschm\u00fcckt, die ein sch\u00f6nes Lichtspielauf die Gehwege zaubern.<\/p>\n<p><a href=\"http:\/\/blog.meineigenerweg.de\/wp-content\/uploads\/2022\/06\/D957F2BA-B43D-4DDC-854C-6B354BC651A2.jpeg\"><img loading=\"lazy\" decoding=\"async\" class=\"alignnone size-medium wp-image-8372\" src=\"http:\/\/blog.meineigenerweg.de\/wp-content\/uploads\/2022\/06\/D957F2BA-B43D-4DDC-854C-6B354BC651A2-225x300.jpeg\" alt=\"\" width=\"225\" height=\"300\" srcset=\"http:\/\/blog.meineigenerweg.de\/wp-content\/uploads\/2022\/06\/D957F2BA-B43D-4DDC-854C-6B354BC651A2-225x300.jpeg 225w, http:\/\/blog.meineigenerweg.de\/wp-content\/uploads\/2022\/06\/D957F2BA-B43D-4DDC-854C-6B354BC651A2.jpeg 750w\" sizes=\"auto, (max-width: 225px) 100vw, 225px\" \/><\/a><\/p>\n<p>&nbsp;<\/p>\n<h6 class=\"DUwDvf fontHeadlineLarge\">Lac d&#8217;Orient<\/h6>\n<p>Leider m\u00fcssen auch wir so langsam an das Ende unseres Urlaubs denken. Aber direkt in einem Durch nach Hause wollen wir auch nicht. Auf dem Weg liegt der Lac d\u2018Orient, See und Campingplatz klingen ganz attraktiv. Umso gr\u00f6\u00dfer ist die Entt\u00e4uschung ob der Realit\u00e4t. Jubel Trubel Heiterkeit, ein \u00fcberf\u00fcllter Sandstrand am See und ein enger, voller und lauter Stellplatz. Okay wir lassen uns auf eine Nacht ein, aber morgen fr\u00fch geht es weiter. Morgens f\u00fcr um acht, sieht der Strand noch sehr sch\u00f6n aus.<\/p>\n<p><a href=\"http:\/\/blog.meineigenerweg.de\/wp-content\/uploads\/2022\/06\/28174E36-0499-4C8A-A4B1-17C02D7ACAF4.jpeg\"><img loading=\"lazy\" decoding=\"async\" class=\"alignnone size-medium wp-image-8382\" src=\"http:\/\/blog.meineigenerweg.de\/wp-content\/uploads\/2022\/06\/28174E36-0499-4C8A-A4B1-17C02D7ACAF4-300x225.jpeg\" alt=\"\" width=\"300\" height=\"225\" srcset=\"http:\/\/blog.meineigenerweg.de\/wp-content\/uploads\/2022\/06\/28174E36-0499-4C8A-A4B1-17C02D7ACAF4-300x225.jpeg 300w, http:\/\/blog.meineigenerweg.de\/wp-content\/uploads\/2022\/06\/28174E36-0499-4C8A-A4B1-17C02D7ACAF4-768x576.jpeg 768w, http:\/\/blog.meineigenerweg.de\/wp-content\/uploads\/2022\/06\/28174E36-0499-4C8A-A4B1-17C02D7ACAF4.jpeg 1000w\" sizes=\"auto, (max-width: 300px) 100vw, 300px\" \/><\/a><\/p>\n<p>&nbsp;<\/p>\n<h6 class=\"DUwDvf fontHeadlineLarge\">Lac des Vieilles Forges<\/h6>\n<p>Wir machen noch einen weiteren Stop in den Ardennen am Lac des Vieilles Forges, noch in Frankreich aber schon fast Belgien. Am See herrscht ein trubeliges Gewirr von Sonnenhungrigen und Badenden. Ein letzter fauler Urlaubstag direkt am See.<\/p>\n<p><a href=\"http:\/\/blog.meineigenerweg.de\/wp-content\/uploads\/2022\/06\/2BAE3577-8B32-4E99-A0EC-8D272500D313.jpeg\"><img loading=\"lazy\" decoding=\"async\" class=\"alignnone size-medium wp-image-8383\" src=\"http:\/\/blog.meineigenerweg.de\/wp-content\/uploads\/2022\/06\/2BAE3577-8B32-4E99-A0EC-8D272500D313-300x225.jpeg\" alt=\"\" width=\"300\" height=\"225\" srcset=\"http:\/\/blog.meineigenerweg.de\/wp-content\/uploads\/2022\/06\/2BAE3577-8B32-4E99-A0EC-8D272500D313-300x225.jpeg 300w, http:\/\/blog.meineigenerweg.de\/wp-content\/uploads\/2022\/06\/2BAE3577-8B32-4E99-A0EC-8D272500D313-768x576.jpeg 768w, http:\/\/blog.meineigenerweg.de\/wp-content\/uploads\/2022\/06\/2BAE3577-8B32-4E99-A0EC-8D272500D313.jpeg 1000w\" sizes=\"auto, (max-width: 300px) 100vw, 300px\" \/><\/a><\/p>\n<p>Aber der Stellplatz ist weitl\u00e4ufig genug um auch einen ruhigen Platz mitten im Wald zu bieten.<\/p>\n<p>&nbsp;<\/p>\n","protected":false},"excerpt":{"rendered":"<p>Juni &#8211; Juli 2022 &nbsp; Fahrt in die Normandie Es ist soweit, wir starten endlich unsere Frankreich-Tour. Wir wollen an der Atlantikk\u00fcste entlang bis nach S\u00fcdfrankreich fahren. Durch Belgien und dann in die Normandie und unser erstes Ziel ist Mont Saint-Michel. Den ersten Campingplatz in der N\u00e4he des Mont Saint-Michel<\/p>\n","protected":false},"author":1,"featured_media":8393,"parent":4912,"menu_order":0,"comment_status":"closed","ping_status":"closed","template":"","meta":{"footnotes":""},"class_list":["post-8136","page","type-page","status-publish","has-post-thumbnail","hentry"],"_links":{"self":[{"href":"http:\/\/blog.meineigenerweg.de\/index.php?rest_route=\/wp\/v2\/pages\/8136","targetHints":{"allow":["GET"]}}],"collection":[{"href":"http:\/\/blog.meineigenerweg.de\/index.php?rest_route=\/wp\/v2\/pages"}],"about":[{"href":"http:\/\/blog.meineigenerweg.de\/index.php?rest_route=\/wp\/v2\/types\/page"}],"author":[{"embeddable":true,"href":"http:\/\/blog.meineigenerweg.de\/index.php?rest_route=\/wp\/v2\/users\/1"}],"replies":[{"embeddable":true,"href":"http:\/\/blog.meineigenerweg.de\/index.php?rest_route=%2Fwp%2Fv2%2Fcomments&post=8136"}],"version-history":[{"count":26,"href":"http:\/\/blog.meineigenerweg.de\/index.php?rest_route=\/wp\/v2\/pages\/8136\/revisions"}],"predecessor-version":[{"id":8392,"href":"http:\/\/blog.meineigenerweg.de\/index.php?rest_route=\/wp\/v2\/pages\/8136\/revisions\/8392"}],"up":[{"embeddable":true,"href":"http:\/\/blog.meineigenerweg.de\/index.php?rest_route=\/wp\/v2\/pages\/4912"}],"wp:featuredmedia":[{"embeddable":true,"href":"http:\/\/blog.meineigenerweg.de\/index.php?rest_route=\/wp\/v2\/media\/8393"}],"wp:attachment":[{"href":"http:\/\/blog.meineigenerweg.de\/index.php?rest_route=%2Fwp%2Fv2%2Fmedia&parent=8136"}],"curies":[{"name":"wp","href":"https:\/\/api.w.org\/{rel}","templated":true}]}}