{"id":797,"date":"2014-03-04T09:55:29","date_gmt":"2014-03-04T08:55:29","guid":{"rendered":"http:\/\/blog.meineigenerweg.de\/?page_id=797"},"modified":"2019-03-28T23:17:21","modified_gmt":"2019-03-28T22:17:21","slug":"zandvoort-strandwanderung","status":"publish","type":"page","link":"http:\/\/blog.meineigenerweg.de\/?page_id=797","title":{"rendered":"Zandvoort *****"},"content":{"rendered":"<p><strong>August 2018<\/strong><\/p>\n<p>Vor 45 Jahren ging das noch, da konnte ich mit meiner damaligen Freundin in Zandvoort in unserem uralten VW-K\u00e4fer einfach oberhalb des Strand auf dem Parkstreifen \u00fcbernachten. Das Geld war knapp und wir waren jung genug um eine Nacht im Auto zu verbringen. Wie so viele andere rechts und links neben uns auch. Da wurde auch schon mal eine Flasche Bessem von Fenster zu Fenster weitergereicht. Fr\u00fchst\u00fcck und Dusche gab es morgens an der Strandbude. 45 Jahre her. Die Freundin ist mittlerweile meine Frau und ich gehe auf die 65 zu. Und jetzt stehe ich wieder an der gleichen Stelle. Nat\u00fcrlich ist nichts mehr wie es fr\u00fcher einmal war, ich m\u00f6chte nicht mehr eingequetscht in einem K\u00e4fer \u00fcbernachten und morgens mit m\u00fcden Augen darauf warten, da\u00df die sandige Duschkabine frei wird. Heute stehe ich hier mit meinem Wohnmobil, genie\u00dfe den freien Blick aufs Meer, habe etwas K\u00e4se, Brot und ein Glas Rotwein vor mir, gleich ein bequemes Bett und morgen fr\u00fch eine saubere Dusche. Nicht mehr so das Gleiche wie fr\u00fcher aber trotzdem wieder sehr sch\u00f6n.<\/p>\n<p><a href=\"http:\/\/blog.meineigenerweg.de\/wp-content\/uploads\/2018\/09\/DSC_7451_k.jpg\"><img loading=\"lazy\" decoding=\"async\" class=\"alignnone size-medium wp-image-5260\" src=\"http:\/\/blog.meineigenerweg.de\/wp-content\/uploads\/2018\/09\/DSC_7451_k-300x200.jpg\" alt=\"\" width=\"300\" height=\"200\" srcset=\"http:\/\/blog.meineigenerweg.de\/wp-content\/uploads\/2018\/09\/DSC_7451_k-300x200.jpg 300w, http:\/\/blog.meineigenerweg.de\/wp-content\/uploads\/2018\/09\/DSC_7451_k-768x512.jpg 768w, http:\/\/blog.meineigenerweg.de\/wp-content\/uploads\/2018\/09\/DSC_7451_k.jpg 1000w\" sizes=\"auto, (max-width: 300px) 100vw, 300px\" \/>\u00a0<\/a><a href=\"http:\/\/blog.meineigenerweg.de\/wp-content\/uploads\/2018\/09\/DSC_7454_k.jpg\"><img loading=\"lazy\" decoding=\"async\" class=\"alignnone size-medium wp-image-5261\" src=\"http:\/\/blog.meineigenerweg.de\/wp-content\/uploads\/2018\/09\/DSC_7454_k-300x200.jpg\" alt=\"\" width=\"300\" height=\"200\" srcset=\"http:\/\/blog.meineigenerweg.de\/wp-content\/uploads\/2018\/09\/DSC_7454_k-300x200.jpg 300w, http:\/\/blog.meineigenerweg.de\/wp-content\/uploads\/2018\/09\/DSC_7454_k-768x512.jpg 768w, http:\/\/blog.meineigenerweg.de\/wp-content\/uploads\/2018\/09\/DSC_7454_k.jpg 1000w\" sizes=\"auto, (max-width: 300px) 100vw, 300px\" \/><\/a><\/p>\n<p>&nbsp;<\/p>\n<p><strong>Februar 2014<\/strong><\/p>\n<p>Allaf &#8211; Hellau &#8211; Narinaro &#8230; Karneval ist nicht mein Ding.<\/p>\n<p>Ich habe schon einmal versucht am Rosenmontag ins Centro nach Oberhausen zu fahren, da war es voller als in K\u00f6ln beim Umzug. Dann doch lieber weiter weg, wo es hoffentlich keine Masken und auch keine Narren gibt.<\/p>\n<p>Auf nach <span style=\"text-decoration: underline;\"><span style=\"color: #0000ff;\"><a href=\"http:\/\/www.zandvoort-holland.com\/deutsch\/\" target=\"_blank\" rel=\"noopener noreferrer\"><span style=\"color: #0000ff; text-decoration: underline;\">Zandvoort!<\/span><\/a><\/span><\/span><br \/>\nFr\u00fcher, sehr viel fr\u00fcher, war ich oft dort, so in meiner Sturm- und Drangzeit. Zu viert im alten Renault R4, am Strand rumtollen, den Geruch von Autorennen auf dem Circuit riechen, Fisch an der Strandbude essen, in der Disco zappeln bis zum Morgengrauen und dann einfach\u00a0im Auto am Strand\u00a0schlafen. Am n\u00e4chsten Morgen im Strandpavillon duschen und fr\u00fchst\u00fccken und den Tag im warmen Sand verd\u00f6sen.<\/p>\n<p>O.k. das brauche ich heute alles nicht mehr, aber Zandvoort\u00a0mag ich immer noch.\u00a0Zweieinhalb Stunden, zweihundertvierzig Kilometer\u00a0und schon bin ich da.\u00a0Im Auto zu schlafen ist mittlerweile \u00fcbrigens\u00a0verboten, daf\u00fcr s\u00e4umen viele Kilometer den Strand entlang, angelegte Parkpl\u00e4tze die 2,20 Euro pro Stunde kosten.<\/p>\n<p><a href=\"http:\/\/blog.meineigenerweg.de\/wp-content\/uploads\/2014\/03\/NL_Zandvoort_14_03_018.jpg\"><img loading=\"lazy\" decoding=\"async\" class=\"alignnone size-medium wp-image-805\" src=\"http:\/\/blog.meineigenerweg.de\/wp-content\/uploads\/2014\/03\/NL_Zandvoort_14_03_018-300x200.jpg\" alt=\"NL_Zandvoort_14_03_018\" width=\"300\" height=\"200\" srcset=\"http:\/\/blog.meineigenerweg.de\/wp-content\/uploads\/2014\/03\/NL_Zandvoort_14_03_018-300x200.jpg 300w, http:\/\/blog.meineigenerweg.de\/wp-content\/uploads\/2014\/03\/NL_Zandvoort_14_03_018.jpg 1000w\" sizes=\"auto, (max-width: 300px) 100vw, 300px\" \/><\/a><\/p>\n<p>Aber dann stehe ich endlich auf der Strandpromenade, es ist kalt, aber meine dicke Winterjacke w\u00e4rmt mich. Der Wind weht mir schneidend ins Gesicht, kleine Sandk\u00f6rnchen, die der Wind herauf weht, prickeln wie sanfte Nadelstiche. Meine Haare sind zerzaust, meine H\u00e4nde in den Taschen werden kalt. Ich sollte mir eine windgesch\u00fctztere Stelle suchen, aber die Aussicht auf das Endlose Meer fasziniert mich und l\u00e4sst mich verharren. Bis zum Horizont kann ich schauen und das Meer riechen, den Geruch von Salzwasser und Sonne und Sand, den Duft von Weite und Sehnsucht nach der Ferne.<\/p>\n<p><a href=\"http:\/\/blog.meineigenerweg.de\/wp-content\/uploads\/2014\/03\/NL_Zandvoort_14_03_063.jpg\"><img loading=\"lazy\" decoding=\"async\" class=\"alignnone size-medium wp-image-806\" src=\"http:\/\/blog.meineigenerweg.de\/wp-content\/uploads\/2014\/03\/NL_Zandvoort_14_03_063-300x200.jpg\" alt=\"NL_Zandvoort_14_03_063\" width=\"300\" height=\"200\" srcset=\"http:\/\/blog.meineigenerweg.de\/wp-content\/uploads\/2014\/03\/NL_Zandvoort_14_03_063-300x200.jpg 300w, http:\/\/blog.meineigenerweg.de\/wp-content\/uploads\/2014\/03\/NL_Zandvoort_14_03_063.jpg 1000w\" sizes=\"auto, (max-width: 300px) 100vw, 300px\" \/><\/a><\/p>\n<p>Der Geruch von Fisch und Bratenfett, der von der Strandbude hochgeweht wird, rei\u00dft mich aus meinen Gedanken. Ich gehe die steinerne Rampe zum Strand hinunter. Zwischen zwei Strandpavillons f\u00fchlen meine F\u00fc\u00dfe den weichen Sand, aufgeweht und locker, versinken meine F\u00fc\u00dfe bei jedem Schritt sanft in ihm. Das st\u00e4ndige knattern der Seile an den metallischen Fahnenmasten begleitet mich. Links, von dem kleinen Spielplatz schallt fr\u00f6hliches Kinderlachen her\u00fcber. Die Eltern haben es sich auf der rechten Seite, in den breiten Korbst\u00fchlen, bequem gemacht und strecken die Gesichter in die Sonne. Im vor\u00fcbergehen, ohne hinzuschauen, kann ich riechen was sie vor sich auf den Tischen haben, hier frischer, hei\u00dfer Kaffee, dort Bier und da der fruchtige Duft von Johanisbeeren, das ist Bessemgenever. Stimmen und Lachen dringt an mein Ohr, aber ich verstehe nicht was sie sagen.<\/p>\n<p><a href=\"http:\/\/blog.meineigenerweg.de\/wp-content\/uploads\/2014\/03\/NL_Zandvoort_14_03_021.jpg\"><img loading=\"lazy\" decoding=\"async\" class=\"alignnone size-medium wp-image-808\" src=\"http:\/\/blog.meineigenerweg.de\/wp-content\/uploads\/2014\/03\/NL_Zandvoort_14_03_021-300x200.jpg\" alt=\"NL_Zandvoort_14_03_021\" width=\"300\" height=\"200\" srcset=\"http:\/\/blog.meineigenerweg.de\/wp-content\/uploads\/2014\/03\/NL_Zandvoort_14_03_021-300x200.jpg 300w, http:\/\/blog.meineigenerweg.de\/wp-content\/uploads\/2014\/03\/NL_Zandvoort_14_03_021.jpg 1000w\" sizes=\"auto, (max-width: 300px) 100vw, 300px\" \/><\/a><\/p>\n<p>Dann f\u00fchle ich harten, feuchten Sand unter den F\u00fc\u00dfen, das Rauschen der Brandung wird lauter. Um mich herum gehen Menschen mit fr\u00f6hlichen Gesichtern spazieren, Hunde laufen ausgelassen bellend um sie herum und jagen B\u00e4llen hinterher. Dort flattert ein Drachen knattern im Wind. Der Geruch nach Salz und Meer wird immer intensiver, meine Lippen schmecken angenehm salzig. Plitsch platsch laufe ich mit meinen dicken Schuhen durch die kleinen Pf\u00fctzen die das Meer im Sand hinterlassen hat. M\u00f6ven fliegen kreischend und lachend um mich herum. Kinder schreien, weil sie nasse F\u00fc\u00dfe bekommen haben, Eltern schimpfen, ich gehe weiter.<\/p>\n<p><a href=\"http:\/\/blog.meineigenerweg.de\/wp-content\/uploads\/2014\/03\/NL_Zandvoort_14_03_025.jpg\"><img loading=\"lazy\" decoding=\"async\" class=\"alignnone size-medium wp-image-809\" src=\"http:\/\/blog.meineigenerweg.de\/wp-content\/uploads\/2014\/03\/NL_Zandvoort_14_03_025-300x200.jpg\" alt=\"NL_Zandvoort_14_03_025\" width=\"300\" height=\"200\" srcset=\"http:\/\/blog.meineigenerweg.de\/wp-content\/uploads\/2014\/03\/NL_Zandvoort_14_03_025-300x200.jpg 300w, http:\/\/blog.meineigenerweg.de\/wp-content\/uploads\/2014\/03\/NL_Zandvoort_14_03_025.jpg 1000w\" sizes=\"auto, (max-width: 300px) 100vw, 300px\" \/><\/a><\/p>\n<p><a href=\"http:\/\/blog.meineigenerweg.de\/wp-content\/uploads\/2014\/03\/NL_Zandvoort_14_03_040.jpg\"><img loading=\"lazy\" decoding=\"async\" class=\"alignnone size-medium wp-image-810\" src=\"http:\/\/blog.meineigenerweg.de\/wp-content\/uploads\/2014\/03\/NL_Zandvoort_14_03_040-300x200.jpg\" alt=\"NL_Zandvoort_14_03_040\" width=\"300\" height=\"200\" srcset=\"http:\/\/blog.meineigenerweg.de\/wp-content\/uploads\/2014\/03\/NL_Zandvoort_14_03_040-300x200.jpg 300w, http:\/\/blog.meineigenerweg.de\/wp-content\/uploads\/2014\/03\/NL_Zandvoort_14_03_040.jpg 1000w\" sizes=\"auto, (max-width: 300px) 100vw, 300px\" \/><\/a><\/p>\n<p>Manchmal knirscht es unter meinen F\u00fc\u00dfen, wenn ich \u00fcber Stabmuscheln laufe, die die Brandung angesp\u00fclt hat. Ich mag dieses Ger\u00e4usch, das feine zersplittern der Schalen, das leise knirschen, als ob ich \u00fcber vereisten Schnee laufen.<\/p>\n<p><a href=\"http:\/\/blog.meineigenerweg.de\/wp-content\/uploads\/2014\/03\/NL_Zandvoort_14_03_032.jpg\"><img loading=\"lazy\" decoding=\"async\" class=\"alignnone size-medium wp-image-811\" src=\"http:\/\/blog.meineigenerweg.de\/wp-content\/uploads\/2014\/03\/NL_Zandvoort_14_03_032-300x200.jpg\" alt=\"NL_Zandvoort_14_03_032\" width=\"300\" height=\"200\" srcset=\"http:\/\/blog.meineigenerweg.de\/wp-content\/uploads\/2014\/03\/NL_Zandvoort_14_03_032-300x200.jpg 300w, http:\/\/blog.meineigenerweg.de\/wp-content\/uploads\/2014\/03\/NL_Zandvoort_14_03_032.jpg 1000w\" sizes=\"auto, (max-width: 300px) 100vw, 300px\" \/><\/a><\/p>\n<p>Der Imbisswagen, den ich von weitem schon gesehen habe, und den eine kleine Menschentraube umgibt, dr\u00e4ngt sich intensiv in meine Wahrnehmung. Ein Mischung aus Matjes und Bratfisch, Kartoffelsalat und Remouladenso\u00dfe springt mich an. Ein sanftes bei\u00dfen und kauen, schlucken und schmatzen umgiebt den Wagen. Dazu kreischen die M\u00f6wen und picken heruntergefallene Fischst\u00fcckchen auf.<\/p>\n<p><a href=\"http:\/\/blog.meineigenerweg.de\/wp-content\/uploads\/2014\/03\/NL_Zandvoort_14_03_043.jpg\"><img loading=\"lazy\" decoding=\"async\" class=\"alignnone size-medium wp-image-812\" src=\"http:\/\/blog.meineigenerweg.de\/wp-content\/uploads\/2014\/03\/NL_Zandvoort_14_03_043-300x200.jpg\" alt=\"NL_Zandvoort_14_03_043\" width=\"300\" height=\"200\" srcset=\"http:\/\/blog.meineigenerweg.de\/wp-content\/uploads\/2014\/03\/NL_Zandvoort_14_03_043-300x200.jpg 300w, http:\/\/blog.meineigenerweg.de\/wp-content\/uploads\/2014\/03\/NL_Zandvoort_14_03_043.jpg 1000w\" sizes=\"auto, (max-width: 300px) 100vw, 300px\" \/><\/a><\/p>\n<p>Von weitem schon kann ich sie h\u00f6ren, Pferde die \u00fcber den Strand galoppieren. Zwei junge Frauen reiten in der D\u00fcnung an mir vorbei. Die Hufe der Pferde dr\u00f6hnen dumpf auf dem nassen Sand und Wasser spritzt klirrend in alle Richtungen. F\u00fcr einen kurzen Moment dringt der Geruch von Pferden in meine Nase, dann sind sie auch schon vorbei.<\/p>\n<p><a href=\"http:\/\/blog.meineigenerweg.de\/wp-content\/uploads\/2014\/03\/NL_Zandvoort_14_03_053.jpg\"><img loading=\"lazy\" decoding=\"async\" class=\"alignnone size-medium wp-image-814\" src=\"http:\/\/blog.meineigenerweg.de\/wp-content\/uploads\/2014\/03\/NL_Zandvoort_14_03_053-300x200.jpg\" alt=\"NL_Zandvoort_14_03_053\" width=\"300\" height=\"200\" srcset=\"http:\/\/blog.meineigenerweg.de\/wp-content\/uploads\/2014\/03\/NL_Zandvoort_14_03_053-300x200.jpg 300w, http:\/\/blog.meineigenerweg.de\/wp-content\/uploads\/2014\/03\/NL_Zandvoort_14_03_053.jpg 1000w\" sizes=\"auto, (max-width: 300px) 100vw, 300px\" \/><\/a><\/p>\n<p>Ich kehre in einem der vielen Pavillons ein und trinke hei\u00dfen Kakao mit Sahne. Dann\u00a0mache ich einen Bummel durch den Ort. Das Fischrestaurant, das ich mir fr\u00fcher nie leisten konnte, gibt es immer noch und der Fisch ist wirklich exzellent.<\/p>\n<p>Meine Jahresurlaub m\u00f6chte ich hier nicht verbringen, dazu ist es mir zu voll und viel zu touristisch (grins und auch zu normal), aber f\u00fcr einen Mini-Urlaub, eine kleine\u00a0Alltagsflucht, ist es super.<\/p>\n<p>Meine Wertung: <span style=\"color: #ff0000;\">*****<\/span> unbedingt mal ausprobieren<\/p>\n","protected":false},"excerpt":{"rendered":"<p>August 2018 Vor 45 Jahren ging das noch, da konnte ich mit meiner damaligen Freundin in Zandvoort in unserem uralten VW-K\u00e4fer einfach oberhalb des Strand auf dem Parkstreifen \u00fcbernachten. Das Geld war knapp und wir waren jung genug um eine Nacht im Auto zu verbringen. Wie so viele andere rechts<\/p>\n","protected":false},"author":1,"featured_media":828,"parent":818,"menu_order":0,"comment_status":"closed","ping_status":"closed","template":"","meta":{"footnotes":""},"class_list":["post-797","page","type-page","status-publish","has-post-thumbnail","hentry"],"_links":{"self":[{"href":"http:\/\/blog.meineigenerweg.de\/index.php?rest_route=\/wp\/v2\/pages\/797","targetHints":{"allow":["GET"]}}],"collection":[{"href":"http:\/\/blog.meineigenerweg.de\/index.php?rest_route=\/wp\/v2\/pages"}],"about":[{"href":"http:\/\/blog.meineigenerweg.de\/index.php?rest_route=\/wp\/v2\/types\/page"}],"author":[{"embeddable":true,"href":"http:\/\/blog.meineigenerweg.de\/index.php?rest_route=\/wp\/v2\/users\/1"}],"replies":[{"embeddable":true,"href":"http:\/\/blog.meineigenerweg.de\/index.php?rest_route=%2Fwp%2Fv2%2Fcomments&post=797"}],"version-history":[{"count":28,"href":"http:\/\/blog.meineigenerweg.de\/index.php?rest_route=\/wp\/v2\/pages\/797\/revisions"}],"predecessor-version":[{"id":5921,"href":"http:\/\/blog.meineigenerweg.de\/index.php?rest_route=\/wp\/v2\/pages\/797\/revisions\/5921"}],"up":[{"embeddable":true,"href":"http:\/\/blog.meineigenerweg.de\/index.php?rest_route=\/wp\/v2\/pages\/818"}],"wp:featuredmedia":[{"embeddable":true,"href":"http:\/\/blog.meineigenerweg.de\/index.php?rest_route=\/wp\/v2\/media\/828"}],"wp:attachment":[{"href":"http:\/\/blog.meineigenerweg.de\/index.php?rest_route=%2Fwp%2Fv2%2Fmedia&parent=797"}],"curies":[{"name":"wp","href":"https:\/\/api.w.org\/{rel}","templated":true}]}}