{"id":5697,"date":"2019-03-14T19:28:01","date_gmt":"2019-03-14T18:28:01","guid":{"rendered":"http:\/\/blog.meineigenerweg.de\/?page_id=5697"},"modified":"2019-08-17T17:01:54","modified_gmt":"2019-08-17T16:01:54","slug":"italien-von-ganz-oben-bis-ganz-unten","status":"publish","type":"page","link":"http:\/\/blog.meineigenerweg.de\/?page_id=5697","title":{"rendered":"Mit dem Wohnmobil durch Italien"},"content":{"rendered":"<h4>Planung<\/h4>\n<p>Bald geht es los, ich feile noch an der Planung. Mein Ziel ist es, den n\u00f6rdlichsten und den s\u00fcdlichsten Ort Italiens zu besuchen und dazwischen viel nette Menschen kennenzulernen, sch\u00f6ne Orte und Str\u00e4nde und Berggipfel zu finden, typisch italienische K\u00f6stlichkeiten zu genie\u00dfen, und ganz viel mehr. Ich freue mich schon sehr.<\/p>\n<p><a href=\"http:\/\/blog.meineigenerweg.de\/wp-content\/uploads\/2019\/07\/Tour-1.jpg\"><img loading=\"lazy\" decoding=\"async\" class=\"alignnone size-medium wp-image-6632\" src=\"http:\/\/blog.meineigenerweg.de\/wp-content\/uploads\/2019\/07\/Tour-1-300x300.jpg\" alt=\"\" width=\"300\" height=\"300\" srcset=\"http:\/\/blog.meineigenerweg.de\/wp-content\/uploads\/2019\/07\/Tour-1-300x300.jpg 300w, http:\/\/blog.meineigenerweg.de\/wp-content\/uploads\/2019\/07\/Tour-1-150x150.jpg 150w, http:\/\/blog.meineigenerweg.de\/wp-content\/uploads\/2019\/07\/Tour-1-768x768.jpg 768w, http:\/\/blog.meineigenerweg.de\/wp-content\/uploads\/2019\/07\/Tour-1-1024x1024.jpg 1024w, http:\/\/blog.meineigenerweg.de\/wp-content\/uploads\/2019\/07\/Tour-1-225x225.jpg 225w, http:\/\/blog.meineigenerweg.de\/wp-content\/uploads\/2019\/07\/Tour-1-75x75.jpg 75w, http:\/\/blog.meineigenerweg.de\/wp-content\/uploads\/2019\/07\/Tour-1.jpg 1038w\" sizes=\"auto, (max-width: 300px) 100vw, 300px\" \/><\/a><\/p>\n<p>&nbsp;<\/p>\n<h4>Tag 1 Darmstadt<\/h4>\n<p>Endlich ist es soweit, mein Abenteuer kann beginnen. Das Wohnmobil ist bepackt und betankt. Ich hoffe, ich habe nichts vergessen, aber notfalls habe ich ja eine Kreditkarte und ich fahre ja auch nicht ans Ende der Welt.<\/p>\n<p>Mein erstes Ziel ist gar nicht so weit weg. Meine Tochter lebt in Darmstadt, hat dort ihre erste Wohnung und den ersten Job. Das m\u00f6chte ich mir nat\u00fcrlich alles anschauen.<\/p>\n<p>Das Stadtbild wird durch die vielen Studenten gepr\u00e4gt, jung und bunt. Rund um das Schloss gibt es viele gem\u00fctliche Kneipen. Nat\u00fcrlich musste ich auch Handk\u00e4s mit Musik probieren &#8211; sehr lecker!<\/p>\n<p><a href=\"http:\/\/blog.meineigenerweg.de\/wp-content\/uploads\/2019\/05\/IMG_8950.jpg\"><img loading=\"lazy\" decoding=\"async\" class=\"alignnone size-medium wp-image-6145\" src=\"http:\/\/blog.meineigenerweg.de\/wp-content\/uploads\/2019\/05\/IMG_8950-300x200.jpg\" alt=\"\" width=\"300\" height=\"200\" srcset=\"http:\/\/blog.meineigenerweg.de\/wp-content\/uploads\/2019\/05\/IMG_8950-300x200.jpg 300w, http:\/\/blog.meineigenerweg.de\/wp-content\/uploads\/2019\/05\/IMG_8950-768x512.jpg 768w, http:\/\/blog.meineigenerweg.de\/wp-content\/uploads\/2019\/05\/IMG_8950.jpg 1000w\" sizes=\"auto, (max-width: 300px) 100vw, 300px\" \/><\/a><\/p>\n<p>&nbsp;<\/p>\n<h4>Tag 2 Freiburg<\/h4>\n<p>Nach Freiburg ist es von Darmstadt aus dann nicht weit. Vor 40 Jahren habe ich hier gelebt und ich liebe diese Stadt immer noch sehr. Um das Freiburger M\u00fcnster herum dr\u00e4ngeln sich die Touristen, in der Innenstadt sind einige alteingesessene Gesch\u00e4fte Ketten gewichen, aber abseits der Touristenstr\u00f6me, w\u00e4hrend ich gem\u00fctlich an den B\u00e4chle entlang durch die kleinen G\u00e4sschen bummele, genie\u00dfe ich hier und da die badische K\u00fcche und den badischen Wein.<\/p>\n<p>Kein Geheimtipp mehr, aber von der Stra\u00dfe nicht zu erkennen und daher fast touristenfrei, ein neues Restaurant \u00fcber den D\u00e4chern von Freiburg, das SKAJO. Ich finde sofort einen Platz und genie\u00dfe die Aussicht \u00fcber den Marktplatz mit dem M\u00fcnster und die alten Stadttore bis weit in den Schwarzwald hinein.<\/p>\n<p><a href=\"http:\/\/blog.meineigenerweg.de\/wp-content\/uploads\/2019\/05\/IMG_8965.jpg\"><img loading=\"lazy\" decoding=\"async\" class=\"alignnone size-medium wp-image-6149\" src=\"http:\/\/blog.meineigenerweg.de\/wp-content\/uploads\/2019\/05\/IMG_8965-300x200.jpg\" alt=\"\" width=\"300\" height=\"200\" srcset=\"http:\/\/blog.meineigenerweg.de\/wp-content\/uploads\/2019\/05\/IMG_8965-300x200.jpg 300w, http:\/\/blog.meineigenerweg.de\/wp-content\/uploads\/2019\/05\/IMG_8965-768x512.jpg 768w, http:\/\/blog.meineigenerweg.de\/wp-content\/uploads\/2019\/05\/IMG_8965.jpg 1000w\" sizes=\"auto, (max-width: 300px) 100vw, 300px\" \/><\/a>\u00a0<a href=\"http:\/\/blog.meineigenerweg.de\/wp-content\/uploads\/2019\/05\/IMG_8963.jpg\"><img loading=\"lazy\" decoding=\"async\" class=\"alignnone size-medium wp-image-6147\" src=\"http:\/\/blog.meineigenerweg.de\/wp-content\/uploads\/2019\/05\/IMG_8963-300x200.jpg\" alt=\"\" width=\"300\" height=\"200\" srcset=\"http:\/\/blog.meineigenerweg.de\/wp-content\/uploads\/2019\/05\/IMG_8963-300x200.jpg 300w, http:\/\/blog.meineigenerweg.de\/wp-content\/uploads\/2019\/05\/IMG_8963-768x512.jpg 768w, http:\/\/blog.meineigenerweg.de\/wp-content\/uploads\/2019\/05\/IMG_8963.jpg 1000w\" sizes=\"auto, (max-width: 300px) 100vw, 300px\" \/><\/a><\/p>\n<p>Ich besuche Freunde aus alten Tagen und es gibt abends in der Strau\u00dfenwirtschaft bei Sch\u00e4ufele und Sp\u00e4tburgunder viel zu erz\u00e4hlen. Hier bleibe ich ein paar Tage.<\/p>\n<p>&nbsp;<\/p>\n<h4>Tag 3 Freiburg &#8211; Breisach<\/h4>\n<p>Heute mache ich einen Ausflug nach <a href=\"https:\/\/de.wikipedia.org\/wiki\/Breisach_am_Rhein\" target=\"_blank\" rel=\"noopener noreferrer\">Breisach<\/a>, einem kleinem St\u00e4dtchen am Oberrhein, gepr\u00e4gt durch das <a href=\"https:\/\/de.wikipedia.org\/wiki\/Breisacher_Stephansm\u00fcnster\" target=\"_blank\" rel=\"noopener noreferrer\">Stephansm\u00fcnster<\/a> aus dem 12. Jahrhundert, der Br\u00fccke \u00fcber den Rhein als Zugang zum Elsass, ein gro\u00dfes Freilichttheater und sehr vielen Kunstobjekten die mir \u00fcberall begegnen.<\/p>\n<p><a href=\"http:\/\/blog.meineigenerweg.de\/wp-content\/uploads\/2019\/05\/DSC_0013.jpg\"><img loading=\"lazy\" decoding=\"async\" class=\"alignnone size-medium wp-image-6143\" src=\"http:\/\/blog.meineigenerweg.de\/wp-content\/uploads\/2019\/05\/DSC_0013-300x200.jpg\" alt=\"\" width=\"300\" height=\"200\" srcset=\"http:\/\/blog.meineigenerweg.de\/wp-content\/uploads\/2019\/05\/DSC_0013-300x200.jpg 300w, http:\/\/blog.meineigenerweg.de\/wp-content\/uploads\/2019\/05\/DSC_0013-768x512.jpg 768w, http:\/\/blog.meineigenerweg.de\/wp-content\/uploads\/2019\/05\/DSC_0013.jpg 1000w\" sizes=\"auto, (max-width: 300px) 100vw, 300px\" \/><\/a><\/p>\n<p>&nbsp;<\/p>\n<h4>Tag 4 Freiburg &#8211; Belchen<\/h4>\n<p>Die Sonne schein, die V\u00f6gel zwitschern, ideales Wetter f\u00fcr eine Wanderung auf den <a href=\"https:\/\/de.wikipedia.org\/wiki\/Belchen_(Schwarzwald)\" target=\"_blank\" rel=\"noopener noreferrer\">Belchen<\/a>. Er ist der vierth\u00f6chste Berg des Schwarzwald und liegt am sehr sch\u00f6nen M\u00fcnstertal. Vom Gipfel aus habe ich einen tollen Rundumblick \u00fcber einen Gro\u00dfteil des Schwarzwald, die Vogesen und den Jura in Frankreich und bei dem tollen Wetter das ich heute habe, kann ich auch weit in der Ferne die Zugspitze und den Mont Blanc erkennen.<\/p>\n<p><a href=\"http:\/\/blog.meineigenerweg.de\/wp-content\/uploads\/2019\/05\/DSC_0044.jpg\"><img loading=\"lazy\" decoding=\"async\" class=\"alignnone size-medium wp-image-6137\" src=\"http:\/\/blog.meineigenerweg.de\/wp-content\/uploads\/2019\/05\/DSC_0044-300x200.jpg\" alt=\"\" width=\"300\" height=\"200\" srcset=\"http:\/\/blog.meineigenerweg.de\/wp-content\/uploads\/2019\/05\/DSC_0044-300x200.jpg 300w, http:\/\/blog.meineigenerweg.de\/wp-content\/uploads\/2019\/05\/DSC_0044-768x512.jpg 768w, http:\/\/blog.meineigenerweg.de\/wp-content\/uploads\/2019\/05\/DSC_0044.jpg 1000w\" sizes=\"auto, (max-width: 300px) 100vw, 300px\" \/><\/a><\/p>\n<p>&nbsp;<\/p>\n<h4>Tag 5 Freiburg<\/h4>\n<p>Fauler Tag ohne Program.<\/p>\n<p>&nbsp;<\/p>\n<h4>Tag 6 Freiburg &#8211; Kander<\/h4>\n<p>Im s\u00fcdlichen Schwarzwald, nahe der schweizer und der franz\u00f6sischen Grenze liegt das kleine St\u00e4dtchen <a href=\"https:\/\/www.schwarzwald.com\/kandern\/\" target=\"_blank\" rel=\"noopener noreferrer\">Kandern<\/a>. Ein Attraktion, die sowohl Einheimische als auch Touristen aus der n\u00e4heren und ferneren Umgebung anlockt ist die <a href=\"https:\/\/kandertalbahn.de\/\" target=\"_blank\" rel=\"noopener noreferrer\">Kandertalbahn<\/a>, ein liebevoll restaurierter Museumszug mit dem ich einen Ausflug in das ein paar Kilometer entfernte Nachbarst\u00e4dtchen mache.<\/p>\n<p><a href=\"http:\/\/blog.meineigenerweg.de\/wp-content\/uploads\/2019\/05\/DSC_0090.jpg\"><img loading=\"lazy\" decoding=\"async\" class=\"alignnone size-medium wp-image-6157\" src=\"http:\/\/blog.meineigenerweg.de\/wp-content\/uploads\/2019\/05\/DSC_0090-300x200.jpg\" alt=\"\" width=\"300\" height=\"200\" srcset=\"http:\/\/blog.meineigenerweg.de\/wp-content\/uploads\/2019\/05\/DSC_0090-300x200.jpg 300w, http:\/\/blog.meineigenerweg.de\/wp-content\/uploads\/2019\/05\/DSC_0090-768x512.jpg 768w, http:\/\/blog.meineigenerweg.de\/wp-content\/uploads\/2019\/05\/DSC_0090.jpg 1000w\" sizes=\"auto, (max-width: 300px) 100vw, 300px\" \/><\/a><\/p>\n<p>Ganz in der N\u00e4he liegt etwas versteckt das kleines Bauerncafe <a href=\"https:\/\/www.cafeinka.de\/\" target=\"_blank\" rel=\"noopener noreferrer\">Caf\u00e9 Inka<\/a>.<\/p>\n<p><a href=\"http:\/\/blog.meineigenerweg.de\/wp-content\/uploads\/2019\/05\/IMG_8977.jpg\"><img loading=\"lazy\" decoding=\"async\" class=\"alignnone size-medium wp-image-6158\" src=\"http:\/\/blog.meineigenerweg.de\/wp-content\/uploads\/2019\/05\/IMG_8977-300x200.jpg\" alt=\"\" width=\"300\" height=\"200\" srcset=\"http:\/\/blog.meineigenerweg.de\/wp-content\/uploads\/2019\/05\/IMG_8977-300x200.jpg 300w, http:\/\/blog.meineigenerweg.de\/wp-content\/uploads\/2019\/05\/IMG_8977-768x512.jpg 768w, http:\/\/blog.meineigenerweg.de\/wp-content\/uploads\/2019\/05\/IMG_8977.jpg 1000w\" sizes=\"auto, (max-width: 300px) 100vw, 300px\" \/><\/a><\/p>\n<p>Es gibt nicht nur leckere Schwarzw\u00e4ler-Kirsch-Torte, sondern auch eine \u00dcberraschung.<br \/>\nAls das Geb\u00e4ude 1988 renoviert wurde fand man unter der Wandverkleidung eine Tapete aus dem Jahre 1819 einer Pariser Tapeten-Manufaktur, die Szenen aus dem Leben der Inkas zeigt.<\/p>\n<p><a href=\"http:\/\/blog.meineigenerweg.de\/wp-content\/uploads\/2019\/05\/IMG_8976.jpg\"><img loading=\"lazy\" decoding=\"async\" class=\"alignnone size-medium wp-image-6162\" src=\"http:\/\/blog.meineigenerweg.de\/wp-content\/uploads\/2019\/05\/IMG_8976-300x200.jpg\" alt=\"\" width=\"300\" height=\"200\" srcset=\"http:\/\/blog.meineigenerweg.de\/wp-content\/uploads\/2019\/05\/IMG_8976-300x200.jpg 300w, http:\/\/blog.meineigenerweg.de\/wp-content\/uploads\/2019\/05\/IMG_8976-768x512.jpg 768w, http:\/\/blog.meineigenerweg.de\/wp-content\/uploads\/2019\/05\/IMG_8976.jpg 1000w\" sizes=\"auto, (max-width: 300px) 100vw, 300px\" \/><\/a>\u00a0<a href=\"http:\/\/blog.meineigenerweg.de\/wp-content\/uploads\/2019\/05\/IMG_8973.jpg\"><img loading=\"lazy\" decoding=\"async\" class=\"alignnone size-medium wp-image-6161\" src=\"http:\/\/blog.meineigenerweg.de\/wp-content\/uploads\/2019\/05\/IMG_8973-300x200.jpg\" alt=\"\" width=\"300\" height=\"200\" srcset=\"http:\/\/blog.meineigenerweg.de\/wp-content\/uploads\/2019\/05\/IMG_8973-300x200.jpg 300w, http:\/\/blog.meineigenerweg.de\/wp-content\/uploads\/2019\/05\/IMG_8973-768x512.jpg 768w, http:\/\/blog.meineigenerweg.de\/wp-content\/uploads\/2019\/05\/IMG_8973.jpg 1000w\" sizes=\"auto, (max-width: 300px) 100vw, 300px\" \/><\/a><\/p>\n<p>&nbsp;<\/p>\n<h4>Tag 7 Gotthard-Tunnel<\/h4>\n<p>Es wird Zeit, das ich mich von den Freunden und von Freiburg und dem Schwarzwald verabschiede. Am sp\u00e4ten Nachmittag fahre ich los, die Autobahn durch Basel ist wirklich nicht sehr sch\u00f6n und ich vermeide auf jeden Fall auch nur einen Kilometer zu schnell zu fahren, denn in der Schweiz wird viel geblitzt und es ist sehr teuer. Kurz hinter dem Gotthard-Tunnel wird es dunkel und ich suche mir einen ruhigen Schlafplatz und genie\u00dfe noch ein wenig die Aussicht auf die schneebedeckten Berggipfel.<\/p>\n<p><a href=\"http:\/\/blog.meineigenerweg.de\/wp-content\/uploads\/2019\/05\/IHGE9593.jpg\"><img loading=\"lazy\" decoding=\"async\" class=\"alignnone size-medium wp-image-6169\" src=\"http:\/\/blog.meineigenerweg.de\/wp-content\/uploads\/2019\/05\/IHGE9593-300x200.jpg\" alt=\"\" width=\"300\" height=\"200\" srcset=\"http:\/\/blog.meineigenerweg.de\/wp-content\/uploads\/2019\/05\/IHGE9593-300x200.jpg 300w, http:\/\/blog.meineigenerweg.de\/wp-content\/uploads\/2019\/05\/IHGE9593-768x512.jpg 768w, http:\/\/blog.meineigenerweg.de\/wp-content\/uploads\/2019\/05\/IHGE9593.jpg 1000w\" sizes=\"auto, (max-width: 300px) 100vw, 300px\" \/><\/a><\/p>\n<p>&nbsp;<\/p>\n<h4>Tag 8 Genua<\/h4>\n<p>Nur noch wenige Kilometer und ich bin in Italien. W\u00e4hrend es gestern auf der n\u00f6rdlichen Seite des Gotthard noch einstellige Temperaturen hatte, lacht heute die Sonne von einem fast wolkenlosen Himmel. Genua reizt mich jetzt nicht wirklich sehr, eine gro\u00dfe laute Hafenstadt. Ich fahre an der K\u00fcste entlang ein paar Kilometer in westliche Richtung bis Vesima und suche mir einen Stellplatz direkt am Meer, lege mich in die Sonne und lasse mich von der Brandung einlullen.<\/p>\n<p><a href=\"http:\/\/blog.meineigenerweg.de\/wp-content\/uploads\/2019\/05\/DSC_0166-2.jpg\"><img loading=\"lazy\" decoding=\"async\" class=\"alignnone size-medium wp-image-6167\" src=\"http:\/\/blog.meineigenerweg.de\/wp-content\/uploads\/2019\/05\/DSC_0166-2-300x200.jpg\" alt=\"\" width=\"300\" height=\"200\" srcset=\"http:\/\/blog.meineigenerweg.de\/wp-content\/uploads\/2019\/05\/DSC_0166-2-300x200.jpg 300w, http:\/\/blog.meineigenerweg.de\/wp-content\/uploads\/2019\/05\/DSC_0166-2-768x512.jpg 768w, http:\/\/blog.meineigenerweg.de\/wp-content\/uploads\/2019\/05\/DSC_0166-2.jpg 1000w\" sizes=\"auto, (max-width: 300px) 100vw, 300px\" \/><\/a><\/p>\n<p>&nbsp;<\/p>\n<h4>Tag 9 Genua<\/h4>\n<p>Eine gro\u00dfe Stadt, eine Hafenstadt, chaotisch, hupend, laut. Aber auch eine Altstadt mit vielen verwinkelten engen Gassen, W\u00e4sche die aus den Fenstern h\u00e4ngt, kleinen Bars und Restaurants, bunt, gem\u00fctlich, romantisch, morbid.<\/p>\n<p><a href=\"http:\/\/blog.meineigenerweg.de\/wp-content\/uploads\/2019\/05\/DSC_0215-1.jpg\"><img loading=\"lazy\" decoding=\"async\" class=\"alignnone size-medium wp-image-6176\" src=\"http:\/\/blog.meineigenerweg.de\/wp-content\/uploads\/2019\/05\/DSC_0215-1-300x200.jpg\" alt=\"\" width=\"300\" height=\"200\" srcset=\"http:\/\/blog.meineigenerweg.de\/wp-content\/uploads\/2019\/05\/DSC_0215-1-300x200.jpg 300w, http:\/\/blog.meineigenerweg.de\/wp-content\/uploads\/2019\/05\/DSC_0215-1-768x512.jpg 768w, http:\/\/blog.meineigenerweg.de\/wp-content\/uploads\/2019\/05\/DSC_0215-1.jpg 1000w\" sizes=\"auto, (max-width: 300px) 100vw, 300px\" \/> <\/a><a href=\"http:\/\/blog.meineigenerweg.de\/wp-content\/uploads\/2019\/05\/DSC_0173.jpg\"><img loading=\"lazy\" decoding=\"async\" class=\"alignnone size-medium wp-image-6173\" src=\"http:\/\/blog.meineigenerweg.de\/wp-content\/uploads\/2019\/05\/DSC_0173-300x200.jpg\" alt=\"\" width=\"300\" height=\"200\" srcset=\"http:\/\/blog.meineigenerweg.de\/wp-content\/uploads\/2019\/05\/DSC_0173-300x200.jpg 300w, http:\/\/blog.meineigenerweg.de\/wp-content\/uploads\/2019\/05\/DSC_0173-768x512.jpg 768w, http:\/\/blog.meineigenerweg.de\/wp-content\/uploads\/2019\/05\/DSC_0173.jpg 1000w\" sizes=\"auto, (max-width: 300px) 100vw, 300px\" \/><\/a><\/p>\n<p>Am sp\u00e4ten Nachmittag fahre ich dann in den F\u00e4hrhafen<\/p>\n<p><a href=\"http:\/\/blog.meineigenerweg.de\/wp-content\/uploads\/2019\/05\/DSC_0222.jpg\"><img loading=\"lazy\" decoding=\"async\" class=\"alignnone size-medium wp-image-6178\" src=\"http:\/\/blog.meineigenerweg.de\/wp-content\/uploads\/2019\/05\/DSC_0222-300x200.jpg\" alt=\"\" width=\"300\" height=\"200\" srcset=\"http:\/\/blog.meineigenerweg.de\/wp-content\/uploads\/2019\/05\/DSC_0222-300x200.jpg 300w, http:\/\/blog.meineigenerweg.de\/wp-content\/uploads\/2019\/05\/DSC_0222-768x512.jpg 768w, http:\/\/blog.meineigenerweg.de\/wp-content\/uploads\/2019\/05\/DSC_0222.jpg 1000w\" sizes=\"auto, (max-width: 300px) 100vw, 300px\" \/><\/a><\/p>\n<p>und musste einige Stunden warten bis es dann endlich los ging.<\/p>\n<p><a href=\"http:\/\/blog.meineigenerweg.de\/wp-content\/uploads\/2019\/05\/DSC_0239.jpg\"><img loading=\"lazy\" decoding=\"async\" class=\"alignnone size-medium wp-image-6179\" src=\"http:\/\/blog.meineigenerweg.de\/wp-content\/uploads\/2019\/05\/DSC_0239-300x200.jpg\" alt=\"\" width=\"300\" height=\"200\" srcset=\"http:\/\/blog.meineigenerweg.de\/wp-content\/uploads\/2019\/05\/DSC_0239-300x200.jpg 300w, http:\/\/blog.meineigenerweg.de\/wp-content\/uploads\/2019\/05\/DSC_0239-768x512.jpg 768w, http:\/\/blog.meineigenerweg.de\/wp-content\/uploads\/2019\/05\/DSC_0239.jpg 1000w\" sizes=\"auto, (max-width: 300px) 100vw, 300px\" \/><\/a><\/p>\n<p>&nbsp;<\/p>\n<h4>Tag 10 F\u00e4hre<\/h4>\n<p>Die F\u00e4hre entpuppt sich als riesiges Hotelschiff und so habe ich eine sch\u00f6ne Kabine mit einem gro\u00dfen Fenster und Blick aufs Meer. Die Fahrt ist ein wenig eint\u00f6nig, rechts Meer, links Meer und hinten und vorne auch. Die Mahlzeiten und das Ambiente der Restaurants erinnert mich ein wenig an die Uni-Mensa. Leider gibt es auf Deck keine Sitzgelegenheiten oder gar Liegest\u00fchle, was bei dem \u00fcberwiegend sonnigen Wetter besonders schade ist.<\/p>\n<p>Dann endlich taucht Sizilien am Horizont auf.<\/p>\n<p><a href=\"http:\/\/blog.meineigenerweg.de\/wp-content\/uploads\/2019\/05\/DSC_0274.jpg\"><img loading=\"lazy\" decoding=\"async\" class=\"alignnone size-medium wp-image-6183\" src=\"http:\/\/blog.meineigenerweg.de\/wp-content\/uploads\/2019\/05\/DSC_0274-300x200.jpg\" alt=\"\" width=\"300\" height=\"200\" srcset=\"http:\/\/blog.meineigenerweg.de\/wp-content\/uploads\/2019\/05\/DSC_0274-300x200.jpg 300w, http:\/\/blog.meineigenerweg.de\/wp-content\/uploads\/2019\/05\/DSC_0274-768x512.jpg 768w, http:\/\/blog.meineigenerweg.de\/wp-content\/uploads\/2019\/05\/DSC_0274.jpg 1000w\" sizes=\"auto, (max-width: 300px) 100vw, 300px\" \/><\/a> <a href=\"http:\/\/blog.meineigenerweg.de\/wp-content\/uploads\/2019\/05\/DSC_0290.jpg\"><img loading=\"lazy\" decoding=\"async\" class=\"alignnone size-medium wp-image-6184\" src=\"http:\/\/blog.meineigenerweg.de\/wp-content\/uploads\/2019\/05\/DSC_0290-300x200.jpg\" alt=\"\" width=\"300\" height=\"200\" srcset=\"http:\/\/blog.meineigenerweg.de\/wp-content\/uploads\/2019\/05\/DSC_0290-300x200.jpg 300w, http:\/\/blog.meineigenerweg.de\/wp-content\/uploads\/2019\/05\/DSC_0290-768x512.jpg 768w, http:\/\/blog.meineigenerweg.de\/wp-content\/uploads\/2019\/05\/DSC_0290.jpg 1000w\" sizes=\"auto, (max-width: 300px) 100vw, 300px\" \/><\/a><\/p>\n<p>Leider gibt es unter Deck bei der Ausfahrt noch einen Autounfall, die Auffahrt wird gesperrt und die Polizei wird gerufen um die Situation zu kl\u00e4ren. Also noch ein bisschen l\u00e4nger warten. Nur gut, das ich mir ausnahmsweise einen Stellplatz vorgebucht habe, denn es ist inzwischen dunkel geworden und auf suchen h\u00e4tte ich jetzt keine Lust mehr.<\/p>\n<p>&nbsp;<\/p>\n<h2>Sizilien<\/h2>\n<h4>Tag 11 Sferracavallo<\/h4>\n<p>Ein kleiner Fischerort, an dem der Tourismus bisher scheinbar vorbeigefahren ist. Ein kleiner Stellplatz unter uralten Olivenb\u00e4umen f\u00fcr maximal 20 Wohnmobile. Zu Fu\u00df erreiche ich den kleinen Fischereihafen, nur wenige Kilometer vom Strand entfernt erheben sich imposante steile Berge.<\/p>\n<p><a href=\"http:\/\/blog.meineigenerweg.de\/wp-content\/uploads\/2019\/05\/DSC_0317.jpg\"><img loading=\"lazy\" decoding=\"async\" class=\"alignnone size-medium wp-image-6188\" src=\"http:\/\/blog.meineigenerweg.de\/wp-content\/uploads\/2019\/05\/DSC_0317-300x200.jpg\" alt=\"\" width=\"300\" height=\"200\" srcset=\"http:\/\/blog.meineigenerweg.de\/wp-content\/uploads\/2019\/05\/DSC_0317-300x200.jpg 300w, http:\/\/blog.meineigenerweg.de\/wp-content\/uploads\/2019\/05\/DSC_0317-768x512.jpg 768w, http:\/\/blog.meineigenerweg.de\/wp-content\/uploads\/2019\/05\/DSC_0317.jpg 1000w\" sizes=\"auto, (max-width: 300px) 100vw, 300px\" \/><\/a>\u00a0<a href=\"http:\/\/blog.meineigenerweg.de\/wp-content\/uploads\/2019\/05\/DSC_0323-2.jpg\"><img loading=\"lazy\" decoding=\"async\" class=\"alignnone size-medium wp-image-6189\" src=\"http:\/\/blog.meineigenerweg.de\/wp-content\/uploads\/2019\/05\/DSC_0323-2-300x200.jpg\" alt=\"\" width=\"300\" height=\"200\" srcset=\"http:\/\/blog.meineigenerweg.de\/wp-content\/uploads\/2019\/05\/DSC_0323-2-300x200.jpg 300w, http:\/\/blog.meineigenerweg.de\/wp-content\/uploads\/2019\/05\/DSC_0323-2-768x512.jpg 768w, http:\/\/blog.meineigenerweg.de\/wp-content\/uploads\/2019\/05\/DSC_0323-2.jpg 1000w\" sizes=\"auto, (max-width: 300px) 100vw, 300px\" \/><\/a><\/p>\n<p>Die Menschen sind freundlich und entspannt und sehr hilfsbereit. Als ich morgens den B\u00e4cker suchte, hatte einer der M\u00e4nner die vor einem Stand mit frischem Fisch standen, gen\u00fcgend Zeit mit mir um die Ecke zu gehen und mich zum B\u00e4cker zu bringen. Einem Fischer schaute ich neugierig dabei zu wie er auf einem kleinen Tisch am Stra\u00dfenrand ein Netz mit frischen Seeigeln bearbeitete. Er schnitt sie mit einem Messer auf, eine H\u00e4lfte wurde weggeworfen und aus der anderen H\u00e4lfte wird mit einem L\u00f6ffel der rohe Seeigel gegessen. Nat\u00fcrlich durfte\/musste ich auch probieren &#8211; es schmeckte richtig gut.<\/p>\n<p><a href=\"http:\/\/blog.meineigenerweg.de\/wp-content\/uploads\/2019\/05\/DSC_0300.jpg\"><img loading=\"lazy\" decoding=\"async\" class=\"alignnone size-medium wp-image-6187\" src=\"http:\/\/blog.meineigenerweg.de\/wp-content\/uploads\/2019\/05\/DSC_0300-300x200.jpg\" alt=\"\" width=\"300\" height=\"200\" srcset=\"http:\/\/blog.meineigenerweg.de\/wp-content\/uploads\/2019\/05\/DSC_0300-300x200.jpg 300w, http:\/\/blog.meineigenerweg.de\/wp-content\/uploads\/2019\/05\/DSC_0300-768x512.jpg 768w, http:\/\/blog.meineigenerweg.de\/wp-content\/uploads\/2019\/05\/DSC_0300.jpg 1000w\" sizes=\"auto, (max-width: 300px) 100vw, 300px\" \/><\/a><\/p>\n<p>&nbsp;<\/p>\n<h4>Tag 12 Trapani<\/h4>\n<p>Spontan biege ich von der Landstra\u00dfe entlang der Westk\u00fcste ab in eine winzige Seitenstra\u00dfe, denn im Vorbeifahren hatte ich aus dem Augenwinkel ein Schild wahrgenommen: Camping in der Villa Maria, ein &#8222;Agriturismo-Betrieb&#8220;, das h\u00f6rte sich spannend an. Ich fahre ein paar Kilometer zwischen Salinen hindurch und dann durch endlose Olivenplantagen.In der Hofeinfahrt des sch\u00f6nen Herrenhauses liegt ein riesiger Hund vor der Eingangst\u00fcr und beobachtet mich gelangweilt. Ein altes Ehepaar mit von Sonne und Arbeit gegerbter brauner Haut tritt heraus und begr\u00fc\u00dft mich herzlich, stellen sich als Maria und Leonardo vor und erz\u00e4hlen beide sehr viel in italienisch &#8211; ich verstehe kaum ein Wort. Dann steigt die alte Dame auf ein mindestens genauso altes Fahrrad und winkt mir, ihr hinterher zu fahren. Kreuz und quer geht es durch einen wundersch\u00f6nen Pinienwald und irgendwo mittendrin bleibt sie stehen, hier soll ich parken. Da stehen schon zwei andere Wohnmobile, davor sitzen ein paar Leute bei einer Flasche Wein. Die alte Dame stahlt stolz und zufrieden und radelt wieder davon.<\/p>\n<p>Schnell komme ich mit den Nachbarn ins Gespr\u00e4ch und muss feststellen, das meine Idee eine mehrw\u00f6chige Italien-Rundreise zu machen gar nicht so einzigartig ist. Schon auf der F\u00e4hre lernte ich ein Schweizer Ehepaar kennen, die wie ich Renter sind, ein neues Wohnmobil hatten und ohne Plan f\u00fcr mindestens acht Wochen durch Italien fahren wollen. Und hier, irgendwo im nirgendwo treffe ich wieder ein Rentnerpaar aus K\u00f6ln und eins aus Berlin, die genau das gleiche vorhaben. Ich liege anscheinend voll im Trend, Reisen mit dem Wohnmobil wohin und so lange ich m\u00f6chte.<\/p>\n<p><a href=\"http:\/\/blog.meineigenerweg.de\/wp-content\/uploads\/2019\/05\/DSC_0417-Edit.jpg\"><img loading=\"lazy\" decoding=\"async\" class=\"alignnone size-medium wp-image-6195\" src=\"http:\/\/blog.meineigenerweg.de\/wp-content\/uploads\/2019\/05\/DSC_0417-Edit-300x200.jpg\" alt=\"\" width=\"300\" height=\"200\" srcset=\"http:\/\/blog.meineigenerweg.de\/wp-content\/uploads\/2019\/05\/DSC_0417-Edit-300x200.jpg 300w, http:\/\/blog.meineigenerweg.de\/wp-content\/uploads\/2019\/05\/DSC_0417-Edit-768x512.jpg 768w, http:\/\/blog.meineigenerweg.de\/wp-content\/uploads\/2019\/05\/DSC_0417-Edit.jpg 1000w\" sizes=\"auto, (max-width: 300px) 100vw, 300px\" \/><\/a><\/p>\n<h4><\/h4>\n<h4>Tag 13 Triscina<\/h4>\n<p>In der Nacht hat es angefangen zu regnen. Es st\u00fcrmt und gewittert und das soll laut Wetterbericht auch die n\u00e4chsten Tage so bleiben. So fahre ich an der K\u00fcste entlang Richtung Westen, durch Marsala und Mazara del Vallo. Ende Mai ist hier anscheinend noch keine Saison und Str\u00e4nde, Hotels und Ferienh\u00e4user, die sich entlang der K\u00fcste aneinander reihen, sind menschenleer, Bars und Restaurants noch geschlossen. Vielleicht ist es ja dem Regenwetter geschuldet, aber Vieles sieht heruntergekommen und verfallen aus, das macht mich traurig und l\u00e4d nicht zum verweilen ein.<\/p>\n<p>Aus dem Internet habe ich mir einen Stellplatz direkt am Meer ausgesucht. Der Platz ist sehr sch\u00f6n und ich stehe direkt am Meer, das bei diesem st\u00fcrmischen Regenwetter sehr wild und aufgew\u00fchlt ist.<\/p>\n<p><a href=\"http:\/\/blog.meineigenerweg.de\/wp-content\/uploads\/2019\/05\/DSC_0460.jpg\"><img loading=\"lazy\" decoding=\"async\" class=\"alignnone size-medium wp-image-6196\" src=\"http:\/\/blog.meineigenerweg.de\/wp-content\/uploads\/2019\/05\/DSC_0460-300x200.jpg\" alt=\"\" width=\"300\" height=\"200\" srcset=\"http:\/\/blog.meineigenerweg.de\/wp-content\/uploads\/2019\/05\/DSC_0460-300x200.jpg 300w, http:\/\/blog.meineigenerweg.de\/wp-content\/uploads\/2019\/05\/DSC_0460-768x512.jpg 768w, http:\/\/blog.meineigenerweg.de\/wp-content\/uploads\/2019\/05\/DSC_0460.jpg 1000w\" sizes=\"auto, (max-width: 300px) 100vw, 300px\" \/><\/a><\/p>\n<p>&nbsp;<\/p>\n<h4>Tag 14 Triscina<\/h4>\n<p>Mit kleinen Unterbrechungen regnet es den ganzen Tag. Sowie es mal f\u00fcr eine halbe Stunde aufh\u00f6rt, nutze ich es f\u00fcr einen kleinen Strandspaziergang, ansonsten habe ich es in meinem Wohnmobil sehr gem\u00fctlich und mit einem spannenden Buch wird es auch nicht langweilig.<\/p>\n<p><a href=\"http:\/\/blog.meineigenerweg.de\/wp-content\/uploads\/2019\/05\/DSC_0475-3.jpg\"><img loading=\"lazy\" decoding=\"async\" class=\"alignnone size-medium wp-image-6199\" src=\"http:\/\/blog.meineigenerweg.de\/wp-content\/uploads\/2019\/05\/DSC_0475-3-300x200.jpg\" alt=\"\" width=\"300\" height=\"200\" srcset=\"http:\/\/blog.meineigenerweg.de\/wp-content\/uploads\/2019\/05\/DSC_0475-3-300x200.jpg 300w, http:\/\/blog.meineigenerweg.de\/wp-content\/uploads\/2019\/05\/DSC_0475-3-768x512.jpg 768w, http:\/\/blog.meineigenerweg.de\/wp-content\/uploads\/2019\/05\/DSC_0475-3.jpg 1000w\" sizes=\"auto, (max-width: 300px) 100vw, 300px\" \/><\/a><\/p>\n<p>&nbsp;<\/p>\n<h4>Tag 15 Capo Bianco<\/h4>\n<p>Selinunte bei Triscina<\/p>\n<p><a href=\"http:\/\/blog.meineigenerweg.de\/wp-content\/uploads\/2019\/05\/DSC_0573.jpg\"><img loading=\"lazy\" decoding=\"async\" class=\"alignnone size-medium wp-image-6202\" src=\"http:\/\/blog.meineigenerweg.de\/wp-content\/uploads\/2019\/05\/DSC_0573-300x200.jpg\" alt=\"\" width=\"300\" height=\"200\" srcset=\"http:\/\/blog.meineigenerweg.de\/wp-content\/uploads\/2019\/05\/DSC_0573-300x200.jpg 300w, http:\/\/blog.meineigenerweg.de\/wp-content\/uploads\/2019\/05\/DSC_0573-768x512.jpg 768w, http:\/\/blog.meineigenerweg.de\/wp-content\/uploads\/2019\/05\/DSC_0573.jpg 1000w\" sizes=\"auto, (max-width: 300px) 100vw, 300px\" \/><\/a><br \/>\nWeiter an der K\u00fcste entlang, gelange ich schon bald an ein weiteres Zeugnis der bewegten Vergangenheit Siziliens, an die Ausgrabungsst\u00e4tte der antiken griechischen Stadt Selinus, die im 7. Jhd.v.Chr. von den Griechen gegr\u00fcndet wurde. Die wiederaufgebauten Tempel, die gr\u00f6\u00dftenteils durch Erdbeben in fr\u00fcheren Jahrhunderten zerst\u00f6rt wurden, liegen auf einer Anh\u00f6he oberhalb des Mittelmeers. Ich hatte eine wunderbare Aussicht. Auf dem Gel\u00e4nde sind Kunstobjekte installiert, es lohnt, den Park zu besuchen.<\/p>\n<p><a href=\"http:\/\/blog.meineigenerweg.de\/wp-content\/uploads\/2019\/05\/DSC_0533.jpg\"><img loading=\"lazy\" decoding=\"async\" class=\"alignnone size-medium wp-image-6201\" src=\"http:\/\/blog.meineigenerweg.de\/wp-content\/uploads\/2019\/05\/DSC_0533-300x200.jpg\" alt=\"\" width=\"300\" height=\"200\" srcset=\"http:\/\/blog.meineigenerweg.de\/wp-content\/uploads\/2019\/05\/DSC_0533-300x200.jpg 300w, http:\/\/blog.meineigenerweg.de\/wp-content\/uploads\/2019\/05\/DSC_0533-768x512.jpg 768w, http:\/\/blog.meineigenerweg.de\/wp-content\/uploads\/2019\/05\/DSC_0533.jpg 1000w\" sizes=\"auto, (max-width: 300px) 100vw, 300px\" \/><\/a><\/p>\n<p>Nach soviel Kultur freue ich mich schon auf die Fahrt durch die wundersch\u00f6ne K\u00fcstenlandschaft. Richtung S\u00fcdosten wird es wieder h\u00fcgeliger, in den weiten T\u00e4lern liegen endlose Olivenplantagen, abgewechselt vom sizilianischen Wein. Am Stra\u00dfenrand bl\u00fchen jetzt Mohnblumen, blaue Zaunwinden, Bouganvillea-Hecken und Oleander. Die Restaurants und Unterk\u00fcnfte entlang der K\u00fcste machen sich f\u00fcr den kommenden Touristenstrom bereit, Terassen werden frisch gestrichen, Campingpl\u00e4tze haben ihre &#8222;Aperto&#8220;-Schilder ausgeh\u00e4ngt. Und immer wieder Hinweise auf Agritourismo-Unterk\u00fcnfte, Urlaub auf Bauernh\u00f6fen, Weing\u00fctern, bei Olivenbauern. Von einer kleinen Anh\u00f6he aus habe ich einen wunderbaren Blick ins Tal, durch das der Fluss Piatani fliesst und ins Meer m\u00fcndet. Dann erreiche ich auch schon den kleinen Ort Ericlea Minoa und folge den Hinweisschildern zum Campingplatz. Was f\u00fcr ein Ausblick! In einem Pinienwald kann ich mein Wohnmobil direkt ans Meer lenken, mein Stellplatz ist 10 m vom Strand entfernt. Rechter Hand erhebt sich eine helle Steilk\u00fcste, die diesem Abschnitt wohl den Namen gegeben hat. Aus meinem Fenster blicke ich aufs t\u00fcrkisfarbene Meer. Wenn das Wetter weiterhin so sch\u00f6n bleibt, bleibe ich hier auch ein paar Tage.<\/p>\n<p><a href=\"http:\/\/blog.meineigenerweg.de\/wp-content\/uploads\/2019\/05\/DSC_0589.jpg\"><img loading=\"lazy\" decoding=\"async\" class=\"alignnone size-medium wp-image-6203\" src=\"http:\/\/blog.meineigenerweg.de\/wp-content\/uploads\/2019\/05\/DSC_0589-300x200.jpg\" alt=\"\" width=\"300\" height=\"200\" srcset=\"http:\/\/blog.meineigenerweg.de\/wp-content\/uploads\/2019\/05\/DSC_0589-300x200.jpg 300w, http:\/\/blog.meineigenerweg.de\/wp-content\/uploads\/2019\/05\/DSC_0589-768x512.jpg 768w, http:\/\/blog.meineigenerweg.de\/wp-content\/uploads\/2019\/05\/DSC_0589.jpg 1000w\" sizes=\"auto, (max-width: 300px) 100vw, 300px\" \/> <\/a><a href=\"http:\/\/blog.meineigenerweg.de\/wp-content\/uploads\/2019\/05\/DSC_0603.jpg\"><img loading=\"lazy\" decoding=\"async\" class=\"alignnone size-medium wp-image-6205\" src=\"http:\/\/blog.meineigenerweg.de\/wp-content\/uploads\/2019\/05\/DSC_0603-300x200.jpg\" alt=\"\" width=\"300\" height=\"200\" srcset=\"http:\/\/blog.meineigenerweg.de\/wp-content\/uploads\/2019\/05\/DSC_0603-300x200.jpg 300w, http:\/\/blog.meineigenerweg.de\/wp-content\/uploads\/2019\/05\/DSC_0603-768x512.jpg 768w, http:\/\/blog.meineigenerweg.de\/wp-content\/uploads\/2019\/05\/DSC_0603.jpg 1000w\" sizes=\"auto, (max-width: 300px) 100vw, 300px\" \/><\/a><\/p>\n<p>&nbsp;<\/p>\n<h4>Tag 16 Marina di Ragusa<\/h4>\n<p>Es bleibt aber nicht sch\u00f6n, der Himmel ist grau und bew\u00f6lkt, den geplanten Strandtag widme ich in einen Fahrtag um.<\/p>\n<p><a href=\"http:\/\/blog.meineigenerweg.de\/wp-content\/uploads\/2019\/05\/DSC_0612.jpg\"><img loading=\"lazy\" decoding=\"async\" class=\"alignnone size-medium wp-image-6206\" src=\"http:\/\/blog.meineigenerweg.de\/wp-content\/uploads\/2019\/05\/DSC_0612-300x200.jpg\" alt=\"\" width=\"300\" height=\"200\" srcset=\"http:\/\/blog.meineigenerweg.de\/wp-content\/uploads\/2019\/05\/DSC_0612-300x200.jpg 300w, http:\/\/blog.meineigenerweg.de\/wp-content\/uploads\/2019\/05\/DSC_0612-768x512.jpg 768w, http:\/\/blog.meineigenerweg.de\/wp-content\/uploads\/2019\/05\/DSC_0612.jpg 1000w\" sizes=\"auto, (max-width: 300px) 100vw, 300px\" \/><\/a><\/p>\n<p>Unterwegs besuche ich die Steilk\u00fcste &#8222;Scala dei Turchi&#8220;, unbedingt sehenswert! Die Felsformation strahlt wei\u00df, sieht wie Salz aus und f\u00fchrt terrassenartig bis ans Meer. Woher der Name kommt, ob die wei\u00dfen Steine an Pamukkale in der T\u00fcrkei erinnern, oder ob die Sizilianer die sarazenischen Piraten, die hier ihr Unwesen trieben, mit T\u00fcrken verwechselten&#8230;<\/p>\n<p><a href=\"http:\/\/blog.meineigenerweg.de\/wp-content\/uploads\/2019\/05\/DSC_0632.jpg\"><img loading=\"lazy\" decoding=\"async\" class=\"alignnone size-medium wp-image-6207\" src=\"http:\/\/blog.meineigenerweg.de\/wp-content\/uploads\/2019\/05\/DSC_0632-300x200.jpg\" alt=\"\" width=\"300\" height=\"200\" srcset=\"http:\/\/blog.meineigenerweg.de\/wp-content\/uploads\/2019\/05\/DSC_0632-300x200.jpg 300w, http:\/\/blog.meineigenerweg.de\/wp-content\/uploads\/2019\/05\/DSC_0632-768x512.jpg 768w, http:\/\/blog.meineigenerweg.de\/wp-content\/uploads\/2019\/05\/DSC_0632.jpg 1000w\" sizes=\"auto, (max-width: 300px) 100vw, 300px\" \/><\/a><\/p>\n<p>Ich fahre weiter Richtung S\u00fcdwesten, die Berge verschwinden langsam und in den Ebenen und an den H\u00e4ngen entlang wabert ein Meer aus Folien. Hier ist der ganze Landstrich unter Gew\u00e4chsh\u00e4usern verschwunden, selbst Wein wird unter Folie angebaut. Sch\u00f6n sieht das nicht aus! Da stellt sich mir schon die Frage, wo da Insekten leben, V\u00f6gel Futter finden, die Bew\u00e4sserung mit Pumpen aus Fl\u00fcssen nicht dem Regen \u00fcberlassen wird?<\/p>\n<p><a href=\"http:\/\/blog.meineigenerweg.de\/wp-content\/uploads\/2019\/05\/DSC_0754.jpg\"><img loading=\"lazy\" decoding=\"async\" class=\"alignnone size-medium wp-image-6213\" src=\"http:\/\/blog.meineigenerweg.de\/wp-content\/uploads\/2019\/05\/DSC_0754-300x200.jpg\" alt=\"\" width=\"300\" height=\"200\" srcset=\"http:\/\/blog.meineigenerweg.de\/wp-content\/uploads\/2019\/05\/DSC_0754-300x200.jpg 300w, http:\/\/blog.meineigenerweg.de\/wp-content\/uploads\/2019\/05\/DSC_0754-768x512.jpg 768w, http:\/\/blog.meineigenerweg.de\/wp-content\/uploads\/2019\/05\/DSC_0754.jpg 1000w\" sizes=\"auto, (max-width: 300px) 100vw, 300px\" \/><\/a><br \/>\nInmitten der Gew\u00e4chsh\u00e4user steht ein Hinweisschild auf einen Campingplatz `Agritourismo\u00b4. Mitten im Nirgendwo, aber direkt am Strand, finde ich neben Tomatengew\u00e4chsh\u00e4usern mein Stellplatz f\u00fcr diese Nacht, in Marina di Ragusa.<\/p>\n<p><a href=\"http:\/\/blog.meineigenerweg.de\/wp-content\/uploads\/2019\/05\/DSC_0659.jpg\"><img loading=\"lazy\" decoding=\"async\" class=\"alignnone size-medium wp-image-6209\" src=\"http:\/\/blog.meineigenerweg.de\/wp-content\/uploads\/2019\/05\/DSC_0659-300x200.jpg\" alt=\"\" width=\"300\" height=\"200\" srcset=\"http:\/\/blog.meineigenerweg.de\/wp-content\/uploads\/2019\/05\/DSC_0659-300x200.jpg 300w, http:\/\/blog.meineigenerweg.de\/wp-content\/uploads\/2019\/05\/DSC_0659-768x512.jpg 768w, http:\/\/blog.meineigenerweg.de\/wp-content\/uploads\/2019\/05\/DSC_0659.jpg 1000w\" sizes=\"auto, (max-width: 300px) 100vw, 300px\" \/><\/a>\u00a0<a href=\"http:\/\/blog.meineigenerweg.de\/wp-content\/uploads\/2019\/05\/DSC_0703.jpg\"><img loading=\"lazy\" decoding=\"async\" class=\"alignnone size-medium wp-image-6210\" src=\"http:\/\/blog.meineigenerweg.de\/wp-content\/uploads\/2019\/05\/DSC_0703-300x197.jpg\" alt=\"\" width=\"300\" height=\"197\" srcset=\"http:\/\/blog.meineigenerweg.de\/wp-content\/uploads\/2019\/05\/DSC_0703-300x197.jpg 300w, http:\/\/blog.meineigenerweg.de\/wp-content\/uploads\/2019\/05\/DSC_0703-768x505.jpg 768w, http:\/\/blog.meineigenerweg.de\/wp-content\/uploads\/2019\/05\/DSC_0703.jpg 1000w\" sizes=\"auto, (max-width: 300px) 100vw, 300px\" \/><\/a><\/p>\n<p>&nbsp;<\/p>\n<h4>Tag 17 Syracus<\/h4>\n<p>Es hat nachts so heftig geregnet und gest\u00fcrmt, dass ich die Fenster am Wohnmobil schlie\u00dfen musste, sonst h\u00e4tte es \u00b4reingeregnet. ich mache mich zum s\u00fcdlichsten Ort Italiens auf, Portopalo di Capo Passero und zum s\u00fcdlichsten Punkt, Cappo delle Correnti. Und auch hier &#8211; Regen.<\/p>\n<p><a href=\"http:\/\/blog.meineigenerweg.de\/wp-content\/uploads\/2019\/05\/DSC_0741.jpg\"><img loading=\"lazy\" decoding=\"async\" class=\"alignnone size-medium wp-image-6211\" src=\"http:\/\/blog.meineigenerweg.de\/wp-content\/uploads\/2019\/05\/DSC_0741-300x200.jpg\" alt=\"\" width=\"300\" height=\"200\" srcset=\"http:\/\/blog.meineigenerweg.de\/wp-content\/uploads\/2019\/05\/DSC_0741-300x200.jpg 300w, http:\/\/blog.meineigenerweg.de\/wp-content\/uploads\/2019\/05\/DSC_0741-768x512.jpg 768w, http:\/\/blog.meineigenerweg.de\/wp-content\/uploads\/2019\/05\/DSC_0741.jpg 1000w\" sizes=\"auto, (max-width: 300px) 100vw, 300px\" \/><\/a><\/p>\n<p>Aber der Ort ist h\u00fcbsch, bunt bemalte H\u00e4user, kleine Cafes und Restaurants haben Terassen in die Strassen gebaut, die Stra\u00dfen gehen steil zum Meer hinab und erinnern mich deshalb an San Francisco. Ich m\u00f6chte Italien vom s\u00fcdlichsten bis zum n\u00f6rdlichsten Ort bereisen, mal schauen, was mir auf meinem Weg alles noch so begegnet.<\/p>\n<p><a href=\"http:\/\/blog.meineigenerweg.de\/wp-content\/uploads\/2019\/05\/DSC_0748.jpg\"><img loading=\"lazy\" decoding=\"async\" class=\"alignnone size-medium wp-image-6212\" src=\"http:\/\/blog.meineigenerweg.de\/wp-content\/uploads\/2019\/05\/DSC_0748-300x200.jpg\" alt=\"\" width=\"300\" height=\"200\" srcset=\"http:\/\/blog.meineigenerweg.de\/wp-content\/uploads\/2019\/05\/DSC_0748-300x200.jpg 300w, http:\/\/blog.meineigenerweg.de\/wp-content\/uploads\/2019\/05\/DSC_0748-768x512.jpg 768w, http:\/\/blog.meineigenerweg.de\/wp-content\/uploads\/2019\/05\/DSC_0748.jpg 1000w\" sizes=\"auto, (max-width: 300px) 100vw, 300px\" \/><\/a><\/p>\n<p>Jetzt geht es weiter nach Siracusa, auf einen Stellplatz direkt neben dem Theatro Grecco. Von hier aus fahre ich mit dem Rad in die Altstadt auf der Insel Ortygia.<\/p>\n<p><a href=\"http:\/\/blog.meineigenerweg.de\/wp-content\/uploads\/2019\/05\/IMG_9080.jpg\"><img loading=\"lazy\" decoding=\"async\" class=\"alignnone size-medium wp-image-6214\" src=\"http:\/\/blog.meineigenerweg.de\/wp-content\/uploads\/2019\/05\/IMG_9080-300x200.jpg\" alt=\"\" width=\"300\" height=\"200\" srcset=\"http:\/\/blog.meineigenerweg.de\/wp-content\/uploads\/2019\/05\/IMG_9080-300x200.jpg 300w, http:\/\/blog.meineigenerweg.de\/wp-content\/uploads\/2019\/05\/IMG_9080-768x512.jpg 768w, http:\/\/blog.meineigenerweg.de\/wp-content\/uploads\/2019\/05\/IMG_9080.jpg 1000w\" sizes=\"auto, (max-width: 300px) 100vw, 300px\" \/><\/a><\/p>\n<p>Die Radfahrt durch die engen Gassen mit un\u00fcbersichtlicher Stra\u00dfenf\u00fchrung, kreuz und quer fahrendenden Autos und einem Gewirr von Einbahnstra\u00dfen stellt schon eine Herausforderung dar. Hier gr\u00fcndeten die Griechen bereits in der Antike die Stadt, hier befindet sich ein gro\u00dfer Teil der historischen Bauten. Ich schlendere \u00fcber eine der Br\u00fccken, mit denen Ortygia mit dem Festland verbunden ist, vorbei an Ausgrabungsstellen, durch die engen Gassen mit h\u00fcbschen Gesch\u00e4ften, Lokalen, die Tische und St\u00fchle auf die Strasse gestellt haben, um Gerichte mit frischem Fisch anzubieten. Ich bleibe in einem mit hausgemachter Pasta und Sardellen &#8211; k\u00f6stlich!<\/p>\n<h4><\/h4>\n<h4>Tag 18 Syracus<\/h4>\n<p>Gut, dass ich so fr\u00fch unterwegs bin! Noch sind die Ausgrabungsst\u00e4tten um die beiden Amphitheater, das r\u00f6mische<\/p>\n<p><a href=\"http:\/\/blog.meineigenerweg.de\/wp-content\/uploads\/2019\/05\/DSC_0795.jpg\"><img loading=\"lazy\" decoding=\"async\" class=\"alignnone size-medium wp-image-6226\" src=\"http:\/\/blog.meineigenerweg.de\/wp-content\/uploads\/2019\/05\/DSC_0795-300x200.jpg\" alt=\"\" width=\"300\" height=\"200\" srcset=\"http:\/\/blog.meineigenerweg.de\/wp-content\/uploads\/2019\/05\/DSC_0795-300x200.jpg 300w, http:\/\/blog.meineigenerweg.de\/wp-content\/uploads\/2019\/05\/DSC_0795-768x512.jpg 768w, http:\/\/blog.meineigenerweg.de\/wp-content\/uploads\/2019\/05\/DSC_0795.jpg 1000w\" sizes=\"auto, (max-width: 300px) 100vw, 300px\" \/><\/a><\/p>\n<p>und das griechische,<\/p>\n<p><a href=\"http:\/\/blog.meineigenerweg.de\/wp-content\/uploads\/2019\/05\/DSC_0827.jpg\"><img loading=\"lazy\" decoding=\"async\" class=\"alignnone size-medium wp-image-6227\" src=\"http:\/\/blog.meineigenerweg.de\/wp-content\/uploads\/2019\/05\/DSC_0827-300x200.jpg\" alt=\"\" width=\"300\" height=\"200\" srcset=\"http:\/\/blog.meineigenerweg.de\/wp-content\/uploads\/2019\/05\/DSC_0827-300x200.jpg 300w, http:\/\/blog.meineigenerweg.de\/wp-content\/uploads\/2019\/05\/DSC_0827-768x512.jpg 768w, http:\/\/blog.meineigenerweg.de\/wp-content\/uploads\/2019\/05\/DSC_0827.jpg 1000w\" sizes=\"auto, (max-width: 300px) 100vw, 300px\" \/><\/a><\/p>\n<p>noch gut zu \u00fcberschauen, aber hinter mir rollen schon Schulklassen und Busse mit asiatischen Touristen an. Ich bin tief beeindruckt von den monumentalen Bauten, die in der Antike mit aus den Kalkfelsen gehauenen Steinen errichtet wurden. Im r\u00f6mischen Theater kann ich den Raum f\u00fcr die B\u00fchnenmaschinerie erkennen, auch die Zug\u00e4nge zu den Pl\u00e4tzen der Zuschauer, die Gitter f\u00fcr die Tiere, die Zug\u00e4nge der Gladiatoren sind gut erkennbar. Der ganze Raum konnte mit einem ausgekl\u00fcgelten System geflutet werden, so wurden auch Seeschlachten nachgestellt. Au\u00dferdem ist das ganze Gel\u00e4nde gut gepflegt und trotzdem von vielen Pflanzen bewachsen.<br \/>\nWeiter geht es zum griechischen Amphitheater, das mich wegen seiner Gr\u00f6\u00dfe Platz f\u00fcr 15.000 Zuschauer, beeindruckt. Allerdings wird es auch heute f\u00fcr Auff\u00fchrungen genutzt, weshalb die antiken Sitzreihen zum gro\u00dfen Teil mit Holz bedeckt sind. Der angrenzende Steinbruch, in dem Griechen und R\u00f6mer die Steine f\u00fcr die Theater gehauen haben, ist von riesigen H\u00f6hlen durchzogen, die beim Abbau entstanden sind.<\/p>\n<p><a href=\"http:\/\/blog.meineigenerweg.de\/wp-content\/uploads\/2019\/05\/DSC_0847.jpg\"><img loading=\"lazy\" decoding=\"async\" class=\"alignnone size-medium wp-image-6229\" src=\"http:\/\/blog.meineigenerweg.de\/wp-content\/uploads\/2019\/05\/DSC_0847-200x300.jpg\" alt=\"\" width=\"200\" height=\"300\" srcset=\"http:\/\/blog.meineigenerweg.de\/wp-content\/uploads\/2019\/05\/DSC_0847-200x300.jpg 200w, http:\/\/blog.meineigenerweg.de\/wp-content\/uploads\/2019\/05\/DSC_0847.jpg 667w\" sizes=\"auto, (max-width: 200px) 100vw, 200px\" \/><\/a><br \/>\nNoch scheint die Sonne, aber schon ziehen erste Wolken auf und ich beschlie\u00dfe, weiterzufahren. Ich finde den kleinen, noch recht neuen Campingplatz &#8222;Mons Gibel Camping Park&#8220; am Rande des \u00c4tna-Nationalparks.<\/p>\n<p>&nbsp;<\/p>\n<h4>Tag 19 \u00c4tna<\/h4>\n<p>Bei strahlendem Sonnenschein fahre ich die Bergstra\u00dfe zur Kabinenbahn &#8222;Funnivia Dell Etna&#8220; hoch. Die Gegend ist atemberaubend: riesige schwarze Lavabrocken, mit knallgelben Blumen<\/p>\n<p><a href=\"http:\/\/blog.meineigenerweg.de\/wp-content\/uploads\/2019\/05\/DSC_0997.jpg\"><img loading=\"lazy\" decoding=\"async\" class=\"alignnone size-medium wp-image-6232\" src=\"http:\/\/blog.meineigenerweg.de\/wp-content\/uploads\/2019\/05\/DSC_0997-300x200.jpg\" alt=\"\" width=\"300\" height=\"200\" srcset=\"http:\/\/blog.meineigenerweg.de\/wp-content\/uploads\/2019\/05\/DSC_0997-300x200.jpg 300w, http:\/\/blog.meineigenerweg.de\/wp-content\/uploads\/2019\/05\/DSC_0997-768x512.jpg 768w, http:\/\/blog.meineigenerweg.de\/wp-content\/uploads\/2019\/05\/DSC_0997.jpg 1000w\" sizes=\"auto, (max-width: 300px) 100vw, 300px\" \/><\/a><\/p>\n<p>und gr\u00fcnem Buschwerk und B\u00e4umen bewachsen.<\/p>\n<p><a href=\"http:\/\/blog.meineigenerweg.de\/wp-content\/uploads\/2019\/05\/DSC_0998.jpg\"><img loading=\"lazy\" decoding=\"async\" class=\"alignnone size-medium wp-image-6233\" src=\"http:\/\/blog.meineigenerweg.de\/wp-content\/uploads\/2019\/05\/DSC_0998-300x200.jpg\" alt=\"\" width=\"300\" height=\"200\" srcset=\"http:\/\/blog.meineigenerweg.de\/wp-content\/uploads\/2019\/05\/DSC_0998-300x200.jpg 300w, http:\/\/blog.meineigenerweg.de\/wp-content\/uploads\/2019\/05\/DSC_0998-768x512.jpg 768w, http:\/\/blog.meineigenerweg.de\/wp-content\/uploads\/2019\/05\/DSC_0998.jpg 1000w\" sizes=\"auto, (max-width: 300px) 100vw, 300px\" \/><\/a><\/p>\n<p>Unterwegs nimmt die Bew\u00f6lkung zu und die Landschaft erinnert mich immer mehr an das Land Mordor aus dem Herrn der Ringe. An einem Aussichtspunkt blicke ich auf ein halb im Lavastrom versunkenes Geb\u00e4ude.<\/p>\n<p><a href=\"http:\/\/blog.meineigenerweg.de\/wp-content\/uploads\/2019\/05\/DSC_0994.jpg\"><img loading=\"lazy\" decoding=\"async\" class=\"alignnone size-medium wp-image-6235\" src=\"http:\/\/blog.meineigenerweg.de\/wp-content\/uploads\/2019\/05\/DSC_0994-300x200.jpg\" alt=\"\" width=\"300\" height=\"200\" srcset=\"http:\/\/blog.meineigenerweg.de\/wp-content\/uploads\/2019\/05\/DSC_0994-300x200.jpg 300w, http:\/\/blog.meineigenerweg.de\/wp-content\/uploads\/2019\/05\/DSC_0994-768x512.jpg 768w, http:\/\/blog.meineigenerweg.de\/wp-content\/uploads\/2019\/05\/DSC_0994.jpg 1000w\" sizes=\"auto, (max-width: 300px) 100vw, 300px\" \/><\/a><\/p>\n<p>An der Seilbahn<\/p>\n<p><a href=\"http:\/\/blog.meineigenerweg.de\/wp-content\/uploads\/2019\/05\/DSC_0906.jpg\"><img loading=\"lazy\" decoding=\"async\" class=\"alignnone size-medium wp-image-6236\" src=\"http:\/\/blog.meineigenerweg.de\/wp-content\/uploads\/2019\/05\/DSC_0906-300x200.jpg\" alt=\"\" width=\"300\" height=\"200\" srcset=\"http:\/\/blog.meineigenerweg.de\/wp-content\/uploads\/2019\/05\/DSC_0906-300x200.jpg 300w, http:\/\/blog.meineigenerweg.de\/wp-content\/uploads\/2019\/05\/DSC_0906-768x512.jpg 768w, http:\/\/blog.meineigenerweg.de\/wp-content\/uploads\/2019\/05\/DSC_0906.jpg 1000w\" sizes=\"auto, (max-width: 300px) 100vw, 300px\" \/><\/a><\/p>\n<p>die \u00fcblichen Touristenattraktionen, Andenkenl\u00e4den, Pizzabuden und Verkaufsst\u00e4nde f\u00fcr warme Jacken. Etliche Besucher sind n\u00e4mlich in kurzen Hosen und Flipflops angereist. Die Temperatur an der Talstation betr\u00e4gt aber nur noch 7 Grad, wie kalt mag es da weiter oben sein?<br \/>\nInzwischen liegt die Bergbahn in den Wolken, beim Aussteigen sehe ich schon die Allradbusse zur\u00fcck zur Station kommen. Auf den Berg hinauf fahren sie wegen des Wetters nicht.<\/p>\n<p><a href=\"http:\/\/blog.meineigenerweg.de\/wp-content\/uploads\/2019\/05\/DSC_0916-2.jpg\"><img loading=\"lazy\" decoding=\"async\" class=\"alignnone size-medium wp-image-6237\" src=\"http:\/\/blog.meineigenerweg.de\/wp-content\/uploads\/2019\/05\/DSC_0916-2-300x200.jpg\" alt=\"\" width=\"300\" height=\"200\" srcset=\"http:\/\/blog.meineigenerweg.de\/wp-content\/uploads\/2019\/05\/DSC_0916-2-300x200.jpg 300w, http:\/\/blog.meineigenerweg.de\/wp-content\/uploads\/2019\/05\/DSC_0916-2-768x512.jpg 768w, http:\/\/blog.meineigenerweg.de\/wp-content\/uploads\/2019\/05\/DSC_0916-2.jpg 1000w\" sizes=\"auto, (max-width: 300px) 100vw, 300px\" \/><\/a><\/p>\n<p>Also nehme ich meine Beine in die Hand und laufe 500 H\u00f6henmeter bis zum Endpunkt der Allradbusse. Hier stehen Carabinieri, die niemanden weiter hoch laufen lassen. Ab hier k\u00f6nnte ich nur noch mit einem Guide weiter zum Krater, wegen des schlechten Wetters warten die aber alle in der Bergstation auf Wetterbesserung. Noch w\u00e4hrend ich mit den Carabinieri spreche, f\u00e4llt der erste Schnee. Sehen kann ich von den Erruptionen des Vulkans zwar leider nichts, aber das st\u00e4ndige Grollen und Knallen ist schon sehr beeindruckend und sehr nah. Einer der Carabinieri gib mir den Tipp, von dem Standort auf knapp 3000 m wieder bergab zu laufen und in der 3. Kehre links querfeldein abzubiegen. Dort w\u00e4re eine Plattform, von der aus ich den Lavastrom sehen k\u00f6nne. Inzwischen schneit es aber so heftig, dass ich auch von dort, au\u00dfer meiner Hand vor Augen, nichts erkennen kann.<\/p>\n<p><a href=\"http:\/\/blog.meineigenerweg.de\/wp-content\/uploads\/2019\/05\/IMG_9117.jpg\"><img loading=\"lazy\" decoding=\"async\" class=\"alignnone size-medium wp-image-6238\" src=\"http:\/\/blog.meineigenerweg.de\/wp-content\/uploads\/2019\/05\/IMG_9117-300x200.jpg\" alt=\"\" width=\"300\" height=\"200\" srcset=\"http:\/\/blog.meineigenerweg.de\/wp-content\/uploads\/2019\/05\/IMG_9117-300x200.jpg 300w, http:\/\/blog.meineigenerweg.de\/wp-content\/uploads\/2019\/05\/IMG_9117-768x512.jpg 768w, http:\/\/blog.meineigenerweg.de\/wp-content\/uploads\/2019\/05\/IMG_9117.jpg 1000w\" sizes=\"auto, (max-width: 300px) 100vw, 300px\" \/><\/a><\/p>\n<p>Durch den Nebel h\u00f6re ich das Grummeln und Rumoren aber so nah, als ob der Lavastrom direkt neben mir flie\u00dfen w\u00fcrde. Mitten im Sommer ist das Schneetreiben so heftig, dass sich die schwarzen Lavafelsen ringsherum in eine wei\u00dfe Winterlandschaft verwandeln.<\/p>\n<p><a href=\"http:\/\/blog.meineigenerweg.de\/wp-content\/uploads\/2019\/05\/DSC_0941-2.jpg\"><img loading=\"lazy\" decoding=\"async\" class=\"alignnone size-medium wp-image-6239\" src=\"http:\/\/blog.meineigenerweg.de\/wp-content\/uploads\/2019\/05\/DSC_0941-2-300x200.jpg\" alt=\"\" width=\"300\" height=\"200\" srcset=\"http:\/\/blog.meineigenerweg.de\/wp-content\/uploads\/2019\/05\/DSC_0941-2-300x200.jpg 300w, http:\/\/blog.meineigenerweg.de\/wp-content\/uploads\/2019\/05\/DSC_0941-2-768x512.jpg 768w, http:\/\/blog.meineigenerweg.de\/wp-content\/uploads\/2019\/05\/DSC_0941-2.jpg 1000w\" sizes=\"auto, (max-width: 300px) 100vw, 300px\" \/><\/a><\/p>\n<p>Bis zur Bergstation der Seilbahn auf ca. 2500 m liegt auf meinem R\u00fcckweg eine geschlossene Schneedecke. Bei solchem Wetter f\u00e4hrt dann auch die Seilbahn nicht mehr. Wie im Winterurlaub auf einer roten Piste fahre ich im Unimog-Allradbus zur Talstation der Seilbahn.<\/p>\n<p>&nbsp;<\/p>\n<h2>Kalabrien<\/h2>\n<h4>Tag 20 Scilla<\/h4>\n<p>Der Tag beginnt wie die anderen vorher auch, nieselig, bew\u00f6lkt, k\u00fchl. Ich breche auf, um noch ein letztes Mal an die K\u00fcste zu fahren. Mein n\u00e4chstes Ziel ist Taormina, mal sehen, ob sich die Sonne dort zeigt! Die Vulkanlandschaft verschwindet, ich fahre an der Steilk\u00fcste \u00fcber in den Berg geschlagene Stra\u00dfen, durch Terassen, bis ich in Taormina ankomme, wo sich der Touristenstrom b\u00fcndelt: die Stra\u00dfen sind verstopft, riesige Parkpl\u00e4tze f\u00fcr Busse, Parkh\u00e4user f\u00fcr PKWs &#8211; aus der Ferne liegt der Ort malerisch am Berg, von Nahem winden sich Autos und Menschen durch die engen Strassen. Das lockt nicht zum Bleiben.<\/p>\n<p><a href=\"http:\/\/blog.meineigenerweg.de\/wp-content\/uploads\/2019\/05\/DSC_1053.jpg\"><img loading=\"lazy\" decoding=\"async\" class=\"alignnone size-medium wp-image-6247\" src=\"http:\/\/blog.meineigenerweg.de\/wp-content\/uploads\/2019\/05\/DSC_1053-300x200.jpg\" alt=\"\" width=\"300\" height=\"200\" srcset=\"http:\/\/blog.meineigenerweg.de\/wp-content\/uploads\/2019\/05\/DSC_1053-300x200.jpg 300w, http:\/\/blog.meineigenerweg.de\/wp-content\/uploads\/2019\/05\/DSC_1053-768x512.jpg 768w, http:\/\/blog.meineigenerweg.de\/wp-content\/uploads\/2019\/05\/DSC_1053.jpg 1000w\" sizes=\"auto, (max-width: 300px) 100vw, 300px\" \/><\/a><\/p>\n<p>Ich fahre weiter nach Messina, auf die F\u00e4hre zum Festland.<br \/>\nDas die Meerenge so schmal ist, h\u00e4tte ich nicht erwartet. Ich kann die H\u00e4user gegen\u00fcber auf dem Festland von hier aus gut erkennen. Die \u00dcberfahrt dauert auch nur eine gute 1\/2 Stunde, dann bin ich an der Steilk\u00fcste Kalabriens angekommen.<\/p>\n<p><a href=\"http:\/\/blog.meineigenerweg.de\/wp-content\/uploads\/2019\/05\/IMG_9117-1.jpg\"><img loading=\"lazy\" decoding=\"async\" class=\"alignnone size-medium wp-image-6248\" src=\"http:\/\/blog.meineigenerweg.de\/wp-content\/uploads\/2019\/05\/IMG_9117-1-300x200.jpg\" alt=\"\" width=\"300\" height=\"200\" srcset=\"http:\/\/blog.meineigenerweg.de\/wp-content\/uploads\/2019\/05\/IMG_9117-1-300x200.jpg 300w, http:\/\/blog.meineigenerweg.de\/wp-content\/uploads\/2019\/05\/IMG_9117-1-768x512.jpg 768w, http:\/\/blog.meineigenerweg.de\/wp-content\/uploads\/2019\/05\/IMG_9117-1.jpg 1000w\" sizes=\"auto, (max-width: 300px) 100vw, 300px\" \/><\/a><\/p>\n<p>Ich fahre noch bis Scilla ein malerischer Ort, von einem Kastell gekr\u00f6nt.<\/p>\n<p><a href=\"http:\/\/blog.meineigenerweg.de\/wp-content\/uploads\/2019\/05\/DSC_1098.jpg\"><img loading=\"lazy\" decoding=\"async\" class=\"alignnone size-medium wp-image-6246\" src=\"http:\/\/blog.meineigenerweg.de\/wp-content\/uploads\/2019\/05\/DSC_1098-300x200.jpg\" alt=\"\" width=\"300\" height=\"200\" srcset=\"http:\/\/blog.meineigenerweg.de\/wp-content\/uploads\/2019\/05\/DSC_1098-300x200.jpg 300w, http:\/\/blog.meineigenerweg.de\/wp-content\/uploads\/2019\/05\/DSC_1098-768x512.jpg 768w, http:\/\/blog.meineigenerweg.de\/wp-content\/uploads\/2019\/05\/DSC_1098.jpg 1000w\" sizes=\"auto, (max-width: 300px) 100vw, 300px\" \/><\/a><\/p>\n<p>Der Stellplatz hoch \u00fcber dem Meer ist spartanisch eingerichtet, aber die Aussicht! Die entsch\u00e4digt f\u00fcr alles. Ich schaue \u00fcber die Meerenge bis Sizilien und zur anderen Seite auf das steil an der Felswand gebaute \u00d6rtchen Scilla mit seinem Kastell. Scilla hat einen ganz besonderen Touristendienst: Ich werde mit einem Elektrocaddy am Stellplatz abgeholt und am Strand abgesetzt. Ich schaue noch einmal aus der N\u00e4he in den Ort, dann setze ich mich in eins der h\u00fcbschen Strandrestaurants, bekomme fangfrischen Schwertfisch serviert, schaue aufs Meer und werde sp\u00e4ter auch wieder mit dem Caddy zum Stellplatz gebracht. Meinen Campingstuhl stelle ich an die Holzabsperrung und beobachte die Sonne, wie sie im Meer versinkt&#8230;<\/p>\n<p>&nbsp;<\/p>\n<h4>Tag 21 Scilla<\/h4>\n<p>Heute Morgen fahre ich mit dem Rad in den Ort, suche mir eine stabile Laterne zum Radparken und erklimme die steilen Treppen quer durch den Ort, an kleinen H\u00e4uschen mit bl\u00e4tternder Fassade, Ruinen, bunten Blumen in Pflanzt\u00f6pfen bis zum Kastell. Der Ausblick hoch \u00fcber dem Ort ist phantastisch!<br \/>\nWieder zur\u00fcck am Strand, habe ich mir nach der Treppensteigerei einen Faulenzertag am Meer verdient. Ausger\u00fcstet mit Badehose, Handtuch und Buch lege ich mich entspannt auf eine der bereitsstehenden Liegen.<\/p>\n<p><a href=\"http:\/\/blog.meineigenerweg.de\/wp-content\/uploads\/2019\/05\/DSC_1206.jpg\"><img loading=\"lazy\" decoding=\"async\" class=\"alignnone size-medium wp-image-6250\" src=\"http:\/\/blog.meineigenerweg.de\/wp-content\/uploads\/2019\/05\/DSC_1206-300x200.jpg\" alt=\"\" width=\"300\" height=\"200\" srcset=\"http:\/\/blog.meineigenerweg.de\/wp-content\/uploads\/2019\/05\/DSC_1206-300x200.jpg 300w, http:\/\/blog.meineigenerweg.de\/wp-content\/uploads\/2019\/05\/DSC_1206-768x512.jpg 768w, http:\/\/blog.meineigenerweg.de\/wp-content\/uploads\/2019\/05\/DSC_1206.jpg 1000w\" sizes=\"auto, (max-width: 300px) 100vw, 300px\" \/><\/a><\/p>\n<p>Den Abend verbringe ich einfach mit Zuschauen wie es dunkel wird \u2026<\/p>\n<p><a href=\"http:\/\/blog.meineigenerweg.de\/wp-content\/uploads\/2019\/05\/DSC_1137.jpg\"><img loading=\"lazy\" decoding=\"async\" class=\"alignnone size-medium wp-image-6255\" src=\"http:\/\/blog.meineigenerweg.de\/wp-content\/uploads\/2019\/05\/DSC_1137-300x200.jpg\" alt=\"\" width=\"300\" height=\"200\" srcset=\"http:\/\/blog.meineigenerweg.de\/wp-content\/uploads\/2019\/05\/DSC_1137-300x200.jpg 300w, http:\/\/blog.meineigenerweg.de\/wp-content\/uploads\/2019\/05\/DSC_1137-768x512.jpg 768w, http:\/\/blog.meineigenerweg.de\/wp-content\/uploads\/2019\/05\/DSC_1137.jpg 1000w\" sizes=\"auto, (max-width: 300px) 100vw, 300px\" \/><\/a>\u00a0<a href=\"http:\/\/blog.meineigenerweg.de\/wp-content\/uploads\/2019\/05\/DSC_1139.jpg\"><img loading=\"lazy\" decoding=\"async\" class=\"alignnone size-medium wp-image-6253\" src=\"http:\/\/blog.meineigenerweg.de\/wp-content\/uploads\/2019\/05\/DSC_1139-300x200.jpg\" alt=\"\" width=\"300\" height=\"200\" srcset=\"http:\/\/blog.meineigenerweg.de\/wp-content\/uploads\/2019\/05\/DSC_1139-300x200.jpg 300w, http:\/\/blog.meineigenerweg.de\/wp-content\/uploads\/2019\/05\/DSC_1139-768x512.jpg 768w, http:\/\/blog.meineigenerweg.de\/wp-content\/uploads\/2019\/05\/DSC_1139.jpg 1000w\" sizes=\"auto, (max-width: 300px) 100vw, 300px\" \/><\/a><\/p>\n<p>&nbsp;<\/p>\n<h4>Tag 22 Stilo<\/h4>\n<p>Ich genie\u00dfe noch ein letztes mal den Blick aufs Meer, dann fahre ich weg von der K\u00fcste ins Gebirge, in den Nationalpark Parco Nationale Dell Aspromonte. Noch daheim habe ich den Tipp bekommen, dass es dort landschaftlich besonders sch\u00f6n ist. Ich folge der engen Stra\u00dfe, die sich durch das Gebirge schl\u00e4ngelt, immer weiter die Berge hinauf.<\/p>\n<p><a href=\"http:\/\/blog.meineigenerweg.de\/wp-content\/uploads\/2019\/05\/DSC_1237.jpg\"><img loading=\"lazy\" decoding=\"async\" class=\"alignnone size-medium wp-image-6263\" src=\"http:\/\/blog.meineigenerweg.de\/wp-content\/uploads\/2019\/05\/DSC_1237-300x200.jpg\" alt=\"\" width=\"300\" height=\"200\" srcset=\"http:\/\/blog.meineigenerweg.de\/wp-content\/uploads\/2019\/05\/DSC_1237-300x200.jpg 300w, http:\/\/blog.meineigenerweg.de\/wp-content\/uploads\/2019\/05\/DSC_1237-768x512.jpg 768w, http:\/\/blog.meineigenerweg.de\/wp-content\/uploads\/2019\/05\/DSC_1237.jpg 1000w\" sizes=\"auto, (max-width: 300px) 100vw, 300px\" \/><\/a><\/p>\n<p>Unterwegs liegen kleine Orte terrassenf\u00f6rmig an den Berg geschmiegt, durch eine tiefe Schlucht flie\u00dft ein Fluss, von dem nur ein schmales Rinnsal in einem breiten, schottrigen Flussbett \u00fcbrig ist, am Stra\u00dfenrand bl\u00fcht es \u00fcppig in allen Farben.<\/p>\n<p><a href=\"http:\/\/blog.meineigenerweg.de\/wp-content\/uploads\/2019\/05\/DSC_1248.jpg\"><img loading=\"lazy\" decoding=\"async\" class=\"alignnone size-medium wp-image-6264\" src=\"http:\/\/blog.meineigenerweg.de\/wp-content\/uploads\/2019\/05\/DSC_1248-300x200.jpg\" alt=\"\" width=\"300\" height=\"200\" srcset=\"http:\/\/blog.meineigenerweg.de\/wp-content\/uploads\/2019\/05\/DSC_1248-300x200.jpg 300w, http:\/\/blog.meineigenerweg.de\/wp-content\/uploads\/2019\/05\/DSC_1248-768x512.jpg 768w, http:\/\/blog.meineigenerweg.de\/wp-content\/uploads\/2019\/05\/DSC_1248.jpg 1000w\" sizes=\"auto, (max-width: 300px) 100vw, 300px\" \/> <\/a><a href=\"http:\/\/blog.meineigenerweg.de\/wp-content\/uploads\/2019\/05\/DSC_1365.jpg\"><img loading=\"lazy\" decoding=\"async\" class=\"alignnone size-medium wp-image-6265\" src=\"http:\/\/blog.meineigenerweg.de\/wp-content\/uploads\/2019\/05\/DSC_1365-300x200.jpg\" alt=\"\" width=\"300\" height=\"200\" srcset=\"http:\/\/blog.meineigenerweg.de\/wp-content\/uploads\/2019\/05\/DSC_1365-300x200.jpg 300w, http:\/\/blog.meineigenerweg.de\/wp-content\/uploads\/2019\/05\/DSC_1365-768x512.jpg 768w, http:\/\/blog.meineigenerweg.de\/wp-content\/uploads\/2019\/05\/DSC_1365.jpg 1000w\" sizes=\"auto, (max-width: 300px) 100vw, 300px\" \/><\/a><\/p>\n<p>Ich freue mich, in dieser Jahreszeit zu reisen. In dem Bergdorf Stilo<\/p>\n<p><a href=\"http:\/\/blog.meineigenerweg.de\/wp-content\/uploads\/2019\/05\/DSC_1252.jpg\"><img loading=\"lazy\" decoding=\"async\" class=\"alignnone size-medium wp-image-6266\" src=\"http:\/\/blog.meineigenerweg.de\/wp-content\/uploads\/2019\/05\/DSC_1252-300x200.jpg\" alt=\"\" width=\"300\" height=\"200\" srcset=\"http:\/\/blog.meineigenerweg.de\/wp-content\/uploads\/2019\/05\/DSC_1252-300x200.jpg 300w, http:\/\/blog.meineigenerweg.de\/wp-content\/uploads\/2019\/05\/DSC_1252-768x512.jpg 768w, http:\/\/blog.meineigenerweg.de\/wp-content\/uploads\/2019\/05\/DSC_1252.jpg 1000w\" sizes=\"auto, (max-width: 300px) 100vw, 300px\" \/><\/a><\/p>\n<p>mache ich Rast, parke mein Wohnmobil am Stra\u00dfenrand und schlendere durch den Ort.<\/p>\n<p><a href=\"http:\/\/blog.meineigenerweg.de\/wp-content\/uploads\/2019\/05\/DSC_1260.jpg\"><img loading=\"lazy\" decoding=\"async\" class=\"alignnone size-medium wp-image-6267\" src=\"http:\/\/blog.meineigenerweg.de\/wp-content\/uploads\/2019\/05\/DSC_1260-300x200.jpg\" alt=\"\" width=\"300\" height=\"200\" srcset=\"http:\/\/blog.meineigenerweg.de\/wp-content\/uploads\/2019\/05\/DSC_1260-300x200.jpg 300w, http:\/\/blog.meineigenerweg.de\/wp-content\/uploads\/2019\/05\/DSC_1260-768x512.jpg 768w, http:\/\/blog.meineigenerweg.de\/wp-content\/uploads\/2019\/05\/DSC_1260.jpg 1000w\" sizes=\"auto, (max-width: 300px) 100vw, 300px\" \/><\/a><\/p>\n<p>Hier scheint die Zeit stehen geblieben zu sein: Alte M\u00e4nner sitzen in einer Bar<\/p>\n<p><a href=\"http:\/\/blog.meineigenerweg.de\/wp-content\/uploads\/2019\/05\/DSC_1259.jpg\"><img loading=\"lazy\" decoding=\"async\" class=\"alignnone size-medium wp-image-6268\" src=\"http:\/\/blog.meineigenerweg.de\/wp-content\/uploads\/2019\/05\/DSC_1259-300x200.jpg\" alt=\"\" width=\"300\" height=\"200\" srcset=\"http:\/\/blog.meineigenerweg.de\/wp-content\/uploads\/2019\/05\/DSC_1259-300x200.jpg 300w, http:\/\/blog.meineigenerweg.de\/wp-content\/uploads\/2019\/05\/DSC_1259-768x512.jpg 768w, http:\/\/blog.meineigenerweg.de\/wp-content\/uploads\/2019\/05\/DSC_1259.jpg 1000w\" sizes=\"auto, (max-width: 300px) 100vw, 300px\" \/><\/a><\/p>\n<p>neben einer der vielen Kirchen beim Kartenspiel, `Donne&#8216; spazieren, die Handtasche am Arm, eingehakt durch die Stra\u00dfen. Ich steige die engen Gassen hoch,<\/p>\n<p><a href=\"http:\/\/blog.meineigenerweg.de\/wp-content\/uploads\/2019\/05\/DSC_1264.jpg\"><img loading=\"lazy\" decoding=\"async\" class=\"alignnone size-medium wp-image-6269\" src=\"http:\/\/blog.meineigenerweg.de\/wp-content\/uploads\/2019\/05\/DSC_1264-300x200.jpg\" alt=\"\" width=\"300\" height=\"200\" srcset=\"http:\/\/blog.meineigenerweg.de\/wp-content\/uploads\/2019\/05\/DSC_1264-300x200.jpg 300w, http:\/\/blog.meineigenerweg.de\/wp-content\/uploads\/2019\/05\/DSC_1264-768x512.jpg 768w, http:\/\/blog.meineigenerweg.de\/wp-content\/uploads\/2019\/05\/DSC_1264.jpg 1000w\" sizes=\"auto, (max-width: 300px) 100vw, 300px\" \/><\/a><\/p>\n<p>vorbei an H\u00e4usern, die hier schon ewig stehen, Die vielen Kirchen mit ihren verwitterten Kircht\u00fcrmen und uralten Holzt\u00fcren sind leider verschlossen.<\/p>\n<p><a href=\"http:\/\/blog.meineigenerweg.de\/wp-content\/uploads\/2019\/05\/DSC_1261.jpg\"><img loading=\"lazy\" decoding=\"async\" class=\"alignnone size-medium wp-image-6270\" src=\"http:\/\/blog.meineigenerweg.de\/wp-content\/uploads\/2019\/05\/DSC_1261-200x300.jpg\" alt=\"\" width=\"200\" height=\"300\" srcset=\"http:\/\/blog.meineigenerweg.de\/wp-content\/uploads\/2019\/05\/DSC_1261-200x300.jpg 200w, http:\/\/blog.meineigenerweg.de\/wp-content\/uploads\/2019\/05\/DSC_1261.jpg 667w\" sizes=\"auto, (max-width: 200px) 100vw, 200px\" \/><\/a><\/p>\n<p>\u00dcber einen schmalen Pfad mit einem verfallenem Gel\u00e4nder laufe ich am Berg entlang zu einer kleinen Grotte mit einer Kapelle.<\/p>\n<p><a href=\"http:\/\/blog.meineigenerweg.de\/wp-content\/uploads\/2019\/05\/DSC_1288.jpg\"><img loading=\"lazy\" decoding=\"async\" class=\"alignnone size-medium wp-image-6271\" src=\"http:\/\/blog.meineigenerweg.de\/wp-content\/uploads\/2019\/05\/DSC_1288-300x200.jpg\" alt=\"\" width=\"300\" height=\"200\" srcset=\"http:\/\/blog.meineigenerweg.de\/wp-content\/uploads\/2019\/05\/DSC_1288-300x200.jpg 300w, http:\/\/blog.meineigenerweg.de\/wp-content\/uploads\/2019\/05\/DSC_1288-768x512.jpg 768w, http:\/\/blog.meineigenerweg.de\/wp-content\/uploads\/2019\/05\/DSC_1288.jpg 1000w\" sizes=\"auto, (max-width: 300px) 100vw, 300px\" \/><\/a><\/p>\n<p>Abends trifft sich das halbe Dorf auf den Stra\u00dfen und in den kleinen Bars. Man begr\u00fc\u00dft sich fr\u00f6hlich und ausgelassen mit K\u00fcsschen rechts und K\u00fcsschen und tauscht Neuigkeiten aus. Ich tauche in das bunte Treiben ein und lasse den Tag in einer Bar ausklingen.<\/p>\n<p>Da ich direkt vor der `Policia Kommunale\u00b4 geparkt habe, ist es anschlie\u00dfend eine angenehm ruhige Nacht. Und der fr\u00fche Morgen belohnt mich mit einem Sonnenaufgang \u00fcber der Stadt!<\/p>\n<p><a href=\"http:\/\/blog.meineigenerweg.de\/wp-content\/uploads\/2019\/05\/IMG_9204.jpg\"><img loading=\"lazy\" decoding=\"async\" class=\"alignnone size-medium wp-image-6272\" src=\"http:\/\/blog.meineigenerweg.de\/wp-content\/uploads\/2019\/05\/IMG_9204-300x200.jpg\" alt=\"\" width=\"300\" height=\"200\" srcset=\"http:\/\/blog.meineigenerweg.de\/wp-content\/uploads\/2019\/05\/IMG_9204-300x200.jpg 300w, http:\/\/blog.meineigenerweg.de\/wp-content\/uploads\/2019\/05\/IMG_9204-768x512.jpg 768w, http:\/\/blog.meineigenerweg.de\/wp-content\/uploads\/2019\/05\/IMG_9204.jpg 1000w\" sizes=\"auto, (max-width: 300px) 100vw, 300px\" \/><\/a><\/p>\n<p>&nbsp;<\/p>\n<h4>Tag 23 Villapiana Scalo<\/h4>\n<p>Es ist einfach ein wunderbarer Blick auf die Bergwelt, da m\u00f6chte ich noch ein bisschen bleiben. Ich fahre noch weiter ins Gebirge hinein, durch die \u00d6rtchen Pazzano und Bevongi und habe unterwegs immer wieder tolle Aussichten auf steile Felsen, Kapellen auf Gipfeln, Schluchten und die Stra\u00dfe, die sich in Kehren die Berge hinauf und hinab schl\u00e4ngelt.<\/p>\n<p><a href=\"http:\/\/blog.meineigenerweg.de\/wp-content\/uploads\/2019\/05\/DSC_1339.jpg\"><img loading=\"lazy\" decoding=\"async\" class=\"alignnone size-medium wp-image-6274\" src=\"http:\/\/blog.meineigenerweg.de\/wp-content\/uploads\/2019\/05\/DSC_1339-300x200.jpg\" alt=\"\" width=\"300\" height=\"200\" srcset=\"http:\/\/blog.meineigenerweg.de\/wp-content\/uploads\/2019\/05\/DSC_1339-300x200.jpg 300w, http:\/\/blog.meineigenerweg.de\/wp-content\/uploads\/2019\/05\/DSC_1339-768x512.jpg 768w, http:\/\/blog.meineigenerweg.de\/wp-content\/uploads\/2019\/05\/DSC_1339.jpg 1000w\" sizes=\"auto, (max-width: 300px) 100vw, 300px\" \/> <\/a><a href=\"http:\/\/blog.meineigenerweg.de\/wp-content\/uploads\/2019\/05\/DSC_1376.jpg\"><img loading=\"lazy\" decoding=\"async\" class=\"alignnone size-medium wp-image-6275\" src=\"http:\/\/blog.meineigenerweg.de\/wp-content\/uploads\/2019\/05\/DSC_1376-300x200.jpg\" alt=\"\" width=\"300\" height=\"200\" srcset=\"http:\/\/blog.meineigenerweg.de\/wp-content\/uploads\/2019\/05\/DSC_1376-300x200.jpg 300w, http:\/\/blog.meineigenerweg.de\/wp-content\/uploads\/2019\/05\/DSC_1376-768x512.jpg 768w, http:\/\/blog.meineigenerweg.de\/wp-content\/uploads\/2019\/05\/DSC_1376.jpg 1000w\" sizes=\"auto, (max-width: 300px) 100vw, 300px\" \/><\/a><\/p>\n<p>In der N\u00e4he gibt es einen weiteren Nationalpark, den `Parco Nationale Dell Pollino\u00b4, durch den ich Richtung Ostk\u00fcste fahre. Hier sind die Berge nicht so waldbestanden, daf\u00fcr gibt es auf den Terrassen und Ebenen wieder Wein, Obstplantagen und Olivenb\u00e4ume.<\/p>\n<p><a href=\"http:\/\/blog.meineigenerweg.de\/wp-content\/uploads\/2019\/05\/DSC_1384.jpg\"><img loading=\"lazy\" decoding=\"async\" class=\"alignnone size-medium wp-image-6276\" src=\"http:\/\/blog.meineigenerweg.de\/wp-content\/uploads\/2019\/05\/DSC_1384-300x200.jpg\" alt=\"\" width=\"300\" height=\"200\" srcset=\"http:\/\/blog.meineigenerweg.de\/wp-content\/uploads\/2019\/05\/DSC_1384-300x200.jpg 300w, http:\/\/blog.meineigenerweg.de\/wp-content\/uploads\/2019\/05\/DSC_1384-768x512.jpg 768w, http:\/\/blog.meineigenerweg.de\/wp-content\/uploads\/2019\/05\/DSC_1384.jpg 1000w\" sizes=\"auto, (max-width: 300px) 100vw, 300px\" \/> <\/a><a href=\"http:\/\/blog.meineigenerweg.de\/wp-content\/uploads\/2019\/05\/DSC_1406.jpg\"><img loading=\"lazy\" decoding=\"async\" class=\"alignnone size-medium wp-image-6277\" src=\"http:\/\/blog.meineigenerweg.de\/wp-content\/uploads\/2019\/05\/DSC_1406-300x200.jpg\" alt=\"\" width=\"300\" height=\"200\" srcset=\"http:\/\/blog.meineigenerweg.de\/wp-content\/uploads\/2019\/05\/DSC_1406-300x200.jpg 300w, http:\/\/blog.meineigenerweg.de\/wp-content\/uploads\/2019\/05\/DSC_1406-768x512.jpg 768w, http:\/\/blog.meineigenerweg.de\/wp-content\/uploads\/2019\/05\/DSC_1406.jpg 1000w\" sizes=\"auto, (max-width: 300px) 100vw, 300px\" \/><\/a><\/p>\n<p>An der Ostk\u00fcste f\u00fchrt eine Bahnstrecke direkt am Meer entlang. Um auf meinen Campingplatz f\u00fcr heute Nacht zu kommen, muss ich \u00fcber diese Gleise gelangen. Mein Navi m\u00f6chte mich immer wieder durch viel zu niedrige Unterf\u00fchrungen schicken, da frage ich doch lieber einen netten Menschen am Stra\u00dfenrand. Und dann bin ich auch angekommen, in Villapiana Scalo stehe ich unter B\u00e4umen direkt am Meer.<\/p>\n<p><a href=\"http:\/\/blog.meineigenerweg.de\/wp-content\/uploads\/2019\/05\/DSC_1417.jpg\"><img loading=\"lazy\" decoding=\"async\" class=\"alignnone size-medium wp-image-6278\" src=\"http:\/\/blog.meineigenerweg.de\/wp-content\/uploads\/2019\/05\/DSC_1417-300x200.jpg\" alt=\"\" width=\"300\" height=\"200\" srcset=\"http:\/\/blog.meineigenerweg.de\/wp-content\/uploads\/2019\/05\/DSC_1417-300x200.jpg 300w, http:\/\/blog.meineigenerweg.de\/wp-content\/uploads\/2019\/05\/DSC_1417-768x512.jpg 768w, http:\/\/blog.meineigenerweg.de\/wp-content\/uploads\/2019\/05\/DSC_1417.jpg 1000w\" sizes=\"auto, (max-width: 300px) 100vw, 300px\" \/><\/a><\/p>\n<p>&nbsp;<\/p>\n<p>&nbsp;<\/p>\n<h4>Tag 24 Villapiana Scalo<\/h4>\n<p>Da nach knapp 3 Wochen unterwegs jetzt gro\u00dfe W\u00e4sche angesagt ist, spanne ich alles, was ich an Leinen habe, zwischen die B\u00e4ume und h\u00e4nge meine frischgewaschene Kleidung in Sonne und Wind. Nun habe ich gen\u00fcgend Zeit und Mu\u00dfe, ab und zu aufs Meer zu schauen, zu lesen und zu faulenzen. Nachmittags ist alles trocken und wieder in die Schr\u00e4nke ger\u00e4umt.<\/p>\n<p><a href=\"http:\/\/blog.meineigenerweg.de\/wp-content\/uploads\/2019\/06\/DSC_1440.jpg\"><img loading=\"lazy\" decoding=\"async\" class=\"alignnone size-medium wp-image-6296\" src=\"http:\/\/blog.meineigenerweg.de\/wp-content\/uploads\/2019\/06\/DSC_1440-300x200.jpg\" alt=\"\" width=\"300\" height=\"200\" srcset=\"http:\/\/blog.meineigenerweg.de\/wp-content\/uploads\/2019\/06\/DSC_1440-300x200.jpg 300w, http:\/\/blog.meineigenerweg.de\/wp-content\/uploads\/2019\/06\/DSC_1440-768x512.jpg 768w, http:\/\/blog.meineigenerweg.de\/wp-content\/uploads\/2019\/06\/DSC_1440.jpg 1000w\" sizes=\"auto, (max-width: 300px) 100vw, 300px\" \/><\/a><\/p>\n<p>Ich g\u00f6nne mir abends noch eine vom Wirt angepriesene Pizza frisch aus dem Ofen, unterhalte mich im Lokal mit anderen Campern und tausche Reiseziele und Informationen aus.<\/p>\n<p><a href=\"http:\/\/blog.meineigenerweg.de\/wp-content\/uploads\/2019\/06\/DSC_1443.jpg\"><img loading=\"lazy\" decoding=\"async\" class=\"alignnone size-medium wp-image-6297\" src=\"http:\/\/blog.meineigenerweg.de\/wp-content\/uploads\/2019\/06\/DSC_1443-300x200.jpg\" alt=\"\" width=\"300\" height=\"200\" srcset=\"http:\/\/blog.meineigenerweg.de\/wp-content\/uploads\/2019\/06\/DSC_1443-300x200.jpg 300w, http:\/\/blog.meineigenerweg.de\/wp-content\/uploads\/2019\/06\/DSC_1443-768x512.jpg 768w, http:\/\/blog.meineigenerweg.de\/wp-content\/uploads\/2019\/06\/DSC_1443.jpg 1000w\" sizes=\"auto, (max-width: 300px) 100vw, 300px\" \/><\/a><\/p>\n<p>&nbsp;<\/p>\n<h2>Basilikata<\/h2>\n<h4>Tag 25 Matera<\/h4>\n<p><a href=\"http:\/\/blog.meineigenerweg.de\/wp-content\/uploads\/2019\/06\/DSC_1462.jpg\"><img loading=\"lazy\" decoding=\"async\" class=\"alignnone size-medium wp-image-6300\" src=\"http:\/\/blog.meineigenerweg.de\/wp-content\/uploads\/2019\/06\/DSC_1462-300x200.jpg\" alt=\"\" width=\"300\" height=\"200\" srcset=\"http:\/\/blog.meineigenerweg.de\/wp-content\/uploads\/2019\/06\/DSC_1462-300x200.jpg 300w, http:\/\/blog.meineigenerweg.de\/wp-content\/uploads\/2019\/06\/DSC_1462-768x512.jpg 768w, http:\/\/blog.meineigenerweg.de\/wp-content\/uploads\/2019\/06\/DSC_1462.jpg 1000w\" sizes=\"auto, (max-width: 300px) 100vw, 300px\" \/><\/a><\/p>\n<p>Schnell ist nach dem Fr\u00fchst\u00fcck meine &#8222;Ilse&#8220; (mein WoMo) wieder gepackt, das Fahrrad ist zum Schluss auf den Tr\u00e4ger gehoben, weiter geht es nach Matera.<\/p>\n<p><a href=\"http:\/\/blog.meineigenerweg.de\/wp-content\/uploads\/2019\/06\/DSC_1474.jpg\"><img loading=\"lazy\" decoding=\"async\" class=\"alignnone size-medium wp-image-6301\" src=\"http:\/\/blog.meineigenerweg.de\/wp-content\/uploads\/2019\/06\/DSC_1474-300x200.jpg\" alt=\"\" width=\"300\" height=\"200\" srcset=\"http:\/\/blog.meineigenerweg.de\/wp-content\/uploads\/2019\/06\/DSC_1474-300x200.jpg 300w, http:\/\/blog.meineigenerweg.de\/wp-content\/uploads\/2019\/06\/DSC_1474-768x512.jpg 768w, http:\/\/blog.meineigenerweg.de\/wp-content\/uploads\/2019\/06\/DSC_1474.jpg 1000w\" sizes=\"auto, (max-width: 300px) 100vw, 300px\" \/><\/a><\/p>\n<p>\u00dcber die Stadt als UNESCO Kulturhauptstadt 2019 habe ich schon zuhause einen Bericht gelesen, in dem von der Sassi, den altert\u00fcmlichen H\u00f6hlensiedlungen, die Rede war. Der erste Stellplatz in der prallen Sonne, direkt an der Schnellstra\u00dfe, lud gar nicht zum Bleiben ein. Es war so hei\u00df, kein Schatten und der Asphalt reflektierte die Hitze noch. Deshalb fuhr ich weiter ins Zentrum, fand einen normalen Parkplatz nahe der Sassi und nachdem ich mich in einem der vielen Cafes gest\u00e4rkt hatte, bin ich in den Talkessel der Altstadt gestiegen &#8211; \u00fcber gef\u00fchlt 500 Treppen.<\/p>\n<p><a href=\"http:\/\/blog.meineigenerweg.de\/wp-content\/uploads\/2019\/06\/DSC_1488.jpg\"><img loading=\"lazy\" decoding=\"async\" class=\"alignnone size-medium wp-image-6302\" src=\"http:\/\/blog.meineigenerweg.de\/wp-content\/uploads\/2019\/06\/DSC_1488-300x200.jpg\" alt=\"\" width=\"300\" height=\"200\" srcset=\"http:\/\/blog.meineigenerweg.de\/wp-content\/uploads\/2019\/06\/DSC_1488-300x200.jpg 300w, http:\/\/blog.meineigenerweg.de\/wp-content\/uploads\/2019\/06\/DSC_1488-768x512.jpg 768w, http:\/\/blog.meineigenerweg.de\/wp-content\/uploads\/2019\/06\/DSC_1488.jpg 1000w\" sizes=\"auto, (max-width: 300px) 100vw, 300px\" \/> <\/a><a href=\"http:\/\/blog.meineigenerweg.de\/wp-content\/uploads\/2019\/06\/DSC_1495.jpg\"><img loading=\"lazy\" decoding=\"async\" class=\"alignnone size-medium wp-image-6303\" src=\"http:\/\/blog.meineigenerweg.de\/wp-content\/uploads\/2019\/06\/DSC_1495-300x200.jpg\" alt=\"\" width=\"300\" height=\"200\" srcset=\"http:\/\/blog.meineigenerweg.de\/wp-content\/uploads\/2019\/06\/DSC_1495-300x200.jpg 300w, http:\/\/blog.meineigenerweg.de\/wp-content\/uploads\/2019\/06\/DSC_1495-768x512.jpg 768w, http:\/\/blog.meineigenerweg.de\/wp-content\/uploads\/2019\/06\/DSC_1495.jpg 1000w\" sizes=\"auto, (max-width: 300px) 100vw, 300px\" \/><\/a><br \/>\n<a href=\"http:\/\/blog.meineigenerweg.de\/wp-content\/uploads\/2019\/06\/DSC_1518.jpg\"><img loading=\"lazy\" decoding=\"async\" class=\"alignnone size-medium wp-image-6304\" src=\"http:\/\/blog.meineigenerweg.de\/wp-content\/uploads\/2019\/06\/DSC_1518-200x300.jpg\" alt=\"\" width=\"200\" height=\"300\" srcset=\"http:\/\/blog.meineigenerweg.de\/wp-content\/uploads\/2019\/06\/DSC_1518-200x300.jpg 200w, http:\/\/blog.meineigenerweg.de\/wp-content\/uploads\/2019\/06\/DSC_1518.jpg 667w\" sizes=\"auto, (max-width: 200px) 100vw, 200px\" \/><\/a><\/p>\n<p>Auf der Stra\u00dfe rund um die Altstadt werden \u00fcberall F\u00fchrungen zu den Sehensw\u00fcrdigkeiten angeboten, mir macht es aber viel mehr Spa\u00df, selber zu st\u00f6bern und abseits der Touristengruppen die Stadt zu erlaufen.<\/p>\n<p>Dort finde ich auch eine kleine B\u00e4ckerei in der das typische Brot aus Matera gebacken wird. Es ist mindestens 5 kg schwer und schmeckt mit Oliven\u00f6l und ein wenig Salz einfach super lecker. Zum Gl\u00fcck gibt es auch kleine Versionen, sodass ich mir ein kleines Brot f\u00fcr heute Abend mitnehmen kann.<\/p>\n<p><a href=\"http:\/\/blog.meineigenerweg.de\/wp-content\/uploads\/2019\/06\/DSC_1552.jpg\"><img loading=\"lazy\" decoding=\"async\" class=\"alignnone size-medium wp-image-6307\" src=\"http:\/\/blog.meineigenerweg.de\/wp-content\/uploads\/2019\/06\/DSC_1552-300x200.jpg\" alt=\"\" width=\"300\" height=\"200\" srcset=\"http:\/\/blog.meineigenerweg.de\/wp-content\/uploads\/2019\/06\/DSC_1552-300x200.jpg 300w, http:\/\/blog.meineigenerweg.de\/wp-content\/uploads\/2019\/06\/DSC_1552-768x512.jpg 768w, http:\/\/blog.meineigenerweg.de\/wp-content\/uploads\/2019\/06\/DSC_1552.jpg 1000w\" sizes=\"auto, (max-width: 300px) 100vw, 300px\" \/><\/a><\/p>\n<p>Nachdem ich mich durch die verwinkelten Gassen der Altstadt hindurchgewuselt habe, komme ich oberhalb der Stadt aus und habe einen tollen Ausblick auf die Schlucht und die H\u00f6hlenwohnungen in den Felsen.<\/p>\n<p><a href=\"http:\/\/blog.meineigenerweg.de\/wp-content\/uploads\/2019\/06\/DSC_1529.jpg\"><img loading=\"lazy\" decoding=\"async\" class=\"alignnone size-medium wp-image-6305\" src=\"http:\/\/blog.meineigenerweg.de\/wp-content\/uploads\/2019\/06\/DSC_1529-300x200.jpg\" alt=\"\" width=\"300\" height=\"200\" srcset=\"http:\/\/blog.meineigenerweg.de\/wp-content\/uploads\/2019\/06\/DSC_1529-300x200.jpg 300w, http:\/\/blog.meineigenerweg.de\/wp-content\/uploads\/2019\/06\/DSC_1529-768x512.jpg 768w, http:\/\/blog.meineigenerweg.de\/wp-content\/uploads\/2019\/06\/DSC_1529.jpg 1000w\" sizes=\"auto, (max-width: 300px) 100vw, 300px\" \/><\/a><\/p>\n<p>Auch einen viel luftigeren Stellplatz habe ich gefunden: Direkt an der Gokart-Rennbahn, vollkommen unspektakul\u00e4r, daf\u00fcr aber auf dem Weg dorthin vorbei an den Schluchten mit H\u00f6hlen. Und der Wirt war supernett, fuhr mich und andere G\u00e4ste in der D\u00e4mmerung zu einer Aussichtsplattform mit traumhaften Blick auf Matera.<\/p>\n<p><a href=\"http:\/\/blog.meineigenerweg.de\/wp-content\/uploads\/2019\/06\/DSC_1577.jpg\"><img loading=\"lazy\" decoding=\"async\" class=\"alignnone size-medium wp-image-6306\" src=\"http:\/\/blog.meineigenerweg.de\/wp-content\/uploads\/2019\/06\/DSC_1577-300x200.jpg\" alt=\"\" width=\"300\" height=\"200\" srcset=\"http:\/\/blog.meineigenerweg.de\/wp-content\/uploads\/2019\/06\/DSC_1577-300x200.jpg 300w, http:\/\/blog.meineigenerweg.de\/wp-content\/uploads\/2019\/06\/DSC_1577-768x512.jpg 768w, http:\/\/blog.meineigenerweg.de\/wp-content\/uploads\/2019\/06\/DSC_1577.jpg 1000w\" sizes=\"auto, (max-width: 300px) 100vw, 300px\" \/><\/a><\/p>\n<p>&nbsp;<\/p>\n<h2>Apulien<\/h2>\n<h4>Tag 26 Alberobello<\/h4>\n<p>Diese \u00dcbernachtung war nicht sehr erholsam! Ganz in der N\u00e4he hat eine Party stattgefunden, die gegen 4 Uhr in der Fr\u00fche endete. Da spare ich mir auch einen weiteren Besuch in Matera, ich h\u00e4tte gerne noch einen Ausflug in die Schlucht neben der Altstadt gemacht.<\/p>\n<p><a href=\"http:\/\/blog.meineigenerweg.de\/wp-content\/uploads\/2019\/06\/DSC_1604.jpg\"><img loading=\"lazy\" decoding=\"async\" class=\"alignnone size-medium wp-image-6309\" src=\"http:\/\/blog.meineigenerweg.de\/wp-content\/uploads\/2019\/06\/DSC_1604-300x200.jpg\" alt=\"\" width=\"300\" height=\"200\" srcset=\"http:\/\/blog.meineigenerweg.de\/wp-content\/uploads\/2019\/06\/DSC_1604-300x200.jpg 300w, http:\/\/blog.meineigenerweg.de\/wp-content\/uploads\/2019\/06\/DSC_1604-768x512.jpg 768w, http:\/\/blog.meineigenerweg.de\/wp-content\/uploads\/2019\/06\/DSC_1604.jpg 1000w\" sizes=\"auto, (max-width: 300px) 100vw, 300px\" \/><\/a> <a href=\"http:\/\/blog.meineigenerweg.de\/wp-content\/uploads\/2019\/06\/DSC_1605.jpg\"><img loading=\"lazy\" decoding=\"async\" class=\"alignnone size-medium wp-image-6310\" src=\"http:\/\/blog.meineigenerweg.de\/wp-content\/uploads\/2019\/06\/DSC_1605-300x200.jpg\" alt=\"\" width=\"300\" height=\"200\" srcset=\"http:\/\/blog.meineigenerweg.de\/wp-content\/uploads\/2019\/06\/DSC_1605-300x200.jpg 300w, http:\/\/blog.meineigenerweg.de\/wp-content\/uploads\/2019\/06\/DSC_1605-768x512.jpg 768w, http:\/\/blog.meineigenerweg.de\/wp-content\/uploads\/2019\/06\/DSC_1605.jpg 1000w\" sizes=\"auto, (max-width: 300px) 100vw, 300px\" \/><\/a><\/p>\n<p>Stattdessen nehme ich Kurs auf Alberobello, dort m\u00f6chte ich die ganz besonderen Geb\u00e4ude finden, die bereits ab dem 16. Jhd. dort gebaut wurden, die Trulli.<br \/>\nDie Fahrt und die Aussicht auf die karge, felsige und von tiefen Schluchten durchzogene Landschaft ist wieder spektakul\u00e4r. Nach und nach wird es flacher, Felder und Olivenhaine sind von Natursteinmauern eingefasst und da sehe ich auch den ersten Trullo.<\/p>\n<p><a href=\"http:\/\/blog.meineigenerweg.de\/wp-content\/uploads\/2019\/06\/DSC_1619.jpg\"><img loading=\"lazy\" decoding=\"async\" class=\"alignnone size-medium wp-image-6311\" src=\"http:\/\/blog.meineigenerweg.de\/wp-content\/uploads\/2019\/06\/DSC_1619-300x200.jpg\" alt=\"\" width=\"300\" height=\"200\" srcset=\"http:\/\/blog.meineigenerweg.de\/wp-content\/uploads\/2019\/06\/DSC_1619-300x200.jpg 300w, http:\/\/blog.meineigenerweg.de\/wp-content\/uploads\/2019\/06\/DSC_1619-768x512.jpg 768w, http:\/\/blog.meineigenerweg.de\/wp-content\/uploads\/2019\/06\/DSC_1619.jpg 1000w\" sizes=\"auto, (max-width: 300px) 100vw, 300px\" \/><\/a><\/p>\n<p>Der damalige F\u00fcrst lie\u00df von seinen Bauern diese H\u00e4user ohne M\u00f6rtel bauen, weil er f\u00fcr jedes feste Geb\u00e4ude Steuern zahlen musste. Sobald sich ein Steuereintreiber ank\u00fcndigte, wurden die &#8222;H\u00e4user&#8220; wieder zu Steinhaufen.<br \/>\nIn Alberobello gibt es einen ganzen Stadtteil, in dem im 18. Jhd. die H\u00e4user, nun mit einer rechteckigen unteren Etage versehen, in diesem Stil gebaut wurden.<\/p>\n<p><a href=\"http:\/\/blog.meineigenerweg.de\/wp-content\/uploads\/2019\/06\/DSC_1674.jpg\"><img loading=\"lazy\" decoding=\"async\" class=\"alignnone size-medium wp-image-6312\" src=\"http:\/\/blog.meineigenerweg.de\/wp-content\/uploads\/2019\/06\/DSC_1674-300x200.jpg\" alt=\"\" width=\"300\" height=\"200\" srcset=\"http:\/\/blog.meineigenerweg.de\/wp-content\/uploads\/2019\/06\/DSC_1674-300x200.jpg 300w, http:\/\/blog.meineigenerweg.de\/wp-content\/uploads\/2019\/06\/DSC_1674-768x512.jpg 768w, http:\/\/blog.meineigenerweg.de\/wp-content\/uploads\/2019\/06\/DSC_1674.jpg 1000w\" sizes=\"auto, (max-width: 300px) 100vw, 300px\" \/><\/a> <a href=\"http:\/\/blog.meineigenerweg.de\/wp-content\/uploads\/2019\/06\/DSC_1689.jpg\"><img loading=\"lazy\" decoding=\"async\" class=\"alignnone size-medium wp-image-6313\" src=\"http:\/\/blog.meineigenerweg.de\/wp-content\/uploads\/2019\/06\/DSC_1689-300x200.jpg\" alt=\"\" width=\"300\" height=\"200\" srcset=\"http:\/\/blog.meineigenerweg.de\/wp-content\/uploads\/2019\/06\/DSC_1689-300x200.jpg 300w, http:\/\/blog.meineigenerweg.de\/wp-content\/uploads\/2019\/06\/DSC_1689-768x512.jpg 768w, http:\/\/blog.meineigenerweg.de\/wp-content\/uploads\/2019\/06\/DSC_1689.jpg 1000w\" sizes=\"auto, (max-width: 300px) 100vw, 300px\" \/><\/a><\/p>\n<p>Ich war von der angenehm k\u00fchlen Temperatur, die in den H\u00e4usern herrscht, ganz angetan.<br \/>\nDa drau\u00dfen aber immer noch ca. 34 Grad herrschte, fahre ich weiter<\/p>\n<p><a href=\"http:\/\/blog.meineigenerweg.de\/wp-content\/uploads\/2019\/06\/DSC_1706.jpg\"><img loading=\"lazy\" decoding=\"async\" class=\"alignnone size-medium wp-image-6314\" src=\"http:\/\/blog.meineigenerweg.de\/wp-content\/uploads\/2019\/06\/DSC_1706-300x200.jpg\" alt=\"\" width=\"300\" height=\"200\" srcset=\"http:\/\/blog.meineigenerweg.de\/wp-content\/uploads\/2019\/06\/DSC_1706-300x200.jpg 300w, http:\/\/blog.meineigenerweg.de\/wp-content\/uploads\/2019\/06\/DSC_1706-768x512.jpg 768w, http:\/\/blog.meineigenerweg.de\/wp-content\/uploads\/2019\/06\/DSC_1706.jpg 1000w\" sizes=\"auto, (max-width: 300px) 100vw, 300px\" \/><\/a><\/p>\n<p>nach Monopoli (kenne ich doch aus endlos langen Spieleabenden), wo ich einen Campingplatz direkt am Meer mit Pool finde. So kann ich\u00b4s aushalten&#8230;<\/p>\n<p><a href=\"http:\/\/blog.meineigenerweg.de\/wp-content\/uploads\/2019\/06\/IMG_9266.jpg\"><img loading=\"lazy\" decoding=\"async\" class=\"alignnone size-medium wp-image-6315\" src=\"http:\/\/blog.meineigenerweg.de\/wp-content\/uploads\/2019\/06\/IMG_9266-300x200.jpg\" alt=\"\" width=\"300\" height=\"200\" srcset=\"http:\/\/blog.meineigenerweg.de\/wp-content\/uploads\/2019\/06\/IMG_9266-300x200.jpg 300w, http:\/\/blog.meineigenerweg.de\/wp-content\/uploads\/2019\/06\/IMG_9266-768x512.jpg 768w, http:\/\/blog.meineigenerweg.de\/wp-content\/uploads\/2019\/06\/IMG_9266.jpg 1000w\" sizes=\"auto, (max-width: 300px) 100vw, 300px\" \/><\/a><br \/>\nNur ans Meer komme ich nicht direkt heran, wenn ich die Stra\u00dfe \u00fcberquere, stehe ich vor steilen Klippen. Die Aussicht ist sch\u00f6n, aber baden im Meer geht wegen der vielen steilen Felsen leider nicht.<\/p>\n<p><a href=\"http:\/\/blog.meineigenerweg.de\/wp-content\/uploads\/2019\/06\/DSC_1714.jpg\"><img loading=\"lazy\" decoding=\"async\" class=\"alignnone size-medium wp-image-6316\" src=\"http:\/\/blog.meineigenerweg.de\/wp-content\/uploads\/2019\/06\/DSC_1714-300x200.jpg\" alt=\"\" width=\"300\" height=\"200\" srcset=\"http:\/\/blog.meineigenerweg.de\/wp-content\/uploads\/2019\/06\/DSC_1714-300x200.jpg 300w, http:\/\/blog.meineigenerweg.de\/wp-content\/uploads\/2019\/06\/DSC_1714-768x512.jpg 768w, http:\/\/blog.meineigenerweg.de\/wp-content\/uploads\/2019\/06\/DSC_1714.jpg 1000w\" sizes=\"auto, (max-width: 300px) 100vw, 300px\" \/><\/a><\/p>\n<p>&nbsp;<\/p>\n<h4>Tag 27 Vieste<\/h4>\n<p>Soviel Autan, um die 1000 M\u00fccken direkt um meine Ilse herum abzuwehren, kann ich gar nicht verspr\u00fchen. Deshalb duschen, packen und los. Ich freue mich jedes Mal, wie unkompliziert das Ankommen und Abfahren ist. Tisch und St\u00fchle eingepackt, Markise eingefahren, Fahrrad auf den St\u00e4nder &#8211; fertig zur Abfahrt. Weiter geht es durch den Nationalpark &#8222;Parco Nationale del Gargano&#8220; nach Vieste, einem Ort an der K\u00fcste.<\/p>\n<p><a href=\"http:\/\/blog.meineigenerweg.de\/wp-content\/uploads\/2019\/06\/DSC_1740.jpg\"><img loading=\"lazy\" decoding=\"async\" class=\"alignnone size-medium wp-image-6321\" src=\"http:\/\/blog.meineigenerweg.de\/wp-content\/uploads\/2019\/06\/DSC_1740-300x200.jpg\" alt=\"\" width=\"300\" height=\"200\" srcset=\"http:\/\/blog.meineigenerweg.de\/wp-content\/uploads\/2019\/06\/DSC_1740-300x200.jpg 300w, http:\/\/blog.meineigenerweg.de\/wp-content\/uploads\/2019\/06\/DSC_1740-768x512.jpg 768w, http:\/\/blog.meineigenerweg.de\/wp-content\/uploads\/2019\/06\/DSC_1740.jpg 1000w\" sizes=\"auto, (max-width: 300px) 100vw, 300px\" \/><\/a><\/p>\n<p>Der Campingplatz liegt direkt am Meer, durch das kleine Restaurant komme ich an den Privatstrand, an dem der Wirt auch Liegest\u00fchle stehen hat.<\/p>\n<p>&nbsp;<\/p>\n<h4>Tag 28 Vieste<\/h4>\n<p>Tja, M\u00fccken gibt\u00b4s hier nat\u00fcrlich auch. Aber heute Nacht habe ich ruhig geschlafen und wurde nicht zerstochen. Die Stimmung heute Morgen ist friedlich, einsame Jogger, einige mit Hunden, sind am Strand unterwegs, die Strandbudenbesitzer s\u00e4ubern ihren Strandabschnitt und ich fahre mit dem Rad zum Alimentari an der n\u00e4chsten Kreuzung, vorbei an den Strand Caf\u00e9s, um frische Br\u00f6tchen zu kaufen. Heute pflege ich mich und meine gute Laune, ich lege mich an den Strand, beobachte die wenigen Touristen und halte meinen Bauch in die Sonne.<\/p>\n<p><a href=\"http:\/\/blog.meineigenerweg.de\/wp-content\/uploads\/2019\/06\/DSC_1754-1.jpg\"><img loading=\"lazy\" decoding=\"async\" class=\"alignnone size-medium wp-image-6333\" src=\"http:\/\/blog.meineigenerweg.de\/wp-content\/uploads\/2019\/06\/DSC_1754-1-300x200.jpg\" alt=\"\" width=\"300\" height=\"200\" srcset=\"http:\/\/blog.meineigenerweg.de\/wp-content\/uploads\/2019\/06\/DSC_1754-1-300x200.jpg 300w, http:\/\/blog.meineigenerweg.de\/wp-content\/uploads\/2019\/06\/DSC_1754-1-768x512.jpg 768w, http:\/\/blog.meineigenerweg.de\/wp-content\/uploads\/2019\/06\/DSC_1754-1.jpg 1000w\" sizes=\"auto, (max-width: 300px) 100vw, 300px\" \/><\/a><\/p>\n<p>Nachmittags radele ich in den Ort, den ich schon vom Strand aus auf dem Felsen gesehen habe, und bummele durch die Gassen, die ich nur \u00fcber eine Unzahl von Treppen erreiche.<\/p>\n<p><a href=\"http:\/\/blog.meineigenerweg.de\/wp-content\/uploads\/2019\/06\/DSC_1775-1.jpg\"><img loading=\"lazy\" decoding=\"async\" class=\"alignnone size-medium wp-image-6334\" src=\"http:\/\/blog.meineigenerweg.de\/wp-content\/uploads\/2019\/06\/DSC_1775-1-300x200.jpg\" alt=\"\" width=\"300\" height=\"200\" srcset=\"http:\/\/blog.meineigenerweg.de\/wp-content\/uploads\/2019\/06\/DSC_1775-1-300x200.jpg 300w, http:\/\/blog.meineigenerweg.de\/wp-content\/uploads\/2019\/06\/DSC_1775-1-768x512.jpg 768w, http:\/\/blog.meineigenerweg.de\/wp-content\/uploads\/2019\/06\/DSC_1775-1.jpg 1000w\" sizes=\"auto, (max-width: 300px) 100vw, 300px\" \/> <\/a><a href=\"http:\/\/blog.meineigenerweg.de\/wp-content\/uploads\/2019\/06\/DSC_1777.jpg\"><img loading=\"lazy\" decoding=\"async\" class=\"alignnone size-medium wp-image-6335\" src=\"http:\/\/blog.meineigenerweg.de\/wp-content\/uploads\/2019\/06\/DSC_1777-300x200.jpg\" alt=\"\" width=\"300\" height=\"200\" srcset=\"http:\/\/blog.meineigenerweg.de\/wp-content\/uploads\/2019\/06\/DSC_1777-300x200.jpg 300w, http:\/\/blog.meineigenerweg.de\/wp-content\/uploads\/2019\/06\/DSC_1777-768x512.jpg 768w, http:\/\/blog.meineigenerweg.de\/wp-content\/uploads\/2019\/06\/DSC_1777.jpg 1000w\" sizes=\"auto, (max-width: 300px) 100vw, 300px\" \/><\/a><\/p>\n<p>Ist das ein sch\u00f6ner Ort! Gekr\u00f6nt von einem Kastell, das allerdings nicht zug\u00e4ngig ist (milit\u00e4risches Sperrgebiet) liegen die Stra\u00dfen entlang einer kleinen Zunge steil am Meer entlang. Kleine Gesch\u00e4fte, gem\u00fctliche Restaurants auf jedem Platz, der sich auftut, alles sehr gepflegt, italienisches Leben, wie ich es mir vorgestellt habe!<\/p>\n<h4><\/h4>\n<h2>Kampanien<\/h2>\n<h4>Tag 29 Pompeji<\/h4>\n<p>Heute Morgen ist die Entscheidung gefallen, ich fahre weiter. So sch\u00f6n wie ich das Campen direkt am Meer finde, nach einem Strandtag m\u00f6chte ich wieder unterwegs sein. Auf geht\u00b4s in die Bergwelt des Foresta Umbra. Immer wieder schimmert das Meer durch die B\u00e4ume entlang der Stra\u00dfe, hoch auf den Klippen reihen sich Ferienhaussiedlungen an Hotels, an Campingpl\u00e4tze, steil gehen die Wege bergab, um zu den jeweiligen Ferienorten zu gelangen. Ich fahre weiter in den Nationalpark hinein, die Stra\u00dfe wird leerer, der Wald ist wunderbar sonnig durchflutet, Laubwald, den mag ich am liebsten. Unterwegs mache ich Rast an einem kleinen See.<\/p>\n<p><a href=\"http:\/\/blog.meineigenerweg.de\/wp-content\/uploads\/2019\/06\/DSC_1799.jpg\"><img loading=\"lazy\" decoding=\"async\" class=\"alignnone size-medium wp-image-6337\" src=\"http:\/\/blog.meineigenerweg.de\/wp-content\/uploads\/2019\/06\/DSC_1799-300x200.jpg\" alt=\"\" width=\"300\" height=\"200\" srcset=\"http:\/\/blog.meineigenerweg.de\/wp-content\/uploads\/2019\/06\/DSC_1799-300x200.jpg 300w, http:\/\/blog.meineigenerweg.de\/wp-content\/uploads\/2019\/06\/DSC_1799-768x512.jpg 768w, http:\/\/blog.meineigenerweg.de\/wp-content\/uploads\/2019\/06\/DSC_1799.jpg 1000w\" sizes=\"auto, (max-width: 300px) 100vw, 300px\" \/><\/a> <a href=\"http:\/\/blog.meineigenerweg.de\/wp-content\/uploads\/2019\/06\/DSC_1803.jpg\"><img loading=\"lazy\" decoding=\"async\" class=\"alignnone size-medium wp-image-6338\" src=\"http:\/\/blog.meineigenerweg.de\/wp-content\/uploads\/2019\/06\/DSC_1803-300x200.jpg\" alt=\"\" width=\"300\" height=\"200\" srcset=\"http:\/\/blog.meineigenerweg.de\/wp-content\/uploads\/2019\/06\/DSC_1803-300x200.jpg 300w, http:\/\/blog.meineigenerweg.de\/wp-content\/uploads\/2019\/06\/DSC_1803-768x512.jpg 768w, http:\/\/blog.meineigenerweg.de\/wp-content\/uploads\/2019\/06\/DSC_1803.jpg 1000w\" sizes=\"auto, (max-width: 300px) 100vw, 300px\" \/><\/a><\/p>\n<p>Weiter geht es in Richtung Pompeji, das soll mein Ziel f\u00fcr heute sein. Die Berge verschwinden, eine weite Ebene tut sich auf. Die Felder sind bereits abgeerntet und Olivenplantagen sehe ich keine mehr. Dann taucht wieder Gebirge auf, die Autobahn bringt mich fast bis nach Pompeji, der Verkehr und die regellose Fahrweise der Italiener erfordert meine ganze Konzenntration, es scheint jeder zu fahren, wie er will &#8211; aber dann erreiche ich den Campingplatz Pompei. Der Platz ist gut besucht, aber es herrscht eine sch\u00f6ne Abendstimmung. Nebenan campen Franzosen, Holl\u00e4nder, Italiener und Deutsche, man geht duschen, richtet das Abendessen &#8211; ich f\u00fchle mich wohl!<\/p>\n<p>&nbsp;<\/p>\n<h4>Tag 30 Pompeji<\/h4>\n<p>Warm war\u00b4s heute Nacht! Aber die Duschen funktionieren gut, erfrischt fahre ich mit dem Rad zum n\u00e4chsten Supermercado und bekomme sehr leckere Br\u00f6tchen. Der Stra\u00dfenbelag besteht aus gro\u00dfen, blankpolierten Quadern, das rappelt ordentlich! Aber Pompeji ist ja auch ein historischer Ort, da kann ich mich auf die Besichtigung der im Ascheregen versunkenen Stadt einstellen. Der Ausgrabungsort liegt direkt gegen\u00fcber dem Campingplatz, nach dem Fr\u00fchst\u00fcck mache ich mich auf, in das Leben, wie es 79 n.Chr. stattgefunden hat, hineinzufinden. Die Stadt ist riesengro\u00df, hier haben einst mehr als 10.000 Menschen gelebt.\u00a0 In den aus dem Ascheregen und Lavastrom ausgegrabenen Ruinen der ehemaligen B\u00fcrgerh\u00e4user kann ich erahnen, wie angenehm die Bewohner damals gelebt haben, wenn sie dieser wohlhabenden Schicht angeh\u00f6rten.<\/p>\n<p><a href=\"http:\/\/blog.meineigenerweg.de\/wp-content\/uploads\/2019\/06\/DSC_1845.jpg\"><img loading=\"lazy\" decoding=\"async\" class=\"alignnone size-medium wp-image-6340\" src=\"http:\/\/blog.meineigenerweg.de\/wp-content\/uploads\/2019\/06\/DSC_1845-300x200.jpg\" alt=\"\" width=\"300\" height=\"200\" srcset=\"http:\/\/blog.meineigenerweg.de\/wp-content\/uploads\/2019\/06\/DSC_1845-300x200.jpg 300w, http:\/\/blog.meineigenerweg.de\/wp-content\/uploads\/2019\/06\/DSC_1845-768x512.jpg 768w, http:\/\/blog.meineigenerweg.de\/wp-content\/uploads\/2019\/06\/DSC_1845.jpg 1000w\" sizes=\"auto, (max-width: 300px) 100vw, 300px\" \/><\/a><a href=\"http:\/\/blog.meineigenerweg.de\/wp-content\/uploads\/2019\/06\/DSC_1920.jpg\"> <img loading=\"lazy\" decoding=\"async\" class=\"alignnone size-medium wp-image-6341\" src=\"http:\/\/blog.meineigenerweg.de\/wp-content\/uploads\/2019\/06\/DSC_1920-300x200.jpg\" alt=\"\" width=\"300\" height=\"200\" srcset=\"http:\/\/blog.meineigenerweg.de\/wp-content\/uploads\/2019\/06\/DSC_1920-300x200.jpg 300w, http:\/\/blog.meineigenerweg.de\/wp-content\/uploads\/2019\/06\/DSC_1920-768x512.jpg 768w, http:\/\/blog.meineigenerweg.de\/wp-content\/uploads\/2019\/06\/DSC_1920.jpg 1000w\" sizes=\"auto, (max-width: 300px) 100vw, 300px\" \/><\/a><br \/>\n<a href=\"http:\/\/blog.meineigenerweg.de\/wp-content\/uploads\/2019\/06\/DSC_1875.jpg\"><img loading=\"lazy\" decoding=\"async\" class=\"alignnone size-medium wp-image-6342\" src=\"http:\/\/blog.meineigenerweg.de\/wp-content\/uploads\/2019\/06\/DSC_1875-300x200.jpg\" alt=\"\" width=\"300\" height=\"200\" srcset=\"http:\/\/blog.meineigenerweg.de\/wp-content\/uploads\/2019\/06\/DSC_1875-300x200.jpg 300w, http:\/\/blog.meineigenerweg.de\/wp-content\/uploads\/2019\/06\/DSC_1875-768x512.jpg 768w, http:\/\/blog.meineigenerweg.de\/wp-content\/uploads\/2019\/06\/DSC_1875.jpg 1000w\" sizes=\"auto, (max-width: 300px) 100vw, 300px\" \/><\/a> <a href=\"http:\/\/blog.meineigenerweg.de\/wp-content\/uploads\/2019\/06\/DSC_1883.jpg\"><img loading=\"lazy\" decoding=\"async\" class=\"alignnone size-medium wp-image-6343\" src=\"http:\/\/blog.meineigenerweg.de\/wp-content\/uploads\/2019\/06\/DSC_1883-300x200.jpg\" alt=\"\" width=\"300\" height=\"200\" srcset=\"http:\/\/blog.meineigenerweg.de\/wp-content\/uploads\/2019\/06\/DSC_1883-300x200.jpg 300w, http:\/\/blog.meineigenerweg.de\/wp-content\/uploads\/2019\/06\/DSC_1883-768x512.jpg 768w, http:\/\/blog.meineigenerweg.de\/wp-content\/uploads\/2019\/06\/DSC_1883.jpg 1000w\" sizes=\"auto, (max-width: 300px) 100vw, 300px\" \/><\/a><\/p>\n<p>Es gibt fast in jedem der palast\u00e4hnlichen Ruinen gro\u00dfe Regenwasserbeh\u00e4lter, einer der Guides erkl\u00e4rt, dass schon damals die desinfizierende Wirkung von Ammoniak bekannt war und deshalb in die Regenwasserbeh\u00e4lter gepinkelt wurde &#8211; allerdings wohl nur von den Sklaven.<\/p>\n<p><a href=\"http:\/\/blog.meineigenerweg.de\/wp-content\/uploads\/2019\/06\/DSC_1866.jpg\"><img loading=\"lazy\" decoding=\"async\" class=\"alignnone size-medium wp-image-6345\" src=\"http:\/\/blog.meineigenerweg.de\/wp-content\/uploads\/2019\/06\/DSC_1866-300x200.jpg\" alt=\"\" width=\"300\" height=\"200\" srcset=\"http:\/\/blog.meineigenerweg.de\/wp-content\/uploads\/2019\/06\/DSC_1866-300x200.jpg 300w, http:\/\/blog.meineigenerweg.de\/wp-content\/uploads\/2019\/06\/DSC_1866-768x512.jpg 768w, http:\/\/blog.meineigenerweg.de\/wp-content\/uploads\/2019\/06\/DSC_1866.jpg 1000w\" sizes=\"auto, (max-width: 300px) 100vw, 300px\" \/><\/a><\/p>\n<p>Beeindruckender sind aber die Reste von Wandgem\u00e4lden, die sch\u00f6nen Mosaike, das Thermalbad mit beheizbaren W\u00e4nden &#8211; die Technik ist in dem restaurierten Bad gut zu erkennen.<\/p>\n<p><a href=\"http:\/\/blog.meineigenerweg.de\/wp-content\/uploads\/2019\/06\/DSC_1863.jpg\"><img loading=\"lazy\" decoding=\"async\" class=\"alignnone size-medium wp-image-6346\" src=\"http:\/\/blog.meineigenerweg.de\/wp-content\/uploads\/2019\/06\/DSC_1863-300x200.jpg\" alt=\"\" width=\"300\" height=\"200\" srcset=\"http:\/\/blog.meineigenerweg.de\/wp-content\/uploads\/2019\/06\/DSC_1863-300x200.jpg 300w, http:\/\/blog.meineigenerweg.de\/wp-content\/uploads\/2019\/06\/DSC_1863-768x512.jpg 768w, http:\/\/blog.meineigenerweg.de\/wp-content\/uploads\/2019\/06\/DSC_1863.jpg 1000w\" sizes=\"auto, (max-width: 300px) 100vw, 300px\" \/><\/a><\/p>\n<p>Die Wohnh\u00e4user wechseln mit historischen &#8222;Malls&#8220;, Stra\u00dfen, in denen Kaufleute ihre Ware feilboten. Ich bin beeindruckt, wie hochentwickelt die Menschen damals gelebt haben.<\/p>\n<p>Besonders betroffen macht mich jedoch die Tatsache, das hier Menschen gelebt haben, die diese Katastrophe im Schlaf \u00fcberrascht hat und das schreckliche Schicksal erleiden mussten, vom Ascheregen auf grausame Weise konserviert zu werden.<\/p>\n<p><a href=\"http:\/\/blog.meineigenerweg.de\/wp-content\/uploads\/2019\/06\/DSC_1890.jpg\"><img loading=\"lazy\" decoding=\"async\" class=\"alignnone size-medium wp-image-6347\" src=\"http:\/\/blog.meineigenerweg.de\/wp-content\/uploads\/2019\/06\/DSC_1890-300x200.jpg\" alt=\"\" width=\"300\" height=\"200\" srcset=\"http:\/\/blog.meineigenerweg.de\/wp-content\/uploads\/2019\/06\/DSC_1890-300x200.jpg 300w, http:\/\/blog.meineigenerweg.de\/wp-content\/uploads\/2019\/06\/DSC_1890-768x512.jpg 768w, http:\/\/blog.meineigenerweg.de\/wp-content\/uploads\/2019\/06\/DSC_1890.jpg 1000w\" sizes=\"auto, (max-width: 300px) 100vw, 300px\" \/><\/a><\/p>\n<p>An diesem Nachmittag bin ich vom vielen Laufen ziemlich ersch\u00f6pft und verbringe den Rest des Tages gem\u00fctlich auf dem Campingplatz.<\/p>\n<p>&nbsp;<\/p>\n<h4>Tag 31 Sorrento<\/h4>\n<p>Der Stellplatz in Pompeji liegt zwar direkt gegen\u00fcber der Ausgrabungsst\u00e4tte, ist aber ein typischer Cityplatz, stark frequentiert und nicht gem\u00fctlich. Ich fahre deshalb am n\u00e4chsten Morgen weiter an die Amalfik\u00fcste nach Sorrento. Oberhalb des Meeres liegt der Campingplatz Nube D\u00b4Argento, hier habe ich einen sch\u00f6nen Blick auf das Meer und der Platz hat einen Pool.<\/p>\n<p><a href=\"http:\/\/blog.meineigenerweg.de\/wp-content\/uploads\/2019\/06\/IMG_9308.jpg\"><img loading=\"lazy\" decoding=\"async\" class=\"alignnone size-medium wp-image-6350\" src=\"http:\/\/blog.meineigenerweg.de\/wp-content\/uploads\/2019\/06\/IMG_9308-300x200.jpg\" alt=\"\" width=\"300\" height=\"200\" srcset=\"http:\/\/blog.meineigenerweg.de\/wp-content\/uploads\/2019\/06\/IMG_9308-300x200.jpg 300w, http:\/\/blog.meineigenerweg.de\/wp-content\/uploads\/2019\/06\/IMG_9308-768x512.jpg 768w, http:\/\/blog.meineigenerweg.de\/wp-content\/uploads\/2019\/06\/IMG_9308.jpg 1000w\" sizes=\"auto, (max-width: 300px) 100vw, 300px\" \/><\/a><\/p>\n<p>Sorrento ist wie alle K\u00fcstenorte an der Amalfik\u00fcste, steil, fast senkrecht am Hang gebaut. Auch der Campingplatz ist \u00fcber die in den Berg gebaute Serpentinenstra\u00dfe zu erreichen.<\/p>\n<p>Die Hotels sind mond\u00e4n, das Publikum international und der Ort ist sehr, sehr voll.<\/p>\n<p>&nbsp;<\/p>\n<p><a href=\"http:\/\/blog.meineigenerweg.de\/wp-content\/uploads\/2019\/06\/DSC_1966.jpg\"><img loading=\"lazy\" decoding=\"async\" class=\"alignnone size-medium wp-image-6355\" src=\"http:\/\/blog.meineigenerweg.de\/wp-content\/uploads\/2019\/06\/DSC_1966-300x200.jpg\" alt=\"\" width=\"300\" height=\"200\" srcset=\"http:\/\/blog.meineigenerweg.de\/wp-content\/uploads\/2019\/06\/DSC_1966-300x200.jpg 300w, http:\/\/blog.meineigenerweg.de\/wp-content\/uploads\/2019\/06\/DSC_1966-768x512.jpg 768w, http:\/\/blog.meineigenerweg.de\/wp-content\/uploads\/2019\/06\/DSC_1966.jpg 1000w\" sizes=\"auto, (max-width: 300px) 100vw, 300px\" \/> <\/a><a href=\"http:\/\/blog.meineigenerweg.de\/wp-content\/uploads\/2019\/06\/DSC_1964.jpg\"><img loading=\"lazy\" decoding=\"async\" class=\"alignnone size-medium wp-image-6356\" src=\"http:\/\/blog.meineigenerweg.de\/wp-content\/uploads\/2019\/06\/DSC_1964-300x200.jpg\" alt=\"\" width=\"300\" height=\"200\" srcset=\"http:\/\/blog.meineigenerweg.de\/wp-content\/uploads\/2019\/06\/DSC_1964-300x200.jpg 300w, http:\/\/blog.meineigenerweg.de\/wp-content\/uploads\/2019\/06\/DSC_1964-768x512.jpg 768w, http:\/\/blog.meineigenerweg.de\/wp-content\/uploads\/2019\/06\/DSC_1964.jpg 1000w\" sizes=\"auto, (max-width: 300px) 100vw, 300px\" \/><\/a><\/p>\n<p>&nbsp;<\/p>\n<p>Oberhalb des Hafens entdecke ich zuf\u00e4llig einen wundersch\u00f6nen Innenhof, der wohl zu einem ehemaligen Kloster geh\u00f6rt. Heute ist dort ein Ausstellungsort, aktuell f\u00fcr Fotos aus dem italienischen Leben und \u00fcber Sophia Loren. Auf der Terrasse h\u00e4ngt an einer riesigen Pinie eine Schaukel, auf der lt. den Fotos in der Ausstellung schon Nonnen geschaukelt haben!<\/p>\n<p><a href=\"http:\/\/blog.meineigenerweg.de\/wp-content\/uploads\/2019\/06\/DSC_2037.jpg\"><img loading=\"lazy\" decoding=\"async\" class=\"alignnone size-medium wp-image-6352\" src=\"http:\/\/blog.meineigenerweg.de\/wp-content\/uploads\/2019\/06\/DSC_2037-300x200.jpg\" alt=\"\" width=\"300\" height=\"200\" srcset=\"http:\/\/blog.meineigenerweg.de\/wp-content\/uploads\/2019\/06\/DSC_2037-300x200.jpg 300w, http:\/\/blog.meineigenerweg.de\/wp-content\/uploads\/2019\/06\/DSC_2037-768x512.jpg 768w, http:\/\/blog.meineigenerweg.de\/wp-content\/uploads\/2019\/06\/DSC_2037.jpg 1000w\" sizes=\"auto, (max-width: 300px) 100vw, 300px\" \/><\/a><\/p>\n<p><a href=\"http:\/\/blog.meineigenerweg.de\/wp-content\/uploads\/2019\/06\/DSC_1992.jpg\"><img loading=\"lazy\" decoding=\"async\" class=\"alignnone size-medium wp-image-6353\" src=\"http:\/\/blog.meineigenerweg.de\/wp-content\/uploads\/2019\/06\/DSC_1992-300x200.jpg\" alt=\"\" width=\"300\" height=\"200\" srcset=\"http:\/\/blog.meineigenerweg.de\/wp-content\/uploads\/2019\/06\/DSC_1992-300x200.jpg 300w, http:\/\/blog.meineigenerweg.de\/wp-content\/uploads\/2019\/06\/DSC_1992-768x512.jpg 768w, http:\/\/blog.meineigenerweg.de\/wp-content\/uploads\/2019\/06\/DSC_1992.jpg 1000w\" sizes=\"auto, (max-width: 300px) 100vw, 300px\" \/><\/a><\/p>\n<p>Von der Terrasse aus habe ich einen wunderbaren Blick aufs Meer.<\/p>\n<p><a href=\"http:\/\/blog.meineigenerweg.de\/wp-content\/uploads\/2019\/06\/DSC_1975.jpg\"><img loading=\"lazy\" decoding=\"async\" class=\"alignnone size-medium wp-image-6354\" src=\"http:\/\/blog.meineigenerweg.de\/wp-content\/uploads\/2019\/06\/DSC_1975-300x200.jpg\" alt=\"\" width=\"300\" height=\"200\" srcset=\"http:\/\/blog.meineigenerweg.de\/wp-content\/uploads\/2019\/06\/DSC_1975-300x200.jpg 300w, http:\/\/blog.meineigenerweg.de\/wp-content\/uploads\/2019\/06\/DSC_1975-768x512.jpg 768w, http:\/\/blog.meineigenerweg.de\/wp-content\/uploads\/2019\/06\/DSC_1975.jpg 1000w\" sizes=\"auto, (max-width: 300px) 100vw, 300px\" \/><\/a><\/p>\n<p>&nbsp;<\/p>\n<h4>Tag 32 Sorrento<\/h4>\n<p>Heute hat es mir der Pool angetan, ich verbringe den Vormittag faul auf einer der Liegen.<br \/>\nAm Nachmittag fahre ich mit dem Rad in den Ort, schaue dem bunten Treiben zu, erkundige mich schon einmal, wo ich Tickets f\u00fcr eine Schifffahrt entlang der K\u00fcste bekomme. Im Hafen nat\u00fcrlich, zu dem eine steile Serpentinenstra\u00dfe von einer Kreuzung in der Ortsmitte f\u00fchrt.<\/p>\n<p><a href=\"http:\/\/blog.meineigenerweg.de\/wp-content\/uploads\/2019\/06\/DSC_2051.jpg\"><img loading=\"lazy\" decoding=\"async\" class=\"alignnone size-medium wp-image-6379\" src=\"http:\/\/blog.meineigenerweg.de\/wp-content\/uploads\/2019\/06\/DSC_2051-300x200.jpg\" alt=\"\" width=\"300\" height=\"200\" srcset=\"http:\/\/blog.meineigenerweg.de\/wp-content\/uploads\/2019\/06\/DSC_2051-300x200.jpg 300w, http:\/\/blog.meineigenerweg.de\/wp-content\/uploads\/2019\/06\/DSC_2051-768x512.jpg 768w, http:\/\/blog.meineigenerweg.de\/wp-content\/uploads\/2019\/06\/DSC_2051.jpg 1000w\" sizes=\"auto, (max-width: 300px) 100vw, 300px\" \/><\/a><a href=\"http:\/\/blog.meineigenerweg.de\/wp-content\/uploads\/2019\/06\/DSC_1965.jpg\"> <img loading=\"lazy\" decoding=\"async\" class=\"alignnone size-medium wp-image-6378\" src=\"http:\/\/blog.meineigenerweg.de\/wp-content\/uploads\/2019\/06\/DSC_1965-300x200.jpg\" alt=\"\" width=\"300\" height=\"200\" srcset=\"http:\/\/blog.meineigenerweg.de\/wp-content\/uploads\/2019\/06\/DSC_1965-300x200.jpg 300w, http:\/\/blog.meineigenerweg.de\/wp-content\/uploads\/2019\/06\/DSC_1965-768x512.jpg 768w, http:\/\/blog.meineigenerweg.de\/wp-content\/uploads\/2019\/06\/DSC_1965.jpg 1000w\" sizes=\"auto, (max-width: 300px) 100vw, 300px\" \/><\/a><\/p>\n<p>&nbsp;<\/p>\n<p>In Sorrento haben sich Vespa-Fans verabredet. Die ganze Stra\u00dfe ist zugeparkt mit wundersch\u00f6nen alten Vespas, an denen stilgerecht auch entsprechend alte Helme angebracht sind. Mein Vater hat sie Salatsch\u00fcsseln genannt.<\/p>\n<p><a href=\"http:\/\/blog.meineigenerweg.de\/wp-content\/uploads\/2019\/06\/DSC_2056.jpg\"><img loading=\"lazy\" decoding=\"async\" class=\"alignnone size-medium wp-image-6380\" src=\"http:\/\/blog.meineigenerweg.de\/wp-content\/uploads\/2019\/06\/DSC_2056-300x200.jpg\" alt=\"\" width=\"300\" height=\"200\" srcset=\"http:\/\/blog.meineigenerweg.de\/wp-content\/uploads\/2019\/06\/DSC_2056-300x200.jpg 300w, http:\/\/blog.meineigenerweg.de\/wp-content\/uploads\/2019\/06\/DSC_2056-768x512.jpg 768w, http:\/\/blog.meineigenerweg.de\/wp-content\/uploads\/2019\/06\/DSC_2056.jpg 1000w\" sizes=\"auto, (max-width: 300px) 100vw, 300px\" \/><\/a><\/p>\n<p>&nbsp;<\/p>\n<p>&nbsp;<\/p>\n<h4>Tag 33 Sorrento &#8211; Amalfi<\/h4>\n<p>Der Himmel ist heute Morgen von einer d\u00fcnnen Wolkenschicht \u00fcberzogen, aber ich lasse mich nicht abhalten, heute m\u00f6chte ich mit dem Schiff an der Amalfik\u00fcste entlang fahren. Am Hafen von Sorrento gibt es Schalter, an denen ich meine Fahrt buchen kann.<\/p>\n<p><a href=\"http:\/\/blog.meineigenerweg.de\/wp-content\/uploads\/2019\/06\/DSC_2090.jpg\"><img loading=\"lazy\" decoding=\"async\" class=\"alignnone size-medium wp-image-6365\" src=\"http:\/\/blog.meineigenerweg.de\/wp-content\/uploads\/2019\/06\/DSC_2090-300x200.jpg\" alt=\"\" width=\"300\" height=\"200\" srcset=\"http:\/\/blog.meineigenerweg.de\/wp-content\/uploads\/2019\/06\/DSC_2090-300x200.jpg 300w, http:\/\/blog.meineigenerweg.de\/wp-content\/uploads\/2019\/06\/DSC_2090-768x512.jpg 768w, http:\/\/blog.meineigenerweg.de\/wp-content\/uploads\/2019\/06\/DSC_2090.jpg 1000w\" sizes=\"auto, (max-width: 300px) 100vw, 300px\" \/><\/a><\/p>\n<p>Ich bekomme einen Platz auf der Landseite am ge\u00f6ffneten Fenster des Schiffes und kann so die atemberaubende Amalfik\u00fcste sehen. Steile, schroffe Felsw\u00e4nde ragen ins Wasser, an jeder m\u00f6glichen und auch unm\u00f6glichen Stelle sind H\u00e4user und kleine Ortschaften wie angeklebt an den Felsen. Ich frage mich, was die Menschen bewogen hat, hier zu siedeln?<\/p>\n<p><a href=\"http:\/\/blog.meineigenerweg.de\/wp-content\/uploads\/2019\/06\/DSC_2141.jpg\"><img loading=\"lazy\" decoding=\"async\" class=\"alignnone size-medium wp-image-6366\" src=\"http:\/\/blog.meineigenerweg.de\/wp-content\/uploads\/2019\/06\/DSC_2141-300x200.jpg\" alt=\"\" width=\"300\" height=\"200\" srcset=\"http:\/\/blog.meineigenerweg.de\/wp-content\/uploads\/2019\/06\/DSC_2141-300x200.jpg 300w, http:\/\/blog.meineigenerweg.de\/wp-content\/uploads\/2019\/06\/DSC_2141-768x512.jpg 768w, http:\/\/blog.meineigenerweg.de\/wp-content\/uploads\/2019\/06\/DSC_2141.jpg 1000w\" sizes=\"auto, (max-width: 300px) 100vw, 300px\" \/> <\/a><a href=\"http:\/\/blog.meineigenerweg.de\/wp-content\/uploads\/2019\/06\/DSC_2154.jpg\"><img loading=\"lazy\" decoding=\"async\" class=\"alignnone size-medium wp-image-6367\" src=\"http:\/\/blog.meineigenerweg.de\/wp-content\/uploads\/2019\/06\/DSC_2154-300x200.jpg\" alt=\"\" width=\"300\" height=\"200\" srcset=\"http:\/\/blog.meineigenerweg.de\/wp-content\/uploads\/2019\/06\/DSC_2154-300x200.jpg 300w, http:\/\/blog.meineigenerweg.de\/wp-content\/uploads\/2019\/06\/DSC_2154-768x512.jpg 768w, http:\/\/blog.meineigenerweg.de\/wp-content\/uploads\/2019\/06\/DSC_2154.jpg 1000w\" sizes=\"auto, (max-width: 300px) 100vw, 300px\" \/><\/a><\/p>\n<p>Das Schiff legt nach 1-st\u00fcndiger Fahrt in Amalfi an.<\/p>\n<p><a href=\"http:\/\/blog.meineigenerweg.de\/wp-content\/uploads\/2019\/06\/DSC_2171.jpg\"><img loading=\"lazy\" decoding=\"async\" class=\"alignnone size-medium wp-image-6369\" src=\"http:\/\/blog.meineigenerweg.de\/wp-content\/uploads\/2019\/06\/DSC_2171-300x200.jpg\" alt=\"\" width=\"300\" height=\"200\" srcset=\"http:\/\/blog.meineigenerweg.de\/wp-content\/uploads\/2019\/06\/DSC_2171-300x200.jpg 300w, http:\/\/blog.meineigenerweg.de\/wp-content\/uploads\/2019\/06\/DSC_2171-768x512.jpg 768w, http:\/\/blog.meineigenerweg.de\/wp-content\/uploads\/2019\/06\/DSC_2171.jpg 1000w\" sizes=\"auto, (max-width: 300px) 100vw, 300px\" \/><\/a>\u00a0<a href=\"http:\/\/blog.meineigenerweg.de\/wp-content\/uploads\/2019\/06\/DSC_2170.jpg\"><img loading=\"lazy\" decoding=\"async\" class=\"alignnone size-medium wp-image-6368\" src=\"http:\/\/blog.meineigenerweg.de\/wp-content\/uploads\/2019\/06\/DSC_2170-300x200.jpg\" alt=\"\" width=\"300\" height=\"200\" srcset=\"http:\/\/blog.meineigenerweg.de\/wp-content\/uploads\/2019\/06\/DSC_2170-300x200.jpg 300w, http:\/\/blog.meineigenerweg.de\/wp-content\/uploads\/2019\/06\/DSC_2170-768x512.jpg 768w, http:\/\/blog.meineigenerweg.de\/wp-content\/uploads\/2019\/06\/DSC_2170.jpg 1000w\" sizes=\"auto, (max-width: 300px) 100vw, 300px\" \/><\/a><\/p>\n<p>Der Ort liegt wie Sorrento direkt an den steilen Felsen.<\/p>\n<p>An der beeindruckenden Kathedrale vorbei<\/p>\n<p><a href=\"http:\/\/blog.meineigenerweg.de\/wp-content\/uploads\/2019\/06\/DSC_2184.jpg\"><img loading=\"lazy\" decoding=\"async\" class=\"alignnone size-medium wp-image-6373\" src=\"http:\/\/blog.meineigenerweg.de\/wp-content\/uploads\/2019\/06\/DSC_2184-200x300.jpg\" alt=\"\" width=\"200\" height=\"300\" srcset=\"http:\/\/blog.meineigenerweg.de\/wp-content\/uploads\/2019\/06\/DSC_2184-200x300.jpg 200w, http:\/\/blog.meineigenerweg.de\/wp-content\/uploads\/2019\/06\/DSC_2184.jpg 667w\" sizes=\"auto, (max-width: 200px) 100vw, 200px\" \/><\/a><\/p>\n<p>geht es \u00fcber enge Treppen in die n\u00e4chsten Etagen. Ich kann gar nicht unterscheiden, wann ich die n\u00e4chste Hausebene erreicht habe. Und auch dieser Ort ist touristisch voll erschlossen, ein Restaurant reiht sich an die n\u00e4chste Eisbar, an den n\u00e4chsten Souvenirshop.<\/p>\n<p><a href=\"http:\/\/blog.meineigenerweg.de\/wp-content\/uploads\/2019\/06\/DSC_2191.jpg\"><img loading=\"lazy\" decoding=\"async\" class=\"alignnone size-medium wp-image-6375\" src=\"http:\/\/blog.meineigenerweg.de\/wp-content\/uploads\/2019\/06\/DSC_2191-300x200.jpg\" alt=\"\" width=\"300\" height=\"200\" srcset=\"http:\/\/blog.meineigenerweg.de\/wp-content\/uploads\/2019\/06\/DSC_2191-300x200.jpg 300w, http:\/\/blog.meineigenerweg.de\/wp-content\/uploads\/2019\/06\/DSC_2191-768x512.jpg 768w, http:\/\/blog.meineigenerweg.de\/wp-content\/uploads\/2019\/06\/DSC_2191.jpg 1000w\" sizes=\"auto, (max-width: 300px) 100vw, 300px\" \/> <\/a><a href=\"http:\/\/blog.meineigenerweg.de\/wp-content\/uploads\/2019\/06\/DSC_2177.jpg\"><img loading=\"lazy\" decoding=\"async\" class=\"alignnone size-medium wp-image-6376\" src=\"http:\/\/blog.meineigenerweg.de\/wp-content\/uploads\/2019\/06\/DSC_2177-300x200.jpg\" alt=\"\" width=\"300\" height=\"200\" srcset=\"http:\/\/blog.meineigenerweg.de\/wp-content\/uploads\/2019\/06\/DSC_2177-300x200.jpg 300w, http:\/\/blog.meineigenerweg.de\/wp-content\/uploads\/2019\/06\/DSC_2177-768x512.jpg 768w, http:\/\/blog.meineigenerweg.de\/wp-content\/uploads\/2019\/06\/DSC_2177.jpg 1000w\" sizes=\"auto, (max-width: 300px) 100vw, 300px\" \/><\/a><\/p>\n<p>So sch\u00f6n ich die Architektur finde, ich bin froh, als ich mit dem Schiff die R\u00fcckfahrt antrete.<\/p>\n<p>Abends wage ich endlich den Abstieg \u00fcber eine schmale Treppe zur kleinen Bucht der Fischer von Sorrento, Marina Grande.<\/p>\n<p><a href=\"http:\/\/blog.meineigenerweg.de\/wp-content\/uploads\/2019\/06\/DSC_2296.jpg\"><img loading=\"lazy\" decoding=\"async\" class=\"alignnone size-medium wp-image-6377\" src=\"http:\/\/blog.meineigenerweg.de\/wp-content\/uploads\/2019\/06\/DSC_2296-300x200.jpg\" alt=\"\" width=\"300\" height=\"200\" srcset=\"http:\/\/blog.meineigenerweg.de\/wp-content\/uploads\/2019\/06\/DSC_2296-300x200.jpg 300w, http:\/\/blog.meineigenerweg.de\/wp-content\/uploads\/2019\/06\/DSC_2296-768x512.jpg 768w, http:\/\/blog.meineigenerweg.de\/wp-content\/uploads\/2019\/06\/DSC_2296.jpg 1000w\" sizes=\"auto, (max-width: 300px) 100vw, 300px\" \/><\/a><\/p>\n<p>Direkt am Meer liegen einige Lokale, Wohnh\u00e4user sind um die Kirche gruppiert, da es Samstag ist, flanieren Gruppen von jungen Frauen, Familien mit kleinen Kindern vorbei, ein paar Jugendliche flirten au\u00dferhalb des Lichtes in der N\u00e4he der Felsen, die die Bucht begrenzen. Angler stehen am Strand, werfen ihre Angeln aus. Im Lokal &#8222;die 5 Schwestern&#8220; werde ich mit leckeren Speisen verw\u00f6hnt. Die Karte gibt die Fangerfolge der Fischer wieder: ich esse Sardinen und Schwertfisch, fangfrisch und k\u00f6stlich.<\/p>\n<p>&nbsp;<\/p>\n<h2>Abruzzen<\/h2>\n<h4>Tag 34 Barrea<\/h4>\n<p><span style=\"display: inline !important; float: none; background-color: transparent; color: #111111; cursor: text; font-family: 'Arimo',Verdana,Arial; font-size: 15.2px; font-style: normal; font-variant: normal; font-weight: 400; letter-spacing: normal; orphans: 2; text-align: left; text-decoration: none; text-indent: 0px; text-transform: none; -webkit-text-stroke-width: 0px; white-space: normal; word-spacing: 0px;\">Genug Meer, genug gro\u00dfe Hitze, heute Morgen fahre ich los in die Berge.\u00a0<\/span><\/p>\n<p>Mein n\u00e4chstes Ziel sind die Abruzzen, da erhoffe ich mir in luftiger H\u00f6he etwas Abk\u00fchlung. Zur\u00fcck \u00fcber Neapel geht es erst einmal in die Ebene, die von bereits abgeernteten Getreidefeldern durchzogen ist. In der Ferne sehe ich die ersten Berge und schon bald wird die Gegend einsamer, die W\u00e4lder dichter und das Gebirge h\u00f6her.<\/p>\n<p><a href=\"http:\/\/blog.meineigenerweg.de\/wp-content\/uploads\/2019\/06\/DSC_2380.jpg\"><img loading=\"lazy\" decoding=\"async\" class=\"alignnone size-medium wp-image-6391\" src=\"http:\/\/blog.meineigenerweg.de\/wp-content\/uploads\/2019\/06\/DSC_2380-300x200.jpg\" alt=\"\" width=\"300\" height=\"200\" srcset=\"http:\/\/blog.meineigenerweg.de\/wp-content\/uploads\/2019\/06\/DSC_2380-300x200.jpg 300w, http:\/\/blog.meineigenerweg.de\/wp-content\/uploads\/2019\/06\/DSC_2380-768x512.jpg 768w, http:\/\/blog.meineigenerweg.de\/wp-content\/uploads\/2019\/06\/DSC_2380.jpg 1000w\" sizes=\"auto, (max-width: 300px) 100vw, 300px\" \/><\/a><\/p>\n<p>\u00dcberrascht werde ich von der Basilica dell&#8217;Addolorata di Castelpetroso, das gro\u00dfe Geb\u00e4ude steht weitab von jeder Ortschaft mitten im Gebirge.<\/p>\n<p><a href=\"http:\/\/blog.meineigenerweg.de\/wp-content\/uploads\/2019\/06\/DSC_2350.jpg\"><img loading=\"lazy\" decoding=\"async\" class=\"alignnone size-medium wp-image-6392\" src=\"http:\/\/blog.meineigenerweg.de\/wp-content\/uploads\/2019\/06\/DSC_2350-300x200.jpg\" alt=\"\" width=\"300\" height=\"200\" srcset=\"http:\/\/blog.meineigenerweg.de\/wp-content\/uploads\/2019\/06\/DSC_2350-300x200.jpg 300w, http:\/\/blog.meineigenerweg.de\/wp-content\/uploads\/2019\/06\/DSC_2350-768x512.jpg 768w, http:\/\/blog.meineigenerweg.de\/wp-content\/uploads\/2019\/06\/DSC_2350.jpg 1000w\" sizes=\"auto, (max-width: 300px) 100vw, 300px\" \/><\/a><\/p>\n<p>Es ist Ausflugs- und Wallfahrtsort f\u00fcr viele Italiener. Auf dem Parkplatz stehen allein 8 Reisebusse.<br \/>\nDie Stra\u00dfe gibt immer wieder den Blick auf die beeindruckende Bergwelt der Abruzzen. Es geht immer weiter bergauf und schon nach kurzer Zeit sehe ich auf den hohen Bergen Schneereste blitzen. Mein Ziel ist der Lago Barrea im Teil L\u00b4Aquila der Abruzzen.<br \/>\nBarrea liegt wie ausgestorben, Sonntagsruhe im ganzen Ort.<\/p>\n<p><a href=\"http:\/\/blog.meineigenerweg.de\/wp-content\/uploads\/2019\/06\/DSC_2425.jpg\"><img loading=\"lazy\" decoding=\"async\" class=\"alignnone size-medium wp-image-6393\" src=\"http:\/\/blog.meineigenerweg.de\/wp-content\/uploads\/2019\/06\/DSC_2425-300x200.jpg\" alt=\"\" width=\"300\" height=\"200\" srcset=\"http:\/\/blog.meineigenerweg.de\/wp-content\/uploads\/2019\/06\/DSC_2425-300x200.jpg 300w, http:\/\/blog.meineigenerweg.de\/wp-content\/uploads\/2019\/06\/DSC_2425-768x512.jpg 768w, http:\/\/blog.meineigenerweg.de\/wp-content\/uploads\/2019\/06\/DSC_2425.jpg 1000w\" sizes=\"auto, (max-width: 300px) 100vw, 300px\" \/><\/a><\/p>\n<p>Ich finde den Campingplatz Colle Ciglio und bin hellauf begeistert: direkt am See, auf einer riesengro\u00dfen Wiese, ist das Camparreal. Au\u00dfer mir ist noch ein schwedisches Paar dort, und weit hinten, hinter B\u00fcschen, zeltet wohl noch jemand. Ich schaue vom Wohnmobil direkt auf den See, die Berge und Barrea.<\/p>\n<p><a href=\"http:\/\/blog.meineigenerweg.de\/wp-content\/uploads\/2019\/06\/DSC_2433.jpg\"><img loading=\"lazy\" decoding=\"async\" class=\"alignnone size-medium wp-image-6396\" src=\"http:\/\/blog.meineigenerweg.de\/wp-content\/uploads\/2019\/06\/DSC_2433-300x200.jpg\" alt=\"\" width=\"300\" height=\"200\" srcset=\"http:\/\/blog.meineigenerweg.de\/wp-content\/uploads\/2019\/06\/DSC_2433-300x200.jpg 300w, http:\/\/blog.meineigenerweg.de\/wp-content\/uploads\/2019\/06\/DSC_2433-768x512.jpg 768w, http:\/\/blog.meineigenerweg.de\/wp-content\/uploads\/2019\/06\/DSC_2433.jpg 1000w\" sizes=\"auto, (max-width: 300px) 100vw, 300px\" \/> <\/a><a href=\"http:\/\/blog.meineigenerweg.de\/wp-content\/uploads\/2019\/06\/DSC_2439.jpg\"><img loading=\"lazy\" decoding=\"async\" class=\"alignnone size-medium wp-image-6397\" src=\"http:\/\/blog.meineigenerweg.de\/wp-content\/uploads\/2019\/06\/DSC_2439-300x200.jpg\" alt=\"\" width=\"300\" height=\"200\" srcset=\"http:\/\/blog.meineigenerweg.de\/wp-content\/uploads\/2019\/06\/DSC_2439-300x200.jpg 300w, http:\/\/blog.meineigenerweg.de\/wp-content\/uploads\/2019\/06\/DSC_2439-768x512.jpg 768w, http:\/\/blog.meineigenerweg.de\/wp-content\/uploads\/2019\/06\/DSC_2439.jpg 1000w\" sizes=\"auto, (max-width: 300px) 100vw, 300px\" \/><\/a><\/p>\n<p>Auf der gro\u00dfen Wiese sind einige Feuerstellen vorbereitet. Abends kann ich beim Platzbesitzer Feuerholz kaufen. Es wird n\u00e4mlich empfindlich k\u00fchl, aber am Lagerfeuer, mit entsprechender Kleidung, ist es wunderbar romantisch. Die Grillen zirpen, die Fr\u00f6sche stimmen ein Froschkonzert an, eine einsame Kuhglocke bimmelt und, um es perfekt zu machen, geht der Vollmond hinter den B\u00fcschen auf.<\/p>\n<p><a href=\"http:\/\/blog.meineigenerweg.de\/wp-content\/uploads\/2019\/06\/DSC_2442.jpg\"><img loading=\"lazy\" decoding=\"async\" class=\"alignnone size-medium wp-image-6398\" src=\"http:\/\/blog.meineigenerweg.de\/wp-content\/uploads\/2019\/06\/DSC_2442-300x200.jpg\" alt=\"\" width=\"300\" height=\"200\" srcset=\"http:\/\/blog.meineigenerweg.de\/wp-content\/uploads\/2019\/06\/DSC_2442-300x200.jpg 300w, http:\/\/blog.meineigenerweg.de\/wp-content\/uploads\/2019\/06\/DSC_2442-768x512.jpg 768w, http:\/\/blog.meineigenerweg.de\/wp-content\/uploads\/2019\/06\/DSC_2442.jpg 1000w\" sizes=\"auto, (max-width: 300px) 100vw, 300px\" \/><\/a><\/p>\n<p>&nbsp;<\/p>\n<h4>Tag 35 Barrea<\/h4>\n<p>Der Platzbesitzer erkl\u00e4rt mir, wie ich am See entlang nach Barrea laufen kann. \u00dcber Schotter, durch ein W\u00e4ldchen, \u00fcber eine Br\u00fccke, immer wieder an Pferdekoppeln entlang, erreiche ich den Ort.<\/p>\n<p><a href=\"http:\/\/blog.meineigenerweg.de\/wp-content\/uploads\/2019\/06\/DSC_2475.jpg\"><img loading=\"lazy\" decoding=\"async\" class=\"alignnone size-medium wp-image-6404\" src=\"http:\/\/blog.meineigenerweg.de\/wp-content\/uploads\/2019\/06\/DSC_2475-300x200.jpg\" alt=\"\" width=\"300\" height=\"200\" srcset=\"http:\/\/blog.meineigenerweg.de\/wp-content\/uploads\/2019\/06\/DSC_2475-300x200.jpg 300w, http:\/\/blog.meineigenerweg.de\/wp-content\/uploads\/2019\/06\/DSC_2475-768x512.jpg 768w, http:\/\/blog.meineigenerweg.de\/wp-content\/uploads\/2019\/06\/DSC_2475.jpg 1000w\" sizes=\"auto, (max-width: 300px) 100vw, 300px\" \/><\/a>\u00a0<a href=\"http:\/\/blog.meineigenerweg.de\/wp-content\/uploads\/2019\/06\/DSC_2471.jpg\"><img loading=\"lazy\" decoding=\"async\" class=\"alignnone size-medium wp-image-6403\" src=\"http:\/\/blog.meineigenerweg.de\/wp-content\/uploads\/2019\/06\/DSC_2471-300x200.jpg\" alt=\"\" width=\"300\" height=\"200\" srcset=\"http:\/\/blog.meineigenerweg.de\/wp-content\/uploads\/2019\/06\/DSC_2471-300x200.jpg 300w, http:\/\/blog.meineigenerweg.de\/wp-content\/uploads\/2019\/06\/DSC_2471-768x512.jpg 768w, http:\/\/blog.meineigenerweg.de\/wp-content\/uploads\/2019\/06\/DSC_2471.jpg 1000w\" sizes=\"auto, (max-width: 300px) 100vw, 300px\" \/><\/a><\/p>\n<p>Die Sonntagsruhe von gestern ist in eine Mittagsruhe von jedem Tag \u00fcbergegangen. Eine einzige Autofahrerin, die ihren Wagen gerade parkt, frage ich nach einer Bar. Die gibt\u00b4s aber nur, wenn ich mich an den Aufstieg \u00fcber die mindestens 1000 Treppenstufen in die obere Stadt mache.<\/p>\n<p><a href=\"http:\/\/blog.meineigenerweg.de\/wp-content\/uploads\/2019\/06\/DSC_2485.jpg\"><img loading=\"lazy\" decoding=\"async\" class=\"alignnone size-medium wp-image-6406\" src=\"http:\/\/blog.meineigenerweg.de\/wp-content\/uploads\/2019\/06\/DSC_2485-300x200.jpg\" alt=\"\" width=\"300\" height=\"200\" srcset=\"http:\/\/blog.meineigenerweg.de\/wp-content\/uploads\/2019\/06\/DSC_2485-300x200.jpg 300w, http:\/\/blog.meineigenerweg.de\/wp-content\/uploads\/2019\/06\/DSC_2485-768x512.jpg 768w, http:\/\/blog.meineigenerweg.de\/wp-content\/uploads\/2019\/06\/DSC_2485.jpg 1000w\" sizes=\"auto, (max-width: 300px) 100vw, 300px\" \/><\/a><\/p>\n<p>Also halte ich mich an mein Wasser aus dem Rucksack. Auf dem R\u00fcckweg bekomme ich doch noch eine St\u00e4rkung: unterwegs hat eine kleine Bar mit einem gro\u00dfen Garten ge\u00f6ffnet.<\/p>\n<p>Abends fache ich wieder mein Lagerfeuer an und schaue auf den ruhigen See und die sch\u00f6n beleuchtete Stadt. Dann erinnere ich mich an meine Kindheit, da war doch was mit Kartoffeln, die man einfach in die hei\u00dfe Glut legt. Ich probiere es aus, suche mir aus meinem Vorrat eine dicke Kartoffel und lege sie vorsichtig in die hei\u00dfe Glut. Nach einer halben Stunde schneide ich sie auf und &#8211; mhhhh ein k\u00f6stlicher Duft str\u00f6mt mir entgegen. Sie schmeckt einfach nur lecker, nach Kindheit und Erinnerungen.<\/p>\n<p>&nbsp;<\/p>\n<h4>Tag 36 Scallo<\/h4>\n<p>Weiter geht es hinein in die Abruzzen. Bisher habe ich ja nur Hasen, V\u00f6gel und Fr\u00f6sche gesehen. Dabei gibt es doch in dieser wilden Gegend auch B\u00e4ren, W\u00f6lfe, Luchse&#8230;<br \/>\nImmer wieder halte ich am Stra\u00dfenrand an, um die wilde Landschaft zu bewundern und zu fotografieren. Schroffe, hohe Berge, dichte W\u00e4lder und kaum Besiedlung.<\/p>\n<p><a href=\"http:\/\/blog.meineigenerweg.de\/wp-content\/uploads\/2019\/06\/DSC_2509.jpg\"><img loading=\"lazy\" decoding=\"async\" class=\"alignnone size-medium wp-image-6422\" src=\"http:\/\/blog.meineigenerweg.de\/wp-content\/uploads\/2019\/06\/DSC_2509-300x200.jpg\" alt=\"\" width=\"300\" height=\"200\" srcset=\"http:\/\/blog.meineigenerweg.de\/wp-content\/uploads\/2019\/06\/DSC_2509-300x200.jpg 300w, http:\/\/blog.meineigenerweg.de\/wp-content\/uploads\/2019\/06\/DSC_2509-768x512.jpg 768w, http:\/\/blog.meineigenerweg.de\/wp-content\/uploads\/2019\/06\/DSC_2509.jpg 1000w\" sizes=\"auto, (max-width: 300px) 100vw, 300px\" \/><\/a> <a href=\"http:\/\/blog.meineigenerweg.de\/wp-content\/uploads\/2019\/06\/DSC_2527.jpg\"><img loading=\"lazy\" decoding=\"async\" class=\"alignnone size-medium wp-image-6423\" src=\"http:\/\/blog.meineigenerweg.de\/wp-content\/uploads\/2019\/06\/DSC_2527-300x200.jpg\" alt=\"\" width=\"300\" height=\"200\" srcset=\"http:\/\/blog.meineigenerweg.de\/wp-content\/uploads\/2019\/06\/DSC_2527-300x200.jpg 300w, http:\/\/blog.meineigenerweg.de\/wp-content\/uploads\/2019\/06\/DSC_2527-768x512.jpg 768w, http:\/\/blog.meineigenerweg.de\/wp-content\/uploads\/2019\/06\/DSC_2527.jpg 1000w\" sizes=\"auto, (max-width: 300px) 100vw, 300px\" \/><\/a><\/p>\n<p>Nur ab und zu ein einsames \u00d6rtchen hoch in den Bergen. Die Stra\u00dfe ist ausnahmsweise einmal gut befahrbar, relativ wenige und nicht ganz so tiefe Schlagl\u00f6cher. Es geht bis auf 1700 m hinauf, auf der Passh\u00f6he Godi grasen einige K\u00fche und in einiger Entfernung sehe ich Schafe und Ziegen auf der Weide.<\/p>\n<p><a href=\"http:\/\/blog.meineigenerweg.de\/wp-content\/uploads\/2019\/06\/DSC_2526.jpg\"><img loading=\"lazy\" decoding=\"async\" class=\"alignnone size-medium wp-image-6424\" src=\"http:\/\/blog.meineigenerweg.de\/wp-content\/uploads\/2019\/06\/DSC_2526-300x200.jpg\" alt=\"\" width=\"300\" height=\"200\" srcset=\"http:\/\/blog.meineigenerweg.de\/wp-content\/uploads\/2019\/06\/DSC_2526-300x200.jpg 300w, http:\/\/blog.meineigenerweg.de\/wp-content\/uploads\/2019\/06\/DSC_2526-768x512.jpg 768w, http:\/\/blog.meineigenerweg.de\/wp-content\/uploads\/2019\/06\/DSC_2526.jpg 1000w\" sizes=\"auto, (max-width: 300px) 100vw, 300px\" \/><\/a><\/p>\n<p>\u00dcberall stehen Hinweisschilder, die auf B\u00e4ren, W\u00f6lfe und Luchse hinweisen.<\/p>\n<p><a href=\"http:\/\/blog.meineigenerweg.de\/wp-content\/uploads\/2019\/06\/DSC_2613.jpg\"><img loading=\"lazy\" decoding=\"async\" class=\"alignnone size-medium wp-image-6425\" src=\"http:\/\/blog.meineigenerweg.de\/wp-content\/uploads\/2019\/06\/DSC_2613-300x200.jpg\" alt=\"\" width=\"300\" height=\"200\" srcset=\"http:\/\/blog.meineigenerweg.de\/wp-content\/uploads\/2019\/06\/DSC_2613-300x200.jpg 300w, http:\/\/blog.meineigenerweg.de\/wp-content\/uploads\/2019\/06\/DSC_2613-768x512.jpg 768w, http:\/\/blog.meineigenerweg.de\/wp-content\/uploads\/2019\/06\/DSC_2613.jpg 1000w\" sizes=\"auto, (max-width: 300px) 100vw, 300px\" \/><\/a><\/p>\n<p>Da m\u00fcsste ich vielleicht doch einmal in aller Herrgottsfr\u00fche aufstehen, um eines der wilden Tiere zu sehen &#8211; oder ich warte, ob sie an die WoMo-T\u00fcr klopfen&#8230;<\/p>\n<p>Mein Ziel f\u00fcr heute ist das malerische \u00d6rtchen Scallo, es liegt auf 1000 m H\u00f6he und schmiegt sich mit seinen sch\u00f6nen alten H\u00e4usern eng an den steilen Berg. Zwischendurch \u00f6ffnet sich der Blick in den Nebenstr\u00e4\u00dfchen auf die Bergwelt, in der ich etliche Skilifts erkennen kann. Es geht wie immer steil bergab oder bergauf, aber ich werde in einer Bar mit einem Cappuccino belohnt und erfrischt.<\/p>\n<p><a href=\"http:\/\/blog.meineigenerweg.de\/wp-content\/uploads\/2019\/06\/DSC_2571.jpg\"><img loading=\"lazy\" decoding=\"async\" class=\"alignnone size-medium wp-image-6427\" src=\"http:\/\/blog.meineigenerweg.de\/wp-content\/uploads\/2019\/06\/DSC_2571-300x200.jpg\" alt=\"\" width=\"300\" height=\"200\" srcset=\"http:\/\/blog.meineigenerweg.de\/wp-content\/uploads\/2019\/06\/DSC_2571-300x200.jpg 300w, http:\/\/blog.meineigenerweg.de\/wp-content\/uploads\/2019\/06\/DSC_2571-768x512.jpg 768w, http:\/\/blog.meineigenerweg.de\/wp-content\/uploads\/2019\/06\/DSC_2571.jpg 1000w\" sizes=\"auto, (max-width: 300px) 100vw, 300px\" \/><\/a><\/p>\n<p>Der Campingplatz hoch \u00fcber dem Lago di Scallo liegt wieder landschaftlich sehr sch\u00f6n auf einer gro\u00dfen Wiese und ist menschenleer. Au\u00dfer mir sind noch 2 andere Camper in Sichtweite. Ich genie\u00dfe den Blick auf die umliegende Bergwelt und den gr\u00fcnen See.<\/p>\n<p><a href=\"http:\/\/blog.meineigenerweg.de\/wp-content\/uploads\/2019\/06\/DSC_2582.jpg\"><img loading=\"lazy\" decoding=\"async\" class=\"alignnone size-medium wp-image-6428\" src=\"http:\/\/blog.meineigenerweg.de\/wp-content\/uploads\/2019\/06\/DSC_2582-300x200.jpg\" alt=\"\" width=\"300\" height=\"200\" srcset=\"http:\/\/blog.meineigenerweg.de\/wp-content\/uploads\/2019\/06\/DSC_2582-300x200.jpg 300w, http:\/\/blog.meineigenerweg.de\/wp-content\/uploads\/2019\/06\/DSC_2582-768x512.jpg 768w, http:\/\/blog.meineigenerweg.de\/wp-content\/uploads\/2019\/06\/DSC_2582.jpg 1000w\" sizes=\"auto, (max-width: 300px) 100vw, 300px\" \/><\/a><\/p>\n<p>&nbsp;<\/p>\n<h4>Tag 37 L\u00b4Aquila<\/h4>\n<p>Auch heute ist der Weg das Ziel. Wie wunderbar wild ist diese Bergwelt, \u00fcber die enge Stra\u00dfe erreiche ich schon bald das n\u00e4chste Tal mit dem Lago die San Domenico, seitlich flie\u00dft aus einem tiefen Spalt ein wilder Wasserzulauf, \u00fcber eine Br\u00fccke \u00fcber den See erreiche ich die Grotte eines Eremiten.<\/p>\n<p><a href=\"http:\/\/blog.meineigenerweg.de\/wp-content\/uploads\/2019\/06\/DSC_2599.jpg\"><img loading=\"lazy\" decoding=\"async\" class=\"alignnone size-medium wp-image-6430\" src=\"http:\/\/blog.meineigenerweg.de\/wp-content\/uploads\/2019\/06\/DSC_2599-300x200.jpg\" alt=\"\" width=\"300\" height=\"200\" srcset=\"http:\/\/blog.meineigenerweg.de\/wp-content\/uploads\/2019\/06\/DSC_2599-300x200.jpg 300w, http:\/\/blog.meineigenerweg.de\/wp-content\/uploads\/2019\/06\/DSC_2599-768x512.jpg 768w, http:\/\/blog.meineigenerweg.de\/wp-content\/uploads\/2019\/06\/DSC_2599.jpg 1000w\" sizes=\"auto, (max-width: 300px) 100vw, 300px\" \/> <\/a><\/p>\n<p>Es sind nicht viele Menschen unterwegs, auf den Stra\u00dfen kommen mir selten Fahrzeugen entgegen, die Orte wirken verschlafen, ja fast ausgestorben. Aber diese Bergwelt!<\/p>\n<p><a href=\"http:\/\/blog.meineigenerweg.de\/wp-content\/uploads\/2019\/06\/DSC_2633.jpg\"><img loading=\"lazy\" decoding=\"async\" class=\"alignnone size-medium wp-image-6432\" src=\"http:\/\/blog.meineigenerweg.de\/wp-content\/uploads\/2019\/06\/DSC_2633-300x200.jpg\" alt=\"\" width=\"300\" height=\"200\" srcset=\"http:\/\/blog.meineigenerweg.de\/wp-content\/uploads\/2019\/06\/DSC_2633-300x200.jpg 300w, http:\/\/blog.meineigenerweg.de\/wp-content\/uploads\/2019\/06\/DSC_2633-768x512.jpg 768w, http:\/\/blog.meineigenerweg.de\/wp-content\/uploads\/2019\/06\/DSC_2633.jpg 1000w\" sizes=\"auto, (max-width: 300px) 100vw, 300px\" \/><\/a><\/p>\n<p>Auf den steilen Bergen liegen noch Schneereste, unterwegs fahre ich an tiefen Schluchten vorbei, auch die Stra\u00dfe ist h\u00e4ufig in den Berg gefr\u00e4st. Einige &#8222;Tunnel&#8220; sind Fels\u00fcberh\u00e4nge, unter der die Stra\u00dfe herf\u00fchrt.<\/p>\n<p><a href=\"http:\/\/blog.meineigenerweg.de\/wp-content\/uploads\/2019\/06\/DSC_2648.jpg\"><img loading=\"lazy\" decoding=\"async\" class=\"alignnone size-medium wp-image-6433\" src=\"http:\/\/blog.meineigenerweg.de\/wp-content\/uploads\/2019\/06\/DSC_2648-300x200.jpg\" alt=\"\" width=\"300\" height=\"200\" srcset=\"http:\/\/blog.meineigenerweg.de\/wp-content\/uploads\/2019\/06\/DSC_2648-300x200.jpg 300w, http:\/\/blog.meineigenerweg.de\/wp-content\/uploads\/2019\/06\/DSC_2648-768x512.jpg 768w, http:\/\/blog.meineigenerweg.de\/wp-content\/uploads\/2019\/06\/DSC_2648.jpg 1000w\" sizes=\"auto, (max-width: 300px) 100vw, 300px\" \/><\/a><\/p>\n<p>Ich fahre immer weiter die Bergstra\u00dfe hoch, bei 1700 m \u00e4ndert sich die Vegetation, die B\u00e4ume werden weniger und es gibt auf einem Plateau weite Wiesen, auf denen auch K\u00fche grasen.<\/p>\n<p>Im Ort Rocca di Mezzo mache ich eine kleine Pause in einer Bar gegen\u00fcber einem gro\u00dfen Kastell. Wie immer, sitzen die alten M\u00e4nner des Ortes vor der Bar zum t\u00e4glichen Schwatz. Der Rotwein wird hier mit Zitronenlimonade getrunken, Kick und erfrischend \ud83d\ude09 &#8211; ich \u00fcberlege mir, das mal auszuprobieren.<\/p>\n<p><a href=\"http:\/\/blog.meineigenerweg.de\/wp-content\/uploads\/2019\/06\/IMG_9450.jpg\"><img loading=\"lazy\" decoding=\"async\" class=\"alignnone size-medium wp-image-6435\" src=\"http:\/\/blog.meineigenerweg.de\/wp-content\/uploads\/2019\/06\/IMG_9450-300x200.jpg\" alt=\"\" width=\"300\" height=\"200\" srcset=\"http:\/\/blog.meineigenerweg.de\/wp-content\/uploads\/2019\/06\/IMG_9450-300x200.jpg 300w, http:\/\/blog.meineigenerweg.de\/wp-content\/uploads\/2019\/06\/IMG_9450-768x512.jpg 768w, http:\/\/blog.meineigenerweg.de\/wp-content\/uploads\/2019\/06\/IMG_9450.jpg 1000w\" sizes=\"auto, (max-width: 300px) 100vw, 300px\" \/><\/a><\/p>\n<p>Ich umrunde das Kastell,<\/p>\n<p><a href=\"http:\/\/blog.meineigenerweg.de\/wp-content\/uploads\/2019\/06\/DSC_2656.jpg\"><img loading=\"lazy\" decoding=\"async\" class=\"alignnone size-medium wp-image-6434\" src=\"http:\/\/blog.meineigenerweg.de\/wp-content\/uploads\/2019\/06\/DSC_2656-300x200.jpg\" alt=\"\" width=\"300\" height=\"200\" srcset=\"http:\/\/blog.meineigenerweg.de\/wp-content\/uploads\/2019\/06\/DSC_2656-300x200.jpg 300w, http:\/\/blog.meineigenerweg.de\/wp-content\/uploads\/2019\/06\/DSC_2656-768x512.jpg 768w, http:\/\/blog.meineigenerweg.de\/wp-content\/uploads\/2019\/06\/DSC_2656.jpg 1000w\" sizes=\"auto, (max-width: 300px) 100vw, 300px\" \/><\/a><\/p>\n<p>laufe durch die alten Gassen und fahre weiter in Richtung D\u00b4Aquila. Die ganze Gegend ist vom Wintersport gepr\u00e4gt. Ich sehe viele Neubauten, die offensichtlich leer stehen und wohl als Ferienapartments gebaut wurden. Auch die Pisten kann man auf den Bergen gut ausmachen, an den Stellen gibt es keine Vegetation.<\/p>\n<p><a href=\"http:\/\/blog.meineigenerweg.de\/wp-content\/uploads\/2019\/06\/DSC_2671.jpg\"><img loading=\"lazy\" decoding=\"async\" class=\"alignnone size-medium wp-image-6436\" src=\"http:\/\/blog.meineigenerweg.de\/wp-content\/uploads\/2019\/06\/DSC_2671-300x200.jpg\" alt=\"\" width=\"300\" height=\"200\" srcset=\"http:\/\/blog.meineigenerweg.de\/wp-content\/uploads\/2019\/06\/DSC_2671-300x200.jpg 300w, http:\/\/blog.meineigenerweg.de\/wp-content\/uploads\/2019\/06\/DSC_2671-768x512.jpg 768w, http:\/\/blog.meineigenerweg.de\/wp-content\/uploads\/2019\/06\/DSC_2671.jpg 1000w\" sizes=\"auto, (max-width: 300px) 100vw, 300px\" \/><\/a><\/p>\n<p>In D\u00b4Aquila finde ich direkt am Stadteingang einen \u00f6ffentlichen Stellplatz f\u00fcr mein Wohnmobil, B\u00e4ume spenden Schatten und eine Servicestation gibt es auch. Ich lasse mein Wohnmobil hier stehen und laufe in die Altstadt. Wie sieht es denn hier aus? In der gesamten Altstadt sind Bauz\u00e4une vor den Geb\u00e4uden, einger\u00fcstete Fassaden und jede Menge Baukr\u00e4ne. Wahrscheinlich sind das immer noch Restaurierungsarbeiten des schweren Erdbebens von 2009.<\/p>\n<p><a href=\"http:\/\/blog.meineigenerweg.de\/wp-content\/uploads\/2019\/06\/IMG_9459.jpg\"><img loading=\"lazy\" decoding=\"async\" class=\"alignnone size-medium wp-image-6437\" src=\"http:\/\/blog.meineigenerweg.de\/wp-content\/uploads\/2019\/06\/IMG_9459-300x200.jpg\" alt=\"\" width=\"300\" height=\"200\" srcset=\"http:\/\/blog.meineigenerweg.de\/wp-content\/uploads\/2019\/06\/IMG_9459-300x200.jpg 300w, http:\/\/blog.meineigenerweg.de\/wp-content\/uploads\/2019\/06\/IMG_9459-768x512.jpg 768w, http:\/\/blog.meineigenerweg.de\/wp-content\/uploads\/2019\/06\/IMG_9459.jpg 1000w\" sizes=\"auto, (max-width: 300px) 100vw, 300px\" \/><\/a><\/p>\n<p>So habe ich mir diesen Nachmittag nicht vorgestellt! Schnell entschlossen fahre ich noch ein paar Kilometer weiter und bleibe finde einen Campingplatz im Gran Sasso Nationalpark.<\/p>\n<p>&nbsp;<\/p>\n<h4>Tag 38 Gran Sasso Nationalpark<\/h4>\n<p>Der Campingplatz Funivia del Gran Sasso liegt direkt gegen\u00fcber der Seilbahn, bei der die Bergstation der Ausgangspunkt f\u00fcr Hochgebirgswanderungen ist. Schon die Fahrt mit der Seilbahn ist ein Erlebnis, immer die noch mit Schneeresten bedeckten knapp 3000m hohen Berge vor mir und unter mir der Fu\u00dfweg, schmal und steil und durch Schluchten.<\/p>\n<p><a href=\"http:\/\/blog.meineigenerweg.de\/wp-content\/uploads\/2019\/06\/DSC_2793.jpg\"><img loading=\"lazy\" decoding=\"async\" class=\"alignnone size-medium wp-image-6449\" src=\"http:\/\/blog.meineigenerweg.de\/wp-content\/uploads\/2019\/06\/DSC_2793-300x200.jpg\" alt=\"\" width=\"300\" height=\"200\" srcset=\"http:\/\/blog.meineigenerweg.de\/wp-content\/uploads\/2019\/06\/DSC_2793-300x200.jpg 300w, http:\/\/blog.meineigenerweg.de\/wp-content\/uploads\/2019\/06\/DSC_2793-768x512.jpg 768w, http:\/\/blog.meineigenerweg.de\/wp-content\/uploads\/2019\/06\/DSC_2793.jpg 1000w\" sizes=\"auto, (max-width: 300px) 100vw, 300px\" \/><\/a><\/p>\n<p>Oben angekommen, habe ich in alle Richtungen eine wunderbare Aussicht<\/p>\n<p><a href=\"http:\/\/blog.meineigenerweg.de\/wp-content\/uploads\/2019\/06\/DSC_2788.jpg\"><img loading=\"lazy\" decoding=\"async\" class=\"alignnone size-medium wp-image-6448\" src=\"http:\/\/blog.meineigenerweg.de\/wp-content\/uploads\/2019\/06\/DSC_2788-300x200.jpg\" alt=\"\" width=\"300\" height=\"200\" srcset=\"http:\/\/blog.meineigenerweg.de\/wp-content\/uploads\/2019\/06\/DSC_2788-300x200.jpg 300w, http:\/\/blog.meineigenerweg.de\/wp-content\/uploads\/2019\/06\/DSC_2788-768x512.jpg 768w, http:\/\/blog.meineigenerweg.de\/wp-content\/uploads\/2019\/06\/DSC_2788.jpg 1000w\" sizes=\"auto, (max-width: 300px) 100vw, 300px\" \/> <\/a><\/p>\n<p><a href=\"http:\/\/blog.meineigenerweg.de\/wp-content\/uploads\/2019\/06\/DSC_2786.jpg\"><img loading=\"lazy\" decoding=\"async\" class=\"alignnone size-medium wp-image-6447\" src=\"http:\/\/blog.meineigenerweg.de\/wp-content\/uploads\/2019\/06\/DSC_2786-300x200.jpg\" alt=\"\" width=\"300\" height=\"200\" srcset=\"http:\/\/blog.meineigenerweg.de\/wp-content\/uploads\/2019\/06\/DSC_2786-300x200.jpg 300w, http:\/\/blog.meineigenerweg.de\/wp-content\/uploads\/2019\/06\/DSC_2786-768x512.jpg 768w, http:\/\/blog.meineigenerweg.de\/wp-content\/uploads\/2019\/06\/DSC_2786.jpg 1000w\" sizes=\"auto, (max-width: 300px) 100vw, 300px\" \/>\u00a0<\/a><\/p>\n<p>Tief unten im Tal liegt<span style=\"display: inline !important; float: none; background-color: transparent; color: #111111; cursor: text; font-family: 'Arimo',Verdana,Arial; font-size: 15.2px; font-style: normal; font-variant: normal; font-weight: 400; letter-spacing: normal; orphans: 2; text-align: left; text-decoration: none; text-indent: 0px; text-transform: none; -webkit-text-stroke-width: 0px; white-space: normal; word-spacing: 0px;\"> irgendwo L&#8217;Aquila<\/span><\/p>\n<p><a href=\"http:\/\/blog.meineigenerweg.de\/wp-content\/uploads\/2019\/06\/DSC_2703.jpg\"><img loading=\"lazy\" decoding=\"async\" class=\"alignnone size-medium wp-image-6442\" src=\"http:\/\/blog.meineigenerweg.de\/wp-content\/uploads\/2019\/06\/DSC_2703-300x200.jpg\" alt=\"\" width=\"300\" height=\"200\" srcset=\"http:\/\/blog.meineigenerweg.de\/wp-content\/uploads\/2019\/06\/DSC_2703-300x200.jpg 300w, http:\/\/blog.meineigenerweg.de\/wp-content\/uploads\/2019\/06\/DSC_2703-768x512.jpg 768w, http:\/\/blog.meineigenerweg.de\/wp-content\/uploads\/2019\/06\/DSC_2703.jpg 1000w\" sizes=\"auto, (max-width: 300px) 100vw, 300px\" \/><\/a><\/p>\n<p>Ich mache mich auf, die H\u00fctte Refugio Duca degli Abruzzi in 2488 m H\u00f6he zu erreichen. Das Hinweisschild spricht von 40 min Fu\u00dfweg.<\/p>\n<p><a href=\"http:\/\/blog.meineigenerweg.de\/wp-content\/uploads\/2019\/06\/DSC_2772.jpg\"><img loading=\"lazy\" decoding=\"async\" class=\"alignnone size-medium wp-image-6445\" src=\"http:\/\/blog.meineigenerweg.de\/wp-content\/uploads\/2019\/06\/DSC_2772-300x200.jpg\" alt=\"\" width=\"300\" height=\"200\" srcset=\"http:\/\/blog.meineigenerweg.de\/wp-content\/uploads\/2019\/06\/DSC_2772-300x200.jpg 300w, http:\/\/blog.meineigenerweg.de\/wp-content\/uploads\/2019\/06\/DSC_2772-768x512.jpg 768w, http:\/\/blog.meineigenerweg.de\/wp-content\/uploads\/2019\/06\/DSC_2772.jpg 1000w\" sizes=\"auto, (max-width: 300px) 100vw, 300px\" \/><\/a><\/p>\n<p>Geschafft! Von hier aus habe ich einen unglaublichen Rundumblick, auch auf beide Bergseiten, grandios und beeindruckend.<\/p>\n<p><a href=\"http:\/\/blog.meineigenerweg.de\/wp-content\/uploads\/2019\/06\/DSC_2767.jpg\"><img loading=\"lazy\" decoding=\"async\" class=\"alignnone size-medium wp-image-6443\" src=\"http:\/\/blog.meineigenerweg.de\/wp-content\/uploads\/2019\/06\/DSC_2767-300x200.jpg\" alt=\"\" width=\"300\" height=\"200\" srcset=\"http:\/\/blog.meineigenerweg.de\/wp-content\/uploads\/2019\/06\/DSC_2767-300x200.jpg 300w, http:\/\/blog.meineigenerweg.de\/wp-content\/uploads\/2019\/06\/DSC_2767-768x512.jpg 768w, http:\/\/blog.meineigenerweg.de\/wp-content\/uploads\/2019\/06\/DSC_2767.jpg 1000w\" sizes=\"auto, (max-width: 300px) 100vw, 300px\" \/><\/a><\/p>\n<p><a href=\"http:\/\/blog.meineigenerweg.de\/wp-content\/uploads\/2019\/06\/DSC_2770.jpg\"><img loading=\"lazy\" decoding=\"async\" class=\"alignnone size-medium wp-image-6444\" src=\"http:\/\/blog.meineigenerweg.de\/wp-content\/uploads\/2019\/06\/DSC_2770-300x200.jpg\" alt=\"\" width=\"300\" height=\"200\" srcset=\"http:\/\/blog.meineigenerweg.de\/wp-content\/uploads\/2019\/06\/DSC_2770-300x200.jpg 300w, http:\/\/blog.meineigenerweg.de\/wp-content\/uploads\/2019\/06\/DSC_2770-768x512.jpg 768w, http:\/\/blog.meineigenerweg.de\/wp-content\/uploads\/2019\/06\/DSC_2770.jpg 1000w\" sizes=\"auto, (max-width: 300px) 100vw, 300px\" \/><\/a><\/p>\n<p>Auf der H\u00fctte komme ich mit zwei Italienern ins Gespr\u00e4ch. Sie haben eine gro\u00dfe Portion Polenta mit Tomatenso\u00dfe und Salsiccia-W\u00fcrsten vor sich und essen hingebungsvoll. Das sei das Nationalgericht in den Abruzzen, behaupteten sie. Dazu trinken sie Rotwein, gemischt mit Zitronenlimonade, angeblich lecker und erfrischend. Bei Gelegenheit probiere ich das auch einmal &#8211; ich bin aber skeptisch, ob mir das schmeckt!<\/p>\n<p>&nbsp;<\/p>\n<h2>Umbrien<\/h2>\n<h4>Tag 39 Assisi<\/h4>\n<p>Genug Berge, Landschaft, Natur, ich m\u00f6chte zur\u00fcck in das st\u00e4dtische Leben und mache mich auf den Weg nach Assisi. Unterwegs fahre ich durch den Nationalpark Monti Sibillini, ich m\u00f6chte mir den Lago di Fiastra ansehen, der mir als besonders sch\u00f6n beschrieben wurde. Aus dem Nationalpark Gran Sasso heraus, werden die Berge\u00a0 flacher, die Ebenen wieder kultiviert. Getreidefelder wechseln sich mit Weinreben und Olivenb\u00e4umen ab. Aber schon bald erheben sich die ebenfalls mit Schneeresten bedeckten Gipfel im Monti Sibillini. Die Region ist von dem Erdbeben 2016 stark betroffen. Bei einem Einkaufsstopp in der N\u00e4he des Lago di Fiestra finde ich noch alle Gesch\u00e4fte in Containern untergebracht. Die H\u00e4user sind nicht bewohnbar, mit Holz- oder Metallst\u00fctzen vor dem endg\u00fcltigen Zusammenbrechen bewahrt. Nur vereinzelt sind einige Geb\u00e4ude wieder sehr sch\u00f6n hergerichtet. Alle anderen warten wohl auf die von der Regierung zugesagte Unterst\u00fctzung.<\/p>\n<p>Schon von Weitem erkenne ich Assisi, die sch\u00f6nen gro\u00dfen Geb\u00e4ude und Kircht\u00fcrme liegen am Berg in Sichtweite von der Stra\u00dfe aus. Hier habe ich mir den Campingplatz Green Village ausgesucht, weil er nicht nur einen Pool hat, sondern auch Waschmaschine und W\u00e4schetrockner &#8211; ich muss endlich einmal wieder einen Waschtag einlegen! Von meinem Stellplatz aus habe ich einen sch\u00f6nen Blick auf Assisi &#8211; und dabei belasse ich f\u00fcr heute meinen &#8222;Kulturausflug<\/p>\n<p>&nbsp;<\/p>\n<h4>Tag 40 Assisi<\/h4>\n<p>Vom Campingplatz gibt es einen Shuttlebus nach Assisi. Morgens um 9.30 Uhr finden ich mich mit einigen Anderen ein. Es ist jetzt schon sehr warm, aber ein St\u00e4dtebummel reizt!<\/p>\n<h4><a href=\"http:\/\/blog.meineigenerweg.de\/wp-content\/uploads\/2019\/06\/DSC_2806.jpg\"><img loading=\"lazy\" decoding=\"async\" class=\"alignnone size-medium wp-image-6470\" src=\"http:\/\/blog.meineigenerweg.de\/wp-content\/uploads\/2019\/06\/DSC_2806-300x200.jpg\" alt=\"\" width=\"300\" height=\"200\" srcset=\"http:\/\/blog.meineigenerweg.de\/wp-content\/uploads\/2019\/06\/DSC_2806-300x200.jpg 300w, http:\/\/blog.meineigenerweg.de\/wp-content\/uploads\/2019\/06\/DSC_2806-768x512.jpg 768w, http:\/\/blog.meineigenerweg.de\/wp-content\/uploads\/2019\/06\/DSC_2806.jpg 1000w\" sizes=\"auto, (max-width: 300px) 100vw, 300px\" \/><\/a><\/h4>\n<p>Mein erster Weg f\u00fchrt mich zur<span style=\"display: inline !important; float: none; background-color: transparent; color: #111111; cursor: text; font-family: 'Arimo',Verdana,Arial; font-size: 15.2px; font-style: normal; font-variant: normal; font-weight: 400; letter-spacing: normal; orphans: 2; text-align: left; text-decoration: none; text-indent: 0px; text-transform: none; -webkit-text-stroke-width: 0px; white-space: normal; word-spacing: 0px;\"> &#8222;Basilica di San Francesco&#8220;. Ich bin von der Pracht, dem wundersch\u00f6nen blauen Sternenhimmel in der Basilica und den prachtvollen Gem\u00e4lden, Skulpturen, dem Gold und dem Prunk \u00fcberw\u00e4ltigt. Das Ganze mal zwei, denn es gibt die Kirche in 2 Etagen und au\u00dferdem kann man auch noch die Krypta besichtigen. Franz von Assisi hat Armut und ein Leben nach den Vorgaben der Bibel gepredigt. Ich komme beim Anblick dieser so prunkvoll ausgestatteten Basilica schon ins Gr\u00fcbeln, wie sich diese weltlichen G\u00fcter mit seiner Einstellung vereinbaren lassen. Wie in fast allen Kirchen, werden auch hier etliche Gruppen durch die Basilica gef\u00fchrt, h\u00e4ufig von Franziskaner-M\u00f6nchen, die mittels Headsets mit ihren Gruppen kommunizieren. Lustig ist, dass die Ordner immer wieder \u00fcber Lautsprecher ein &#8222;Pschhh&#8220; durch die Basilica schicken. Das ist lauter, als sich Gruppen unterhalten!<\/span><\/p>\n<h4><a href=\"http:\/\/blog.meineigenerweg.de\/wp-content\/uploads\/2019\/06\/DSC_2812.jpg\"><img loading=\"lazy\" decoding=\"async\" class=\"alignnone size-medium wp-image-6471\" src=\"http:\/\/blog.meineigenerweg.de\/wp-content\/uploads\/2019\/06\/DSC_2812-300x200.jpg\" alt=\"\" width=\"300\" height=\"200\" srcset=\"http:\/\/blog.meineigenerweg.de\/wp-content\/uploads\/2019\/06\/DSC_2812-300x200.jpg 300w, http:\/\/blog.meineigenerweg.de\/wp-content\/uploads\/2019\/06\/DSC_2812-768x512.jpg 768w, http:\/\/blog.meineigenerweg.de\/wp-content\/uploads\/2019\/06\/DSC_2812.jpg 1000w\" sizes=\"auto, (max-width: 300px) 100vw, 300px\" \/><\/a> <a href=\"http:\/\/blog.meineigenerweg.de\/wp-content\/uploads\/2019\/06\/DSC_2819.jpg\"><img loading=\"lazy\" decoding=\"async\" class=\"alignnone size-medium wp-image-6472\" src=\"http:\/\/blog.meineigenerweg.de\/wp-content\/uploads\/2019\/06\/DSC_2819-300x200.jpg\" alt=\"\" width=\"300\" height=\"200\" srcset=\"http:\/\/blog.meineigenerweg.de\/wp-content\/uploads\/2019\/06\/DSC_2819-300x200.jpg 300w, http:\/\/blog.meineigenerweg.de\/wp-content\/uploads\/2019\/06\/DSC_2819-768x512.jpg 768w, http:\/\/blog.meineigenerweg.de\/wp-content\/uploads\/2019\/06\/DSC_2819.jpg 1000w\" sizes=\"auto, (max-width: 300px) 100vw, 300px\" \/><\/a><\/h4>\n<h4><a href=\"http:\/\/blog.meineigenerweg.de\/wp-content\/uploads\/2019\/06\/IMG_9517.jpg\"><img loading=\"lazy\" decoding=\"async\" class=\"alignnone size-medium wp-image-6480\" src=\"http:\/\/blog.meineigenerweg.de\/wp-content\/uploads\/2019\/06\/IMG_9517-300x200.jpg\" alt=\"\" width=\"300\" height=\"200\" srcset=\"http:\/\/blog.meineigenerweg.de\/wp-content\/uploads\/2019\/06\/IMG_9517-300x200.jpg 300w, http:\/\/blog.meineigenerweg.de\/wp-content\/uploads\/2019\/06\/IMG_9517-768x512.jpg 768w, http:\/\/blog.meineigenerweg.de\/wp-content\/uploads\/2019\/06\/IMG_9517.jpg 1000w\" sizes=\"auto, (max-width: 300px) 100vw, 300px\" \/><\/a><\/h4>\n<p>Ich schlendere durch den Ort und m\u00f6chte zum &#8222;Rocca Maggiore&#8220;, eine Festung hoch \u00fcber Assisi. M\u00f6nche und Nonnen aus der ganzen Welt geh\u00f6ren hier einfach zum Stadtbild.<\/p>\n<h4><a href=\"http:\/\/blog.meineigenerweg.de\/wp-content\/uploads\/2019\/06\/DSC_2832.jpg\"><img loading=\"lazy\" decoding=\"async\" class=\"alignnone size-medium wp-image-6473\" src=\"http:\/\/blog.meineigenerweg.de\/wp-content\/uploads\/2019\/06\/DSC_2832-300x200.jpg\" alt=\"\" width=\"300\" height=\"200\" srcset=\"http:\/\/blog.meineigenerweg.de\/wp-content\/uploads\/2019\/06\/DSC_2832-300x200.jpg 300w, http:\/\/blog.meineigenerweg.de\/wp-content\/uploads\/2019\/06\/DSC_2832-768x512.jpg 768w, http:\/\/blog.meineigenerweg.de\/wp-content\/uploads\/2019\/06\/DSC_2832.jpg 1000w\" sizes=\"auto, (max-width: 300px) 100vw, 300px\" \/><\/a> <a href=\"http:\/\/blog.meineigenerweg.de\/wp-content\/uploads\/2019\/06\/DSC_2838.jpg\"><img loading=\"lazy\" decoding=\"async\" class=\"alignnone size-medium wp-image-6474\" src=\"http:\/\/blog.meineigenerweg.de\/wp-content\/uploads\/2019\/06\/DSC_2838-200x300.jpg\" alt=\"\" width=\"200\" height=\"300\" srcset=\"http:\/\/blog.meineigenerweg.de\/wp-content\/uploads\/2019\/06\/DSC_2838-200x300.jpg 200w, http:\/\/blog.meineigenerweg.de\/wp-content\/uploads\/2019\/06\/DSC_2838.jpg 667w\" sizes=\"auto, (max-width: 200px) 100vw, 200px\" \/><\/a><\/h4>\n<p>Unterwegs komme ich an der Kirche &#8222;Maria del Rose&#8220; vorbei. Hier finde ich eine kleine\u00a0 Ausstellung von einem K\u00fcnstler, der ganz besondere Marienskulpturen ausgestellt hat. Diese Figuren liegen als &#8222;Handschmeichler&#8220; in der Hand und heben sich in ihrer Schlichtheit und Modernit\u00e4t wohltuend von den anderen religi\u00f6sen Exponaten in den Andenkengesch\u00e4ften ab.<\/p>\n<p>&#8222;Die Erde, die Fruchtbarkeit. Das Glas, das Licht. 33 H\u00f6lzer, das Alter ihres Sohnes auf Erden. Maria zwischen Alpha und Omega.&#8220;<\/p>\n<p>&#8222;Die H\u00e4nde sind ein Ruhepunkt, durch den ich lerne, dich anzusehen.&#8220;<\/p>\n<p><a href=\"http:\/\/blog.meineigenerweg.de\/wp-content\/uploads\/2019\/06\/DSC_2852.jpg\"><img loading=\"lazy\" decoding=\"async\" class=\"alignnone size-medium wp-image-6495\" src=\"http:\/\/blog.meineigenerweg.de\/wp-content\/uploads\/2019\/06\/DSC_2852-300x200.jpg\" alt=\"\" width=\"300\" height=\"200\" srcset=\"http:\/\/blog.meineigenerweg.de\/wp-content\/uploads\/2019\/06\/DSC_2852-300x200.jpg 300w, http:\/\/blog.meineigenerweg.de\/wp-content\/uploads\/2019\/06\/DSC_2852-768x512.jpg 768w, http:\/\/blog.meineigenerweg.de\/wp-content\/uploads\/2019\/06\/DSC_2852.jpg 1000w\" sizes=\"auto, (max-width: 300px) 100vw, 300px\" \/><\/a><\/p>\n<p>Unterwegs immer wieder Bars und Gelaterias mit leckerem Granite und Riesenbaisern in allen Farben.<\/p>\n<h4><a href=\"http:\/\/blog.meineigenerweg.de\/wp-content\/uploads\/2019\/06\/DSC_2839-2.jpg\"><img loading=\"lazy\" decoding=\"async\" class=\"alignnone size-medium wp-image-6475\" src=\"http:\/\/blog.meineigenerweg.de\/wp-content\/uploads\/2019\/06\/DSC_2839-2-200x300.jpg\" alt=\"\" width=\"200\" height=\"300\" srcset=\"http:\/\/blog.meineigenerweg.de\/wp-content\/uploads\/2019\/06\/DSC_2839-2-200x300.jpg 200w, http:\/\/blog.meineigenerweg.de\/wp-content\/uploads\/2019\/06\/DSC_2839-2.jpg 667w\" sizes=\"auto, (max-width: 200px) 100vw, 200px\" \/> <\/a><a href=\"http:\/\/blog.meineigenerweg.de\/wp-content\/uploads\/2019\/06\/IMG_9521.jpg\"><img loading=\"lazy\" decoding=\"async\" class=\"alignnone size-medium wp-image-6481\" src=\"http:\/\/blog.meineigenerweg.de\/wp-content\/uploads\/2019\/06\/IMG_9521-200x300.jpg\" alt=\"\" width=\"200\" height=\"300\" srcset=\"http:\/\/blog.meineigenerweg.de\/wp-content\/uploads\/2019\/06\/IMG_9521-200x300.jpg 200w, http:\/\/blog.meineigenerweg.de\/wp-content\/uploads\/2019\/06\/IMG_9521.jpg 667w\" sizes=\"auto, (max-width: 200px) 100vw, 200px\" \/><\/a><\/h4>\n<p>Dann habe ich die Rocca Maggiore erreicht. Der Ausblick \u00fcber Assisi ist beeindruckend.<\/p>\n<h4><a href=\"http:\/\/blog.meineigenerweg.de\/wp-content\/uploads\/2019\/06\/DSC_2862.jpg\"><img loading=\"lazy\" decoding=\"async\" class=\"alignnone size-medium wp-image-6476\" src=\"http:\/\/blog.meineigenerweg.de\/wp-content\/uploads\/2019\/06\/DSC_2862-300x200.jpg\" alt=\"\" width=\"300\" height=\"200\" srcset=\"http:\/\/blog.meineigenerweg.de\/wp-content\/uploads\/2019\/06\/DSC_2862-300x200.jpg 300w, http:\/\/blog.meineigenerweg.de\/wp-content\/uploads\/2019\/06\/DSC_2862-768x512.jpg 768w, http:\/\/blog.meineigenerweg.de\/wp-content\/uploads\/2019\/06\/DSC_2862.jpg 1000w\" sizes=\"auto, (max-width: 300px) 100vw, 300px\" \/><\/a> <a href=\"http:\/\/blog.meineigenerweg.de\/wp-content\/uploads\/2019\/06\/DSC_2868.jpg\"><img loading=\"lazy\" decoding=\"async\" class=\"alignnone size-medium wp-image-6477\" src=\"http:\/\/blog.meineigenerweg.de\/wp-content\/uploads\/2019\/06\/DSC_2868-300x200.jpg\" alt=\"\" width=\"300\" height=\"200\" srcset=\"http:\/\/blog.meineigenerweg.de\/wp-content\/uploads\/2019\/06\/DSC_2868-300x200.jpg 300w, http:\/\/blog.meineigenerweg.de\/wp-content\/uploads\/2019\/06\/DSC_2868-768x512.jpg 768w, http:\/\/blog.meineigenerweg.de\/wp-content\/uploads\/2019\/06\/DSC_2868.jpg 1000w\" sizes=\"auto, (max-width: 300px) 100vw, 300px\" \/><\/a><\/h4>\n<p>Der Abstieg vorbei an vielen sch\u00f6nen alten Geb\u00e4uden weckt bei mir den kleinen Hunger. In einem Ristorante auf dem Weg kehre ich ein und setze mich auf die sch\u00f6ne Terrasse mit dem fantastischen Ausblick \u00fcber Assisi. Da muss ich die Pappsch\u00fcssel mit Plastikgabel, in der das Essen serviert wird, einfach in Kauf nehmen!<\/p>\n<h4><a href=\"http:\/\/blog.meineigenerweg.de\/wp-content\/uploads\/2019\/06\/DSC_2872.jpg\"><img loading=\"lazy\" decoding=\"async\" class=\"alignnone size-medium wp-image-6478\" src=\"http:\/\/blog.meineigenerweg.de\/wp-content\/uploads\/2019\/06\/DSC_2872-300x200.jpg\" alt=\"\" width=\"300\" height=\"200\" srcset=\"http:\/\/blog.meineigenerweg.de\/wp-content\/uploads\/2019\/06\/DSC_2872-300x200.jpg 300w, http:\/\/blog.meineigenerweg.de\/wp-content\/uploads\/2019\/06\/DSC_2872-768x512.jpg 768w, http:\/\/blog.meineigenerweg.de\/wp-content\/uploads\/2019\/06\/DSC_2872.jpg 1000w\" sizes=\"auto, (max-width: 300px) 100vw, 300px\" \/> <\/a><a href=\"http:\/\/blog.meineigenerweg.de\/wp-content\/uploads\/2019\/06\/IMG_9526.jpg\"><img loading=\"lazy\" decoding=\"async\" class=\"alignnone size-medium wp-image-6482\" src=\"http:\/\/blog.meineigenerweg.de\/wp-content\/uploads\/2019\/06\/IMG_9526-200x300.jpg\" alt=\"\" width=\"200\" height=\"300\" srcset=\"http:\/\/blog.meineigenerweg.de\/wp-content\/uploads\/2019\/06\/IMG_9526-200x300.jpg 200w, http:\/\/blog.meineigenerweg.de\/wp-content\/uploads\/2019\/06\/IMG_9526.jpg 667w\" sizes=\"auto, (max-width: 200px) 100vw, 200px\" \/><\/a><\/h4>\n<p>&nbsp;<\/p>\n<h4>Tag 41 Lago Trasimeno<\/h4>\n<p>Die Temperatur steigt auf weit \u00fcber 30 Grad, Assisi war sehr hei\u00df. Da lege ich eine kleine Ruhepause ein und fahre an den Lago Trasimeno. Hier habe ich mir den Campingplatz &#8222;Camping Trasimeno&#8220; ausgesucht, den ich ganz dringend weiterempfehlen m\u00f6chte! Es gibt Stellpl\u00e4tze direkt am tiefblauen Wasser des Sees, die sanit\u00e4ren Anlagen sind supergepflegt, morgens um 7.00 Uhr wurde ich gerne in den Pool gebeten, w\u00e4hrend der Bademeister mit Reinigen und Wasserproben besch\u00e4ftigt war, die Waschmaschine und den W\u00e4schetrockner konnte ich ohne zus\u00e4tzliche Kosten nutzen. Ein Superservice und eine sch\u00f6ne, ruhige Stimmung auf dem gesamten Platz.<\/p>\n<p><a href=\"http:\/\/blog.meineigenerweg.de\/wp-content\/uploads\/2019\/06\/IMG_9552.jpg\"><img loading=\"lazy\" decoding=\"async\" class=\"alignnone size-medium wp-image-6498\" src=\"http:\/\/blog.meineigenerweg.de\/wp-content\/uploads\/2019\/06\/IMG_9552-300x200.jpg\" alt=\"\" width=\"300\" height=\"200\" srcset=\"http:\/\/blog.meineigenerweg.de\/wp-content\/uploads\/2019\/06\/IMG_9552-300x200.jpg 300w, http:\/\/blog.meineigenerweg.de\/wp-content\/uploads\/2019\/06\/IMG_9552-768x512.jpg 768w, http:\/\/blog.meineigenerweg.de\/wp-content\/uploads\/2019\/06\/IMG_9552.jpg 1000w\" sizes=\"auto, (max-width: 300px) 100vw, 300px\" \/><\/a> <a href=\"http:\/\/blog.meineigenerweg.de\/wp-content\/uploads\/2019\/06\/DSC_2921.jpg\"><img loading=\"lazy\" decoding=\"async\" class=\"alignnone size-medium wp-image-6497\" src=\"http:\/\/blog.meineigenerweg.de\/wp-content\/uploads\/2019\/06\/DSC_2921-300x200.jpg\" alt=\"\" width=\"300\" height=\"200\" srcset=\"http:\/\/blog.meineigenerweg.de\/wp-content\/uploads\/2019\/06\/DSC_2921-300x200.jpg 300w, http:\/\/blog.meineigenerweg.de\/wp-content\/uploads\/2019\/06\/DSC_2921-768x512.jpg 768w, http:\/\/blog.meineigenerweg.de\/wp-content\/uploads\/2019\/06\/DSC_2921.jpg 1000w\" sizes=\"auto, (max-width: 300px) 100vw, 300px\" \/><\/a> <a href=\"http:\/\/blog.meineigenerweg.de\/wp-content\/uploads\/2019\/06\/IMG_9552.jpg\">\u00a0<\/a><\/p>\n<p>&nbsp;<\/p>\n<h2>Toskana<\/h2>\n<h4>Tag 42 Siena<\/h4>\n<p>Schweren Herzens verlasse ich den &#8222;Camping Trasimeno&#8220;, aber ich habe einen Termin zur Fahrradreparatur in Siena und au\u00dferdem ist mein Stellplatz am See ab heute bereits vermietet.<\/p>\n<p>Vormittags will ich Siena erkunden. Die Stadt liegt, schon von der Autobahn sichtbar, mit imposanten, gro\u00dfen Geb\u00e4uden vor mir.<\/p>\n<p><a href=\"http:\/\/blog.meineigenerweg.de\/wp-content\/uploads\/2019\/06\/DSC_2945.jpg\"><img loading=\"lazy\" decoding=\"async\" class=\"alignnone size-medium wp-image-6511\" src=\"http:\/\/blog.meineigenerweg.de\/wp-content\/uploads\/2019\/06\/DSC_2945-300x200.jpg\" alt=\"\" width=\"300\" height=\"200\" srcset=\"http:\/\/blog.meineigenerweg.de\/wp-content\/uploads\/2019\/06\/DSC_2945-300x200.jpg 300w, http:\/\/blog.meineigenerweg.de\/wp-content\/uploads\/2019\/06\/DSC_2945-768x512.jpg 768w, http:\/\/blog.meineigenerweg.de\/wp-content\/uploads\/2019\/06\/DSC_2945.jpg 1000w\" sizes=\"auto, (max-width: 300px) 100vw, 300px\" \/><\/a><\/p>\n<p><span style=\"display: inline !important; float: none; background-color: transparent; color: #111111; cursor: text; font-family: 'Arimo',Verdana,Arial; font-size: 15.2px; font-style: normal; font-variant: normal; font-weight: 400; letter-spacing: normal; orphans: 2; text-align: left; text-decoration: none; text-indent: 0px; text-transform: none; -webkit-text-stroke-width: 0px; white-space: normal; word-spacing: 0px;\">Durch die Porta Tufi in der teilweise erhaltenen Stadtmauer gelange ich in den Altstadtbereich der Stadt. Die Stra\u00dfe f\u00fchrt direkt zur Basilica De San Domnico. Beeindruckende Fresken zeugen von der Zeit der Erbauung im 13. Jhd., von den zahlreichen Herrschern, die sich hier durch gro\u00dfartige K\u00fcnstler ein Denkmal gesetzt haben. Besonders beeindruckt hat mich die Bibliothek, in der riesige Folianten mit wunderbar ausgeschm\u00fcckten Kirchenb\u00fcchern ausgestellt sind.<\/span><\/p>\n<p><a href=\"http:\/\/blog.meineigenerweg.de\/wp-content\/uploads\/2019\/06\/DSC_2952.jpg\"><img loading=\"lazy\" decoding=\"async\" class=\"alignnone size-medium wp-image-6512\" src=\"http:\/\/blog.meineigenerweg.de\/wp-content\/uploads\/2019\/06\/DSC_2952-300x200.jpg\" alt=\"\" width=\"300\" height=\"200\" srcset=\"http:\/\/blog.meineigenerweg.de\/wp-content\/uploads\/2019\/06\/DSC_2952-300x200.jpg 300w, http:\/\/blog.meineigenerweg.de\/wp-content\/uploads\/2019\/06\/DSC_2952-768x512.jpg 768w, http:\/\/blog.meineigenerweg.de\/wp-content\/uploads\/2019\/06\/DSC_2952.jpg 1000w\" sizes=\"auto, (max-width: 300px) 100vw, 300px\" \/><\/a> <a href=\"http:\/\/blog.meineigenerweg.de\/wp-content\/uploads\/2019\/06\/DSC_2965.jpg\"><img loading=\"lazy\" decoding=\"async\" class=\"alignnone size-medium wp-image-6513\" src=\"http:\/\/blog.meineigenerweg.de\/wp-content\/uploads\/2019\/06\/DSC_2965-300x200.jpg\" alt=\"\" width=\"300\" height=\"200\" srcset=\"http:\/\/blog.meineigenerweg.de\/wp-content\/uploads\/2019\/06\/DSC_2965-300x200.jpg 300w, http:\/\/blog.meineigenerweg.de\/wp-content\/uploads\/2019\/06\/DSC_2965-768x512.jpg 768w, http:\/\/blog.meineigenerweg.de\/wp-content\/uploads\/2019\/06\/DSC_2965.jpg 1000w\" sizes=\"auto, (max-width: 300px) 100vw, 300px\" \/><\/a> <a href=\"http:\/\/blog.meineigenerweg.de\/wp-content\/uploads\/2019\/06\/DSC_2968.jpg\"><img loading=\"lazy\" decoding=\"async\" class=\"alignnone size-medium wp-image-6514\" src=\"http:\/\/blog.meineigenerweg.de\/wp-content\/uploads\/2019\/06\/DSC_2968-300x200.jpg\" alt=\"\" width=\"300\" height=\"200\" srcset=\"http:\/\/blog.meineigenerweg.de\/wp-content\/uploads\/2019\/06\/DSC_2968-300x200.jpg 300w, http:\/\/blog.meineigenerweg.de\/wp-content\/uploads\/2019\/06\/DSC_2968-768x512.jpg 768w, http:\/\/blog.meineigenerweg.de\/wp-content\/uploads\/2019\/06\/DSC_2968.jpg 1000w\" sizes=\"auto, (max-width: 300px) 100vw, 300px\" \/><\/a><\/p>\n<p>Weiter geht es zum ber\u00fchmten &#8222;Il Campo&#8220;, auf dem auch in diesem Jahr der &#8222;Palio&#8220;, das ber\u00fchmte Pferderennen, stattfindet. Aktuell ist der Platz schon in Vorbereitung, Holzabtrennungen sind aufgebaut, die ersten Sitzreihen dahinter stehen. Heute ruhen sich aber nur einige Touristen dort aus, von Pferden ist nichts zu sehen.<\/p>\n<p><a href=\"http:\/\/blog.meineigenerweg.de\/wp-content\/uploads\/2019\/06\/DSC_3016.jpg\"><img loading=\"lazy\" decoding=\"async\" class=\"alignnone size-medium wp-image-6515\" src=\"http:\/\/blog.meineigenerweg.de\/wp-content\/uploads\/2019\/06\/DSC_3016-300x200.jpg\" alt=\"\" width=\"300\" height=\"200\" srcset=\"http:\/\/blog.meineigenerweg.de\/wp-content\/uploads\/2019\/06\/DSC_3016-300x200.jpg 300w, http:\/\/blog.meineigenerweg.de\/wp-content\/uploads\/2019\/06\/DSC_3016-768x512.jpg 768w, http:\/\/blog.meineigenerweg.de\/wp-content\/uploads\/2019\/06\/DSC_3016.jpg 1000w\" sizes=\"auto, (max-width: 300px) 100vw, 300px\" \/><\/a><\/p>\n<p>In einer Seitenstra\u00dfe kehre ich in einen kleinen Wurst- und K\u00e4seladen wie es viele in Siena gibt, ein (in Deutschland w\u00e4re es sicherlich ein 1a Delikatessenladen), in dem der Inhaber hinter der Theke steht, sich seine Sch\u00fcrze umbindet, um mir das (nach seiner Aussage) beste Focaccia innerhalb der Stadtmauer zuzubereiten. Recht hat er, superk\u00f6stlich!<\/p>\n<p><a href=\"http:\/\/blog.meineigenerweg.de\/wp-content\/uploads\/2019\/06\/IMG_9564.jpg\"><img loading=\"lazy\" decoding=\"async\" class=\"alignnone size-medium wp-image-6516\" src=\"http:\/\/blog.meineigenerweg.de\/wp-content\/uploads\/2019\/06\/IMG_9564-300x200.jpg\" alt=\"\" width=\"300\" height=\"200\" srcset=\"http:\/\/blog.meineigenerweg.de\/wp-content\/uploads\/2019\/06\/IMG_9564-300x200.jpg 300w, http:\/\/blog.meineigenerweg.de\/wp-content\/uploads\/2019\/06\/IMG_9564-768x512.jpg 768w, http:\/\/blog.meineigenerweg.de\/wp-content\/uploads\/2019\/06\/IMG_9564.jpg 1000w\" sizes=\"auto, (max-width: 300px) 100vw, 300px\" \/><\/a> <a href=\"http:\/\/blog.meineigenerweg.de\/wp-content\/uploads\/2019\/06\/IMG_9565.jpg\"><img loading=\"lazy\" decoding=\"async\" class=\"alignnone size-medium wp-image-6517\" src=\"http:\/\/blog.meineigenerweg.de\/wp-content\/uploads\/2019\/06\/IMG_9565-300x200.jpg\" alt=\"\" width=\"300\" height=\"200\" srcset=\"http:\/\/blog.meineigenerweg.de\/wp-content\/uploads\/2019\/06\/IMG_9565-300x200.jpg 300w, http:\/\/blog.meineigenerweg.de\/wp-content\/uploads\/2019\/06\/IMG_9565-768x512.jpg 768w, http:\/\/blog.meineigenerweg.de\/wp-content\/uploads\/2019\/06\/IMG_9565.jpg 1000w\" sizes=\"auto, (max-width: 300px) 100vw, 300px\" \/><\/a><\/p>\n<p>&nbsp;<\/p>\n<h4>Tag 43 San Gimignano<\/h4>\n<p>Am Abend treffe ich in San Gimigliano ein und finde einen Stellplatz in N\u00e4he des Ortes. Mit dem Rad fahre ich am n\u00e4chsten Morgen \u00fcber die alte Handelsstra\u00dfe der Franken und sehe schon von Weitem die Silhouette der Stadt,<\/p>\n<p><a href=\"http:\/\/blog.meineigenerweg.de\/wp-content\/uploads\/2019\/06\/DSC_3040.jpg\"><img loading=\"lazy\" decoding=\"async\" class=\"alignnone size-medium wp-image-6524\" src=\"http:\/\/blog.meineigenerweg.de\/wp-content\/uploads\/2019\/06\/DSC_3040-300x200.jpg\" alt=\"\" width=\"300\" height=\"200\" srcset=\"http:\/\/blog.meineigenerweg.de\/wp-content\/uploads\/2019\/06\/DSC_3040-300x200.jpg 300w, http:\/\/blog.meineigenerweg.de\/wp-content\/uploads\/2019\/06\/DSC_3040-768x512.jpg 768w, http:\/\/blog.meineigenerweg.de\/wp-content\/uploads\/2019\/06\/DSC_3040.jpg 1000w\" sizes=\"auto, (max-width: 300px) 100vw, 300px\" \/><\/a><\/p>\n<p>gepr\u00e4gt von den zahlreichen Geschlechtert\u00fcrmen. Die durch den Handel reich gewordenen Kaufleute haben hier ab dem 12. Jhd. ihren Reichtum in um H\u00f6he konkurrierende T\u00fcrme zur Schau gestellt.<\/p>\n<p><a href=\"http:\/\/blog.meineigenerweg.de\/wp-content\/uploads\/2019\/06\/DSC_3063.jpg\"><img loading=\"lazy\" decoding=\"async\" class=\"alignnone size-medium wp-image-6525\" src=\"http:\/\/blog.meineigenerweg.de\/wp-content\/uploads\/2019\/06\/DSC_3063-300x200.jpg\" alt=\"\" width=\"300\" height=\"200\" srcset=\"http:\/\/blog.meineigenerweg.de\/wp-content\/uploads\/2019\/06\/DSC_3063-300x200.jpg 300w, http:\/\/blog.meineigenerweg.de\/wp-content\/uploads\/2019\/06\/DSC_3063-768x512.jpg 768w, http:\/\/blog.meineigenerweg.de\/wp-content\/uploads\/2019\/06\/DSC_3063.jpg 1000w\" sizes=\"auto, (max-width: 300px) 100vw, 300px\" \/><\/a> <a href=\"http:\/\/blog.meineigenerweg.de\/wp-content\/uploads\/2019\/06\/DSC_3070.jpg\"><img loading=\"lazy\" decoding=\"async\" class=\"alignnone size-medium wp-image-6526\" src=\"http:\/\/blog.meineigenerweg.de\/wp-content\/uploads\/2019\/06\/DSC_3070-300x200.jpg\" alt=\"\" width=\"300\" height=\"200\" srcset=\"http:\/\/blog.meineigenerweg.de\/wp-content\/uploads\/2019\/06\/DSC_3070-300x200.jpg 300w, http:\/\/blog.meineigenerweg.de\/wp-content\/uploads\/2019\/06\/DSC_3070-768x512.jpg 768w, http:\/\/blog.meineigenerweg.de\/wp-content\/uploads\/2019\/06\/DSC_3070.jpg 1000w\" sizes=\"auto, (max-width: 300px) 100vw, 300px\" \/><\/a><\/p>\n<p>In der Stiftskirche Santa Maria Assunta finde ich wie ein mittelalterliches Comic, in wundersch\u00f6nen Fresken, zum einen Szenen aus dem alten Testament auf der einen Seite und Jesu Leben von der Geburt bis zur Kreuzigung auf der anderen Seite.<\/p>\n<p>Obwohl diese Kirche christlich ist, finden sich auch hier wie in vielen anderen Kirchen im S\u00fcden Italiens, Ankl\u00e4nge an maurischen Baustil und viele Themen aus der Antike.<\/p>\n<p><a href=\"http:\/\/blog.meineigenerweg.de\/wp-content\/uploads\/2019\/06\/DSC_3083.jpg\"><img loading=\"lazy\" decoding=\"async\" class=\"alignnone size-medium wp-image-6528\" src=\"http:\/\/blog.meineigenerweg.de\/wp-content\/uploads\/2019\/06\/DSC_3083-300x200.jpg\" alt=\"\" width=\"300\" height=\"200\" srcset=\"http:\/\/blog.meineigenerweg.de\/wp-content\/uploads\/2019\/06\/DSC_3083-300x200.jpg 300w, http:\/\/blog.meineigenerweg.de\/wp-content\/uploads\/2019\/06\/DSC_3083-768x512.jpg 768w, http:\/\/blog.meineigenerweg.de\/wp-content\/uploads\/2019\/06\/DSC_3083.jpg 1000w\" sizes=\"auto, (max-width: 300px) 100vw, 300px\" \/><\/a> <a href=\"http:\/\/blog.meineigenerweg.de\/wp-content\/uploads\/2019\/06\/DSC_3078.jpg\"><img loading=\"lazy\" decoding=\"async\" class=\"alignnone size-medium wp-image-6527\" src=\"http:\/\/blog.meineigenerweg.de\/wp-content\/uploads\/2019\/06\/DSC_3078-300x200.jpg\" alt=\"\" width=\"300\" height=\"200\" srcset=\"http:\/\/blog.meineigenerweg.de\/wp-content\/uploads\/2019\/06\/DSC_3078-300x200.jpg 300w, http:\/\/blog.meineigenerweg.de\/wp-content\/uploads\/2019\/06\/DSC_3078-768x512.jpg 768w, http:\/\/blog.meineigenerweg.de\/wp-content\/uploads\/2019\/06\/DSC_3078.jpg 1000w\" sizes=\"auto, (max-width: 300px) 100vw, 300px\" \/><\/a><\/p>\n<p>Einen der Geschlechtert\u00fcrme, den &#8222;Torre Grossa&#8220;, kann ich besteigen. Von hier oben habe ich einen fantastischen Rundumblick \u00fcber Siena und die darum liegende Ebene.<\/p>\n<p><a href=\"http:\/\/blog.meineigenerweg.de\/wp-content\/uploads\/2019\/06\/DSC_3101.jpg\"><img loading=\"lazy\" decoding=\"async\" class=\"alignnone size-medium wp-image-6529\" src=\"http:\/\/blog.meineigenerweg.de\/wp-content\/uploads\/2019\/06\/DSC_3101-300x200.jpg\" alt=\"\" width=\"300\" height=\"200\" srcset=\"http:\/\/blog.meineigenerweg.de\/wp-content\/uploads\/2019\/06\/DSC_3101-300x200.jpg 300w, http:\/\/blog.meineigenerweg.de\/wp-content\/uploads\/2019\/06\/DSC_3101-768x512.jpg 768w, http:\/\/blog.meineigenerweg.de\/wp-content\/uploads\/2019\/06\/DSC_3101.jpg 1000w\" sizes=\"auto, (max-width: 300px) 100vw, 300px\" \/><\/a> <a href=\"http:\/\/blog.meineigenerweg.de\/wp-content\/uploads\/2019\/06\/DSC_3114.jpg\"><img loading=\"lazy\" decoding=\"async\" class=\"alignnone size-medium wp-image-6530\" src=\"http:\/\/blog.meineigenerweg.de\/wp-content\/uploads\/2019\/06\/DSC_3114-300x200.jpg\" alt=\"\" width=\"300\" height=\"200\" srcset=\"http:\/\/blog.meineigenerweg.de\/wp-content\/uploads\/2019\/06\/DSC_3114-300x200.jpg 300w, http:\/\/blog.meineigenerweg.de\/wp-content\/uploads\/2019\/06\/DSC_3114-768x512.jpg 768w, http:\/\/blog.meineigenerweg.de\/wp-content\/uploads\/2019\/06\/DSC_3114.jpg 1000w\" sizes=\"auto, (max-width: 300px) 100vw, 300px\" \/><\/a> <a href=\"http:\/\/blog.meineigenerweg.de\/wp-content\/uploads\/2019\/06\/DSC_3120.jpg\"><img loading=\"lazy\" decoding=\"async\" class=\"alignnone size-medium wp-image-6531\" src=\"http:\/\/blog.meineigenerweg.de\/wp-content\/uploads\/2019\/06\/DSC_3120-300x200.jpg\" alt=\"\" width=\"300\" height=\"200\" srcset=\"http:\/\/blog.meineigenerweg.de\/wp-content\/uploads\/2019\/06\/DSC_3120-300x200.jpg 300w, http:\/\/blog.meineigenerweg.de\/wp-content\/uploads\/2019\/06\/DSC_3120-768x512.jpg 768w, http:\/\/blog.meineigenerweg.de\/wp-content\/uploads\/2019\/06\/DSC_3120.jpg 1000w\" sizes=\"auto, (max-width: 300px) 100vw, 300px\" \/><\/a><\/p>\n<p>&nbsp;<\/p>\n<h2>Trentino Alto Adige<\/h2>\n<h4>Tag 44 Lago di Molveno<\/h4>\n<p><span style=\"display: inline !important; float: none; background-color: transparent; color: #111111; cursor: text; font-family: 'Arimo',Verdana,Arial; font-size: 15.2px; font-style: normal; font-variant: normal; font-weight: 400; letter-spacing: normal; orphans: 2; text-align: left; text-decoration: none; text-indent: 0px; text-transform: none; -webkit-text-stroke-width: 0px; white-space: normal; word-spacing: 0px;\">Heute Morgen will ich mich entscheiden, wohin ich vor der gro\u00dfen Hitze in der Toskana fl\u00fcchte: ans Meer oder in die Berge? An den Str\u00e4nden werden die Campingpl\u00e4tze inzwischen sehr voll sein, auch die Italiener haben Sommerferien. Und wie eine \u00d6lsardine am Strand zu liegen, gef\u00e4llt mir auch nicht. Also, ab in die Berge! Ich suche mir einen Badesee aus, davon gibt es in den Dolomiten einige, und starte meine Sightseeing-Tour per Auto. Die lieblichen H\u00fcgel der Toskana werden h\u00f6her, bewaldeter, wilder. In den Ebenen werden Wein und Olivenhaine abgel\u00f6st von endlosen Apfelplantagen. und dann kommen auch schon die ersten Alpenausl\u00e4ufer, weiter geht es, immer weiter ins Gebirge, bis ich auf ca. 1000 m in Molveno ankomme. Der Ort und der See sind umgeben von hohen Bergen, auf deren Spitze in 3000m H\u00f6he die letzten Schneereste zu sehen sind. Der Campingplatz liegt direkt am See, es gibt einen privaten Zugang zur Liegewiese am Strand. Und vom See weht ein kleiner Wind, sehr angenehm!<\/span><\/p>\n<p>Abendstimmung am See und Campingplatz.<\/p>\n<p><a href=\"http:\/\/blog.meineigenerweg.de\/wp-content\/uploads\/2019\/06\/IMG_9596.jpg\"><img loading=\"lazy\" decoding=\"async\" class=\"alignnone size-medium wp-image-6541\" src=\"http:\/\/blog.meineigenerweg.de\/wp-content\/uploads\/2019\/06\/IMG_9596-300x200.jpg\" alt=\"\" width=\"300\" height=\"200\" srcset=\"http:\/\/blog.meineigenerweg.de\/wp-content\/uploads\/2019\/06\/IMG_9596-300x200.jpg 300w, http:\/\/blog.meineigenerweg.de\/wp-content\/uploads\/2019\/06\/IMG_9596-768x512.jpg 768w, http:\/\/blog.meineigenerweg.de\/wp-content\/uploads\/2019\/06\/IMG_9596.jpg 1000w\" sizes=\"auto, (max-width: 300px) 100vw, 300px\" \/><\/a> <a href=\"http:\/\/blog.meineigenerweg.de\/wp-content\/uploads\/2019\/06\/IMG_9597.jpg\"><img loading=\"lazy\" decoding=\"async\" class=\"alignnone size-medium wp-image-6542\" src=\"http:\/\/blog.meineigenerweg.de\/wp-content\/uploads\/2019\/06\/IMG_9597-300x200.jpg\" alt=\"\" width=\"300\" height=\"200\" srcset=\"http:\/\/blog.meineigenerweg.de\/wp-content\/uploads\/2019\/06\/IMG_9597-300x200.jpg 300w, http:\/\/blog.meineigenerweg.de\/wp-content\/uploads\/2019\/06\/IMG_9597-768x512.jpg 768w, http:\/\/blog.meineigenerweg.de\/wp-content\/uploads\/2019\/06\/IMG_9597.jpg 1000w\" sizes=\"auto, (max-width: 300px) 100vw, 300px\" \/><\/a><\/p>\n<p>&nbsp;<\/p>\n<h4>Tag 45 Lago di Molveno<\/h4>\n<p><span style=\"display: inline !important; float: none; background-color: transparent; color: #111111; cursor: text; font-family: 'Arimo',Verdana,Arial; font-size: 15.2px; font-style: normal; font-variant: normal; font-weight: 400; letter-spacing: normal; orphans: 2; text-align: left; text-decoration: none; text-indent: 0px; text-transform: none; -webkit-text-stroke-width: 0px; white-space: normal; word-spacing: 0px;\">Nach einer Nacht mit angenehmen Temperaturen gehe ich zuerst an den See, um ihn jetzt im Morgenlicht <\/span>mit seinem kristallklarem Wasser zu bewundern. Der See ist kalt, gerade 20 Grad, sehr erfrischend!<\/p>\n<h4><a href=\"http:\/\/blog.meineigenerweg.de\/wp-content\/uploads\/2019\/06\/DSC_3218.jpg\"><img loading=\"lazy\" decoding=\"async\" class=\"alignnone size-medium wp-image-6547\" src=\"http:\/\/blog.meineigenerweg.de\/wp-content\/uploads\/2019\/06\/DSC_3218-300x200.jpg\" alt=\"\" width=\"300\" height=\"200\" srcset=\"http:\/\/blog.meineigenerweg.de\/wp-content\/uploads\/2019\/06\/DSC_3218-300x200.jpg 300w, http:\/\/blog.meineigenerweg.de\/wp-content\/uploads\/2019\/06\/DSC_3218-768x512.jpg 768w, http:\/\/blog.meineigenerweg.de\/wp-content\/uploads\/2019\/06\/DSC_3218.jpg 1000w\" sizes=\"auto, (max-width: 300px) 100vw, 300px\" \/> <\/a><a href=\"http:\/\/blog.meineigenerweg.de\/wp-content\/uploads\/2019\/06\/IMG_9623.jpg\"><img loading=\"lazy\" decoding=\"async\" class=\"alignnone size-medium wp-image-6548\" src=\"http:\/\/blog.meineigenerweg.de\/wp-content\/uploads\/2019\/06\/IMG_9623-300x200.jpg\" alt=\"\" width=\"300\" height=\"200\" srcset=\"http:\/\/blog.meineigenerweg.de\/wp-content\/uploads\/2019\/06\/IMG_9623-300x200.jpg 300w, http:\/\/blog.meineigenerweg.de\/wp-content\/uploads\/2019\/06\/IMG_9623-768x512.jpg 768w, http:\/\/blog.meineigenerweg.de\/wp-content\/uploads\/2019\/06\/IMG_9623.jpg 1000w\" sizes=\"auto, (max-width: 300px) 100vw, 300px\" \/><\/a><\/h4>\n<p>Im R\u00fccken habe ich die wunderbare Bergwelt der Dolomiten.<\/p>\n<h4><a href=\"http:\/\/blog.meineigenerweg.de\/wp-content\/uploads\/2019\/06\/DSC_3156.jpg\"><img loading=\"lazy\" decoding=\"async\" class=\"alignnone size-medium wp-image-6544\" src=\"http:\/\/blog.meineigenerweg.de\/wp-content\/uploads\/2019\/06\/DSC_3156-300x200.jpg\" alt=\"\" width=\"300\" height=\"200\" srcset=\"http:\/\/blog.meineigenerweg.de\/wp-content\/uploads\/2019\/06\/DSC_3156-300x200.jpg 300w, http:\/\/blog.meineigenerweg.de\/wp-content\/uploads\/2019\/06\/DSC_3156-768x512.jpg 768w, http:\/\/blog.meineigenerweg.de\/wp-content\/uploads\/2019\/06\/DSC_3156.jpg 1000w\" sizes=\"auto, (max-width: 300px) 100vw, 300px\" \/><\/a><\/h4>\n<p>Ich fahre mit dem Rad in den Ort und dann mit der Seilbahn auf die Bergstation. Das Rad k\u00f6nnte ich mit hoch nehmen, es gibt dort einen Mountainbike-Parcour. Mir sind die Berge zu Fu\u00df aber lieber, ich schaue den Downhill-Rasern gerne aus der Seilbahn zu.<\/p>\n<p><a href=\"http:\/\/blog.meineigenerweg.de\/wp-content\/uploads\/2019\/06\/JSFJ1006.jpg\"><img loading=\"lazy\" decoding=\"async\" class=\"alignnone size-medium wp-image-6549\" src=\"http:\/\/blog.meineigenerweg.de\/wp-content\/uploads\/2019\/06\/JSFJ1006-300x200.jpg\" alt=\"\" width=\"300\" height=\"200\" srcset=\"http:\/\/blog.meineigenerweg.de\/wp-content\/uploads\/2019\/06\/JSFJ1006-300x200.jpg 300w, http:\/\/blog.meineigenerweg.de\/wp-content\/uploads\/2019\/06\/JSFJ1006-768x512.jpg 768w, http:\/\/blog.meineigenerweg.de\/wp-content\/uploads\/2019\/06\/JSFJ1006.jpg 1000w\" sizes=\"auto, (max-width: 300px) 100vw, 300px\" \/><\/a><\/p>\n<p>Von der Bergstation aus habe ich einen fantastischen Blick auf die Berggruppe des Parco Adamello-Brenta, auch auf den Cima Brenta, der mit 3150m der h\u00f6chste Berg ist.\u00a0 Der Lago die Molveno ist von hier aus wie ein t\u00fcrkisfarbenes Auge zu sehen.<\/p>\n<h4><a href=\"http:\/\/blog.meineigenerweg.de\/wp-content\/uploads\/2019\/06\/DSC_3202.jpg\"><img loading=\"lazy\" decoding=\"async\" class=\"alignnone size-medium wp-image-6546\" src=\"http:\/\/blog.meineigenerweg.de\/wp-content\/uploads\/2019\/06\/DSC_3202-300x200.jpg\" alt=\"\" width=\"300\" height=\"200\" srcset=\"http:\/\/blog.meineigenerweg.de\/wp-content\/uploads\/2019\/06\/DSC_3202-300x200.jpg 300w, http:\/\/blog.meineigenerweg.de\/wp-content\/uploads\/2019\/06\/DSC_3202-768x512.jpg 768w, http:\/\/blog.meineigenerweg.de\/wp-content\/uploads\/2019\/06\/DSC_3202.jpg 1000w\" sizes=\"auto, (max-width: 300px) 100vw, 300px\" \/> <\/a><a href=\"http:\/\/blog.meineigenerweg.de\/wp-content\/uploads\/2019\/06\/DSC_3198.jpg\"><img loading=\"lazy\" decoding=\"async\" class=\"alignnone size-medium wp-image-6545\" src=\"http:\/\/blog.meineigenerweg.de\/wp-content\/uploads\/2019\/06\/DSC_3198-300x200.jpg\" alt=\"\" width=\"300\" height=\"200\" srcset=\"http:\/\/blog.meineigenerweg.de\/wp-content\/uploads\/2019\/06\/DSC_3198-300x200.jpg 300w, http:\/\/blog.meineigenerweg.de\/wp-content\/uploads\/2019\/06\/DSC_3198-768x512.jpg 768w, http:\/\/blog.meineigenerweg.de\/wp-content\/uploads\/2019\/06\/DSC_3198.jpg 1000w\" sizes=\"auto, (max-width: 300px) 100vw, 300px\" \/><\/a><\/h4>\n<p>&nbsp;<\/p>\n<h4>Tag 46 Pragser Wildsee<\/h4>\n<p>Ich m\u00f6chte noch etwas mehr von der herrlichen Bergwelt und den sch\u00f6nen Seen in der Region sehen. \u00dcber den Lago di Baies oder Pragser Wildsee habe ich schon einiges gelesen und auch andere Camper haben von dem sch\u00f6nen See berichtet. W\u00e4hrend der Fahrt dorthin wird mir bewusst, dass die Hauptreisezeit nun begonnen hat. Die Stra\u00dfen sind voll und auch am See sind die Parkpl\u00e4tze gut besucht. Ich hatte mir eine ruhige Idylle vorgestellt, aber vor dem einzigen Hotel am See waren nicht nur Souvenirst\u00e4nde, sondern auch sehr, sehr viele Touristen, die wie ich den See besuchen wollen.<\/p>\n<p>Um den See f\u00fchrt ein sch\u00f6ner Wanderweg entlang, und sp\u00e4testens am Bootsverleih wird der Touristenstrom d\u00fcnner. Trotzdem laufe ich an Wandergruppen, Familien und vielen jungen Leuten in sportlicher Ausr\u00fcstung vorbei und auch einige Fahrradfahrer tragen ihre R\u00e4der \u00fcber die Stufen des Wanderweges &#8211; selber Schuld, sie h\u00e4tten die Verbotsschilder f\u00fcr Radfahrer vielleicht besser ber\u00fccksichtigen sollen.<\/p>\n<p>Der See ist wirklich wundersch\u00f6n, t\u00fcrkisblau und umgeben von hohen Bergen mit Schneeresten auf den Gipfeln. Ich warte, bis in den Abendstunden die meisten Besucher verschwunden sind und setze mich mit einem Glas Wein auf eine der vielen B\u00e4nke am See. Welch sch\u00f6ne Abendstimmung, zumal eine Besucherin \u00fcberraschend ein Dudelsackkonzert am Ufer gibt, f\u00fcr das sie viel Applaus erntet.<\/p>\n<p><a href=\"http:\/\/blog.meineigenerweg.de\/wp-content\/uploads\/2019\/06\/DSC_3240.jpg\"><img loading=\"lazy\" decoding=\"async\" class=\"alignnone size-medium wp-image-6562\" src=\"http:\/\/blog.meineigenerweg.de\/wp-content\/uploads\/2019\/06\/DSC_3240-300x200.jpg\" alt=\"\" width=\"300\" height=\"200\" srcset=\"http:\/\/blog.meineigenerweg.de\/wp-content\/uploads\/2019\/06\/DSC_3240-300x200.jpg 300w, http:\/\/blog.meineigenerweg.de\/wp-content\/uploads\/2019\/06\/DSC_3240-768x512.jpg 768w, http:\/\/blog.meineigenerweg.de\/wp-content\/uploads\/2019\/06\/DSC_3240.jpg 1000w\" sizes=\"auto, (max-width: 300px) 100vw, 300px\" \/><\/a> <a href=\"http:\/\/blog.meineigenerweg.de\/wp-content\/uploads\/2019\/06\/DSC_3250.jpg\"><img loading=\"lazy\" decoding=\"async\" class=\"alignnone size-medium wp-image-6563\" src=\"http:\/\/blog.meineigenerweg.de\/wp-content\/uploads\/2019\/06\/DSC_3250-300x200.jpg\" alt=\"\" width=\"300\" height=\"200\" srcset=\"http:\/\/blog.meineigenerweg.de\/wp-content\/uploads\/2019\/06\/DSC_3250-300x200.jpg 300w, http:\/\/blog.meineigenerweg.de\/wp-content\/uploads\/2019\/06\/DSC_3250-768x512.jpg 768w, http:\/\/blog.meineigenerweg.de\/wp-content\/uploads\/2019\/06\/DSC_3250.jpg 1000w\" sizes=\"auto, (max-width: 300px) 100vw, 300px\" \/><\/a><br \/>\n<a href=\"http:\/\/blog.meineigenerweg.de\/wp-content\/uploads\/2019\/06\/DSC_3294.jpg\"><img loading=\"lazy\" decoding=\"async\" class=\"alignnone size-medium wp-image-6564\" src=\"http:\/\/blog.meineigenerweg.de\/wp-content\/uploads\/2019\/06\/DSC_3294-300x200.jpg\" alt=\"\" width=\"300\" height=\"200\" srcset=\"http:\/\/blog.meineigenerweg.de\/wp-content\/uploads\/2019\/06\/DSC_3294-300x200.jpg 300w, http:\/\/blog.meineigenerweg.de\/wp-content\/uploads\/2019\/06\/DSC_3294-768x512.jpg 768w, http:\/\/blog.meineigenerweg.de\/wp-content\/uploads\/2019\/06\/DSC_3294.jpg 1000w\" sizes=\"auto, (max-width: 300px) 100vw, 300px\" \/><\/a><\/p>\n<p>Auf dem Parkplatz vor dem See kann ich an diesem Abend \u00fcbernachten, wobei &#8211; zwischen den gro\u00dfen Br\u00fcdern geht meine Ilse fast verloren&#8230;<\/p>\n<p><a href=\"http:\/\/blog.meineigenerweg.de\/wp-content\/uploads\/2019\/06\/DSC_3298.jpg\"><img loading=\"lazy\" decoding=\"async\" class=\"alignnone size-medium wp-image-6566\" src=\"http:\/\/blog.meineigenerweg.de\/wp-content\/uploads\/2019\/06\/DSC_3298-300x200.jpg\" alt=\"\" width=\"300\" height=\"200\" srcset=\"http:\/\/blog.meineigenerweg.de\/wp-content\/uploads\/2019\/06\/DSC_3298-300x200.jpg 300w, http:\/\/blog.meineigenerweg.de\/wp-content\/uploads\/2019\/06\/DSC_3298-768x512.jpg 768w, http:\/\/blog.meineigenerweg.de\/wp-content\/uploads\/2019\/06\/DSC_3298.jpg 1000w\" sizes=\"auto, (max-width: 300px) 100vw, 300px\" \/><\/a><\/p>\n<p>&nbsp;<\/p>\n<h2>&#8230; und pl\u00f6tzlich in \u00d6sterreich<\/h2>\n<h4>Tag 47 Flattach<\/h4>\n<p>Schon fr\u00fch werde ich heute wach, der Stellplatz l\u00e4dt nicht zum St\u00fchle \u00b4rausstellen und gem\u00fctlich fr\u00fchst\u00fccken ein. Kurz darauf fahre ich los, weiter ins Gebirge hinein. Es soll weiterhin so hei\u00df bleiben, schon um 10.00 Uhr zeigt das Thermometer 34 Grad an. Da habe ich meine Ziele, <span style=\"display: inline !important; float: none; background-color: transparent; color: #111111; cursor: text; font-family: 'Arimo',Verdana,Arial; font-size: 15.2px; font-style: normal; font-variant: normal; font-weight: 400; letter-spacing: normal; orphans: 2; text-align: left; text-decoration: none; text-indent: 0px; text-transform: none; -webkit-text-stroke-width: 0px; white-space: normal; word-spacing: 0px;\">die G\u00e4rten von Schlo\u00df Trauttmansdorff in Meran, Hafflingen, Meran 2000,<\/span>die ich eigentlich in den n\u00e4chsten Tagen anfahren wollte, erst einmal gecancelt. Ich mache mich auf zur Passstrasse zu den Drei Zinnen. Dort oben m\u00f6chte ich \u00fcbernachten und einen Sonnenauf- und untergang auf fast 2500 mtr H\u00f6he erleben.<\/p>\n<p>Unterwegs halte ich in Toblach, bummele durch den Ort und fr\u00fchst\u00fccke in einem der h\u00fcbschen Cafes.<\/p>\n<p><a href=\"http:\/\/blog.meineigenerweg.de\/wp-content\/uploads\/2019\/06\/IMG_9674.jpg\"><img loading=\"lazy\" decoding=\"async\" class=\"alignnone size-medium wp-image-6576\" src=\"http:\/\/blog.meineigenerweg.de\/wp-content\/uploads\/2019\/06\/IMG_9674-300x200.jpg\" alt=\"\" width=\"300\" height=\"200\" srcset=\"http:\/\/blog.meineigenerweg.de\/wp-content\/uploads\/2019\/06\/IMG_9674-300x200.jpg 300w, http:\/\/blog.meineigenerweg.de\/wp-content\/uploads\/2019\/06\/IMG_9674-768x512.jpg 768w, http:\/\/blog.meineigenerweg.de\/wp-content\/uploads\/2019\/06\/IMG_9674.jpg 1000w\" sizes=\"auto, (max-width: 300px) 100vw, 300px\" \/><\/a><\/p>\n<p>Schon der Weg zu drei Zinnen f\u00fchrt mich durch eine beeindruckende Bergwelt.<\/p>\n<p><a href=\"http:\/\/blog.meineigenerweg.de\/wp-content\/uploads\/2019\/06\/DSC_3315.jpg\"><img loading=\"lazy\" decoding=\"async\" class=\"alignnone size-medium wp-image-6577\" src=\"http:\/\/blog.meineigenerweg.de\/wp-content\/uploads\/2019\/06\/DSC_3315-300x200.jpg\" alt=\"\" width=\"300\" height=\"200\" srcset=\"http:\/\/blog.meineigenerweg.de\/wp-content\/uploads\/2019\/06\/DSC_3315-300x200.jpg 300w, http:\/\/blog.meineigenerweg.de\/wp-content\/uploads\/2019\/06\/DSC_3315-768x512.jpg 768w, http:\/\/blog.meineigenerweg.de\/wp-content\/uploads\/2019\/06\/DSC_3315.jpg 1000w\" sizes=\"auto, (max-width: 300px) 100vw, 300px\" \/><\/a><\/p>\n<p>Je n\u00e4her ich dem Abzweig zur Passtrasse komme, umso voller werden die Stra\u00dfen. Und dann &#8211; die Zufahrt zu den drei Zinnen ist von Carabinieri gesperrt! Auf meine Frage, warum, erhalte ich die Antwort: wegen \u00dcberf\u00fcllung, der Stellplatz oben sei voll und sie w\u00fc\u00dften nicht, wann wieder ein Wohnmobil die Stra\u00dfe passieren darf.<\/p>\n<p>Bin ich entt\u00e4uscht! Ich hatte es mir wunderbar vorgestellt, dort oben zu stehen. Aber warten, ob ich in den n\u00e4chsten Stunden oder Tagen Gelegenheit habe, m\u00f6chte ich auch nicht. Daf\u00fcr warten zu viele Autos und Wohnmobile auf den Stellpl\u00e4tzen entlang der Stra\u00dfe.\u00a0 Ich werde irgendwann einen neuen Versuch starten, au\u00dferhalb der Hauptsaison!<\/p>\n<p>In den Bergen m\u00f6chte ich bleiben, aber die italienischen Alpen sind mir inzwischen zu voll. Ich fahre weiter nach \u00d6sterreich, nach K\u00e4rnten. Unterwegs sehe ich zuf\u00e4llig das Hinweisschild auf die Raggaschlucht in Flattach. Das ist eine sch\u00f6ne Alternative, in einer k\u00fchlen Schlucht zu wandern. Spontan biege ich ab, finde einen Parkplatz unterhalb der Schlucht und laufe durch den Eingang an der Ragga entlang. Ich bin \u00fcberw\u00e4ltigt von dem wilden Raggabach, der sich durch das Gebirge geschnitten hat und stellenweise als Wasserfall durch die Schlucht flie\u00dft. \u00dcber steile Holztreppen und gewundene Wege am Berg entlang steige ich bis zum Ende der Schlucht hoch. Es geht immer \u00fcber dem Wasser entlang, der Wasserfall spr\u00fcht mich beim Hochsteigen nass, aber die k\u00fchle Luft in der Schlucht ist richtig erfrischend. Herunter geht es \u00fcber einen ebenfalls sehr steilen Waldweg, bis ich wieder im Tal angekommen bin.<\/p>\n<p><a href=\"http:\/\/blog.meineigenerweg.de\/wp-content\/uploads\/2019\/06\/DSC_3365.jpg\"><img loading=\"lazy\" decoding=\"async\" class=\"alignnone size-medium wp-image-6580\" src=\"http:\/\/blog.meineigenerweg.de\/wp-content\/uploads\/2019\/06\/DSC_3365-200x300.jpg\" alt=\"\" width=\"200\" height=\"300\" srcset=\"http:\/\/blog.meineigenerweg.de\/wp-content\/uploads\/2019\/06\/DSC_3365-200x300.jpg 200w, http:\/\/blog.meineigenerweg.de\/wp-content\/uploads\/2019\/06\/DSC_3365.jpg 667w\" sizes=\"auto, (max-width: 200px) 100vw, 200px\" \/> <\/a><a href=\"http:\/\/blog.meineigenerweg.de\/wp-content\/uploads\/2019\/06\/DSC_3395.jpg\"><img loading=\"lazy\" decoding=\"async\" class=\"alignnone size-medium wp-image-6581\" src=\"http:\/\/blog.meineigenerweg.de\/wp-content\/uploads\/2019\/06\/DSC_3395-200x300.jpg\" alt=\"\" width=\"200\" height=\"300\" srcset=\"http:\/\/blog.meineigenerweg.de\/wp-content\/uploads\/2019\/06\/DSC_3395-200x300.jpg 200w, http:\/\/blog.meineigenerweg.de\/wp-content\/uploads\/2019\/06\/DSC_3395.jpg 667w\" sizes=\"auto, (max-width: 200px) 100vw, 200px\" \/><\/a><\/p>\n<p>Hier finde ich auch den sch\u00f6nen Stellplatz Alpencamping Bidner, auf einer gro\u00dfen Wiese hinter dem Gasthof, direkt an der M\u00f6ll. Hier stehen nicht einmal eine Hand voll Wohnmobile. Der Abend ist angenehm k\u00fchl, die gut gepflegten, neuen Duschen und Sanit\u00e4ranlagen machen den Aufenthalt entspannt, auf der Terrasse des Gasthauses gibt es \u00f6sterreichische Spezialit\u00e4ten wie Kaiserschmarrn und Wiener Schnitzel!<\/p>\n<p>&nbsp;<\/p>\n<h4>Tag 48 Flattach<\/h4>\n<p>In der Nacht herrschte eine angenehme Temperatur, ich habe wunderbar geschlafen. Ich habe unter einer Fichte geparkt, die Sonne ist hinter meiner Ilse aufgegangen und zum Fr\u00fchst\u00fcck sitze ich in angenehmen Schatten. So soll es heute bleiben, ich folge dem Schatten der Fichte und relaxe abwechselnd auf der Wiese im Schatten oder im Liegestuhl &#8211; auch im Schatten.<\/p>\n<p><a href=\"http:\/\/blog.meineigenerweg.de\/wp-content\/uploads\/2019\/06\/DSC_3415.jpg\"><img loading=\"lazy\" decoding=\"async\" class=\"alignnone size-medium wp-image-6595\" src=\"http:\/\/blog.meineigenerweg.de\/wp-content\/uploads\/2019\/06\/DSC_3415-300x200.jpg\" alt=\"\" width=\"300\" height=\"200\" srcset=\"http:\/\/blog.meineigenerweg.de\/wp-content\/uploads\/2019\/06\/DSC_3415-300x200.jpg 300w, http:\/\/blog.meineigenerweg.de\/wp-content\/uploads\/2019\/06\/DSC_3415-768x512.jpg 768w, http:\/\/blog.meineigenerweg.de\/wp-content\/uploads\/2019\/06\/DSC_3415.jpg 1000w\" sizes=\"auto, (max-width: 300px) 100vw, 300px\" \/><\/a><\/p>\n<p>&nbsp;<\/p>\n<h4>Tag 49 Gro\u00dfglockner<\/h4>\n<p>Von der angek\u00fcndigten Bew\u00f6lkung und Regen ist noch nichts zu sehen. Das Thermometer klettert schon wieder auf 34 Grad. In der n\u00e4heren Umgebung war ich vor einigen Jahren schon einmal, damals allerdings auf Schusters Rappen. Deshalb m\u00f6chte ich heute mit dem Wohnmobil \u00fcber die Passstra\u00dfe zum Gro\u00dfglockner. Daf\u00fcr geht es wieder ins Gebirge, am sagenumwobenen Jungfernsprung halte ich an und klettere ein St\u00fcck den Berg hinauf. Wie \u00fcberall an solchen Landmarken rankt sich auch hier eine Sage um die sch\u00f6ne Sennerin, die vom Teufel verf\u00fchrt werden soll und sich durch einen Sprung den Wasserfall hinunter vor seinen Nachstellungen rettet.<\/p>\n<p><a href=\"http:\/\/blog.meineigenerweg.de\/wp-content\/uploads\/2019\/06\/DSC_3427.jpg\"><img loading=\"lazy\" decoding=\"async\" class=\"alignnone size-medium wp-image-6597\" src=\"http:\/\/blog.meineigenerweg.de\/wp-content\/uploads\/2019\/06\/DSC_3427-200x300.jpg\" alt=\"\" width=\"200\" height=\"300\" srcset=\"http:\/\/blog.meineigenerweg.de\/wp-content\/uploads\/2019\/06\/DSC_3427-200x300.jpg 200w, http:\/\/blog.meineigenerweg.de\/wp-content\/uploads\/2019\/06\/DSC_3427.jpg 667w\" sizes=\"auto, (max-width: 200px) 100vw, 200px\" \/><\/a><\/p>\n<p>Weiter hoch auf der Passstra\u00dfe ist der Blick ins Tal und auf den Stausee atemberaubend.<\/p>\n<p><a href=\"http:\/\/blog.meineigenerweg.de\/wp-content\/uploads\/2019\/06\/DSC_3470.jpg\"><img loading=\"lazy\" decoding=\"async\" class=\"alignnone size-medium wp-image-6599\" src=\"http:\/\/blog.meineigenerweg.de\/wp-content\/uploads\/2019\/06\/DSC_3470-300x200.jpg\" alt=\"\" width=\"300\" height=\"200\" srcset=\"http:\/\/blog.meineigenerweg.de\/wp-content\/uploads\/2019\/06\/DSC_3470-300x200.jpg 300w, http:\/\/blog.meineigenerweg.de\/wp-content\/uploads\/2019\/06\/DSC_3470-768x512.jpg 768w, http:\/\/blog.meineigenerweg.de\/wp-content\/uploads\/2019\/06\/DSC_3470.jpg 1000w\" sizes=\"auto, (max-width: 300px) 100vw, 300px\" \/><\/a><\/p>\n<p>Erschrocken bin ich vom Anblick des Gletschersees, in dem nur noch einige Eisschollen des ehemals 200 m h\u00f6heren Gletschers schwimmen.<\/p>\n<p><a href=\"http:\/\/blog.meineigenerweg.de\/wp-content\/uploads\/2019\/06\/DSC_3471.jpg\"><img loading=\"lazy\" decoding=\"async\" class=\"alignnone size-medium wp-image-6600\" src=\"http:\/\/blog.meineigenerweg.de\/wp-content\/uploads\/2019\/06\/DSC_3471-300x200.jpg\" alt=\"\" width=\"300\" height=\"200\" srcset=\"http:\/\/blog.meineigenerweg.de\/wp-content\/uploads\/2019\/06\/DSC_3471-300x200.jpg 300w, http:\/\/blog.meineigenerweg.de\/wp-content\/uploads\/2019\/06\/DSC_3471-768x512.jpg 768w, http:\/\/blog.meineigenerweg.de\/wp-content\/uploads\/2019\/06\/DSC_3471.jpg 1000w\" sizes=\"auto, (max-width: 300px) 100vw, 300px\" \/><\/a><\/p>\n<p>Der Blick auf den Grossglockner mit dem ehemals vorhandenen Gletscher ist\u00a0 trotzdem beeindruckend.<\/p>\n<p><a href=\"http:\/\/blog.meineigenerweg.de\/wp-content\/uploads\/2019\/06\/DSC_3495.jpg\"><img loading=\"lazy\" decoding=\"async\" class=\"alignnone size-medium wp-image-6601\" src=\"http:\/\/blog.meineigenerweg.de\/wp-content\/uploads\/2019\/06\/DSC_3495-300x200.jpg\" alt=\"\" width=\"300\" height=\"200\" srcset=\"http:\/\/blog.meineigenerweg.de\/wp-content\/uploads\/2019\/06\/DSC_3495-300x200.jpg 300w, http:\/\/blog.meineigenerweg.de\/wp-content\/uploads\/2019\/06\/DSC_3495-768x512.jpg 768w, http:\/\/blog.meineigenerweg.de\/wp-content\/uploads\/2019\/06\/DSC_3495.jpg 1000w\" sizes=\"auto, (max-width: 300px) 100vw, 300px\" \/><\/a><\/p>\n<p>Vom Parkplatz aus laufe ich die Stra\u00dfe weiter hoch. Immer wieder sind Sichtfenster in der Mauer zum Tal, von denen aus der steile Abhang zum Gletschersee und der Wanderweg ins Tal zu sehen ist. Und dann balgen sich vier Murmeltiere unterhalb der Mauer.<\/p>\n<p><a href=\"http:\/\/blog.meineigenerweg.de\/wp-content\/uploads\/2019\/06\/DSC_3480.jpg\"><img loading=\"lazy\" decoding=\"async\" class=\"alignnone size-medium wp-image-6604\" src=\"http:\/\/blog.meineigenerweg.de\/wp-content\/uploads\/2019\/06\/DSC_3480-300x200.jpg\" alt=\"\" width=\"300\" height=\"200\" srcset=\"http:\/\/blog.meineigenerweg.de\/wp-content\/uploads\/2019\/06\/DSC_3480-300x200.jpg 300w, http:\/\/blog.meineigenerweg.de\/wp-content\/uploads\/2019\/06\/DSC_3480-768x512.jpg 768w, http:\/\/blog.meineigenerweg.de\/wp-content\/uploads\/2019\/06\/DSC_3480.jpg 1000w\" sizes=\"auto, (max-width: 300px) 100vw, 300px\" \/><\/a><\/p>\n<p>Das Aufziehen von Regenwolken konnte ich schon seit einiger Zeit beobachten, aber ich bin immer noch im Sonnenschein gelaufen. Dann grollte schon ein Donner und ehe ich mich versehen habe, ist das Unwetter \u00fcber mir. Gerade noch rechtzeitig schaffe ich es zum Wohnmobil, dann sch\u00fcttet es wie aus K\u00fcbeln, graupelt und hagelt. Die Temperatur sinkt schlagartig auf 11 Grad.<\/p>\n<p><a href=\"http:\/\/blog.meineigenerweg.de\/wp-content\/uploads\/2019\/06\/DSC_3513.jpg\"><img loading=\"lazy\" decoding=\"async\" class=\"alignnone size-medium wp-image-6602\" src=\"http:\/\/blog.meineigenerweg.de\/wp-content\/uploads\/2019\/06\/DSC_3513-300x200.jpg\" alt=\"\" width=\"300\" height=\"200\" srcset=\"http:\/\/blog.meineigenerweg.de\/wp-content\/uploads\/2019\/06\/DSC_3513-300x200.jpg 300w, http:\/\/blog.meineigenerweg.de\/wp-content\/uploads\/2019\/06\/DSC_3513-768x512.jpg 768w, http:\/\/blog.meineigenerweg.de\/wp-content\/uploads\/2019\/06\/DSC_3513.jpg 1000w\" sizes=\"auto, (max-width: 300px) 100vw, 300px\" \/><\/a><\/p>\n<h4><\/h4>\n<h2>Trentino S\u00fcdtirol<\/h2>\n<h4>Tag 50 Sterzing<\/h4>\n<p>Auf das Wetter ist kein Verlass! Ich bin am gestrigen Nachmittag bei k\u00fchler Temperatur und immer wieder Regen Richtung Sterzing gefahren. Auf einem Autohof direkt neben der Autobahn liegt verkehrsg\u00fcnstig ein Wohnmobilstellplatz mit guter Infrastruktur. Es gibt saubere Duschen und Toiletten und heute Morgen bekomme ich im kleinen Markt neben dem Duschh\u00e4uschen auch frische Br\u00f6tchen. Schon am Abend hat der Regen nachgelassen und jetzt scheint sogar schon wieder die Sonne. Nach einem gem\u00fctlichen Fr\u00fchst\u00fcck fahre ich mit dem Rad in die Sterzinger City und parke direkt am Wochenmarkt. In der h\u00fcbschen Altstadt bummele ich an den Cafes, Gesch\u00e4ften und Eisdielen vorbei. Hier will ich meine Urlaubsreise beenden und noch einige typische italienische Lebensmittel einkaufen. Am Ende sind es eher s\u00fcdtiroler Spezialit\u00e4ten wie Sch\u00fcttelbrot und Schinken, aber auch leckeres Oliven\u00f6l habe ich erstanden.<\/p>\n<h4><a href=\"http:\/\/blog.meineigenerweg.de\/wp-content\/uploads\/2019\/07\/IMG_9736.jpg\"><img loading=\"lazy\" decoding=\"async\" class=\"alignnone size-medium wp-image-6616\" src=\"http:\/\/blog.meineigenerweg.de\/wp-content\/uploads\/2019\/07\/IMG_9736-300x200.jpg\" alt=\"\" width=\"300\" height=\"200\" srcset=\"http:\/\/blog.meineigenerweg.de\/wp-content\/uploads\/2019\/07\/IMG_9736-300x200.jpg 300w, http:\/\/blog.meineigenerweg.de\/wp-content\/uploads\/2019\/07\/IMG_9736-768x512.jpg 768w, http:\/\/blog.meineigenerweg.de\/wp-content\/uploads\/2019\/07\/IMG_9736.jpg 1000w\" sizes=\"auto, (max-width: 300px) 100vw, 300px\" \/><\/a><\/h4>\n<p>Mittags fahre ich los Richtung zuhause&#8230;<\/p>\n<h4><\/h4>\n","protected":false},"excerpt":{"rendered":"<p>Planung Bald geht es los, ich feile noch an der Planung. Mein Ziel ist es, den n\u00f6rdlichsten und den s\u00fcdlichsten Ort Italiens zu besuchen und dazwischen viel nette Menschen kennenzulernen, sch\u00f6ne Orte und Str\u00e4nde und Berggipfel zu finden, typisch italienische K\u00f6stlichkeiten zu genie\u00dfen, und ganz viel mehr. Ich freue mich<\/p>\n","protected":false},"author":1,"featured_media":5700,"parent":4912,"menu_order":0,"comment_status":"closed","ping_status":"closed","template":"","meta":{"footnotes":""},"class_list":["post-5697","page","type-page","status-publish","has-post-thumbnail","hentry"],"_links":{"self":[{"href":"http:\/\/blog.meineigenerweg.de\/index.php?rest_route=\/wp\/v2\/pages\/5697","targetHints":{"allow":["GET"]}}],"collection":[{"href":"http:\/\/blog.meineigenerweg.de\/index.php?rest_route=\/wp\/v2\/pages"}],"about":[{"href":"http:\/\/blog.meineigenerweg.de\/index.php?rest_route=\/wp\/v2\/types\/page"}],"author":[{"embeddable":true,"href":"http:\/\/blog.meineigenerweg.de\/index.php?rest_route=\/wp\/v2\/users\/1"}],"replies":[{"embeddable":true,"href":"http:\/\/blog.meineigenerweg.de\/index.php?rest_route=%2Fwp%2Fv2%2Fcomments&post=5697"}],"version-history":[{"count":16,"href":"http:\/\/blog.meineigenerweg.de\/index.php?rest_route=\/wp\/v2\/pages\/5697\/revisions"}],"predecessor-version":[{"id":6645,"href":"http:\/\/blog.meineigenerweg.de\/index.php?rest_route=\/wp\/v2\/pages\/5697\/revisions\/6645"}],"up":[{"embeddable":true,"href":"http:\/\/blog.meineigenerweg.de\/index.php?rest_route=\/wp\/v2\/pages\/4912"}],"wp:featuredmedia":[{"embeddable":true,"href":"http:\/\/blog.meineigenerweg.de\/index.php?rest_route=\/wp\/v2\/media\/5700"}],"wp:attachment":[{"href":"http:\/\/blog.meineigenerweg.de\/index.php?rest_route=%2Fwp%2Fv2%2Fmedia&parent=5697"}],"curies":[{"name":"wp","href":"https:\/\/api.w.org\/{rel}","templated":true}]}}