{"id":5141,"date":"2018-08-28T20:17:11","date_gmt":"2018-08-28T19:17:11","guid":{"rendered":"http:\/\/blog.meineigenerweg.de\/?page_id=5141"},"modified":"2020-05-29T22:24:53","modified_gmt":"2020-05-29T21:24:53","slug":"scheveningen","status":"publish","type":"page","link":"http:\/\/blog.meineigenerweg.de\/?page_id=5141","title":{"rendered":"Scheveningen ***"},"content":{"rendered":"<p><strong>Mai 2020<\/strong><\/p>\n<p>Lange habe ich im Familienkreis das F\u00fcr und Wider diskutiert und abgewogen, doch letztlich hat der Wunsch nach \u201eendlich mal rauskommen\u201c \u00fcberwogen. Die Grenzen nach Holland sind offen, die Sonne scheint und ich m\u00f6chte mal wieder am Strand entlang laufen. Die Niederlande gehen lockerer mit der Krise um, kaum jemand tr\u00e4gt eine Mund-Nase-Maske, aber auf Abstand wird geachtet \u2026 meistens, wie zuhause auch. Der Strand bei Scheveningen ist gro\u00df und breit und ich finde leicht ein freies Pl\u00e4tzchen f\u00fcr mein Strandtuch. Die Strandpavilions sind zwar noch geschlossen, aber am B\u00fcdchen auf der Promenade bekomme ich Fisch und Fritten.<\/p>\n<p><a href=\"http:\/\/blog.meineigenerweg.de\/wp-content\/uploads\/2020\/05\/IMG_2058.jpg\"><img loading=\"lazy\" decoding=\"async\" class=\"alignnone size-medium wp-image-6933\" src=\"http:\/\/blog.meineigenerweg.de\/wp-content\/uploads\/2020\/05\/IMG_2058-300x225.jpg\" alt=\"\" width=\"300\" height=\"225\" srcset=\"http:\/\/blog.meineigenerweg.de\/wp-content\/uploads\/2020\/05\/IMG_2058-300x225.jpg 300w, http:\/\/blog.meineigenerweg.de\/wp-content\/uploads\/2020\/05\/IMG_2058-768x576.jpg 768w, http:\/\/blog.meineigenerweg.de\/wp-content\/uploads\/2020\/05\/IMG_2058.jpg 1000w\" sizes=\"auto, (max-width: 300px) 100vw, 300px\" \/><\/a> <a href=\"http:\/\/blog.meineigenerweg.de\/wp-content\/uploads\/2020\/05\/IMG_2063.jpg\"><img loading=\"lazy\" decoding=\"async\" class=\"alignnone size-medium wp-image-6934\" src=\"http:\/\/blog.meineigenerweg.de\/wp-content\/uploads\/2020\/05\/IMG_2063-300x225.jpg\" alt=\"\" width=\"300\" height=\"225\" srcset=\"http:\/\/blog.meineigenerweg.de\/wp-content\/uploads\/2020\/05\/IMG_2063-300x225.jpg 300w, http:\/\/blog.meineigenerweg.de\/wp-content\/uploads\/2020\/05\/IMG_2063-768x576.jpg 768w, http:\/\/blog.meineigenerweg.de\/wp-content\/uploads\/2020\/05\/IMG_2063.jpg 1000w\" sizes=\"auto, (max-width: 300px) 100vw, 300px\" \/><\/a><\/p>\n<p>&nbsp;<\/p>\n<p><strong>August 2018<\/strong><\/p>\n<p>Ich hatte in Den Haag zu tun und da es sonnig und hei\u00df war, hat es mich an den Strand gelockt. Ich wusste nicht genau wohin, doch dann habe ich mich erinnert, dass es in Scheveningen, einem Vorort von Den Haag, einen tollen Pier gibt. Ein bisschen in der Sonne liegen, ein bisschen auf dem Pier bummeln, das klang nach einer guten Idee.<\/p>\n<p>Es hat sich seit meiner &#8222;Sturm- und Drang-Zeit&#8220; sehr ver\u00e4ndert, aber das ist nat\u00fcrlich auch schon mehr als 40 Jahre her. So bummle \u00fcber den Pier, vorbei an vielen kleine St\u00e4nden, Gesch\u00e4ften und Caf\u00e9s, aber so richtig gut gef\u00e4llt es mir nicht. Um mich herum sind viele sind jedoch viele fr\u00f6hliche und gut gelaunte Urlauber, die an den Andenkenl\u00e4den, Eisst\u00e4nden, Fritten- und Kibbelingst\u00e4nden vorbeischlendern.<br \/>\n<a href=\"http:\/\/blog.meineigenerweg.de\/wp-content\/uploads\/2018\/08\/Den_Haag_18_07_015_k.jpg\"><img loading=\"lazy\" decoding=\"async\" class=\"alignnone size-medium wp-image-5199\" src=\"http:\/\/blog.meineigenerweg.de\/wp-content\/uploads\/2018\/08\/Den_Haag_18_07_015_k-300x200.jpg\" alt=\"\" width=\"300\" height=\"200\" srcset=\"http:\/\/blog.meineigenerweg.de\/wp-content\/uploads\/2018\/08\/Den_Haag_18_07_015_k-300x200.jpg 300w, http:\/\/blog.meineigenerweg.de\/wp-content\/uploads\/2018\/08\/Den_Haag_18_07_015_k-768x512.jpg 768w, http:\/\/blog.meineigenerweg.de\/wp-content\/uploads\/2018\/08\/Den_Haag_18_07_015_k.jpg 1000w\" sizes=\"auto, (max-width: 300px) 100vw, 300px\" \/>\u00a0\u00a0<\/a><br \/>\nDirekt neben dem Pier, auf Holzpf\u00e4hlen ins Wasser gebaut, steht ein Riesenrad, von oben har man sicher eine tolle Aussicht.<br \/>\n<a href=\"http:\/\/blog.meineigenerweg.de\/wp-content\/uploads\/2018\/08\/Den_Haag_18_07_212_k.jpg\"><img loading=\"lazy\" decoding=\"async\" class=\"alignnone size-medium wp-image-5205\" src=\"http:\/\/blog.meineigenerweg.de\/wp-content\/uploads\/2018\/08\/Den_Haag_18_07_212_k-200x300.jpg\" alt=\"\" width=\"200\" height=\"300\" srcset=\"http:\/\/blog.meineigenerweg.de\/wp-content\/uploads\/2018\/08\/Den_Haag_18_07_212_k-200x300.jpg 200w, http:\/\/blog.meineigenerweg.de\/wp-content\/uploads\/2018\/08\/Den_Haag_18_07_212_k.jpg 667w\" sizes=\"auto, (max-width: 200px) 100vw, 200px\" \/><\/a><br \/>\nWer es mag, kann man sich auch an einem Bungy-Seil in die Tiefe st\u00fcrzen<br \/>\n<a href=\"http:\/\/blog.meineigenerweg.de\/wp-content\/uploads\/2018\/08\/Den_Haag_18_07_231_k.jpg\"><img loading=\"lazy\" decoding=\"async\" class=\"alignnone size-medium wp-image-5208\" src=\"http:\/\/blog.meineigenerweg.de\/wp-content\/uploads\/2018\/08\/Den_Haag_18_07_231_k-300x200.jpg\" alt=\"\" width=\"300\" height=\"200\" srcset=\"http:\/\/blog.meineigenerweg.de\/wp-content\/uploads\/2018\/08\/Den_Haag_18_07_231_k-300x200.jpg 300w, http:\/\/blog.meineigenerweg.de\/wp-content\/uploads\/2018\/08\/Den_Haag_18_07_231_k-768x512.jpg 768w, http:\/\/blog.meineigenerweg.de\/wp-content\/uploads\/2018\/08\/Den_Haag_18_07_231_k.jpg 1000w\" sizes=\"auto, (max-width: 300px) 100vw, 300px\" \/><\/a><br \/>\noder an einer Zipline aus 60 Metern H\u00f6he hinunter zum Strand sausen.<br \/>\n<a href=\"http:\/\/blog.meineigenerweg.de\/wp-content\/uploads\/2018\/08\/Den_Haag_18_07_232_k.jpg\"><img loading=\"lazy\" decoding=\"async\" class=\"alignnone size-medium wp-image-5209\" src=\"http:\/\/blog.meineigenerweg.de\/wp-content\/uploads\/2018\/08\/Den_Haag_18_07_232_k-300x200.jpg\" alt=\"\" width=\"300\" height=\"200\" srcset=\"http:\/\/blog.meineigenerweg.de\/wp-content\/uploads\/2018\/08\/Den_Haag_18_07_232_k-300x200.jpg 300w, http:\/\/blog.meineigenerweg.de\/wp-content\/uploads\/2018\/08\/Den_Haag_18_07_232_k-768x512.jpg 768w, http:\/\/blog.meineigenerweg.de\/wp-content\/uploads\/2018\/08\/Den_Haag_18_07_232_k.jpg 1000w\" sizes=\"auto, (max-width: 300px) 100vw, 300px\" \/><\/a><br \/>\nDer breite Strand am Pier ist bei dem hei\u00dfen Wetter leider auch ganz sch\u00f6n voll, es ist halt Sommerferienzeit.<br \/>\n<a href=\"http:\/\/blog.meineigenerweg.de\/wp-content\/uploads\/2018\/08\/Den_Haag_18_07_207_k.jpg\"><img loading=\"lazy\" decoding=\"async\" class=\"alignnone size-medium wp-image-5204\" src=\"http:\/\/blog.meineigenerweg.de\/wp-content\/uploads\/2018\/08\/Den_Haag_18_07_207_k-300x200.jpg\" alt=\"\" width=\"300\" height=\"200\" srcset=\"http:\/\/blog.meineigenerweg.de\/wp-content\/uploads\/2018\/08\/Den_Haag_18_07_207_k-300x200.jpg 300w, http:\/\/blog.meineigenerweg.de\/wp-content\/uploads\/2018\/08\/Den_Haag_18_07_207_k-768x512.jpg 768w, http:\/\/blog.meineigenerweg.de\/wp-content\/uploads\/2018\/08\/Den_Haag_18_07_207_k.jpg 1000w\" sizes=\"auto, (max-width: 300px) 100vw, 300px\" \/><\/a><br \/>\nGegen\u00fcber des Piers sehe ich das\u00a0altehrw\u00fcrdigen F\u00fcnf-Sterne Grand Hotel, das, umringt von Spielcasino, Aquarium, Shopping Mall, Vergn\u00fcgungszentrum und vielen anderen Hotels, seine exclusive Ausstrahlung verloren hat.<br \/>\n<a href=\"http:\/\/blog.meineigenerweg.de\/wp-content\/uploads\/2018\/08\/Den_Haag_18_07_233_k.jpg\"><img loading=\"lazy\" decoding=\"async\" class=\"alignnone size-medium wp-image-5210\" src=\"http:\/\/blog.meineigenerweg.de\/wp-content\/uploads\/2018\/08\/Den_Haag_18_07_233_k-300x200.jpg\" alt=\"\" width=\"300\" height=\"200\" srcset=\"http:\/\/blog.meineigenerweg.de\/wp-content\/uploads\/2018\/08\/Den_Haag_18_07_233_k-300x200.jpg 300w, http:\/\/blog.meineigenerweg.de\/wp-content\/uploads\/2018\/08\/Den_Haag_18_07_233_k-768x512.jpg 768w, http:\/\/blog.meineigenerweg.de\/wp-content\/uploads\/2018\/08\/Den_Haag_18_07_233_k.jpg 1000w\" sizes=\"auto, (max-width: 300px) 100vw, 300px\" \/><\/a><\/p>\n<p>Der Rummel ist mir doch Zuviel, deshalb mache ich mich auf den Weg und laufe am Strand entlang Richtung Fischereihafen. Der Himmel ist strahlend blau, auf dem Meer sind kaum Wellen, hier sind am Strand mehr M\u00f6wen als Urlauber. Ich setzte mich in den Sand, schaue den M\u00f6wen zu, die laut kreischend \u00fcber mir kreisen oder im seichten Wasser nach Beute suchen.<br \/>\n<a href=\"http:\/\/blog.meineigenerweg.de\/wp-content\/uploads\/2018\/08\/Den_Haag_18_07_040_k.jpg\"><img loading=\"lazy\" decoding=\"async\" class=\"alignnone size-medium wp-image-5217\" src=\"http:\/\/blog.meineigenerweg.de\/wp-content\/uploads\/2018\/08\/Den_Haag_18_07_040_k-300x200.jpg\" alt=\"\" width=\"300\" height=\"200\" srcset=\"http:\/\/blog.meineigenerweg.de\/wp-content\/uploads\/2018\/08\/Den_Haag_18_07_040_k-300x200.jpg 300w, http:\/\/blog.meineigenerweg.de\/wp-content\/uploads\/2018\/08\/Den_Haag_18_07_040_k-768x512.jpg 768w, http:\/\/blog.meineigenerweg.de\/wp-content\/uploads\/2018\/08\/Den_Haag_18_07_040_k.jpg 1000w\" sizes=\"auto, (max-width: 300px) 100vw, 300px\" \/><\/a><a href=\"http:\/\/blog.meineigenerweg.de\/wp-content\/uploads\/2018\/08\/Den_Haag_18_07_036_k.jpg\">\u00a0<img loading=\"lazy\" decoding=\"async\" class=\"alignnone size-medium wp-image-5216\" src=\"http:\/\/blog.meineigenerweg.de\/wp-content\/uploads\/2018\/08\/Den_Haag_18_07_036_k-300x200.jpg\" alt=\"\" width=\"300\" height=\"200\" srcset=\"http:\/\/blog.meineigenerweg.de\/wp-content\/uploads\/2018\/08\/Den_Haag_18_07_036_k-300x200.jpg 300w, http:\/\/blog.meineigenerweg.de\/wp-content\/uploads\/2018\/08\/Den_Haag_18_07_036_k-768x512.jpg 768w, http:\/\/blog.meineigenerweg.de\/wp-content\/uploads\/2018\/08\/Den_Haag_18_07_036_k.jpg 1000w\" sizes=\"auto, (max-width: 300px) 100vw, 300px\" \/><\/a><br \/>\nLangsam geht der Tag zur Neige und der Himmel f\u00e4rbt sich rosa und orange und rot. Weit drau\u00dfen vor dem Strand liegen einige gro\u00dfe Schiffe vor Anker. Sie warten wohl darauf, in Rotterdam be- oder entladen zu werden.<br \/>\n<a href=\"http:\/\/blog.meineigenerweg.de\/wp-content\/uploads\/2018\/08\/Den_Haag_18_07_111_k.jpg\"><img loading=\"lazy\" decoding=\"async\" class=\"alignnone size-medium wp-image-5201\" src=\"http:\/\/blog.meineigenerweg.de\/wp-content\/uploads\/2018\/08\/Den_Haag_18_07_111_k-300x200.jpg\" alt=\"\" width=\"300\" height=\"200\" srcset=\"http:\/\/blog.meineigenerweg.de\/wp-content\/uploads\/2018\/08\/Den_Haag_18_07_111_k-300x200.jpg 300w, http:\/\/blog.meineigenerweg.de\/wp-content\/uploads\/2018\/08\/Den_Haag_18_07_111_k-768x512.jpg 768w, http:\/\/blog.meineigenerweg.de\/wp-content\/uploads\/2018\/08\/Den_Haag_18_07_111_k.jpg 1000w\" sizes=\"auto, (max-width: 300px) 100vw, 300px\" \/><\/a><br \/>\nIch laufe weiter, bis ich eine gem\u00fctliche Strandbar finde. Bei Fisch und k\u00fchlem Wei\u00dfwein lasse ich den Tag ausklingen<br \/>\n<a href=\"http:\/\/blog.meineigenerweg.de\/wp-content\/uploads\/2018\/08\/Den_Haag_18_07_118_k.jpg\"><img loading=\"lazy\" decoding=\"async\" class=\"alignnone size-medium wp-image-5202\" src=\"http:\/\/blog.meineigenerweg.de\/wp-content\/uploads\/2018\/08\/Den_Haag_18_07_118_k-300x200.jpg\" alt=\"\" width=\"300\" height=\"200\" srcset=\"http:\/\/blog.meineigenerweg.de\/wp-content\/uploads\/2018\/08\/Den_Haag_18_07_118_k-300x200.jpg 300w, http:\/\/blog.meineigenerweg.de\/wp-content\/uploads\/2018\/08\/Den_Haag_18_07_118_k-768x512.jpg 768w, http:\/\/blog.meineigenerweg.de\/wp-content\/uploads\/2018\/08\/Den_Haag_18_07_118_k.jpg 1000w\" sizes=\"auto, (max-width: 300px) 100vw, 300px\" \/><\/a><br \/>\nund erlebe dabei einen traumhaften Sonnenuntergang.<br \/>\n<a href=\"http:\/\/blog.meineigenerweg.de\/wp-content\/uploads\/2018\/08\/Den_Haag_18_07_122_k.jpg\"><img loading=\"lazy\" decoding=\"async\" class=\"alignnone size-medium wp-image-5203\" src=\"http:\/\/blog.meineigenerweg.de\/wp-content\/uploads\/2018\/08\/Den_Haag_18_07_122_k-300x200.jpg\" alt=\"\" width=\"300\" height=\"200\" srcset=\"http:\/\/blog.meineigenerweg.de\/wp-content\/uploads\/2018\/08\/Den_Haag_18_07_122_k-300x200.jpg 300w, http:\/\/blog.meineigenerweg.de\/wp-content\/uploads\/2018\/08\/Den_Haag_18_07_122_k-768x512.jpg 768w, http:\/\/blog.meineigenerweg.de\/wp-content\/uploads\/2018\/08\/Den_Haag_18_07_122_k.jpg 1000w\" sizes=\"auto, (max-width: 300px) 100vw, 300px\" \/><\/a><\/p>\n<p><em>Meine Wertung: <span style=\"color: #ff0000;\">***<\/span>** ein St\u00fcck entfernt vom Pier ist es sch\u00f6n<\/em><\/p>\n<p><em>Den Haag<\/em><br \/>\n<em>Scheveningen<\/em><\/p>\n","protected":false},"excerpt":{"rendered":"<p>Mai 2020 Lange habe ich im Familienkreis das F\u00fcr und Wider diskutiert und abgewogen, doch letztlich hat der Wunsch nach \u201eendlich mal rauskommen\u201c \u00fcberwogen. Die Grenzen nach Holland sind offen, die Sonne scheint und ich m\u00f6chte mal wieder am Strand entlang laufen. Die Niederlande gehen lockerer mit der Krise um,<\/p>\n","protected":false},"author":1,"featured_media":5222,"parent":818,"menu_order":0,"comment_status":"closed","ping_status":"closed","template":"","meta":{"footnotes":""},"class_list":["post-5141","page","type-page","status-publish","has-post-thumbnail","hentry"],"_links":{"self":[{"href":"http:\/\/blog.meineigenerweg.de\/index.php?rest_route=\/wp\/v2\/pages\/5141","targetHints":{"allow":["GET"]}}],"collection":[{"href":"http:\/\/blog.meineigenerweg.de\/index.php?rest_route=\/wp\/v2\/pages"}],"about":[{"href":"http:\/\/blog.meineigenerweg.de\/index.php?rest_route=\/wp\/v2\/types\/page"}],"author":[{"embeddable":true,"href":"http:\/\/blog.meineigenerweg.de\/index.php?rest_route=\/wp\/v2\/users\/1"}],"replies":[{"embeddable":true,"href":"http:\/\/blog.meineigenerweg.de\/index.php?rest_route=%2Fwp%2Fv2%2Fcomments&post=5141"}],"version-history":[{"count":23,"href":"http:\/\/blog.meineigenerweg.de\/index.php?rest_route=\/wp\/v2\/pages\/5141\/revisions"}],"predecessor-version":[{"id":6941,"href":"http:\/\/blog.meineigenerweg.de\/index.php?rest_route=\/wp\/v2\/pages\/5141\/revisions\/6941"}],"up":[{"embeddable":true,"href":"http:\/\/blog.meineigenerweg.de\/index.php?rest_route=\/wp\/v2\/pages\/818"}],"wp:featuredmedia":[{"embeddable":true,"href":"http:\/\/blog.meineigenerweg.de\/index.php?rest_route=\/wp\/v2\/media\/5222"}],"wp:attachment":[{"href":"http:\/\/blog.meineigenerweg.de\/index.php?rest_route=%2Fwp%2Fv2%2Fmedia&parent=5141"}],"curies":[{"name":"wp","href":"https:\/\/api.w.org\/{rel}","templated":true}]}}