{"id":3956,"date":"2015-08-20T16:58:54","date_gmt":"2015-08-20T15:58:54","guid":{"rendered":"http:\/\/blog.meineigenerweg.de\/?page_id=3956"},"modified":"2019-03-28T22:20:33","modified_gmt":"2019-03-28T21:20:33","slug":"150811-etschtal-radweg","status":"publish","type":"page","link":"http:\/\/blog.meineigenerweg.de\/?page_id=3956","title":{"rendered":"Etschtal-Radweg"},"content":{"rendered":"<p>Mai 2015<\/p>\n<p>Der <span style=\"color: #0000ff;\"><a href=\"http:\/\/etschtalradweg.de\/\" target=\"_blank\" rel=\"noopener noreferrer\"><span style=\"color: #0000ff;\"><span style=\"text-decoration: underline;\">Etschtal-Radweg<\/span><\/span><\/a><\/span>\u00a0beginnt am\u00a0Reschenpass\u00a0und f\u00fchrt \u00fcber\u00a0Meran\u00a0und Trento bis nach Verona. Von hier aus flie\u00dft die Etsch weiter bis in die Adria. Der Radweg ist f\u00fcr unge\u00fcbte Stadtmenschen geeignet, f\u00fchrt er doch \u00fcberwiegend bergab. Ich habe den Weg meinen Vorstellungen angepasst. Ich werde in Meran starten, einen Schlenker \u00fcber Kaltern\u00a0machen, bei Rovereto den\u00a0Etschtal-Radweg verlassen, am Gardasee entlang radeln und erst bei Verona wieder auf\u00a0die Etsch treffen.<\/p>\n<p>Eigentlich w\u00e4re der Zug das Einfachste, aber in der Vergangenheit habe ich keine guten\u00a0Erfahrungen mit der\u00a0Bahn gemacht\u00a0(siehe Alpen\u00fcberquerung) und so\u00a0entscheide ich mit f\u00fcr das\u00a0Auto. Das werde ich dann in Meran stehen lassen und von Verona mit dem Zug zur\u00fcck nach Meran fahren, um das Auto wieder abholen. Au\u00dferdem will ich noch ein paar Tage Badeurlaub an der Adria machen, dahin werde ich mit dem Auto fahren.<\/p>\n<p>Zur Orientierung\u00a0nehme ich mein iPhone mit. Ich habe verschiedene\u00a0Produkte zur Fahrrad-Navigation ausprobiert. Naviki gef\u00e4llt mir ganz gut,\u00a0hat mich aber zuhause oftmals \u00fcber winzige Trampelpfade jenseits der Zivilisation gef\u00fchrt. Da ich lieber ab und zu einen netten Gasthof finden und auf breiten Radwegen bleiben m\u00f6chte, werde ich Navigon benutzen, das kann ich auch auf Fahrrad-Navigation umstellen.<\/p>\n<p>&nbsp;<\/p>\n<p><strong>Tag 1 &#8211; Anreise nach Meran<\/strong><\/p>\n<p>Mit dem Auto geht es nach Meran. Hier werde ich einmal \u00fcbernachten und morgen beginnt die Tour.<br \/>\nDas mond\u00e4ne Kurhaus und\u00a0die Laubeng\u00e4nge mit vielen kleinen Gesch\u00e4ften, lauschigen Hinterh\u00f6fen und gem\u00fctlichen\u00a0Restaurants.<br \/>\n<a href=\"http:\/\/blog.meineigenerweg.de\/wp-content\/uploads\/2015\/08\/03_Meran_15_05_010.jpg\"><img loading=\"lazy\" decoding=\"async\" class=\"alignnone size-medium wp-image-3965\" src=\"http:\/\/blog.meineigenerweg.de\/wp-content\/uploads\/2015\/08\/03_Meran_15_05_010-300x200.jpg\" alt=\"03_Meran_15_05_010\" width=\"300\" height=\"200\" srcset=\"http:\/\/blog.meineigenerweg.de\/wp-content\/uploads\/2015\/08\/03_Meran_15_05_010-300x200.jpg 300w, http:\/\/blog.meineigenerweg.de\/wp-content\/uploads\/2015\/08\/03_Meran_15_05_010.jpg 1000w\" sizes=\"auto, (max-width: 300px) 100vw, 300px\" \/><\/a>\u00a0<a href=\"http:\/\/blog.meineigenerweg.de\/wp-content\/uploads\/2015\/08\/T07_1107_054_St_Leonhard_Meran_entzerrt.jpg\"><img loading=\"lazy\" decoding=\"async\" class=\"alignnone size-medium wp-image-3976\" src=\"http:\/\/blog.meineigenerweg.de\/wp-content\/uploads\/2015\/08\/T07_1107_054_St_Leonhard_Meran_entzerrt-300x200.jpg\" alt=\"T07_1107_054_St_Leonhard_Meran_entzerrt\" width=\"300\" height=\"200\" srcset=\"http:\/\/blog.meineigenerweg.de\/wp-content\/uploads\/2015\/08\/T07_1107_054_St_Leonhard_Meran_entzerrt-300x200.jpg 300w, http:\/\/blog.meineigenerweg.de\/wp-content\/uploads\/2015\/08\/T07_1107_054_St_Leonhard_Meran_entzerrt.jpg 1000w\" sizes=\"auto, (max-width: 300px) 100vw, 300px\" \/><\/a><br \/>\n<a href=\"http:\/\/blog.meineigenerweg.de\/wp-content\/uploads\/2015\/08\/T07_1107_056_St_Leonhard_Meran.jpg\"><img loading=\"lazy\" decoding=\"async\" class=\"alignnone size-medium wp-image-3977\" src=\"http:\/\/blog.meineigenerweg.de\/wp-content\/uploads\/2015\/08\/T07_1107_056_St_Leonhard_Meran-300x201.jpg\" alt=\"T07_1107_056_St_Leonhard_Meran\" width=\"300\" height=\"201\" srcset=\"http:\/\/blog.meineigenerweg.de\/wp-content\/uploads\/2015\/08\/T07_1107_056_St_Leonhard_Meran-300x201.jpg 300w, http:\/\/blog.meineigenerweg.de\/wp-content\/uploads\/2015\/08\/T07_1107_056_St_Leonhard_Meran.jpg 1000w\" sizes=\"auto, (max-width: 300px) 100vw, 300px\" \/><\/a> <a href=\"http:\/\/blog.meineigenerweg.de\/wp-content\/uploads\/2015\/08\/T07_1107_057_St_Leonhard_Meran.jpg\"><img loading=\"lazy\" decoding=\"async\" class=\"alignnone size-medium wp-image-3978\" src=\"http:\/\/blog.meineigenerweg.de\/wp-content\/uploads\/2015\/08\/T07_1107_057_St_Leonhard_Meran-300x201.jpg\" alt=\"T07_1107_057_St_Leonhard_Meran\" width=\"300\" height=\"201\" srcset=\"http:\/\/blog.meineigenerweg.de\/wp-content\/uploads\/2015\/08\/T07_1107_057_St_Leonhard_Meran-300x201.jpg 300w, http:\/\/blog.meineigenerweg.de\/wp-content\/uploads\/2015\/08\/T07_1107_057_St_Leonhard_Meran.jpg 1000w\" sizes=\"auto, (max-width: 300px) 100vw, 300px\" \/><\/a><\/p>\n<p>&nbsp;<\/p>\n<h6>Tag 2 &#8211; von Meran nach Kaltern<\/h6>\n<p>Aus Meran heraus f\u00fchrt der Weg an der Etsch entlang, sehr angenehm zu fahren, keine Steigerung und gut ausgebaut. Es geht an endlosen Apfelplantagen vorbei und auch manchmal hindurch.<br \/>\n<a href=\"http:\/\/blog.meineigenerweg.de\/wp-content\/uploads\/2015\/08\/08_Kaltern_Trento_15_05_007x.jpg\"><img loading=\"lazy\" decoding=\"async\" class=\"alignnone size-medium wp-image-3983\" src=\"http:\/\/blog.meineigenerweg.de\/wp-content\/uploads\/2015\/08\/08_Kaltern_Trento_15_05_007x-300x200.jpg\" alt=\"08_Kaltern_Trento_15_05_007x\" width=\"300\" height=\"200\" srcset=\"http:\/\/blog.meineigenerweg.de\/wp-content\/uploads\/2015\/08\/08_Kaltern_Trento_15_05_007x-300x200.jpg 300w, http:\/\/blog.meineigenerweg.de\/wp-content\/uploads\/2015\/08\/08_Kaltern_Trento_15_05_007x.jpg 1000w\" sizes=\"auto, (max-width: 300px) 100vw, 300px\" \/><\/a> <a href=\"http:\/\/blog.meineigenerweg.de\/wp-content\/uploads\/2015\/08\/T02_1206_029_Meran_Terlanx.jpg\"><img loading=\"lazy\" decoding=\"async\" class=\"alignnone size-medium wp-image-3984\" src=\"http:\/\/blog.meineigenerweg.de\/wp-content\/uploads\/2015\/08\/T02_1206_029_Meran_Terlanx-300x201.jpg\" alt=\"T02_1206_029_Meran_Terlanx\" width=\"300\" height=\"201\" srcset=\"http:\/\/blog.meineigenerweg.de\/wp-content\/uploads\/2015\/08\/T02_1206_029_Meran_Terlanx-300x201.jpg 300w, http:\/\/blog.meineigenerweg.de\/wp-content\/uploads\/2015\/08\/T02_1206_029_Meran_Terlanx.jpg 1000w\" sizes=\"auto, (max-width: 300px) 100vw, 300px\" \/><\/a><br \/>\nNach\u00a0einem Abstecher nach Terlan (ber\u00fchmt f\u00fcr seinen Terlaner Wei\u00dfwein) und nach Lagrein (ber\u00fchmt f\u00fcr seinen Lagreiner Rotwein) werden aus den Apfelplantagen riesige Weing\u00fcter. Hier verlasse ich den Radweg an der Etsch entlang und fahre den Berg hinauf in Richtung Kaltern. Leider nur noch Bergauf.<br \/>\n<a href=\"http:\/\/blog.meineigenerweg.de\/wp-content\/uploads\/2015\/08\/T03_1206_014_Terlan_Kalternx.jpg\"><img loading=\"lazy\" decoding=\"async\" class=\"alignnone size-medium wp-image-3987\" src=\"http:\/\/blog.meineigenerweg.de\/wp-content\/uploads\/2015\/08\/T03_1206_014_Terlan_Kalternx-300x201.jpg\" alt=\"T03_1206_014_Terlan_Kalternx\" width=\"300\" height=\"201\" srcset=\"http:\/\/blog.meineigenerweg.de\/wp-content\/uploads\/2015\/08\/T03_1206_014_Terlan_Kalternx-300x201.jpg 300w, http:\/\/blog.meineigenerweg.de\/wp-content\/uploads\/2015\/08\/T03_1206_014_Terlan_Kalternx.jpg 1000w\" sizes=\"auto, (max-width: 300px) 100vw, 300px\" \/><\/a>\u00a0<a href=\"http:\/\/blog.meineigenerweg.de\/wp-content\/uploads\/2015\/08\/06_Kalterer_See_15_05_015x.jpg\"><img loading=\"lazy\" decoding=\"async\" class=\"alignnone size-medium wp-image-3985\" src=\"http:\/\/blog.meineigenerweg.de\/wp-content\/uploads\/2015\/08\/06_Kalterer_See_15_05_015x-300x200.jpg\" alt=\"06_Kalterer_See_15_05_015x\" width=\"300\" height=\"200\" srcset=\"http:\/\/blog.meineigenerweg.de\/wp-content\/uploads\/2015\/08\/06_Kalterer_See_15_05_015x-300x200.jpg 300w, http:\/\/blog.meineigenerweg.de\/wp-content\/uploads\/2015\/08\/06_Kalterer_See_15_05_015x.jpg 1000w\" sizes=\"auto, (max-width: 300px) 100vw, 300px\" \/><\/a><br \/>\nDie\u00a0fr\u00fche Abend\u00a0verzaubert die Berge und das Tal mit eine romantischen Stimmung.<br \/>\n<a href=\"http:\/\/blog.meineigenerweg.de\/wp-content\/uploads\/2015\/08\/T04_1206_007_Kaltern_Romenox.jpg\"><img loading=\"lazy\" decoding=\"async\" class=\"alignnone size-medium wp-image-3988\" src=\"http:\/\/blog.meineigenerweg.de\/wp-content\/uploads\/2015\/08\/T04_1206_007_Kaltern_Romenox-300x201.jpg\" alt=\"T04_1206_007_Kaltern_Romenox\" width=\"300\" height=\"201\" srcset=\"http:\/\/blog.meineigenerweg.de\/wp-content\/uploads\/2015\/08\/T04_1206_007_Kaltern_Romenox-300x201.jpg 300w, http:\/\/blog.meineigenerweg.de\/wp-content\/uploads\/2015\/08\/T04_1206_007_Kaltern_Romenox.jpg 1000w\" sizes=\"auto, (max-width: 300px) 100vw, 300px\" \/><\/a><\/p>\n<p>&nbsp;<\/p>\n<h6>Tag 3 &#8211; von Kaltern nach Trento<\/h6>\n<p>Endlich geht es wieder bergab. Mein erstes Tagesziel ist der Kalterer See. Leider kann man nicht am See entlang fahren, da die Weing\u00fcter bis zum Ufer hinunter reichen. Am Campingplatz weist man meinen Wunsch ans Ufer zu kommen auch ab, da ich kein Gast bin. So muss ich leider ein paar Kilometer auf einer engen, vielbefahrenen Stra\u00dfe fahren bis ich an ein Caf\u00e9 mit einer Seeterrasse komme .<br \/>\n<a href=\"http:\/\/blog.meineigenerweg.de\/wp-content\/uploads\/2015\/08\/06_Kalterer_See_15_05_018x.jpg\"><img loading=\"lazy\" decoding=\"async\" class=\"alignnone size-medium wp-image-3995\" src=\"http:\/\/blog.meineigenerweg.de\/wp-content\/uploads\/2015\/08\/06_Kalterer_See_15_05_018x-300x200.jpg\" alt=\"06_Kalterer_See_15_05_018x\" width=\"300\" height=\"200\" srcset=\"http:\/\/blog.meineigenerweg.de\/wp-content\/uploads\/2015\/08\/06_Kalterer_See_15_05_018x-300x200.jpg 300w, http:\/\/blog.meineigenerweg.de\/wp-content\/uploads\/2015\/08\/06_Kalterer_See_15_05_018x.jpg 1000w\" sizes=\"auto, (max-width: 300px) 100vw, 300px\" \/><\/a> <a href=\"http:\/\/blog.meineigenerweg.de\/wp-content\/uploads\/2015\/08\/06_Kalterer_See_15_05_022x.jpg\"><img loading=\"lazy\" decoding=\"async\" class=\"alignnone size-medium wp-image-3996\" src=\"http:\/\/blog.meineigenerweg.de\/wp-content\/uploads\/2015\/08\/06_Kalterer_See_15_05_022x-300x200.jpg\" alt=\"06_Kalterer_See_15_05_022x\" width=\"300\" height=\"200\" srcset=\"http:\/\/blog.meineigenerweg.de\/wp-content\/uploads\/2015\/08\/06_Kalterer_See_15_05_022x-300x200.jpg 300w, http:\/\/blog.meineigenerweg.de\/wp-content\/uploads\/2015\/08\/06_Kalterer_See_15_05_022x.jpg 1000w\" sizes=\"auto, (max-width: 300px) 100vw, 300px\" \/><\/a><br \/>\nKurz darauf erreiche ich wieder den Etschtal-Radweg, breit und bequem schl\u00e4ngelt er sich neben dem gem\u00e4chlich dahinflie\u00dfendem Fluss entlang.<br \/>\n<a href=\"http:\/\/blog.meineigenerweg.de\/wp-content\/uploads\/2015\/08\/08_Kaltern_Trento_15_05_027x.jpg\"><img loading=\"lazy\" decoding=\"async\" class=\"alignnone size-medium wp-image-3998\" src=\"http:\/\/blog.meineigenerweg.de\/wp-content\/uploads\/2015\/08\/08_Kaltern_Trento_15_05_027x-300x200.jpg\" alt=\"08_Kaltern_Trento_15_05_027x\" width=\"300\" height=\"200\" srcset=\"http:\/\/blog.meineigenerweg.de\/wp-content\/uploads\/2015\/08\/08_Kaltern_Trento_15_05_027x-300x200.jpg 300w, http:\/\/blog.meineigenerweg.de\/wp-content\/uploads\/2015\/08\/08_Kaltern_Trento_15_05_027x.jpg 1000w\" sizes=\"auto, (max-width: 300px) 100vw, 300px\" \/><\/a>\u00a0<a href=\"http:\/\/blog.meineigenerweg.de\/wp-content\/uploads\/2015\/08\/10_Trento_Riva_15_05_007x.jpg\"><img loading=\"lazy\" decoding=\"async\" class=\"alignnone size-medium wp-image-3997\" src=\"http:\/\/blog.meineigenerweg.de\/wp-content\/uploads\/2015\/08\/10_Trento_Riva_15_05_007x-300x200.jpg\" alt=\"10_Trento_Riva_15_05_007x\" width=\"300\" height=\"200\" srcset=\"http:\/\/blog.meineigenerweg.de\/wp-content\/uploads\/2015\/08\/10_Trento_Riva_15_05_007x-300x200.jpg 300w, http:\/\/blog.meineigenerweg.de\/wp-content\/uploads\/2015\/08\/10_Trento_Riva_15_05_007x.jpg 1000w\" sizes=\"auto, (max-width: 300px) 100vw, 300px\" \/><\/a><br \/>\nAb und zu mache ich einen Abstecher in eins der kleinen D\u00f6rfer die am Wegesrand liegen. Je weiter ich komme, desto &#8222;italienischer&#8220; werde sie.<br \/>\n<a href=\"http:\/\/blog.meineigenerweg.de\/wp-content\/uploads\/2015\/08\/08_Kaltern_Trento_15_05_041x.jpg\"><img loading=\"lazy\" decoding=\"async\" class=\"alignnone size-medium wp-image-3999\" src=\"http:\/\/blog.meineigenerweg.de\/wp-content\/uploads\/2015\/08\/08_Kaltern_Trento_15_05_041x-300x200.jpg\" alt=\"08_Kaltern_Trento_15_05_041x\" width=\"300\" height=\"200\" srcset=\"http:\/\/blog.meineigenerweg.de\/wp-content\/uploads\/2015\/08\/08_Kaltern_Trento_15_05_041x-300x200.jpg 300w, http:\/\/blog.meineigenerweg.de\/wp-content\/uploads\/2015\/08\/08_Kaltern_Trento_15_05_041x.jpg 1000w\" sizes=\"auto, (max-width: 300px) 100vw, 300px\" \/><\/a> <a href=\"http:\/\/blog.meineigenerweg.de\/wp-content\/uploads\/2015\/08\/08_Kaltern_Trento_15_05_047x.jpg\"><img loading=\"lazy\" decoding=\"async\" class=\"alignnone size-medium wp-image-4000\" src=\"http:\/\/blog.meineigenerweg.de\/wp-content\/uploads\/2015\/08\/08_Kaltern_Trento_15_05_047x-300x200.jpg\" alt=\"08_Kaltern_Trento_15_05_047x\" width=\"300\" height=\"200\" srcset=\"http:\/\/blog.meineigenerweg.de\/wp-content\/uploads\/2015\/08\/08_Kaltern_Trento_15_05_047x-300x200.jpg 300w, http:\/\/blog.meineigenerweg.de\/wp-content\/uploads\/2015\/08\/08_Kaltern_Trento_15_05_047x.jpg 1000w\" sizes=\"auto, (max-width: 300px) 100vw, 300px\" \/><\/a><br \/>\nAm fr\u00fchen Nachmittag erreich ich Verona. Eine tolle Stadt, \u00fcberall kann man gem\u00fctlich sitzen und einen Hugo oder ein Glas Wein\u00a0trinken, dazu werden kleine Knabbereien gereicht, N\u00fcsse, Chips, kleine Wraps oder Mini-Wurstbrote. Stra\u00dfenmusiker geben ihr Bestes, aus dem Dom klingt Orgelmusik, ich schlendere durch die engen Gassen der Altstadt, hier k\u00f6nnte ich bleiben.<br \/>\n<a href=\"http:\/\/blog.meineigenerweg.de\/wp-content\/uploads\/2015\/08\/09_Trento_15_05_001x.jpg\"><img loading=\"lazy\" decoding=\"async\" class=\"alignnone size-medium wp-image-4002\" src=\"http:\/\/blog.meineigenerweg.de\/wp-content\/uploads\/2015\/08\/09_Trento_15_05_001x-300x200.jpg\" alt=\"09_Trento_15_05_001x\" width=\"300\" height=\"200\" srcset=\"http:\/\/blog.meineigenerweg.de\/wp-content\/uploads\/2015\/08\/09_Trento_15_05_001x-300x200.jpg 300w, http:\/\/blog.meineigenerweg.de\/wp-content\/uploads\/2015\/08\/09_Trento_15_05_001x.jpg 1000w\" sizes=\"auto, (max-width: 300px) 100vw, 300px\" \/><\/a> <a href=\"http:\/\/blog.meineigenerweg.de\/wp-content\/uploads\/2015\/08\/52-Lavis.jpg\"><img loading=\"lazy\" decoding=\"async\" class=\"alignnone size-medium wp-image-4003\" src=\"http:\/\/blog.meineigenerweg.de\/wp-content\/uploads\/2015\/08\/52-Lavis-300x201.jpg\" alt=\"52-Lavis\" width=\"300\" height=\"201\" srcset=\"http:\/\/blog.meineigenerweg.de\/wp-content\/uploads\/2015\/08\/52-Lavis-300x201.jpg 300w, http:\/\/blog.meineigenerweg.de\/wp-content\/uploads\/2015\/08\/52-Lavis.jpg 1000w\" sizes=\"auto, (max-width: 300px) 100vw, 300px\" \/><\/a><\/p>\n<p>&nbsp;<\/p>\n<h6>Tag 4 &#8211; von Trento nach Riva del Garda<\/h6>\n<p>Bis Rovereto fahre ich noch an der Etsch entlang, zweige\u00a0ab und fahre \u00fcber einen Pass, dann sehe ich ihn auch schon, den Gardasee. Traumhaft sch\u00f6n.<\/p>\n<p><a href=\"http:\/\/blog.meineigenerweg.de\/wp-content\/uploads\/2015\/08\/10_Trento_Riva_15_05_402y.jpg\"><img loading=\"lazy\" decoding=\"async\" class=\"alignnone size-medium wp-image-4009\" src=\"http:\/\/blog.meineigenerweg.de\/wp-content\/uploads\/2015\/08\/10_Trento_Riva_15_05_402y-300x95.jpg\" alt=\"10_Trento_Riva_15_05_402y\" width=\"300\" height=\"95\" srcset=\"http:\/\/blog.meineigenerweg.de\/wp-content\/uploads\/2015\/08\/10_Trento_Riva_15_05_402y-300x95.jpg 300w, http:\/\/blog.meineigenerweg.de\/wp-content\/uploads\/2015\/08\/10_Trento_Riva_15_05_402y-1024x324.jpg 1024w\" sizes=\"auto, (max-width: 300px) 100vw, 300px\" \/><\/a><br \/>\nAbends l\u00e4dt die Stadt zum Bummeln ein oder am Ufer sitze und etwas essen oder einfach nur die Stimmung genie\u00dfen.<br \/>\n<a href=\"http:\/\/blog.meineigenerweg.de\/wp-content\/uploads\/2015\/08\/T04_1306_032_Lagolo_Riva.jpg\"><img loading=\"lazy\" decoding=\"async\" class=\"alignnone size-medium wp-image-4012\" src=\"http:\/\/blog.meineigenerweg.de\/wp-content\/uploads\/2015\/08\/T04_1306_032_Lagolo_Riva-300x201.jpg\" alt=\"T04_1306_032_Lagolo_Riva\" width=\"300\" height=\"201\" srcset=\"http:\/\/blog.meineigenerweg.de\/wp-content\/uploads\/2015\/08\/T04_1306_032_Lagolo_Riva-300x201.jpg 300w, http:\/\/blog.meineigenerweg.de\/wp-content\/uploads\/2015\/08\/T04_1306_032_Lagolo_Riva.jpg 1000w\" sizes=\"auto, (max-width: 300px) 100vw, 300px\" \/><\/a>\u00a0<a href=\"http:\/\/blog.meineigenerweg.de\/wp-content\/uploads\/2015\/08\/11_Riva_15_05_017x.jpg\"><img loading=\"lazy\" decoding=\"async\" class=\"alignnone size-medium wp-image-4013\" src=\"http:\/\/blog.meineigenerweg.de\/wp-content\/uploads\/2015\/08\/11_Riva_15_05_017x-300x200.jpg\" alt=\"11_Riva_15_05_017x\" width=\"300\" height=\"200\" srcset=\"http:\/\/blog.meineigenerweg.de\/wp-content\/uploads\/2015\/08\/11_Riva_15_05_017x-300x200.jpg 300w, http:\/\/blog.meineigenerweg.de\/wp-content\/uploads\/2015\/08\/11_Riva_15_05_017x.jpg 1000w\" sizes=\"auto, (max-width: 300px) 100vw, 300px\" \/><\/a><\/p>\n<h6><\/h6>\n<h6>Tag 5 &#8211; von Riva del Garda nach Malcesine<\/h6>\n<p>Die Fahrt nach Malcesine ist nicht wirklich sch\u00f6n. Der Blick auf den See und die Berge ist fantastisch aber leider gibt es keinen Radweg. Ich muss \u00fcber die einzige enge Uferstra\u00dfe fahren und sie mir mit vielen rasenden Autos und einigen bedrohlich gro\u00dfen Lastern teilen. Besonders bei der Durchfahrt der unbeleuchteten Tunnel f\u00fchle ich mich nicht sehr wohl.<br \/>\n<a href=\"http:\/\/blog.meineigenerweg.de\/wp-content\/uploads\/2015\/08\/12_Riva_Malcesine_15_05_001x.jpg\"><img loading=\"lazy\" decoding=\"async\" class=\"alignnone size-medium wp-image-4018\" src=\"http:\/\/blog.meineigenerweg.de\/wp-content\/uploads\/2015\/08\/12_Riva_Malcesine_15_05_001x-300x200.jpg\" alt=\"12_Riva_Malcesine_15_05_001x\" width=\"300\" height=\"200\" srcset=\"http:\/\/blog.meineigenerweg.de\/wp-content\/uploads\/2015\/08\/12_Riva_Malcesine_15_05_001x-300x200.jpg 300w, http:\/\/blog.meineigenerweg.de\/wp-content\/uploads\/2015\/08\/12_Riva_Malcesine_15_05_001x.jpg 1000w\" sizes=\"auto, (max-width: 300px) 100vw, 300px\" \/><\/a> <a href=\"http:\/\/blog.meineigenerweg.de\/wp-content\/uploads\/2015\/08\/13_Malcesine_15_05_069x.jpg\"><img loading=\"lazy\" decoding=\"async\" class=\"alignnone size-medium wp-image-4019\" src=\"http:\/\/blog.meineigenerweg.de\/wp-content\/uploads\/2015\/08\/13_Malcesine_15_05_069x-300x200.jpg\" alt=\"13_Malcesine_15_05_069x\" width=\"300\" height=\"200\" srcset=\"http:\/\/blog.meineigenerweg.de\/wp-content\/uploads\/2015\/08\/13_Malcesine_15_05_069x-300x200.jpg 300w, http:\/\/blog.meineigenerweg.de\/wp-content\/uploads\/2015\/08\/13_Malcesine_15_05_069x.jpg 1000w\" sizes=\"auto, (max-width: 300px) 100vw, 300px\" \/><\/a> <a href=\"http:\/\/blog.meineigenerweg.de\/wp-content\/uploads\/2015\/08\/13_Malcesine_15_05_071x.jpg\"><img loading=\"lazy\" decoding=\"async\" class=\"alignnone size-medium wp-image-4020\" src=\"http:\/\/blog.meineigenerweg.de\/wp-content\/uploads\/2015\/08\/13_Malcesine_15_05_071x-300x200.jpg\" alt=\"13_Malcesine_15_05_071x\" width=\"300\" height=\"200\" srcset=\"http:\/\/blog.meineigenerweg.de\/wp-content\/uploads\/2015\/08\/13_Malcesine_15_05_071x-300x200.jpg 300w, http:\/\/blog.meineigenerweg.de\/wp-content\/uploads\/2015\/08\/13_Malcesine_15_05_071x.jpg 1000w\" sizes=\"auto, (max-width: 300px) 100vw, 300px\" \/><\/a> <a href=\"http:\/\/blog.meineigenerweg.de\/wp-content\/uploads\/2015\/08\/13_Malcesine_15_05_077x.jpg\"><img loading=\"lazy\" decoding=\"async\" class=\"alignnone size-medium wp-image-4021\" src=\"http:\/\/blog.meineigenerweg.de\/wp-content\/uploads\/2015\/08\/13_Malcesine_15_05_077x-300x200.jpg\" alt=\"13_Malcesine_15_05_077x\" width=\"300\" height=\"200\" srcset=\"http:\/\/blog.meineigenerweg.de\/wp-content\/uploads\/2015\/08\/13_Malcesine_15_05_077x-300x200.jpg 300w, http:\/\/blog.meineigenerweg.de\/wp-content\/uploads\/2015\/08\/13_Malcesine_15_05_077x.jpg 1000w\" sizes=\"auto, (max-width: 300px) 100vw, 300px\" \/><\/a><\/p>\n<p>&nbsp;<\/p>\n<h6>Tag 6 &#8211; Malcesine &#8211; Ausflug auf den Monte Baldo<\/h6>\n<p>Heute mal ohne Fahrrad. Mit der Seilbahn fahre ich hinauf auf den Monte Baldo, gehe dort wandern und fahre dann mit der Seilbahn wieder herunter. Ein toller Ausflug.<br \/>\n<a href=\"http:\/\/blog.meineigenerweg.de\/wp-content\/uploads\/2015\/08\/14_Malcesine_Monte_Baldo_15_05_005x.jpg\"><img loading=\"lazy\" decoding=\"async\" class=\"alignnone size-medium wp-image-4025\" src=\"http:\/\/blog.meineigenerweg.de\/wp-content\/uploads\/2015\/08\/14_Malcesine_Monte_Baldo_15_05_005x-300x200.jpg\" alt=\"14_Malcesine_Monte_Baldo_15_05_005x\" width=\"300\" height=\"200\" srcset=\"http:\/\/blog.meineigenerweg.de\/wp-content\/uploads\/2015\/08\/14_Malcesine_Monte_Baldo_15_05_005x-300x200.jpg 300w, http:\/\/blog.meineigenerweg.de\/wp-content\/uploads\/2015\/08\/14_Malcesine_Monte_Baldo_15_05_005x.jpg 1000w\" sizes=\"auto, (max-width: 300px) 100vw, 300px\" \/><\/a> <a href=\"http:\/\/blog.meineigenerweg.de\/wp-content\/uploads\/2015\/08\/14_Malcesine_Monte_Baldo_15_05_063x.jpg\"><img loading=\"lazy\" decoding=\"async\" class=\"alignnone size-medium wp-image-4026\" src=\"http:\/\/blog.meineigenerweg.de\/wp-content\/uploads\/2015\/08\/14_Malcesine_Monte_Baldo_15_05_063x-300x200.jpg\" alt=\"14_Malcesine_Monte_Baldo_15_05_063x\" width=\"300\" height=\"200\" srcset=\"http:\/\/blog.meineigenerweg.de\/wp-content\/uploads\/2015\/08\/14_Malcesine_Monte_Baldo_15_05_063x-300x200.jpg 300w, http:\/\/blog.meineigenerweg.de\/wp-content\/uploads\/2015\/08\/14_Malcesine_Monte_Baldo_15_05_063x.jpg 1000w\" sizes=\"auto, (max-width: 300px) 100vw, 300px\" \/><\/a><br \/>\nAuch St\u00f6ckelsch\u00fchchen gab es &#8230;.<br \/>\n<a href=\"http:\/\/blog.meineigenerweg.de\/wp-content\/uploads\/2015\/08\/14_Malcesine_Monte_Baldo_15_05_072x.jpg\"><img loading=\"lazy\" decoding=\"async\" class=\"alignnone size-medium wp-image-4027\" src=\"http:\/\/blog.meineigenerweg.de\/wp-content\/uploads\/2015\/08\/14_Malcesine_Monte_Baldo_15_05_072x-300x200.jpg\" alt=\"14_Malcesine_Monte_Baldo_15_05_072x\" width=\"300\" height=\"200\" srcset=\"http:\/\/blog.meineigenerweg.de\/wp-content\/uploads\/2015\/08\/14_Malcesine_Monte_Baldo_15_05_072x-300x200.jpg 300w, http:\/\/blog.meineigenerweg.de\/wp-content\/uploads\/2015\/08\/14_Malcesine_Monte_Baldo_15_05_072x.jpg 1000w\" sizes=\"auto, (max-width: 300px) 100vw, 300px\" \/><\/a><\/p>\n<p>&nbsp;<\/p>\n<h6>Tag 7 &#8211; Mit dem Schiff von Malcesine nach Gargnano<\/h6>\n<p>Heute mache ich es mir ganz gem\u00fctlich, fahre mit dem Rad auf eins der vielen F\u00e4hrschiffe und lasse mich an andere Ufer nach Gargnano bringen.<br \/>\n<a href=\"http:\/\/blog.meineigenerweg.de\/wp-content\/uploads\/2015\/08\/16_Malcesine_Gargnano_15_05_015x.jpg\"><img loading=\"lazy\" decoding=\"async\" class=\"alignnone size-medium wp-image-4034\" src=\"http:\/\/blog.meineigenerweg.de\/wp-content\/uploads\/2015\/08\/16_Malcesine_Gargnano_15_05_015x-300x200.jpg\" alt=\"16_Malcesine_Gargnano_15_05_015x\" width=\"300\" height=\"200\" srcset=\"http:\/\/blog.meineigenerweg.de\/wp-content\/uploads\/2015\/08\/16_Malcesine_Gargnano_15_05_015x-300x200.jpg 300w, http:\/\/blog.meineigenerweg.de\/wp-content\/uploads\/2015\/08\/16_Malcesine_Gargnano_15_05_015x.jpg 1000w\" sizes=\"auto, (max-width: 300px) 100vw, 300px\" \/><\/a><br \/>\nund dann &#8230; tue ich nichts mehr \ud83d\ude42<br \/>\n<a href=\"http:\/\/blog.meineigenerweg.de\/wp-content\/uploads\/2015\/08\/17_Gargnano_15_05_416.jpg\"><img loading=\"lazy\" decoding=\"async\" class=\"alignnone size-medium wp-image-4036\" src=\"http:\/\/blog.meineigenerweg.de\/wp-content\/uploads\/2015\/08\/17_Gargnano_15_05_416-300x225.jpg\" alt=\"17_Gargnano_15_05_416\" width=\"300\" height=\"225\" srcset=\"http:\/\/blog.meineigenerweg.de\/wp-content\/uploads\/2015\/08\/17_Gargnano_15_05_416-300x225.jpg 300w, http:\/\/blog.meineigenerweg.de\/wp-content\/uploads\/2015\/08\/17_Gargnano_15_05_416.jpg 1000w\" sizes=\"auto, (max-width: 300px) 100vw, 300px\" \/><\/a><\/p>\n<p>&nbsp;<\/p>\n<h6>Tag 8 &#8211; Gargnano &#8211; Ausflug nach Gardone Italia &#8211; Heller Garden<\/h6>\n<p>Morgenstimmung beim Fr\u00fchst\u00fcck am Seeufer.<br \/>\n<a href=\"http:\/\/blog.meineigenerweg.de\/wp-content\/uploads\/2015\/08\/19_Gargnano_15_05_048x.jpg\"><img loading=\"lazy\" decoding=\"async\" class=\"alignnone size-medium wp-image-4038\" src=\"http:\/\/blog.meineigenerweg.de\/wp-content\/uploads\/2015\/08\/19_Gargnano_15_05_048x-300x200.jpg\" alt=\"19_Gargnano_15_05_048x\" width=\"300\" height=\"200\" srcset=\"http:\/\/blog.meineigenerweg.de\/wp-content\/uploads\/2015\/08\/19_Gargnano_15_05_048x-300x200.jpg 300w, http:\/\/blog.meineigenerweg.de\/wp-content\/uploads\/2015\/08\/19_Gargnano_15_05_048x.jpg 1000w\" sizes=\"auto, (max-width: 300px) 100vw, 300px\" \/><\/a><br \/>\nNachdem ich ein paar Kilometern den Berg hinaufgefahren bin, werde ich mit einer sensationellen Aussicht belohnt.<br \/>\n<a href=\"http:\/\/blog.meineigenerweg.de\/wp-content\/uploads\/2015\/08\/17_Gargnano_15_05_409a.jpg\"><img loading=\"lazy\" decoding=\"async\" class=\"alignnone size-medium wp-image-4039\" src=\"http:\/\/blog.meineigenerweg.de\/wp-content\/uploads\/2015\/08\/17_Gargnano_15_05_409a-300x110.jpg\" alt=\"17_Gargnano_15_05_409a\" width=\"300\" height=\"110\" srcset=\"http:\/\/blog.meineigenerweg.de\/wp-content\/uploads\/2015\/08\/17_Gargnano_15_05_409a-300x110.jpg 300w, http:\/\/blog.meineigenerweg.de\/wp-content\/uploads\/2015\/08\/17_Gargnano_15_05_409a-1024x375.jpg 1024w, http:\/\/blog.meineigenerweg.de\/wp-content\/uploads\/2015\/08\/17_Gargnano_15_05_409a.jpg 1820w\" sizes=\"auto, (max-width: 300px) 100vw, 300px\" \/><\/a><br \/>\nGanz in der N\u00e4he hat Andr\u00e9 Heller (okay, die \u00e4lteren kennen ihn vielleicht noch) den sehr sch\u00f6nen Garten\u00a0<span style=\"color: #0000ff;\"><a href=\"http:\/\/www.hellergarden.com\/de\/\" target=\"_blank\" rel=\"noopener noreferrer\"><span style=\"color: #0000ff;\"><span style=\"text-decoration: underline;\">Gardone Italia<\/span><\/span><\/a><\/span> &#8222;komponiert&#8220;. Auf gewundenen Wegen spaziere ich durch ein Meer von\u00a0bl\u00fchenden und duftenden\u00a0Pflanzen und entdecke immer wieder neue Kunstwerke namhafter K\u00fcnstler wie Roy Lichenstein, Keith Harring und vieler mehr. Manchmal h\u00e4ngen sph\u00e4rische Kl\u00e4nge in der Luft, manchmal nur das Gurgeln eines kleines Baches. Hinter jeder Wegbiegung erwartet mich eine neue \u00dcberraschung.<br \/>\n<a href=\"http:\/\/blog.meineigenerweg.de\/wp-content\/uploads\/2015\/08\/18_Gargnano_Heller_Garden_15_05_002x.jpg\"><img loading=\"lazy\" decoding=\"async\" class=\"alignnone size-medium wp-image-4042\" src=\"http:\/\/blog.meineigenerweg.de\/wp-content\/uploads\/2015\/08\/18_Gargnano_Heller_Garden_15_05_002x-300x200.jpg\" alt=\"18_Gargnano_Heller_Garden_15_05_002x\" width=\"300\" height=\"200\" srcset=\"http:\/\/blog.meineigenerweg.de\/wp-content\/uploads\/2015\/08\/18_Gargnano_Heller_Garden_15_05_002x-300x200.jpg 300w, http:\/\/blog.meineigenerweg.de\/wp-content\/uploads\/2015\/08\/18_Gargnano_Heller_Garden_15_05_002x.jpg 1000w\" sizes=\"auto, (max-width: 300px) 100vw, 300px\" \/><\/a> <a href=\"http:\/\/blog.meineigenerweg.de\/wp-content\/uploads\/2015\/08\/18_Gargnano_Heller_Garden_15_05_008x.jpg\"><img loading=\"lazy\" decoding=\"async\" class=\"alignnone size-medium wp-image-4043\" src=\"http:\/\/blog.meineigenerweg.de\/wp-content\/uploads\/2015\/08\/18_Gargnano_Heller_Garden_15_05_008x-300x200.jpg\" alt=\"18_Gargnano_Heller_Garden_15_05_008x\" width=\"300\" height=\"200\" srcset=\"http:\/\/blog.meineigenerweg.de\/wp-content\/uploads\/2015\/08\/18_Gargnano_Heller_Garden_15_05_008x-300x200.jpg 300w, http:\/\/blog.meineigenerweg.de\/wp-content\/uploads\/2015\/08\/18_Gargnano_Heller_Garden_15_05_008x.jpg 1000w\" sizes=\"auto, (max-width: 300px) 100vw, 300px\" \/><\/a> <a href=\"http:\/\/blog.meineigenerweg.de\/wp-content\/uploads\/2015\/08\/18_Gargnano_Heller_Garden_15_05_044x.jpg\"><img loading=\"lazy\" decoding=\"async\" class=\"alignnone size-medium wp-image-4044\" src=\"http:\/\/blog.meineigenerweg.de\/wp-content\/uploads\/2015\/08\/18_Gargnano_Heller_Garden_15_05_044x-300x200.jpg\" alt=\"18_Gargnano_Heller_Garden_15_05_044x\" width=\"300\" height=\"200\" srcset=\"http:\/\/blog.meineigenerweg.de\/wp-content\/uploads\/2015\/08\/18_Gargnano_Heller_Garden_15_05_044x-300x200.jpg 300w, http:\/\/blog.meineigenerweg.de\/wp-content\/uploads\/2015\/08\/18_Gargnano_Heller_Garden_15_05_044x.jpg 1000w\" sizes=\"auto, (max-width: 300px) 100vw, 300px\" \/><\/a> <a href=\"http:\/\/blog.meineigenerweg.de\/wp-content\/uploads\/2015\/08\/18_Gargnano_Heller_Garden_15_05_048x.jpg\"><img loading=\"lazy\" decoding=\"async\" class=\"alignnone size-medium wp-image-4045\" src=\"http:\/\/blog.meineigenerweg.de\/wp-content\/uploads\/2015\/08\/18_Gargnano_Heller_Garden_15_05_048x-300x200.jpg\" alt=\"18_Gargnano_Heller_Garden_15_05_048x\" width=\"300\" height=\"200\" srcset=\"http:\/\/blog.meineigenerweg.de\/wp-content\/uploads\/2015\/08\/18_Gargnano_Heller_Garden_15_05_048x-300x200.jpg 300w, http:\/\/blog.meineigenerweg.de\/wp-content\/uploads\/2015\/08\/18_Gargnano_Heller_Garden_15_05_048x.jpg 1000w\" sizes=\"auto, (max-width: 300px) 100vw, 300px\" \/><\/a><\/p>\n<p>&nbsp;<\/p>\n<h6>Tag 9 &#8211; von Gargnano \u00fcber Sirmione nach Bardolino<\/h6>\n<p>Die Fahrt geht weiter, die Berge werden immer flacher bis die letzten Ausl\u00e4ufer der Alpen schlie\u00dflich flachem Land weichen. Die steilen\u00a0Ufer werden weniger steinig und\u00a0sind immer \u00f6fter sandig und mit Schilf bewachsen.<br \/>\nSirmione ist sehr sch\u00f6n mit einer beeindruckenden Burganlage, aber\u00a0so voller Touristen, das ich mit dem Rad nicht in die Altstadt kommen kann.<br \/>\n<a href=\"http:\/\/blog.meineigenerweg.de\/wp-content\/uploads\/2015\/08\/21_Sirmione_15_05_010x.jpg\"><img loading=\"lazy\" decoding=\"async\" class=\"alignnone size-medium wp-image-4053\" src=\"http:\/\/blog.meineigenerweg.de\/wp-content\/uploads\/2015\/08\/21_Sirmione_15_05_010x-300x200.jpg\" alt=\"21_Sirmione_15_05_010x\" width=\"300\" height=\"200\" srcset=\"http:\/\/blog.meineigenerweg.de\/wp-content\/uploads\/2015\/08\/21_Sirmione_15_05_010x-300x200.jpg 300w, http:\/\/blog.meineigenerweg.de\/wp-content\/uploads\/2015\/08\/21_Sirmione_15_05_010x.jpg 1000w\" sizes=\"auto, (max-width: 300px) 100vw, 300px\" \/><\/a><br \/>\nAlso steige ich wieder auf mein Fahrrad und radle noch ein paar Kilometer weiter nach Bardolino. Hier f\u00fchle ich mich wohler, weniger Touristen, weniger voll und auch eine h\u00fcbsche Altstadt. Bardolino ist bekannt f\u00fcr seinen guten Rotwein, was ich nicht wusste, das es auch einen tollen\u00a0Rose gibt,\u00a0den Bardolino Chiaretto. Am Hafen sitzen, ein Glas k\u00fchlen\u00a0Wein bestellen und dazu diese &#8222;Naschereien&#8220; als Beigabe zu bekommen, kann ich schon sehr genie\u00dfen.<br \/>\n<a href=\"http:\/\/blog.meineigenerweg.de\/wp-content\/uploads\/2015\/08\/23_Bardolino_15_05_402.jpg\"><img loading=\"lazy\" decoding=\"async\" class=\"alignnone size-medium wp-image-4054\" src=\"http:\/\/blog.meineigenerweg.de\/wp-content\/uploads\/2015\/08\/23_Bardolino_15_05_402-225x300.jpg\" alt=\"23_Bardolino_15_05_402\" width=\"225\" height=\"300\" srcset=\"http:\/\/blog.meineigenerweg.de\/wp-content\/uploads\/2015\/08\/23_Bardolino_15_05_402-225x300.jpg 225w, http:\/\/blog.meineigenerweg.de\/wp-content\/uploads\/2015\/08\/23_Bardolino_15_05_402.jpg 750w\" sizes=\"auto, (max-width: 225px) 100vw, 225px\" \/><\/a><\/p>\n<p>&nbsp;<\/p>\n<h6>Tag 10 &#8211; von Bardolino nach Verona<\/h6>\n<p>Ein paar Kilometer nur, dann treffe ich wieder auf die Etsch und den dazugeh\u00f6rigen Radweg. Nach mehr als dreihundert Kilometern ist der Fluss breit und gem\u00e4chlich geworden. Er f\u00fchrt mich fast direkt zur Arena von Verona.<br \/>\n<a href=\"http:\/\/blog.meineigenerweg.de\/wp-content\/uploads\/2015\/08\/25_Verona_15_05_422x.jpg\"><img loading=\"lazy\" decoding=\"async\" class=\"alignnone size-medium wp-image-4060\" src=\"http:\/\/blog.meineigenerweg.de\/wp-content\/uploads\/2015\/08\/25_Verona_15_05_422x-300x98.jpg\" alt=\"25_Verona_15_05_422x\" width=\"300\" height=\"98\" srcset=\"http:\/\/blog.meineigenerweg.de\/wp-content\/uploads\/2015\/08\/25_Verona_15_05_422x-300x98.jpg 300w, http:\/\/blog.meineigenerweg.de\/wp-content\/uploads\/2015\/08\/25_Verona_15_05_422x-1024x335.jpg 1024w, http:\/\/blog.meineigenerweg.de\/wp-content\/uploads\/2015\/08\/25_Verona_15_05_422x.jpg 2034w\" sizes=\"auto, (max-width: 300px) 100vw, 300px\" \/><\/a><\/p>\n<p><a href=\"http:\/\/blog.meineigenerweg.de\/wp-content\/uploads\/2015\/08\/25_Verona_15_05_423x.jpg\"><img loading=\"lazy\" decoding=\"async\" class=\"alignnone size-medium wp-image-4061\" src=\"http:\/\/blog.meineigenerweg.de\/wp-content\/uploads\/2015\/08\/25_Verona_15_05_423x-300x154.jpg\" alt=\"25_Verona_15_05_423x\" width=\"300\" height=\"154\" srcset=\"http:\/\/blog.meineigenerweg.de\/wp-content\/uploads\/2015\/08\/25_Verona_15_05_423x-300x154.jpg 300w, http:\/\/blog.meineigenerweg.de\/wp-content\/uploads\/2015\/08\/25_Verona_15_05_423x-1024x524.jpg 1024w, http:\/\/blog.meineigenerweg.de\/wp-content\/uploads\/2015\/08\/25_Verona_15_05_423x.jpg 1301w\" sizes=\"auto, (max-width: 300px) 100vw, 300px\" \/><\/a><br \/>\nVerona gef\u00e4llt mir sehr gut.\u00a0Ein paar Schritte\u00a0neben den touristischen Routen und Sehensw\u00fcrdigkeiten gibt es viele kleine romantische Gassen und nette Bars und Restaurants.<br \/>\nDer Garten von <span style=\"color: #0000ff;\"><a href=\"https:\/\/de.wikipedia.org\/wiki\/Romeo_und_Julia\" target=\"_blank\" rel=\"noopener noreferrer\"><span style=\"color: #0000ff;\"><span style=\"text-decoration: underline;\">Romeo und Julia<\/span><\/span><\/a><\/span> mit dem ber\u00fchmten Balkon\u00a0ist nat\u00fcrlich ein Muss.<br \/>\n<a href=\"http:\/\/blog.meineigenerweg.de\/wp-content\/uploads\/2015\/08\/25_Verona_15_05_033.jpg\"><img loading=\"lazy\" decoding=\"async\" class=\"alignnone size-medium wp-image-4064\" src=\"http:\/\/blog.meineigenerweg.de\/wp-content\/uploads\/2015\/08\/25_Verona_15_05_033-300x200.jpg\" alt=\"25_Verona_15_05_033\" width=\"300\" height=\"200\" srcset=\"http:\/\/blog.meineigenerweg.de\/wp-content\/uploads\/2015\/08\/25_Verona_15_05_033-300x200.jpg 300w, http:\/\/blog.meineigenerweg.de\/wp-content\/uploads\/2015\/08\/25_Verona_15_05_033.jpg 1000w\" sizes=\"auto, (max-width: 300px) 100vw, 300px\" \/><\/a><br \/>\nMal schauen, ob es mit der Liebe besser klappt als mit dem Geld. In Bremen soll man viel Geld bekommen, wenn man dem Esel der bronzenen Bremer Stadtmusikanten an den Fu\u00df fasst. Habe ich ausprobiert, hat leider nicht geklappt.\u00a0Wer der\u00a0Julia-Statue an den Busen fasst, den erwartet angeblich gro\u00dfes Gl\u00fcck und ewige Liebe. Ist ja eh wichtiger als Geld, deshalb habe ich mal ein bisschen mit ihr geschmust.<br \/>\n<a href=\"http:\/\/blog.meineigenerweg.de\/wp-content\/uploads\/2015\/08\/25_Verona_15_05_035.jpg\"><img loading=\"lazy\" decoding=\"async\" class=\"alignnone size-medium wp-image-4065\" src=\"http:\/\/blog.meineigenerweg.de\/wp-content\/uploads\/2015\/08\/25_Verona_15_05_035-300x200.jpg\" alt=\"25_Verona_15_05_035\" width=\"300\" height=\"200\" srcset=\"http:\/\/blog.meineigenerweg.de\/wp-content\/uploads\/2015\/08\/25_Verona_15_05_035-300x200.jpg 300w, http:\/\/blog.meineigenerweg.de\/wp-content\/uploads\/2015\/08\/25_Verona_15_05_035.jpg 1000w\" sizes=\"auto, (max-width: 300px) 100vw, 300px\" \/><\/a><\/p>\n<p>Fast 350 km habe ich auf dem Sattel gesessen, ich habe viel gesehen, viel erlebt und es hat sehr viel Spa\u00df gemacht.<\/p>\n<p>Morgen werde ich das Auto in Meran abholen und dann noch ein paar Tage ans Meer fahren und in der Sonne liegen und nichts tun.<\/p>\n","protected":false},"excerpt":{"rendered":"<p>Mai 2015 Der Etschtal-Radweg\u00a0beginnt am\u00a0Reschenpass\u00a0und f\u00fchrt \u00fcber\u00a0Meran\u00a0und Trento bis nach Verona. Von hier aus flie\u00dft die Etsch weiter bis in die Adria. Der Radweg ist f\u00fcr unge\u00fcbte Stadtmenschen geeignet, f\u00fchrt er doch \u00fcberwiegend bergab. Ich habe den Weg meinen Vorstellungen angepasst. Ich werde in Meran starten, einen Schlenker \u00fcber Kaltern\u00a0machen,<\/p>\n","protected":false},"author":1,"featured_media":4056,"parent":4915,"menu_order":0,"comment_status":"closed","ping_status":"closed","template":"","meta":{"footnotes":""},"class_list":["post-3956","page","type-page","status-publish","has-post-thumbnail","hentry"],"_links":{"self":[{"href":"http:\/\/blog.meineigenerweg.de\/index.php?rest_route=\/wp\/v2\/pages\/3956","targetHints":{"allow":["GET"]}}],"collection":[{"href":"http:\/\/blog.meineigenerweg.de\/index.php?rest_route=\/wp\/v2\/pages"}],"about":[{"href":"http:\/\/blog.meineigenerweg.de\/index.php?rest_route=\/wp\/v2\/types\/page"}],"author":[{"embeddable":true,"href":"http:\/\/blog.meineigenerweg.de\/index.php?rest_route=\/wp\/v2\/users\/1"}],"replies":[{"embeddable":true,"href":"http:\/\/blog.meineigenerweg.de\/index.php?rest_route=%2Fwp%2Fv2%2Fcomments&post=3956"}],"version-history":[{"count":41,"href":"http:\/\/blog.meineigenerweg.de\/index.php?rest_route=\/wp\/v2\/pages\/3956\/revisions"}],"predecessor-version":[{"id":5913,"href":"http:\/\/blog.meineigenerweg.de\/index.php?rest_route=\/wp\/v2\/pages\/3956\/revisions\/5913"}],"up":[{"embeddable":true,"href":"http:\/\/blog.meineigenerweg.de\/index.php?rest_route=\/wp\/v2\/pages\/4915"}],"wp:featuredmedia":[{"embeddable":true,"href":"http:\/\/blog.meineigenerweg.de\/index.php?rest_route=\/wp\/v2\/media\/4056"}],"wp:attachment":[{"href":"http:\/\/blog.meineigenerweg.de\/index.php?rest_route=%2Fwp%2Fv2%2Fmedia&parent=3956"}],"curies":[{"name":"wp","href":"https:\/\/api.w.org\/{rel}","templated":true}]}}