{"id":3844,"date":"2015-07-28T20:39:56","date_gmt":"2015-07-28T19:39:56","guid":{"rendered":"http:\/\/blog.meineigenerweg.de\/?page_id=3844"},"modified":"2019-03-28T21:09:45","modified_gmt":"2019-03-28T20:09:45","slug":"150728-alpe-adria-trail","status":"publish","type":"page","link":"http:\/\/blog.meineigenerweg.de\/?page_id=3844","title":{"rendered":"Alpe-Adria-Trail"},"content":{"rendered":"<p><strong>Tag 1<\/strong><\/p>\n<p>Vom Ewigen Eis des Gro\u00dfglockners, quer durch die Alpen, \u00fcber \u00d6sterreich, Slowenien und Italien, f\u00fchrt seit 2011\u00a0der <span style=\"color: #0000ff;\"><a href=\"http:\/\/www.alpe-adria-trail.com\/de\/\" target=\"_blank\" rel=\"noopener noreferrer\"><span style=\"color: #0000ff;\"><span style=\"text-decoration: underline;\">Alpe-Adria-Trail<\/span><\/span><\/a><\/span>\u00a0in 43 Etappen \u00fcber 750 km bis zur Adria.<\/p>\n<p>H\u00f6rt sich doch ganz interessant an &#8211; oder? Ich probiere ihn einfach mal aus, mal schauen wie weit ich in 14 Tagen komme.<\/p>\n<p>Ein erstes Ziel ist Heiligenblut in \u00d6sterreich, ein kleines beschauliches Dorf am Fu\u00dfe des Gro\u00dfglockner. Man kann es in einem gro\u00dfen Bogen \u00fcber die Autobahn\u00a0Salzburg\/Spittal erreichen, per Autoverladung mit dem Zug \u00fcber Mallnitz oder \u00fcber die Gro\u00dfglockner-Hochalpenstra\u00dfe. Alle Wege sind jedenfalls kostenpflichtig.<\/p>\n<p>Ich habe mich f\u00fcr die Gro\u00dfglockner-Hochalpenstra\u00dfe entschieden und bereue es nicht. \u00dcber endlose Serpentinen, Br\u00fccken und Tunnel windet sich die Stra\u00dfe\u00a0bis auf \u00fcber 2500 mtr hinauf.<br \/>\n<a href=\"http:\/\/blog.meineigenerweg.de\/wp-content\/uploads\/2015\/07\/01_Gro\u00dfglockner_Hochalpenstrasse_15_07_022y.jpg\"><img loading=\"lazy\" decoding=\"async\" class=\"alignnone size-medium wp-image-3849\" src=\"http:\/\/blog.meineigenerweg.de\/wp-content\/uploads\/2015\/07\/01_Gro\u00dfglockner_Hochalpenstrasse_15_07_022y-300x200.jpg\" alt=\"01_Gro\u00dfglockner_Hochalpenstrasse_15_07_022y\" width=\"300\" height=\"200\" srcset=\"http:\/\/blog.meineigenerweg.de\/wp-content\/uploads\/2015\/07\/01_Gro\u00dfglockner_Hochalpenstrasse_15_07_022y-300x200.jpg 300w, http:\/\/blog.meineigenerweg.de\/wp-content\/uploads\/2015\/07\/01_Gro\u00dfglockner_Hochalpenstrasse_15_07_022y.jpg 1000w\" sizes=\"auto, (max-width: 300px) 100vw, 300px\" \/><\/a>\u00a0<a href=\"http:\/\/blog.meineigenerweg.de\/wp-content\/uploads\/2015\/07\/01_Gro\u00dfglockner_Hochalpenstrasse_15_07_019x.jpg\"><img loading=\"lazy\" decoding=\"async\" class=\"alignnone size-medium wp-image-3854\" src=\"http:\/\/blog.meineigenerweg.de\/wp-content\/uploads\/2015\/07\/01_Gro\u00dfglockner_Hochalpenstrasse_15_07_019x-300x200.jpg\" alt=\"01_Gro\u00dfglockner_Hochalpenstrasse_15_07_019x\" width=\"300\" height=\"200\" srcset=\"http:\/\/blog.meineigenerweg.de\/wp-content\/uploads\/2015\/07\/01_Gro\u00dfglockner_Hochalpenstrasse_15_07_019x-300x200.jpg 300w, http:\/\/blog.meineigenerweg.de\/wp-content\/uploads\/2015\/07\/01_Gro\u00dfglockner_Hochalpenstrasse_15_07_019x.jpg 1000w\" sizes=\"auto, (max-width: 300px) 100vw, 300px\" \/><\/a><\/p>\n<p>Die Aussicht ist traumhaft.<br \/>\n<a href=\"http:\/\/blog.meineigenerweg.de\/wp-content\/uploads\/2015\/07\/01_Gro\u00dfglockner_Hochalpenstrasse_15_07_030x.jpg\"><img loading=\"lazy\" decoding=\"async\" class=\"alignnone size-medium wp-image-3855\" src=\"http:\/\/blog.meineigenerweg.de\/wp-content\/uploads\/2015\/07\/01_Gro\u00dfglockner_Hochalpenstrasse_15_07_030x-300x200.jpg\" alt=\"01_Gro\u00dfglockner_Hochalpenstrasse_15_07_030x\" width=\"300\" height=\"200\" srcset=\"http:\/\/blog.meineigenerweg.de\/wp-content\/uploads\/2015\/07\/01_Gro\u00dfglockner_Hochalpenstrasse_15_07_030x-300x200.jpg 300w, http:\/\/blog.meineigenerweg.de\/wp-content\/uploads\/2015\/07\/01_Gro\u00dfglockner_Hochalpenstrasse_15_07_030x.jpg 1000w\" sizes=\"auto, (max-width: 300px) 100vw, 300px\" \/><\/a><\/p>\n<p>Heiligenblut, morgen geht es von hier aus weiter &#8230;<br \/>\n<a href=\"http:\/\/blog.meineigenerweg.de\/wp-content\/uploads\/2015\/07\/02_Heiligenblut_15_07_007x.jpg\"><img loading=\"lazy\" decoding=\"async\" class=\"alignnone size-medium wp-image-3862\" src=\"http:\/\/blog.meineigenerweg.de\/wp-content\/uploads\/2015\/07\/02_Heiligenblut_15_07_007x-300x200.jpg\" alt=\"02_Heiligenblut_15_07_007x\" width=\"300\" height=\"200\" srcset=\"http:\/\/blog.meineigenerweg.de\/wp-content\/uploads\/2015\/07\/02_Heiligenblut_15_07_007x-300x200.jpg 300w, http:\/\/blog.meineigenerweg.de\/wp-content\/uploads\/2015\/07\/02_Heiligenblut_15_07_007x.jpg 1000w\" sizes=\"auto, (max-width: 300px) 100vw, 300px\" \/><\/a><\/p>\n<p>&nbsp;<\/p>\n<h6>Tag 2<\/h6>\n<p>Mit 3798 mtr ist der <span style=\"color: #0000ff;\"><a href=\"http:\/\/www.grossglockner.at\/de\/\" target=\"_blank\" rel=\"noopener noreferrer\"><span style=\"color: #0000ff;\"><span style=\"text-decoration: underline;\">Gro\u00dfglockner<\/span><\/span><\/a><\/span> der h\u00f6chste Berg \u00d6sterreichs. Mit dem Gro\u00dfglocknerbus kommt man von Heiligenblut zur Kaiser-Franz-Josef-H\u00f6he auf 2369. Die ist zwar nicht auf dem Gro\u00dfglockner, aber man sieht ihn von hier, er ist genau auf der anderen Seite des Tals. Durch das Tal flie\u00dfen die kl\u00e4glichen Reste des einst imposanten Pasterze Gletscher. Einsamkeit und H\u00fcttenromantik findet man hier nicht, daf\u00fcr viele Reisebusse, Japanerinnen mit tief ins Gesicht gezogenen H\u00fcten und Handschuhen um sich vor der Sonne zu sch\u00fctzen, Restaurants und Andenkenl\u00e4den.<br \/>\n(Der Gro\u00dfglockner ist \u00fcbrigens der spitze Berg links unter dem W\u00f6lkchen.)<br \/>\n<a href=\"http:\/\/blog.meineigenerweg.de\/wp-content\/uploads\/2015\/07\/03_Grossglockner_15_07_010.jpg\"><img loading=\"lazy\" decoding=\"async\" class=\"alignnone size-medium wp-image-3868\" src=\"http:\/\/blog.meineigenerweg.de\/wp-content\/uploads\/2015\/07\/03_Grossglockner_15_07_010-300x200.jpg\" alt=\"03_Grossglockner_15_07_010\" width=\"300\" height=\"200\" srcset=\"http:\/\/blog.meineigenerweg.de\/wp-content\/uploads\/2015\/07\/03_Grossglockner_15_07_010-300x200.jpg 300w, http:\/\/blog.meineigenerweg.de\/wp-content\/uploads\/2015\/07\/03_Grossglockner_15_07_010.jpg 1000w\" sizes=\"auto, (max-width: 300px) 100vw, 300px\" \/><\/a><\/p>\n<p>Hier beginnt der Alpe-Adria-Trail und\u00a0schon\u00a0nach wenigen Schritten\u00a0ins Tal, zum Gletscher hinab,\u00a0verebbt das Stimmenwirrwarr und das Brummen von Autos und Motorr\u00e4dern.<br \/>\n<a href=\"http:\/\/blog.meineigenerweg.de\/wp-content\/uploads\/2015\/07\/03_Grossglockner_15_07_021.jpg\"><img loading=\"lazy\" decoding=\"async\" class=\"alignnone size-medium wp-image-3870\" src=\"http:\/\/blog.meineigenerweg.de\/wp-content\/uploads\/2015\/07\/03_Grossglockner_15_07_021-300x200.jpg\" alt=\"03_Grossglockner_15_07_021\" width=\"300\" height=\"200\" srcset=\"http:\/\/blog.meineigenerweg.de\/wp-content\/uploads\/2015\/07\/03_Grossglockner_15_07_021-300x200.jpg 300w, http:\/\/blog.meineigenerweg.de\/wp-content\/uploads\/2015\/07\/03_Grossglockner_15_07_021.jpg 1000w\" sizes=\"auto, (max-width: 300px) 100vw, 300px\" \/><\/a><\/p>\n<p>Entlang des Gletschersees windet sich der Weg \u00fcber bl\u00fchende Wiesen und rauschende B\u00e4che wieder hinab ins Tal, zur\u00fcck\u00a0nach Heiligenblut.<br \/>\n<a href=\"http:\/\/blog.meineigenerweg.de\/wp-content\/uploads\/2015\/07\/03_Grossglockner_15_07_099.jpg\"><img loading=\"lazy\" decoding=\"async\" class=\"alignnone size-medium wp-image-3872\" src=\"http:\/\/blog.meineigenerweg.de\/wp-content\/uploads\/2015\/07\/03_Grossglockner_15_07_099-300x200.jpg\" alt=\"03_Grossglockner_15_07_099\" width=\"300\" height=\"200\" srcset=\"http:\/\/blog.meineigenerweg.de\/wp-content\/uploads\/2015\/07\/03_Grossglockner_15_07_099-300x200.jpg 300w, http:\/\/blog.meineigenerweg.de\/wp-content\/uploads\/2015\/07\/03_Grossglockner_15_07_099.jpg 1000w\" sizes=\"auto, (max-width: 300px) 100vw, 300px\" \/><\/a> <a href=\"http:\/\/blog.meineigenerweg.de\/wp-content\/uploads\/2015\/07\/03_Grossglockner_15_07_081.jpg\"><img loading=\"lazy\" decoding=\"async\" class=\"alignnone size-medium wp-image-3874\" src=\"http:\/\/blog.meineigenerweg.de\/wp-content\/uploads\/2015\/07\/03_Grossglockner_15_07_081-300x200.jpg\" alt=\"03_Grossglockner_15_07_081\" width=\"300\" height=\"200\" srcset=\"http:\/\/blog.meineigenerweg.de\/wp-content\/uploads\/2015\/07\/03_Grossglockner_15_07_081-300x200.jpg 300w, http:\/\/blog.meineigenerweg.de\/wp-content\/uploads\/2015\/07\/03_Grossglockner_15_07_081.jpg 1000w\" sizes=\"auto, (max-width: 300px) 100vw, 300px\" \/><\/a><a href=\"http:\/\/blog.meineigenerweg.de\/wp-content\/uploads\/2015\/07\/03_Grossglockner_15_07_065.jpg\"><img loading=\"lazy\" decoding=\"async\" class=\"alignnone size-medium wp-image-3873\" src=\"http:\/\/blog.meineigenerweg.de\/wp-content\/uploads\/2015\/07\/03_Grossglockner_15_07_065-300x200.jpg\" alt=\"03_Grossglockner_15_07_065\" width=\"300\" height=\"200\" srcset=\"http:\/\/blog.meineigenerweg.de\/wp-content\/uploads\/2015\/07\/03_Grossglockner_15_07_065-300x200.jpg 300w, http:\/\/blog.meineigenerweg.de\/wp-content\/uploads\/2015\/07\/03_Grossglockner_15_07_065.jpg 1000w\" sizes=\"auto, (max-width: 300px) 100vw, 300px\" \/><\/a>\u00a0<a href=\"http:\/\/blog.meineigenerweg.de\/wp-content\/uploads\/2015\/07\/03_Grossglockner_15_07_192.jpg\"><img loading=\"lazy\" decoding=\"async\" class=\"alignnone size-medium wp-image-3876\" src=\"http:\/\/blog.meineigenerweg.de\/wp-content\/uploads\/2015\/07\/03_Grossglockner_15_07_192-300x200.jpg\" alt=\"03_Grossglockner_15_07_192\" width=\"300\" height=\"200\" srcset=\"http:\/\/blog.meineigenerweg.de\/wp-content\/uploads\/2015\/07\/03_Grossglockner_15_07_192-300x200.jpg 300w, http:\/\/blog.meineigenerweg.de\/wp-content\/uploads\/2015\/07\/03_Grossglockner_15_07_192.jpg 1000w\" sizes=\"auto, (max-width: 300px) 100vw, 300px\" \/><\/a><\/p>\n<p>&nbsp;<\/p>\n<p><strong>Tag 3<\/strong><\/p>\n<p>Ein landschaftlich sch\u00f6ner und angenehm zu laufender Weg auf halber Bergh\u00f6he, bringt mich heute von Heiligenblut nach D\u00f6llach.<br \/>\nUnterwegs komme ich an den Apriacher Stockm\u00fchlen vorbei. Acht Getreidem\u00fchlen, die sich, wie an einer Perlenkette aufgereiht, den Berg hinunter schl\u00e4ngeln. Eine Erinnerung an die Zeiten, als hier noch Getreide angebaut wurde. Heute wird die Landschaft durch Viehzucht dominiert.<br \/>\n<a href=\"http:\/\/blog.meineigenerweg.de\/wp-content\/uploads\/2015\/07\/04_D\u00f6llach_15_07_029.jpg\"><img loading=\"lazy\" decoding=\"async\" class=\"alignnone size-medium wp-image-3885\" src=\"http:\/\/blog.meineigenerweg.de\/wp-content\/uploads\/2015\/07\/04_D\u00f6llach_15_07_029-300x200.jpg\" alt=\"04_D\u00f6llach_15_07_029\" width=\"300\" height=\"200\" srcset=\"http:\/\/blog.meineigenerweg.de\/wp-content\/uploads\/2015\/07\/04_D\u00f6llach_15_07_029-300x200.jpg 300w, http:\/\/blog.meineigenerweg.de\/wp-content\/uploads\/2015\/07\/04_D\u00f6llach_15_07_029.jpg 1000w\" sizes=\"auto, (max-width: 300px) 100vw, 300px\" \/><\/a>\u00a0<a href=\"http:\/\/blog.meineigenerweg.de\/wp-content\/uploads\/2015\/07\/04_D\u00f6llach_15_07_021.jpg\"><img loading=\"lazy\" decoding=\"async\" class=\"alignnone size-medium wp-image-3884\" src=\"http:\/\/blog.meineigenerweg.de\/wp-content\/uploads\/2015\/07\/04_D\u00f6llach_15_07_021-300x200.jpg\" alt=\"04_D\u00f6llach_15_07_021\" width=\"300\" height=\"200\" srcset=\"http:\/\/blog.meineigenerweg.de\/wp-content\/uploads\/2015\/07\/04_D\u00f6llach_15_07_021-300x200.jpg 300w, http:\/\/blog.meineigenerweg.de\/wp-content\/uploads\/2015\/07\/04_D\u00f6llach_15_07_021.jpg 1000w\" sizes=\"auto, (max-width: 300px) 100vw, 300px\" \/><\/a><\/p>\n<p>&nbsp;<\/p>\n<p><strong>Tag 4<\/strong><\/p>\n<p>Der Teufel war hinter der h\u00fcbschen Jungfrau her, aber sie ist \u00fcber den Wasserfall gesprungen und ihm entwichen, da musste der Teufel sich teuflisch \u00e4rgern. Deshalb hei\u00dft der Wasserfall &#8222;Jungfernsprung&#8220;.<br \/>\n<a href=\"http:\/\/blog.meineigenerweg.de\/wp-content\/uploads\/2015\/07\/05_Jungfernsprung_15_07_015.jpg\"><img loading=\"lazy\" decoding=\"async\" class=\"alignnone size-medium wp-image-3891\" src=\"http:\/\/blog.meineigenerweg.de\/wp-content\/uploads\/2015\/07\/05_Jungfernsprung_15_07_015-200x300.jpg\" alt=\"05_Jungfernsprung_15_07_015\" width=\"200\" height=\"300\" srcset=\"http:\/\/blog.meineigenerweg.de\/wp-content\/uploads\/2015\/07\/05_Jungfernsprung_15_07_015-200x300.jpg 200w, http:\/\/blog.meineigenerweg.de\/wp-content\/uploads\/2015\/07\/05_Jungfernsprung_15_07_015.jpg 666w\" sizes=\"auto, (max-width: 200px) 100vw, 200px\" \/><\/a><\/p>\n<p>Drumherum ist es auch sehr sch\u00f6n.<br \/>\n<a href=\"http:\/\/blog.meineigenerweg.de\/wp-content\/uploads\/2015\/07\/05_Jungfernsprung_15_07_019.jpg\"><img loading=\"lazy\" decoding=\"async\" class=\"alignnone size-medium wp-image-3892\" src=\"http:\/\/blog.meineigenerweg.de\/wp-content\/uploads\/2015\/07\/05_Jungfernsprung_15_07_019-300x200.jpg\" alt=\"05_Jungfernsprung_15_07_019\" width=\"300\" height=\"200\" srcset=\"http:\/\/blog.meineigenerweg.de\/wp-content\/uploads\/2015\/07\/05_Jungfernsprung_15_07_019-300x200.jpg 300w, http:\/\/blog.meineigenerweg.de\/wp-content\/uploads\/2015\/07\/05_Jungfernsprung_15_07_019.jpg 1000w\" sizes=\"auto, (max-width: 300px) 100vw, 300px\" \/><\/a><\/p>\n<p>&nbsp;<\/p>\n<p><strong>Tag 5<\/strong><\/p>\n<p>Das ist eine Stockm\u00fchlen, kein M\u00fchlrad sondern etwas \u00e4hnliches wie eine Schiffsschraube.<br \/>\n<a href=\"http:\/\/blog.meineigenerweg.de\/wp-content\/uploads\/2015\/07\/06_Gartl-Wasserfall_15_07_013.jpg\"><img loading=\"lazy\" decoding=\"async\" class=\"alignnone size-medium wp-image-3893\" src=\"http:\/\/blog.meineigenerweg.de\/wp-content\/uploads\/2015\/07\/06_Gartl-Wasserfall_15_07_013-300x200.jpg\" alt=\"06_Gartl-Wasserfall_15_07_013\" width=\"300\" height=\"200\" srcset=\"http:\/\/blog.meineigenerweg.de\/wp-content\/uploads\/2015\/07\/06_Gartl-Wasserfall_15_07_013-300x200.jpg 300w, http:\/\/blog.meineigenerweg.de\/wp-content\/uploads\/2015\/07\/06_Gartl-Wasserfall_15_07_013.jpg 1000w\" sizes=\"auto, (max-width: 300px) 100vw, 300px\" \/><\/a><br \/>\nAngetrieben wird die M\u00fchle vom Gartl-Wasserfall.<br \/>\n<a href=\"http:\/\/blog.meineigenerweg.de\/wp-content\/uploads\/2015\/07\/06_Gartl-Wasserfall_15_07_020.jpg\"><img loading=\"lazy\" decoding=\"async\" class=\"alignnone size-medium wp-image-3895\" src=\"http:\/\/blog.meineigenerweg.de\/wp-content\/uploads\/2015\/07\/06_Gartl-Wasserfall_15_07_020-200x300.jpg\" alt=\"06_Gartl-Wasserfall_15_07_020\" width=\"200\" height=\"300\" srcset=\"http:\/\/blog.meineigenerweg.de\/wp-content\/uploads\/2015\/07\/06_Gartl-Wasserfall_15_07_020-200x300.jpg 200w, http:\/\/blog.meineigenerweg.de\/wp-content\/uploads\/2015\/07\/06_Gartl-Wasserfall_15_07_020.jpg 666w\" sizes=\"auto, (max-width: 200px) 100vw, 200px\" \/><\/a><\/p>\n<p>&nbsp;<\/p>\n<p><strong>Tag 6<\/strong><\/p>\n<p>Hoch hinauf zur Rangerdorfer H\u00fcte. Von weitem schon ruft mir der Wirt, als er mich mit meinem Rucksack kommen sieht, zu ob ich denn ein Bier wolle. F\u00fcnf Minuten sp\u00e4ter prosten wir uns zu und ich erz\u00e4hle woher und wohin ich unterwegs bin. Die H\u00fctte hat nur drei Kammern, aber ich habe Gl\u00fcck, eine ist f\u00fcr mich frei.\u00a0Es ist sch\u00f6n, abends vor der H\u00fctte zu sitzen und zuzuschauen wie der Tag zu Ende geht.<br \/>\n<a href=\"http:\/\/blog.meineigenerweg.de\/wp-content\/uploads\/2015\/07\/07_Rangersdorfer-H\u00fctte_15_07_041x.jpg\"><img loading=\"lazy\" decoding=\"async\" class=\"alignnone size-medium wp-image-3902\" src=\"http:\/\/blog.meineigenerweg.de\/wp-content\/uploads\/2015\/07\/07_Rangersdorfer-H\u00fctte_15_07_041x-300x200.jpg\" alt=\"07_Rangersdorfer-H\u00fctte_15_07_041x\" width=\"300\" height=\"200\" srcset=\"http:\/\/blog.meineigenerweg.de\/wp-content\/uploads\/2015\/07\/07_Rangersdorfer-H\u00fctte_15_07_041x-300x200.jpg 300w, http:\/\/blog.meineigenerweg.de\/wp-content\/uploads\/2015\/07\/07_Rangersdorfer-H\u00fctte_15_07_041x.jpg 1000w\" sizes=\"auto, (max-width: 300px) 100vw, 300px\" \/><\/a>\u00a0<img loading=\"lazy\" decoding=\"async\" class=\"alignnone size-medium wp-image-3901\" src=\"http:\/\/blog.meineigenerweg.de\/wp-content\/uploads\/2015\/07\/07_Rangersdorfer-H\u00fctte_15_07_038x-300x200.jpg\" alt=\"07_Rangersdorfer-H\u00fctte_15_07_038x\" width=\"300\" height=\"200\" srcset=\"http:\/\/blog.meineigenerweg.de\/wp-content\/uploads\/2015\/07\/07_Rangersdorfer-H\u00fctte_15_07_038x-300x200.jpg 300w, http:\/\/blog.meineigenerweg.de\/wp-content\/uploads\/2015\/07\/07_Rangersdorfer-H\u00fctte_15_07_038x.jpg 1000w\" sizes=\"auto, (max-width: 300px) 100vw, 300px\" \/><\/p>\n<p>&nbsp;<\/p>\n<h6>Tag 7<\/h6>\n<p>Fr\u00fch morgens (na ja 09:00 Uhr) geht es weiter und die Sonne freut sich mich zu sehen und strahlt.<br \/>\n<a href=\"http:\/\/blog.meineigenerweg.de\/wp-content\/uploads\/2015\/07\/08_Materle_15_07_001.jpg\"><img loading=\"lazy\" decoding=\"async\" class=\"alignnone size-medium wp-image-3910\" src=\"http:\/\/blog.meineigenerweg.de\/wp-content\/uploads\/2015\/07\/08_Materle_15_07_001-300x200.jpg\" alt=\"08_Materle_15_07_001\" width=\"300\" height=\"200\" srcset=\"http:\/\/blog.meineigenerweg.de\/wp-content\/uploads\/2015\/07\/08_Materle_15_07_001-300x200.jpg 300w, http:\/\/blog.meineigenerweg.de\/wp-content\/uploads\/2015\/07\/08_Materle_15_07_001.jpg 1000w\" sizes=\"auto, (max-width: 300px) 100vw, 300px\" \/><\/a> <a href=\"http:\/\/blog.meineigenerweg.de\/wp-content\/uploads\/2015\/07\/08_Materle_15_07_092.jpg\"><img loading=\"lazy\" decoding=\"async\" class=\"alignnone size-medium wp-image-3911\" src=\"http:\/\/blog.meineigenerweg.de\/wp-content\/uploads\/2015\/07\/08_Materle_15_07_092-300x200.jpg\" alt=\"08_Materle_15_07_092\" width=\"300\" height=\"200\" srcset=\"http:\/\/blog.meineigenerweg.de\/wp-content\/uploads\/2015\/07\/08_Materle_15_07_092-300x200.jpg 300w, http:\/\/blog.meineigenerweg.de\/wp-content\/uploads\/2015\/07\/08_Materle_15_07_092.jpg 1000w\" sizes=\"auto, (max-width: 300px) 100vw, 300px\" \/><\/a><br \/>\nGanz rechts in der Ferne noch, erkennt man die Wallfahrtskirche Materle und direkt daneben gibt es eine gute Brettljause.<br \/>\n<a href=\"http:\/\/blog.meineigenerweg.de\/wp-content\/uploads\/2015\/07\/08_Materle_15_07_063.jpg\"><img loading=\"lazy\" decoding=\"async\" class=\"alignnone size-medium wp-image-3906\" src=\"http:\/\/blog.meineigenerweg.de\/wp-content\/uploads\/2015\/07\/08_Materle_15_07_063-300x200.jpg\" alt=\"08_Materle_15_07_063\" width=\"300\" height=\"200\" srcset=\"http:\/\/blog.meineigenerweg.de\/wp-content\/uploads\/2015\/07\/08_Materle_15_07_063-300x200.jpg 300w, http:\/\/blog.meineigenerweg.de\/wp-content\/uploads\/2015\/07\/08_Materle_15_07_063.jpg 1000w\" sizes=\"auto, (max-width: 300px) 100vw, 300px\" \/><\/a>\u00a0<a href=\"http:\/\/blog.meineigenerweg.de\/wp-content\/uploads\/2015\/07\/08_Materle_15_07_114.jpg\"><img loading=\"lazy\" decoding=\"async\" class=\"alignnone size-medium wp-image-3907\" src=\"http:\/\/blog.meineigenerweg.de\/wp-content\/uploads\/2015\/07\/08_Materle_15_07_114-300x200.jpg\" alt=\"08_Materle_15_07_114\" width=\"300\" height=\"200\" srcset=\"http:\/\/blog.meineigenerweg.de\/wp-content\/uploads\/2015\/07\/08_Materle_15_07_114-300x200.jpg 300w, http:\/\/blog.meineigenerweg.de\/wp-content\/uploads\/2015\/07\/08_Materle_15_07_114.jpg 1000w\" sizes=\"auto, (max-width: 300px) 100vw, 300px\" \/><\/a><\/p>\n<p>&nbsp;<\/p>\n<p><strong>Tag 8<\/strong><\/p>\n<p>Die M\u00f6lltal-Gletschbahn, eine Standseilbahn, bringt mich zur Bergstation in 2200 mtr H\u00f6he. Von hier aus f\u00fchrt\u00a0ein Sessellift noch bis auf 2800 mtr hinauf, aber das ist eigentlich nur etwas f\u00fcr Skifahrer, denn von dort oben kommt eine sch\u00f6ne breite Piste wieder herunter.<br \/>\n<a href=\"http:\/\/blog.meineigenerweg.de\/wp-content\/uploads\/2015\/07\/09_M\u00f6lltal-Gletscher_15_07_012x.jpg\"><img loading=\"lazy\" decoding=\"async\" class=\"alignnone size-medium wp-image-3925\" src=\"http:\/\/blog.meineigenerweg.de\/wp-content\/uploads\/2015\/07\/09_M\u00f6lltal-Gletscher_15_07_012x-300x200.jpg\" alt=\"09_M\u00f6lltal-Gletscher_15_07_012x\" width=\"300\" height=\"200\" srcset=\"http:\/\/blog.meineigenerweg.de\/wp-content\/uploads\/2015\/07\/09_M\u00f6lltal-Gletscher_15_07_012x-300x200.jpg 300w, http:\/\/blog.meineigenerweg.de\/wp-content\/uploads\/2015\/07\/09_M\u00f6lltal-Gletscher_15_07_012x.jpg 1000w\" sizes=\"auto, (max-width: 300px) 100vw, 300px\" \/><\/a><br \/>\nZu Fu\u00df wandere ich wieder hinunter zur Mittelstation der Gletscherbahn, mal \u00fcber ausgedehnte Schneefelder mal \u00fcber steile Kletterstellen.<br \/>\n<a href=\"http:\/\/blog.meineigenerweg.de\/wp-content\/uploads\/2015\/07\/09_M\u00f6lltal-Gletscher_15_07_049.jpg\"><img loading=\"lazy\" decoding=\"async\" class=\"alignnone size-medium wp-image-3926\" src=\"http:\/\/blog.meineigenerweg.de\/wp-content\/uploads\/2015\/07\/09_M\u00f6lltal-Gletscher_15_07_049-300x200.jpg\" alt=\"09_M\u00f6lltal-Gletscher_15_07_049\" width=\"300\" height=\"200\" srcset=\"http:\/\/blog.meineigenerweg.de\/wp-content\/uploads\/2015\/07\/09_M\u00f6lltal-Gletscher_15_07_049-300x200.jpg 300w, http:\/\/blog.meineigenerweg.de\/wp-content\/uploads\/2015\/07\/09_M\u00f6lltal-Gletscher_15_07_049.jpg 1000w\" sizes=\"auto, (max-width: 300px) 100vw, 300px\" \/><\/a> <a href=\"http:\/\/blog.meineigenerweg.de\/wp-content\/uploads\/2015\/07\/09_M\u00f6lltal-Gletscher_15_07_064.jpg\"><img loading=\"lazy\" decoding=\"async\" class=\"alignnone size-medium wp-image-3927\" src=\"http:\/\/blog.meineigenerweg.de\/wp-content\/uploads\/2015\/07\/09_M\u00f6lltal-Gletscher_15_07_064-300x200.jpg\" alt=\"09_M\u00f6lltal-Gletscher_15_07_064\" width=\"300\" height=\"200\" srcset=\"http:\/\/blog.meineigenerweg.de\/wp-content\/uploads\/2015\/07\/09_M\u00f6lltal-Gletscher_15_07_064-300x200.jpg 300w, http:\/\/blog.meineigenerweg.de\/wp-content\/uploads\/2015\/07\/09_M\u00f6lltal-Gletscher_15_07_064.jpg 1000w\" sizes=\"auto, (max-width: 300px) 100vw, 300px\" \/><\/a><br \/>\nEin paar Bergschafe begleiten mit ein St\u00fcck.<br \/>\n<a href=\"http:\/\/blog.meineigenerweg.de\/wp-content\/uploads\/2015\/07\/09_M\u00f6lltal-Gletscher_15_07_072.jpg\"><img loading=\"lazy\" decoding=\"async\" class=\"alignnone size-medium wp-image-3928\" src=\"http:\/\/blog.meineigenerweg.de\/wp-content\/uploads\/2015\/07\/09_M\u00f6lltal-Gletscher_15_07_072-300x200.jpg\" alt=\"09_M\u00f6lltal-Gletscher_15_07_072\" width=\"300\" height=\"200\" srcset=\"http:\/\/blog.meineigenerweg.de\/wp-content\/uploads\/2015\/07\/09_M\u00f6lltal-Gletscher_15_07_072-300x200.jpg 300w, http:\/\/blog.meineigenerweg.de\/wp-content\/uploads\/2015\/07\/09_M\u00f6lltal-Gletscher_15_07_072.jpg 1000w\" sizes=\"auto, (max-width: 300px) 100vw, 300px\" \/><\/a><br \/>\nDie letzten Meter gehen \u00fcber eine steile Skipiste, im Winter mit Schnee und auf Ski w\u00e4re es ein Vergn\u00fcgen, so ist es echt anstrengend.<br \/>\n<a href=\"http:\/\/blog.meineigenerweg.de\/wp-content\/uploads\/2015\/07\/09_M\u00f6lltal-Gletscher_15_07_102.jpg\"><img loading=\"lazy\" decoding=\"async\" class=\"alignnone size-medium wp-image-3929\" src=\"http:\/\/blog.meineigenerweg.de\/wp-content\/uploads\/2015\/07\/09_M\u00f6lltal-Gletscher_15_07_102-300x200.jpg\" alt=\"09_M\u00f6lltal-Gletscher_15_07_102\" width=\"300\" height=\"200\" srcset=\"http:\/\/blog.meineigenerweg.de\/wp-content\/uploads\/2015\/07\/09_M\u00f6lltal-Gletscher_15_07_102-300x200.jpg 300w, http:\/\/blog.meineigenerweg.de\/wp-content\/uploads\/2015\/07\/09_M\u00f6lltal-Gletscher_15_07_102.jpg 1000w\" sizes=\"auto, (max-width: 300px) 100vw, 300px\" \/><\/a> <a href=\"http:\/\/blog.meineigenerweg.de\/wp-content\/uploads\/2015\/07\/09_M\u00f6lltal-Gletscher_15_07_118.jpg\"><img loading=\"lazy\" decoding=\"async\" class=\"alignnone size-medium wp-image-3930\" src=\"http:\/\/blog.meineigenerweg.de\/wp-content\/uploads\/2015\/07\/09_M\u00f6lltal-Gletscher_15_07_118-300x200.jpg\" alt=\"09_M\u00f6lltal-Gletscher_15_07_118\" width=\"300\" height=\"200\" srcset=\"http:\/\/blog.meineigenerweg.de\/wp-content\/uploads\/2015\/07\/09_M\u00f6lltal-Gletscher_15_07_118-300x200.jpg 300w, http:\/\/blog.meineigenerweg.de\/wp-content\/uploads\/2015\/07\/09_M\u00f6lltal-Gletscher_15_07_118.jpg 1000w\" sizes=\"auto, (max-width: 300px) 100vw, 300px\" \/><\/a><\/p>\n<p>&nbsp;<\/p>\n<p><strong>Tal 9<\/strong><\/p>\n<p>Entspannter, aber nicht weniger spektakul\u00e4r, die\u00a0Raggaschlucht.<br \/>\n<a href=\"http:\/\/blog.meineigenerweg.de\/wp-content\/uploads\/2015\/07\/10_Ragga-Schlucht_15_07_044.jpg\"><img loading=\"lazy\" decoding=\"async\" class=\"alignnone size-medium wp-image-3918\" src=\"http:\/\/blog.meineigenerweg.de\/wp-content\/uploads\/2015\/07\/10_Ragga-Schlucht_15_07_044-200x300.jpg\" alt=\"10_Ragga-Schlucht_15_07_044\" width=\"200\" height=\"300\" srcset=\"http:\/\/blog.meineigenerweg.de\/wp-content\/uploads\/2015\/07\/10_Ragga-Schlucht_15_07_044-200x300.jpg 200w, http:\/\/blog.meineigenerweg.de\/wp-content\/uploads\/2015\/07\/10_Ragga-Schlucht_15_07_044.jpg 666w\" sizes=\"auto, (max-width: 200px) 100vw, 200px\" \/><\/a> <a href=\"http:\/\/blog.meineigenerweg.de\/wp-content\/uploads\/2015\/07\/10_Ragga-Schlucht_15_07_040.jpg\"><img loading=\"lazy\" decoding=\"async\" class=\"alignnone size-medium wp-image-3917\" src=\"http:\/\/blog.meineigenerweg.de\/wp-content\/uploads\/2015\/07\/10_Ragga-Schlucht_15_07_040-200x300.jpg\" alt=\"10_Ragga-Schlucht_15_07_040\" width=\"200\" height=\"300\" srcset=\"http:\/\/blog.meineigenerweg.de\/wp-content\/uploads\/2015\/07\/10_Ragga-Schlucht_15_07_040-200x300.jpg 200w, http:\/\/blog.meineigenerweg.de\/wp-content\/uploads\/2015\/07\/10_Ragga-Schlucht_15_07_040.jpg 666w\" sizes=\"auto, (max-width: 200px) 100vw, 200px\" \/><\/a> <a href=\"http:\/\/blog.meineigenerweg.de\/wp-content\/uploads\/2015\/07\/10_Ragga-Schlucht_15_07_024.jpg\"><img loading=\"lazy\" decoding=\"async\" class=\"alignnone size-medium wp-image-3916\" src=\"http:\/\/blog.meineigenerweg.de\/wp-content\/uploads\/2015\/07\/10_Ragga-Schlucht_15_07_024-200x300.jpg\" alt=\"10_Ragga-Schlucht_15_07_024\" width=\"200\" height=\"300\" srcset=\"http:\/\/blog.meineigenerweg.de\/wp-content\/uploads\/2015\/07\/10_Ragga-Schlucht_15_07_024-200x300.jpg 200w, http:\/\/blog.meineigenerweg.de\/wp-content\/uploads\/2015\/07\/10_Ragga-Schlucht_15_07_024.jpg 666w\" sizes=\"auto, (max-width: 200px) 100vw, 200px\" \/><\/a><\/p>\n<p>&nbsp;<\/p>\n<p><strong>Tag 10<\/strong><\/p>\n<p>Einfach nur sch\u00f6n, der Stappitz-See.<br \/>\n<a href=\"http:\/\/blog.meineigenerweg.de\/wp-content\/uploads\/2015\/07\/11_Stappiz-See_15_07_001x.jpg\"><img loading=\"lazy\" decoding=\"async\" class=\"alignnone size-medium wp-image-3939\" src=\"http:\/\/blog.meineigenerweg.de\/wp-content\/uploads\/2015\/07\/11_Stappiz-See_15_07_001x-300x200.jpg\" alt=\"11_Stappiz-See_15_07_001x\" width=\"300\" height=\"200\" srcset=\"http:\/\/blog.meineigenerweg.de\/wp-content\/uploads\/2015\/07\/11_Stappiz-See_15_07_001x-300x200.jpg 300w, http:\/\/blog.meineigenerweg.de\/wp-content\/uploads\/2015\/07\/11_Stappiz-See_15_07_001x.jpg 1000w\" sizes=\"auto, (max-width: 300px) 100vw, 300px\" \/><\/a> <a href=\"http:\/\/blog.meineigenerweg.de\/wp-content\/uploads\/2015\/07\/11_Stappiz-See_15_07_014x.jpg\"><img loading=\"lazy\" decoding=\"async\" class=\"alignnone size-medium wp-image-3940\" src=\"http:\/\/blog.meineigenerweg.de\/wp-content\/uploads\/2015\/07\/11_Stappiz-See_15_07_014x-300x200.jpg\" alt=\"11_Stappiz-See_15_07_014x\" width=\"300\" height=\"200\" srcset=\"http:\/\/blog.meineigenerweg.de\/wp-content\/uploads\/2015\/07\/11_Stappiz-See_15_07_014x-300x200.jpg 300w, http:\/\/blog.meineigenerweg.de\/wp-content\/uploads\/2015\/07\/11_Stappiz-See_15_07_014x.jpg 1000w\" sizes=\"auto, (max-width: 300px) 100vw, 300px\" \/><\/a><\/p>\n<p>&nbsp;<\/p>\n<p><strong>Tag 11<\/strong><\/p>\n<p>Der Ankogel ist 3252 mtr hoch und\u00a0ich bin\u00a0von der Talstation auf 1281 mtr H\u00f6he fast bis zum Gipfel auf 2636 mtr H\u00f6he mit der Seilbahn hinaufgefahren. Hinunter bin ich dann wieder gelaufen.<br \/>\n<a href=\"http:\/\/blog.meineigenerweg.de\/wp-content\/uploads\/2015\/07\/15_Ankogel_15_07_007.jpg\"><img loading=\"lazy\" decoding=\"async\" class=\"alignnone size-medium wp-image-3944\" src=\"http:\/\/blog.meineigenerweg.de\/wp-content\/uploads\/2015\/07\/15_Ankogel_15_07_007-300x200.jpg\" alt=\"15_Ankogel_15_07_007\" width=\"300\" height=\"200\" srcset=\"http:\/\/blog.meineigenerweg.de\/wp-content\/uploads\/2015\/07\/15_Ankogel_15_07_007-300x200.jpg 300w, http:\/\/blog.meineigenerweg.de\/wp-content\/uploads\/2015\/07\/15_Ankogel_15_07_007.jpg 1000w\" sizes=\"auto, (max-width: 300px) 100vw, 300px\" \/><\/a><br \/>\nDer Weg bergab f\u00fchrt zur Hannoverschen H\u00fctte, dann \u00fcber den Grat und biegt dann nach rechts ab.<br \/>\n<a href=\"http:\/\/blog.meineigenerweg.de\/wp-content\/uploads\/2015\/07\/15_Ankogel_15_07_008.jpg\"><img loading=\"lazy\" decoding=\"async\" class=\"alignnone size-medium wp-image-3945\" src=\"http:\/\/blog.meineigenerweg.de\/wp-content\/uploads\/2015\/07\/15_Ankogel_15_07_008-300x200.jpg\" alt=\"15_Ankogel_15_07_008\" width=\"300\" height=\"200\" srcset=\"http:\/\/blog.meineigenerweg.de\/wp-content\/uploads\/2015\/07\/15_Ankogel_15_07_008-300x200.jpg 300w, http:\/\/blog.meineigenerweg.de\/wp-content\/uploads\/2015\/07\/15_Ankogel_15_07_008.jpg 1000w\" sizes=\"auto, (max-width: 300px) 100vw, 300px\" \/><\/a> <a href=\"http:\/\/blog.meineigenerweg.de\/wp-content\/uploads\/2015\/07\/15_Ankogel_15_07_042.jpg\"><img loading=\"lazy\" decoding=\"async\" class=\"alignnone size-medium wp-image-3946\" src=\"http:\/\/blog.meineigenerweg.de\/wp-content\/uploads\/2015\/07\/15_Ankogel_15_07_042-300x200.jpg\" alt=\"15_Ankogel_15_07_042\" width=\"300\" height=\"200\" srcset=\"http:\/\/blog.meineigenerweg.de\/wp-content\/uploads\/2015\/07\/15_Ankogel_15_07_042-300x200.jpg 300w, http:\/\/blog.meineigenerweg.de\/wp-content\/uploads\/2015\/07\/15_Ankogel_15_07_042.jpg 1000w\" sizes=\"auto, (max-width: 300px) 100vw, 300px\" \/><\/a><br \/>\nDa haben Spa\u00dfv\u00f6gel den Weg markiert. Das Ergebnis ist \u00fcbrigens 502.<br \/>\n<a href=\"http:\/\/blog.meineigenerweg.de\/wp-content\/uploads\/2015\/07\/15_Ankogel_15_07_027.jpg\"><img loading=\"lazy\" decoding=\"async\" class=\"alignnone size-medium wp-image-3947\" src=\"http:\/\/blog.meineigenerweg.de\/wp-content\/uploads\/2015\/07\/15_Ankogel_15_07_027-300x200.jpg\" alt=\"15_Ankogel_15_07_027\" width=\"300\" height=\"200\" srcset=\"http:\/\/blog.meineigenerweg.de\/wp-content\/uploads\/2015\/07\/15_Ankogel_15_07_027-300x200.jpg 300w, http:\/\/blog.meineigenerweg.de\/wp-content\/uploads\/2015\/07\/15_Ankogel_15_07_027.jpg 1000w\" sizes=\"auto, (max-width: 300px) 100vw, 300px\" \/><\/a><br \/>\nDer Weg ist nicht zu unrecht als schwierig ausgeschildert. Mal ging es \u00fcber Schnee- und Ger\u00f6llfelder, mal musste ich den Berg auf allen Vieren hinaufklettern.<br \/>\n<a href=\"http:\/\/blog.meineigenerweg.de\/wp-content\/uploads\/2015\/07\/15_Ankogel_15_07_098.jpg\"><img loading=\"lazy\" decoding=\"async\" class=\"alignnone size-medium wp-image-3949\" src=\"http:\/\/blog.meineigenerweg.de\/wp-content\/uploads\/2015\/07\/15_Ankogel_15_07_098-300x200.jpg\" alt=\"15_Ankogel_15_07_098\" width=\"300\" height=\"200\" srcset=\"http:\/\/blog.meineigenerweg.de\/wp-content\/uploads\/2015\/07\/15_Ankogel_15_07_098-300x200.jpg 300w, http:\/\/blog.meineigenerweg.de\/wp-content\/uploads\/2015\/07\/15_Ankogel_15_07_098.jpg 1000w\" sizes=\"auto, (max-width: 300px) 100vw, 300px\" \/><\/a>\u00a0<a href=\"http:\/\/blog.meineigenerweg.de\/wp-content\/uploads\/2015\/07\/15_Ankogel_15_07_084.jpg\"><img loading=\"lazy\" decoding=\"async\" class=\"alignnone size-medium wp-image-3948\" src=\"http:\/\/blog.meineigenerweg.de\/wp-content\/uploads\/2015\/07\/15_Ankogel_15_07_084-300x200.jpg\" alt=\"15_Ankogel_15_07_084\" width=\"300\" height=\"200\" srcset=\"http:\/\/blog.meineigenerweg.de\/wp-content\/uploads\/2015\/07\/15_Ankogel_15_07_084-300x200.jpg 300w, http:\/\/blog.meineigenerweg.de\/wp-content\/uploads\/2015\/07\/15_Ankogel_15_07_084.jpg 1000w\" sizes=\"auto, (max-width: 300px) 100vw, 300px\" \/><\/a><\/p>\n<p>&nbsp;<\/p>\n<p><strong>Tag 12<\/strong><\/p>\n<p>Heute geht es weiter nach Obervellach<br \/>\n<a href=\"http:\/\/blog.meineigenerweg.de\/wp-content\/uploads\/2015\/07\/17b_D\u00f6sner-Tal_15_07_048.jpg\"><img loading=\"lazy\" decoding=\"async\" class=\"alignnone size-medium wp-image-3950\" src=\"http:\/\/blog.meineigenerweg.de\/wp-content\/uploads\/2015\/07\/17b_D\u00f6sner-Tal_15_07_048-300x200.jpg\" alt=\"17b_D\u00f6sner-Tal_15_07_048\" width=\"300\" height=\"200\" srcset=\"http:\/\/blog.meineigenerweg.de\/wp-content\/uploads\/2015\/07\/17b_D\u00f6sner-Tal_15_07_048-300x200.jpg 300w, http:\/\/blog.meineigenerweg.de\/wp-content\/uploads\/2015\/07\/17b_D\u00f6sner-Tal_15_07_048.jpg 1000w\" sizes=\"auto, (max-width: 300px) 100vw, 300px\" \/><\/a><br \/>\nund von dort mit dem Postbus zur\u00fcck nach Heiligenblut. Mein Auto steht immer noch im Parkhaus und jetzt geht es wieder nach Hause.<\/p>\n<p>Aber &#8230; nach dem Urlaub ist vor dem Urlaub \ud83d\ude09<\/p>\n<p>&nbsp;<\/p>\n","protected":false},"excerpt":{"rendered":"<p>Tag 1 Vom Ewigen Eis des Gro\u00dfglockners, quer durch die Alpen, \u00fcber \u00d6sterreich, Slowenien und Italien, f\u00fchrt seit 2011\u00a0der Alpe-Adria-Trail\u00a0in 43 Etappen \u00fcber 750 km bis zur Adria. H\u00f6rt sich doch ganz interessant an &#8211; oder? Ich probiere ihn einfach mal aus, mal schauen wie weit ich in 14 Tagen<\/p>\n","protected":false},"author":1,"featured_media":3952,"parent":146,"menu_order":0,"comment_status":"closed","ping_status":"closed","template":"","meta":{"footnotes":""},"class_list":["post-3844","page","type-page","status-publish","has-post-thumbnail","hentry"],"_links":{"self":[{"href":"http:\/\/blog.meineigenerweg.de\/index.php?rest_route=\/wp\/v2\/pages\/3844","targetHints":{"allow":["GET"]}}],"collection":[{"href":"http:\/\/blog.meineigenerweg.de\/index.php?rest_route=\/wp\/v2\/pages"}],"about":[{"href":"http:\/\/blog.meineigenerweg.de\/index.php?rest_route=\/wp\/v2\/types\/page"}],"author":[{"embeddable":true,"href":"http:\/\/blog.meineigenerweg.de\/index.php?rest_route=\/wp\/v2\/users\/1"}],"replies":[{"embeddable":true,"href":"http:\/\/blog.meineigenerweg.de\/index.php?rest_route=%2Fwp%2Fv2%2Fcomments&post=3844"}],"version-history":[{"count":37,"href":"http:\/\/blog.meineigenerweg.de\/index.php?rest_route=\/wp\/v2\/pages\/3844\/revisions"}],"predecessor-version":[{"id":5889,"href":"http:\/\/blog.meineigenerweg.de\/index.php?rest_route=\/wp\/v2\/pages\/3844\/revisions\/5889"}],"up":[{"embeddable":true,"href":"http:\/\/blog.meineigenerweg.de\/index.php?rest_route=\/wp\/v2\/pages\/146"}],"wp:featuredmedia":[{"embeddable":true,"href":"http:\/\/blog.meineigenerweg.de\/index.php?rest_route=\/wp\/v2\/media\/3952"}],"wp:attachment":[{"href":"http:\/\/blog.meineigenerweg.de\/index.php?rest_route=%2Fwp%2Fv2%2Fmedia&parent=3844"}],"curies":[{"name":"wp","href":"https:\/\/api.w.org\/{rel}","templated":true}]}}