{"id":2322,"date":"2014-08-21T20:53:36","date_gmt":"2014-08-21T19:53:36","guid":{"rendered":"http:\/\/blog.meineigenerweg.de\/?page_id=2322"},"modified":"2019-03-28T20:32:41","modified_gmt":"2019-03-28T19:32:41","slug":"140821-worpswede","status":"publish","type":"page","link":"http:\/\/blog.meineigenerweg.de\/?page_id=2322","title":{"rendered":"Worpswede ***"},"content":{"rendered":"<p>21.08.2014<\/p>\n<p>Der Weg von Bremen nach <span style=\"color: #0000ff;\"><a href=\"http:\/\/www.worpswede.de\/\" target=\"_blank\" rel=\"noopener noreferrer\"><span style=\"color: #0000ff;\"><span style=\"text-decoration: underline;\">Worpswede<\/span><\/span><\/a><\/span> ist nicht sehr weit, bei gutem Wetter fahre ich die 20 km mit dem Rad. Vorbei an weitem Land<br \/>\n<a href=\"http:\/\/blog.meineigenerweg.de\/wp-content\/uploads\/2014\/08\/DSC_4630.jpg\"><img loading=\"lazy\" decoding=\"async\" class=\"alignnone size-medium wp-image-2336\" src=\"http:\/\/blog.meineigenerweg.de\/wp-content\/uploads\/2014\/08\/DSC_4630-300x200.jpg\" alt=\"DSC_4630\" width=\"300\" height=\"200\" srcset=\"http:\/\/blog.meineigenerweg.de\/wp-content\/uploads\/2014\/08\/DSC_4630-300x200.jpg 300w, http:\/\/blog.meineigenerweg.de\/wp-content\/uploads\/2014\/08\/DSC_4630.jpg 1000w\" sizes=\"auto, (max-width: 300px) 100vw, 300px\" \/><\/a><br \/>\nund baumbestandene Alleen und Hofzufahrten,<br \/>\n<a href=\"http:\/\/blog.meineigenerweg.de\/wp-content\/uploads\/2014\/08\/DSC_4632.jpg\"><img loading=\"lazy\" decoding=\"async\" class=\"alignnone size-medium wp-image-2337\" src=\"http:\/\/blog.meineigenerweg.de\/wp-content\/uploads\/2014\/08\/DSC_4632-300x200.jpg\" alt=\"DSC_4632\" width=\"300\" height=\"200\" srcset=\"http:\/\/blog.meineigenerweg.de\/wp-content\/uploads\/2014\/08\/DSC_4632-300x200.jpg 300w, http:\/\/blog.meineigenerweg.de\/wp-content\/uploads\/2014\/08\/DSC_4632.jpg 1000w\" sizes=\"auto, (max-width: 300px) 100vw, 300px\" \/><\/a><br \/>\nwundersch\u00f6nen Eingangst\u00fcren an alten Bauernh\u00f6fen.<br \/>\n<a href=\"http:\/\/blog.meineigenerweg.de\/wp-content\/uploads\/2014\/08\/DSC_4638x.jpg\"><img loading=\"lazy\" decoding=\"async\" class=\"alignnone size-medium wp-image-2339\" src=\"http:\/\/blog.meineigenerweg.de\/wp-content\/uploads\/2014\/08\/DSC_4638x-300x200.jpg\" alt=\"DSC_4638x\" width=\"300\" height=\"200\" srcset=\"http:\/\/blog.meineigenerweg.de\/wp-content\/uploads\/2014\/08\/DSC_4638x-300x200.jpg 300w, http:\/\/blog.meineigenerweg.de\/wp-content\/uploads\/2014\/08\/DSC_4638x.jpg 1000w\" sizes=\"auto, (max-width: 300px) 100vw, 300px\" \/><\/a><br \/>\nDen Ortskern bildet die bekannte Bergstra\u00dfe, das Publikum geh\u00f6rt zum gr\u00f6\u00dften Teil zu den Best-Agern (55+). Hier reiht sich eine kleine Galerie an die n\u00e4chste und ebenfalls ein Caf\u00e9 an das n\u00e4chste.\u00a0Insgesamt nicht\u00a0unbedingt mein Geschmack, ein wenig zu &#8222;ommerich&#8220;. Aber man muss es ja mal gesehen haben.<\/p>\n<p>1889 wurde hier bereits eine\u00a0Lebens- und Arbeitsgemeinschaft von K\u00fcnstlern gegr\u00fcndet. Bis vor wenigen Jahren war dies eine der gr\u00f6\u00dften Stipendiatenst\u00e4tten Deutschlands.<\/p>\n<p>Gro\u00dfe Kunstschau und Kaffee Worpswede<br \/>\n<a href=\"http:\/\/blog.meineigenerweg.de\/wp-content\/uploads\/2014\/08\/Worpswede_03_13.jpg\"><img loading=\"lazy\" decoding=\"async\" class=\"alignnone size-medium wp-image-2342\" src=\"http:\/\/blog.meineigenerweg.de\/wp-content\/uploads\/2014\/08\/Worpswede_03_13-300x208.jpg\" alt=\"Worpswede_03_13\" width=\"300\" height=\"208\" srcset=\"http:\/\/blog.meineigenerweg.de\/wp-content\/uploads\/2014\/08\/Worpswede_03_13-300x208.jpg 300w, http:\/\/blog.meineigenerweg.de\/wp-content\/uploads\/2014\/08\/Worpswede_03_13.jpg 1000w\" sizes=\"auto, (max-width: 300px) 100vw, 300px\" \/><\/a><br \/>\nBarkenhoff<br \/>\n<a href=\"http:\/\/blog.meineigenerweg.de\/wp-content\/uploads\/2014\/08\/DSC_4640.jpg\"><img loading=\"lazy\" decoding=\"async\" class=\"alignnone size-medium wp-image-2343\" src=\"http:\/\/blog.meineigenerweg.de\/wp-content\/uploads\/2014\/08\/DSC_4640-300x200.jpg\" alt=\"DSC_4640\" width=\"300\" height=\"200\" srcset=\"http:\/\/blog.meineigenerweg.de\/wp-content\/uploads\/2014\/08\/DSC_4640-300x200.jpg 300w, http:\/\/blog.meineigenerweg.de\/wp-content\/uploads\/2014\/08\/DSC_4640.jpg 1000w\" sizes=\"auto, (max-width: 300px) 100vw, 300px\" \/><\/a><br \/>\nK\u00e4seglocke<br \/>\n<a href=\"http:\/\/blog.meineigenerweg.de\/wp-content\/uploads\/2014\/08\/DSC_4648.jpg\"><img loading=\"lazy\" decoding=\"async\" class=\"alignnone size-medium wp-image-2344\" src=\"http:\/\/blog.meineigenerweg.de\/wp-content\/uploads\/2014\/08\/DSC_4648-300x200.jpg\" alt=\"DSC_4648\" width=\"300\" height=\"200\" srcset=\"http:\/\/blog.meineigenerweg.de\/wp-content\/uploads\/2014\/08\/DSC_4648-300x200.jpg 300w, http:\/\/blog.meineigenerweg.de\/wp-content\/uploads\/2014\/08\/DSC_4648.jpg 1000w\" sizes=\"auto, (max-width: 300px) 100vw, 300px\" \/><\/a><br \/>\nWindm\u00fchle<br \/>\n<a href=\"http:\/\/blog.meineigenerweg.de\/wp-content\/uploads\/2014\/08\/DSC_4668.jpg\"><img loading=\"lazy\" decoding=\"async\" class=\"alignnone size-medium wp-image-2345\" src=\"http:\/\/blog.meineigenerweg.de\/wp-content\/uploads\/2014\/08\/DSC_4668-300x200.jpg\" alt=\"DSC_4668\" width=\"300\" height=\"200\" srcset=\"http:\/\/blog.meineigenerweg.de\/wp-content\/uploads\/2014\/08\/DSC_4668-300x200.jpg 300w, http:\/\/blog.meineigenerweg.de\/wp-content\/uploads\/2014\/08\/DSC_4668.jpg 1000w\" sizes=\"auto, (max-width: 300px) 100vw, 300px\" \/><\/a><br \/>\nund viele wundersch\u00f6ne H\u00e4user<br \/>\n<a href=\"http:\/\/blog.meineigenerweg.de\/wp-content\/uploads\/2014\/08\/DSC_4664.jpg\"><img loading=\"lazy\" decoding=\"async\" class=\"alignnone size-medium wp-image-2346\" src=\"http:\/\/blog.meineigenerweg.de\/wp-content\/uploads\/2014\/08\/DSC_4664-300x200.jpg\" alt=\"DSC_4664\" width=\"300\" height=\"200\" srcset=\"http:\/\/blog.meineigenerweg.de\/wp-content\/uploads\/2014\/08\/DSC_4664-300x200.jpg 300w, http:\/\/blog.meineigenerweg.de\/wp-content\/uploads\/2014\/08\/DSC_4664.jpg 1000w\" sizes=\"auto, (max-width: 300px) 100vw, 300px\" \/><\/a><\/p>\n<p>Wenn man ein\u00a0kurzes St\u00fcck\u00a0aus Worpswede hinausf\u00e4hrt, kommt man zur Hamme, ein schmaler Fluss\u00a0mit tiefschwarzem Wasser, der langsam vor sich hind\u00fcmpelt.<br \/>\n<a href=\"http:\/\/blog.meineigenerweg.de\/wp-content\/uploads\/2014\/08\/DSC_4680x.jpg\"><img loading=\"lazy\" decoding=\"async\" class=\"alignnone size-medium wp-image-2350\" src=\"http:\/\/blog.meineigenerweg.de\/wp-content\/uploads\/2014\/08\/DSC_4680x-300x200.jpg\" alt=\"DSC_4680x\" width=\"300\" height=\"200\" srcset=\"http:\/\/blog.meineigenerweg.de\/wp-content\/uploads\/2014\/08\/DSC_4680x-300x200.jpg 300w, http:\/\/blog.meineigenerweg.de\/wp-content\/uploads\/2014\/08\/DSC_4680x.jpg 1000w\" sizes=\"auto, (max-width: 300px) 100vw, 300px\" \/><\/a><br \/>\nFr\u00fcher glitten hier\u00a0Torfk\u00e4ne, schwarzen Boote mit brauen Segeln her. Sie waren vollbeladen mit Torfballen und die Torfbauern stakten, treidelten und segelten oft mehrere Tage bis nach Bremen. Dort wurde der Torf als Brennmaterial verkauft.<br \/>\nHeute schippern\u00a0die Nachfahren der Torfbauern\u00a0mit <span style=\"color: #0000ff;\"><a href=\"http:\/\/www.worpswede.de\/torfkahn\" target=\"_blank\" rel=\"noopener noreferrer\"><span style=\"color: #0000ff;\"><span style=\"text-decoration: underline;\">Touristen<\/span><\/span><\/a><\/span> durchs Teufelsmoor.<br \/>\n<a href=\"http:\/\/blog.meineigenerweg.de\/wp-content\/uploads\/2014\/08\/DSC_4679.jpg\"><img loading=\"lazy\" decoding=\"async\" class=\"alignnone size-medium wp-image-2351\" src=\"http:\/\/blog.meineigenerweg.de\/wp-content\/uploads\/2014\/08\/DSC_4679-300x200.jpg\" alt=\"DSC_4679\" width=\"300\" height=\"200\" srcset=\"http:\/\/blog.meineigenerweg.de\/wp-content\/uploads\/2014\/08\/DSC_4679-300x200.jpg 300w, http:\/\/blog.meineigenerweg.de\/wp-content\/uploads\/2014\/08\/DSC_4679.jpg 1000w\" sizes=\"auto, (max-width: 300px) 100vw, 300px\" \/><\/a><\/p>\n<p><em>Meine Wertung: <span style=\"color: #ff0000;\">***<\/span>** nett<\/em><\/p>\n<p>&nbsp;<\/p>\n","protected":false},"excerpt":{"rendered":"<p>21.08.2014 Der Weg von Bremen nach Worpswede ist nicht sehr weit, bei gutem Wetter fahre ich die 20 km mit dem Rad. Vorbei an weitem Land und baumbestandene Alleen und Hofzufahrten, wundersch\u00f6nen Eingangst\u00fcren an alten Bauernh\u00f6fen. Den Ortskern bildet die bekannte Bergstra\u00dfe, das Publikum geh\u00f6rt zum gr\u00f6\u00dften Teil zu den<\/p>\n","protected":false},"author":1,"featured_media":2355,"parent":108,"menu_order":0,"comment_status":"closed","ping_status":"closed","template":"","meta":{"footnotes":""},"class_list":["post-2322","page","type-page","status-publish","has-post-thumbnail","hentry"],"_links":{"self":[{"href":"http:\/\/blog.meineigenerweg.de\/index.php?rest_route=\/wp\/v2\/pages\/2322","targetHints":{"allow":["GET"]}}],"collection":[{"href":"http:\/\/blog.meineigenerweg.de\/index.php?rest_route=\/wp\/v2\/pages"}],"about":[{"href":"http:\/\/blog.meineigenerweg.de\/index.php?rest_route=\/wp\/v2\/types\/page"}],"author":[{"embeddable":true,"href":"http:\/\/blog.meineigenerweg.de\/index.php?rest_route=\/wp\/v2\/users\/1"}],"replies":[{"embeddable":true,"href":"http:\/\/blog.meineigenerweg.de\/index.php?rest_route=%2Fwp%2Fv2%2Fcomments&post=2322"}],"version-history":[{"count":16,"href":"http:\/\/blog.meineigenerweg.de\/index.php?rest_route=\/wp\/v2\/pages\/2322\/revisions"}],"predecessor-version":[{"id":5866,"href":"http:\/\/blog.meineigenerweg.de\/index.php?rest_route=\/wp\/v2\/pages\/2322\/revisions\/5866"}],"up":[{"embeddable":true,"href":"http:\/\/blog.meineigenerweg.de\/index.php?rest_route=\/wp\/v2\/pages\/108"}],"wp:featuredmedia":[{"embeddable":true,"href":"http:\/\/blog.meineigenerweg.de\/index.php?rest_route=\/wp\/v2\/media\/2355"}],"wp:attachment":[{"href":"http:\/\/blog.meineigenerweg.de\/index.php?rest_route=%2Fwp%2Fv2%2Fmedia&parent=2322"}],"curies":[{"name":"wp","href":"https:\/\/api.w.org\/{rel}","templated":true}]}}