{"id":2007,"date":"2014-07-27T21:42:42","date_gmt":"2014-07-27T20:42:42","guid":{"rendered":"http:\/\/blog.meineigenerweg.de\/?page_id=2007"},"modified":"2019-03-28T22:46:44","modified_gmt":"2019-03-28T21:46:44","slug":"140714-hohe-tatra-ueberquerung","status":"publish","type":"page","link":"http:\/\/blog.meineigenerweg.de\/?page_id=2007","title":{"rendered":"Hohe Tatra \u00dcberquerung"},"content":{"rendered":"<h6>Meine Route<\/h6>\n<h6><a href=\"http:\/\/blog.meineigenerweg.de\/wp-content\/uploads\/2014\/07\/Hohe-Tatra.jpg\"><img loading=\"lazy\" decoding=\"async\" class=\"alignnone size-medium wp-image-2186\" src=\"http:\/\/blog.meineigenerweg.de\/wp-content\/uploads\/2014\/07\/Hohe-Tatra-300x168.jpg\" alt=\"Hohe Tatra\" width=\"300\" height=\"168\" srcset=\"http:\/\/blog.meineigenerweg.de\/wp-content\/uploads\/2014\/07\/Hohe-Tatra-300x168.jpg 300w, http:\/\/blog.meineigenerweg.de\/wp-content\/uploads\/2014\/07\/Hohe-Tatra-1024x576.jpg 1024w, http:\/\/blog.meineigenerweg.de\/wp-content\/uploads\/2014\/07\/Hohe-Tatra.jpg 1280w\" sizes=\"auto, (max-width: 300px) 100vw, 300px\" \/><\/a><\/h6>\n<h6>Tag 1 &#8211; von Bochum \u00fcber Polen in die Slowakai<\/h6>\n<p>Kurz vor 06:00 Uhr in Bochum, der Rucksack ist gepackt, das Auto vollgetankt, H\u00f6rb\u00fccher, Obst und Naschzeug\u00a0liegen ausreichend bereit, meine Stimmung ist super und ich bin\u00a0voller Neugier auf das, was mich in den n\u00e4chsten Tagen erwartet. Los geht&#8217;s, das Navi zeigt, das 1196 km vor mir liegen und ich knapp 12 Stunden daf\u00fcr brauchen werde &#8211; plus Pausen, tanken, essen und\u00a0Stau.<\/p>\n<p>Die Fahrt klappt reibungslos, ich fahre an endlos gro\u00dfen Kornfeldern vorbei, die rechts und links bis zum Horizont reichen, aber auch an Halden, Zechen und riesigen Tagebau-Baggern.\u00a0Kurz vor neunzehn\u00a0Uhr sehe in der Ferne\u00a0mein Ziel auftauchen, die Hohe Tatra auf der\u00a0slowakischen Seite.<br \/>\n<a href=\"http:\/\/blog.meineigenerweg.de\/wp-content\/uploads\/2014\/07\/Hohe_Tatra_T1_14_07_010-Andere.jpg\"><img loading=\"lazy\" decoding=\"async\" class=\"alignnone size-medium wp-image-2011\" src=\"http:\/\/blog.meineigenerweg.de\/wp-content\/uploads\/2014\/07\/Hohe_Tatra_T1_14_07_010-Andere-300x200.jpg\" alt=\"Hohe_Tatra_T1_14_07_010 (Andere)\" width=\"300\" height=\"200\" srcset=\"http:\/\/blog.meineigenerweg.de\/wp-content\/uploads\/2014\/07\/Hohe_Tatra_T1_14_07_010-Andere-300x200.jpg 300w, http:\/\/blog.meineigenerweg.de\/wp-content\/uploads\/2014\/07\/Hohe_Tatra_T1_14_07_010-Andere.jpg 1000w\" sizes=\"auto, (max-width: 300px) 100vw, 300px\" \/><\/a><br \/>\nW\u00e4hrend ich langsam \u00fcber die Landstra\u00dfe\u00a0um die\u00a0Hohen Tatra herum fahre, f\u00fchle ich mich\u00a0in der Zeit zur\u00fcckversetzt,\u00a0immer wieder begegnen mir Pferdefuhrwerke auf den Stra\u00dfen und den Feldern, das hatte ich nicht erwartet.<br \/>\n<a href=\"http:\/\/blog.meineigenerweg.de\/wp-content\/uploads\/2014\/07\/Hohe_Tatra_T1_14_07_009-Andere.jpg\"><img loading=\"lazy\" decoding=\"async\" class=\"alignnone size-medium wp-image-2012\" src=\"http:\/\/blog.meineigenerweg.de\/wp-content\/uploads\/2014\/07\/Hohe_Tatra_T1_14_07_009-Andere-300x200.jpg\" alt=\"Hohe_Tatra_T1_14_07_009 (Andere)\" width=\"300\" height=\"200\" srcset=\"http:\/\/blog.meineigenerweg.de\/wp-content\/uploads\/2014\/07\/Hohe_Tatra_T1_14_07_009-Andere-300x200.jpg 300w, http:\/\/blog.meineigenerweg.de\/wp-content\/uploads\/2014\/07\/Hohe_Tatra_T1_14_07_009-Andere.jpg 1000w\" sizes=\"auto, (max-width: 300px) 100vw, 300px\" \/><\/a><br \/>\nRechts und\u00a0links der Stra\u00dfe stehen vereinzelte\u00a0rustikale Holzh\u00e4user, die aus dicken Bohlen gebaut sind. Ab und zu erkenne ich ein\u00a0Gasthaus oder Restaurant, es gef\u00e4llt mir hier und sieht sehr rustikal aus.\u00a0In Belianske Tatry trete ich auf die Bremse und finde ein schlichtes, aber gem\u00fctliches Zimmer.\u00a0Ich spreche kein Slowakisch, aber die Verst\u00e4ndigung klappt trotzdem gut, ein wenig deutsch, ein wenig englisch, ein freundliches Lachen und schon ist das Zimmer gebucht. Bei der Speisenkarte im Restaurant ist es\u00a0etwas schwieriger, denn die ist nat\u00fcrlich nur in Slowakisch.\u00a0Ich entscheide mich erst einmal f\u00fcr etwas Bekanntes, Schnitzel und Pommes und Bier. Experimentiert wird erst ab morgen.<br \/>\n<a href=\"http:\/\/blog.meineigenerweg.de\/wp-content\/uploads\/2014\/07\/Hohe_Tatra_T1_14_07_017-Andere.jpg\"><img loading=\"lazy\" decoding=\"async\" class=\"alignnone size-medium wp-image-2013\" src=\"http:\/\/blog.meineigenerweg.de\/wp-content\/uploads\/2014\/07\/Hohe_Tatra_T1_14_07_017-Andere-300x225.jpg\" alt=\"Hohe_Tatra_T1_14_07_017 (Andere)\" width=\"300\" height=\"225\" srcset=\"http:\/\/blog.meineigenerweg.de\/wp-content\/uploads\/2014\/07\/Hohe_Tatra_T1_14_07_017-Andere-300x225.jpg 300w, http:\/\/blog.meineigenerweg.de\/wp-content\/uploads\/2014\/07\/Hohe_Tatra_T1_14_07_017-Andere.jpg 1000w\" sizes=\"auto, (max-width: 300px) 100vw, 300px\" \/><\/a><\/p>\n<h6>Tag 2 &#8211; Stary Smokovec<\/h6>\n<p>Zum Fr\u00fchst\u00fcck gibt es Graubrot und Leberwurst und Gurken und kleine, deftige W\u00fcrste und ger\u00e4ucherten K\u00e4se.\u00a0Als ich aus dem Haus trete, sehe ich, dass direkt gegen\u00fcber der Eingang zu den Belianske-H\u00f6hlen ist. Da ich mir nach der langen Fahrt heute einen etwas ruhigeren Tag g\u00f6nnen will, schaue ich mir gerne die H\u00f6hlen an. \u00dcber eine Stunde laufe ich mit einer\u00a0Gruppe\u00a0und einem Guide der slowakisch spricht,\u00a0durch die H\u00f6hle. Fast zwei Kilometer f\u00fchrt der Weg \u00fcber\u00a0mehr als 700 Stufen in den\u00a0Berg hinab und wieder hinauf. Durch enge G\u00e4nge und gro\u00dfe Hallen, vorbei an Tropfsteinen und unterirdischen B\u00e4chen und Seen.<br \/>\n<a href=\"http:\/\/blog.meineigenerweg.de\/wp-content\/uploads\/2014\/07\/Hohe_Tatra_T2_14_07_539.jpg\"><img loading=\"lazy\" decoding=\"async\" class=\"alignnone size-medium wp-image-2025\" src=\"http:\/\/blog.meineigenerweg.de\/wp-content\/uploads\/2014\/07\/Hohe_Tatra_T2_14_07_539-300x200.jpg\" alt=\"Hohe_Tatra_T2_14_07_539\" width=\"300\" height=\"200\" srcset=\"http:\/\/blog.meineigenerweg.de\/wp-content\/uploads\/2014\/07\/Hohe_Tatra_T2_14_07_539-300x200.jpg 300w, http:\/\/blog.meineigenerweg.de\/wp-content\/uploads\/2014\/07\/Hohe_Tatra_T2_14_07_539.jpg 1000w\" sizes=\"auto, (max-width: 300px) 100vw, 300px\" \/><\/a><br \/>\nGegen Mittag fahre ich\u00a0weiter nach\u00a0Stary Smokovec, dort will\u00a0ich morgen mit meiner Wanderung beginnen.<br \/>\nIch finde einen kleiner touristisch gepr\u00e4gter Ort, mit einigen\u00a0sch\u00f6nen Holzh\u00e4usern,<br \/>\n<a href=\"http:\/\/blog.meineigenerweg.de\/wp-content\/uploads\/2014\/07\/Hohe_Tatra_T2_14_07_054.jpg\"><img loading=\"lazy\" decoding=\"async\" class=\"alignnone size-medium wp-image-2026\" src=\"http:\/\/blog.meineigenerweg.de\/wp-content\/uploads\/2014\/07\/Hohe_Tatra_T2_14_07_054-300x200.jpg\" alt=\"Hohe_Tatra_T2_14_07_054\" width=\"300\" height=\"200\" srcset=\"http:\/\/blog.meineigenerweg.de\/wp-content\/uploads\/2014\/07\/Hohe_Tatra_T2_14_07_054-300x200.jpg 300w, http:\/\/blog.meineigenerweg.de\/wp-content\/uploads\/2014\/07\/Hohe_Tatra_T2_14_07_054.jpg 1000w\" sizes=\"auto, (max-width: 300px) 100vw, 300px\" \/><\/a><br \/>\naber auch einem gro\u00dfen &#8222;Grand Hotel&#8220;.<br \/>\n<a href=\"http:\/\/blog.meineigenerweg.de\/wp-content\/uploads\/2014\/07\/Hohe_Tatra_T2_14_07_019.jpg\"><img loading=\"lazy\" decoding=\"async\" class=\"alignnone size-medium wp-image-2027\" src=\"http:\/\/blog.meineigenerweg.de\/wp-content\/uploads\/2014\/07\/Hohe_Tatra_T2_14_07_019-300x200.jpg\" alt=\"Hohe_Tatra_T2_14_07_019\" width=\"300\" height=\"200\" srcset=\"http:\/\/blog.meineigenerweg.de\/wp-content\/uploads\/2014\/07\/Hohe_Tatra_T2_14_07_019-300x200.jpg 300w, http:\/\/blog.meineigenerweg.de\/wp-content\/uploads\/2014\/07\/Hohe_Tatra_T2_14_07_019.jpg 1000w\" sizes=\"auto, (max-width: 300px) 100vw, 300px\" \/><\/a><br \/>\nMittags esse ich eine\u00a0Gulaschsuppe am Imbiss<br \/>\n<a href=\"http:\/\/blog.meineigenerweg.de\/wp-content\/uploads\/2014\/07\/Hohe_Tatra_T2_14_07_022.jpg\"><img loading=\"lazy\" decoding=\"async\" class=\"alignnone size-medium wp-image-2028\" src=\"http:\/\/blog.meineigenerweg.de\/wp-content\/uploads\/2014\/07\/Hohe_Tatra_T2_14_07_022-300x200.jpg\" alt=\"Hohe_Tatra_T2_14_07_022\" width=\"300\" height=\"200\" srcset=\"http:\/\/blog.meineigenerweg.de\/wp-content\/uploads\/2014\/07\/Hohe_Tatra_T2_14_07_022-300x200.jpg 300w, http:\/\/blog.meineigenerweg.de\/wp-content\/uploads\/2014\/07\/Hohe_Tatra_T2_14_07_022.jpg 1000w\" sizes=\"auto, (max-width: 300px) 100vw, 300px\" \/><\/a><br \/>\nund Abends Sauerkrautsuppe und Gulasch bei &#8222;Gro\u00dfmutter&#8220;.<br \/>\n<a href=\"http:\/\/blog.meineigenerweg.de\/wp-content\/uploads\/2014\/07\/Hohe_Tatra_T2_14_07_056.jpg\"><img loading=\"lazy\" decoding=\"async\" class=\"alignnone size-medium wp-image-2029\" src=\"http:\/\/blog.meineigenerweg.de\/wp-content\/uploads\/2014\/07\/Hohe_Tatra_T2_14_07_056-300x200.jpg\" alt=\"Hohe_Tatra_T2_14_07_056\" width=\"300\" height=\"200\" srcset=\"http:\/\/blog.meineigenerweg.de\/wp-content\/uploads\/2014\/07\/Hohe_Tatra_T2_14_07_056-300x200.jpg 300w, http:\/\/blog.meineigenerweg.de\/wp-content\/uploads\/2014\/07\/Hohe_Tatra_T2_14_07_056.jpg 1000w\" sizes=\"auto, (max-width: 300px) 100vw, 300px\" \/><\/a><br \/>\nSauerkrautsuppe ist ein\u00a0Erlebnis, ein bisschen scharf, s\u00fc\u00dfsauer und voller Sauerkrautf\u00e4den.<br \/>\n<a href=\"http:\/\/blog.meineigenerweg.de\/wp-content\/uploads\/2014\/07\/Hohe_Tatra_T5_14_07_086.jpg\"><img loading=\"lazy\" decoding=\"async\" class=\"alignnone size-medium wp-image-2034\" src=\"http:\/\/blog.meineigenerweg.de\/wp-content\/uploads\/2014\/07\/Hohe_Tatra_T5_14_07_086-300x242.jpg\" alt=\"Hohe_Tatra_T5_14_07_086\" width=\"300\" height=\"242\" srcset=\"http:\/\/blog.meineigenerweg.de\/wp-content\/uploads\/2014\/07\/Hohe_Tatra_T5_14_07_086-300x242.jpg 300w, http:\/\/blog.meineigenerweg.de\/wp-content\/uploads\/2014\/07\/Hohe_Tatra_T5_14_07_086.jpg 1000w\" sizes=\"auto, (max-width: 300px) 100vw, 300px\" \/><\/a><br \/>\nNur das Wetter ist noch nicht auf meiner Seite, aber morgen, wenn ich loslaufe, wird es bestimmt besser.<br \/>\n<a href=\"http:\/\/blog.meineigenerweg.de\/wp-content\/uploads\/2014\/07\/Hohe_Tatra_T2_14_07_008.jpg\"><img loading=\"lazy\" decoding=\"async\" class=\"alignnone size-medium wp-image-2030\" src=\"http:\/\/blog.meineigenerweg.de\/wp-content\/uploads\/2014\/07\/Hohe_Tatra_T2_14_07_008-300x200.jpg\" alt=\"Hohe_Tatra_T2_14_07_008\" width=\"300\" height=\"200\" srcset=\"http:\/\/blog.meineigenerweg.de\/wp-content\/uploads\/2014\/07\/Hohe_Tatra_T2_14_07_008-300x200.jpg 300w, http:\/\/blog.meineigenerweg.de\/wp-content\/uploads\/2014\/07\/Hohe_Tatra_T2_14_07_008.jpg 1000w\" sizes=\"auto, (max-width: 300px) 100vw, 300px\" \/><\/a><br \/>\nVielleicht mag der Eindruck nach dem ersten Tag\u00a0t\u00e4uschen, aber dieses Land ist nicht auf ausl\u00e4ndische G\u00e4ste eingestellt, und wenn ich ehrlich bin, das gef\u00e4llt mir total gut.<\/p>\n<h6>Tag 3 &#8211; Velicke Pleso<\/h6>\n<p>Jetzt geht es endlich los, ab in die Berge, ich bin schon ganz kribbelig und m\u00f6chte endlich Felsen unter den Wanderschuhen sp\u00fcren. Aber erst einmal muss ich aus dem Ort raus, zuerst \u00fcber Wiesen und dann durch dichten Wald.<br \/>\n<a href=\"http:\/\/blog.meineigenerweg.de\/wp-content\/uploads\/2014\/07\/Hohe_Tatra_T2_14_07_029x.jpg\"><img loading=\"lazy\" decoding=\"async\" class=\"alignnone size-medium wp-image-2051\" src=\"http:\/\/blog.meineigenerweg.de\/wp-content\/uploads\/2014\/07\/Hohe_Tatra_T2_14_07_029x-300x200.jpg\" alt=\"Hohe_Tatra_T2_14_07_029x\" width=\"300\" height=\"200\" srcset=\"http:\/\/blog.meineigenerweg.de\/wp-content\/uploads\/2014\/07\/Hohe_Tatra_T2_14_07_029x-300x200.jpg 300w, http:\/\/blog.meineigenerweg.de\/wp-content\/uploads\/2014\/07\/Hohe_Tatra_T2_14_07_029x.jpg 1000w\" sizes=\"auto, (max-width: 300px) 100vw, 300px\" \/><\/a><br \/>\nDie nebelverhangenen Berge weit vor mir. Der Weg f\u00fchrt in den Nationalpark Hohe Tatra. Ich komme an einem kleinen Parkplatz vorbei, etwa zwanzig Autos stehen hier,\u00a0die Einfahrt in den Park ist verboten und es werden hohe Strafen bei Nichtbeachtung angedroht. Alleine bin ich also nicht mit den B\u00e4ren und W\u00f6lfen unterwegs, es gibt noch andere Wanderer.\u00a0Die Wanderwege sind gut markiert, da kann ich mich nicht verlaufen.<br \/>\n<a href=\"http:\/\/blog.meineigenerweg.de\/wp-content\/uploads\/2014\/07\/Hohe_Tatra_T3_14_07_006x.jpg\"><img loading=\"lazy\" decoding=\"async\" class=\"alignnone size-medium wp-image-2052\" src=\"http:\/\/blog.meineigenerweg.de\/wp-content\/uploads\/2014\/07\/Hohe_Tatra_T3_14_07_006x-300x200.jpg\" alt=\"Hohe_Tatra_T3_14_07_006x\" width=\"300\" height=\"200\" srcset=\"http:\/\/blog.meineigenerweg.de\/wp-content\/uploads\/2014\/07\/Hohe_Tatra_T3_14_07_006x-300x200.jpg 300w, http:\/\/blog.meineigenerweg.de\/wp-content\/uploads\/2014\/07\/Hohe_Tatra_T3_14_07_006x.jpg 1000w\" sizes=\"auto, (max-width: 300px) 100vw, 300px\" \/><\/a><br \/>\n\u00dcber mir h\u00e4ngt eine dichte Wolkenschicht. Ich drehe mich um\u00a0und\u00a0sehe zur\u00fcck auf den Weg, den ich aus dem Tal heraufgekommen bin. Durch einen schmalen Schlitz unter den Wolken kann ich erkennen,\u00a0dass unten\u00a0im Tal die Sonne scheint.<br \/>\n<a href=\"http:\/\/blog.meineigenerweg.de\/wp-content\/uploads\/2014\/07\/Hohe_Tatra_T3_14_07_088y.jpg\"><img loading=\"lazy\" decoding=\"async\" class=\"alignnone size-medium wp-image-2055\" src=\"http:\/\/blog.meineigenerweg.de\/wp-content\/uploads\/2014\/07\/Hohe_Tatra_T3_14_07_088y-300x200.jpg\" alt=\"Hohe_Tatra_T3_14_07_088y\" width=\"300\" height=\"200\" srcset=\"http:\/\/blog.meineigenerweg.de\/wp-content\/uploads\/2014\/07\/Hohe_Tatra_T3_14_07_088y-300x200.jpg 300w, http:\/\/blog.meineigenerweg.de\/wp-content\/uploads\/2014\/07\/Hohe_Tatra_T3_14_07_088y.jpg 1000w\" sizes=\"auto, (max-width: 300px) 100vw, 300px\" \/><\/a><br \/>\nVon Weitem kann ich schon den tosenden Wasserfall sehen und h\u00f6ren. Ich bin von dieser wilden und\u00a0ungez\u00e4hmten Natur mit den steilen Bergen und den Wolken die sich darin verfangen haben, sehr beeindruckt.<br \/>\n<a href=\"http:\/\/blog.meineigenerweg.de\/wp-content\/uploads\/2014\/07\/Hohe_Tatra_T3_14_07_008x.jpg\"><img loading=\"lazy\" decoding=\"async\" class=\"alignnone size-medium wp-image-2058\" src=\"http:\/\/blog.meineigenerweg.de\/wp-content\/uploads\/2014\/07\/Hohe_Tatra_T3_14_07_008x-300x200.jpg\" alt=\"Hohe_Tatra_T3_14_07_008x\" width=\"300\" height=\"200\" srcset=\"http:\/\/blog.meineigenerweg.de\/wp-content\/uploads\/2014\/07\/Hohe_Tatra_T3_14_07_008x-300x200.jpg 300w, http:\/\/blog.meineigenerweg.de\/wp-content\/uploads\/2014\/07\/Hohe_Tatra_T3_14_07_008x.jpg 1000w\" sizes=\"auto, (max-width: 300px) 100vw, 300px\" \/><\/a><br \/>\nWas von weitem wie ein\u00a0gewaltiger Wasserfall aussieht, entpuppt sich beim N\u00e4herkommen als zwei einzelne Wasserf\u00e4lle. Er st\u00fcrzt von oben in einen See hinein und dann am anderen Ende wild sch\u00e4umend weiter ins Tal hinunter. Direkt am See steht die einzige Unterkunft, das\u00a0Sliezsky Dom. Hier empf\u00e4ngt mich eine tolle Atmosph\u00e4re, eine Mischung aus Bergh\u00fctte und Hotel. Einige Tagesausfl\u00fcgler, die sich auf den Heimweg vorbereiten, ein paar\u00a0Wanderer, die\u00a0aus dem Gebirge zur\u00fcck kommen, vereinzeltes\u00a0metallisches Klimpern von den Ausr\u00fcstungen der Kletterer. Die kleine Terrasse, mit Blick in das sonnenbeschienene Tal, ist gut besucht\u00a0und ich setze mich zu ein paar Leuten an den derben Holztisch. Wie ich es mir schon fast gedacht habe, finden wir keine gemeinsame Sprache und so bleibt es bei einem freundlichen Lachen w\u00e4hrend wir uns zuprosten.<\/p>\n<p><a href=\"http:\/\/blog.meineigenerweg.de\/wp-content\/uploads\/2014\/07\/Hohe_Tatra_T3_14_07_027.jpg\"><img loading=\"lazy\" decoding=\"async\" class=\"alignnone size-medium wp-image-2059\" src=\"http:\/\/blog.meineigenerweg.de\/wp-content\/uploads\/2014\/07\/Hohe_Tatra_T3_14_07_027-300x200.jpg\" alt=\"Hohe_Tatra_T3_14_07_027\" width=\"300\" height=\"200\" srcset=\"http:\/\/blog.meineigenerweg.de\/wp-content\/uploads\/2014\/07\/Hohe_Tatra_T3_14_07_027-300x200.jpg 300w, http:\/\/blog.meineigenerweg.de\/wp-content\/uploads\/2014\/07\/Hohe_Tatra_T3_14_07_027.jpg 1000w\" sizes=\"auto, (max-width: 300px) 100vw, 300px\" \/><\/a><\/p>\n<p><img loading=\"lazy\" decoding=\"async\" class=\"alignnone size-medium wp-image-2060\" src=\"http:\/\/blog.meineigenerweg.de\/wp-content\/uploads\/2014\/07\/Hohe_Tatra_T3_14_07_094-300x200.jpg\" alt=\"Hohe_Tatra_T3_14_07_094\" width=\"300\" height=\"200\" srcset=\"http:\/\/blog.meineigenerweg.de\/wp-content\/uploads\/2014\/07\/Hohe_Tatra_T3_14_07_094-300x200.jpg 300w, http:\/\/blog.meineigenerweg.de\/wp-content\/uploads\/2014\/07\/Hohe_Tatra_T3_14_07_094.jpg 1000w\" sizes=\"auto, (max-width: 300px) 100vw, 300px\" \/><\/p>\n<h6>Tag 4 &#8211; Strbske Pleso<\/h6>\n<p>Ich g\u00f6nne mir einen kleinen Umweg, denn es reizt mich sehr, zum Wasserfall hinaufzulaufen.<br \/>\n<a href=\"http:\/\/blog.meineigenerweg.de\/wp-content\/uploads\/2014\/07\/Hohe_Tatra_T3_14_07_101.jpg\"><img loading=\"lazy\" decoding=\"async\" class=\"alignnone size-medium wp-image-2067\" src=\"http:\/\/blog.meineigenerweg.de\/wp-content\/uploads\/2014\/07\/Hohe_Tatra_T3_14_07_101-300x200.jpg\" alt=\"Hohe_Tatra_T3_14_07_101\" width=\"300\" height=\"200\" srcset=\"http:\/\/blog.meineigenerweg.de\/wp-content\/uploads\/2014\/07\/Hohe_Tatra_T3_14_07_101-300x200.jpg 300w, http:\/\/blog.meineigenerweg.de\/wp-content\/uploads\/2014\/07\/Hohe_Tatra_T3_14_07_101.jpg 1000w\" sizes=\"auto, (max-width: 300px) 100vw, 300px\" \/><\/a><br \/>\nEs lohnt sich, die Aussicht ist fantastisch, direkt zu meinen F\u00fc\u00dfen st\u00fcrzt sich der Bach brausend und sch\u00e4umend ins Tal, aber der See liegt unber\u00fchrt und glatt in einer Mulde und ist vom Dunst der morgendlichen Wolken umgeben. An das Wetter habe ich mich schon fast gew\u00f6hnt, \u00fcber mir dicke graue Wolken und wie durch ein Fenster kann ich im Tal den Sonnenschein\u00a0sehen.<br \/>\n<a href=\"http:\/\/blog.meineigenerweg.de\/wp-content\/uploads\/2014\/07\/Hohe_Tatra_T3_14_07_115.jpg\"><img loading=\"lazy\" decoding=\"async\" class=\"alignnone size-medium wp-image-2069\" src=\"http:\/\/blog.meineigenerweg.de\/wp-content\/uploads\/2014\/07\/Hohe_Tatra_T3_14_07_115-300x200.jpg\" alt=\"Hohe_Tatra_T3_14_07_115\" width=\"300\" height=\"200\" srcset=\"http:\/\/blog.meineigenerweg.de\/wp-content\/uploads\/2014\/07\/Hohe_Tatra_T3_14_07_115-300x200.jpg 300w, http:\/\/blog.meineigenerweg.de\/wp-content\/uploads\/2014\/07\/Hohe_Tatra_T3_14_07_115.jpg 1000w\" sizes=\"auto, (max-width: 300px) 100vw, 300px\" \/><\/a><br \/>\nZur anderen Seite erstreckt sich eine sanfte Hochebene,\u00a0durch die sich mit vielen Windungen der Bach schl\u00e4ngelt, der sich kurz darauf als Wasserfall\u00a0ins Tal st\u00fcrzt.<br \/>\n<a href=\"http:\/\/blog.meineigenerweg.de\/wp-content\/uploads\/2014\/07\/Hohe_Tatra_T3_14_07_131.jpg\"><img loading=\"lazy\" decoding=\"async\" class=\"alignnone size-medium wp-image-2070\" src=\"http:\/\/blog.meineigenerweg.de\/wp-content\/uploads\/2014\/07\/Hohe_Tatra_T3_14_07_131-300x200.jpg\" alt=\"Hohe_Tatra_T3_14_07_131\" width=\"300\" height=\"200\" srcset=\"http:\/\/blog.meineigenerweg.de\/wp-content\/uploads\/2014\/07\/Hohe_Tatra_T3_14_07_131-300x200.jpg 300w, http:\/\/blog.meineigenerweg.de\/wp-content\/uploads\/2014\/07\/Hohe_Tatra_T3_14_07_131.jpg 1000w\" sizes=\"auto, (max-width: 300px) 100vw, 300px\" \/><\/a><br \/>\nRechts und links umgeben mich immer noch hohe Berge, von denen sich unz\u00e4hlige B\u00e4che herab winden. Der Himmel rei\u00dft auf und ich kann sogar etwas Blau erkennen; sollte ich heute mehr Gl\u00fcck mit dem Wetter haben?<br \/>\n<a href=\"http:\/\/blog.meineigenerweg.de\/wp-content\/uploads\/2014\/07\/Hohe_Tatra_T3_14_07_2111.jpg\"><img loading=\"lazy\" decoding=\"async\" class=\"alignnone size-medium wp-image-2075\" src=\"http:\/\/blog.meineigenerweg.de\/wp-content\/uploads\/2014\/07\/Hohe_Tatra_T3_14_07_2111-300x200.jpg\" alt=\"Hohe_Tatra_T3_14_07_211\" width=\"300\" height=\"200\" srcset=\"http:\/\/blog.meineigenerweg.de\/wp-content\/uploads\/2014\/07\/Hohe_Tatra_T3_14_07_2111-300x200.jpg 300w, http:\/\/blog.meineigenerweg.de\/wp-content\/uploads\/2014\/07\/Hohe_Tatra_T3_14_07_2111.jpg 1000w\" sizes=\"auto, (max-width: 300px) 100vw, 300px\" \/><\/a> <a href=\"http:\/\/blog.meineigenerweg.de\/wp-content\/uploads\/2014\/07\/Hohe_Tatra_T3_14_07_1361.jpg\"><img loading=\"lazy\" decoding=\"async\" class=\"alignnone size-medium wp-image-2074\" src=\"http:\/\/blog.meineigenerweg.de\/wp-content\/uploads\/2014\/07\/Hohe_Tatra_T3_14_07_1361-300x200.jpg\" alt=\"Hohe_Tatra_T3_14_07_136\" width=\"300\" height=\"200\" srcset=\"http:\/\/blog.meineigenerweg.de\/wp-content\/uploads\/2014\/07\/Hohe_Tatra_T3_14_07_1361-300x200.jpg 300w, http:\/\/blog.meineigenerweg.de\/wp-content\/uploads\/2014\/07\/Hohe_Tatra_T3_14_07_1361.jpg 1000w\" sizes=\"auto, (max-width: 300px) 100vw, 300px\" \/><\/a><br \/>\nIch schaue auf die Uhr, es ist schon fast Mittag, eigentlich liegt mein Ziel in entgegengesetzter Richtung, talabw\u00e4rts.<br \/>\n<a href=\"http:\/\/blog.meineigenerweg.de\/wp-content\/uploads\/2014\/07\/Hohe_Tatra_T3_14_07_214.jpg\"><img loading=\"lazy\" decoding=\"async\" class=\"alignnone size-medium wp-image-2077\" src=\"http:\/\/blog.meineigenerweg.de\/wp-content\/uploads\/2014\/07\/Hohe_Tatra_T3_14_07_214-300x200.jpg\" alt=\"Hohe_Tatra_T3_14_07_214\" width=\"300\" height=\"200\" srcset=\"http:\/\/blog.meineigenerweg.de\/wp-content\/uploads\/2014\/07\/Hohe_Tatra_T3_14_07_214-300x200.jpg 300w, http:\/\/blog.meineigenerweg.de\/wp-content\/uploads\/2014\/07\/Hohe_Tatra_T3_14_07_214.jpg 1000w\" sizes=\"auto, (max-width: 300px) 100vw, 300px\" \/><\/a><br \/>\nDie Hohe Tatra ist das kleinste Hochgebirge der Welt, und so\u00a0bin ich auch schnell wieder auf dem richtigen Weg\u00a0ins Tal.<br \/>\n<a href=\"http:\/\/blog.meineigenerweg.de\/wp-content\/uploads\/2014\/07\/Hohe_Tatra_T3_14_07_078.jpg\"><img loading=\"lazy\" decoding=\"async\" class=\"alignnone size-medium wp-image-2083\" src=\"http:\/\/blog.meineigenerweg.de\/wp-content\/uploads\/2014\/07\/Hohe_Tatra_T3_14_07_078-300x200.jpg\" alt=\"Hohe_Tatra_T3_14_07_078\" width=\"300\" height=\"200\" srcset=\"http:\/\/blog.meineigenerweg.de\/wp-content\/uploads\/2014\/07\/Hohe_Tatra_T3_14_07_078-300x200.jpg 300w, http:\/\/blog.meineigenerweg.de\/wp-content\/uploads\/2014\/07\/Hohe_Tatra_T3_14_07_078.jpg 1000w\" sizes=\"auto, (max-width: 300px) 100vw, 300px\" \/><\/a><br \/>\nEs hat mich sehr erschreckt zu sehen,\u00a0in welchem Zustand\u00a0sich ein Gro\u00dfteil der Waldgebiete befindet. 2004 hat ein schwerer Orkan die H\u00e4lfte des Waldbestandes zerst\u00f6rt. Es gibt immer noch gro\u00dfe Bereiche, in denen fast alle B\u00e4ume umgeknickt sind.\u00a0Einzelne kahle Baumst\u00e4mme ragen\u00a0wie Mahnmale in die H\u00f6he. Auch nach zehn Jahren sind diese Wunden noch lange nicht verheilt.<br \/>\n<a href=\"http:\/\/blog.meineigenerweg.de\/wp-content\/uploads\/2014\/07\/Hohe_Tatra_T3_14_07_260.jpg\"><img loading=\"lazy\" decoding=\"async\" class=\"alignnone size-medium wp-image-2079\" src=\"http:\/\/blog.meineigenerweg.de\/wp-content\/uploads\/2014\/07\/Hohe_Tatra_T3_14_07_260-300x200.jpg\" alt=\"Hohe_Tatra_T3_14_07_260\" width=\"300\" height=\"200\" srcset=\"http:\/\/blog.meineigenerweg.de\/wp-content\/uploads\/2014\/07\/Hohe_Tatra_T3_14_07_260-300x200.jpg 300w, http:\/\/blog.meineigenerweg.de\/wp-content\/uploads\/2014\/07\/Hohe_Tatra_T3_14_07_260.jpg 1000w\" sizes=\"auto, (max-width: 300px) 100vw, 300px\" \/><\/a><br \/>\nUnd dann stehe ich vor dem wohl sch\u00f6nsten See der Hohen Tatra, dem Strbske Pleso.<br \/>\n<a href=\"http:\/\/blog.meineigenerweg.de\/wp-content\/uploads\/2014\/07\/Hohe_Tatra_T4_14_07_030.jpg\"><img loading=\"lazy\" decoding=\"async\" class=\"alignnone size-medium wp-image-2089\" src=\"http:\/\/blog.meineigenerweg.de\/wp-content\/uploads\/2014\/07\/Hohe_Tatra_T4_14_07_030-300x200.jpg\" alt=\"Hohe_Tatra_T4_14_07_030\" width=\"300\" height=\"200\" srcset=\"http:\/\/blog.meineigenerweg.de\/wp-content\/uploads\/2014\/07\/Hohe_Tatra_T4_14_07_030-300x200.jpg 300w, http:\/\/blog.meineigenerweg.de\/wp-content\/uploads\/2014\/07\/Hohe_Tatra_T4_14_07_030.jpg 1000w\" sizes=\"auto, (max-width: 300px) 100vw, 300px\" \/><\/a><br \/>\nEin\u00a0spektakul\u00e4res Panorama &#8230; und eine kleine\u00a0Baus\u00fcnde.<br \/>\n<a href=\"http:\/\/blog.meineigenerweg.de\/wp-content\/uploads\/2014\/07\/Hohe_Tatra_T4_14_07_002.jpg\"><img loading=\"lazy\" decoding=\"async\" class=\"alignnone size-medium wp-image-2084\" src=\"http:\/\/blog.meineigenerweg.de\/wp-content\/uploads\/2014\/07\/Hohe_Tatra_T4_14_07_002-300x200.jpg\" alt=\"Hohe_Tatra_T4_14_07_002\" width=\"300\" height=\"200\" srcset=\"http:\/\/blog.meineigenerweg.de\/wp-content\/uploads\/2014\/07\/Hohe_Tatra_T4_14_07_002-300x200.jpg 300w, http:\/\/blog.meineigenerweg.de\/wp-content\/uploads\/2014\/07\/Hohe_Tatra_T4_14_07_002.jpg 1000w\" sizes=\"auto, (max-width: 300px) 100vw, 300px\" \/><\/a><br \/>\nDie Abendd\u00e4mmerung verzaubert die kleinen Hotels in M\u00e4rchenschl\u00f6sser.<br \/>\n<a href=\"http:\/\/blog.meineigenerweg.de\/wp-content\/uploads\/2014\/07\/Hohe_Tatra_T_4_14_07_085x.jpg\"><img loading=\"lazy\" decoding=\"async\" class=\"alignnone size-medium wp-image-2090\" src=\"http:\/\/blog.meineigenerweg.de\/wp-content\/uploads\/2014\/07\/Hohe_Tatra_T_4_14_07_085x-300x200.jpg\" alt=\"Hohe_Tatra_T_4_14_07_085x\" width=\"300\" height=\"200\" srcset=\"http:\/\/blog.meineigenerweg.de\/wp-content\/uploads\/2014\/07\/Hohe_Tatra_T_4_14_07_085x-300x200.jpg 300w, http:\/\/blog.meineigenerweg.de\/wp-content\/uploads\/2014\/07\/Hohe_Tatra_T_4_14_07_085x.jpg 1000w\" sizes=\"auto, (max-width: 300px) 100vw, 300px\" \/><\/a><br \/>\nDer See schenkt mir eine wundersch\u00f6ne blaue Stunde. Ich sitze am Ufer und schaue einfach nur zu, wie die D\u00e4mmerung in die Nacht \u00fcbergeht.<br \/>\n<a href=\"http:\/\/blog.meineigenerweg.de\/wp-content\/uploads\/2014\/07\/Hohe_Tatra_T4_14_07_010.jpg\"><img loading=\"lazy\" decoding=\"async\" class=\"alignnone size-medium wp-image-2091\" src=\"http:\/\/blog.meineigenerweg.de\/wp-content\/uploads\/2014\/07\/Hohe_Tatra_T4_14_07_010-300x200.jpg\" alt=\"Hohe_Tatra_T4_14_07_010\" width=\"300\" height=\"200\" srcset=\"http:\/\/blog.meineigenerweg.de\/wp-content\/uploads\/2014\/07\/Hohe_Tatra_T4_14_07_010-300x200.jpg 300w, http:\/\/blog.meineigenerweg.de\/wp-content\/uploads\/2014\/07\/Hohe_Tatra_T4_14_07_010.jpg 1000w\" sizes=\"auto, (max-width: 300px) 100vw, 300px\" \/><\/a><\/p>\n<h6>Tag 5 &#8211; Popradske Pleso<\/h6>\n<p>Heute geht es wieder bergauf, die grobe Richtung ist bereits Polen.<br \/>\n<a href=\"http:\/\/blog.meineigenerweg.de\/wp-content\/uploads\/2014\/07\/Hohe_Tatra_T5_14_07_020.jpg\"><img loading=\"lazy\" decoding=\"async\" class=\"alignnone size-medium wp-image-2102\" src=\"http:\/\/blog.meineigenerweg.de\/wp-content\/uploads\/2014\/07\/Hohe_Tatra_T5_14_07_020-300x200.jpg\" alt=\"Hohe_Tatra_T5_14_07_020\" width=\"300\" height=\"200\" srcset=\"http:\/\/blog.meineigenerweg.de\/wp-content\/uploads\/2014\/07\/Hohe_Tatra_T5_14_07_020-300x200.jpg 300w, http:\/\/blog.meineigenerweg.de\/wp-content\/uploads\/2014\/07\/Hohe_Tatra_T5_14_07_020.jpg 1000w\" sizes=\"auto, (max-width: 300px) 100vw, 300px\" \/><\/a><br \/>\nIrgendwo dort hinter den\u00a0Gipfeln liegt mein Ziel.<br \/>\n<a href=\"http:\/\/blog.meineigenerweg.de\/wp-content\/uploads\/2014\/07\/Hohe_Tatra_T5_14_07_026.jpg\"><img loading=\"lazy\" decoding=\"async\" class=\"alignnone size-medium wp-image-2103\" src=\"http:\/\/blog.meineigenerweg.de\/wp-content\/uploads\/2014\/07\/Hohe_Tatra_T5_14_07_026-300x200.jpg\" alt=\"Hohe_Tatra_T5_14_07_026\" width=\"300\" height=\"200\" srcset=\"http:\/\/blog.meineigenerweg.de\/wp-content\/uploads\/2014\/07\/Hohe_Tatra_T5_14_07_026-300x200.jpg 300w, http:\/\/blog.meineigenerweg.de\/wp-content\/uploads\/2014\/07\/Hohe_Tatra_T5_14_07_026.jpg 1000w\" sizes=\"auto, (max-width: 300px) 100vw, 300px\" \/><\/a><br \/>\nIch laufe gutgelaunt\u00a0durch diese wilde Landschaft. Es sind nur wenige Wanderer unterwegs, zwei M\u00e4nner sind vor mir aufgebrochen und eine\u00a0Vierergruppe ist noch hinter mir. Relativ einsam, was wenn jetzt\u00a0ein B\u00e4r aus dem Geb\u00fcsch st\u00fcrzt, bewaffnet mit Messer und Gabel, und mich als Mittagessen betrachtet? H\u00e4tte ich doch besser Pfefferspray mitnehmen oder mir gar\u00a0in Polen eine Pistole organisieren sollen? Na ja, beruhige ich mich selbst,\u00a0der gr\u00f6\u00dfte Teil\u00a0der Hohen Tatra ist touristisch nicht erschlossen, dort werden sich B\u00e4ren,\u00a0W\u00f6lfe und Luchse tummeln. Unerwartet stehe ich pl\u00f6tzlich\u00a0vor einem kleinen\u00a0Regenunterstand. Ups! Nur gut, dass ich nicht lesen kann, was auf dem Schild steht \ud83d\ude09<br \/>\n<a href=\"http:\/\/blog.meineigenerweg.de\/wp-content\/uploads\/2014\/07\/Hohe_Tatra_T5_14_07_030.jpg\"><img loading=\"lazy\" decoding=\"async\" class=\"alignnone size-medium wp-image-2104\" src=\"http:\/\/blog.meineigenerweg.de\/wp-content\/uploads\/2014\/07\/Hohe_Tatra_T5_14_07_030-300x200.jpg\" alt=\"Hohe_Tatra_T5_14_07_030\" width=\"300\" height=\"200\" srcset=\"http:\/\/blog.meineigenerweg.de\/wp-content\/uploads\/2014\/07\/Hohe_Tatra_T5_14_07_030-300x200.jpg 300w, http:\/\/blog.meineigenerweg.de\/wp-content\/uploads\/2014\/07\/Hohe_Tatra_T5_14_07_030.jpg 1000w\" sizes=\"auto, (max-width: 300px) 100vw, 300px\" \/><\/a><br \/>\nAber keine Sorge, ich komme unbeschadet an meinem Tagesziel an.<br \/>\n<a href=\"http:\/\/blog.meineigenerweg.de\/wp-content\/uploads\/2014\/07\/Hohe_Tatra_T5_14_07_032.jpg\"><img loading=\"lazy\" decoding=\"async\" class=\"alignnone size-medium wp-image-2106\" src=\"http:\/\/blog.meineigenerweg.de\/wp-content\/uploads\/2014\/07\/Hohe_Tatra_T5_14_07_032-300x200.jpg\" alt=\"Hohe_Tatra_T5_14_07_032\" width=\"300\" height=\"200\" srcset=\"http:\/\/blog.meineigenerweg.de\/wp-content\/uploads\/2014\/07\/Hohe_Tatra_T5_14_07_032-300x200.jpg 300w, http:\/\/blog.meineigenerweg.de\/wp-content\/uploads\/2014\/07\/Hohe_Tatra_T5_14_07_032.jpg 1000w\" sizes=\"auto, (max-width: 300px) 100vw, 300px\" \/><\/a><br \/>\nIn dieser H\u00fctte habe ich ein Zimmer gefunden, h\u00fcbsch sieht sie aus und gem\u00fctlich.<br \/>\n<a href=\"http:\/\/blog.meineigenerweg.de\/wp-content\/uploads\/2014\/07\/Hohe_Tatra_T5_14_07_038.jpg\"><img loading=\"lazy\" decoding=\"async\" class=\"alignnone size-medium wp-image-2107\" src=\"http:\/\/blog.meineigenerweg.de\/wp-content\/uploads\/2014\/07\/Hohe_Tatra_T5_14_07_038-300x200.jpg\" alt=\"Hohe_Tatra_T5_14_07_038\" width=\"300\" height=\"200\" srcset=\"http:\/\/blog.meineigenerweg.de\/wp-content\/uploads\/2014\/07\/Hohe_Tatra_T5_14_07_038-300x200.jpg 300w, http:\/\/blog.meineigenerweg.de\/wp-content\/uploads\/2014\/07\/Hohe_Tatra_T5_14_07_038.jpg 1000w\" sizes=\"auto, (max-width: 300px) 100vw, 300px\" \/><\/a><br \/>\nAber ich muss euch verraten, sie ist eine &#8222;umgekehrte Mogelpackung&#8220;. Bei einer Mogelpackung bekommt man ja weniger, als es von Au\u00dfen den Anschein hat. Bei dieser H\u00fctte ist es genau anders herum, sie sieht von Au\u00dfen klein aus, ist aber riesengro\u00df, bestimmt 50 mtr lang.<br \/>\n<a href=\"http:\/\/blog.meineigenerweg.de\/wp-content\/uploads\/2014\/07\/Hohe_Tatra_T5_14_07_051.jpg\"><img loading=\"lazy\" decoding=\"async\" class=\"alignnone size-medium wp-image-2108\" src=\"http:\/\/blog.meineigenerweg.de\/wp-content\/uploads\/2014\/07\/Hohe_Tatra_T5_14_07_051-300x200.jpg\" alt=\"Hohe_Tatra_T5_14_07_051\" width=\"300\" height=\"200\" srcset=\"http:\/\/blog.meineigenerweg.de\/wp-content\/uploads\/2014\/07\/Hohe_Tatra_T5_14_07_051-300x200.jpg 300w, http:\/\/blog.meineigenerweg.de\/wp-content\/uploads\/2014\/07\/Hohe_Tatra_T5_14_07_051.jpg 1000w\" sizes=\"auto, (max-width: 300px) 100vw, 300px\" \/><\/a><br \/>\nEs ist so sch\u00f6n, nach dem Essen\u00a0auf der Terrasse zu sitzen und\u00a0zuzuschauen, wie der Tag zu Ende geht. Wie die meisten trinke ich dazu nat\u00fcrlich das Nationalgetr\u00e4nk auf den H\u00fctten, einen &#8222;Tatratea&#8220;. Das h\u00f6rt sich gesund an, ist aber in Wirklichkeit ein Teelik\u00f6r. Es gibt ihn mit verschiedenen Geschmacksrichtungen und mit einem Alkoholgehalt von\u00a022 \/ 32 \/ 42 \/ 52 \/ 62 \/ 72 Prozent. Die echten, harten Jungs hier trinken nat\u00fcrlich einen von jeder Sorte. Ich beschr\u00e4nke mich auf 32 Prozent und\u00a0Limonen-Geschmack.<br \/>\n<a href=\"http:\/\/blog.meineigenerweg.de\/wp-content\/uploads\/2014\/07\/Hohe_Tatra_T5_14_07_060.jpg\"><img loading=\"lazy\" decoding=\"async\" class=\"alignnone size-medium wp-image-2110\" src=\"http:\/\/blog.meineigenerweg.de\/wp-content\/uploads\/2014\/07\/Hohe_Tatra_T5_14_07_060-300x200.jpg\" alt=\"Hohe_Tatra_T5_14_07_060\" width=\"300\" height=\"200\" srcset=\"http:\/\/blog.meineigenerweg.de\/wp-content\/uploads\/2014\/07\/Hohe_Tatra_T5_14_07_060-300x200.jpg 300w, http:\/\/blog.meineigenerweg.de\/wp-content\/uploads\/2014\/07\/Hohe_Tatra_T5_14_07_060.jpg 1000w\" sizes=\"auto, (max-width: 300px) 100vw, 300px\" \/><\/a><\/p>\n<h6>Tag\u00a06 &#8211; Popradske Pleso<\/h6>\n<p>Eigentlich wollte ich heute auf den Rysy steigen, aber das Wetter verordnet mir einen Ruhetag. Bei diesem starken Regen ist es zu gef\u00e4hrlich, \u00fcber den Klettersteig zum Gipfel zu wandern.<br \/>\n<a href=\"http:\/\/blog.meineigenerweg.de\/wp-content\/uploads\/2014\/07\/Hohe_Tatra_T5_14_07_063.jpg\"><img loading=\"lazy\" decoding=\"async\" class=\"alignnone size-medium wp-image-2117\" src=\"http:\/\/blog.meineigenerweg.de\/wp-content\/uploads\/2014\/07\/Hohe_Tatra_T5_14_07_063-300x200.jpg\" alt=\"Hohe_Tatra_T5_14_07_063\" width=\"300\" height=\"200\" srcset=\"http:\/\/blog.meineigenerweg.de\/wp-content\/uploads\/2014\/07\/Hohe_Tatra_T5_14_07_063-300x200.jpg 300w, http:\/\/blog.meineigenerweg.de\/wp-content\/uploads\/2014\/07\/Hohe_Tatra_T5_14_07_063.jpg 1000w\" sizes=\"auto, (max-width: 300px) 100vw, 300px\" \/><\/a><\/p>\n<h6>Tag\u00a07 &#8211; Rysy<\/h6>\n<p>Ihr glaubt es nicht, aber ich bin tats\u00e4chlich schon um 05:30, in Worten halb sechs, aufgestanden, weil heute fr\u00fch gutes Wetter f\u00fcr einen Aufstieg auf den Rysy sein soll. Stimmt, ist es, die Sonne ist zwar noch nicht da, aber am Himmel ist keine Wolke zu sehen. Also los, schnell einen Kaffee und eine &#8222;K\u00e4sestulle&#8220; und dann nichts wie ab auf den Berg.<\/p>\n<p>Was machen die Benzinkanister und Colaflaschen hier auf dem Weg?<br \/>\n<a href=\"http:\/\/blog.meineigenerweg.de\/wp-content\/uploads\/2014\/07\/Hohe_Tatra_T6_14_07_001.jpg\"><img loading=\"lazy\" decoding=\"async\" class=\"alignnone size-medium wp-image-2126\" src=\"http:\/\/blog.meineigenerweg.de\/wp-content\/uploads\/2014\/07\/Hohe_Tatra_T6_14_07_001-300x200.jpg\" alt=\"Hohe_Tatra_T6_14_07_001\" width=\"300\" height=\"200\" srcset=\"http:\/\/blog.meineigenerweg.de\/wp-content\/uploads\/2014\/07\/Hohe_Tatra_T6_14_07_001-300x200.jpg 300w, http:\/\/blog.meineigenerweg.de\/wp-content\/uploads\/2014\/07\/Hohe_Tatra_T6_14_07_001.jpg 1000w\" sizes=\"auto, (max-width: 300px) 100vw, 300px\" \/><\/a><br \/>\nZuerst f\u00fchrt mich der Weg durch dichten Wald.<br \/>\n<a href=\"http:\/\/blog.meineigenerweg.de\/wp-content\/uploads\/2014\/07\/Hohe_Tatra_T6_14_07_005.jpg\"><img loading=\"lazy\" decoding=\"async\" class=\"alignnone size-medium wp-image-2127\" src=\"http:\/\/blog.meineigenerweg.de\/wp-content\/uploads\/2014\/07\/Hohe_Tatra_T6_14_07_005-300x200.jpg\" alt=\"Hohe_Tatra_T6_14_07_005\" width=\"300\" height=\"200\" srcset=\"http:\/\/blog.meineigenerweg.de\/wp-content\/uploads\/2014\/07\/Hohe_Tatra_T6_14_07_005-300x200.jpg 300w, http:\/\/blog.meineigenerweg.de\/wp-content\/uploads\/2014\/07\/Hohe_Tatra_T6_14_07_005.jpg 1000w\" sizes=\"auto, (max-width: 300px) 100vw, 300px\" \/><\/a><br \/>\nAber schon bald wird der Wald lichter und ich bekomme eine herrliche Aussicht auf die umliegenden Berge.<br \/>\n<a href=\"http:\/\/blog.meineigenerweg.de\/wp-content\/uploads\/2014\/07\/Hohe_Tatra_T6_14_07_009.jpg\"><img loading=\"lazy\" decoding=\"async\" class=\"alignnone size-medium wp-image-2128\" src=\"http:\/\/blog.meineigenerweg.de\/wp-content\/uploads\/2014\/07\/Hohe_Tatra_T6_14_07_009-300x200.jpg\" alt=\"Hohe_Tatra_T6_14_07_009\" width=\"300\" height=\"200\" srcset=\"http:\/\/blog.meineigenerweg.de\/wp-content\/uploads\/2014\/07\/Hohe_Tatra_T6_14_07_009-300x200.jpg 300w, http:\/\/blog.meineigenerweg.de\/wp-content\/uploads\/2014\/07\/Hohe_Tatra_T6_14_07_009.jpg 1000w\" sizes=\"auto, (max-width: 300px) 100vw, 300px\" \/><\/a><br \/>\nDie Baumgrenze lasse ich schnell unter mir, der Weg wird felsiger und f\u00fchrt nur noch \u00fcber Wiesen und durch niedriges Nadelgew\u00e4chs.<br \/>\n<a href=\"http:\/\/blog.meineigenerweg.de\/wp-content\/uploads\/2014\/07\/Hohe_Tatra_T6_14_07_038.jpg\"><img loading=\"lazy\" decoding=\"async\" class=\"alignnone size-medium wp-image-2129\" src=\"http:\/\/blog.meineigenerweg.de\/wp-content\/uploads\/2014\/07\/Hohe_Tatra_T6_14_07_038-300x200.jpg\" alt=\"Hohe_Tatra_T6_14_07_038\" width=\"300\" height=\"200\" srcset=\"http:\/\/blog.meineigenerweg.de\/wp-content\/uploads\/2014\/07\/Hohe_Tatra_T6_14_07_038-300x200.jpg 300w, http:\/\/blog.meineigenerweg.de\/wp-content\/uploads\/2014\/07\/Hohe_Tatra_T6_14_07_038.jpg 1000w\" sizes=\"auto, (max-width: 300px) 100vw, 300px\" \/><\/a><br \/>\nDie Aussicht wird immer\u00a0beeindruckender.<br \/>\n<a href=\"http:\/\/blog.meineigenerweg.de\/wp-content\/uploads\/2014\/07\/Hohe_Tatra_T6_14_07_039.jpg\"><img loading=\"lazy\" decoding=\"async\" class=\"alignnone size-medium wp-image-2130\" src=\"http:\/\/blog.meineigenerweg.de\/wp-content\/uploads\/2014\/07\/Hohe_Tatra_T6_14_07_039-300x200.jpg\" alt=\"Hohe_Tatra_T6_14_07_039\" width=\"300\" height=\"200\" srcset=\"http:\/\/blog.meineigenerweg.de\/wp-content\/uploads\/2014\/07\/Hohe_Tatra_T6_14_07_039-300x200.jpg 300w, http:\/\/blog.meineigenerweg.de\/wp-content\/uploads\/2014\/07\/Hohe_Tatra_T6_14_07_039.jpg 1000w\" sizes=\"auto, (max-width: 300px) 100vw, 300px\" \/><\/a><br \/>\nSo ein gro\u00dfes Steinm\u00e4nnchen zur Abwehr von b\u00f6sen Geistern habe ich noch nie gesehen.\u00a0Ich mache mir ein paar Gedanken, ob der Weg ab hier steiler und gef\u00e4hrlicher wird.<br \/>\n<a href=\"http:\/\/blog.meineigenerweg.de\/wp-content\/uploads\/2014\/07\/Hohe_Tatra_T6_14_07_045.jpg\"><img loading=\"lazy\" decoding=\"async\" class=\"alignnone size-medium wp-image-2131\" src=\"http:\/\/blog.meineigenerweg.de\/wp-content\/uploads\/2014\/07\/Hohe_Tatra_T6_14_07_045-300x200.jpg\" alt=\"Hohe_Tatra_T6_14_07_045\" width=\"300\" height=\"200\" srcset=\"http:\/\/blog.meineigenerweg.de\/wp-content\/uploads\/2014\/07\/Hohe_Tatra_T6_14_07_045-300x200.jpg 300w, http:\/\/blog.meineigenerweg.de\/wp-content\/uploads\/2014\/07\/Hohe_Tatra_T6_14_07_045.jpg 1000w\" sizes=\"auto, (max-width: 300px) 100vw, 300px\" \/><\/a><br \/>\nEr wird tats\u00e4chlich felsiger und steiler,\u00a0ist aber\u00a0immer noch gut zu erkennen. Oben rechts in den Wolken ist irgendwo mein Ziel.<br \/>\n<a href=\"http:\/\/blog.meineigenerweg.de\/wp-content\/uploads\/2014\/07\/Hohe_Tatra_T6_14_07_048.jpg\"><img loading=\"lazy\" decoding=\"async\" class=\"alignnone size-medium wp-image-2132\" src=\"http:\/\/blog.meineigenerweg.de\/wp-content\/uploads\/2014\/07\/Hohe_Tatra_T6_14_07_048-300x200.jpg\" alt=\"Hohe_Tatra_T6_14_07_048\" width=\"300\" height=\"200\" srcset=\"http:\/\/blog.meineigenerweg.de\/wp-content\/uploads\/2014\/07\/Hohe_Tatra_T6_14_07_048-300x200.jpg 300w, http:\/\/blog.meineigenerweg.de\/wp-content\/uploads\/2014\/07\/Hohe_Tatra_T6_14_07_048.jpg 1000w\" sizes=\"auto, (max-width: 300px) 100vw, 300px\" \/><\/a><br \/>\nDann treffe ich Victor. Ich glaube es nicht, er tr\u00e4gt ein 50\u00a0Liter Bierfass auf dem R\u00fccken, ein volles! Er erz\u00e4hlt mir, das die Rysy-H\u00fctte die h\u00f6chste in der Hohen Tatra ist und das alles, was es auf der H\u00fctte gibt, heraufgetragen werden muss. Nach einigen Metern biegt Victor auf eine Abk\u00fcrzung ab und deutet mir, dass ich auf dem regul\u00e4ren Weg weitergehen solle.\u00a0Ich bin sprachlos, der ist bestimmt genauso alt wie ich! Jetzt verstehe ich, warum am Anfang meines Weges\u00a0Tragen und\u00a0T\u00fcten lagerten, die\u00a0m\u00fcssen alle zur H\u00fctte heraufgetragen werden.\u00a0Voller Bewunderung schaue ich Victor nach.<br \/>\n<a href=\"http:\/\/blog.meineigenerweg.de\/wp-content\/uploads\/2014\/07\/Hohe_Tatra_T6_14_07_054.jpg\"><img loading=\"lazy\" decoding=\"async\" class=\"alignnone size-medium wp-image-2134\" src=\"http:\/\/blog.meineigenerweg.de\/wp-content\/uploads\/2014\/07\/Hohe_Tatra_T6_14_07_054-300x200.jpg\" alt=\"Hohe_Tatra_T6_14_07_054\" width=\"300\" height=\"200\" srcset=\"http:\/\/blog.meineigenerweg.de\/wp-content\/uploads\/2014\/07\/Hohe_Tatra_T6_14_07_054-300x200.jpg 300w, http:\/\/blog.meineigenerweg.de\/wp-content\/uploads\/2014\/07\/Hohe_Tatra_T6_14_07_054.jpg 1000w\" sizes=\"auto, (max-width: 300px) 100vw, 300px\" \/><\/a><br \/>\nDann drehe ich mich noch einmal um und schaue mit der gleichen Bewunderung ins Tal, es ist einfach traumhaft sch\u00f6n hier.<br \/>\n<a href=\"http:\/\/blog.meineigenerweg.de\/wp-content\/uploads\/2014\/07\/Hohe_Tatra_T6_14_07_063.jpg\"><img loading=\"lazy\" decoding=\"async\" class=\"alignnone size-medium wp-image-2135\" src=\"http:\/\/blog.meineigenerweg.de\/wp-content\/uploads\/2014\/07\/Hohe_Tatra_T6_14_07_063-300x200.jpg\" alt=\"Hohe_Tatra_T6_14_07_063\" width=\"300\" height=\"200\" srcset=\"http:\/\/blog.meineigenerweg.de\/wp-content\/uploads\/2014\/07\/Hohe_Tatra_T6_14_07_063-300x200.jpg 300w, http:\/\/blog.meineigenerweg.de\/wp-content\/uploads\/2014\/07\/Hohe_Tatra_T6_14_07_063.jpg 1000w\" sizes=\"auto, (max-width: 300px) 100vw, 300px\" \/><\/a><br \/>\nWenn ich nach vorne schaue,\u00a0bekomme ich Respekt vor dem Berg und bin gleichzeitig\u00a0auch ein wenig\u00a0stolz auf\u00a0mich, das ich es\u00a0hierher geschafft habe.<br \/>\n<a href=\"http:\/\/blog.meineigenerweg.de\/wp-content\/uploads\/2014\/07\/Hohe_Tatra_T6_14_07_067.jpg\"><img loading=\"lazy\" decoding=\"async\" class=\"alignnone size-medium wp-image-2136\" src=\"http:\/\/blog.meineigenerweg.de\/wp-content\/uploads\/2014\/07\/Hohe_Tatra_T6_14_07_067-300x200.jpg\" alt=\"Hohe_Tatra_T6_14_07_067\" width=\"300\" height=\"200\" srcset=\"http:\/\/blog.meineigenerweg.de\/wp-content\/uploads\/2014\/07\/Hohe_Tatra_T6_14_07_067-300x200.jpg 300w, http:\/\/blog.meineigenerweg.de\/wp-content\/uploads\/2014\/07\/Hohe_Tatra_T6_14_07_067.jpg 1000w\" sizes=\"auto, (max-width: 300px) 100vw, 300px\" \/><\/a><br \/>\nJetzt beginnt der spannende Teil, der Klettersteig. Gut, dass\u00a0ich gestern bei Regen nicht losgegangen bin! Bei trockenem Wetter ist\u00a0er halb so wild,\u00a0eine\u00a0sch\u00f6ne Kletterpartie.<br \/>\n<a href=\"http:\/\/blog.meineigenerweg.de\/wp-content\/uploads\/2014\/07\/Hohe_Tatra_T6_14_07_066.jpg\"><img loading=\"lazy\" decoding=\"async\" class=\"alignnone size-medium wp-image-2137\" src=\"http:\/\/blog.meineigenerweg.de\/wp-content\/uploads\/2014\/07\/Hohe_Tatra_T6_14_07_066-300x200.jpg\" alt=\"Hohe_Tatra_T6_14_07_066\" width=\"300\" height=\"200\" srcset=\"http:\/\/blog.meineigenerweg.de\/wp-content\/uploads\/2014\/07\/Hohe_Tatra_T6_14_07_066-300x200.jpg 300w, http:\/\/blog.meineigenerweg.de\/wp-content\/uploads\/2014\/07\/Hohe_Tatra_T6_14_07_066.jpg 1000w\" sizes=\"auto, (max-width: 300px) 100vw, 300px\" \/><\/a><br \/>\nIch komme meinem Ziel immer n\u00e4her. Die bunten F\u00e4hnchen sehen aus wie in\u00a0Nepal am Fu\u00dfe des Himalayas, aber Victor wird ja auch\u00a0der &#8222;Sherpa&#8220; genannt.<br \/>\n<a href=\"http:\/\/blog.meineigenerweg.de\/wp-content\/uploads\/2014\/07\/Hohe_Tatra_T6_14_07_071.jpg\"><img loading=\"lazy\" decoding=\"async\" class=\"alignnone size-medium wp-image-2138\" src=\"http:\/\/blog.meineigenerweg.de\/wp-content\/uploads\/2014\/07\/Hohe_Tatra_T6_14_07_071-300x200.jpg\" alt=\"Hohe_Tatra_T6_14_07_071\" width=\"300\" height=\"200\" srcset=\"http:\/\/blog.meineigenerweg.de\/wp-content\/uploads\/2014\/07\/Hohe_Tatra_T6_14_07_071-300x200.jpg 300w, http:\/\/blog.meineigenerweg.de\/wp-content\/uploads\/2014\/07\/Hohe_Tatra_T6_14_07_071.jpg 1000w\" sizes=\"auto, (max-width: 300px) 100vw, 300px\" \/><\/a><br \/>\nDann sehe ich endlich die H\u00fctte.<br \/>\n<a href=\"http:\/\/blog.meineigenerweg.de\/wp-content\/uploads\/2014\/07\/Hohe_Tatra_T6_14_07_072.jpg\"><img loading=\"lazy\" decoding=\"async\" class=\"alignnone size-medium wp-image-2139\" src=\"http:\/\/blog.meineigenerweg.de\/wp-content\/uploads\/2014\/07\/Hohe_Tatra_T6_14_07_072-300x200.jpg\" alt=\"Hohe_Tatra_T6_14_07_072\" width=\"300\" height=\"200\" srcset=\"http:\/\/blog.meineigenerweg.de\/wp-content\/uploads\/2014\/07\/Hohe_Tatra_T6_14_07_072-300x200.jpg 300w, http:\/\/blog.meineigenerweg.de\/wp-content\/uploads\/2014\/07\/Hohe_Tatra_T6_14_07_072.jpg 1000w\" sizes=\"auto, (max-width: 300px) 100vw, 300px\" \/><\/a><br \/>\nAber zuvor gibt es noch eine letzte Geschicklichkeitspr\u00fcfung, denn der Weg zur H\u00fctte f\u00fchrt \u00fcber ein steiles Schneefeld.\u00a0Au\u00dferdem hat es\u00a0mal wieder angefangen zu regnen. Um das Schneefeld besser zu bew\u00e4ltigen, ist ein\u00a0Seil an der H\u00fctte befestigt, das \u00fcber das Schneefeld reicht.\u00a0Ich versuche mich an dem Seil hochzuziehen, aber es ist ein altes Kletterseil und elastisch wie ein Gummiband. Ruckzuck liege ich im Schnee.\u00a0Au\u00dferdem liegt das Seil immer wieder im Schnee und kleine, gemeine, scharfkantige Eiskristalle haben sich\u00a0im Gewebe des Seils eingenistet.\u00a0Es ist\u00a0eisig, die Hose ist pitschnass, weil ich immer wieder ausrutsche, die H\u00e4nde sind eiskalt und werden von den Eiskristallen aufgekratzt, bis sie bluten.<br \/>\n<a href=\"http:\/\/blog.meineigenerweg.de\/wp-content\/uploads\/2014\/07\/Hohe_Tatra_T6_14_07_094.jpg\"><img loading=\"lazy\" decoding=\"async\" class=\"alignnone size-medium wp-image-2140\" src=\"http:\/\/blog.meineigenerweg.de\/wp-content\/uploads\/2014\/07\/Hohe_Tatra_T6_14_07_094-300x225.jpg\" alt=\"Hohe_Tatra_T6_14_07_094\" width=\"300\" height=\"225\" srcset=\"http:\/\/blog.meineigenerweg.de\/wp-content\/uploads\/2014\/07\/Hohe_Tatra_T6_14_07_094-300x225.jpg 300w, http:\/\/blog.meineigenerweg.de\/wp-content\/uploads\/2014\/07\/Hohe_Tatra_T6_14_07_094.jpg 1000w\" sizes=\"auto, (max-width: 300px) 100vw, 300px\" \/><\/a><br \/>\nK\u00f6nnt ihr euch vorstellen wie k\u00f6stlich jetzt eine Gulaschsuppe und ein Bier schmecken?<br \/>\n<a href=\"http:\/\/blog.meineigenerweg.de\/wp-content\/uploads\/2014\/07\/Hohe_Tatra_T6_14_07_079.jpg\"><img loading=\"lazy\" decoding=\"async\" class=\"alignnone size-medium wp-image-2141\" src=\"http:\/\/blog.meineigenerweg.de\/wp-content\/uploads\/2014\/07\/Hohe_Tatra_T6_14_07_079-300x200.jpg\" alt=\"Hohe_Tatra_T6_14_07_079\" width=\"300\" height=\"200\" srcset=\"http:\/\/blog.meineigenerweg.de\/wp-content\/uploads\/2014\/07\/Hohe_Tatra_T6_14_07_079-300x200.jpg 300w, http:\/\/blog.meineigenerweg.de\/wp-content\/uploads\/2014\/07\/Hohe_Tatra_T6_14_07_079.jpg 1000w\" sizes=\"auto, (max-width: 300px) 100vw, 300px\" \/><\/a><br \/>\nEin Schelm der B\u00f6ses dabei denkt \ud83d\ude09<br \/>\nWof\u00fcr diese Stange gut ist, konnte ich nicht ergr\u00fcnden, aber es wurde definitiv nicht daran getanzt!<br \/>\nUnd wer Nachts mal zur Toilette musste,\u00a0musste sich das wirklich gut \u00fcberlegt, denn die einzige\u00a0Toilette ist 200 mtr von der H\u00fctte entfernt.<br \/>\n<a href=\"http:\/\/blog.meineigenerweg.de\/wp-content\/uploads\/2014\/07\/Hohe_Tatra_T6_14_07_069.jpg\"><img loading=\"lazy\" decoding=\"async\" class=\"alignnone size-medium wp-image-2143\" src=\"http:\/\/blog.meineigenerweg.de\/wp-content\/uploads\/2014\/07\/Hohe_Tatra_T6_14_07_069-300x204.jpg\" alt=\"Hohe_Tatra_T6_14_07_069\" width=\"300\" height=\"204\" srcset=\"http:\/\/blog.meineigenerweg.de\/wp-content\/uploads\/2014\/07\/Hohe_Tatra_T6_14_07_069-300x204.jpg 300w, http:\/\/blog.meineigenerweg.de\/wp-content\/uploads\/2014\/07\/Hohe_Tatra_T6_14_07_069.jpg 1000w\" sizes=\"auto, (max-width: 300px) 100vw, 300px\" \/><\/a><br \/>\n\u00dcber Victor gab es einen Film im ZDF. Ich habe ihn auf YouTube gefunden, solltet ihr euch unbedingt mal anschauen. Die Ziege hat er leider nicht mehr, heute l\u00e4uft er mit einem Sch\u00e4ferhund.<br \/>\n<iframe loading=\"lazy\" src=\"\/\/www.youtube.com\/embed\/cjj036b3pSE\" width=\"300\" height=\"168\" frameborder=\"0\" allowfullscreen=\"allowfullscreen\"><\/iframe><\/p>\n<h6>Tag 8 &#8211; Morskie Oko<\/h6>\n<p>Gestern bin ich auf der slowakischen\u00a0Seite hoch gekommen\u00a0und heute werde ich auf der\u00a0polnischen Seite wieder herunter steigen. Mein Ziel der der See Morskie Oko.\u00a0Der Grat bildet die Grenze zwischen der Slowakei und Polen. Der Weg f\u00fchrt wieder\u00a0\u00fcber\u00a0ein Schneefeld, aber das sieht nicht so steil aus und wird nicht so schlimm sein, wie gestern der Anstieg zu H\u00fctte.<br \/>\n<a href=\"http:\/\/blog.meineigenerweg.de\/wp-content\/uploads\/2014\/07\/Hohe_Tatra_T6_14_07_078.jpg\"><img loading=\"lazy\" decoding=\"async\" class=\"alignnone size-medium wp-image-2166\" src=\"http:\/\/blog.meineigenerweg.de\/wp-content\/uploads\/2014\/07\/Hohe_Tatra_T6_14_07_078-300x200.jpg\" alt=\"Hohe_Tatra_T6_14_07_078\" width=\"300\" height=\"200\" srcset=\"http:\/\/blog.meineigenerweg.de\/wp-content\/uploads\/2014\/07\/Hohe_Tatra_T6_14_07_078-300x200.jpg 300w, http:\/\/blog.meineigenerweg.de\/wp-content\/uploads\/2014\/07\/Hohe_Tatra_T6_14_07_078.jpg 1000w\" sizes=\"auto, (max-width: 300px) 100vw, 300px\" \/><\/a><br \/>\nDie Hohe Tatra ist daf\u00fcr bekannt, dass sich innerhalb weniger Minuten das Wetter total ver\u00e4ndert. Da schaue ich eben noch in einen ann\u00e4hernd blauen Himmel, und dann schaffe ich es nicht mehr, die Regenjacke aus dem Rucksack zu holen, ohne die ersten Tropfen abzubekommen. Jetzt sieht es aus, als ob ich mir meinen Weg ertasten m\u00fcsste.<br \/>\n<a href=\"http:\/\/blog.meineigenerweg.de\/wp-content\/uploads\/2014\/07\/Hohe_Tatra_T6_14_07_081.jpg\"><img loading=\"lazy\" decoding=\"async\" class=\"alignnone size-medium wp-image-2167\" src=\"http:\/\/blog.meineigenerweg.de\/wp-content\/uploads\/2014\/07\/Hohe_Tatra_T6_14_07_081-300x200.jpg\" alt=\"Hohe_Tatra_T6_14_07_081\" width=\"300\" height=\"200\" srcset=\"http:\/\/blog.meineigenerweg.de\/wp-content\/uploads\/2014\/07\/Hohe_Tatra_T6_14_07_081-300x200.jpg 300w, http:\/\/blog.meineigenerweg.de\/wp-content\/uploads\/2014\/07\/Hohe_Tatra_T6_14_07_081.jpg 1000w\" sizes=\"auto, (max-width: 300px) 100vw, 300px\" \/><\/a><br \/>\nEin klein wenig mulmig ist mir schon dabei, durch die dichten Wolken zu laufen. Ich erkenne kaum den Weg und die Wegmarkierungen erst, wenn ich direkt davor stehe. Aber auf dem Berg l\u00e4sst man sich nicht allein. Ein Gruppe Polen, zwei M\u00e4nner und eine Frau, sehen mir meine Unsicherheit wohl an und fragen mich auf Englisch, ob ich mich Ihnen nicht anschlie\u00dfen m\u00f6chte. Sie gehen den Weg nicht zum ersten mal und kennen sich gut aus. Gerne\u00a0schlie\u00dfe ich mich ihnen an. So stapfe ich durch den Schnee hinter ihnen her. Die Sicht wird immer schlechter und ich bin froh, mir den Weg nicht allein suchen zu m\u00fcssen.<\/p>\n<p>Nach einer halben Stunde haben wir den Grat erreicht und sind auf die polnische Seite der Hohen Tatra gewechselt. Aber die Wolken sind immer noch die gleichen. Langsam tasten wir uns durch die\u00a0dichte Nebelschwaden\u00a0\u00fcber dicke Felsbrocken bergab. Dann erreichen wir den Klettersteig. Ich wusste, dass es auch auf dieser Seite einen Klettersteig gibt, aber so anstrengend wie gestern beim Aufstieg ist er hier nicht.\u00a0Wir r\u00fccken n\u00e4her zueinander auf,\u00a0halten uns\u00a0im Blick und helfen uns gegenseitig. Schwei\u00dfgebadet\u00a0machen wir am Fu\u00dfe des Klettersteigs eine\u00a0Pause.\u00a0Ab jetzt laufen wir nur noch \u00fcber\u00a0Felsen und grobe steinige Wege. Die Wolken begleiten uns weiterhin und es dauert noch fast zwei Stunden, bis wir endlich die Wolkendecke durchdrungen haben.\u00a0Hier verabschieden wir uns herzlich voneinander. Die drei wollen noch weiter, w\u00e4hrend ich die letzten hundert H\u00f6henmeter zum\u00a0See hinabsteige.<br \/>\n<a href=\"http:\/\/blog.meineigenerweg.de\/wp-content\/uploads\/2014\/07\/Hohe_Tatra_T7_14_07_0191.jpg\"><img loading=\"lazy\" decoding=\"async\" class=\"alignnone size-medium wp-image-2180\" src=\"http:\/\/blog.meineigenerweg.de\/wp-content\/uploads\/2014\/07\/Hohe_Tatra_T7_14_07_0191-300x200.jpg\" alt=\"Hohe_Tatra_T7_14_07_019\" width=\"300\" height=\"200\" srcset=\"http:\/\/blog.meineigenerweg.de\/wp-content\/uploads\/2014\/07\/Hohe_Tatra_T7_14_07_0191-300x200.jpg 300w, http:\/\/blog.meineigenerweg.de\/wp-content\/uploads\/2014\/07\/Hohe_Tatra_T7_14_07_0191.jpg 1000w\" sizes=\"auto, (max-width: 300px) 100vw, 300px\" \/><\/a><br \/>\nDurch die dichten B\u00e4ume kann ich ab und zu den See im Tal erkennen, aber alles wirkt grau in grau.<br \/>\n<a href=\"http:\/\/blog.meineigenerweg.de\/wp-content\/uploads\/2014\/07\/Hohe_Tatra_T7_14_07_002.jpg\"><img loading=\"lazy\" decoding=\"async\" class=\"alignnone size-medium wp-image-2170\" src=\"http:\/\/blog.meineigenerweg.de\/wp-content\/uploads\/2014\/07\/Hohe_Tatra_T7_14_07_002-300x200.jpg\" alt=\"Hohe_Tatra_T7_14_07_002\" width=\"300\" height=\"200\" srcset=\"http:\/\/blog.meineigenerweg.de\/wp-content\/uploads\/2014\/07\/Hohe_Tatra_T7_14_07_002-300x200.jpg 300w, http:\/\/blog.meineigenerweg.de\/wp-content\/uploads\/2014\/07\/Hohe_Tatra_T7_14_07_002.jpg 1000w\" sizes=\"auto, (max-width: 300px) 100vw, 300px\" \/><\/a><br \/>\nDer Weg windet sich an einem Wasserfall ins Tal herunter.<br \/>\n<a href=\"http:\/\/blog.meineigenerweg.de\/wp-content\/uploads\/2014\/07\/Hohe_Tatra_T7_14_07_009.jpg\"><img loading=\"lazy\" decoding=\"async\" class=\"alignnone size-medium wp-image-2171\" src=\"http:\/\/blog.meineigenerweg.de\/wp-content\/uploads\/2014\/07\/Hohe_Tatra_T7_14_07_009-300x200.jpg\" alt=\"Hohe_Tatra_T7_14_07_009\" width=\"300\" height=\"200\" srcset=\"http:\/\/blog.meineigenerweg.de\/wp-content\/uploads\/2014\/07\/Hohe_Tatra_T7_14_07_009-300x200.jpg 300w, http:\/\/blog.meineigenerweg.de\/wp-content\/uploads\/2014\/07\/Hohe_Tatra_T7_14_07_009.jpg 1000w\" sizes=\"auto, (max-width: 300px) 100vw, 300px\" \/><\/a><br \/>\nImmer mehr Wanderer kommen mir auf meinem Weg entgegen. Wo wollen die hin, ein paar Meter h\u00f6her beginnen die Wolken und den See kann man kaum erkennen.<br \/>\nAls ich das Ufer erreiche blicke ich mich um und schaue mir noch einmal an, \u00fcber welchen Weg ich ins Tal gekommen bin.\u00a0Viel kann ich nicht erkennen, lediglich die letzten\u00a0hundert H\u00f6henmeter, irgendwo da oben ist der\u00a0Gipfel des Rysy.<\/p>\n<p>Beim Blick zum Ufer traue ich meinen Augen kaum. Wo bin ich denn hier gelandet?<br \/>\n<a href=\"http:\/\/blog.meineigenerweg.de\/wp-content\/uploads\/2014\/07\/Hohe_Tatra_T7_14_07_017.jpg\"><img loading=\"lazy\" decoding=\"async\" class=\"alignnone size-medium wp-image-2173\" src=\"http:\/\/blog.meineigenerweg.de\/wp-content\/uploads\/2014\/07\/Hohe_Tatra_T7_14_07_017-300x200.jpg\" alt=\"Hohe_Tatra_T7_14_07_017\" width=\"300\" height=\"200\" srcset=\"http:\/\/blog.meineigenerweg.de\/wp-content\/uploads\/2014\/07\/Hohe_Tatra_T7_14_07_017-300x200.jpg 300w, http:\/\/blog.meineigenerweg.de\/wp-content\/uploads\/2014\/07\/Hohe_Tatra_T7_14_07_017.jpg 1000w\" sizes=\"auto, (max-width: 300px) 100vw, 300px\" \/><\/a><br \/>\nTrotz der vielen Menschen habe ich problemlos\u00a0ein Zimmer in der H\u00fctte\u00a0bekommen, nur ins Restaurant kam ich wegen \u00dcberf\u00fcllung nicht hinein.<br \/>\n<a href=\"http:\/\/blog.meineigenerweg.de\/wp-content\/uploads\/2014\/07\/Hohe_Tatra_T7_14_07_025.jpg\"><img loading=\"lazy\" decoding=\"async\" class=\"alignnone size-medium wp-image-2174\" src=\"http:\/\/blog.meineigenerweg.de\/wp-content\/uploads\/2014\/07\/Hohe_Tatra_T7_14_07_025-300x200.jpg\" alt=\"Hohe_Tatra_T7_14_07_025\" width=\"300\" height=\"200\" srcset=\"http:\/\/blog.meineigenerweg.de\/wp-content\/uploads\/2014\/07\/Hohe_Tatra_T7_14_07_025-300x200.jpg 300w, http:\/\/blog.meineigenerweg.de\/wp-content\/uploads\/2014\/07\/Hohe_Tatra_T7_14_07_025.jpg 1000w\" sizes=\"auto, (max-width: 300px) 100vw, 300px\" \/><\/a><br \/>\nErst als es anf\u00e4ngt zu d\u00e4mmern, wird es langsam leerer.\u00a0Auch die\u00a0letzten Tagesausfl\u00fcgler haben sich auf den mehr als zweist\u00fcndigen Fu\u00dfmarsch ins Tal gemacht.\u00a0Als ich sp\u00e4ter\u00a0im Dunklen im Regen vor der H\u00fctte stehe, bin\u00a0ich endlich alleine und genie\u00dfe die Ruhe.<\/p>\n<h6>Tag 9 &#8211; Zakopane<\/h6>\n<p>Am letzten Tag meiner Tour habe ich keine Eile und genie\u00dfe ausgiebig das Fr\u00fchst\u00fcck mit deftigem Brot, Gurken, grober Leberwurst und fetter Hartwurst.\u00a0Ist ja Urlaub, da kann ich auch einmal so etwas essen. Wenn ich aus dem Fenster schaue, blicke ich in einen tr\u00fcben Morgen und ab\u00a0und zu fallen\u00a0auch dicken\u00a0Regentropfen.<br \/>\n<a href=\"http:\/\/blog.meineigenerweg.de\/wp-content\/uploads\/2014\/07\/Hohe_Tatra_T8_14_07_027.jpg\"><img loading=\"lazy\" decoding=\"async\" class=\"alignnone size-medium wp-image-2189\" src=\"http:\/\/blog.meineigenerweg.de\/wp-content\/uploads\/2014\/07\/Hohe_Tatra_T8_14_07_027-300x200.jpg\" alt=\"Hohe_Tatra_T8_14_07_027\" width=\"300\" height=\"200\" srcset=\"http:\/\/blog.meineigenerweg.de\/wp-content\/uploads\/2014\/07\/Hohe_Tatra_T8_14_07_027-300x200.jpg 300w, http:\/\/blog.meineigenerweg.de\/wp-content\/uploads\/2014\/07\/Hohe_Tatra_T8_14_07_027.jpg 1000w\" sizes=\"auto, (max-width: 300px) 100vw, 300px\" \/><\/a><br \/>\nGegen zehn stehe ich vor dem Haus und wundere mich nicht, dass mir bereits ein Heer von\u00a0Ausfl\u00fcglern\u00a0entgegenkommt.<br \/>\n<a href=\"http:\/\/blog.meineigenerweg.de\/wp-content\/uploads\/2014\/07\/Hohe_Tatra_T8_14_07_017.jpg\"><img loading=\"lazy\" decoding=\"async\" class=\"alignnone size-medium wp-image-2188\" src=\"http:\/\/blog.meineigenerweg.de\/wp-content\/uploads\/2014\/07\/Hohe_Tatra_T8_14_07_017-300x200.jpg\" alt=\"Hohe_Tatra_T8_14_07_017\" width=\"300\" height=\"200\" srcset=\"http:\/\/blog.meineigenerweg.de\/wp-content\/uploads\/2014\/07\/Hohe_Tatra_T8_14_07_017-300x200.jpg 300w, http:\/\/blog.meineigenerweg.de\/wp-content\/uploads\/2014\/07\/Hohe_Tatra_T8_14_07_017.jpg 1000w\" sizes=\"auto, (max-width: 300px) 100vw, 300px\" \/><\/a><br \/>\nDie Waldsch\u00e4den erschrecken mich sehr, es ist so traurig diese vielen kahlen B\u00e4ume anzuschauen.<br \/>\n<a href=\"http:\/\/blog.meineigenerweg.de\/wp-content\/uploads\/2014\/07\/Hohe_Tatra_T8_14_07_040.jpg\"><img loading=\"lazy\" decoding=\"async\" class=\"alignnone size-medium wp-image-2191\" src=\"http:\/\/blog.meineigenerweg.de\/wp-content\/uploads\/2014\/07\/Hohe_Tatra_T8_14_07_040-300x200.jpg\" alt=\"Hohe_Tatra_T8_14_07_040\" width=\"300\" height=\"200\" srcset=\"http:\/\/blog.meineigenerweg.de\/wp-content\/uploads\/2014\/07\/Hohe_Tatra_T8_14_07_040-300x200.jpg 300w, http:\/\/blog.meineigenerweg.de\/wp-content\/uploads\/2014\/07\/Hohe_Tatra_T8_14_07_040.jpg 1000w\" sizes=\"auto, (max-width: 300px) 100vw, 300px\" \/><\/a><br \/>\nNach etwas mehr als zwei Stunden erreiche ich das Ende dieses breit angelegten Wanderweges. Hier ist auch der\u00a0Eingang in den Nationalpark Hohe Tatra wenn man zum See hinauf m\u00f6chte. Die Hinweisschilder k\u00fcnden ein Aufstieg von zweieinhalb Stunden an. Ich kann\u00a0kaum glauben was ich sehe, bestimmt 50 Busse und hunderte Autos. Es gibt Kassenh\u00e4uschen, an denen der Eintritt entrichtet werden muss, Imbiss- und Andenkenst\u00e4nde und Menschen \u00fcber Menschen.<br \/>\n<a href=\"http:\/\/blog.meineigenerweg.de\/wp-content\/uploads\/2014\/07\/Hohe_Tatra_T8_14_07_016.jpg\"><img loading=\"lazy\" decoding=\"async\" class=\"alignnone size-medium wp-image-2192\" src=\"http:\/\/blog.meineigenerweg.de\/wp-content\/uploads\/2014\/07\/Hohe_Tatra_T8_14_07_016-300x200.jpg\" alt=\"Hohe_Tatra_T8_14_07_016\" width=\"300\" height=\"200\" srcset=\"http:\/\/blog.meineigenerweg.de\/wp-content\/uploads\/2014\/07\/Hohe_Tatra_T8_14_07_016-300x200.jpg 300w, http:\/\/blog.meineigenerweg.de\/wp-content\/uploads\/2014\/07\/Hohe_Tatra_T8_14_07_016.jpg 1000w\" sizes=\"auto, (max-width: 300px) 100vw, 300px\" \/><\/a><br \/>\nUnd\u00a0dann liegt auch schon das Hochgebirge hinter mir. Vor mir breiten sich sanfte H\u00fcgel und weite T\u00e4ler aus.<br \/>\n<a href=\"http:\/\/blog.meineigenerweg.de\/wp-content\/uploads\/2014\/07\/Hohe_Tatra_T8_14_07_002.jpg\"><img loading=\"lazy\" decoding=\"async\" class=\"alignnone size-medium wp-image-2194\" src=\"http:\/\/blog.meineigenerweg.de\/wp-content\/uploads\/2014\/07\/Hohe_Tatra_T8_14_07_002-300x200.jpg\" alt=\"Hohe_Tatra_T8_14_07_002\" width=\"300\" height=\"200\" srcset=\"http:\/\/blog.meineigenerweg.de\/wp-content\/uploads\/2014\/07\/Hohe_Tatra_T8_14_07_002-300x200.jpg 300w, http:\/\/blog.meineigenerweg.de\/wp-content\/uploads\/2014\/07\/Hohe_Tatra_T8_14_07_002.jpg 1000w\" sizes=\"auto, (max-width: 300px) 100vw, 300px\" \/><\/a><br \/>\nNach ein paar Kilometern stehe ich\u00a0unerwartet mitten in der Bochumer Fu\u00dfg\u00e4ngerzone an einem verkaufsoffenen Sonntag. Ups &#8211; ach nee &#8211; das ist Zakopane. Ein typischer Touristenort, voller Restaurants, Sportgesch\u00e4ften und Andenkenl\u00e4den, aber auch Kinderkarusselle und Losbuden.\u00a0Speisekarten\u00a0sind in\u00a0polnisch, englisch und russisch. Die meisten Gerichte bestehen aus viel Grillfleisch,\u00a0ein T-Bone-Steak\u00a0ist\u00a0700\u00a0Gramm schwer.<br \/>\n<a href=\"http:\/\/blog.meineigenerweg.de\/wp-content\/uploads\/2014\/07\/Hohe_Tatra_T8_14_07_075.jpg\"><img loading=\"lazy\" decoding=\"async\" class=\"alignnone size-medium wp-image-2195\" src=\"http:\/\/blog.meineigenerweg.de\/wp-content\/uploads\/2014\/07\/Hohe_Tatra_T8_14_07_075-300x225.jpg\" alt=\"Hohe_Tatra_T8_14_07_075\" width=\"300\" height=\"225\" srcset=\"http:\/\/blog.meineigenerweg.de\/wp-content\/uploads\/2014\/07\/Hohe_Tatra_T8_14_07_075-300x225.jpg 300w, http:\/\/blog.meineigenerweg.de\/wp-content\/uploads\/2014\/07\/Hohe_Tatra_T8_14_07_075.jpg 1000w\" sizes=\"auto, (max-width: 300px) 100vw, 300px\" \/><\/a>\u00a0<a href=\"http:\/\/blog.meineigenerweg.de\/wp-content\/uploads\/2014\/07\/Hohe_Tatra_T8_14_07_070.jpg\"><img loading=\"lazy\" decoding=\"async\" class=\"alignnone size-medium wp-image-2197\" src=\"http:\/\/blog.meineigenerweg.de\/wp-content\/uploads\/2014\/07\/Hohe_Tatra_T8_14_07_070-300x225.jpg\" alt=\"Hohe_Tatra_T8_14_07_070\" width=\"300\" height=\"225\" srcset=\"http:\/\/blog.meineigenerweg.de\/wp-content\/uploads\/2014\/07\/Hohe_Tatra_T8_14_07_070-300x225.jpg 300w, http:\/\/blog.meineigenerweg.de\/wp-content\/uploads\/2014\/07\/Hohe_Tatra_T8_14_07_070.jpg 1000w\" sizes=\"auto, (max-width: 300px) 100vw, 300px\" \/><\/a><\/p>\n<p>Hier endet meine Tour. Ich\u00a0finde den Bahnhof und\u00a0fahre mit dem Zug um die Hohe Tatra herum wieder nach Stary Smokovec in der Slowakei.\u00a0Ich bin froh, dem Trubel auf polnischer Seite zu entfliehen und freue mich noch einmal die Ruhe auf slowakischer Seite zu sp\u00fcren. Mein Auto\u00a0steht noch immer am Bahnhof und wartet auf mich.<\/p>\n<p>&nbsp;<\/p>\n<p><a href=\"http:\/\/blog.meineigenerweg.de\/wp-content\/uploads\/2014\/08\/Buch-Hohe-Tatra.pdf\" target=\"_blank\" rel=\"noopener noreferrer\"><br \/>\n<span style=\"color: #0000ff;\">Bildband<br \/>\n<\/span><img loading=\"lazy\" decoding=\"async\" src=\"http:\/\/blog.meineigenerweg.de\/wp-content\/uploads\/2014\/07\/Titelbild-Buch.png\" alt=\"\" width=\"300\" height=\"225\" border=\"0\" \/><\/a><br \/>\n(laden dauert etwas, bl\u00e4ttern mit Pfeiltasten)<\/p>\n<p>&nbsp;<\/p>\n<p><iframe loading=\"lazy\" src=\"\/\/www.youtube.com\/embed\/_gMwDCooxIk\" width=\"300\" height=\"225\" frameborder=\"0\" allowfullscreen=\"allowfullscreen\"><\/iframe><\/p>\n","protected":false},"excerpt":{"rendered":"<p>Meine Route Tag 1 &#8211; von Bochum \u00fcber Polen in die Slowakai Kurz vor 06:00 Uhr in Bochum, der Rucksack ist gepackt, das Auto vollgetankt, H\u00f6rb\u00fccher, Obst und Naschzeug\u00a0liegen ausreichend bereit, meine Stimmung ist super und ich bin\u00a0voller Neugier auf das, was mich in den n\u00e4chsten Tagen erwartet. Los geht&#8217;s,<\/p>\n","protected":false},"author":1,"featured_media":2036,"parent":146,"menu_order":0,"comment_status":"closed","ping_status":"closed","template":"","meta":{"footnotes":""},"class_list":["post-2007","page","type-page","status-publish","has-post-thumbnail","hentry"],"_links":{"self":[{"href":"http:\/\/blog.meineigenerweg.de\/index.php?rest_route=\/wp\/v2\/pages\/2007","targetHints":{"allow":["GET"]}}],"collection":[{"href":"http:\/\/blog.meineigenerweg.de\/index.php?rest_route=\/wp\/v2\/pages"}],"about":[{"href":"http:\/\/blog.meineigenerweg.de\/index.php?rest_route=\/wp\/v2\/types\/page"}],"author":[{"embeddable":true,"href":"http:\/\/blog.meineigenerweg.de\/index.php?rest_route=\/wp\/v2\/users\/1"}],"replies":[{"embeddable":true,"href":"http:\/\/blog.meineigenerweg.de\/index.php?rest_route=%2Fwp%2Fv2%2Fcomments&post=2007"}],"version-history":[{"count":116,"href":"http:\/\/blog.meineigenerweg.de\/index.php?rest_route=\/wp\/v2\/pages\/2007\/revisions"}],"predecessor-version":[{"id":5918,"href":"http:\/\/blog.meineigenerweg.de\/index.php?rest_route=\/wp\/v2\/pages\/2007\/revisions\/5918"}],"up":[{"embeddable":true,"href":"http:\/\/blog.meineigenerweg.de\/index.php?rest_route=\/wp\/v2\/pages\/146"}],"wp:featuredmedia":[{"embeddable":true,"href":"http:\/\/blog.meineigenerweg.de\/index.php?rest_route=\/wp\/v2\/media\/2036"}],"wp:attachment":[{"href":"http:\/\/blog.meineigenerweg.de\/index.php?rest_route=%2Fwp%2Fv2%2Fmedia&parent=2007"}],"curies":[{"name":"wp","href":"https:\/\/api.w.org\/{rel}","templated":true}]}}