{"id":1812,"date":"2014-06-22T20:58:07","date_gmt":"2014-06-22T19:58:07","guid":{"rendered":"http:\/\/blog.meineigenerweg.de\/?page_id=1812"},"modified":"2019-03-28T21:16:49","modified_gmt":"2019-03-28T20:16:49","slug":"140620-weil-am-rhein-moebelhaus-vitra","status":"publish","type":"page","link":"http:\/\/blog.meineigenerweg.de\/?page_id=1812","title":{"rendered":"Weil am Rhein &#8211; VitraHaus ****"},"content":{"rendered":"<p>20.06.2014<\/p>\n<p>Nein nein, ich werde nicht daf\u00fcr bezahlt, das ich Werbung f\u00fcr ein M\u00f6belhaus mache. Aber wenn Ihr mal im Schwarzwald seid\u00a0oder auf dem Weg nach Basel, lohnt sich ein kurzer Abstecher nach Weil am Rhein.<\/p>\n<p>Von der Rheinebene bis zu den Ausl\u00e4ufern des Schwarzwaldes erstreckt sich eine liebliche Landschaft, weite Ebenen und sanfte H\u00fcgel. Das fast s\u00fcdl\u00e4ndische Klima\u00a0beg\u00fcnstigt den Weinanbau,\u00a0so dass man auf den Bergen immer wieder Weinreben erkennen kann.\u00a0Von vielen wird\u00a0diese Landschaft liebevoll als die Toskana Deutschlands bezeichnet. Ich bin gerne hier.<br \/>\n<a href=\"http:\/\/blog.meineigenerweg.de\/wp-content\/uploads\/2014\/06\/Weil_Vitra_KH_13_06_049x.jpg\"><img loading=\"lazy\" decoding=\"async\" class=\"alignnone size-medium wp-image-1814\" src=\"http:\/\/blog.meineigenerweg.de\/wp-content\/uploads\/2014\/06\/Weil_Vitra_KH_13_06_049x-300x225.jpg\" alt=\"Weil_Vitra_KH_13_06_049x\" width=\"300\" height=\"225\" srcset=\"http:\/\/blog.meineigenerweg.de\/wp-content\/uploads\/2014\/06\/Weil_Vitra_KH_13_06_049x-300x225.jpg 300w, http:\/\/blog.meineigenerweg.de\/wp-content\/uploads\/2014\/06\/Weil_Vitra_KH_13_06_049x.jpg 1000w\" sizes=\"auto, (max-width: 300px) 100vw, 300px\" \/><\/a><br \/>\nIn fast jedem der kleinen D\u00f6rfer, die sich an der Stra\u00dfe entlang an die Weinberge schmiegen, gibt es gem\u00fctliche Gasth\u00e4user, die mit badischer K\u00fcche und ausgezeichneten Weinen verw\u00f6hnen. Umso mehr war ich \u00fcberrascht, immer wieder auf au\u00dfergew\u00f6hnliche Architektur zu treffen. Moderne Architektur, die in interessantem Gegensatz zu den zum\u00a0Teil\u00a0mehrere hundert Jahre alten\u00a0traditionellen H\u00e4usern stehen.\u00a0Ein sehenswertes Geb\u00e4ude ist\u00a0das\u00a0<span style=\"color: #0000ff;\"><a href=\"http:\/\/www.vitra.com\/de-de\/living\" target=\"_blank\" rel=\"noopener noreferrer\"><span style=\"color: #0000ff;\"><span style=\"text-decoration: underline;\">VitraHaus<\/span><\/span><\/a><\/span>, ein M\u00f6belhaus, oder besser gesagt, ein Ausstellungshaus f\u00fcr exklusive Designerm\u00f6bel und besonders f\u00fcr Sitzm\u00f6bel.<br \/>\n<a href=\"http:\/\/blog.meineigenerweg.de\/wp-content\/uploads\/2014\/06\/Weil_Vitra_13_06_006.jpg\"><img loading=\"lazy\" decoding=\"async\" class=\"alignnone size-medium wp-image-1815\" src=\"http:\/\/blog.meineigenerweg.de\/wp-content\/uploads\/2014\/06\/Weil_Vitra_13_06_006-300x225.jpg\" alt=\"Weil_Vitra_13_06_006\" width=\"300\" height=\"225\" srcset=\"http:\/\/blog.meineigenerweg.de\/wp-content\/uploads\/2014\/06\/Weil_Vitra_13_06_006-300x225.jpg 300w, http:\/\/blog.meineigenerweg.de\/wp-content\/uploads\/2014\/06\/Weil_Vitra_13_06_006.jpg 1000w\" sizes=\"auto, (max-width: 300px) 100vw, 300px\" \/><\/a><br \/>\nF\u00fcr mein Portemonnaie ist das Preisniveau leider etwas\u00a0zu hoch, aber der Bummel durch die Ausstellungsr\u00e4ume mit originellen Rauminstallationen und der Blick aus den riesigen Fenstern hat mich sehr beeindruckt.<br \/>\n<a href=\"http:\/\/blog.meineigenerweg.de\/wp-content\/uploads\/2014\/06\/Weil_Vitra_KH_13_06_038.jpg\"><img loading=\"lazy\" decoding=\"async\" class=\"alignnone size-medium wp-image-1817\" src=\"http:\/\/blog.meineigenerweg.de\/wp-content\/uploads\/2014\/06\/Weil_Vitra_KH_13_06_038-225x300.jpg\" alt=\"Weil_Vitra_KH_13_06_038\" width=\"225\" height=\"300\" srcset=\"http:\/\/blog.meineigenerweg.de\/wp-content\/uploads\/2014\/06\/Weil_Vitra_KH_13_06_038-225x300.jpg 225w, http:\/\/blog.meineigenerweg.de\/wp-content\/uploads\/2014\/06\/Weil_Vitra_KH_13_06_038.jpg 750w\" sizes=\"auto, (max-width: 225px) 100vw, 225px\" \/><\/a>\u00a0<a href=\"http:\/\/blog.meineigenerweg.de\/wp-content\/uploads\/2014\/06\/Weil_Vitra_KH_13_06_035.jpg\"><img loading=\"lazy\" decoding=\"async\" class=\"alignnone size-medium wp-image-1816\" src=\"http:\/\/blog.meineigenerweg.de\/wp-content\/uploads\/2014\/06\/Weil_Vitra_KH_13_06_035-225x300.jpg\" alt=\"Weil_Vitra_KH_13_06_035\" width=\"225\" height=\"300\" srcset=\"http:\/\/blog.meineigenerweg.de\/wp-content\/uploads\/2014\/06\/Weil_Vitra_KH_13_06_035-225x300.jpg 225w, http:\/\/blog.meineigenerweg.de\/wp-content\/uploads\/2014\/06\/Weil_Vitra_KH_13_06_035.jpg 750w\" sizes=\"auto, (max-width: 225px) 100vw, 225px\" \/><\/a><\/p>\n<p>Ein paar Schritte neben dem VitraHaus ist das <span style=\"color: #0000ff;\"><a href=\"http:\/\/www.design-museum.de\/de\/informationen\/allgemeines.html\" target=\"_blank\" rel=\"noopener noreferrer\"><span style=\"color: #0000ff;\"><span style=\"text-decoration: underline;\">Vitra Design Museum<\/span><\/span><\/a><\/span>, es z\u00e4hlt zu den weltweit f\u00fchrenden Designmuseen.<br \/>\n<a href=\"http:\/\/blog.meineigenerweg.de\/wp-content\/uploads\/2014\/06\/Weil_Vitra_KH_13_06_020.jpg\"><img loading=\"lazy\" decoding=\"async\" class=\"alignnone size-medium wp-image-1837\" src=\"http:\/\/blog.meineigenerweg.de\/wp-content\/uploads\/2014\/06\/Weil_Vitra_KH_13_06_020-225x300.jpg\" alt=\"Weil_Vitra_KH_13_06_020\" width=\"225\" height=\"300\" srcset=\"http:\/\/blog.meineigenerweg.de\/wp-content\/uploads\/2014\/06\/Weil_Vitra_KH_13_06_020-225x300.jpg 225w, http:\/\/blog.meineigenerweg.de\/wp-content\/uploads\/2014\/06\/Weil_Vitra_KH_13_06_020.jpg 750w\" sizes=\"auto, (max-width: 225px) 100vw, 225px\" \/><\/a><br \/>\nIch denke mir einfach die zwei, drei Baus\u00fcnden im Hintergrund weg und bin von der Architektur des Geb\u00e4udes fasziniert. Leider hatte ich keine Gelegenheit, es zu besuchen.<\/p>\n<p><em>Meine Wertung: <span style=\"color: #ff0000;\">****<\/span>* sehenswert<\/em><br \/>\n<em>Charles-Eames-Str. 2<\/em><br \/>\n<em>D-79576 Weil am Rhein<\/em><\/p>\n","protected":false},"excerpt":{"rendered":"<p>20.06.2014 Nein nein, ich werde nicht daf\u00fcr bezahlt, das ich Werbung f\u00fcr ein M\u00f6belhaus mache. Aber wenn Ihr mal im Schwarzwald seid\u00a0oder auf dem Weg nach Basel, lohnt sich ein kurzer Abstecher nach Weil am Rhein. Von der Rheinebene bis zu den Ausl\u00e4ufern des Schwarzwaldes erstreckt sich eine liebliche Landschaft,<\/p>\n","protected":false},"author":1,"featured_media":1829,"parent":3419,"menu_order":0,"comment_status":"closed","ping_status":"closed","template":"","meta":{"footnotes":""},"class_list":["post-1812","page","type-page","status-publish","has-post-thumbnail","hentry"],"_links":{"self":[{"href":"http:\/\/blog.meineigenerweg.de\/index.php?rest_route=\/wp\/v2\/pages\/1812","targetHints":{"allow":["GET"]}}],"collection":[{"href":"http:\/\/blog.meineigenerweg.de\/index.php?rest_route=\/wp\/v2\/pages"}],"about":[{"href":"http:\/\/blog.meineigenerweg.de\/index.php?rest_route=\/wp\/v2\/types\/page"}],"author":[{"embeddable":true,"href":"http:\/\/blog.meineigenerweg.de\/index.php?rest_route=\/wp\/v2\/users\/1"}],"replies":[{"embeddable":true,"href":"http:\/\/blog.meineigenerweg.de\/index.php?rest_route=%2Fwp%2Fv2%2Fcomments&post=1812"}],"version-history":[{"count":18,"href":"http:\/\/blog.meineigenerweg.de\/index.php?rest_route=\/wp\/v2\/pages\/1812\/revisions"}],"predecessor-version":[{"id":5897,"href":"http:\/\/blog.meineigenerweg.de\/index.php?rest_route=\/wp\/v2\/pages\/1812\/revisions\/5897"}],"up":[{"embeddable":true,"href":"http:\/\/blog.meineigenerweg.de\/index.php?rest_route=\/wp\/v2\/pages\/3419"}],"wp:featuredmedia":[{"embeddable":true,"href":"http:\/\/blog.meineigenerweg.de\/index.php?rest_route=\/wp\/v2\/media\/1829"}],"wp:attachment":[{"href":"http:\/\/blog.meineigenerweg.de\/index.php?rest_route=%2Fwp%2Fv2%2Fmedia&parent=1812"}],"curies":[{"name":"wp","href":"https:\/\/api.w.org\/{rel}","templated":true}]}}