{"id":162,"date":"2014-01-14T22:54:28","date_gmt":"2014-01-14T20:54:28","guid":{"rendered":"http:\/\/blog.meineigenerweg.de\/?page_id=162"},"modified":"2019-03-28T21:14:05","modified_gmt":"2019-03-28T20:14:05","slug":"costa-rica","status":"publish","type":"page","link":"http:\/\/blog.meineigenerweg.de\/?page_id=162","title":{"rendered":"Costa Rica"},"content":{"rendered":"<p>Ich war noch nie in Mittelamerika und freue mich auf neue spannende Erfahrungen und unvergessliche Erlebnisse.\u00a0Drei Wochen <span style=\"color: #0000ff;\"><a href=\"http:\/\/de.wikipedia.org\/wiki\/Costa_Rica\" target=\"_blank\" rel=\"noopener noreferrer\"><span style=\"color: #0000ff;\"><span style=\"text-decoration: underline;\">Costa Rica<\/span><\/span><\/a><\/span> habe ich vor mir, zwei Wochen\u00a0Rundreise und zur Erholung eine Woche Strand.<br \/>\n<a href=\"http:\/\/blog.meineigenerweg.de\/wp-content\/uploads\/2014\/01\/Tourx.jpg\"><img loading=\"lazy\" decoding=\"async\" class=\"alignnone size-medium wp-image-3600\" src=\"http:\/\/blog.meineigenerweg.de\/wp-content\/uploads\/2014\/01\/Tourx-300x225.jpg\" alt=\"Tourx\" width=\"300\" height=\"225\" srcset=\"http:\/\/blog.meineigenerweg.de\/wp-content\/uploads\/2014\/01\/Tourx-300x225.jpg 300w, http:\/\/blog.meineigenerweg.de\/wp-content\/uploads\/2014\/01\/Tourx.jpg 1000w\" sizes=\"auto, (max-width: 300px) 100vw, 300px\" \/><\/a><br \/>\nIch habe zur Vorbereitung einen Sprachkurs in Spanisch gemacht. Da meine Route, die ich mir selbst ausgesucht und gebucht habe, auch durch weniger touristisch erschlossene Gegenden f\u00fchrt, ist das hoffentlich hilfreich.<\/p>\n<p>&nbsp;<\/p>\n<p style=\"text-align: left;\">&gt;&gt;&gt;&gt;&gt; hier geht es weiter &lt;&lt;&lt;&lt;&lt;<!--nextpage--><\/p>\n<h6>San Jose<\/h6>\n<p>Mein erstes Ziel\u00a0war San Jose, die Hauptstadt von Costa Rica. Mit weniger als 300.000 Einwohnern die gr\u00f6\u00dfte Stadt des Landes. Eine sehr lebendige, quirlige Stadt, die engen Stra\u00dfen sind voller Autos, das Gehupe und der Gestank sind enorm. Aber sowie man in die Seitenstra\u00dfen geht wird es ruhiger, ja fast provinziell. Mein Hotel lag in einer dieser Seitenstra\u00dfen, zur City waren es nur ein paar Schritte.\u00a0Sowie es\u00a0dunkel wurde, wurden auch die\u00a0Strassen sehr schnell menschenleer. Eine Partymeile habe ich nicht gefunden, ehrlich gesagt, habe ich sie aber auch nicht gesucht, mir reichten die Restaurants um die Ecke herum.<br \/>\n<a href=\"http:\/\/blog.meineigenerweg.de\/wp-content\/uploads\/2014\/01\/IMG_0595x.jpg\"><img loading=\"lazy\" decoding=\"async\" class=\"alignnone size-medium wp-image-3371\" src=\"http:\/\/blog.meineigenerweg.de\/wp-content\/uploads\/2014\/01\/IMG_0595x-300x225.jpg\" alt=\"IMG_0595x\" width=\"300\" height=\"225\" srcset=\"http:\/\/blog.meineigenerweg.de\/wp-content\/uploads\/2014\/01\/IMG_0595x-300x225.jpg 300w, http:\/\/blog.meineigenerweg.de\/wp-content\/uploads\/2014\/01\/IMG_0595x.jpg 1000w\" sizes=\"auto, (max-width: 300px) 100vw, 300px\" \/><\/a>n<br \/>\nZum Hotel geh\u00f6rte eine\u00a0kleinen Terrasse wo man schnell in Kontakt mit den anderen G\u00e4sten kam.<br \/>\n<a href=\"http:\/\/blog.meineigenerweg.de\/wp-content\/uploads\/2014\/01\/CR_07_01013.jpg\"><img loading=\"lazy\" decoding=\"async\" class=\"alignnone size-medium wp-image-3421\" src=\"http:\/\/blog.meineigenerweg.de\/wp-content\/uploads\/2014\/01\/CR_07_01013-300x225.jpg\" alt=\"CR_07_01013\" width=\"300\" height=\"225\" srcset=\"http:\/\/blog.meineigenerweg.de\/wp-content\/uploads\/2014\/01\/CR_07_01013-300x225.jpg 300w, http:\/\/blog.meineigenerweg.de\/wp-content\/uploads\/2014\/01\/CR_07_01013.jpg 1000w\" sizes=\"auto, (max-width: 300px) 100vw, 300px\" \/><\/a><br \/>\nZum Fr\u00fchst\u00fcck\u00a0gab es schon\u00a0Bohnen und W\u00fcrstchen.<br \/>\n<a href=\"http:\/\/blog.meineigenerweg.de\/wp-content\/uploads\/2014\/01\/CR_07_01010.jpg\"><img loading=\"lazy\" decoding=\"async\" class=\"alignnone size-medium wp-image-3367\" src=\"http:\/\/blog.meineigenerweg.de\/wp-content\/uploads\/2014\/01\/CR_07_01010-300x225.jpg\" alt=\"CR_07_01010\" width=\"300\" height=\"225\" srcset=\"http:\/\/blog.meineigenerweg.de\/wp-content\/uploads\/2014\/01\/CR_07_01010-300x225.jpg 300w, http:\/\/blog.meineigenerweg.de\/wp-content\/uploads\/2014\/01\/CR_07_01010.jpg 1000w\" sizes=\"auto, (max-width: 300px) 100vw, 300px\" \/><\/a><br \/>\nAn jeder Stra\u00dfenecke konnte man Gl\u00fcckslose kaufen.<br \/>\n<a href=\"http:\/\/blog.meineigenerweg.de\/wp-content\/uploads\/2014\/01\/CR_07_01042.jpg\"><img loading=\"lazy\" decoding=\"async\" class=\"alignnone size-medium wp-image-3368\" src=\"http:\/\/blog.meineigenerweg.de\/wp-content\/uploads\/2014\/01\/CR_07_01042-300x201.jpg\" alt=\"CR_07_01042\" width=\"300\" height=\"201\" srcset=\"http:\/\/blog.meineigenerweg.de\/wp-content\/uploads\/2014\/01\/CR_07_01042-300x201.jpg 300w, http:\/\/blog.meineigenerweg.de\/wp-content\/uploads\/2014\/01\/CR_07_01042.jpg 1000w\" sizes=\"auto, (max-width: 300px) 100vw, 300px\" \/><\/a><br \/>\nIn der Fu\u00dfg\u00e4ngerzone ging es trubelig zu, aus den modern L\u00e4den f\u00fcr Markenkleidung und Sportschuhe erklang laute Musik, Stra\u00dfenmusikanten spielten oder sangen, die Menschen eilten gesch\u00e4ftig hin und her. Ich hatte das Gef\u00fchl zu Hause in Bochum zu sein.<\/p>\n<p><a href=\"http:\/\/blog.meineigenerweg.de\/wp-content\/uploads\/2014\/01\/CR_07_01027.jpg\"><img loading=\"lazy\" decoding=\"async\" class=\"alignnone size-medium wp-image-3369\" src=\"http:\/\/blog.meineigenerweg.de\/wp-content\/uploads\/2014\/01\/CR_07_01027-300x201.jpg\" alt=\"CR_07_01027\" width=\"300\" height=\"201\" srcset=\"http:\/\/blog.meineigenerweg.de\/wp-content\/uploads\/2014\/01\/CR_07_01027-300x201.jpg 300w, http:\/\/blog.meineigenerweg.de\/wp-content\/uploads\/2014\/01\/CR_07_01027.jpg 1000w\" sizes=\"auto, (max-width: 300px) 100vw, 300px\" \/><\/a><br \/>\nBohnen auch gab es nat\u00fcrlich auch zum Mittagessen.<br \/>\n<a href=\"http:\/\/blog.meineigenerweg.de\/wp-content\/uploads\/2014\/01\/CR_07_01017.jpg\"><img loading=\"lazy\" decoding=\"async\" class=\"alignnone size-medium wp-image-3422\" src=\"http:\/\/blog.meineigenerweg.de\/wp-content\/uploads\/2014\/01\/CR_07_01017-300x225.jpg\" alt=\"CR_07_01017\" width=\"300\" height=\"225\" srcset=\"http:\/\/blog.meineigenerweg.de\/wp-content\/uploads\/2014\/01\/CR_07_01017-300x225.jpg 300w, http:\/\/blog.meineigenerweg.de\/wp-content\/uploads\/2014\/01\/CR_07_01017.jpg 1000w\" sizes=\"auto, (max-width: 300px) 100vw, 300px\" \/><\/a><br \/>\nDas pinkfarbene Glas\u00a0war \u00fcbrigens keine Blumenvase und auch nicht angemalt, sondern enthielt\u00a0pinkfarbener\u00a0Senf.<br \/>\n<a href=\"http:\/\/blog.meineigenerweg.de\/wp-content\/uploads\/2014\/01\/CR_07_01023.jpg\"><img loading=\"lazy\" decoding=\"async\" class=\"alignnone size-medium wp-image-3423\" src=\"http:\/\/blog.meineigenerweg.de\/wp-content\/uploads\/2014\/01\/CR_07_01023-300x225.jpg\" alt=\"CR_07_01023\" width=\"300\" height=\"225\" srcset=\"http:\/\/blog.meineigenerweg.de\/wp-content\/uploads\/2014\/01\/CR_07_01023-300x225.jpg 300w, http:\/\/blog.meineigenerweg.de\/wp-content\/uploads\/2014\/01\/CR_07_01023.jpg 1000w\" sizes=\"auto, (max-width: 300px) 100vw, 300px\" \/><\/a><\/p>\n<p>&nbsp;<\/p>\n<p style=\"text-align: left;\">&gt;&gt;&gt;&gt;&gt; hier geht es weiter &lt;&lt;&lt;&lt;&lt;<!--nextpage--><\/p>\n<h6>Tortuguero<\/h6>\n<p>Auf dem Flughafen erwartete mich bereits die &#8222;Superachttrudelmaschine&#8220; (danke Janosch, Traumstunde f\u00fcr Siebenschl\u00e4fer), ein abenteuerliches, kleines Flugzeug, das mich an die Ostk\u00fcste bringen solle, in den Nationalpark Tortuguero.<br \/>\n<a href=\"http:\/\/blog.meineigenerweg.de\/wp-content\/uploads\/2014\/01\/CR_07_02010.jpg\"><img loading=\"lazy\" decoding=\"async\" class=\"alignnone size-medium wp-image-3435\" src=\"http:\/\/blog.meineigenerweg.de\/wp-content\/uploads\/2014\/01\/CR_07_02010-300x201.jpg\" alt=\"CR_07_02010\" width=\"300\" height=\"201\" srcset=\"http:\/\/blog.meineigenerweg.de\/wp-content\/uploads\/2014\/01\/CR_07_02010-300x201.jpg 300w, http:\/\/blog.meineigenerweg.de\/wp-content\/uploads\/2014\/01\/CR_07_02010.jpg 1000w\" sizes=\"auto, (max-width: 300px) 100vw, 300px\" \/><\/a><br \/>\nUnter mir erstreckte sich \u00fcber viele Kilometer dichter Regenwald.<br \/>\n<a href=\"http:\/\/blog.meineigenerweg.de\/wp-content\/uploads\/2014\/01\/CR_07_02020x.jpg\"><img loading=\"lazy\" decoding=\"async\" class=\"alignnone size-medium wp-image-3437\" src=\"http:\/\/blog.meineigenerweg.de\/wp-content\/uploads\/2014\/01\/CR_07_02020x-300x201.jpg\" alt=\"CR_07_02020x\" width=\"300\" height=\"201\" srcset=\"http:\/\/blog.meineigenerweg.de\/wp-content\/uploads\/2014\/01\/CR_07_02020x-300x201.jpg 300w, http:\/\/blog.meineigenerweg.de\/wp-content\/uploads\/2014\/01\/CR_07_02020x.jpg 1000w\" sizes=\"auto, (max-width: 300px) 100vw, 300px\" \/><\/a><br \/>\nAm Flughafen wurde ich mit einem Boot abgeholt und zum Hotel gebracht, Landstra\u00dfen gab es keine, alles wurde auf dem Wasser transportiert.<br \/>\n<a href=\"http:\/\/blog.meineigenerweg.de\/wp-content\/uploads\/2014\/01\/CR_07_02046.jpg\"><img loading=\"lazy\" decoding=\"async\" class=\"alignnone size-medium wp-image-3440\" src=\"http:\/\/blog.meineigenerweg.de\/wp-content\/uploads\/2014\/01\/CR_07_02046-300x201.jpg\" alt=\"CR_07_02046\" width=\"300\" height=\"201\" srcset=\"http:\/\/blog.meineigenerweg.de\/wp-content\/uploads\/2014\/01\/CR_07_02046-300x201.jpg 300w, http:\/\/blog.meineigenerweg.de\/wp-content\/uploads\/2014\/01\/CR_07_02046.jpg 1000w\" sizes=\"auto, (max-width: 300px) 100vw, 300px\" \/><\/a><br \/>\nZwei Meter neben dem Landungssteg wartete schon das Begr\u00fc\u00dfungskomitee.<br \/>\n<a href=\"http:\/\/blog.meineigenerweg.de\/wp-content\/uploads\/2014\/01\/CR_07_02250.jpg\"><img loading=\"lazy\" decoding=\"async\" class=\"alignnone size-medium wp-image-3443\" src=\"http:\/\/blog.meineigenerweg.de\/wp-content\/uploads\/2014\/01\/CR_07_02250-300x201.jpg\" alt=\"CR_07_02250\" width=\"300\" height=\"201\" srcset=\"http:\/\/blog.meineigenerweg.de\/wp-content\/uploads\/2014\/01\/CR_07_02250-300x201.jpg 300w, http:\/\/blog.meineigenerweg.de\/wp-content\/uploads\/2014\/01\/CR_07_02250.jpg 1000w\" sizes=\"auto, (max-width: 300px) 100vw, 300px\" \/><\/a><br \/>\nDas Hotel bestand aus einem Haupthaus mit Rezeption und Restaurant und einigen einzeln im Regenwald verteilten kleinen Bungalows. Es empfing mich eine Ger\u00e4uschkulisse, wie ich sie noch nie geh\u00f6rt habe. Hunderte von V\u00f6geln zwitscherten, piepsten und kreischten in den B\u00e4umen, begleitet von Scharen von Affen die sich laut kreischend durch die Baumkronen schwangen, \u00fcbert\u00f6nt vom lauten Geschrei der Br\u00fcllaffen.<\/p>\n<p>Direkt am Hotel begann ein Wanderweg,\u00a0der, vorbei an kleinen H\u00fctten, direkt in den dichten Regenwald und auf einen kleinen Berg f\u00fchrte.<br \/>\n<a href=\"http:\/\/blog.meineigenerweg.de\/wp-content\/uploads\/2014\/01\/CR_07_02058.jpg\"><img loading=\"lazy\" decoding=\"async\" class=\"alignnone size-medium wp-image-3447\" src=\"http:\/\/blog.meineigenerweg.de\/wp-content\/uploads\/2014\/01\/CR_07_02058-300x201.jpg\" alt=\"CR_07_02058\" width=\"300\" height=\"201\" srcset=\"http:\/\/blog.meineigenerweg.de\/wp-content\/uploads\/2014\/01\/CR_07_02058-300x201.jpg 300w, http:\/\/blog.meineigenerweg.de\/wp-content\/uploads\/2014\/01\/CR_07_02058.jpg 1000w\" sizes=\"auto, (max-width: 300px) 100vw, 300px\" \/><\/a><br \/>\nDicke Kr\u00f6ten sa\u00dfen tr\u00e4ge in der hei\u00dfen Sonne.<br \/>\n<a href=\"http:\/\/blog.meineigenerweg.de\/wp-content\/uploads\/2014\/01\/CR_07_02057.jpg\"><img loading=\"lazy\" decoding=\"async\" class=\"alignnone size-medium wp-image-3448\" src=\"http:\/\/blog.meineigenerweg.de\/wp-content\/uploads\/2014\/01\/CR_07_02057-300x201.jpg\" alt=\"CR_07_02057\" width=\"300\" height=\"201\" srcset=\"http:\/\/blog.meineigenerweg.de\/wp-content\/uploads\/2014\/01\/CR_07_02057-300x201.jpg 300w, http:\/\/blog.meineigenerweg.de\/wp-content\/uploads\/2014\/01\/CR_07_02057.jpg 1000w\" sizes=\"auto, (max-width: 300px) 100vw, 300px\" \/><\/a><br \/>\nPfeilgiftfr\u00f6sche (kleiner als 1 cm) warteten auf\u00a0unachtsamen Wanderer (anfassen ist\u00a0angeblich schon gef\u00e4hrlich).<br \/>\n<a href=\"http:\/\/blog.meineigenerweg.de\/wp-content\/uploads\/2014\/01\/CR_07_020591.jpg\"><img loading=\"lazy\" decoding=\"async\" class=\"alignnone size-medium wp-image-3449\" src=\"http:\/\/blog.meineigenerweg.de\/wp-content\/uploads\/2014\/01\/CR_07_020591-300x201.jpg\" alt=\"CR_07_02059\" width=\"300\" height=\"201\" srcset=\"http:\/\/blog.meineigenerweg.de\/wp-content\/uploads\/2014\/01\/CR_07_020591-300x201.jpg 300w, http:\/\/blog.meineigenerweg.de\/wp-content\/uploads\/2014\/01\/CR_07_020591.jpg 1000w\" sizes=\"auto, (max-width: 300px) 100vw, 300px\" \/><\/a><br \/>\nNeugierige Affen in den B\u00e4umen begleiteten mich.<br \/>\n<a href=\"http:\/\/blog.meineigenerweg.de\/wp-content\/uploads\/2014\/01\/CR_07_02123.jpg\"><img loading=\"lazy\" decoding=\"async\" class=\"alignnone size-medium wp-image-3450\" src=\"http:\/\/blog.meineigenerweg.de\/wp-content\/uploads\/2014\/01\/CR_07_02123-300x206.jpg\" alt=\"CR_07_02123\" width=\"300\" height=\"206\" srcset=\"http:\/\/blog.meineigenerweg.de\/wp-content\/uploads\/2014\/01\/CR_07_02123-300x206.jpg 300w, http:\/\/blog.meineigenerweg.de\/wp-content\/uploads\/2014\/01\/CR_07_02123.jpg 1000w\" sizes=\"auto, (max-width: 300px) 100vw, 300px\" \/><\/a><br \/>\nHandtellergro\u00dfe Spinnen haben\u00a0ihr Netze quer \u00fcber den Weg gesponnen.<br \/>\n<a href=\"http:\/\/blog.meineigenerweg.de\/wp-content\/uploads\/2014\/01\/CR_07_02068.jpg\"><img loading=\"lazy\" decoding=\"async\" class=\"alignnone size-medium wp-image-3451\" src=\"http:\/\/blog.meineigenerweg.de\/wp-content\/uploads\/2014\/01\/CR_07_02068-300x201.jpg\" alt=\"CR_07_02068\" width=\"300\" height=\"201\" srcset=\"http:\/\/blog.meineigenerweg.de\/wp-content\/uploads\/2014\/01\/CR_07_02068-300x201.jpg 300w, http:\/\/blog.meineigenerweg.de\/wp-content\/uploads\/2014\/01\/CR_07_02068.jpg 1000w\" sizes=\"auto, (max-width: 300px) 100vw, 300px\" \/><\/a><br \/>\nDarunter die Stra\u00dfe der Blattschneiderameisen.<br \/>\n<a href=\"http:\/\/blog.meineigenerweg.de\/wp-content\/uploads\/2014\/01\/CR_07_02076.jpg\"><img loading=\"lazy\" decoding=\"async\" class=\"alignnone size-medium wp-image-3452\" src=\"http:\/\/blog.meineigenerweg.de\/wp-content\/uploads\/2014\/01\/CR_07_02076-300x201.jpg\" alt=\"CR_07_02076\" width=\"300\" height=\"201\" srcset=\"http:\/\/blog.meineigenerweg.de\/wp-content\/uploads\/2014\/01\/CR_07_02076-300x201.jpg 300w, http:\/\/blog.meineigenerweg.de\/wp-content\/uploads\/2014\/01\/CR_07_02076.jpg 1000w\" sizes=\"auto, (max-width: 300px) 100vw, 300px\" \/><\/a><br \/>\nStreckte mir da jemand die Zunge heraus?<br \/>\n<a href=\"http:\/\/blog.meineigenerweg.de\/wp-content\/uploads\/2014\/01\/CR_07_02082.jpg\"><img loading=\"lazy\" decoding=\"async\" class=\"alignnone size-medium wp-image-3453\" src=\"http:\/\/blog.meineigenerweg.de\/wp-content\/uploads\/2014\/01\/CR_07_02082-300x201.jpg\" alt=\"CR_07_02082\" width=\"300\" height=\"201\" srcset=\"http:\/\/blog.meineigenerweg.de\/wp-content\/uploads\/2014\/01\/CR_07_02082-300x201.jpg 300w, http:\/\/blog.meineigenerweg.de\/wp-content\/uploads\/2014\/01\/CR_07_02082.jpg 1000w\" sizes=\"auto, (max-width: 300px) 100vw, 300px\" \/><\/a><br \/>\nExotische Pflanzen, wohin ich\u00a0schaute.<br \/>\n<a href=\"http:\/\/blog.meineigenerweg.de\/wp-content\/uploads\/2014\/01\/CR_07_02080.jpg\"><img loading=\"lazy\" decoding=\"async\" class=\"alignnone size-medium wp-image-3454\" src=\"http:\/\/blog.meineigenerweg.de\/wp-content\/uploads\/2014\/01\/CR_07_02080-300x201.jpg\" alt=\"CR_07_02080\" width=\"300\" height=\"201\" srcset=\"http:\/\/blog.meineigenerweg.de\/wp-content\/uploads\/2014\/01\/CR_07_02080-300x201.jpg 300w, http:\/\/blog.meineigenerweg.de\/wp-content\/uploads\/2014\/01\/CR_07_02080.jpg 1000w\" sizes=\"auto, (max-width: 300px) 100vw, 300px\" \/><\/a> <a href=\"http:\/\/blog.meineigenerweg.de\/wp-content\/uploads\/2014\/01\/CR_07_02219.jpg\"><img loading=\"lazy\" decoding=\"async\" class=\"alignnone size-medium wp-image-3460\" src=\"http:\/\/blog.meineigenerweg.de\/wp-content\/uploads\/2014\/01\/CR_07_02219-300x201.jpg\" alt=\"CR_07_02219\" width=\"300\" height=\"201\" srcset=\"http:\/\/blog.meineigenerweg.de\/wp-content\/uploads\/2014\/01\/CR_07_02219-300x201.jpg 300w, http:\/\/blog.meineigenerweg.de\/wp-content\/uploads\/2014\/01\/CR_07_02219.jpg 1000w\" sizes=\"auto, (max-width: 300px) 100vw, 300px\" \/><\/a><br \/>\nNassgeschwitzt vom feuchten Klima\u00a0kam ich auf dem Gipfel an, die Luft f\u00fchlte sich an, als ob man sie schneiden k\u00f6nne, aber die M\u00fche hat sich gelohnt, der Blick\u00a0hinunter\u00a0war beeindruckend.<br \/>\n<a href=\"http:\/\/blog.meineigenerweg.de\/wp-content\/uploads\/2014\/01\/CR_07_02070.jpg\"><img loading=\"lazy\" decoding=\"async\" class=\"alignnone size-medium wp-image-3457\" src=\"http:\/\/blog.meineigenerweg.de\/wp-content\/uploads\/2014\/01\/CR_07_02070-300x201.jpg\" alt=\"CR_07_02070\" width=\"300\" height=\"201\" srcset=\"http:\/\/blog.meineigenerweg.de\/wp-content\/uploads\/2014\/01\/CR_07_02070-300x201.jpg 300w, http:\/\/blog.meineigenerweg.de\/wp-content\/uploads\/2014\/01\/CR_07_02070.jpg 1000w\" sizes=\"auto, (max-width: 300px) 100vw, 300px\" \/><\/a><\/p>\n<p>Ein\u00a0besonderes Highlight hatte Tortuguero in der Nacht zu bieten: Riesenschildkr\u00f6ten, die zur Eiablage aus dem Meer an den Strand kamen.<br \/>\nDer Strand war naturbelassen, keine Sonnenschirme, keine Strandbuden, kaum ein Mensch zu sehen.<br \/>\n<a href=\"http:\/\/blog.meineigenerweg.de\/wp-content\/uploads\/2014\/01\/CR_07_02091.jpg\"><img loading=\"lazy\" decoding=\"async\" class=\"alignnone size-medium wp-image-3463\" src=\"http:\/\/blog.meineigenerweg.de\/wp-content\/uploads\/2014\/01\/CR_07_02091-300x201.jpg\" alt=\"CR_07_02091\" width=\"300\" height=\"201\" srcset=\"http:\/\/blog.meineigenerweg.de\/wp-content\/uploads\/2014\/01\/CR_07_02091-300x201.jpg 300w, http:\/\/blog.meineigenerweg.de\/wp-content\/uploads\/2014\/01\/CR_07_02091.jpg 1000w\" sizes=\"auto, (max-width: 300px) 100vw, 300px\" \/><\/a><br \/>\nW\u00e4hrend einer Strandwanderung konnte ich\u00a0einige Nester von geschl\u00fcpften Schildkr\u00f6ten entdecken.<br \/>\n<a href=\"http:\/\/blog.meineigenerweg.de\/wp-content\/uploads\/2014\/01\/CR_07_02094x.jpg\"><img loading=\"lazy\" decoding=\"async\" class=\"alignnone size-medium wp-image-3464\" src=\"http:\/\/blog.meineigenerweg.de\/wp-content\/uploads\/2014\/01\/CR_07_02094x-300x201.jpg\" alt=\"CR_07_02094x\" width=\"300\" height=\"201\" srcset=\"http:\/\/blog.meineigenerweg.de\/wp-content\/uploads\/2014\/01\/CR_07_02094x-300x201.jpg 300w, http:\/\/blog.meineigenerweg.de\/wp-content\/uploads\/2014\/01\/CR_07_02094x.jpg 1000w\" sizes=\"auto, (max-width: 300px) 100vw, 300px\" \/><\/a><br \/>\nNachts ging es mit einer Hand voll anderer G\u00e4ste und einem \u00a0Guide noch einmal zum Strand. Sch\u00f6n, dass Costa Rica hier einem \u00fcberbordenden Tourismus einen Riegel vorgesetzt hat und viele Touren nur mit speziellen Guides erlaubt sind. Im Dunklen, unter einem\u00a0fahlen Mond, stolperte ich hinter unserem Guide her. Durch die Luft schwirrten Flederm\u00e4use und Insekten und eine\u00a0leise, aber allgegenw\u00e4rtige Ger\u00e4uschkulisse von nachtaktiven Tieren machte die Wanderung etwas unheimlich. Da fiepte etwas, dort raschelte es, dann ein Zischeln und in der Ferne br\u00fcllte ein gro\u00dfer Affe. Die Augen gew\u00f6hnten sich an die Dunkelheit und als wir am Strand ankamen, empfing uns ein rauschendes, sch\u00e4umendes Meer, dessen Gischtkronen im Mondschein leuchteten.<br \/>\nWir setzten uns in den warmen Sand und warteten still. Ab und zu wurde leise gelacht und unser Guide raunte uns zu, still zu sein, da die Schildkr\u00f6ten sehr scheu w\u00e4ren. Als wir nach einer dreiviertel Stunde schon fast aufgeben wollten, schob sich aus der Brandung eine riesige Schildkr\u00f6te langsam an Land. So gro\u00df wie ein K\u00fcchentisch kroch sie mit ihren Schwimmflossen schwerf\u00e4llig \u00fcber den Strand. Leise begleiteten wir sie im Abstand von zwei, drei Metern, bis sie eine Stelle gefunden hatte, dir ihr f\u00fcr ihr Nest geeignet erschien. Mit ihren schaufelgro\u00dfen Schwimmflossen schob sie m\u00fchsam den Sand zur Seite und buddelte ein Loch von etwa einem Meter Durchmesser und f\u00fcnfzig Zentimeter Tiefe. Beleuchtet wurde die ganze Szene nur vom Mond, der ab und zu hinter den Wolken hervorkam. Wir hielten uns in einiger Entfernung, um die Schildkr\u00f6te nicht zu st\u00f6ren. Dann drehte sie sich um und hielt ihr Hinterteil \u00fcber das Loch und plopp, plopp, plopp fielen die h\u00fchnereigro\u00dfen Eier in das Loch. Der Guide hatte eine rot leuchtende\u00a0 Taschenlampe dabei und meinte, jetzt w\u00fcrde das Licht sie nicht mehr st\u00f6ren. Nach einer viertel Stunde lagen\u00a0wohl 50 Eier in der Kuhle. Die Schildkr\u00f6te schaufelte Sand \u00fcber das Gelege und verschwand gru\u00dflos im Meer. Ich stand noch eine ganze Weile mit den anderen G\u00e4sten and\u00e4chtig am Strand und wir unterhielten\u00a0uns leise\u00a0\u00fcber dieses beeindruckende Naturereignis.<\/p>\n<p>&nbsp;<\/p>\n<p style=\"text-align: left;\">&gt;&gt;&gt;&gt;&gt; hier geht es weiter &lt;&lt;&lt;&lt;&lt;<!--nextpage--><\/p>\n<h6>Britt<\/h6>\n<p>Auf der Weiterfahrt zu meinem n\u00e4chsten Ziel legte ich noch eine Pause auf einer Kaffeeplantage ein. Costa Rica ist bekannt f\u00fcr seinen leckeren Kaffee. Die Plantage von <span style=\"color: #0000ff;\"><a href=\"http:\/\/www.cafebritt.com\/\" target=\"_blank\" rel=\"noopener noreferrer\"><span style=\"color: #0000ff;\"><span style=\"text-decoration: underline;\">Britt<\/span><\/span><\/a><\/span> wird gelobt f\u00fcr\u00a0ihren \u00f6kologischen und fairen Anbau.<br \/>\nHier werden Jungpflanzen aufgezogen.<br \/>\n<a href=\"http:\/\/blog.meineigenerweg.de\/wp-content\/uploads\/2014\/01\/CR_07_03005.jpg\"><img loading=\"lazy\" decoding=\"async\" class=\"alignnone size-medium wp-image-3471\" src=\"http:\/\/blog.meineigenerweg.de\/wp-content\/uploads\/2014\/01\/CR_07_03005-300x201.jpg\" alt=\"CR_07_03005\" width=\"300\" height=\"201\" srcset=\"http:\/\/blog.meineigenerweg.de\/wp-content\/uploads\/2014\/01\/CR_07_03005-300x201.jpg 300w, http:\/\/blog.meineigenerweg.de\/wp-content\/uploads\/2014\/01\/CR_07_03005.jpg 1000w\" sizes=\"auto, (max-width: 300px) 100vw, 300px\" \/><\/a><br \/>\nVon der eigentlichen Plantage ist nicht viel zu sehen, denn der Kaffee w\u00e4chst unter B\u00e4umen und Bananenpflanzen. So braucht man weder D\u00fcnger noch Pflanzenschutz. Nat\u00fcrlich wird der Kaffee dann auch von Hand geerntet.<\/p>\n<p><a href=\"http:\/\/blog.meineigenerweg.de\/wp-content\/uploads\/2014\/01\/CR_07_04004.jpg\"><img loading=\"lazy\" decoding=\"async\" class=\"alignnone size-medium wp-image-3475\" src=\"http:\/\/blog.meineigenerweg.de\/wp-content\/uploads\/2014\/01\/CR_07_04004-300x201.jpg\" alt=\"CR_07_04004\" width=\"300\" height=\"201\" srcset=\"http:\/\/blog.meineigenerweg.de\/wp-content\/uploads\/2014\/01\/CR_07_04004-300x201.jpg 300w, http:\/\/blog.meineigenerweg.de\/wp-content\/uploads\/2014\/01\/CR_07_04004.jpg 1000w\" sizes=\"auto, (max-width: 300px) 100vw, 300px\" \/><\/a><br \/>\nBegleitet von einem am\u00fcsanten Vortrag (zum Gl\u00fcck auch in Englisch) konnte ich durch die Plantage streifen und mir Anpflanzung, Ernte und Weiterverarbeitung in Ruhe anschauen.<br \/>\n<a href=\"http:\/\/blog.meineigenerweg.de\/wp-content\/uploads\/2014\/01\/CR_07_03004.jpg\"><img loading=\"lazy\" decoding=\"async\" class=\"alignnone size-medium wp-image-3470\" src=\"http:\/\/blog.meineigenerweg.de\/wp-content\/uploads\/2014\/01\/CR_07_03004-300x201.jpg\" alt=\"CR_07_03004\" width=\"300\" height=\"201\" srcset=\"http:\/\/blog.meineigenerweg.de\/wp-content\/uploads\/2014\/01\/CR_07_03004-300x201.jpg 300w, http:\/\/blog.meineigenerweg.de\/wp-content\/uploads\/2014\/01\/CR_07_03004.jpg 1000w\" sizes=\"auto, (max-width: 300px) 100vw, 300px\" \/><\/a><br \/>\nHier wird der Kaffee ger\u00f6stet.<br \/>\n<a href=\"http:\/\/blog.meineigenerweg.de\/wp-content\/uploads\/2014\/01\/CR_07_03011.jpg\"><img loading=\"lazy\" decoding=\"async\" class=\"alignnone size-medium wp-image-3472\" src=\"http:\/\/blog.meineigenerweg.de\/wp-content\/uploads\/2014\/01\/CR_07_03011-300x201.jpg\" alt=\"CR_07_03011\" width=\"300\" height=\"201\" srcset=\"http:\/\/blog.meineigenerweg.de\/wp-content\/uploads\/2014\/01\/CR_07_03011-300x201.jpg 300w, http:\/\/blog.meineigenerweg.de\/wp-content\/uploads\/2014\/01\/CR_07_03011.jpg 1000w\" sizes=\"auto, (max-width: 300px) 100vw, 300px\" \/><\/a><br \/>\nBei der Verpackung gab es jedoch auch eine kleine,\u00a0moderne Industrieanlage.<br \/>\n<a href=\"http:\/\/blog.meineigenerweg.de\/wp-content\/uploads\/2014\/01\/CR_07_03012.jpg\"><img loading=\"lazy\" decoding=\"async\" class=\"alignnone size-medium wp-image-3473\" src=\"http:\/\/blog.meineigenerweg.de\/wp-content\/uploads\/2014\/01\/CR_07_03012-300x201.jpg\" alt=\"CR_07_03012\" width=\"300\" height=\"201\" srcset=\"http:\/\/blog.meineigenerweg.de\/wp-content\/uploads\/2014\/01\/CR_07_03012-300x201.jpg 300w, http:\/\/blog.meineigenerweg.de\/wp-content\/uploads\/2014\/01\/CR_07_03012.jpg 1000w\" sizes=\"auto, (max-width: 300px) 100vw, 300px\" \/><\/a><\/p>\n<h6>Vulcano Poas<\/h6>\n<p>Mein Weg zum Vulkan f\u00fchrte mich\u00a0durch eine h\u00fcgelige, bewaldete Landschaft mit feuchtem und ungem\u00fctlich kaltem Wetter. Das ist ja fast wie zu Hause.<br \/>\n<a href=\"http:\/\/blog.meineigenerweg.de\/wp-content\/uploads\/2014\/01\/CR_07_040191.jpg\"><img loading=\"lazy\" decoding=\"async\" class=\"alignnone size-medium wp-image-3483\" src=\"http:\/\/blog.meineigenerweg.de\/wp-content\/uploads\/2014\/01\/CR_07_040191-300x225.jpg\" alt=\"CR_07_04019\" width=\"300\" height=\"225\" srcset=\"http:\/\/blog.meineigenerweg.de\/wp-content\/uploads\/2014\/01\/CR_07_040191-300x225.jpg 300w, http:\/\/blog.meineigenerweg.de\/wp-content\/uploads\/2014\/01\/CR_07_040191.jpg 1000w\" sizes=\"auto, (max-width: 300px) 100vw, 300px\" \/><\/a>\u00a0<a href=\"http:\/\/blog.meineigenerweg.de\/wp-content\/uploads\/2014\/01\/CR_07_04192.jpg\"><img loading=\"lazy\" decoding=\"async\" class=\"alignnone size-medium wp-image-3487\" src=\"http:\/\/blog.meineigenerweg.de\/wp-content\/uploads\/2014\/01\/CR_07_04192-300x201.jpg\" alt=\"CR_07_04192\" width=\"300\" height=\"201\" srcset=\"http:\/\/blog.meineigenerweg.de\/wp-content\/uploads\/2014\/01\/CR_07_04192-300x201.jpg 300w, http:\/\/blog.meineigenerweg.de\/wp-content\/uploads\/2014\/01\/CR_07_04192.jpg 1000w\" sizes=\"auto, (max-width: 300px) 100vw, 300px\" \/><\/a><br \/>\nDoch\u00a0der vertraute Eindruck t\u00e4uschte, es bl\u00fchten dort\u00a0Pflanzen, die ich\u00a0noch nie zuvor gesehen hatte und\u00a0an den B\u00e4umen wuchsen kiwigro\u00dfe Fr\u00fcchte, deren\u00a0Namen ich auch im nachhinein nicht finden konnte. Vielleicht h\u00e4tte ich einfach mal eine probieren sollen.<br \/>\n<a href=\"http:\/\/blog.meineigenerweg.de\/wp-content\/uploads\/2014\/01\/CR_07_04030.jpg\"><img loading=\"lazy\" decoding=\"async\" class=\"alignnone size-medium wp-image-3484\" src=\"http:\/\/blog.meineigenerweg.de\/wp-content\/uploads\/2014\/01\/CR_07_04030-300x225.jpg\" alt=\"CR_07_04030\" width=\"300\" height=\"225\" srcset=\"http:\/\/blog.meineigenerweg.de\/wp-content\/uploads\/2014\/01\/CR_07_04030-300x225.jpg 300w, http:\/\/blog.meineigenerweg.de\/wp-content\/uploads\/2014\/01\/CR_07_04030.jpg 1000w\" sizes=\"auto, (max-width: 300px) 100vw, 300px\" \/><\/a>\u00a0<a href=\"http:\/\/blog.meineigenerweg.de\/wp-content\/uploads\/2014\/01\/CR_07_04028.jpg\"><img loading=\"lazy\" decoding=\"async\" class=\"alignnone size-medium wp-image-3485\" src=\"http:\/\/blog.meineigenerweg.de\/wp-content\/uploads\/2014\/01\/CR_07_04028-300x225.jpg\" alt=\"CR_07_04028\" width=\"300\" height=\"225\" srcset=\"http:\/\/blog.meineigenerweg.de\/wp-content\/uploads\/2014\/01\/CR_07_04028-300x225.jpg 300w, http:\/\/blog.meineigenerweg.de\/wp-content\/uploads\/2014\/01\/CR_07_04028.jpg 1000w\" sizes=\"auto, (max-width: 300px) 100vw, 300px\" \/><\/a><br \/>\nDie Hotels die ich mir auf meiner Route ausgew\u00e4hlt hatte, waren meist landestypische kleinere Hotels. Nicht ganz so teuer, aber gem\u00fctlich und rustikal.<br \/>\n<a href=\"http:\/\/blog.meineigenerweg.de\/wp-content\/uploads\/2014\/01\/CR_07_04015.jpg\"><img loading=\"lazy\" decoding=\"async\" class=\"alignnone size-medium wp-image-3488\" src=\"http:\/\/blog.meineigenerweg.de\/wp-content\/uploads\/2014\/01\/CR_07_04015-300x201.jpg\" alt=\"CR_07_04015\" width=\"300\" height=\"201\" srcset=\"http:\/\/blog.meineigenerweg.de\/wp-content\/uploads\/2014\/01\/CR_07_04015-300x201.jpg 300w, http:\/\/blog.meineigenerweg.de\/wp-content\/uploads\/2014\/01\/CR_07_04015.jpg 1000w\" sizes=\"auto, (max-width: 300px) 100vw, 300px\" \/><\/a>\u00a0<a href=\"http:\/\/blog.meineigenerweg.de\/wp-content\/uploads\/2014\/01\/CR_07_04040x.jpg\"><img loading=\"lazy\" decoding=\"async\" class=\"alignnone size-medium wp-image-3491\" src=\"http:\/\/blog.meineigenerweg.de\/wp-content\/uploads\/2014\/01\/CR_07_04040x-300x201.jpg\" alt=\"CR_07_04040x\" width=\"300\" height=\"201\" srcset=\"http:\/\/blog.meineigenerweg.de\/wp-content\/uploads\/2014\/01\/CR_07_04040x-300x201.jpg 300w, http:\/\/blog.meineigenerweg.de\/wp-content\/uploads\/2014\/01\/CR_07_04040x.jpg 1000w\" sizes=\"auto, (max-width: 300px) 100vw, 300px\" \/><\/a><br \/>\nAm n\u00e4chsten Tag ging ich an die Vulkanbesteigung, man konnte jedoch auch fast bis zum Kraterrand mit dem Auto fahren. Aber dann verpasst man vielleicht den ein oder anderen exotisch Wegbegleiter, Farne so gro\u00df wie kleine B\u00e4ume und Alien mit ganz vielen Antennen.<br \/>\n<a href=\"http:\/\/blog.meineigenerweg.de\/wp-content\/uploads\/2014\/01\/CR_07_04117.jpg\"><img loading=\"lazy\" decoding=\"async\" class=\"alignnone size-medium wp-image-3494\" src=\"http:\/\/blog.meineigenerweg.de\/wp-content\/uploads\/2014\/01\/CR_07_04117-300x201.jpg\" alt=\"CR_07_04117\" width=\"300\" height=\"201\" srcset=\"http:\/\/blog.meineigenerweg.de\/wp-content\/uploads\/2014\/01\/CR_07_04117-300x201.jpg 300w, http:\/\/blog.meineigenerweg.de\/wp-content\/uploads\/2014\/01\/CR_07_04117.jpg 1000w\" sizes=\"auto, (max-width: 300px) 100vw, 300px\" \/><\/a>\u00a0<a href=\"http:\/\/blog.meineigenerweg.de\/wp-content\/uploads\/2014\/01\/CR_07_04152.jpg\"><img loading=\"lazy\" decoding=\"async\" class=\"alignnone size-medium wp-image-3492\" src=\"http:\/\/blog.meineigenerweg.de\/wp-content\/uploads\/2014\/01\/CR_07_04152-300x201.jpg\" alt=\"CR_07_04152\" width=\"300\" height=\"201\" srcset=\"http:\/\/blog.meineigenerweg.de\/wp-content\/uploads\/2014\/01\/CR_07_04152-300x201.jpg 300w, http:\/\/blog.meineigenerweg.de\/wp-content\/uploads\/2014\/01\/CR_07_04152.jpg 1000w\" sizes=\"auto, (max-width: 300px) 100vw, 300px\" \/><\/a><br \/>\nVon weitem schon konnte ich den schwefeligen Gestank riechen. Der eigentliche Vulkankrater\u00a0war mit einer dampfenden und brodelnden Fl\u00fcssigkeit gef\u00fcllt. N\u00e4her kam ich leider nicht heran.<br \/>\n<a href=\"http:\/\/blog.meineigenerweg.de\/wp-content\/uploads\/2014\/01\/CR_07_04122.jpg\"><img loading=\"lazy\" decoding=\"async\" class=\"alignnone size-medium wp-image-3495\" src=\"http:\/\/blog.meineigenerweg.de\/wp-content\/uploads\/2014\/01\/CR_07_04122-300x201.jpg\" alt=\"CR_07_04122\" width=\"300\" height=\"201\" srcset=\"http:\/\/blog.meineigenerweg.de\/wp-content\/uploads\/2014\/01\/CR_07_04122-300x201.jpg 300w, http:\/\/blog.meineigenerweg.de\/wp-content\/uploads\/2014\/01\/CR_07_04122.jpg 1000w\" sizes=\"auto, (max-width: 300px) 100vw, 300px\" \/><\/a>\u00a0<a href=\"http:\/\/blog.meineigenerweg.de\/wp-content\/uploads\/2014\/01\/CR_07_04074.jpg\"><img loading=\"lazy\" decoding=\"async\" class=\"alignnone size-medium wp-image-3493\" src=\"http:\/\/blog.meineigenerweg.de\/wp-content\/uploads\/2014\/01\/CR_07_04074-300x201.jpg\" alt=\"CR_07_04074\" width=\"300\" height=\"201\" srcset=\"http:\/\/blog.meineigenerweg.de\/wp-content\/uploads\/2014\/01\/CR_07_04074-300x201.jpg 300w, http:\/\/blog.meineigenerweg.de\/wp-content\/uploads\/2014\/01\/CR_07_04074.jpg 1000w\" sizes=\"auto, (max-width: 300px) 100vw, 300px\" \/><\/a><br \/>\nIch wollte es nicht n\u00e4her untersuchen, war die Toilette hinter dem Busch oder war es der Busch?<br \/>\n<a href=\"http:\/\/blog.meineigenerweg.de\/wp-content\/uploads\/2014\/01\/CR_07_04124.jpg\"><img loading=\"lazy\" decoding=\"async\" class=\"alignnone size-medium wp-image-3496\" src=\"http:\/\/blog.meineigenerweg.de\/wp-content\/uploads\/2014\/01\/CR_07_04124-300x201.jpg\" alt=\"CR_07_04124\" width=\"300\" height=\"201\" srcset=\"http:\/\/blog.meineigenerweg.de\/wp-content\/uploads\/2014\/01\/CR_07_04124-300x201.jpg 300w, http:\/\/blog.meineigenerweg.de\/wp-content\/uploads\/2014\/01\/CR_07_04124.jpg 1000w\" sizes=\"auto, (max-width: 300px) 100vw, 300px\" \/><\/a><\/p>\n<p>&nbsp;<\/p>\n<p style=\"text-align: left;\">&gt;&gt;&gt;&gt;&gt; hier geht es weiter &lt;&lt;&lt;&lt;&lt;<!--nextpage--><\/p>\n<h6>Vulcano Arenal<\/h6>\n<p>Der Weg zu meinem n\u00e4chsten Ziel f\u00fchrte wieder \u00fcber einige Schotterpisten. Da ich mich nicht auf den gro\u00dfen Touristenrouten bewegen, sondern Land und Leute kennen lernen wollte, hatte ich mir f\u00fcr die Tour ein Allradfahrzeug gemietet. Ab und zu musste ich mir enge Schotterpiste mit K\u00fchen, Pferden und &#8222;Cowboys&#8220; (nein, hier hei\u00dfen sie Gouchos) teilen.<br \/>\n<a href=\"http:\/\/blog.meineigenerweg.de\/wp-content\/uploads\/2014\/01\/CR_07_05140.jpg\"><img loading=\"lazy\" decoding=\"async\" class=\"alignnone size-medium wp-image-3500\" src=\"http:\/\/blog.meineigenerweg.de\/wp-content\/uploads\/2014\/01\/CR_07_05140-300x201.jpg\" alt=\"CR_07_05140\" width=\"300\" height=\"201\" srcset=\"http:\/\/blog.meineigenerweg.de\/wp-content\/uploads\/2014\/01\/CR_07_05140-300x201.jpg 300w, http:\/\/blog.meineigenerweg.de\/wp-content\/uploads\/2014\/01\/CR_07_05140.jpg 1000w\" sizes=\"auto, (max-width: 300px) 100vw, 300px\" \/><\/a><br \/>\nSchon von weitem konnte ich ihn erkennen, den st\u00e4ndig rauchenden Gipfel in Wolken, den Vulcan Arenal.<br \/>\n<a href=\"http:\/\/blog.meineigenerweg.de\/wp-content\/uploads\/2014\/01\/CR_07_05108.jpg\"><img loading=\"lazy\" decoding=\"async\" class=\"alignnone size-medium wp-image-3499\" src=\"http:\/\/blog.meineigenerweg.de\/wp-content\/uploads\/2014\/01\/CR_07_05108-300x201.jpg\" alt=\"CR_07_05108\" width=\"300\" height=\"201\" srcset=\"http:\/\/blog.meineigenerweg.de\/wp-content\/uploads\/2014\/01\/CR_07_05108-300x201.jpg 300w, http:\/\/blog.meineigenerweg.de\/wp-content\/uploads\/2014\/01\/CR_07_05108.jpg 1000w\" sizes=\"auto, (max-width: 300px) 100vw, 300px\" \/><\/a><br \/>\nDa der Vulkan in einem Nationalpark liegt, hatte ich mir ein Hotel am Rande des Parks ausgesucht mit toller Aussicht auf den Arenal.<br \/>\n<a href=\"http:\/\/blog.meineigenerweg.de\/wp-content\/uploads\/2014\/01\/CR_07_05261.jpg\"><img loading=\"lazy\" decoding=\"async\" class=\"alignnone size-medium wp-image-3501\" src=\"http:\/\/blog.meineigenerweg.de\/wp-content\/uploads\/2014\/01\/CR_07_05261-300x201.jpg\" alt=\"CR_07_05261\" width=\"300\" height=\"201\" srcset=\"http:\/\/blog.meineigenerweg.de\/wp-content\/uploads\/2014\/01\/CR_07_05261-300x201.jpg 300w, http:\/\/blog.meineigenerweg.de\/wp-content\/uploads\/2014\/01\/CR_07_05261.jpg 1000w\" sizes=\"auto, (max-width: 300px) 100vw, 300px\" \/><\/a><br \/>\n\u00dcbrigens gibt es sehr viele und interessante kleine Krabbeltiere, das hier scheint gerade zu versuchen, eine Banane auszusaugen.<br \/>\n<a href=\"http:\/\/blog.meineigenerweg.de\/wp-content\/uploads\/2014\/01\/CR_07_05285.jpg\"><img loading=\"lazy\" decoding=\"async\" class=\"alignnone size-medium wp-image-3506\" src=\"http:\/\/blog.meineigenerweg.de\/wp-content\/uploads\/2014\/01\/CR_07_05285-300x201.jpg\" alt=\"CR_07_05285\" width=\"300\" height=\"201\" srcset=\"http:\/\/blog.meineigenerweg.de\/wp-content\/uploads\/2014\/01\/CR_07_05285-300x201.jpg 300w, http:\/\/blog.meineigenerweg.de\/wp-content\/uploads\/2014\/01\/CR_07_05285.jpg 1000w\" sizes=\"auto, (max-width: 300px) 100vw, 300px\" \/><\/a>l<\/p>\n<p>Viele Tucane habe ich auf meiner Tour nicht zu sehen bekommen, daf\u00fcr war dieser mit seinem gro\u00dfen, bunten Schnabel ein besonders sch\u00f6nes Exemplar.<br \/>\n<a href=\"http:\/\/blog.meineigenerweg.de\/wp-content\/uploads\/2014\/01\/CR_07_05109.jpg\"><img loading=\"lazy\" decoding=\"async\" class=\"alignnone size-medium wp-image-3507\" src=\"http:\/\/blog.meineigenerweg.de\/wp-content\/uploads\/2014\/01\/CR_07_05109-300x207.jpg\" alt=\"CR_07_05109\" width=\"300\" height=\"207\" srcset=\"http:\/\/blog.meineigenerweg.de\/wp-content\/uploads\/2014\/01\/CR_07_05109-300x207.jpg 300w, http:\/\/blog.meineigenerweg.de\/wp-content\/uploads\/2014\/01\/CR_07_05109.jpg 1000w\" sizes=\"auto, (max-width: 300px) 100vw, 300px\" \/><\/a><\/p>\n<p>Direkt am Fu\u00dfe des Vulkans liegt der Arenalsee, ein herrlich warmer See, in dem man auch bei tr\u00fcben Wetter schwimmen oder Boot fahren kann.<br \/>\n<a href=\"http:\/\/blog.meineigenerweg.de\/wp-content\/uploads\/2014\/01\/CR_07_05083.jpg\"><img loading=\"lazy\" decoding=\"async\" class=\"alignnone size-medium wp-image-3502\" src=\"http:\/\/blog.meineigenerweg.de\/wp-content\/uploads\/2014\/01\/CR_07_05083-300x201.jpg\" alt=\"CR_07_05083\" width=\"300\" height=\"201\" srcset=\"http:\/\/blog.meineigenerweg.de\/wp-content\/uploads\/2014\/01\/CR_07_05083-300x201.jpg 300w, http:\/\/blog.meineigenerweg.de\/wp-content\/uploads\/2014\/01\/CR_07_05083.jpg 1000w\" sizes=\"auto, (max-width: 300px) 100vw, 300px\" \/><\/a><br \/>\nInnerhalb des Nationalparks gibt es einen wundersch\u00f6n Wasserfall (wo bleibt Tarzan?)<br \/>\n<a href=\"http:\/\/blog.meineigenerweg.de\/wp-content\/uploads\/2014\/01\/CR_07_05111.jpg\"><img loading=\"lazy\" decoding=\"async\" class=\"alignnone size-medium wp-image-3504\" src=\"http:\/\/blog.meineigenerweg.de\/wp-content\/uploads\/2014\/01\/CR_07_05111-300x201.jpg\" alt=\"CR_07_05111\" width=\"300\" height=\"201\" srcset=\"http:\/\/blog.meineigenerweg.de\/wp-content\/uploads\/2014\/01\/CR_07_05111-300x201.jpg 300w, http:\/\/blog.meineigenerweg.de\/wp-content\/uploads\/2014\/01\/CR_07_05111.jpg 1000w\" sizes=\"auto, (max-width: 300px) 100vw, 300px\" \/><\/a><br \/>\nund wider Erwarten war das Wasser so angenehm warm, das sogar ich schwimmen gegangen bin.<br \/>\n<img loading=\"lazy\" decoding=\"async\" class=\"alignnone size-medium wp-image-3505\" src=\"http:\/\/blog.meineigenerweg.de\/wp-content\/uploads\/2014\/01\/CR_07_05121-201x300.jpg\" alt=\"CR_07_05121\" width=\"201\" height=\"300\" srcset=\"http:\/\/blog.meineigenerweg.de\/wp-content\/uploads\/2014\/01\/CR_07_05121-201x300.jpg 201w, http:\/\/blog.meineigenerweg.de\/wp-content\/uploads\/2014\/01\/CR_07_05121.jpg 669w\" sizes=\"auto, (max-width: 201px) 100vw, 201px\" \/><\/p>\n<p>Zum Abendessen gab es etwas besonderes, leckere Steaks vom Grill und als spektakul\u00e4res Rahmenprogramm Grummeln, Rumoren und rotgl\u00fchende Lavastr\u00f6me.<br \/>\n<a href=\"http:\/\/blog.meineigenerweg.de\/wp-content\/uploads\/2014\/01\/CR_07_05240.jpg\"><img loading=\"lazy\" decoding=\"async\" class=\"alignnone size-medium wp-image-3509\" src=\"http:\/\/blog.meineigenerweg.de\/wp-content\/uploads\/2014\/01\/CR_07_05240-300x201.jpg\" alt=\"CR_07_05240\" width=\"300\" height=\"201\" srcset=\"http:\/\/blog.meineigenerweg.de\/wp-content\/uploads\/2014\/01\/CR_07_05240-300x201.jpg 300w, http:\/\/blog.meineigenerweg.de\/wp-content\/uploads\/2014\/01\/CR_07_05240.jpg 1000w\" sizes=\"auto, (max-width: 300px) 100vw, 300px\" \/><\/a><\/p>\n<p>&nbsp;<\/p>\n<p style=\"text-align: left;\">&gt;&gt;&gt;&gt;&gt; hier geht es weiter &lt;&lt;&lt;&lt;&lt;<!--nextpage--><\/p>\n<h6>Monteverde<\/h6>\n<p>Die Weiterfahrt f\u00fchrte am Ufer des Arenalsee entlang. Ich musste immer wieder anhalten um die wundersch\u00f6ne Landschaft zu bewundern<br \/>\n<a href=\"http:\/\/blog.meineigenerweg.de\/wp-content\/uploads\/2014\/01\/CR_07_06122.jpg\"><img loading=\"lazy\" decoding=\"async\" class=\"alignnone size-medium wp-image-3513\" src=\"http:\/\/blog.meineigenerweg.de\/wp-content\/uploads\/2014\/01\/CR_07_06122-300x201.jpg\" alt=\"CR_07_06122\" width=\"300\" height=\"201\" srcset=\"http:\/\/blog.meineigenerweg.de\/wp-content\/uploads\/2014\/01\/CR_07_06122-300x201.jpg 300w, http:\/\/blog.meineigenerweg.de\/wp-content\/uploads\/2014\/01\/CR_07_06122.jpg 1000w\" sizes=\"auto, (max-width: 300px) 100vw, 300px\" \/><\/a>\u00a0<a href=\"http:\/\/blog.meineigenerweg.de\/wp-content\/uploads\/2014\/01\/CR_07_06133.jpg\"><img loading=\"lazy\" decoding=\"async\" class=\"alignnone size-medium wp-image-3517\" src=\"http:\/\/blog.meineigenerweg.de\/wp-content\/uploads\/2014\/01\/CR_07_06133-300x201.jpg\" alt=\"CR_07_06133\" width=\"300\" height=\"201\" srcset=\"http:\/\/blog.meineigenerweg.de\/wp-content\/uploads\/2014\/01\/CR_07_06133-300x201.jpg 300w, http:\/\/blog.meineigenerweg.de\/wp-content\/uploads\/2014\/01\/CR_07_06133.jpg 1000w\" sizes=\"auto, (max-width: 300px) 100vw, 300px\" \/><\/a><br \/>\noder um einen Ameisenb\u00e4r oder einen Nasenb\u00e4r am Wegesrand zu beobachten.<br \/>\n<a href=\"http:\/\/blog.meineigenerweg.de\/wp-content\/uploads\/2014\/01\/CR_07_06120.jpg\"><img loading=\"lazy\" decoding=\"async\" class=\"alignnone size-medium wp-image-3514\" src=\"http:\/\/blog.meineigenerweg.de\/wp-content\/uploads\/2014\/01\/CR_07_06120-300x201.jpg\" alt=\"CR_07_06120\" width=\"300\" height=\"201\" srcset=\"http:\/\/blog.meineigenerweg.de\/wp-content\/uploads\/2014\/01\/CR_07_06120-300x201.jpg 300w, http:\/\/blog.meineigenerweg.de\/wp-content\/uploads\/2014\/01\/CR_07_06120.jpg 1000w\" sizes=\"auto, (max-width: 300px) 100vw, 300px\" \/><\/a>\u00a0<a href=\"http:\/\/blog.meineigenerweg.de\/wp-content\/uploads\/2014\/01\/CR_07_061301.jpg\"><img loading=\"lazy\" decoding=\"async\" class=\"alignnone size-medium wp-image-3516\" src=\"http:\/\/blog.meineigenerweg.de\/wp-content\/uploads\/2014\/01\/CR_07_061301-300x201.jpg\" alt=\"CR_07_06130\" width=\"300\" height=\"201\" srcset=\"http:\/\/blog.meineigenerweg.de\/wp-content\/uploads\/2014\/01\/CR_07_061301-300x201.jpg 300w, http:\/\/blog.meineigenerweg.de\/wp-content\/uploads\/2014\/01\/CR_07_061301.jpg 1000w\" sizes=\"auto, (max-width: 300px) 100vw, 300px\" \/><\/a><br \/>\nDaran konnte ich einfach nicht vorbeifahren. Den Zuckerrohrsaft konnte ich selbst frisch pressen, er schmeckt s\u00fcss und grasig.\u00a0Die Forellen wurden frisch aus dem Teich geholt, riesig und sehr lecker!<br \/>\n<a href=\"http:\/\/blog.meineigenerweg.de\/wp-content\/uploads\/2014\/01\/CR_07_06198.jpg\"><img loading=\"lazy\" decoding=\"async\" class=\"alignnone size-medium wp-image-3519\" src=\"http:\/\/blog.meineigenerweg.de\/wp-content\/uploads\/2014\/01\/CR_07_06198-300x201.jpg\" alt=\"CR_07_06198\" width=\"300\" height=\"201\" srcset=\"http:\/\/blog.meineigenerweg.de\/wp-content\/uploads\/2014\/01\/CR_07_06198-300x201.jpg 300w, http:\/\/blog.meineigenerweg.de\/wp-content\/uploads\/2014\/01\/CR_07_06198.jpg 1000w\" sizes=\"auto, (max-width: 300px) 100vw, 300px\" \/><\/a>\u00a0<a href=\"http:\/\/blog.meineigenerweg.de\/wp-content\/uploads\/2014\/01\/CR_07_06187.jpg\"><img loading=\"lazy\" decoding=\"async\" class=\"alignnone size-medium wp-image-3518\" src=\"http:\/\/blog.meineigenerweg.de\/wp-content\/uploads\/2014\/01\/CR_07_06187-300x201.jpg\" alt=\"CR_07_06187\" width=\"300\" height=\"201\" srcset=\"http:\/\/blog.meineigenerweg.de\/wp-content\/uploads\/2014\/01\/CR_07_06187-300x201.jpg 300w, http:\/\/blog.meineigenerweg.de\/wp-content\/uploads\/2014\/01\/CR_07_06187.jpg 1000w\" sizes=\"auto, (max-width: 300px) 100vw, 300px\" \/><\/a><br \/>\nDas Hotel machte seinem Name &#8222;Swiss Hotel&#8220; alle\u00a0Ehre,\u00a0das\u00a0Inhaberehepaar sprach Schweizerdeutsch und in den rustikalen\u00a0Zimmern hingen Bilder vom Matterhorn und dem Genfer See. Die Zimmer waren in kleinen\u00a0Bungalows\u00a0in einem Park voller bl\u00fchender Blumen, B\u00e4umen und Bananenpalmen verteilt.<br \/>\n<a href=\"http:\/\/blog.meineigenerweg.de\/wp-content\/uploads\/2014\/01\/CR_07_06455.jpg\"><img loading=\"lazy\" decoding=\"async\" class=\"alignnone size-medium wp-image-3522\" src=\"http:\/\/blog.meineigenerweg.de\/wp-content\/uploads\/2014\/01\/CR_07_06455-300x225.jpg\" alt=\"CR_07_06455\" width=\"300\" height=\"225\" srcset=\"http:\/\/blog.meineigenerweg.de\/wp-content\/uploads\/2014\/01\/CR_07_06455-300x225.jpg 300w, http:\/\/blog.meineigenerweg.de\/wp-content\/uploads\/2014\/01\/CR_07_06455.jpg 1000w\" sizes=\"auto, (max-width: 300px) 100vw, 300px\" \/><\/a>\u00a0<a href=\"http:\/\/blog.meineigenerweg.de\/wp-content\/uploads\/2014\/01\/CR_07_06214.jpg\"><img loading=\"lazy\" decoding=\"async\" class=\"alignnone size-medium wp-image-3521\" src=\"http:\/\/blog.meineigenerweg.de\/wp-content\/uploads\/2014\/01\/CR_07_06214-300x225.jpg\" alt=\"CR_07_06214\" width=\"300\" height=\"225\" srcset=\"http:\/\/blog.meineigenerweg.de\/wp-content\/uploads\/2014\/01\/CR_07_06214-300x225.jpg 300w, http:\/\/blog.meineigenerweg.de\/wp-content\/uploads\/2014\/01\/CR_07_06214.jpg 1000w\" sizes=\"auto, (max-width: 300px) 100vw, 300px\" \/><\/a><\/p>\n<p>Bei der Planung einer solchen Tour muss man sich auch ein bisschen \u00fcber die <span style=\"color: #0000ff;\"><a href=\" http:\/\/reisezeit-costa-rica.de\/klima-costa-rica\/\" target=\"_blank\" rel=\"noopener noreferrer\"><span style=\"color: #0000ff;\"><span style=\"text-decoration: underline;\">Jahreszeiten<\/span><\/span><\/a><\/span> vor Ort im Klaren sein. Aufgrund seiner geografischen Lage zwischen Pazifischem Ozean und Karibik und dazwischen Regenwald und Gebirge, gibt es unterschiedliche Klimazonen und somit auch keine optimale Reisezeit f\u00fcr eine Rundreise.\u00a0Aufgrund der Schulferien\u00a0war ich\u00a0von Mitte Juli bis Anfang August dort, das entsprach hier im Landesinneren ungef\u00e4hr dem Sp\u00e4therbst. Das war nicht weiter schlimm, es\u00a0hat mitunter geregnet aber eigentlich war es immer noch T-Shirt-Wetter. Aber\u00a0es ist wie bei uns zu Hause, im Sp\u00e4therbst\u00a0ziehen die V\u00f6gel in\u00a0w\u00e4rmere Gegenden. Genauso war es hier, sodass der Tree-Top-Walk sehr\u00a0interessant war, aber die Scharen von V\u00f6geln, die normalerweise die Baumwipfel bev\u00f6lkerten, habe ich vergeblich gesucht.<br \/>\nHoch \u00fcber den Wipfeln des Regenwaldes f\u00fchren H\u00e4ngebr\u00fccken und Stege her.<br \/>\n<a href=\"http:\/\/blog.meineigenerweg.de\/wp-content\/uploads\/2014\/01\/CR_07_06272.jpg\"><img loading=\"lazy\" decoding=\"async\" class=\"alignnone size-medium wp-image-3524\" src=\"http:\/\/blog.meineigenerweg.de\/wp-content\/uploads\/2014\/01\/CR_07_06272-300x201.jpg\" alt=\"CR_07_06272\" width=\"300\" height=\"201\" srcset=\"http:\/\/blog.meineigenerweg.de\/wp-content\/uploads\/2014\/01\/CR_07_06272-300x201.jpg 300w, http:\/\/blog.meineigenerweg.de\/wp-content\/uploads\/2014\/01\/CR_07_06272.jpg 1000w\" sizes=\"auto, (max-width: 300px) 100vw, 300px\" \/><\/a> <a href=\"http:\/\/blog.meineigenerweg.de\/wp-content\/uploads\/2014\/01\/CR_07_06302.jpg\"><img loading=\"lazy\" decoding=\"async\" class=\"alignnone size-medium wp-image-3525\" src=\"http:\/\/blog.meineigenerweg.de\/wp-content\/uploads\/2014\/01\/CR_07_06302-300x201.jpg\" alt=\"CR_07_06302\" width=\"300\" height=\"201\" srcset=\"http:\/\/blog.meineigenerweg.de\/wp-content\/uploads\/2014\/01\/CR_07_06302-300x201.jpg 300w, http:\/\/blog.meineigenerweg.de\/wp-content\/uploads\/2014\/01\/CR_07_06302.jpg 1000w\" sizes=\"auto, (max-width: 300px) 100vw, 300px\" \/><\/a><br \/>\nSehr gef\u00e4hrlich, entweder wollten die Aliens nach mir greifen oder mich knutschen.<br \/>\n<a href=\"http:\/\/blog.meineigenerweg.de\/wp-content\/uploads\/2014\/01\/CR_07_06253.jpg\"><img loading=\"lazy\" decoding=\"async\" class=\"alignnone size-medium wp-image-3526\" src=\"http:\/\/blog.meineigenerweg.de\/wp-content\/uploads\/2014\/01\/CR_07_06253-300x225.jpg\" alt=\"CR_07_06253\" width=\"300\" height=\"225\" srcset=\"http:\/\/blog.meineigenerweg.de\/wp-content\/uploads\/2014\/01\/CR_07_06253-300x225.jpg 300w, http:\/\/blog.meineigenerweg.de\/wp-content\/uploads\/2014\/01\/CR_07_06253.jpg 1000w\" sizes=\"auto, (max-width: 300px) 100vw, 300px\" \/><\/a> <a href=\"http:\/\/blog.meineigenerweg.de\/wp-content\/uploads\/2014\/01\/CR_07_06291.jpg\"><img loading=\"lazy\" decoding=\"async\" class=\"alignnone size-medium wp-image-3527\" src=\"http:\/\/blog.meineigenerweg.de\/wp-content\/uploads\/2014\/01\/CR_07_06291-300x225.jpg\" alt=\"CR_07_06291\" width=\"300\" height=\"225\" srcset=\"http:\/\/blog.meineigenerweg.de\/wp-content\/uploads\/2014\/01\/CR_07_06291-300x225.jpg 300w, http:\/\/blog.meineigenerweg.de\/wp-content\/uploads\/2014\/01\/CR_07_06291.jpg 1000w\" sizes=\"auto, (max-width: 300px) 100vw, 300px\" \/><\/a><br \/>\nSehr filigrane, fast durchsichtige\u00a0Wesen und seltsame Fr\u00fcchte<br \/>\n<a href=\"http:\/\/blog.meineigenerweg.de\/wp-content\/uploads\/2014\/01\/CR_07_06343.jpg\"><img loading=\"lazy\" decoding=\"async\" class=\"alignnone size-medium wp-image-3528\" src=\"http:\/\/blog.meineigenerweg.de\/wp-content\/uploads\/2014\/01\/CR_07_06343-300x201.jpg\" alt=\"CR_07_06343\" width=\"300\" height=\"201\" srcset=\"http:\/\/blog.meineigenerweg.de\/wp-content\/uploads\/2014\/01\/CR_07_06343-300x201.jpg 300w, http:\/\/blog.meineigenerweg.de\/wp-content\/uploads\/2014\/01\/CR_07_06343.jpg 1000w\" sizes=\"auto, (max-width: 300px) 100vw, 300px\" \/><\/a>\u00a0<a href=\"http:\/\/blog.meineigenerweg.de\/wp-content\/uploads\/2014\/01\/CR_07_063451.jpg\"><img loading=\"lazy\" decoding=\"async\" class=\"alignnone size-medium wp-image-3530\" src=\"http:\/\/blog.meineigenerweg.de\/wp-content\/uploads\/2014\/01\/CR_07_063451-300x201.jpg\" alt=\"CR_07_06345\" width=\"300\" height=\"201\" srcset=\"http:\/\/blog.meineigenerweg.de\/wp-content\/uploads\/2014\/01\/CR_07_063451-300x201.jpg 300w, http:\/\/blog.meineigenerweg.de\/wp-content\/uploads\/2014\/01\/CR_07_063451.jpg 1000w\" sizes=\"auto, (max-width: 300px) 100vw, 300px\" \/><\/a><\/p>\n<p>Ein Highlight in Monteverde\u00a0waren die Canopy-Touren. Canopy ist eigentlich nichts anderes, als man es von Kinderspielpl\u00e4tzen kenn, eine Seilrutschbahn. Hier sind die Stahlseile allerdings zwischen den Baumwipfeln gespannt und f\u00fchren in luftiger H\u00f6he \u00fcber den Regenwald. Von Baum zu Baum, mal 30 Meter mal 150 Meter lang, mit mehrmaligem Umsteigen, vom Gipfel bis ins Tal. Wir sind eine Stunde lang mit offenen Jeeps den Berg hinaufgefahren und dann ging es \u00fcber eineinhalb Stunden wieder\u00a0bergab.<br \/>\n<a href=\"http:\/\/blog.meineigenerweg.de\/wp-content\/uploads\/2014\/01\/CR_07_06399.jpg\"><img loading=\"lazy\" decoding=\"async\" class=\"alignnone size-medium wp-image-3533\" src=\"http:\/\/blog.meineigenerweg.de\/wp-content\/uploads\/2014\/01\/CR_07_06399-300x225.jpg\" alt=\"CR_07_06399\" width=\"300\" height=\"225\" srcset=\"http:\/\/blog.meineigenerweg.de\/wp-content\/uploads\/2014\/01\/CR_07_06399-300x225.jpg 300w, http:\/\/blog.meineigenerweg.de\/wp-content\/uploads\/2014\/01\/CR_07_06399.jpg 1000w\" sizes=\"auto, (max-width: 300px) 100vw, 300px\" \/><\/a><br \/>\nZuerst gab es nat\u00fcrlich einen Klettergurt, einen Schutzhelm und dicke Lederhandschuhe zum Bremsen. Dann bin ich \u00fcber eine schmale Leiter, durch einen Guide gesichert, in den Baumwipfel hochgeklettert. Auf einer schmalen Plattform stehend, habe ich mich dann in das Seil eingeklinkt<br \/>\n<a href=\"http:\/\/blog.meineigenerweg.de\/wp-content\/uploads\/2014\/01\/CR_07_05159.jpg\"><img loading=\"lazy\" decoding=\"async\" class=\"alignnone size-medium wp-image-3534\" src=\"http:\/\/blog.meineigenerweg.de\/wp-content\/uploads\/2014\/01\/CR_07_05159-300x225.jpg\" alt=\"CR_07_05159\" width=\"300\" height=\"225\" srcset=\"http:\/\/blog.meineigenerweg.de\/wp-content\/uploads\/2014\/01\/CR_07_05159-300x225.jpg 300w, http:\/\/blog.meineigenerweg.de\/wp-content\/uploads\/2014\/01\/CR_07_05159.jpg 1000w\" sizes=\"auto, (max-width: 300px) 100vw, 300px\" \/><\/a><br \/>\nund schon ging die wilde Fahr los.<br \/>\nEin Wahnsinnserlebnis.<\/p>\n<p>&nbsp;<\/p>\n<p style=\"text-align: left;\">&gt;&gt;&gt;&gt;&gt; hier geht es weiter &lt;&lt;&lt;&lt;&lt;<!--nextpage--><\/p>\n<h6>Ricon de la Vieja<\/h6>\n<p>Vorbei an gro\u00dfen Kuhherden und d\u00f6rflichen Milchkannen<br \/>\n<a href=\"http:\/\/blog.meineigenerweg.de\/wp-content\/uploads\/2014\/01\/CR_07_07009.jpg\"><img loading=\"lazy\" decoding=\"async\" class=\"alignnone size-medium wp-image-3544\" src=\"http:\/\/blog.meineigenerweg.de\/wp-content\/uploads\/2014\/01\/CR_07_07009-300x201.jpg\" alt=\"CR_07_07009\" width=\"300\" height=\"201\" srcset=\"http:\/\/blog.meineigenerweg.de\/wp-content\/uploads\/2014\/01\/CR_07_07009-300x201.jpg 300w, http:\/\/blog.meineigenerweg.de\/wp-content\/uploads\/2014\/01\/CR_07_07009.jpg 1000w\" sizes=\"auto, (max-width: 300px) 100vw, 300px\" \/><\/a>\u00a0<a href=\"http:\/\/blog.meineigenerweg.de\/wp-content\/uploads\/2014\/01\/CR_07_07001.jpg\"><img loading=\"lazy\" decoding=\"async\" class=\"alignnone size-medium wp-image-3543\" src=\"http:\/\/blog.meineigenerweg.de\/wp-content\/uploads\/2014\/01\/CR_07_07001-300x201.jpg\" alt=\"CR_07_07001\" width=\"300\" height=\"201\" srcset=\"http:\/\/blog.meineigenerweg.de\/wp-content\/uploads\/2014\/01\/CR_07_07001-300x201.jpg 300w, http:\/\/blog.meineigenerweg.de\/wp-content\/uploads\/2014\/01\/CR_07_07001.jpg 1000w\" sizes=\"auto, (max-width: 300px) 100vw, 300px\" \/><\/a><br \/>\nging es \u00fcber holperige Schotterpisten, vorbei an saftig gr\u00fcnen Wiesen in den Norden von Costa Rica, nahe an die Grenze von Nicaragua.<br \/>\n<a href=\"http:\/\/blog.meineigenerweg.de\/wp-content\/uploads\/2014\/01\/CR_07_07021.jpg\"><img loading=\"lazy\" decoding=\"async\" class=\"alignnone size-medium wp-image-3545\" src=\"http:\/\/blog.meineigenerweg.de\/wp-content\/uploads\/2014\/01\/CR_07_07021-300x201.jpg\" alt=\"CR_07_07021\" width=\"300\" height=\"201\" srcset=\"http:\/\/blog.meineigenerweg.de\/wp-content\/uploads\/2014\/01\/CR_07_07021-300x201.jpg 300w, http:\/\/blog.meineigenerweg.de\/wp-content\/uploads\/2014\/01\/CR_07_07021.jpg 1000w\" sizes=\"auto, (max-width: 300px) 100vw, 300px\" \/><\/a>\u00a0<a href=\"http:\/\/blog.meineigenerweg.de\/wp-content\/uploads\/2014\/01\/CR_07_07002.jpg\"><img loading=\"lazy\" decoding=\"async\" class=\"alignnone size-medium wp-image-3546\" src=\"http:\/\/blog.meineigenerweg.de\/wp-content\/uploads\/2014\/01\/CR_07_07002-300x201.jpg\" alt=\"CR_07_07002\" width=\"300\" height=\"201\" srcset=\"http:\/\/blog.meineigenerweg.de\/wp-content\/uploads\/2014\/01\/CR_07_07002-300x201.jpg 300w, http:\/\/blog.meineigenerweg.de\/wp-content\/uploads\/2014\/01\/CR_07_07002.jpg 1000w\" sizes=\"auto, (max-width: 300px) 100vw, 300px\" \/><\/a><br \/>\nAllein der Name &#8222;Hotel Hacienda Guachipelin Rincon de la Vieja&#8220; klingt nach Pferden und K\u00fchen und Abenteuern. Und genau das war es auch. Begr\u00fc\u00dft wurde ich von exotischen Bl\u00fcten und\u00a0 bunten Paradiesv\u00f6geln.<br \/>\n<a href=\"http:\/\/blog.meineigenerweg.de\/wp-content\/uploads\/2014\/01\/CR_07_07060.jpg\"><img loading=\"lazy\" decoding=\"async\" class=\"alignnone size-medium wp-image-3548\" src=\"http:\/\/blog.meineigenerweg.de\/wp-content\/uploads\/2014\/01\/CR_07_07060-300x201.jpg\" alt=\"CR_07_07060\" width=\"300\" height=\"201\" srcset=\"http:\/\/blog.meineigenerweg.de\/wp-content\/uploads\/2014\/01\/CR_07_07060-300x201.jpg 300w, http:\/\/blog.meineigenerweg.de\/wp-content\/uploads\/2014\/01\/CR_07_07060.jpg 1000w\" sizes=\"auto, (max-width: 300px) 100vw, 300px\" \/><\/a>\u00a0<a href=\"http:\/\/blog.meineigenerweg.de\/wp-content\/uploads\/2014\/01\/CR_07_07045.jpg\"><img loading=\"lazy\" decoding=\"async\" class=\"alignnone size-medium wp-image-3547\" src=\"http:\/\/blog.meineigenerweg.de\/wp-content\/uploads\/2014\/01\/CR_07_07045-300x200.jpg\" alt=\"CR_07_07045\" width=\"300\" height=\"200\" srcset=\"http:\/\/blog.meineigenerweg.de\/wp-content\/uploads\/2014\/01\/CR_07_07045-300x200.jpg 300w, http:\/\/blog.meineigenerweg.de\/wp-content\/uploads\/2014\/01\/CR_07_07045.jpg 1000w\" sizes=\"auto, (max-width: 300px) 100vw, 300px\" \/><\/a><\/p>\n<p>Auch wenn Pferde nicht zu meinen Lieblingsfortbewegungsmitteln geh\u00f6ren, war ein Ausritt durch den Regenwald ein spannendes Erlebnis. Mit einer kleinen Gruppe ging es zwischen aufflatternden bunten Paradiesv\u00f6gel und kreischenden Affen\u00a0in den Baumwipfeln durch dichten Wald mit exotischen B\u00e4umen,\u00a0steile B\u00f6schungen hinunter ins\u00a0Flussbett, durch\u00a0aufspritzendes Wasser und an der anderen Seite wieder hinauf. Daswar wirklich sehr abenteuerlich und ich h\u00e4tte nicht gedacht, auf einem Pferder\u00fccken soviel Spass zu haben. Unser Ziel war ein rei\u00dfender Fluss, der sich sch\u00e4umend zwischen dicken Felsbrocken daher schl\u00e4ngelte. Dort warteten schon dicke, mit Luft gef\u00fcllte Schl\u00e4uche von LKW-Reifen auf uns, auf denen wir durch das wilde Wasser wieder zur\u00fcck zum Hotel schwammen.<br \/>\n<a href=\"http:\/\/blog.meineigenerweg.de\/wp-content\/uploads\/2014\/01\/CR_07_07091.jpg\"><img loading=\"lazy\" decoding=\"async\" class=\"alignnone size-medium wp-image-3552\" src=\"http:\/\/blog.meineigenerweg.de\/wp-content\/uploads\/2014\/01\/CR_07_07091-300x225.jpg\" alt=\"CR_07_07091\" width=\"300\" height=\"225\" srcset=\"http:\/\/blog.meineigenerweg.de\/wp-content\/uploads\/2014\/01\/CR_07_07091-300x225.jpg 300w, http:\/\/blog.meineigenerweg.de\/wp-content\/uploads\/2014\/01\/CR_07_07091.jpg 1000w\" sizes=\"auto, (max-width: 300px) 100vw, 300px\" \/><\/a>\u00a0<a href=\"http:\/\/blog.meineigenerweg.de\/wp-content\/uploads\/2014\/01\/CR_07_07090.jpg\"><img loading=\"lazy\" decoding=\"async\" class=\"alignnone size-medium wp-image-3551\" src=\"http:\/\/blog.meineigenerweg.de\/wp-content\/uploads\/2014\/01\/CR_07_07090-300x225.jpg\" alt=\"CR_07_07090\" width=\"300\" height=\"225\" srcset=\"http:\/\/blog.meineigenerweg.de\/wp-content\/uploads\/2014\/01\/CR_07_07090-300x225.jpg 300w, http:\/\/blog.meineigenerweg.de\/wp-content\/uploads\/2014\/01\/CR_07_07090.jpg 1000w\" sizes=\"auto, (max-width: 300px) 100vw, 300px\" \/><\/a><\/p>\n<p>Das Hotel hatte zwar einen Pool, aber nur ein paar hundert Meter vom Hotel entfernt lag inmitten exotischen Vegetation ein Naturpool mit kristallklarem angenehm warmen Wasser, der durch kleine Wasserf\u00e4lle gespeist wurde.<br \/>\n<a href=\"http:\/\/blog.meineigenerweg.de\/wp-content\/uploads\/2014\/01\/CR_07_07302.jpg\"><img loading=\"lazy\" decoding=\"async\" class=\"alignnone size-medium wp-image-3555\" src=\"http:\/\/blog.meineigenerweg.de\/wp-content\/uploads\/2014\/01\/CR_07_07302-300x225.jpg\" alt=\"CR_07_07302\" width=\"300\" height=\"225\" srcset=\"http:\/\/blog.meineigenerweg.de\/wp-content\/uploads\/2014\/01\/CR_07_07302-300x225.jpg 300w, http:\/\/blog.meineigenerweg.de\/wp-content\/uploads\/2014\/01\/CR_07_07302.jpg 1000w\" sizes=\"auto, (max-width: 300px) 100vw, 300px\" \/><\/a><\/p>\n<p>Vulkanische Aktivit\u00e4ten waren auch hier noch \u00fcberall zu sehen und zu riechen. Ein Rundweg durch den Wald steckte voller \u00dcberraschungen.<br \/>\nLichte Weiden.<br \/>\n<a href=\"http:\/\/blog.meineigenerweg.de\/wp-content\/uploads\/2014\/01\/CR_07_07331.jpg\"><img loading=\"lazy\" decoding=\"async\" class=\"alignnone size-medium wp-image-3556\" src=\"http:\/\/blog.meineigenerweg.de\/wp-content\/uploads\/2014\/01\/CR_07_07331-300x225.jpg\" alt=\"CR_07_07331\" width=\"300\" height=\"225\" srcset=\"http:\/\/blog.meineigenerweg.de\/wp-content\/uploads\/2014\/01\/CR_07_07331-300x225.jpg 300w, http:\/\/blog.meineigenerweg.de\/wp-content\/uploads\/2014\/01\/CR_07_07331.jpg 1000w\" sizes=\"auto, (max-width: 300px) 100vw, 300px\" \/><\/a><br \/>\nDicke Baumst\u00e4mme voller spitzer Dornen.<br \/>\n<a href=\"http:\/\/blog.meineigenerweg.de\/wp-content\/uploads\/2014\/01\/CR_07_07230.jpg\"><img loading=\"lazy\" decoding=\"async\" class=\"alignnone size-medium wp-image-3557\" src=\"http:\/\/blog.meineigenerweg.de\/wp-content\/uploads\/2014\/01\/CR_07_07230-300x201.jpg\" alt=\"CR_07_07230\" width=\"300\" height=\"201\" srcset=\"http:\/\/blog.meineigenerweg.de\/wp-content\/uploads\/2014\/01\/CR_07_07230-300x201.jpg 300w, http:\/\/blog.meineigenerweg.de\/wp-content\/uploads\/2014\/01\/CR_07_07230.jpg 1000w\" sizes=\"auto, (max-width: 300px) 100vw, 300px\" \/><\/a><br \/>\nUngew\u00f6hnliche\u00a0Pilze.<br \/>\n<a href=\"http:\/\/blog.meineigenerweg.de\/wp-content\/uploads\/2014\/01\/CR_07_07231.jpg\"><img loading=\"lazy\" decoding=\"async\" class=\"alignnone size-medium wp-image-3558\" src=\"http:\/\/blog.meineigenerweg.de\/wp-content\/uploads\/2014\/01\/CR_07_07231-300x201.jpg\" alt=\"CR_07_07231\" width=\"300\" height=\"201\" srcset=\"http:\/\/blog.meineigenerweg.de\/wp-content\/uploads\/2014\/01\/CR_07_07231-300x201.jpg 300w, http:\/\/blog.meineigenerweg.de\/wp-content\/uploads\/2014\/01\/CR_07_07231.jpg 1000w\" sizes=\"auto, (max-width: 300px) 100vw, 300px\" \/><\/a>\u00a0<a href=\"http:\/\/blog.meineigenerweg.de\/wp-content\/uploads\/2014\/01\/CR_07_07210.jpg\"><img loading=\"lazy\" decoding=\"async\" class=\"alignnone size-medium wp-image-3561\" src=\"http:\/\/blog.meineigenerweg.de\/wp-content\/uploads\/2014\/01\/CR_07_07210-300x201.jpg\" alt=\"CR_07_07210\" width=\"300\" height=\"201\" srcset=\"http:\/\/blog.meineigenerweg.de\/wp-content\/uploads\/2014\/01\/CR_07_07210-300x201.jpg 300w, http:\/\/blog.meineigenerweg.de\/wp-content\/uploads\/2014\/01\/CR_07_07210.jpg 1000w\" sizes=\"auto, (max-width: 300px) 100vw, 300px\" \/><\/a><br \/>\nBunte Spinnen.<br \/>\n<a href=\"http:\/\/blog.meineigenerweg.de\/wp-content\/uploads\/2014\/01\/CR_07_07154.jpg\"><img loading=\"lazy\" decoding=\"async\" class=\"alignnone size-medium wp-image-3560\" src=\"http:\/\/blog.meineigenerweg.de\/wp-content\/uploads\/2014\/01\/CR_07_07154-300x200.jpg\" alt=\"CR_07_07154\" width=\"300\" height=\"200\" srcset=\"http:\/\/blog.meineigenerweg.de\/wp-content\/uploads\/2014\/01\/CR_07_07154-300x200.jpg 300w, http:\/\/blog.meineigenerweg.de\/wp-content\/uploads\/2014\/01\/CR_07_07154.jpg 1000w\" sizes=\"auto, (max-width: 300px) 100vw, 300px\" \/><\/a><br \/>\nHunderte von Schmetterlingen, die sich auf den warmen Felsen sonnten.<br \/>\n<a href=\"http:\/\/blog.meineigenerweg.de\/wp-content\/uploads\/2014\/01\/CR_07_07298.jpg\"><img loading=\"lazy\" decoding=\"async\" class=\"alignnone size-medium wp-image-3562\" src=\"http:\/\/blog.meineigenerweg.de\/wp-content\/uploads\/2014\/01\/CR_07_07298-300x225.jpg\" alt=\"CR_07_07298\" width=\"300\" height=\"225\" srcset=\"http:\/\/blog.meineigenerweg.de\/wp-content\/uploads\/2014\/01\/CR_07_07298-300x225.jpg 300w, http:\/\/blog.meineigenerweg.de\/wp-content\/uploads\/2014\/01\/CR_07_07298.jpg 1000w\" sizes=\"auto, (max-width: 300px) 100vw, 300px\" \/><\/a>\u00a0<a href=\"http:\/\/blog.meineigenerweg.de\/wp-content\/uploads\/2014\/01\/CR_07_07275x.jpg\"><img loading=\"lazy\" decoding=\"async\" class=\"alignnone size-medium wp-image-3565\" src=\"http:\/\/blog.meineigenerweg.de\/wp-content\/uploads\/2014\/01\/CR_07_07275x-300x226.jpg\" alt=\"CR_07_07275x\" width=\"300\" height=\"226\" srcset=\"http:\/\/blog.meineigenerweg.de\/wp-content\/uploads\/2014\/01\/CR_07_07275x-300x226.jpg 300w, http:\/\/blog.meineigenerweg.de\/wp-content\/uploads\/2014\/01\/CR_07_07275x.jpg 1000w\" sizes=\"auto, (max-width: 300px) 100vw, 300px\" \/><\/a><br \/>\nGro\u00dfe Echsen.<br \/>\n<a href=\"http:\/\/blog.meineigenerweg.de\/wp-content\/uploads\/2014\/01\/CR_07_07256.jpg\"><img loading=\"lazy\" decoding=\"async\" class=\"alignnone size-medium wp-image-3566\" src=\"http:\/\/blog.meineigenerweg.de\/wp-content\/uploads\/2014\/01\/CR_07_07256-300x225.jpg\" alt=\"CR_07_07256\" width=\"300\" height=\"225\" srcset=\"http:\/\/blog.meineigenerweg.de\/wp-content\/uploads\/2014\/01\/CR_07_07256-300x225.jpg 300w, http:\/\/blog.meineigenerweg.de\/wp-content\/uploads\/2014\/01\/CR_07_07256.jpg 1000w\" sizes=\"auto, (max-width: 300px) 100vw, 300px\" \/><\/a><br \/>\nFiligrane Mimosen, die sich schon auf sanfte Ber\u00fchrungen hin zusammenziehen.<br \/>\n<a href=\"http:\/\/blog.meineigenerweg.de\/wp-content\/uploads\/2014\/01\/CR_07_07270.jpg\"><img loading=\"lazy\" decoding=\"async\" class=\"alignnone size-medium wp-image-3567\" src=\"http:\/\/blog.meineigenerweg.de\/wp-content\/uploads\/2014\/01\/CR_07_07270-300x226.jpg\" alt=\"CR_07_07270\" width=\"300\" height=\"226\" srcset=\"http:\/\/blog.meineigenerweg.de\/wp-content\/uploads\/2014\/01\/CR_07_07270-300x226.jpg 300w, http:\/\/blog.meineigenerweg.de\/wp-content\/uploads\/2014\/01\/CR_07_07270.jpg 1000w\" sizes=\"auto, (max-width: 300px) 100vw, 300px\" \/><\/a><br \/>\nRauschend Wasserf\u00e4lle.<br \/>\n<a href=\"http:\/\/blog.meineigenerweg.de\/wp-content\/uploads\/2014\/01\/CR_07_07199.jpg\"><img loading=\"lazy\" decoding=\"async\" class=\"alignnone size-medium wp-image-3568\" src=\"http:\/\/blog.meineigenerweg.de\/wp-content\/uploads\/2014\/01\/CR_07_07199-300x201.jpg\" alt=\"CR_07_07199\" width=\"300\" height=\"201\" srcset=\"http:\/\/blog.meineigenerweg.de\/wp-content\/uploads\/2014\/01\/CR_07_07199-300x201.jpg 300w, http:\/\/blog.meineigenerweg.de\/wp-content\/uploads\/2014\/01\/CR_07_07199.jpg 1000w\" sizes=\"auto, (max-width: 300px) 100vw, 300px\" \/><\/a> <a href=\"http:\/\/blog.meineigenerweg.de\/wp-content\/uploads\/2014\/01\/CR_07_07202.jpg\"><img loading=\"lazy\" decoding=\"async\" class=\"alignnone size-medium wp-image-3569\" src=\"http:\/\/blog.meineigenerweg.de\/wp-content\/uploads\/2014\/01\/CR_07_07202-300x201.jpg\" alt=\"CR_07_07202\" width=\"300\" height=\"201\" srcset=\"http:\/\/blog.meineigenerweg.de\/wp-content\/uploads\/2014\/01\/CR_07_07202-300x201.jpg 300w, http:\/\/blog.meineigenerweg.de\/wp-content\/uploads\/2014\/01\/CR_07_07202.jpg 1000w\" sizes=\"auto, (max-width: 300px) 100vw, 300px\" \/><\/a><br \/>\n\u00dcbel riechende Schwefeld\u00e4mpfe, sprudelnd hei\u00dfe Quellen und blubbernde Schlamml\u00f6cher.<br \/>\n<a href=\"http:\/\/blog.meineigenerweg.de\/wp-content\/uploads\/2014\/01\/CR_07_07216.jpg\"><img loading=\"lazy\" decoding=\"async\" class=\"alignnone size-medium wp-image-3572\" src=\"http:\/\/blog.meineigenerweg.de\/wp-content\/uploads\/2014\/01\/CR_07_07216-300x201.jpg\" alt=\"CR_07_07216\" width=\"300\" height=\"201\" srcset=\"http:\/\/blog.meineigenerweg.de\/wp-content\/uploads\/2014\/01\/CR_07_07216-300x201.jpg 300w, http:\/\/blog.meineigenerweg.de\/wp-content\/uploads\/2014\/01\/CR_07_07216.jpg 1000w\" sizes=\"auto, (max-width: 300px) 100vw, 300px\" \/><\/a><br \/>\n<a href=\"http:\/\/blog.meineigenerweg.de\/wp-content\/uploads\/2014\/01\/CR_07_07211.jpg\"><img loading=\"lazy\" decoding=\"async\" class=\"alignnone size-medium wp-image-3570\" src=\"http:\/\/blog.meineigenerweg.de\/wp-content\/uploads\/2014\/01\/CR_07_07211-300x201.jpg\" alt=\"CR_07_07211\" width=\"300\" height=\"201\" srcset=\"http:\/\/blog.meineigenerweg.de\/wp-content\/uploads\/2014\/01\/CR_07_07211-300x201.jpg 300w, http:\/\/blog.meineigenerweg.de\/wp-content\/uploads\/2014\/01\/CR_07_07211.jpg 1000w\" sizes=\"auto, (max-width: 300px) 100vw, 300px\" \/><\/a> <a href=\"http:\/\/blog.meineigenerweg.de\/wp-content\/uploads\/2014\/01\/CR_07_07213.jpg\"><img loading=\"lazy\" decoding=\"async\" class=\"alignnone size-medium wp-image-3571\" src=\"http:\/\/blog.meineigenerweg.de\/wp-content\/uploads\/2014\/01\/CR_07_07213-300x201.jpg\" alt=\"CR_07_07213\" width=\"300\" height=\"201\" srcset=\"http:\/\/blog.meineigenerweg.de\/wp-content\/uploads\/2014\/01\/CR_07_07213-300x201.jpg 300w, http:\/\/blog.meineigenerweg.de\/wp-content\/uploads\/2014\/01\/CR_07_07213.jpg 1000w\" sizes=\"auto, (max-width: 300px) 100vw, 300px\" \/><\/a><a href=\"http:\/\/blog.meineigenerweg.de\/wp-content\/uploads\/2014\/01\/CR_07_07225.jpg\"><img loading=\"lazy\" decoding=\"async\" class=\"alignnone size-medium wp-image-3573\" src=\"http:\/\/blog.meineigenerweg.de\/wp-content\/uploads\/2014\/01\/CR_07_07225-300x201.jpg\" alt=\"CR_07_07225\" width=\"300\" height=\"201\" srcset=\"http:\/\/blog.meineigenerweg.de\/wp-content\/uploads\/2014\/01\/CR_07_07225-300x201.jpg 300w, http:\/\/blog.meineigenerweg.de\/wp-content\/uploads\/2014\/01\/CR_07_07225.jpg 1000w\" sizes=\"auto, (max-width: 300px) 100vw, 300px\" \/><\/a>\u00a0<a href=\"http:\/\/blog.meineigenerweg.de\/wp-content\/uploads\/2014\/01\/CR_07_07255.jpg\"><img loading=\"lazy\" decoding=\"async\" class=\"alignnone size-medium wp-image-3575\" src=\"http:\/\/blog.meineigenerweg.de\/wp-content\/uploads\/2014\/01\/CR_07_07255-300x201.jpg\" alt=\"CR_07_07255\" width=\"300\" height=\"201\" srcset=\"http:\/\/blog.meineigenerweg.de\/wp-content\/uploads\/2014\/01\/CR_07_07255-300x201.jpg 300w, http:\/\/blog.meineigenerweg.de\/wp-content\/uploads\/2014\/01\/CR_07_07255.jpg 1000w\" sizes=\"auto, (max-width: 300px) 100vw, 300px\" \/><\/a><\/p>\n<p>&nbsp;<\/p>\n<p style=\"text-align: left;\">&gt;&gt;&gt;&gt;&gt; hier geht es weiter &lt;&lt;&lt;&lt;&lt;<!--nextpage--><\/p>\n<h6>Tamarindo<\/h6>\n<p>Nach zwei Wochen erlebnisreicher Rundfahrt, g\u00f6nnte ich mir noch eine Woche Entspannung und Faulenzen\u00a0am Pazifischen Ozean.<\/p>\n<p>Tamarindo war kein mond\u00e4ner Ferienort, sondern eher &#8222;landestypisch&#8220;, die Strassen bestehen z.B. aus festgefahrenem Lehm, aber es gab eine Handvoll netter kleiner Restaurants und auch ein paar L\u00e4den, die Dinge anboten, die Touristen unbedingt brauchten.<br \/>\n<a href=\"http:\/\/blog.meineigenerweg.de\/wp-content\/uploads\/2014\/01\/CR_07_08046.jpg\"><img loading=\"lazy\" decoding=\"async\" class=\"alignnone size-medium wp-image-3577\" src=\"http:\/\/blog.meineigenerweg.de\/wp-content\/uploads\/2014\/01\/CR_07_08046-300x225.jpg\" alt=\"CR_07_08046\" width=\"300\" height=\"225\" srcset=\"http:\/\/blog.meineigenerweg.de\/wp-content\/uploads\/2014\/01\/CR_07_08046-300x225.jpg 300w, http:\/\/blog.meineigenerweg.de\/wp-content\/uploads\/2014\/01\/CR_07_08046.jpg 1000w\" sizes=\"auto, (max-width: 300px) 100vw, 300px\" \/><\/a><br \/>\nDie weitl\u00e4ufige Hotelterrasse reichte bis an den feinsandigen Strand und bot tags\u00fcber durch die vielen Palmen angenehmen Schatten und abends romantische Stimmung.<br \/>\n<a href=\"http:\/\/blog.meineigenerweg.de\/wp-content\/uploads\/2014\/01\/CR_07_08031.jpg\"><img loading=\"lazy\" decoding=\"async\" class=\"alignnone size-medium wp-image-3578\" src=\"http:\/\/blog.meineigenerweg.de\/wp-content\/uploads\/2014\/01\/CR_07_08031-300x225.jpg\" alt=\"CR_07_08031\" width=\"300\" height=\"225\" srcset=\"http:\/\/blog.meineigenerweg.de\/wp-content\/uploads\/2014\/01\/CR_07_08031-300x225.jpg 300w, http:\/\/blog.meineigenerweg.de\/wp-content\/uploads\/2014\/01\/CR_07_08031.jpg 1000w\" sizes=\"auto, (max-width: 300px) 100vw, 300px\" \/><\/a>\u00a0<a href=\"http:\/\/blog.meineigenerweg.de\/wp-content\/uploads\/2014\/01\/CR_07_08005.jpg\"><img loading=\"lazy\" decoding=\"async\" class=\"alignnone size-medium wp-image-3581\" src=\"http:\/\/blog.meineigenerweg.de\/wp-content\/uploads\/2014\/01\/CR_07_08005-300x225.jpg\" alt=\"CR_07_08005\" width=\"300\" height=\"225\" srcset=\"http:\/\/blog.meineigenerweg.de\/wp-content\/uploads\/2014\/01\/CR_07_08005-300x225.jpg 300w, http:\/\/blog.meineigenerweg.de\/wp-content\/uploads\/2014\/01\/CR_07_08005.jpg 1000w\" sizes=\"auto, (max-width: 300px) 100vw, 300px\" \/><\/a><a href=\"http:\/\/blog.meineigenerweg.de\/wp-content\/uploads\/2014\/01\/CR_07_080341.jpg\"><img loading=\"lazy\" decoding=\"async\" class=\"alignnone size-medium wp-image-3583\" src=\"http:\/\/blog.meineigenerweg.de\/wp-content\/uploads\/2014\/01\/CR_07_080341-300x201.jpg\" alt=\"CR_07_08034\" width=\"300\" height=\"201\" srcset=\"http:\/\/blog.meineigenerweg.de\/wp-content\/uploads\/2014\/01\/CR_07_080341-300x201.jpg 300w, http:\/\/blog.meineigenerweg.de\/wp-content\/uploads\/2014\/01\/CR_07_080341.jpg 1000w\" sizes=\"auto, (max-width: 300px) 100vw, 300px\" \/><\/a><\/p>\n<p>Aber eine Woche faul am Strand liegen war nicht so mein Ding. Also her mit einem Surfboard.<br \/>\n<a href=\"http:\/\/blog.meineigenerweg.de\/wp-content\/uploads\/2014\/01\/CR_07_08059.jpg\"><img loading=\"lazy\" decoding=\"async\" class=\"alignnone size-medium wp-image-3585\" src=\"http:\/\/blog.meineigenerweg.de\/wp-content\/uploads\/2014\/01\/CR_07_08059-201x300.jpg\" alt=\"CR_07_08059\" width=\"201\" height=\"300\" srcset=\"http:\/\/blog.meineigenerweg.de\/wp-content\/uploads\/2014\/01\/CR_07_08059-201x300.jpg 201w, http:\/\/blog.meineigenerweg.de\/wp-content\/uploads\/2014\/01\/CR_07_08059.jpg 669w\" sizes=\"auto, (max-width: 201px) 100vw, 201px\" \/><\/a><br \/>\nDie Zuschauer am Strand hatten bei meinen Trocken\u00fcbungen sehr viel Spa\u00df.<br \/>\n<a href=\"http:\/\/blog.meineigenerweg.de\/wp-content\/uploads\/2014\/01\/CR_07_080651.jpg\"><img loading=\"lazy\" decoding=\"async\" class=\"alignnone size-medium wp-image-3592\" src=\"http:\/\/blog.meineigenerweg.de\/wp-content\/uploads\/2014\/01\/CR_07_080651-300x201.jpg\" alt=\"CR_07_08065\" width=\"300\" height=\"201\" srcset=\"http:\/\/blog.meineigenerweg.de\/wp-content\/uploads\/2014\/01\/CR_07_080651-300x201.jpg 300w, http:\/\/blog.meineigenerweg.de\/wp-content\/uploads\/2014\/01\/CR_07_080651.jpg 1000w\" sizes=\"auto, (max-width: 300px) 100vw, 300px\" \/><\/a> <a href=\"http:\/\/blog.meineigenerweg.de\/wp-content\/uploads\/2014\/01\/CR_07_080661.jpg\"><img loading=\"lazy\" decoding=\"async\" class=\"alignnone size-medium wp-image-3593\" src=\"http:\/\/blog.meineigenerweg.de\/wp-content\/uploads\/2014\/01\/CR_07_080661-300x201.jpg\" alt=\"CR_07_08066\" width=\"300\" height=\"201\" srcset=\"http:\/\/blog.meineigenerweg.de\/wp-content\/uploads\/2014\/01\/CR_07_080661-300x201.jpg 300w, http:\/\/blog.meineigenerweg.de\/wp-content\/uploads\/2014\/01\/CR_07_080661.jpg 1000w\" sizes=\"auto, (max-width: 300px) 100vw, 300px\" \/><br \/>\n<\/a><a href=\"http:\/\/blog.meineigenerweg.de\/wp-content\/uploads\/2014\/01\/CR_07_080701.jpg\"><img loading=\"lazy\" decoding=\"async\" class=\"alignnone size-medium wp-image-3595\" src=\"http:\/\/blog.meineigenerweg.de\/wp-content\/uploads\/2014\/01\/CR_07_080701-300x201.jpg\" alt=\"CR_07_08070\" width=\"300\" height=\"201\" srcset=\"http:\/\/blog.meineigenerweg.de\/wp-content\/uploads\/2014\/01\/CR_07_080701-300x201.jpg 300w, http:\/\/blog.meineigenerweg.de\/wp-content\/uploads\/2014\/01\/CR_07_080701.jpg 1000w\" sizes=\"auto, (max-width: 300px) 100vw, 300px\" \/><\/a> <a href=\"http:\/\/blog.meineigenerweg.de\/wp-content\/uploads\/2014\/01\/CR_07_080671.jpg\"><img loading=\"lazy\" decoding=\"async\" class=\"alignnone size-medium wp-image-3594\" src=\"http:\/\/blog.meineigenerweg.de\/wp-content\/uploads\/2014\/01\/CR_07_080671-300x201.jpg\" alt=\"CR_07_08067\" width=\"300\" height=\"201\" srcset=\"http:\/\/blog.meineigenerweg.de\/wp-content\/uploads\/2014\/01\/CR_07_080671-300x201.jpg 300w, http:\/\/blog.meineigenerweg.de\/wp-content\/uploads\/2014\/01\/CR_07_080671.jpg 1000w\" sizes=\"auto, (max-width: 300px) 100vw, 300px\" \/><br \/>\n<span style=\"color: #000000;\">Es war ganz sch\u00f6n schwer, im Wasser\u00a0auf diesem Wackelding stehen zu bleiben!<\/span><br \/>\n<\/a><a href=\"http:\/\/blog.meineigenerweg.de\/wp-content\/uploads\/2014\/01\/CR_07_080881.jpg\"><img loading=\"lazy\" decoding=\"async\" class=\"alignnone size-medium wp-image-3596\" src=\"http:\/\/blog.meineigenerweg.de\/wp-content\/uploads\/2014\/01\/CR_07_080881-300x201.jpg\" alt=\"CR_07_08088\" width=\"300\" height=\"201\" srcset=\"http:\/\/blog.meineigenerweg.de\/wp-content\/uploads\/2014\/01\/CR_07_080881-300x201.jpg 300w, http:\/\/blog.meineigenerweg.de\/wp-content\/uploads\/2014\/01\/CR_07_080881.jpg 1000w\" sizes=\"auto, (max-width: 300px) 100vw, 300px\" \/><\/a> <a href=\"http:\/\/blog.meineigenerweg.de\/wp-content\/uploads\/2014\/01\/CR_07_081261.jpg\"><img loading=\"lazy\" decoding=\"async\" class=\"alignnone size-medium wp-image-3597\" src=\"http:\/\/blog.meineigenerweg.de\/wp-content\/uploads\/2014\/01\/CR_07_081261-300x201.jpg\" alt=\"CR_07_08126\" width=\"300\" height=\"201\" srcset=\"http:\/\/blog.meineigenerweg.de\/wp-content\/uploads\/2014\/01\/CR_07_081261-300x201.jpg 300w, http:\/\/blog.meineigenerweg.de\/wp-content\/uploads\/2014\/01\/CR_07_081261.jpg 1000w\" sizes=\"auto, (max-width: 300px) 100vw, 300px\" \/><\/a><\/p>\n<p>Ein toller Urlaub und eine absolute Reiseempfehlung!<\/p>\n","protected":false},"excerpt":{"rendered":"<p>Ich war noch nie in Mittelamerika und freue mich auf neue spannende Erfahrungen und unvergessliche Erlebnisse.\u00a0Drei Wochen Costa Rica habe ich vor mir, zwei Wochen\u00a0Rundreise und zur Erholung eine Woche Strand. Ich habe zur Vorbereitung einen Sprachkurs in Spanisch gemacht. Da meine Route, die ich mir selbst ausgesucht und gebucht<\/p>\n","protected":false},"author":1,"featured_media":3362,"parent":102,"menu_order":0,"comment_status":"closed","ping_status":"closed","template":"","meta":{"footnotes":""},"class_list":["post-162","page","type-page","status-publish","has-post-thumbnail","hentry"],"_links":{"self":[{"href":"http:\/\/blog.meineigenerweg.de\/index.php?rest_route=\/wp\/v2\/pages\/162","targetHints":{"allow":["GET"]}}],"collection":[{"href":"http:\/\/blog.meineigenerweg.de\/index.php?rest_route=\/wp\/v2\/pages"}],"about":[{"href":"http:\/\/blog.meineigenerweg.de\/index.php?rest_route=\/wp\/v2\/types\/page"}],"author":[{"embeddable":true,"href":"http:\/\/blog.meineigenerweg.de\/index.php?rest_route=\/wp\/v2\/users\/1"}],"replies":[{"embeddable":true,"href":"http:\/\/blog.meineigenerweg.de\/index.php?rest_route=%2Fwp%2Fv2%2Fcomments&post=162"}],"version-history":[{"count":59,"href":"http:\/\/blog.meineigenerweg.de\/index.php?rest_route=\/wp\/v2\/pages\/162\/revisions"}],"predecessor-version":[{"id":5894,"href":"http:\/\/blog.meineigenerweg.de\/index.php?rest_route=\/wp\/v2\/pages\/162\/revisions\/5894"}],"up":[{"embeddable":true,"href":"http:\/\/blog.meineigenerweg.de\/index.php?rest_route=\/wp\/v2\/pages\/102"}],"wp:featuredmedia":[{"embeddable":true,"href":"http:\/\/blog.meineigenerweg.de\/index.php?rest_route=\/wp\/v2\/media\/3362"}],"wp:attachment":[{"href":"http:\/\/blog.meineigenerweg.de\/index.php?rest_route=%2Fwp%2Fv2%2Fmedia&parent=162"}],"curies":[{"name":"wp","href":"https:\/\/api.w.org\/{rel}","templated":true}]}}