{"id":1322,"date":"2014-04-18T15:27:56","date_gmt":"2014-04-18T14:27:56","guid":{"rendered":"http:\/\/blog.meineigenerweg.de\/?page_id=1322"},"modified":"2019-03-28T20:53:49","modified_gmt":"2019-03-28T19:53:49","slug":"herne-naturkundemuseum","status":"publish","type":"page","link":"http:\/\/blog.meineigenerweg.de\/?page_id=1322","title":{"rendered":"Herne &#8211; Museum f\u00fcr Arch\u00e4ologie ****"},"content":{"rendered":"<p>18.04.2014<\/p>\n<p>Wenn du dich f\u00fcr die Fr\u00fchgeschichte und die Entwicklung der Menschheit interessierst, findest du hier eine tolle Ausstellung. Es ist eine spannende Fortsetzung meines Besuchs im Zeittunnel in W\u00fclfrath. W\u00e4hrend dort im Hundert-Millionen-Ma\u00dfstab gemessen wird, ist\u00a0es im <span style=\"color: #0000ff;\"><a href=\"http:\/\/www.lwl-landesmuseum-herne.de\/\" target=\"_blank\" rel=\"noopener noreferrer\"><span style=\"color: #0000ff;\"><span style=\"text-decoration: underline;\">Museum f\u00fcr Arch\u00e4ologie<\/span><\/span><\/a><\/span> mehr ein hunderttausend, tausend und hundert Jahre Ma\u00dfstab.<\/p>\n<p>Nat\u00fcrlich muss du unter die Erde gehen, da suche die Arch\u00e4ologen &#8230;<br \/>\n<a href=\"http:\/\/blog.meineigenerweg.de\/wp-content\/uploads\/2014\/04\/Herne-Museum-f\u00fcr-Arch\u00e4ologie_14_04_050.jpg\"><img loading=\"lazy\" decoding=\"async\" class=\"alignnone size-medium wp-image-1432\" src=\"http:\/\/blog.meineigenerweg.de\/wp-content\/uploads\/2014\/04\/Herne-Museum-f\u00fcr-Arch\u00e4ologie_14_04_050-300x225.jpg\" alt=\"Herne - Museum f\u00fcr Arch\u00e4ologie_14_04_050\" width=\"300\" height=\"225\" srcset=\"http:\/\/blog.meineigenerweg.de\/wp-content\/uploads\/2014\/04\/Herne-Museum-f\u00fcr-Arch\u00e4ologie_14_04_050-300x225.jpg 300w, http:\/\/blog.meineigenerweg.de\/wp-content\/uploads\/2014\/04\/Herne-Museum-f\u00fcr-Arch\u00e4ologie_14_04_050.jpg 1000w\" sizes=\"auto, (max-width: 300px) 100vw, 300px\" \/><\/a><br \/>\nEin vorgegebener Weg beginnt mit versteinerten B\u00e4umen vor 3,6 Millionen Jahren<br \/>\n<a href=\"http:\/\/blog.meineigenerweg.de\/wp-content\/uploads\/2014\/04\/Herne-Museum-f\u00fcr-Arch\u00e4ologie_14_04_051.jpg\"><img loading=\"lazy\" decoding=\"async\" class=\"alignnone size-medium wp-image-1433\" src=\"http:\/\/blog.meineigenerweg.de\/wp-content\/uploads\/2014\/04\/Herne-Museum-f\u00fcr-Arch\u00e4ologie_14_04_051-300x225.jpg\" alt=\"Herne - Museum f\u00fcr Arch\u00e4ologie_14_04_051\" width=\"300\" height=\"225\" srcset=\"http:\/\/blog.meineigenerweg.de\/wp-content\/uploads\/2014\/04\/Herne-Museum-f\u00fcr-Arch\u00e4ologie_14_04_051-300x225.jpg 300w, http:\/\/blog.meineigenerweg.de\/wp-content\/uploads\/2014\/04\/Herne-Museum-f\u00fcr-Arch\u00e4ologie_14_04_051.jpg 1000w\" sizes=\"auto, (max-width: 300px) 100vw, 300px\" \/><\/a><br \/>\nund f\u00fchrt \u00fcber Ausgrabungen von Mammuts\u00a0und sehr seltsamen Knochen<br \/>\n<a href=\"http:\/\/blog.meineigenerweg.de\/wp-content\/uploads\/2014\/04\/Herne-Museum-f\u00fcr-Arch\u00e4ologie_14_04_009.jpg\"><img loading=\"lazy\" decoding=\"async\" class=\"alignnone size-medium wp-image-1434\" src=\"http:\/\/blog.meineigenerweg.de\/wp-content\/uploads\/2014\/04\/Herne-Museum-f\u00fcr-Arch\u00e4ologie_14_04_009-300x225.jpg\" alt=\"Herne - Museum f\u00fcr Arch\u00e4ologie_14_04_009\" width=\"300\" height=\"225\" srcset=\"http:\/\/blog.meineigenerweg.de\/wp-content\/uploads\/2014\/04\/Herne-Museum-f\u00fcr-Arch\u00e4ologie_14_04_009-300x225.jpg 300w, http:\/\/blog.meineigenerweg.de\/wp-content\/uploads\/2014\/04\/Herne-Museum-f\u00fcr-Arch\u00e4ologie_14_04_009.jpg 1000w\" sizes=\"auto, (max-width: 300px) 100vw, 300px\" \/><\/a><br \/>\nzu den Vorfahren des Homo Sapiens.<br \/>\n<a href=\"http:\/\/blog.meineigenerweg.de\/wp-content\/uploads\/2014\/04\/Herne-Museum-f\u00fcr-Arch\u00e4ologie_14_04_016.jpg\"><img loading=\"lazy\" decoding=\"async\" class=\"alignnone size-medium wp-image-1436\" src=\"http:\/\/blog.meineigenerweg.de\/wp-content\/uploads\/2014\/04\/Herne-Museum-f\u00fcr-Arch\u00e4ologie_14_04_016-300x225.jpg\" alt=\"Herne - Museum f\u00fcr Arch\u00e4ologie_14_04_016\" width=\"300\" height=\"225\" srcset=\"http:\/\/blog.meineigenerweg.de\/wp-content\/uploads\/2014\/04\/Herne-Museum-f\u00fcr-Arch\u00e4ologie_14_04_016-300x225.jpg 300w, http:\/\/blog.meineigenerweg.de\/wp-content\/uploads\/2014\/04\/Herne-Museum-f\u00fcr-Arch\u00e4ologie_14_04_016.jpg 1000w\" sizes=\"auto, (max-width: 300px) 100vw, 300px\" \/><\/a><br \/>\n<a href=\"http:\/\/blog.meineigenerweg.de\/wp-content\/uploads\/2014\/04\/Herne-Museum-f\u00fcr-Arch\u00e4ologie_14_04_013.jpg\"><img loading=\"lazy\" decoding=\"async\" class=\"alignnone size-medium wp-image-1437\" src=\"http:\/\/blog.meineigenerweg.de\/wp-content\/uploads\/2014\/04\/Herne-Museum-f\u00fcr-Arch\u00e4ologie_14_04_013-300x225.jpg\" alt=\"Herne - Museum f\u00fcr Arch\u00e4ologie_14_04_013\" width=\"300\" height=\"225\" srcset=\"http:\/\/blog.meineigenerweg.de\/wp-content\/uploads\/2014\/04\/Herne-Museum-f\u00fcr-Arch\u00e4ologie_14_04_013-300x225.jpg 300w, http:\/\/blog.meineigenerweg.de\/wp-content\/uploads\/2014\/04\/Herne-Museum-f\u00fcr-Arch\u00e4ologie_14_04_013.jpg 1000w\" sizes=\"auto, (max-width: 300px) 100vw, 300px\" \/><\/a><br \/>\nEr f\u00fchrt an vielen Zeitepochen der Menschheit vorbei bis in die Neuzeit.<br \/>\n<a href=\"http:\/\/blog.meineigenerweg.de\/wp-content\/uploads\/2014\/04\/Herne-Museum-f\u00fcr-Arch\u00e4ologie_14_04_020.jpg\"><img loading=\"lazy\" decoding=\"async\" class=\"alignnone size-medium wp-image-1438\" src=\"http:\/\/blog.meineigenerweg.de\/wp-content\/uploads\/2014\/04\/Herne-Museum-f\u00fcr-Arch\u00e4ologie_14_04_020-300x225.jpg\" alt=\"Herne - Museum f\u00fcr Arch\u00e4ologie_14_04_020\" width=\"300\" height=\"225\" srcset=\"http:\/\/blog.meineigenerweg.de\/wp-content\/uploads\/2014\/04\/Herne-Museum-f\u00fcr-Arch\u00e4ologie_14_04_020-300x225.jpg 300w, http:\/\/blog.meineigenerweg.de\/wp-content\/uploads\/2014\/04\/Herne-Museum-f\u00fcr-Arch\u00e4ologie_14_04_020.jpg 1000w\" sizes=\"auto, (max-width: 300px) 100vw, 300px\" \/><\/a><br \/>\n<a href=\"http:\/\/blog.meineigenerweg.de\/wp-content\/uploads\/2014\/04\/Herne-Museum-f\u00fcr-Arch\u00e4ologie_14_04_028.jpg\"><img loading=\"lazy\" decoding=\"async\" class=\"alignnone size-medium wp-image-1439\" src=\"http:\/\/blog.meineigenerweg.de\/wp-content\/uploads\/2014\/04\/Herne-Museum-f\u00fcr-Arch\u00e4ologie_14_04_028-300x225.jpg\" alt=\"Herne - Museum f\u00fcr Arch\u00e4ologie_14_04_028\" width=\"300\" height=\"225\" srcset=\"http:\/\/blog.meineigenerweg.de\/wp-content\/uploads\/2014\/04\/Herne-Museum-f\u00fcr-Arch\u00e4ologie_14_04_028-300x225.jpg 300w, http:\/\/blog.meineigenerweg.de\/wp-content\/uploads\/2014\/04\/Herne-Museum-f\u00fcr-Arch\u00e4ologie_14_04_028.jpg 1000w\" sizes=\"auto, (max-width: 300px) 100vw, 300px\" \/><\/a><br \/>\n<a href=\"http:\/\/blog.meineigenerweg.de\/wp-content\/uploads\/2014\/04\/Herne-Museum-f\u00fcr-Arch\u00e4ologie_14_04_038.jpg\"><img loading=\"lazy\" decoding=\"async\" class=\"alignnone size-medium wp-image-1440\" src=\"http:\/\/blog.meineigenerweg.de\/wp-content\/uploads\/2014\/04\/Herne-Museum-f\u00fcr-Arch\u00e4ologie_14_04_038-300x225.jpg\" alt=\"Herne - Museum f\u00fcr Arch\u00e4ologie_14_04_038\" width=\"300\" height=\"225\" srcset=\"http:\/\/blog.meineigenerweg.de\/wp-content\/uploads\/2014\/04\/Herne-Museum-f\u00fcr-Arch\u00e4ologie_14_04_038-300x225.jpg 300w, http:\/\/blog.meineigenerweg.de\/wp-content\/uploads\/2014\/04\/Herne-Museum-f\u00fcr-Arch\u00e4ologie_14_04_038.jpg 1000w\" sizes=\"auto, (max-width: 300px) 100vw, 300px\" \/><\/a><br \/>\nMir hat die Ausstellung sehr gut gefallen, sie ist abwechslungsreich und multimedial unterst\u00fctzt. Gut fand ich auch die kleinen, begehbaren Cuben mit besonderen Ausstellungsst\u00fccken und die vielen plakativ dargestellten Spr\u00fcche an den W\u00e4nden.<br \/>\n<a href=\"http:\/\/blog.meineigenerweg.de\/wp-content\/uploads\/2014\/04\/Herne-Museum-f\u00fcr-Arch\u00e4ologie_14_04_030.jpg\"><img loading=\"lazy\" decoding=\"async\" class=\"alignnone size-medium wp-image-1441\" src=\"http:\/\/blog.meineigenerweg.de\/wp-content\/uploads\/2014\/04\/Herne-Museum-f\u00fcr-Arch\u00e4ologie_14_04_030-300x225.jpg\" alt=\"Herne - Museum f\u00fcr Arch\u00e4ologie_14_04_030\" width=\"300\" height=\"225\" srcset=\"http:\/\/blog.meineigenerweg.de\/wp-content\/uploads\/2014\/04\/Herne-Museum-f\u00fcr-Arch\u00e4ologie_14_04_030-300x225.jpg 300w, http:\/\/blog.meineigenerweg.de\/wp-content\/uploads\/2014\/04\/Herne-Museum-f\u00fcr-Arch\u00e4ologie_14_04_030.jpg 1000w\" sizes=\"auto, (max-width: 300px) 100vw, 300px\" \/><\/a><br \/>\n\u00dcber eine luftige Treppe bin ich ins Obergeschoss gelangt, wo eine Gartenlandschaft zum Ausruhen einl\u00e4dt.<br \/>\n<em><a href=\"http:\/\/blog.meineigenerweg.de\/wp-content\/uploads\/2014\/04\/Herne-Museum-f\u00fcr-Arch\u00e4ologie_14_04_040.jpg\"><img loading=\"lazy\" decoding=\"async\" class=\"alignnone size-medium wp-image-1442\" src=\"http:\/\/blog.meineigenerweg.de\/wp-content\/uploads\/2014\/04\/Herne-Museum-f\u00fcr-Arch\u00e4ologie_14_04_040-300x225.jpg\" alt=\"Herne - Museum f\u00fcr Arch\u00e4ologie_14_04_040\" width=\"300\" height=\"225\" srcset=\"http:\/\/blog.meineigenerweg.de\/wp-content\/uploads\/2014\/04\/Herne-Museum-f\u00fcr-Arch\u00e4ologie_14_04_040-300x225.jpg 300w, http:\/\/blog.meineigenerweg.de\/wp-content\/uploads\/2014\/04\/Herne-Museum-f\u00fcr-Arch\u00e4ologie_14_04_040.jpg 1000w\" sizes=\"auto, (max-width: 300px) 100vw, 300px\" \/><\/a><\/em><\/p>\n<p><em>Meine Wertung: <span style=\"color: #ff0000;\">****<\/span>* sehenswert<\/em><br \/>\n<em>LWL-Museum f\u00fcr Arch\u00e4ologie<\/em><br \/>\n<em> Westf\u00e4lisches Landesmuseum<\/em><br \/>\n<em> Europaplatz 1<\/em><br \/>\n<em> 44623 Herne<\/em><\/p>\n","protected":false},"excerpt":{"rendered":"<p>18.04.2014 Wenn du dich f\u00fcr die Fr\u00fchgeschichte und die Entwicklung der Menschheit interessierst, findest du hier eine tolle Ausstellung. Es ist eine spannende Fortsetzung meines Besuchs im Zeittunnel in W\u00fclfrath. W\u00e4hrend dort im Hundert-Millionen-Ma\u00dfstab gemessen wird, ist\u00a0es im Museum f\u00fcr Arch\u00e4ologie mehr ein hunderttausend, tausend und hundert Jahre Ma\u00dfstab. Nat\u00fcrlich<\/p>\n","protected":false},"author":1,"featured_media":0,"parent":1809,"menu_order":0,"comment_status":"closed","ping_status":"closed","template":"","meta":{"footnotes":""},"class_list":["post-1322","page","type-page","status-publish","hentry"],"_links":{"self":[{"href":"http:\/\/blog.meineigenerweg.de\/index.php?rest_route=\/wp\/v2\/pages\/1322","targetHints":{"allow":["GET"]}}],"collection":[{"href":"http:\/\/blog.meineigenerweg.de\/index.php?rest_route=\/wp\/v2\/pages"}],"about":[{"href":"http:\/\/blog.meineigenerweg.de\/index.php?rest_route=\/wp\/v2\/types\/page"}],"author":[{"embeddable":true,"href":"http:\/\/blog.meineigenerweg.de\/index.php?rest_route=\/wp\/v2\/users\/1"}],"replies":[{"embeddable":true,"href":"http:\/\/blog.meineigenerweg.de\/index.php?rest_route=%2Fwp%2Fv2%2Fcomments&post=1322"}],"version-history":[{"count":23,"href":"http:\/\/blog.meineigenerweg.de\/index.php?rest_route=\/wp\/v2\/pages\/1322\/revisions"}],"predecessor-version":[{"id":5880,"href":"http:\/\/blog.meineigenerweg.de\/index.php?rest_route=\/wp\/v2\/pages\/1322\/revisions\/5880"}],"up":[{"embeddable":true,"href":"http:\/\/blog.meineigenerweg.de\/index.php?rest_route=\/wp\/v2\/pages\/1809"}],"wp:attachment":[{"href":"http:\/\/blog.meineigenerweg.de\/index.php?rest_route=%2Fwp%2Fv2%2Fmedia&parent=1322"}],"curies":[{"name":"wp","href":"https:\/\/api.w.org\/{rel}","templated":true}]}}