{"id":10132,"date":"2024-10-08T09:18:18","date_gmt":"2024-10-08T08:18:18","guid":{"rendered":"http:\/\/blog.meineigenerweg.de\/?page_id=10132"},"modified":"2024-10-08T09:18:18","modified_gmt":"2024-10-08T08:18:18","slug":"ostsee","status":"publish","type":"page","link":"http:\/\/blog.meineigenerweg.de\/?page_id=10132","title":{"rendered":"Ostsee"},"content":{"rendered":"<h6>September Oktober 2024<\/h6>\n<p>&nbsp;<\/p>\n<h6>Bremen<\/h6>\n<p>Heute geht es endlich los; wir wollten schon Anfang September aufbrechen &#8211; aber die Familie! Geburtstage, Besuche, Termine und Verpflichtungen.<\/p>\n<p>Unser erster Stopp ist in Bremen, wir machen uns einen gem\u00fctlichen Abend im\u00b4Port Piet\u2018, einem Biergarten am Torfhafen am B\u00fcrgerpark.<\/p>\n<p>&nbsp;<\/p>\n<h6>Zierow<\/h6>\n<p>Mit so einem sch\u00f6nen Sp\u00e4tsommerwetter haben wir gar nicht gerechnet. Ohne Zwischenstopps fahren wir direkt bist zur Ostsee und bleiben in der N\u00e4he von Wismar in dem kleinen \u00d6rtchen Zierow.<br \/>\nTrotz Kurtaxe f\u00fcr den Strand ist der leider sehr ungepflegt und es liegen Berge von Seegras entlang des Wassers.<br \/>\n<a href=\"http:\/\/blog.meineigenerweg.de\/wp-content\/uploads\/2024\/09\/IMG_8288.jpeg\"><img loading=\"lazy\" decoding=\"async\" class=\"alignnone size-medium wp-image-9944\" src=\"http:\/\/blog.meineigenerweg.de\/wp-content\/uploads\/2024\/09\/IMG_8288-300x225.jpeg\" alt=\"\" width=\"300\" height=\"225\" srcset=\"http:\/\/blog.meineigenerweg.de\/wp-content\/uploads\/2024\/09\/IMG_8288-300x225.jpeg 300w, http:\/\/blog.meineigenerweg.de\/wp-content\/uploads\/2024\/09\/IMG_8288-768x576.jpeg 768w, http:\/\/blog.meineigenerweg.de\/wp-content\/uploads\/2024\/09\/IMG_8288.jpeg 1000w\" sizes=\"auto, (max-width: 300px) 100vw, 300px\" \/><\/a><br \/>\n<a href=\"http:\/\/blog.meineigenerweg.de\/wp-content\/uploads\/2024\/09\/IMG_8312.jpeg\"><img loading=\"lazy\" decoding=\"async\" class=\"alignnone size-medium wp-image-9957\" src=\"http:\/\/blog.meineigenerweg.de\/wp-content\/uploads\/2024\/09\/IMG_8312-300x225.jpeg\" alt=\"\" width=\"300\" height=\"225\" srcset=\"http:\/\/blog.meineigenerweg.de\/wp-content\/uploads\/2024\/09\/IMG_8312-300x225.jpeg 300w, http:\/\/blog.meineigenerweg.de\/wp-content\/uploads\/2024\/09\/IMG_8312-768x576.jpeg 768w, http:\/\/blog.meineigenerweg.de\/wp-content\/uploads\/2024\/09\/IMG_8312.jpeg 1000w\" sizes=\"auto, (max-width: 300px) 100vw, 300px\" \/><\/a><a href=\"http:\/\/blog.meineigenerweg.de\/wp-content\/uploads\/2024\/09\/IMG_8291.jpeg\"><img loading=\"lazy\" decoding=\"async\" class=\"alignnone size-medium wp-image-9943\" src=\"http:\/\/blog.meineigenerweg.de\/wp-content\/uploads\/2024\/09\/IMG_8291-300x225.jpeg\" alt=\"\" width=\"300\" height=\"225\" srcset=\"http:\/\/blog.meineigenerweg.de\/wp-content\/uploads\/2024\/09\/IMG_8291-300x225.jpeg 300w, http:\/\/blog.meineigenerweg.de\/wp-content\/uploads\/2024\/09\/IMG_8291-768x576.jpeg 768w, http:\/\/blog.meineigenerweg.de\/wp-content\/uploads\/2024\/09\/IMG_8291.jpeg 1000w\" sizes=\"auto, (max-width: 300px) 100vw, 300px\" \/><\/a><br \/>\nBeim Strandspaziergang kommen wir immer wieder an Miesmuschelschalen vorbei &#8211; mal sehen, ob die hier irgendwo auf der Speisekarte stehen!<br \/>\n<a href=\"http:\/\/blog.meineigenerweg.de\/wp-content\/uploads\/2024\/09\/IMG_8292.jpeg\"><img loading=\"lazy\" decoding=\"async\" class=\"alignnone size-medium wp-image-9942\" src=\"http:\/\/blog.meineigenerweg.de\/wp-content\/uploads\/2024\/09\/IMG_8292-300x225.jpeg\" alt=\"\" width=\"300\" height=\"225\" srcset=\"http:\/\/blog.meineigenerweg.de\/wp-content\/uploads\/2024\/09\/IMG_8292-300x225.jpeg 300w, http:\/\/blog.meineigenerweg.de\/wp-content\/uploads\/2024\/09\/IMG_8292-768x576.jpeg 768w, http:\/\/blog.meineigenerweg.de\/wp-content\/uploads\/2024\/09\/IMG_8292.jpeg 1000w\" sizes=\"auto, (max-width: 300px) 100vw, 300px\" \/><\/a><\/p>\n<p>&nbsp;<\/p>\n<h6>Wismar<\/h6>\n<p>\u00dcber den Ostsee-Radweg fahren wir mit den R\u00e4dern nach Wismar.<br \/>\n<a href=\"http:\/\/blog.meineigenerweg.de\/wp-content\/uploads\/2024\/09\/IMG_8294.jpeg\"><img loading=\"lazy\" decoding=\"async\" class=\"alignnone size-medium wp-image-9946\" src=\"http:\/\/blog.meineigenerweg.de\/wp-content\/uploads\/2024\/09\/IMG_8294-300x225.jpeg\" alt=\"\" width=\"300\" height=\"225\" srcset=\"http:\/\/blog.meineigenerweg.de\/wp-content\/uploads\/2024\/09\/IMG_8294-300x225.jpeg 300w, http:\/\/blog.meineigenerweg.de\/wp-content\/uploads\/2024\/09\/IMG_8294-768x576.jpeg 768w, http:\/\/blog.meineigenerweg.de\/wp-content\/uploads\/2024\/09\/IMG_8294.jpeg 1000w\" sizes=\"auto, (max-width: 300px) 100vw, 300px\" \/> <\/a><a href=\"http:\/\/blog.meineigenerweg.de\/wp-content\/uploads\/2024\/09\/IMG_8298.jpeg\"><img loading=\"lazy\" decoding=\"async\" class=\"alignnone size-medium wp-image-9948\" src=\"http:\/\/blog.meineigenerweg.de\/wp-content\/uploads\/2024\/09\/IMG_8298-300x225.jpeg\" alt=\"\" width=\"300\" height=\"225\" srcset=\"http:\/\/blog.meineigenerweg.de\/wp-content\/uploads\/2024\/09\/IMG_8298-300x225.jpeg 300w, http:\/\/blog.meineigenerweg.de\/wp-content\/uploads\/2024\/09\/IMG_8298-768x576.jpeg 768w, http:\/\/blog.meineigenerweg.de\/wp-content\/uploads\/2024\/09\/IMG_8298.jpeg 1000w\" sizes=\"auto, (max-width: 300px) 100vw, 300px\" \/><\/a><br \/>\nSchweinebr\u00fccke<br \/>\n<a href=\"http:\/\/blog.meineigenerweg.de\/wp-content\/uploads\/2024\/09\/IMG_8300.jpeg\"><img loading=\"lazy\" decoding=\"async\" class=\"alignnone size-medium wp-image-9949\" src=\"http:\/\/blog.meineigenerweg.de\/wp-content\/uploads\/2024\/09\/IMG_8300-300x225.jpeg\" alt=\"\" width=\"300\" height=\"225\" srcset=\"http:\/\/blog.meineigenerweg.de\/wp-content\/uploads\/2024\/09\/IMG_8300-300x225.jpeg 300w, http:\/\/blog.meineigenerweg.de\/wp-content\/uploads\/2024\/09\/IMG_8300-768x576.jpeg 768w, http:\/\/blog.meineigenerweg.de\/wp-content\/uploads\/2024\/09\/IMG_8300.jpeg 1000w\" sizes=\"auto, (max-width: 300px) 100vw, 300px\" \/><\/a><br \/>\nSt. Nikolai Kirche<a href=\"http:\/\/blog.meineigenerweg.de\/wp-content\/uploads\/2024\/09\/IMG_8302.jpeg\"><br \/>\n<img loading=\"lazy\" decoding=\"async\" class=\"alignnone size-medium wp-image-9950\" src=\"http:\/\/blog.meineigenerweg.de\/wp-content\/uploads\/2024\/09\/IMG_8302-225x300.jpeg\" alt=\"\" width=\"225\" height=\"300\" srcset=\"http:\/\/blog.meineigenerweg.de\/wp-content\/uploads\/2024\/09\/IMG_8302-225x300.jpeg 225w, http:\/\/blog.meineigenerweg.de\/wp-content\/uploads\/2024\/09\/IMG_8302.jpeg 750w\" sizes=\"auto, (max-width: 225px) 100vw, 225px\" \/>\u00a0<\/a><br \/>\naltes Brauhaus<br \/>\n<a href=\"http:\/\/blog.meineigenerweg.de\/wp-content\/uploads\/2024\/09\/IMG_8304.jpeg\"><img loading=\"lazy\" decoding=\"async\" class=\"alignnone size-medium wp-image-9951\" src=\"http:\/\/blog.meineigenerweg.de\/wp-content\/uploads\/2024\/09\/IMG_8304-225x300.jpeg\" alt=\"\" width=\"225\" height=\"300\" srcset=\"http:\/\/blog.meineigenerweg.de\/wp-content\/uploads\/2024\/09\/IMG_8304-225x300.jpeg 225w, http:\/\/blog.meineigenerweg.de\/wp-content\/uploads\/2024\/09\/IMG_8304.jpeg 750w\" sizes=\"auto, (max-width: 225px) 100vw, 225px\" \/>\u00a0<\/a><br \/>\nWasserkunst, ein freistehender Pavillon auf dem Marktplatz, gilt als Wahrzeichen der Hansestadt.<br \/>\n<a href=\"http:\/\/blog.meineigenerweg.de\/wp-content\/uploads\/2024\/09\/IMG_8306.jpeg\"><img loading=\"lazy\" decoding=\"async\" class=\"alignnone size-medium wp-image-9952\" src=\"http:\/\/blog.meineigenerweg.de\/wp-content\/uploads\/2024\/09\/IMG_8306-225x300.jpeg\" alt=\"\" width=\"225\" height=\"300\" srcset=\"http:\/\/blog.meineigenerweg.de\/wp-content\/uploads\/2024\/09\/IMG_8306-225x300.jpeg 225w, http:\/\/blog.meineigenerweg.de\/wp-content\/uploads\/2024\/09\/IMG_8306.jpeg 750w\" sizes=\"auto, (max-width: 225px) 100vw, 225px\" \/>\u00a0<\/a><br \/>\nDas Wassertor ist das letzte von ehemals f\u00fcnf Stadttoren und der Zugang zu Hafen<br \/>\n<a href=\"http:\/\/blog.meineigenerweg.de\/wp-content\/uploads\/2024\/09\/IMG_8308.jpeg\"><img loading=\"lazy\" decoding=\"async\" class=\"alignnone size-medium wp-image-9954\" src=\"http:\/\/blog.meineigenerweg.de\/wp-content\/uploads\/2024\/09\/IMG_8308-225x300.jpeg\" alt=\"\" width=\"225\" height=\"300\" srcset=\"http:\/\/blog.meineigenerweg.de\/wp-content\/uploads\/2024\/09\/IMG_8308-225x300.jpeg 225w, http:\/\/blog.meineigenerweg.de\/wp-content\/uploads\/2024\/09\/IMG_8308.jpeg 750w\" sizes=\"auto, (max-width: 225px) 100vw, 225px\" \/><\/a><\/p>\n<p>&nbsp;<\/p>\n<h6>Zingst<\/h6>\n<p>Weiter geht es Richtung Nordosten nach Zingst, manchmal \u00fcber Apfelbaum-bestandene Aleen, manchmal unter Kastanienb\u00e4umen oder Kiefern.<br \/>\n<a href=\"http:\/\/blog.meineigenerweg.de\/wp-content\/uploads\/2024\/09\/IMG_8310.jpeg\"><img loading=\"lazy\" decoding=\"async\" class=\"alignnone size-medium wp-image-9956\" src=\"http:\/\/blog.meineigenerweg.de\/wp-content\/uploads\/2024\/09\/IMG_8310-300x225.jpeg\" alt=\"\" width=\"300\" height=\"225\" srcset=\"http:\/\/blog.meineigenerweg.de\/wp-content\/uploads\/2024\/09\/IMG_8310-300x225.jpeg 300w, http:\/\/blog.meineigenerweg.de\/wp-content\/uploads\/2024\/09\/IMG_8310-768x576.jpeg 768w, http:\/\/blog.meineigenerweg.de\/wp-content\/uploads\/2024\/09\/IMG_8310.jpeg 1000w\" sizes=\"auto, (max-width: 300px) 100vw, 300px\" \/><\/a><\/p>\n<p>Dann geht es am Deich entlang. Auf dem Deich ist der Radweg, auf dem wir entlang der Ostsee fahren k\u00f6nnen. Aber zuerst stellen wir das WoMo auf dem Campingplatz ab, spazieren \u00fcber Stra\u00dfe und Deich und sind am Strand. Jaaa, so muss das! Wei\u00dfer Sand, Strandk\u00f6rbe und t\u00fcrkisblaues Wasser!<br \/>\n<a href=\"http:\/\/blog.meineigenerweg.de\/wp-content\/uploads\/2024\/09\/IMG_8322.jpeg\"><img loading=\"lazy\" decoding=\"async\" class=\"alignnone size-medium wp-image-9966\" src=\"http:\/\/blog.meineigenerweg.de\/wp-content\/uploads\/2024\/09\/IMG_8322-300x225.jpeg\" alt=\"\" width=\"300\" height=\"225\" srcset=\"http:\/\/blog.meineigenerweg.de\/wp-content\/uploads\/2024\/09\/IMG_8322-300x225.jpeg 300w, http:\/\/blog.meineigenerweg.de\/wp-content\/uploads\/2024\/09\/IMG_8322-768x576.jpeg 768w, http:\/\/blog.meineigenerweg.de\/wp-content\/uploads\/2024\/09\/IMG_8322.jpeg 1000w\" sizes=\"auto, (max-width: 300px) 100vw, 300px\" \/><\/a>\u00a0<a href=\"http:\/\/blog.meineigenerweg.de\/wp-content\/uploads\/2024\/09\/IMG_8320.jpeg\"><img loading=\"lazy\" decoding=\"async\" class=\"alignnone size-medium wp-image-9965\" src=\"http:\/\/blog.meineigenerweg.de\/wp-content\/uploads\/2024\/09\/IMG_8320-300x225.jpeg\" alt=\"\" width=\"300\" height=\"225\" srcset=\"http:\/\/blog.meineigenerweg.de\/wp-content\/uploads\/2024\/09\/IMG_8320-300x225.jpeg 300w, http:\/\/blog.meineigenerweg.de\/wp-content\/uploads\/2024\/09\/IMG_8320-768x576.jpeg 768w, http:\/\/blog.meineigenerweg.de\/wp-content\/uploads\/2024\/09\/IMG_8320.jpeg 1000w\" sizes=\"auto, (max-width: 300px) 100vw, 300px\" \/><\/a><\/p>\n<p>Am Strand entlang laufen wir zur Landungsbr\u00fccke, an deren Ende eine <span style=\"color: #0000ff;\"><a href=\"http:\/\/www.tauchgondel.de\/standorte.html\" target=\"_blank\" rel=\"noopener noreferrer\"><span style=\"text-decoration: underline;\"> Tauchglocke<\/span><\/a><\/span> Besucher auf den 4 Meter tiefen Grund der Ostsee bringt. Wir probieren nicht aus, was es da zu sehen gibt!<\/p>\n<p><a href=\"http:\/\/blog.meineigenerweg.de\/wp-content\/uploads\/2024\/09\/IMG_8325.jpeg\"><img loading=\"lazy\" decoding=\"async\" class=\"alignnone size-medium wp-image-9969\" src=\"http:\/\/blog.meineigenerweg.de\/wp-content\/uploads\/2024\/09\/IMG_8325-300x225.jpeg\" alt=\"\" width=\"300\" height=\"225\" srcset=\"http:\/\/blog.meineigenerweg.de\/wp-content\/uploads\/2024\/09\/IMG_8325-300x225.jpeg 300w, http:\/\/blog.meineigenerweg.de\/wp-content\/uploads\/2024\/09\/IMG_8325-768x576.jpeg 768w, http:\/\/blog.meineigenerweg.de\/wp-content\/uploads\/2024\/09\/IMG_8325.jpeg 1000w\" sizes=\"auto, (max-width: 300px) 100vw, 300px\" \/> <\/a><a href=\"http:\/\/blog.meineigenerweg.de\/wp-content\/uploads\/2024\/09\/IMG_8326.jpeg\"><img loading=\"lazy\" decoding=\"async\" class=\"alignnone size-medium wp-image-9968\" src=\"http:\/\/blog.meineigenerweg.de\/wp-content\/uploads\/2024\/09\/IMG_8326-300x225.jpeg\" alt=\"\" width=\"300\" height=\"225\" srcset=\"http:\/\/blog.meineigenerweg.de\/wp-content\/uploads\/2024\/09\/IMG_8326-300x225.jpeg 300w, http:\/\/blog.meineigenerweg.de\/wp-content\/uploads\/2024\/09\/IMG_8326-768x576.jpeg 768w, http:\/\/blog.meineigenerweg.de\/wp-content\/uploads\/2024\/09\/IMG_8326.jpeg 1000w\" sizes=\"auto, (max-width: 300px) 100vw, 300px\" \/><\/a><\/p>\n<p>Mit dem Rad auf dem Deich entlang ist es ein Katzensprung in das niedliche (und offensichtlich sehr wohlhabende) \u00d6rtchen Zingst. Die H\u00e4user sind h\u00e4ufig Reet gedeckt, hohe Hecken, sch\u00f6ne Tore vor entsprechend sch\u00f6n gestalteten G\u00e4rten, aber auch ein Caf\u00e9 neben dem n\u00e4chsten Restaurant neben der n\u00e4chsten Eisdiele!<br \/>\n<a href=\"http:\/\/blog.meineigenerweg.de\/wp-content\/uploads\/2024\/09\/IMG_8332.jpeg\"><img loading=\"lazy\" decoding=\"async\" class=\"alignnone size-medium wp-image-9970\" src=\"http:\/\/blog.meineigenerweg.de\/wp-content\/uploads\/2024\/09\/IMG_8332-300x225.jpeg\" alt=\"\" width=\"300\" height=\"225\" srcset=\"http:\/\/blog.meineigenerweg.de\/wp-content\/uploads\/2024\/09\/IMG_8332-300x225.jpeg 300w, http:\/\/blog.meineigenerweg.de\/wp-content\/uploads\/2024\/09\/IMG_8332-768x576.jpeg 768w, http:\/\/blog.meineigenerweg.de\/wp-content\/uploads\/2024\/09\/IMG_8332.jpeg 1000w\" sizes=\"auto, (max-width: 300px) 100vw, 300px\" \/><\/a> <a href=\"http:\/\/blog.meineigenerweg.de\/wp-content\/uploads\/2024\/09\/IMG_8333.jpeg\"><img loading=\"lazy\" decoding=\"async\" class=\"alignnone size-medium wp-image-9971\" src=\"http:\/\/blog.meineigenerweg.de\/wp-content\/uploads\/2024\/09\/IMG_8333-300x225.jpeg\" alt=\"\" width=\"300\" height=\"225\" srcset=\"http:\/\/blog.meineigenerweg.de\/wp-content\/uploads\/2024\/09\/IMG_8333-300x225.jpeg 300w, http:\/\/blog.meineigenerweg.de\/wp-content\/uploads\/2024\/09\/IMG_8333-768x576.jpeg 768w, http:\/\/blog.meineigenerweg.de\/wp-content\/uploads\/2024\/09\/IMG_8333.jpeg 1000w\" sizes=\"auto, (max-width: 300px) 100vw, 300px\" \/><\/a> <a href=\"http:\/\/blog.meineigenerweg.de\/wp-content\/uploads\/2024\/09\/IMG_8334.jpeg\"><img loading=\"lazy\" decoding=\"async\" class=\"alignnone size-medium wp-image-9972\" src=\"http:\/\/blog.meineigenerweg.de\/wp-content\/uploads\/2024\/09\/IMG_8334-300x225.jpeg\" alt=\"\" width=\"300\" height=\"225\" srcset=\"http:\/\/blog.meineigenerweg.de\/wp-content\/uploads\/2024\/09\/IMG_8334-300x225.jpeg 300w, http:\/\/blog.meineigenerweg.de\/wp-content\/uploads\/2024\/09\/IMG_8334-768x576.jpeg 768w, http:\/\/blog.meineigenerweg.de\/wp-content\/uploads\/2024\/09\/IMG_8334.jpeg 1000w\" sizes=\"auto, (max-width: 300px) 100vw, 300px\" \/><\/a> <a href=\"http:\/\/blog.meineigenerweg.de\/wp-content\/uploads\/2024\/09\/IMG_8335.jpeg\"><img loading=\"lazy\" decoding=\"async\" class=\"alignnone size-medium wp-image-9973\" src=\"http:\/\/blog.meineigenerweg.de\/wp-content\/uploads\/2024\/09\/IMG_8335-300x225.jpeg\" alt=\"\" width=\"300\" height=\"225\" srcset=\"http:\/\/blog.meineigenerweg.de\/wp-content\/uploads\/2024\/09\/IMG_8335-300x225.jpeg 300w, http:\/\/blog.meineigenerweg.de\/wp-content\/uploads\/2024\/09\/IMG_8335-768x576.jpeg 768w, http:\/\/blog.meineigenerweg.de\/wp-content\/uploads\/2024\/09\/IMG_8335.jpeg 1000w\" sizes=\"auto, (max-width: 300px) 100vw, 300px\" \/><\/a><\/p>\n<p>&nbsp;<\/p>\n<h6>Fahrradausflug zum Dar\u00dfer Leuchtturm<\/h6>\n<p>Eine kleine Strecke auf dem Deich und dann geht es in den sch\u00f6nen Mischwald des Dar\u00dfer Bodden. Unterwegs treffen wir viele anderen Urlauber die mit dem Rad oder zu Fu\u00df unterwegs sind, es herrscht eine sch\u00f6ne Sp\u00e4tsommeratmosph\u00e4re.<br \/>\n<a href=\"http:\/\/blog.meineigenerweg.de\/wp-content\/uploads\/2024\/09\/IMG_8341.jpeg\"><img loading=\"lazy\" decoding=\"async\" class=\"alignnone size-medium wp-image-9975\" src=\"http:\/\/blog.meineigenerweg.de\/wp-content\/uploads\/2024\/09\/IMG_8341-300x225.jpeg\" alt=\"\" width=\"300\" height=\"225\" srcset=\"http:\/\/blog.meineigenerweg.de\/wp-content\/uploads\/2024\/09\/IMG_8341-300x225.jpeg 300w, http:\/\/blog.meineigenerweg.de\/wp-content\/uploads\/2024\/09\/IMG_8341-768x576.jpeg 768w, http:\/\/blog.meineigenerweg.de\/wp-content\/uploads\/2024\/09\/IMG_8341.jpeg 1000w\" sizes=\"auto, (max-width: 300px) 100vw, 300px\" \/><\/a><br \/>\nDen Leuchtturm sehen wir schon vom Weg aus. Der Strand davor ist herrlich, einige Mutige sind auch im Wasser. Im Geb\u00e4ude des Leuchturms ist ein kleines Museum und ein h\u00fcbsches Caf\u00e8 im Innenhof. Wir l\u00f6sen den Eintritt, schaffen die 126 Stufen bis zum Leuchtfeuer, haben einen wunderbaren Ausblick auf den Dar\u00df und die Ostsee und anschlie\u00dfend eine leckere St\u00e4rkung in dem sch\u00f6nen Innenhof des Museums.<br \/>\n<a href=\"http:\/\/blog.meineigenerweg.de\/wp-content\/uploads\/2024\/09\/IMG_8342.jpeg\"><img loading=\"lazy\" decoding=\"async\" class=\"alignnone size-medium wp-image-9976\" src=\"http:\/\/blog.meineigenerweg.de\/wp-content\/uploads\/2024\/09\/IMG_8342-300x225.jpeg\" alt=\"\" width=\"300\" height=\"225\" srcset=\"http:\/\/blog.meineigenerweg.de\/wp-content\/uploads\/2024\/09\/IMG_8342-300x225.jpeg 300w, http:\/\/blog.meineigenerweg.de\/wp-content\/uploads\/2024\/09\/IMG_8342-768x576.jpeg 768w, http:\/\/blog.meineigenerweg.de\/wp-content\/uploads\/2024\/09\/IMG_8342.jpeg 1000w\" sizes=\"auto, (max-width: 300px) 100vw, 300px\" \/><\/a> <a href=\"http:\/\/blog.meineigenerweg.de\/wp-content\/uploads\/2024\/09\/IMG_8343.jpeg\"><img loading=\"lazy\" decoding=\"async\" class=\"alignnone size-medium wp-image-9977\" src=\"http:\/\/blog.meineigenerweg.de\/wp-content\/uploads\/2024\/09\/IMG_8343-300x225.jpeg\" alt=\"\" width=\"300\" height=\"225\" srcset=\"http:\/\/blog.meineigenerweg.de\/wp-content\/uploads\/2024\/09\/IMG_8343-300x225.jpeg 300w, http:\/\/blog.meineigenerweg.de\/wp-content\/uploads\/2024\/09\/IMG_8343-768x576.jpeg 768w, http:\/\/blog.meineigenerweg.de\/wp-content\/uploads\/2024\/09\/IMG_8343.jpeg 1000w\" sizes=\"auto, (max-width: 300px) 100vw, 300px\" \/><\/a><\/p>\n<p>&nbsp;<\/p>\n<h6>Ozeaneum Stralsund<\/h6>\n<p>Leider hat uns das gute Wetter verlassen und es regnet. Ideal f\u00fcr einen Museumsbesuch. Wir fahren nach Stralsund und gehen in das Deutsche Meerwassermuseum, das <span style=\"color: #0000ff;\"><a href=\"https:\/\/www.deutsches-meeresmuseum.de\/museumsstandorte\/ozeaneum\/ihr-besuch\" target=\"_blank\" rel=\"noopener noreferrer\"><span style=\"text-decoration: underline;\">Ozeaneum<\/span><\/a><\/span>, ein Naturkundemuseum mit Schwerpunkt Meer.<\/p>\n<p><a href=\"http:\/\/blog.meineigenerweg.de\/wp-content\/uploads\/2024\/09\/IMG_8345.jpeg\"><img loading=\"lazy\" decoding=\"async\" class=\"alignnone size-medium wp-image-9982\" src=\"http:\/\/blog.meineigenerweg.de\/wp-content\/uploads\/2024\/09\/IMG_8345-300x225.jpeg\" alt=\"\" width=\"300\" height=\"225\" srcset=\"http:\/\/blog.meineigenerweg.de\/wp-content\/uploads\/2024\/09\/IMG_8345-300x225.jpeg 300w, http:\/\/blog.meineigenerweg.de\/wp-content\/uploads\/2024\/09\/IMG_8345-768x576.jpeg 768w, http:\/\/blog.meineigenerweg.de\/wp-content\/uploads\/2024\/09\/IMG_8345.jpeg 1000w\" sizes=\"auto, (max-width: 300px) 100vw, 300px\" \/><\/a><\/p>\n<p>Das Museum ist in mehrere Themengebiete unterteilt. Vom Eingang aus folgt man der orangenen Linie, die uns durch die R\u00e4ume f\u00fchrt. Es beginnt mit Schautafeln, Erkl\u00e4rungen, Modellen und Nachbildungen zu den Weltmeeren und speziell \u00fcber den Lebensraum Ostsee.<br \/>\n<a href=\"http:\/\/blog.meineigenerweg.de\/wp-content\/uploads\/2024\/09\/IMG_8347.jpeg\"><img loading=\"lazy\" decoding=\"async\" class=\"alignnone size-medium wp-image-9983\" src=\"http:\/\/blog.meineigenerweg.de\/wp-content\/uploads\/2024\/09\/IMG_8347-300x225.jpeg\" alt=\"\" width=\"300\" height=\"225\" srcset=\"http:\/\/blog.meineigenerweg.de\/wp-content\/uploads\/2024\/09\/IMG_8347-300x225.jpeg 300w, http:\/\/blog.meineigenerweg.de\/wp-content\/uploads\/2024\/09\/IMG_8347-768x576.jpeg 768w, http:\/\/blog.meineigenerweg.de\/wp-content\/uploads\/2024\/09\/IMG_8347.jpeg 1000w\" sizes=\"auto, (max-width: 300px) 100vw, 300px\" \/><\/a><\/p>\n<p>Weiter folgen wir der orangenen Linie zu den Aquarien, wo wir die Tier- und Pflanzenwelt unter Wasser bewundern k\u00f6nnen. Auch hier sind die Aquarien nach Ost-, Nordsee und Atlantik getrennt.<\/p>\n<p><a href=\"http:\/\/blog.meineigenerweg.de\/wp-content\/uploads\/2024\/09\/IMG_8354-1.jpeg\"><img loading=\"lazy\" decoding=\"async\" class=\"alignnone size-medium wp-image-9987\" src=\"http:\/\/blog.meineigenerweg.de\/wp-content\/uploads\/2024\/09\/IMG_8354-1-300x225.jpeg\" alt=\"\" width=\"300\" height=\"225\" srcset=\"http:\/\/blog.meineigenerweg.de\/wp-content\/uploads\/2024\/09\/IMG_8354-1-300x225.jpeg 300w, http:\/\/blog.meineigenerweg.de\/wp-content\/uploads\/2024\/09\/IMG_8354-1-768x576.jpeg 768w, http:\/\/blog.meineigenerweg.de\/wp-content\/uploads\/2024\/09\/IMG_8354-1.jpeg 1000w\" sizes=\"auto, (max-width: 300px) 100vw, 300px\" \/><\/a> <a href=\"http:\/\/blog.meineigenerweg.de\/wp-content\/uploads\/2024\/09\/IMG_8361.jpeg\"><img loading=\"lazy\" decoding=\"async\" class=\"alignnone size-medium wp-image-9988\" src=\"http:\/\/blog.meineigenerweg.de\/wp-content\/uploads\/2024\/09\/IMG_8361-300x225.jpeg\" alt=\"\" width=\"300\" height=\"225\" srcset=\"http:\/\/blog.meineigenerweg.de\/wp-content\/uploads\/2024\/09\/IMG_8361-300x225.jpeg 300w, http:\/\/blog.meineigenerweg.de\/wp-content\/uploads\/2024\/09\/IMG_8361-768x576.jpeg 768w, http:\/\/blog.meineigenerweg.de\/wp-content\/uploads\/2024\/09\/IMG_8361.jpeg 1000w\" sizes=\"auto, (max-width: 300px) 100vw, 300px\" \/><\/a><br \/>\nSeeteufel<br \/>\n<a href=\"http:\/\/blog.meineigenerweg.de\/wp-content\/uploads\/2024\/09\/IMG_8362.jpeg\"><img loading=\"lazy\" decoding=\"async\" class=\"alignnone size-medium wp-image-9989\" src=\"http:\/\/blog.meineigenerweg.de\/wp-content\/uploads\/2024\/09\/IMG_8362-300x225.jpeg\" alt=\"\" width=\"300\" height=\"225\" srcset=\"http:\/\/blog.meineigenerweg.de\/wp-content\/uploads\/2024\/09\/IMG_8362-300x225.jpeg 300w, http:\/\/blog.meineigenerweg.de\/wp-content\/uploads\/2024\/09\/IMG_8362-768x576.jpeg 768w, http:\/\/blog.meineigenerweg.de\/wp-content\/uploads\/2024\/09\/IMG_8362.jpeg 1000w\" sizes=\"auto, (max-width: 300px) 100vw, 300px\" \/><\/a><br \/>\nund Seepferdchen<br \/>\n<a href=\"http:\/\/blog.meineigenerweg.de\/wp-content\/uploads\/2024\/09\/IMG_8364.jpeg\"><img loading=\"lazy\" decoding=\"async\" class=\"alignnone size-medium wp-image-9990\" src=\"http:\/\/blog.meineigenerweg.de\/wp-content\/uploads\/2024\/09\/IMG_8364-300x225.jpeg\" alt=\"\" width=\"300\" height=\"225\" srcset=\"http:\/\/blog.meineigenerweg.de\/wp-content\/uploads\/2024\/09\/IMG_8364-300x225.jpeg 300w, http:\/\/blog.meineigenerweg.de\/wp-content\/uploads\/2024\/09\/IMG_8364-768x576.jpeg 768w, http:\/\/blog.meineigenerweg.de\/wp-content\/uploads\/2024\/09\/IMG_8364.jpeg 1000w\" sizes=\"auto, (max-width: 300px) 100vw, 300px\" \/><\/a><br \/>\nSeeanemonen<br \/>\n<a href=\"http:\/\/blog.meineigenerweg.de\/wp-content\/uploads\/2024\/09\/IMG_8366.jpeg\"><img loading=\"lazy\" decoding=\"async\" class=\"alignnone size-medium wp-image-9993\" src=\"http:\/\/blog.meineigenerweg.de\/wp-content\/uploads\/2024\/09\/IMG_8366-300x225.jpeg\" alt=\"\" width=\"300\" height=\"225\" srcset=\"http:\/\/blog.meineigenerweg.de\/wp-content\/uploads\/2024\/09\/IMG_8366-300x225.jpeg 300w, http:\/\/blog.meineigenerweg.de\/wp-content\/uploads\/2024\/09\/IMG_8366-768x576.jpeg 768w, http:\/\/blog.meineigenerweg.de\/wp-content\/uploads\/2024\/09\/IMG_8366.jpeg 1000w\" sizes=\"auto, (max-width: 300px) 100vw, 300px\" \/><\/a><br \/>\nBesonders beeindruckend ist das Atlantik-Aquarium mit einer 50 Quadratmeter gro\u00dfen Panoramascheibe und einem Becken, das \u00fcber 2,6 Millionen Liter Wasser fasst.<br \/>\n<a href=\"http:\/\/blog.meineigenerweg.de\/wp-content\/uploads\/2024\/09\/IMG_8365.jpeg\"><img loading=\"lazy\" decoding=\"async\" class=\"alignnone size-medium wp-image-9992\" src=\"http:\/\/blog.meineigenerweg.de\/wp-content\/uploads\/2024\/09\/IMG_8365-300x225.jpeg\" alt=\"\" width=\"300\" height=\"225\" srcset=\"http:\/\/blog.meineigenerweg.de\/wp-content\/uploads\/2024\/09\/IMG_8365-300x225.jpeg 300w, http:\/\/blog.meineigenerweg.de\/wp-content\/uploads\/2024\/09\/IMG_8365-768x576.jpeg 768w, http:\/\/blog.meineigenerweg.de\/wp-content\/uploads\/2024\/09\/IMG_8365.jpeg 1000w\" sizes=\"auto, (max-width: 300px) 100vw, 300px\" \/><\/a><\/p>\n<p>Den historischen Stadtkern der Hansestadt Stralsund wollen wir uns nat\u00fcrlich nicht entgehen lassen und brechen morgens Mit dem Rad zu einer Besichtigungstour auf. Vorbei am Rathaus,<br \/>\n<a href=\"http:\/\/blog.meineigenerweg.de\/wp-content\/uploads\/2024\/09\/IMG_8374.jpeg\"><img loading=\"lazy\" decoding=\"async\" class=\"alignnone size-medium wp-image-10005\" src=\"http:\/\/blog.meineigenerweg.de\/wp-content\/uploads\/2024\/09\/IMG_8374-300x225.jpeg\" alt=\"\" width=\"300\" height=\"225\" srcset=\"http:\/\/blog.meineigenerweg.de\/wp-content\/uploads\/2024\/09\/IMG_8374-300x225.jpeg 300w, http:\/\/blog.meineigenerweg.de\/wp-content\/uploads\/2024\/09\/IMG_8374-768x576.jpeg 768w, http:\/\/blog.meineigenerweg.de\/wp-content\/uploads\/2024\/09\/IMG_8374.jpeg 1000w\" sizes=\"auto, (max-width: 300px) 100vw, 300px\" \/><\/a><\/p>\n<p><a href=\"http:\/\/blog.meineigenerweg.de\/wp-content\/uploads\/2024\/09\/IMG_8375.jpeg\"><img loading=\"lazy\" decoding=\"async\" class=\"alignnone size-medium wp-image-10006\" src=\"http:\/\/blog.meineigenerweg.de\/wp-content\/uploads\/2024\/09\/IMG_8375-300x225.jpeg\" alt=\"\" width=\"300\" height=\"225\" srcset=\"http:\/\/blog.meineigenerweg.de\/wp-content\/uploads\/2024\/09\/IMG_8375-300x225.jpeg 300w, http:\/\/blog.meineigenerweg.de\/wp-content\/uploads\/2024\/09\/IMG_8375-768x576.jpeg 768w, http:\/\/blog.meineigenerweg.de\/wp-content\/uploads\/2024\/09\/IMG_8375.jpeg 1000w\" sizes=\"auto, (max-width: 300px) 100vw, 300px\" \/><\/a><br \/>\nam Wulflamhaus &#8211; im UNESCO Weltkulturerbe Stadtgebiet, erbaut im 14. Jhd.<br \/>\n<a href=\"http:\/\/blog.meineigenerweg.de\/wp-content\/uploads\/2024\/09\/IMG_8376.jpeg\"><img loading=\"lazy\" decoding=\"async\" class=\"alignnone size-medium wp-image-10008\" src=\"http:\/\/blog.meineigenerweg.de\/wp-content\/uploads\/2024\/09\/IMG_8376-225x300.jpeg\" alt=\"\" width=\"225\" height=\"300\" srcset=\"http:\/\/blog.meineigenerweg.de\/wp-content\/uploads\/2024\/09\/IMG_8376-225x300.jpeg 225w, http:\/\/blog.meineigenerweg.de\/wp-content\/uploads\/2024\/09\/IMG_8376.jpeg 749w\" sizes=\"auto, (max-width: 225px) 100vw, 225px\" \/><\/a><br \/>\nin die Marienkirchen, wo wir die beeindruckende Stellwagen-Orgel aus dem 17. Jhd. besichtigten, um dann<br \/>\n<a href=\"http:\/\/blog.meineigenerweg.de\/wp-content\/uploads\/2024\/09\/IMG_8377.jpeg\"><img loading=\"lazy\" decoding=\"async\" class=\"alignnone size-medium wp-image-10009\" src=\"http:\/\/blog.meineigenerweg.de\/wp-content\/uploads\/2024\/09\/IMG_8377-225x300.jpeg\" alt=\"\" width=\"225\" height=\"300\" srcset=\"http:\/\/blog.meineigenerweg.de\/wp-content\/uploads\/2024\/09\/IMG_8377-225x300.jpeg 225w, http:\/\/blog.meineigenerweg.de\/wp-content\/uploads\/2024\/09\/IMG_8377.jpeg 750w\" sizes=\"auto, (max-width: 225px) 100vw, 225px\" \/><\/a><br \/>\nzum <span style=\"color: #0000ff;\"><a href=\"https:\/\/www.stralsund-museum.de\/standorte\/museumshaus\" target=\"_blank\" rel=\"noopener noreferrer\"><span style=\"text-decoration: underline;\">\u00e4ltesten Haus in Stralsund<\/span><\/a><\/span>, dem Museumshaus aus dem Jahr 1285 zu gelangen. Bis 1979 lebten hier noch bis zu sieben Familien. Dann wurde es restauriert und ist heute ein Museum.<br \/>\n<a href=\"http:\/\/blog.meineigenerweg.de\/wp-content\/uploads\/2024\/09\/IMG_8378.jpeg\"><img loading=\"lazy\" decoding=\"async\" class=\"alignnone size-medium wp-image-10011\" src=\"http:\/\/blog.meineigenerweg.de\/wp-content\/uploads\/2024\/09\/IMG_8378-225x300.jpeg\" alt=\"\" width=\"225\" height=\"300\" srcset=\"http:\/\/blog.meineigenerweg.de\/wp-content\/uploads\/2024\/09\/IMG_8378-225x300.jpeg 225w, http:\/\/blog.meineigenerweg.de\/wp-content\/uploads\/2024\/09\/IMG_8378.jpeg 750w\" sizes=\"auto, (max-width: 225px) 100vw, 225px\" \/><\/a> <a href=\"http:\/\/blog.meineigenerweg.de\/wp-content\/uploads\/2024\/09\/IMG_8379.jpeg\"><img loading=\"lazy\" decoding=\"async\" class=\"alignnone size-medium wp-image-10013\" src=\"http:\/\/blog.meineigenerweg.de\/wp-content\/uploads\/2024\/09\/IMG_8379-300x225.jpeg\" alt=\"\" width=\"300\" height=\"225\" srcset=\"http:\/\/blog.meineigenerweg.de\/wp-content\/uploads\/2024\/09\/IMG_8379-300x225.jpeg 300w, http:\/\/blog.meineigenerweg.de\/wp-content\/uploads\/2024\/09\/IMG_8379-768x576.jpeg 768w, http:\/\/blog.meineigenerweg.de\/wp-content\/uploads\/2024\/09\/IMG_8379.jpeg 1000w\" sizes=\"auto, (max-width: 300px) 100vw, 300px\" \/><\/a> <a href=\"http:\/\/blog.meineigenerweg.de\/wp-content\/uploads\/2024\/09\/IMG_8380.jpeg\"><img loading=\"lazy\" decoding=\"async\" class=\"alignnone size-medium wp-image-10014\" src=\"http:\/\/blog.meineigenerweg.de\/wp-content\/uploads\/2024\/09\/IMG_8380-300x225.jpeg\" alt=\"\" width=\"300\" height=\"225\" srcset=\"http:\/\/blog.meineigenerweg.de\/wp-content\/uploads\/2024\/09\/IMG_8380-300x225.jpeg 300w, http:\/\/blog.meineigenerweg.de\/wp-content\/uploads\/2024\/09\/IMG_8380-768x576.jpeg 768w, http:\/\/blog.meineigenerweg.de\/wp-content\/uploads\/2024\/09\/IMG_8380.jpeg 1000w\" sizes=\"auto, (max-width: 300px) 100vw, 300px\" \/><\/a><\/p>\n<p>&nbsp;<\/p>\n<h6>M\u00f6nchgut auf R\u00fcgen<\/h6>\n<p>Die Insel pr\u00e4sentiert sich bew\u00f6lkt und windig, aber das Meer ist recht ruhig.<\/p>\n<p><a href=\"http:\/\/blog.meineigenerweg.de\/wp-content\/uploads\/2024\/09\/IMG_8383.jpeg\"><img loading=\"lazy\" decoding=\"async\" class=\"alignnone size-medium wp-image-10017\" src=\"http:\/\/blog.meineigenerweg.de\/wp-content\/uploads\/2024\/09\/IMG_8383-300x225.jpeg\" alt=\"\" width=\"300\" height=\"225\" srcset=\"http:\/\/blog.meineigenerweg.de\/wp-content\/uploads\/2024\/09\/IMG_8383-300x225.jpeg 300w, http:\/\/blog.meineigenerweg.de\/wp-content\/uploads\/2024\/09\/IMG_8383-768x576.jpeg 768w, http:\/\/blog.meineigenerweg.de\/wp-content\/uploads\/2024\/09\/IMG_8383.jpeg 1000w\" sizes=\"auto, (max-width: 300px) 100vw, 300px\" \/> <\/a><br \/>\n\u00dcber den sch\u00f6nen, wei\u00dfen Sand laufen wir am Meer entlang, vorbei an ROTEN Strandk\u00f6rben &#8211; in der Farbe sehen wir die zum ersten mal!<br \/>\n<a href=\"http:\/\/blog.meineigenerweg.de\/wp-content\/uploads\/2024\/09\/IMG_8384.jpeg\"><img loading=\"lazy\" decoding=\"async\" class=\"alignnone size-medium wp-image-10018\" src=\"http:\/\/blog.meineigenerweg.de\/wp-content\/uploads\/2024\/09\/IMG_8384-300x225.jpeg\" alt=\"\" width=\"300\" height=\"225\" srcset=\"http:\/\/blog.meineigenerweg.de\/wp-content\/uploads\/2024\/09\/IMG_8384-300x225.jpeg 300w, http:\/\/blog.meineigenerweg.de\/wp-content\/uploads\/2024\/09\/IMG_8384-768x576.jpeg 768w, http:\/\/blog.meineigenerweg.de\/wp-content\/uploads\/2024\/09\/IMG_8384.jpeg 1000w\" sizes=\"auto, (max-width: 300px) 100vw, 300px\" \/><\/a><br \/>\nAm Nachmittag beruhigt sich das Wetter und wir nutzen die Gelegenheit zum Strandspaziergang entlang der Steilk\u00fcste.<br \/>\n<a href=\"http:\/\/blog.meineigenerweg.de\/wp-content\/uploads\/2024\/09\/IMG_8386.jpeg\"><img loading=\"lazy\" decoding=\"async\" class=\"alignnone size-medium wp-image-10025\" src=\"http:\/\/blog.meineigenerweg.de\/wp-content\/uploads\/2024\/09\/IMG_8386-300x225.jpeg\" alt=\"\" width=\"300\" height=\"225\" srcset=\"http:\/\/blog.meineigenerweg.de\/wp-content\/uploads\/2024\/09\/IMG_8386-300x225.jpeg 300w, http:\/\/blog.meineigenerweg.de\/wp-content\/uploads\/2024\/09\/IMG_8386-768x576.jpeg 768w, http:\/\/blog.meineigenerweg.de\/wp-content\/uploads\/2024\/09\/IMG_8386.jpeg 1000w\" sizes=\"auto, (max-width: 300px) 100vw, 300px\" \/> <\/a><a href=\"http:\/\/blog.meineigenerweg.de\/wp-content\/uploads\/2024\/09\/IMG_8391.jpeg\"><img loading=\"lazy\" decoding=\"async\" class=\"alignnone size-medium wp-image-10027\" src=\"http:\/\/blog.meineigenerweg.de\/wp-content\/uploads\/2024\/09\/IMG_8391-300x225.jpeg\" alt=\"\" width=\"300\" height=\"225\" srcset=\"http:\/\/blog.meineigenerweg.de\/wp-content\/uploads\/2024\/09\/IMG_8391-300x225.jpeg 300w, http:\/\/blog.meineigenerweg.de\/wp-content\/uploads\/2024\/09\/IMG_8391-768x576.jpeg 768w, http:\/\/blog.meineigenerweg.de\/wp-content\/uploads\/2024\/09\/IMG_8391.jpeg 1000w\" sizes=\"auto, (max-width: 300px) 100vw, 300px\" \/><\/a><\/p>\n<p>&nbsp;<\/p>\n<h6>Thiessow<\/h6>\n<p>Der Wind bl\u00e4st kr\u00e4ftig, aber in dem Mischwald Richtung Thiessow merken wir nicht so viel davon.<br \/>\n<a href=\"http:\/\/blog.meineigenerweg.de\/wp-content\/uploads\/2024\/09\/IMG_8401.jpeg\"><img loading=\"lazy\" decoding=\"async\" class=\"alignnone size-medium wp-image-10029\" src=\"http:\/\/blog.meineigenerweg.de\/wp-content\/uploads\/2024\/09\/IMG_8401-300x225.jpeg\" alt=\"\" width=\"300\" height=\"225\" srcset=\"http:\/\/blog.meineigenerweg.de\/wp-content\/uploads\/2024\/09\/IMG_8401-300x225.jpeg 300w, http:\/\/blog.meineigenerweg.de\/wp-content\/uploads\/2024\/09\/IMG_8401-768x576.jpeg 768w, http:\/\/blog.meineigenerweg.de\/wp-content\/uploads\/2024\/09\/IMG_8401.jpeg 1000w\" sizes=\"auto, (max-width: 300px) 100vw, 300px\" \/><\/a> <a href=\"http:\/\/blog.meineigenerweg.de\/wp-content\/uploads\/2024\/09\/IMG_8402.jpeg\"><img loading=\"lazy\" decoding=\"async\" class=\"alignnone size-medium wp-image-10030\" src=\"http:\/\/blog.meineigenerweg.de\/wp-content\/uploads\/2024\/09\/IMG_8402-300x225.jpeg\" alt=\"\" width=\"300\" height=\"225\" srcset=\"http:\/\/blog.meineigenerweg.de\/wp-content\/uploads\/2024\/09\/IMG_8402-300x225.jpeg 300w, http:\/\/blog.meineigenerweg.de\/wp-content\/uploads\/2024\/09\/IMG_8402-768x576.jpeg 768w, http:\/\/blog.meineigenerweg.de\/wp-content\/uploads\/2024\/09\/IMG_8402.jpeg 1000w\" sizes=\"auto, (max-width: 300px) 100vw, 300px\" \/><\/a><br \/>\nIn dem kleinen Ort stehen reetgedeckte H\u00e4user. Dann f\u00fchrt uns der Radweg auf den Deich, wo wir einen tollen Blick auf die Steilk\u00fcste haben.<br \/>\n<a href=\"http:\/\/blog.meineigenerweg.de\/wp-content\/uploads\/2024\/09\/IMG_8403.jpeg\"><img loading=\"lazy\" decoding=\"async\" class=\"alignnone size-medium wp-image-10032\" src=\"http:\/\/blog.meineigenerweg.de\/wp-content\/uploads\/2024\/09\/IMG_8403-300x225.jpeg\" alt=\"\" width=\"300\" height=\"225\" srcset=\"http:\/\/blog.meineigenerweg.de\/wp-content\/uploads\/2024\/09\/IMG_8403-300x225.jpeg 300w, http:\/\/blog.meineigenerweg.de\/wp-content\/uploads\/2024\/09\/IMG_8403-768x576.jpeg 768w, http:\/\/blog.meineigenerweg.de\/wp-content\/uploads\/2024\/09\/IMG_8403.jpeg 1000w\" sizes=\"auto, (max-width: 300px) 100vw, 300px\" \/><\/a><br \/>\nDabei m\u00fcssen wir aufpassen, dass uns die B\u00f6en bis zur Windst\u00e4rke acht nicht vom Rad heben! Es lohnt sich, aufs Meer zu schauen, die Wellen sind ordentlich.<br \/>\n<a href=\"http:\/\/blog.meineigenerweg.de\/wp-content\/uploads\/2024\/09\/IMG_8405.jpeg\"><img loading=\"lazy\" decoding=\"async\" class=\"alignnone size-medium wp-image-10034\" src=\"http:\/\/blog.meineigenerweg.de\/wp-content\/uploads\/2024\/09\/IMG_8405-300x225.jpeg\" alt=\"\" width=\"300\" height=\"225\" srcset=\"http:\/\/blog.meineigenerweg.de\/wp-content\/uploads\/2024\/09\/IMG_8405-300x225.jpeg 300w, http:\/\/blog.meineigenerweg.de\/wp-content\/uploads\/2024\/09\/IMG_8405-768x576.jpeg 768w, http:\/\/blog.meineigenerweg.de\/wp-content\/uploads\/2024\/09\/IMG_8405.jpeg 1000w\" sizes=\"auto, (max-width: 300px) 100vw, 300px\" \/><\/a><br \/>\nWeiter geht\u00b4s auf die h\u00f6chste Erhebung Thiessows (46m), zum Lotsenturm. In fr\u00fcheren Zeiten wurden von hier aus die Schiffe durch die schwierige Passage um die Ostseeinseln geleitet.<br \/>\n<a href=\"http:\/\/blog.meineigenerweg.de\/wp-content\/uploads\/2024\/09\/IMG_8406.jpeg\"><img loading=\"lazy\" decoding=\"async\" class=\"alignnone size-medium wp-image-10036\" src=\"http:\/\/blog.meineigenerweg.de\/wp-content\/uploads\/2024\/09\/IMG_8406-300x225.jpeg\" alt=\"\" width=\"300\" height=\"225\" srcset=\"http:\/\/blog.meineigenerweg.de\/wp-content\/uploads\/2024\/09\/IMG_8406-300x225.jpeg 300w, http:\/\/blog.meineigenerweg.de\/wp-content\/uploads\/2024\/09\/IMG_8406-768x576.jpeg 768w, http:\/\/blog.meineigenerweg.de\/wp-content\/uploads\/2024\/09\/IMG_8406.jpeg 1000w\" sizes=\"auto, (max-width: 300px) 100vw, 300px\" \/> <\/a><br \/>\n<a href=\"http:\/\/blog.meineigenerweg.de\/wp-content\/uploads\/2024\/09\/IMG_8407.jpeg\"><img loading=\"lazy\" decoding=\"async\" class=\"alignnone size-medium wp-image-10038\" src=\"http:\/\/blog.meineigenerweg.de\/wp-content\/uploads\/2024\/09\/IMG_8407-225x300.jpeg\" alt=\"\" width=\"225\" height=\"300\" srcset=\"http:\/\/blog.meineigenerweg.de\/wp-content\/uploads\/2024\/09\/IMG_8407-225x300.jpeg 225w, http:\/\/blog.meineigenerweg.de\/wp-content\/uploads\/2024\/09\/IMG_8407.jpeg 750w\" sizes=\"auto, (max-width: 225px) 100vw, 225px\" \/><\/a><br \/>\nHeute genie\u00dfen wir die beeindruckende Rundumsicht \u00fcber Meer, Bodden \u00a0und die umliegenden kleinen Ortschaften.<br \/>\n<a href=\"http:\/\/blog.meineigenerweg.de\/wp-content\/uploads\/2024\/09\/IMG_8408.jpeg\"><img loading=\"lazy\" decoding=\"async\" class=\"alignnone size-medium wp-image-10040\" src=\"http:\/\/blog.meineigenerweg.de\/wp-content\/uploads\/2024\/09\/IMG_8408-300x225.jpeg\" alt=\"\" width=\"300\" height=\"225\" srcset=\"http:\/\/blog.meineigenerweg.de\/wp-content\/uploads\/2024\/09\/IMG_8408-300x225.jpeg 300w, http:\/\/blog.meineigenerweg.de\/wp-content\/uploads\/2024\/09\/IMG_8408-768x576.jpeg 768w, http:\/\/blog.meineigenerweg.de\/wp-content\/uploads\/2024\/09\/IMG_8408.jpeg 1000w\" sizes=\"auto, (max-width: 300px) 100vw, 300px\" \/><\/a> <a href=\"http:\/\/blog.meineigenerweg.de\/wp-content\/uploads\/2024\/09\/IMG_8410.jpeg\"><img loading=\"lazy\" decoding=\"async\" class=\"alignnone size-medium wp-image-10041\" src=\"http:\/\/blog.meineigenerweg.de\/wp-content\/uploads\/2024\/09\/IMG_8410-300x225.jpeg\" alt=\"\" width=\"300\" height=\"225\" srcset=\"http:\/\/blog.meineigenerweg.de\/wp-content\/uploads\/2024\/09\/IMG_8410-300x225.jpeg 300w, http:\/\/blog.meineigenerweg.de\/wp-content\/uploads\/2024\/09\/IMG_8410-768x576.jpeg 768w, http:\/\/blog.meineigenerweg.de\/wp-content\/uploads\/2024\/09\/IMG_8410.jpeg 1000w\" sizes=\"auto, (max-width: 300px) 100vw, 300px\" \/><\/a><\/p>\n<p>&nbsp;<\/p>\n<h6>Binz<\/h6>\n<p>Unser Campingplatz liegt au\u00dferhalb von Binz in Prora. \u00dcber neu angelegten Radwege geht es am Ostseeufer entlang bis in die Innenstadt von Binz. Unterwegs kommen wir an luxuri\u00f6sen Hotels, Wohnanlagen, Villen vorbei, alles in gepflegtem schneeweiss. Auch die Binzer Innenstadt ist sehr mond\u00e4n.<\/p>\n<p><a href=\"http:\/\/blog.meineigenerweg.de\/wp-content\/uploads\/2024\/09\/IMG_8419.jpeg\"><img loading=\"lazy\" decoding=\"async\" class=\"alignnone size-medium wp-image-10046\" src=\"http:\/\/blog.meineigenerweg.de\/wp-content\/uploads\/2024\/09\/IMG_8419-300x225.jpeg\" alt=\"\" width=\"300\" height=\"225\" srcset=\"http:\/\/blog.meineigenerweg.de\/wp-content\/uploads\/2024\/09\/IMG_8419-300x225.jpeg 300w, http:\/\/blog.meineigenerweg.de\/wp-content\/uploads\/2024\/09\/IMG_8419-768x576.jpeg 768w, http:\/\/blog.meineigenerweg.de\/wp-content\/uploads\/2024\/09\/IMG_8419.jpeg 1000w\" sizes=\"auto, (max-width: 300px) 100vw, 300px\" \/><\/a><br \/>\n\u00dcber die Promenade gelangen wir zum langen Anlegesteg f\u00fcr die Ausflugsschiffe<br \/>\n<a href=\"http:\/\/blog.meineigenerweg.de\/wp-content\/uploads\/2024\/09\/IMG_8416.jpeg\"><img loading=\"lazy\" decoding=\"async\" class=\"alignnone size-medium wp-image-10043\" src=\"http:\/\/blog.meineigenerweg.de\/wp-content\/uploads\/2024\/09\/IMG_8416-300x225.jpeg\" alt=\"\" width=\"300\" height=\"225\" srcset=\"http:\/\/blog.meineigenerweg.de\/wp-content\/uploads\/2024\/09\/IMG_8416-300x225.jpeg 300w, http:\/\/blog.meineigenerweg.de\/wp-content\/uploads\/2024\/09\/IMG_8416-768x576.jpeg 768w, http:\/\/blog.meineigenerweg.de\/wp-content\/uploads\/2024\/09\/IMG_8416.jpeg 1000w\" sizes=\"auto, (max-width: 300px) 100vw, 300px\" \/><\/a><br \/>\ndirekt gegen\u00fcber dem Kurhaus.<br \/>\n<a href=\"http:\/\/blog.meineigenerweg.de\/wp-content\/uploads\/2024\/09\/IMG_8418.jpeg\"><img loading=\"lazy\" decoding=\"async\" class=\"alignnone size-medium wp-image-10044\" src=\"http:\/\/blog.meineigenerweg.de\/wp-content\/uploads\/2024\/09\/IMG_8418-300x225.jpeg\" alt=\"\" width=\"300\" height=\"225\" srcset=\"http:\/\/blog.meineigenerweg.de\/wp-content\/uploads\/2024\/09\/IMG_8418-300x225.jpeg 300w, http:\/\/blog.meineigenerweg.de\/wp-content\/uploads\/2024\/09\/IMG_8418-768x575.jpeg 768w, http:\/\/blog.meineigenerweg.de\/wp-content\/uploads\/2024\/09\/IMG_8418.jpeg 1000w\" sizes=\"auto, (max-width: 300px) 100vw, 300px\" \/><\/a><br \/>\nmit Blick auf den wundersch\u00f6nen breiten Strand<br \/>\n<a href=\"http:\/\/blog.meineigenerweg.de\/wp-content\/uploads\/2024\/09\/IMG_8417.jpeg\"><img loading=\"lazy\" decoding=\"async\" class=\"alignnone size-medium wp-image-10045\" src=\"http:\/\/blog.meineigenerweg.de\/wp-content\/uploads\/2024\/09\/IMG_8417-300x225.jpeg\" alt=\"\" width=\"300\" height=\"225\" srcset=\"http:\/\/blog.meineigenerweg.de\/wp-content\/uploads\/2024\/09\/IMG_8417-300x225.jpeg 300w, http:\/\/blog.meineigenerweg.de\/wp-content\/uploads\/2024\/09\/IMG_8417-768x576.jpeg 768w, http:\/\/blog.meineigenerweg.de\/wp-content\/uploads\/2024\/09\/IMG_8417.jpeg 1000w\" sizes=\"auto, (max-width: 300px) 100vw, 300px\" \/><\/a><\/p>\n<p>&nbsp;<\/p>\n<h6>Prora &#8211; Kraft durch Freude<\/h6>\n<p>Biegt man von unserem Campingplatz nach links auf den Radweg, st\u00f6\u00dft man schon nach kurzer Zeit auf den Koloss der ehemaligen KdF-Anlage Prora. Hier haben die Nazis 1936 Platz f\u00fcr 20.000 Erholungssuchende schaffen wollen. 1939, mit Kriegsbeginn wurden die Arbeiten jedoch eingestellt und die Arbeiter abgezogen um sie in der Kriegsindustrie einzusetzen. Die Anlage wurde nie fertiggestellt. Urspr\u00fcnglich bestand die Anlage aus 8 Bl\u00f6cken, 6km am Strand entlang! Es hei\u00dft, man k\u00f6nnte sie aus dem Weltall sehen. Und nat\u00fcrlich hat hier nie jemand Urlaub gemacht. W\u00e4hrend der Kriegszeit wurden die Geb\u00e4ude als Lazarett genutzt und anschlie\u00dfend als Ausbildungsst\u00e4tte der Volksarmee und -Polizei und als milit\u00e4rischer St\u00fctzpunkt. Nachdem in Nachkriegszeiten 3 Bl\u00f6cke gesprengt wurden und die restlichen 5 nach und nach immer mehr verfielen, wurden sie nach der Wiedervereinigung in den 1990er Jahren an einen Investor verkauft, teuer saniert und in Luxusapartments umgebaut.<br \/>\n<a href=\"http:\/\/blog.meineigenerweg.de\/wp-content\/uploads\/2024\/09\/IMG_8422.jpeg\"><img loading=\"lazy\" decoding=\"async\" class=\"alignnone size-medium wp-image-10053\" src=\"http:\/\/blog.meineigenerweg.de\/wp-content\/uploads\/2024\/09\/IMG_8422-300x225.jpeg\" alt=\"\" width=\"300\" height=\"225\" srcset=\"http:\/\/blog.meineigenerweg.de\/wp-content\/uploads\/2024\/09\/IMG_8422-300x225.jpeg 300w, http:\/\/blog.meineigenerweg.de\/wp-content\/uploads\/2024\/09\/IMG_8422-768x576.jpeg 768w, http:\/\/blog.meineigenerweg.de\/wp-content\/uploads\/2024\/09\/IMG_8422.jpeg 1000w\" sizes=\"auto, (max-width: 300px) 100vw, 300px\" \/><\/a><br \/>\nHier trifft die Ruine auf den Sanierungskomplex.<br \/>\n<a href=\"http:\/\/blog.meineigenerweg.de\/wp-content\/uploads\/2024\/09\/IMG_8425.jpeg\"><img loading=\"lazy\" decoding=\"async\" class=\"alignnone size-medium wp-image-10055\" src=\"http:\/\/blog.meineigenerweg.de\/wp-content\/uploads\/2024\/09\/IMG_8425-300x225.jpeg\" alt=\"\" width=\"300\" height=\"225\" srcset=\"http:\/\/blog.meineigenerweg.de\/wp-content\/uploads\/2024\/09\/IMG_8425-300x225.jpeg 300w, http:\/\/blog.meineigenerweg.de\/wp-content\/uploads\/2024\/09\/IMG_8425-768x576.jpeg 768w, http:\/\/blog.meineigenerweg.de\/wp-content\/uploads\/2024\/09\/IMG_8425.jpeg 1000w\" sizes=\"auto, (max-width: 300px) 100vw, 300px\" \/><\/a><br \/>\nIn der Dokumentationsstelle, die in einem abbruchreifen Geb\u00e4ude des Komplexes untergebracht ist, erfahren wir mehr \u00fcber die Hintergr\u00fcnde und die Entwicklung.<\/p>\n<p>So hatte sich das NS-Regime die Anlage vorgestellt (Model)<br \/>\n<a href=\"http:\/\/blog.meineigenerweg.de\/wp-content\/uploads\/2024\/09\/IMG_8430.jpeg\"><img loading=\"lazy\" decoding=\"async\" class=\"alignnone size-medium wp-image-10056\" src=\"http:\/\/blog.meineigenerweg.de\/wp-content\/uploads\/2024\/09\/IMG_8430-225x300.jpeg\" alt=\"\" width=\"225\" height=\"300\" srcset=\"http:\/\/blog.meineigenerweg.de\/wp-content\/uploads\/2024\/09\/IMG_8430-225x300.jpeg 225w, http:\/\/blog.meineigenerweg.de\/wp-content\/uploads\/2024\/09\/IMG_8430.jpeg 750w\" sizes=\"auto, (max-width: 225px) 100vw, 225px\" \/><\/a><br \/>\n<a href=\"http:\/\/blog.meineigenerweg.de\/wp-content\/uploads\/2024\/09\/IMG_8431.jpeg\"><img loading=\"lazy\" decoding=\"async\" class=\"alignnone size-medium wp-image-10057\" src=\"http:\/\/blog.meineigenerweg.de\/wp-content\/uploads\/2024\/09\/IMG_8431-300x225.jpeg\" alt=\"\" width=\"300\" height=\"225\" srcset=\"http:\/\/blog.meineigenerweg.de\/wp-content\/uploads\/2024\/09\/IMG_8431-300x225.jpeg 300w, http:\/\/blog.meineigenerweg.de\/wp-content\/uploads\/2024\/09\/IMG_8431-768x576.jpeg 768w, http:\/\/blog.meineigenerweg.de\/wp-content\/uploads\/2024\/09\/IMG_8431.jpeg 1000w\" sizes=\"auto, (max-width: 300px) 100vw, 300px\" \/><\/a><\/p>\n<p>&nbsp;<\/p>\n<h6>Putbus &#8211; Das Haus auf dem Kopf<\/h6>\n<p>Wir machen uns mit dem Rad auf den Weg nach Putbus, eine echte Herausforderung! Der Weg ist \u00fcber weite Strecken mit dicken Kieselsteinen gepflastert, oder von gro\u00dfen Landmaschinen aufgerissen. \u00a0Unser Ziel ist das <span style=\"color: #0000ff;\"><a href=\"https:\/\/www.pirateninsel-ruegen.de\/haus-ueber-kopf.html\" target=\"_blank\" rel=\"noopener noreferrer\"><span style=\"text-decoration: underline;\">Haus, das auf dem Kopf steht <\/span><\/a><\/span>.<br \/>\n<a href=\"http:\/\/blog.meineigenerweg.de\/wp-content\/uploads\/2024\/09\/IMG_8436.jpeg\"><img loading=\"lazy\" decoding=\"async\" class=\"alignnone size-medium wp-image-10062\" src=\"http:\/\/blog.meineigenerweg.de\/wp-content\/uploads\/2024\/09\/IMG_8436-300x225.jpeg\" alt=\"\" width=\"300\" height=\"225\" srcset=\"http:\/\/blog.meineigenerweg.de\/wp-content\/uploads\/2024\/09\/IMG_8436-300x225.jpeg 300w, http:\/\/blog.meineigenerweg.de\/wp-content\/uploads\/2024\/09\/IMG_8436-768x576.jpeg 768w, http:\/\/blog.meineigenerweg.de\/wp-content\/uploads\/2024\/09\/IMG_8436.jpeg 1000w\" sizes=\"auto, (max-width: 300px) 100vw, 300px\" \/><\/a> <a href=\"http:\/\/blog.meineigenerweg.de\/wp-content\/uploads\/2024\/09\/IMG_8437.jpeg\"><img loading=\"lazy\" decoding=\"async\" class=\"alignnone size-medium wp-image-10063\" src=\"http:\/\/blog.meineigenerweg.de\/wp-content\/uploads\/2024\/09\/IMG_8437-300x225.jpeg\" alt=\"\" width=\"300\" height=\"225\" srcset=\"http:\/\/blog.meineigenerweg.de\/wp-content\/uploads\/2024\/09\/IMG_8437-300x225.jpeg 300w, http:\/\/blog.meineigenerweg.de\/wp-content\/uploads\/2024\/09\/IMG_8437-768x576.jpeg 768w, http:\/\/blog.meineigenerweg.de\/wp-content\/uploads\/2024\/09\/IMG_8437.jpeg 1000w\" sizes=\"auto, (max-width: 300px) 100vw, 300px\" \/><\/a><br \/>\nEs steht tats\u00e4chlich auf dem Kopf.<br \/>\n<a href=\"http:\/\/blog.meineigenerweg.de\/wp-content\/uploads\/2024\/09\/IMG_8439.jpeg\"><img loading=\"lazy\" decoding=\"async\" class=\"alignnone size-medium wp-image-10065\" src=\"http:\/\/blog.meineigenerweg.de\/wp-content\/uploads\/2024\/09\/IMG_8439-300x225.jpeg\" alt=\"\" width=\"300\" height=\"225\" srcset=\"http:\/\/blog.meineigenerweg.de\/wp-content\/uploads\/2024\/09\/IMG_8439-300x225.jpeg 300w, http:\/\/blog.meineigenerweg.de\/wp-content\/uploads\/2024\/09\/IMG_8439-768x576.jpeg 768w, http:\/\/blog.meineigenerweg.de\/wp-content\/uploads\/2024\/09\/IMG_8439.jpeg 1000w\" sizes=\"auto, (max-width: 300px) 100vw, 300px\" \/><\/a><br \/>\nUnd innen sind wir diejenigen, die verkehrt herum stehen. So klappt der Handstand auf der Toilette<br \/>\n<a href=\"http:\/\/blog.meineigenerweg.de\/wp-content\/uploads\/2024\/09\/IMG_8443.jpeg\"><img loading=\"lazy\" decoding=\"async\" class=\"alignnone size-medium wp-image-10067\" src=\"http:\/\/blog.meineigenerweg.de\/wp-content\/uploads\/2024\/09\/IMG_8443-225x300.jpeg\" alt=\"\" width=\"225\" height=\"300\" srcset=\"http:\/\/blog.meineigenerweg.de\/wp-content\/uploads\/2024\/09\/IMG_8443-225x300.jpeg 225w, http:\/\/blog.meineigenerweg.de\/wp-content\/uploads\/2024\/09\/IMG_8443.jpeg 750w\" sizes=\"auto, (max-width: 225px) 100vw, 225px\" \/><\/a><br \/>\n\u2026oder Kirchen-klimbing<br \/>\n<a href=\"http:\/\/blog.meineigenerweg.de\/wp-content\/uploads\/2024\/09\/IMG_8444.jpeg\"><img loading=\"lazy\" decoding=\"async\" class=\"alignnone size-medium wp-image-10068\" src=\"http:\/\/blog.meineigenerweg.de\/wp-content\/uploads\/2024\/09\/IMG_8444-300x225.jpeg\" alt=\"\" width=\"300\" height=\"225\" srcset=\"http:\/\/blog.meineigenerweg.de\/wp-content\/uploads\/2024\/09\/IMG_8444-300x225.jpeg 300w, http:\/\/blog.meineigenerweg.de\/wp-content\/uploads\/2024\/09\/IMG_8444-768x576.jpeg 768w, http:\/\/blog.meineigenerweg.de\/wp-content\/uploads\/2024\/09\/IMG_8444.jpeg 1000w\" sizes=\"auto, (max-width: 300px) 100vw, 300px\" \/><\/a><br \/>\n..oder als Spiderman unter der Schlafzimmerdecke<br \/>\n<a href=\"http:\/\/blog.meineigenerweg.de\/wp-content\/uploads\/2024\/09\/IMG_8446.jpeg\"><img loading=\"lazy\" decoding=\"async\" class=\"alignnone size-medium wp-image-10069\" src=\"http:\/\/blog.meineigenerweg.de\/wp-content\/uploads\/2024\/09\/IMG_8446-300x225.jpeg\" alt=\"\" width=\"300\" height=\"225\" srcset=\"http:\/\/blog.meineigenerweg.de\/wp-content\/uploads\/2024\/09\/IMG_8446-300x225.jpeg 300w, http:\/\/blog.meineigenerweg.de\/wp-content\/uploads\/2024\/09\/IMG_8446-768x576.jpeg 768w, http:\/\/blog.meineigenerweg.de\/wp-content\/uploads\/2024\/09\/IMG_8446.jpeg 1000w\" sizes=\"auto, (max-width: 300px) 100vw, 300px\" \/><\/a><br \/>\nUnd hier die Aufl\u00f6sung: alle M\u00f6bel h\u00e4ngen an der Decke und wir krabbeln auf dem Boden herum!<br \/>\n<a href=\"http:\/\/blog.meineigenerweg.de\/wp-content\/uploads\/2024\/09\/IMG_8447.jpeg\"><img loading=\"lazy\" decoding=\"async\" class=\"alignnone size-medium wp-image-10070\" src=\"http:\/\/blog.meineigenerweg.de\/wp-content\/uploads\/2024\/09\/IMG_8447-300x225.jpeg\" alt=\"\" width=\"300\" height=\"225\" srcset=\"http:\/\/blog.meineigenerweg.de\/wp-content\/uploads\/2024\/09\/IMG_8447-300x225.jpeg 300w, http:\/\/blog.meineigenerweg.de\/wp-content\/uploads\/2024\/09\/IMG_8447-768x576.jpeg 768w, http:\/\/blog.meineigenerweg.de\/wp-content\/uploads\/2024\/09\/IMG_8447.jpeg 1000w\" sizes=\"auto, (max-width: 300px) 100vw, 300px\" \/><\/a><\/p>\n<p>&nbsp;<\/p>\n<h6>Der Rasende Roland<\/h6>\n<p>Auf dem R\u00fcckweg wartet der \u00b4Rasende Roland` auf uns, eine alte Schmalspur-Dampflokomotive, die \u00fcber die Insel f\u00e4hrt.<br \/>\n<a href=\"http:\/\/blog.meineigenerweg.de\/wp-content\/uploads\/2024\/09\/IMG_8450.jpeg\"><img loading=\"lazy\" decoding=\"async\" class=\"alignnone size-medium wp-image-10073\" src=\"http:\/\/blog.meineigenerweg.de\/wp-content\/uploads\/2024\/09\/IMG_8450-300x225.jpeg\" alt=\"\" width=\"300\" height=\"225\" srcset=\"http:\/\/blog.meineigenerweg.de\/wp-content\/uploads\/2024\/09\/IMG_8450-300x225.jpeg 300w, http:\/\/blog.meineigenerweg.de\/wp-content\/uploads\/2024\/09\/IMG_8450-768x576.jpeg 768w, http:\/\/blog.meineigenerweg.de\/wp-content\/uploads\/2024\/09\/IMG_8450.jpeg 1000w\" sizes=\"auto, (max-width: 300px) 100vw, 300px\" \/><\/a><br \/>\nWir sitzen im \u00b4Cabriolet-Waggon`und genie\u00dfen die Dampfwolke!<br \/>\n<a href=\"http:\/\/blog.meineigenerweg.de\/wp-content\/uploads\/2024\/09\/IMG_8452.jpeg\"><img loading=\"lazy\" decoding=\"async\" class=\"alignnone size-medium wp-image-10074\" src=\"http:\/\/blog.meineigenerweg.de\/wp-content\/uploads\/2024\/09\/IMG_8452-300x225.jpeg\" alt=\"\" width=\"300\" height=\"225\" srcset=\"http:\/\/blog.meineigenerweg.de\/wp-content\/uploads\/2024\/09\/IMG_8452-300x225.jpeg 300w, http:\/\/blog.meineigenerweg.de\/wp-content\/uploads\/2024\/09\/IMG_8452-768x576.jpeg 768w, http:\/\/blog.meineigenerweg.de\/wp-content\/uploads\/2024\/09\/IMG_8452.jpeg 1000w\" sizes=\"auto, (max-width: 300px) 100vw, 300px\" \/><\/a><br \/>\nK\u00f6nnen aber auch im Salonwagen eine Erfrischung genie\u00dfen.<br \/>\n<a href=\"http:\/\/blog.meineigenerweg.de\/wp-content\/uploads\/2024\/09\/IMG_8454.jpeg\"><img loading=\"lazy\" decoding=\"async\" class=\"alignnone size-medium wp-image-10075\" src=\"http:\/\/blog.meineigenerweg.de\/wp-content\/uploads\/2024\/09\/IMG_8454-300x225.jpeg\" alt=\"\" width=\"300\" height=\"225\" srcset=\"http:\/\/blog.meineigenerweg.de\/wp-content\/uploads\/2024\/09\/IMG_8454-300x225.jpeg 300w, http:\/\/blog.meineigenerweg.de\/wp-content\/uploads\/2024\/09\/IMG_8454-768x576.jpeg 768w, http:\/\/blog.meineigenerweg.de\/wp-content\/uploads\/2024\/09\/IMG_8454.jpeg 1000w\" sizes=\"auto, (max-width: 300px) 100vw, 300px\" \/><\/a><\/p>\n<p>&nbsp;<\/p>\n<h6>Sassnitz &#8211; Mit dem Kutter zum K\u00f6nigsstuhl<\/h6>\n<p>Unseren letzten Tag auf R\u00fcgen verbringen wir auf einem umgebauten Fischkutter, der entlang der Kreidesteilk\u00fcste bis zum \u00b4K\u00f6nigsstuhl` f\u00e4hrt.<br \/>\n<a href=\"http:\/\/blog.meineigenerweg.de\/wp-content\/uploads\/2024\/09\/IMG_8456.jpeg\"><img loading=\"lazy\" decoding=\"async\" class=\"alignnone size-medium wp-image-10079\" src=\"http:\/\/blog.meineigenerweg.de\/wp-content\/uploads\/2024\/09\/IMG_8456-300x225.jpeg\" alt=\"\" width=\"300\" height=\"225\" srcset=\"http:\/\/blog.meineigenerweg.de\/wp-content\/uploads\/2024\/09\/IMG_8456-300x225.jpeg 300w, http:\/\/blog.meineigenerweg.de\/wp-content\/uploads\/2024\/09\/IMG_8456-768x576.jpeg 768w, http:\/\/blog.meineigenerweg.de\/wp-content\/uploads\/2024\/09\/IMG_8456.jpeg 1000w\" sizes=\"auto, (max-width: 300px) 100vw, 300px\" \/><\/a><br \/>\nWir sehen den Unesco-Weltnaturerbe-Park Jasmund von der Seeseite. Bei rauhem Wind und kabbelieger See haben wir einen fantastischen Blick auf die Kreidefelsen, von denen allerdings in jedem Jahr gro\u00dfe St\u00fccke abbrechen.<br \/>\n<a href=\"http:\/\/blog.meineigenerweg.de\/wp-content\/uploads\/2024\/09\/IMG_8460.jpeg\"><img loading=\"lazy\" decoding=\"async\" class=\"alignnone size-medium wp-image-10081\" src=\"http:\/\/blog.meineigenerweg.de\/wp-content\/uploads\/2024\/09\/IMG_8460-300x225.jpeg\" alt=\"\" width=\"300\" height=\"225\" srcset=\"http:\/\/blog.meineigenerweg.de\/wp-content\/uploads\/2024\/09\/IMG_8460-300x225.jpeg 300w, http:\/\/blog.meineigenerweg.de\/wp-content\/uploads\/2024\/09\/IMG_8460-768x576.jpeg 768w, http:\/\/blog.meineigenerweg.de\/wp-content\/uploads\/2024\/09\/IMG_8460.jpeg 1000w\" sizes=\"auto, (max-width: 300px) 100vw, 300px\" \/><\/a><a href=\"http:\/\/blog.meineigenerweg.de\/wp-content\/uploads\/2024\/09\/IMG_8458.jpeg\">\u00a0<img loading=\"lazy\" decoding=\"async\" class=\"alignnone size-medium wp-image-10080\" src=\"http:\/\/blog.meineigenerweg.de\/wp-content\/uploads\/2024\/09\/IMG_8458-300x225.jpeg\" alt=\"\" width=\"300\" height=\"225\" srcset=\"http:\/\/blog.meineigenerweg.de\/wp-content\/uploads\/2024\/09\/IMG_8458-300x225.jpeg 300w, http:\/\/blog.meineigenerweg.de\/wp-content\/uploads\/2024\/09\/IMG_8458-768x576.jpeg 768w, http:\/\/blog.meineigenerweg.de\/wp-content\/uploads\/2024\/09\/IMG_8458.jpeg 1000w\" sizes=\"auto, (max-width: 300px) 100vw, 300px\" \/><\/a><br \/>\nDie Fahrt geht bis zum K\u00f6nigsstuhl. Der Sage nach soll in fr\u00fcheren Zeiten derjenige, der von Meerseite aus den Felsen besteigt und auf dem Stuhl aus Erde Platz nimmt, Herrscher des Landes Pommern werden. Die Versuche endeten immer wieder mit Abst\u00fcrzen oder Rettungsaktionen durch die Feuerwehr!<br \/>\n<a href=\"http:\/\/blog.meineigenerweg.de\/wp-content\/uploads\/2024\/09\/IMG_8464.jpeg\"><img loading=\"lazy\" decoding=\"async\" class=\"alignnone size-medium wp-image-10082\" src=\"http:\/\/blog.meineigenerweg.de\/wp-content\/uploads\/2024\/09\/IMG_8464-300x225.jpeg\" alt=\"\" width=\"300\" height=\"225\" srcset=\"http:\/\/blog.meineigenerweg.de\/wp-content\/uploads\/2024\/09\/IMG_8464-300x225.jpeg 300w, http:\/\/blog.meineigenerweg.de\/wp-content\/uploads\/2024\/09\/IMG_8464-768x576.jpeg 768w, http:\/\/blog.meineigenerweg.de\/wp-content\/uploads\/2024\/09\/IMG_8464.jpeg 1000w\" sizes=\"auto, (max-width: 300px) 100vw, 300px\" \/><\/a><\/p>\n<p>&nbsp;<\/p>\n<h6>Greifswald<\/h6>\n<p>Heute ist der Herbst mit Regen, Sturm und dicken Wolken im Osten angekommen. Unsere Fahrt geht nach Greifswald. Der WoMo-Stellplatz liegt direkt am Museumshafen.<br \/>\n<a href=\"http:\/\/blog.meineigenerweg.de\/wp-content\/uploads\/2024\/09\/IMG_8478.jpeg\"><img loading=\"lazy\" decoding=\"async\" class=\"alignnone size-medium wp-image-10086\" src=\"http:\/\/blog.meineigenerweg.de\/wp-content\/uploads\/2024\/09\/IMG_8478-300x225.jpeg\" alt=\"\" width=\"300\" height=\"225\" srcset=\"http:\/\/blog.meineigenerweg.de\/wp-content\/uploads\/2024\/09\/IMG_8478-300x225.jpeg 300w, http:\/\/blog.meineigenerweg.de\/wp-content\/uploads\/2024\/09\/IMG_8478-768x576.jpeg 768w, http:\/\/blog.meineigenerweg.de\/wp-content\/uploads\/2024\/09\/IMG_8478.jpeg 1000w\" sizes=\"auto, (max-width: 300px) 100vw, 300px\" \/><\/a><br \/>\nAm Museumshafen entlang laufen \u00a0wir bis zum Marktplatz, der von sch\u00f6nen alten Geb\u00e4uden umstellt ist.<br \/>\n<a href=\"http:\/\/blog.meineigenerweg.de\/wp-content\/uploads\/2024\/09\/IMG_8477.jpeg\"><img loading=\"lazy\" decoding=\"async\" class=\"alignnone size-medium wp-image-10085\" src=\"http:\/\/blog.meineigenerweg.de\/wp-content\/uploads\/2024\/09\/IMG_8477-300x225.jpeg\" alt=\"\" width=\"300\" height=\"225\" srcset=\"http:\/\/blog.meineigenerweg.de\/wp-content\/uploads\/2024\/09\/IMG_8477-300x225.jpeg 300w, http:\/\/blog.meineigenerweg.de\/wp-content\/uploads\/2024\/09\/IMG_8477-768x576.jpeg 768w, http:\/\/blog.meineigenerweg.de\/wp-content\/uploads\/2024\/09\/IMG_8477.jpeg 1000w\" sizes=\"auto, (max-width: 300px) 100vw, 300px\" \/> <\/a><br \/>\n<a href=\"http:\/\/blog.meineigenerweg.de\/wp-content\/uploads\/2024\/09\/IMG_8479.jpeg\"><img loading=\"lazy\" decoding=\"async\" class=\"alignnone size-medium wp-image-10087\" src=\"http:\/\/blog.meineigenerweg.de\/wp-content\/uploads\/2024\/09\/IMG_8479-225x300.jpeg\" alt=\"\" width=\"225\" height=\"300\" srcset=\"http:\/\/blog.meineigenerweg.de\/wp-content\/uploads\/2024\/09\/IMG_8479-225x300.jpeg 225w, http:\/\/blog.meineigenerweg.de\/wp-content\/uploads\/2024\/09\/IMG_8479.jpeg 750w\" sizes=\"auto, (max-width: 225px) 100vw, 225px\" \/><\/a><br \/>\nWeiter zum St. Nikolai Dom mit dem neuen Ostfenster.<br \/>\n<a href=\"http:\/\/blog.meineigenerweg.de\/wp-content\/uploads\/2024\/09\/IMG_8480.jpeg\"><img loading=\"lazy\" decoding=\"async\" class=\"alignnone size-medium wp-image-10089\" src=\"http:\/\/blog.meineigenerweg.de\/wp-content\/uploads\/2024\/09\/IMG_8480-225x300.jpeg\" alt=\"\" width=\"225\" height=\"300\" srcset=\"http:\/\/blog.meineigenerweg.de\/wp-content\/uploads\/2024\/09\/IMG_8480-225x300.jpeg 225w, http:\/\/blog.meineigenerweg.de\/wp-content\/uploads\/2024\/09\/IMG_8480.jpeg 750w\" sizes=\"auto, (max-width: 225px) 100vw, 225px\" \/> <\/a><a href=\"http:\/\/blog.meineigenerweg.de\/wp-content\/uploads\/2024\/09\/IMG_8481.jpeg\"><img loading=\"lazy\" decoding=\"async\" class=\"alignnone size-medium wp-image-10091\" src=\"http:\/\/blog.meineigenerweg.de\/wp-content\/uploads\/2024\/09\/IMG_8481-225x300.jpeg\" alt=\"\" width=\"225\" height=\"300\" srcset=\"http:\/\/blog.meineigenerweg.de\/wp-content\/uploads\/2024\/09\/IMG_8481-225x300.jpeg 225w, http:\/\/blog.meineigenerweg.de\/wp-content\/uploads\/2024\/09\/IMG_8481.jpeg 749w\" sizes=\"auto, (max-width: 225px) 100vw, 225px\" \/><\/a><br \/>\nDer Regen will \u00fcberhaupt nicht weniger werden &#8211; also: Museumstag! Das Pommerschen Landesmuseum zeigt anl\u00e4sslich des 250. Geburtstags des ber\u00fchmten Sohnes Stadt, Caspar David Friedrich, die Ausstellung \u00b4Sehnsuchtsorte`.<br \/>\n<a href=\"http:\/\/blog.meineigenerweg.de\/wp-content\/uploads\/2024\/09\/IMG_8482.jpeg\"><img loading=\"lazy\" decoding=\"async\" class=\"alignnone size-medium wp-image-10093\" src=\"http:\/\/blog.meineigenerweg.de\/wp-content\/uploads\/2024\/09\/IMG_8482-300x225.jpeg\" alt=\"\" width=\"300\" height=\"225\" srcset=\"http:\/\/blog.meineigenerweg.de\/wp-content\/uploads\/2024\/09\/IMG_8482-300x225.jpeg 300w, http:\/\/blog.meineigenerweg.de\/wp-content\/uploads\/2024\/09\/IMG_8482-768x576.jpeg 768w, http:\/\/blog.meineigenerweg.de\/wp-content\/uploads\/2024\/09\/IMG_8482.jpeg 1000w\" sizes=\"auto, (max-width: 300px) 100vw, 300px\" \/><\/a><br \/>\n<a href=\"http:\/\/blog.meineigenerweg.de\/wp-content\/uploads\/2024\/09\/IMG_8483.jpeg\"><img loading=\"lazy\" decoding=\"async\" class=\"alignnone size-medium wp-image-10094\" src=\"http:\/\/blog.meineigenerweg.de\/wp-content\/uploads\/2024\/09\/IMG_8483-225x300.jpeg\" alt=\"\" width=\"225\" height=\"300\" srcset=\"http:\/\/blog.meineigenerweg.de\/wp-content\/uploads\/2024\/09\/IMG_8483-225x300.jpeg 225w, http:\/\/blog.meineigenerweg.de\/wp-content\/uploads\/2024\/09\/IMG_8483.jpeg 750w\" sizes=\"auto, (max-width: 225px) 100vw, 225px\" \/><\/a><span style=\"color: #111111; font-size: 0.95em;\">Die Urlaubsfahrt geht weiter auf die Insel Usedom und dort nach Koserow. Das Wetter ist sehr st\u00fcrmisch und die Ostsee sehr aufgew\u00fchlt.<\/span><\/p>\n<p><a href=\"http:\/\/blog.meineigenerweg.de\/wp-content\/uploads\/2024\/09\/IMG_8485.jpeg\"><img loading=\"lazy\" decoding=\"async\" class=\"alignnone size-medium wp-image-10106\" src=\"http:\/\/blog.meineigenerweg.de\/wp-content\/uploads\/2024\/09\/IMG_8485-300x225.jpeg\" alt=\"\" width=\"300\" height=\"225\" srcset=\"http:\/\/blog.meineigenerweg.de\/wp-content\/uploads\/2024\/09\/IMG_8485-300x225.jpeg 300w, http:\/\/blog.meineigenerweg.de\/wp-content\/uploads\/2024\/09\/IMG_8485-768x576.jpeg 768w, http:\/\/blog.meineigenerweg.de\/wp-content\/uploads\/2024\/09\/IMG_8485.jpeg 1000w\" sizes=\"auto, (max-width: 300px) 100vw, 300px\" \/>\u00a0<\/a><br \/>\nDer Himmel sieht nach Unwetter aus.<br \/>\n<a href=\"http:\/\/blog.meineigenerweg.de\/wp-content\/uploads\/2024\/09\/IMG_8487.jpeg\"><img loading=\"lazy\" decoding=\"async\" class=\"alignnone size-medium wp-image-10107\" src=\"http:\/\/blog.meineigenerweg.de\/wp-content\/uploads\/2024\/09\/IMG_8487-300x225.jpeg\" alt=\"\" width=\"300\" height=\"225\" srcset=\"http:\/\/blog.meineigenerweg.de\/wp-content\/uploads\/2024\/09\/IMG_8487-300x225.jpeg 300w, http:\/\/blog.meineigenerweg.de\/wp-content\/uploads\/2024\/09\/IMG_8487-768x576.jpeg 768w, http:\/\/blog.meineigenerweg.de\/wp-content\/uploads\/2024\/09\/IMG_8487.jpeg 1000w\" sizes=\"auto, (max-width: 300px) 100vw, 300px\" \/><\/a><br \/>\n\u00dcber die neue Landungsbr\u00fccke kommt man weit hinaus in Meer und wird von Wind und Wellen und Spritzwasser umsp\u00fclt.<br \/>\n<a href=\"http:\/\/blog.meineigenerweg.de\/wp-content\/uploads\/2024\/09\/IMG_8489.jpeg\"><img loading=\"lazy\" decoding=\"async\" class=\"alignnone size-medium wp-image-10109\" src=\"http:\/\/blog.meineigenerweg.de\/wp-content\/uploads\/2024\/09\/IMG_8489-300x225.jpeg\" alt=\"\" width=\"300\" height=\"225\" srcset=\"http:\/\/blog.meineigenerweg.de\/wp-content\/uploads\/2024\/09\/IMG_8489-300x225.jpeg 300w, http:\/\/blog.meineigenerweg.de\/wp-content\/uploads\/2024\/09\/IMG_8489-768x576.jpeg 768w, http:\/\/blog.meineigenerweg.de\/wp-content\/uploads\/2024\/09\/IMG_8489.jpeg 1000w\" sizes=\"auto, (max-width: 300px) 100vw, 300px\" \/><\/a><br \/>\nAn anderer Stelle kann man \u00fcber eine spektakul\u00e4re Treppe von der Steilk\u00fcste hinunter zum Strand kommen<br \/>\n<a href=\"http:\/\/blog.meineigenerweg.de\/wp-content\/uploads\/2024\/09\/IMG_8492.jpeg\"><img loading=\"lazy\" decoding=\"async\" class=\"alignnone size-medium wp-image-10111\" src=\"http:\/\/blog.meineigenerweg.de\/wp-content\/uploads\/2024\/09\/IMG_8492-300x225.jpeg\" alt=\"\" width=\"300\" height=\"225\" srcset=\"http:\/\/blog.meineigenerweg.de\/wp-content\/uploads\/2024\/09\/IMG_8492-300x225.jpeg 300w, http:\/\/blog.meineigenerweg.de\/wp-content\/uploads\/2024\/09\/IMG_8492-768x576.jpeg 768w, http:\/\/blog.meineigenerweg.de\/wp-content\/uploads\/2024\/09\/IMG_8492.jpeg 1000w\" sizes=\"auto, (max-width: 300px) 100vw, 300px\" \/><\/a><br \/>\nund sch\u00f6n an der K\u00fcste entlang spazieren.<br \/>\n<a href=\"http:\/\/blog.meineigenerweg.de\/wp-content\/uploads\/2024\/09\/IMG_8494.jpeg\"><img loading=\"lazy\" decoding=\"async\" class=\"alignnone size-medium wp-image-10114\" src=\"http:\/\/blog.meineigenerweg.de\/wp-content\/uploads\/2024\/09\/IMG_8494-300x225.jpeg\" alt=\"\" width=\"300\" height=\"225\" srcset=\"http:\/\/blog.meineigenerweg.de\/wp-content\/uploads\/2024\/09\/IMG_8494-300x225.jpeg 300w, http:\/\/blog.meineigenerweg.de\/wp-content\/uploads\/2024\/09\/IMG_8494-768x576.jpeg 768w, http:\/\/blog.meineigenerweg.de\/wp-content\/uploads\/2024\/09\/IMG_8494.jpeg 1000w\" sizes=\"auto, (max-width: 300px) 100vw, 300px\" \/>\u00a0<\/a><br \/>\nIn der N\u00e4he des Strand gibt es die alten Salzh\u00fctten, in denen fr\u00fcher der frisch gefangene Fisch \u00fcber Buchenholz ger\u00e4uchert wurde. Heute ist es nur noch Show und es sind entweder Shops oder Restaurants.<br \/>\n<a href=\"http:\/\/blog.meineigenerweg.de\/wp-content\/uploads\/2024\/09\/IMG_8496.jpeg\"><img loading=\"lazy\" decoding=\"async\" class=\"alignnone size-medium wp-image-10116\" src=\"http:\/\/blog.meineigenerweg.de\/wp-content\/uploads\/2024\/09\/IMG_8496-300x225.jpeg\" alt=\"\" width=\"300\" height=\"225\" srcset=\"http:\/\/blog.meineigenerweg.de\/wp-content\/uploads\/2024\/09\/IMG_8496-300x225.jpeg 300w, http:\/\/blog.meineigenerweg.de\/wp-content\/uploads\/2024\/09\/IMG_8496-768x576.jpeg 768w, http:\/\/blog.meineigenerweg.de\/wp-content\/uploads\/2024\/09\/IMG_8496.jpeg 1000w\" sizes=\"auto, (max-width: 300px) 100vw, 300px\" \/>\u00a0<\/a><\/p>\n<p>&nbsp;<\/p>\n<h6>Wangen an der M\u00fcritz<\/h6>\n<p>\u00dcber eine der vielen baumbestandenen Alleen verlassen wir die Insel Usedom und kehren auf das Festland zur\u00fcck.<br \/>\n<a href=\"http:\/\/blog.meineigenerweg.de\/wp-content\/uploads\/2024\/10\/IMG_8500.jpeg\"><img loading=\"lazy\" decoding=\"async\" class=\"alignnone size-medium wp-image-10120\" src=\"http:\/\/blog.meineigenerweg.de\/wp-content\/uploads\/2024\/10\/IMG_8500-225x300.jpeg\" alt=\"\" width=\"225\" height=\"300\" srcset=\"http:\/\/blog.meineigenerweg.de\/wp-content\/uploads\/2024\/10\/IMG_8500-225x300.jpeg 225w, http:\/\/blog.meineigenerweg.de\/wp-content\/uploads\/2024\/10\/IMG_8500.jpeg 750w\" sizes=\"auto, (max-width: 225px) 100vw, 225px\" \/><\/a><br \/>\nAn der Zecheriner Br\u00fccke, die die Insel mit dem Festland verbindet sehen wir noch eine surreale Landschaft aus abgestorbenen B\u00e4umen im Wasser.<br \/>\n<a href=\"http:\/\/blog.meineigenerweg.de\/wp-content\/uploads\/2024\/09\/IMG_8501.jpeg\"><img loading=\"lazy\" decoding=\"async\" class=\"alignnone size-medium wp-image-10121\" src=\"http:\/\/blog.meineigenerweg.de\/wp-content\/uploads\/2024\/09\/IMG_8501-300x225.jpeg\" alt=\"\" width=\"300\" height=\"225\" srcset=\"http:\/\/blog.meineigenerweg.de\/wp-content\/uploads\/2024\/09\/IMG_8501-300x225.jpeg 300w, http:\/\/blog.meineigenerweg.de\/wp-content\/uploads\/2024\/09\/IMG_8501-768x576.jpeg 768w, http:\/\/blog.meineigenerweg.de\/wp-content\/uploads\/2024\/09\/IMG_8501.jpeg 1000w\" sizes=\"auto, (max-width: 300px) 100vw, 300px\" \/><\/a><br \/>\nUnser n\u00e4chstes Ziel ist die Mecklenburgische Seenplatte und dort das St\u00e4dtchen Waren an der M\u00fcritz. Ein h\u00fcbscher kleiner Ort mit vielen sch\u00f6n restaurierten alten Fachwerkh\u00e4usern und einigen engen Gassen.<br \/>\n<a href=\"http:\/\/blog.meineigenerweg.de\/wp-content\/uploads\/2024\/09\/IMG_8508.jpeg\"><img loading=\"lazy\" decoding=\"async\" class=\"alignnone size-medium wp-image-10123\" src=\"http:\/\/blog.meineigenerweg.de\/wp-content\/uploads\/2024\/09\/IMG_8508-300x225.jpeg\" alt=\"\" width=\"300\" height=\"225\" srcset=\"http:\/\/blog.meineigenerweg.de\/wp-content\/uploads\/2024\/09\/IMG_8508-300x225.jpeg 300w, http:\/\/blog.meineigenerweg.de\/wp-content\/uploads\/2024\/09\/IMG_8508-768x576.jpeg 768w, http:\/\/blog.meineigenerweg.de\/wp-content\/uploads\/2024\/09\/IMG_8508.jpeg 1000w\" sizes=\"auto, (max-width: 300px) 100vw, 300px\" \/><\/a> <a href=\"http:\/\/blog.meineigenerweg.de\/wp-content\/uploads\/2024\/09\/IMG_8509.jpeg\"><img loading=\"lazy\" decoding=\"async\" class=\"alignnone size-medium wp-image-10124\" src=\"http:\/\/blog.meineigenerweg.de\/wp-content\/uploads\/2024\/09\/IMG_8509-300x225.jpeg\" alt=\"\" width=\"300\" height=\"225\" srcset=\"http:\/\/blog.meineigenerweg.de\/wp-content\/uploads\/2024\/09\/IMG_8509-300x225.jpeg 300w, http:\/\/blog.meineigenerweg.de\/wp-content\/uploads\/2024\/09\/IMG_8509-768x576.jpeg 768w, http:\/\/blog.meineigenerweg.de\/wp-content\/uploads\/2024\/09\/IMG_8509.jpeg 1000w\" sizes=\"auto, (max-width: 300px) 100vw, 300px\" \/><\/a> <a href=\"http:\/\/blog.meineigenerweg.de\/wp-content\/uploads\/2024\/09\/IMG_8510.jpeg\"><img loading=\"lazy\" decoding=\"async\" class=\"alignnone size-medium wp-image-10125\" src=\"http:\/\/blog.meineigenerweg.de\/wp-content\/uploads\/2024\/09\/IMG_8510-300x225.jpeg\" alt=\"\" width=\"300\" height=\"225\" srcset=\"http:\/\/blog.meineigenerweg.de\/wp-content\/uploads\/2024\/09\/IMG_8510-300x225.jpeg 300w, http:\/\/blog.meineigenerweg.de\/wp-content\/uploads\/2024\/09\/IMG_8510-768x576.jpeg 768w, http:\/\/blog.meineigenerweg.de\/wp-content\/uploads\/2024\/09\/IMG_8510.jpeg 1000w\" sizes=\"auto, (max-width: 300px) 100vw, 300px\" \/><\/a><br \/>\nWaren liegt direkt an der M\u00fcritz und direkt am Jachthafen gibt es viele gem\u00fctliche Lokale.<br \/>\n<a href=\"http:\/\/blog.meineigenerweg.de\/wp-content\/uploads\/2024\/09\/IMG_8511.jpeg\"><img loading=\"lazy\" decoding=\"async\" class=\"alignnone size-medium wp-image-10127\" src=\"http:\/\/blog.meineigenerweg.de\/wp-content\/uploads\/2024\/09\/IMG_8511-300x225.jpeg\" alt=\"\" width=\"300\" height=\"225\" srcset=\"http:\/\/blog.meineigenerweg.de\/wp-content\/uploads\/2024\/09\/IMG_8511-300x225.jpeg 300w, http:\/\/blog.meineigenerweg.de\/wp-content\/uploads\/2024\/09\/IMG_8511-768x576.jpeg 768w, http:\/\/blog.meineigenerweg.de\/wp-content\/uploads\/2024\/09\/IMG_8511.jpeg 1000w\" sizes=\"auto, (max-width: 300px) 100vw, 300px\" \/><\/a><br \/>\nAuf der Heimfahrt zu unserem Stellplatz gibt es noch einen sch\u00f6nen Sonnenuntergang zu bewundern.<br \/>\n<a href=\"http:\/\/blog.meineigenerweg.de\/wp-content\/uploads\/2024\/09\/IMG_8512.jpeg\"><img loading=\"lazy\" decoding=\"async\" class=\"alignnone size-medium wp-image-10128\" src=\"http:\/\/blog.meineigenerweg.de\/wp-content\/uploads\/2024\/09\/IMG_8512-300x225.jpeg\" alt=\"\" width=\"300\" height=\"225\" srcset=\"http:\/\/blog.meineigenerweg.de\/wp-content\/uploads\/2024\/09\/IMG_8512-300x225.jpeg 300w, http:\/\/blog.meineigenerweg.de\/wp-content\/uploads\/2024\/09\/IMG_8512-768x576.jpeg 768w, http:\/\/blog.meineigenerweg.de\/wp-content\/uploads\/2024\/09\/IMG_8512.jpeg 1000w\" sizes=\"auto, (max-width: 300px) 100vw, 300px\" \/><\/a><\/p>\n<p>&nbsp;<\/p>\n<p>Ja und dann ist der Urlaub auch schon vorbei und wir machen uns auf den Heimweg.<\/p>\n","protected":false},"excerpt":{"rendered":"<p>September Oktober 2024 &nbsp; Bremen Heute geht es endlich los; wir wollten schon Anfang September aufbrechen &#8211; aber die Familie! Geburtstage, Besuche, Termine und Verpflichtungen. Unser erster Stopp ist in Bremen, wir machen uns einen gem\u00fctlichen Abend im\u00b4Port Piet\u2018, einem Biergarten am Torfhafen am B\u00fcrgerpark. &nbsp; Zierow Mit so einem<\/p>\n","protected":false},"author":1,"featured_media":10134,"parent":4912,"menu_order":0,"comment_status":"closed","ping_status":"closed","template":"","meta":{"footnotes":""},"class_list":["post-10132","page","type-page","status-publish","has-post-thumbnail","hentry"],"_links":{"self":[{"href":"http:\/\/blog.meineigenerweg.de\/index.php?rest_route=\/wp\/v2\/pages\/10132","targetHints":{"allow":["GET"]}}],"collection":[{"href":"http:\/\/blog.meineigenerweg.de\/index.php?rest_route=\/wp\/v2\/pages"}],"about":[{"href":"http:\/\/blog.meineigenerweg.de\/index.php?rest_route=\/wp\/v2\/types\/page"}],"author":[{"embeddable":true,"href":"http:\/\/blog.meineigenerweg.de\/index.php?rest_route=\/wp\/v2\/users\/1"}],"replies":[{"embeddable":true,"href":"http:\/\/blog.meineigenerweg.de\/index.php?rest_route=%2Fwp%2Fv2%2Fcomments&post=10132"}],"version-history":[{"count":2,"href":"http:\/\/blog.meineigenerweg.de\/index.php?rest_route=\/wp\/v2\/pages\/10132\/revisions"}],"predecessor-version":[{"id":10135,"href":"http:\/\/blog.meineigenerweg.de\/index.php?rest_route=\/wp\/v2\/pages\/10132\/revisions\/10135"}],"up":[{"embeddable":true,"href":"http:\/\/blog.meineigenerweg.de\/index.php?rest_route=\/wp\/v2\/pages\/4912"}],"wp:featuredmedia":[{"embeddable":true,"href":"http:\/\/blog.meineigenerweg.de\/index.php?rest_route=\/wp\/v2\/media\/10134"}],"wp:attachment":[{"href":"http:\/\/blog.meineigenerweg.de\/index.php?rest_route=%2Fwp%2Fv2%2Fmedia&parent=10132"}],"curies":[{"name":"wp","href":"https:\/\/api.w.org\/{rel}","templated":true}]}}